{"id":2286,"date":"2023-11-28T11:57:36","date_gmt":"2023-11-28T11:57:36","guid":{"rendered":"https:\/\/cercledeconsciencia.com\/?post_type=mec-events&#038;p=2286"},"modified":"2024-08-16T20:50:22","modified_gmt":"2024-08-16T20:50:22","slug":"al-cor-del-trauma","status":"publish","type":"mec-events","link":"https:\/\/cercledeconsciencia.com\/ca\/actividades\/en-el-corazon-del-trauma\/","title":{"rendered":"Al cor del trauma"},"content":{"rendered":"<p><b>De les estrat\u00e8gies de superviv\u00e8ncia a les experi\u00e8ncies de connexi\u00f3.<\/b><br \/>\nLes aportacions de la neuroci\u00e8ncia i el coneixement de la fisiologia en les experi\u00e8ncies traum\u00e0tiques, aclareixen i donen una comprensi\u00f3 m\u00e9s propera del que succeeix al cos de les persones, de les necessitats que d&#039;aquestes experi\u00e8ncies sorgeixen i permet un marc de treball molt m\u00e9s prec\u00eds per als processos de desregulaci\u00f3 afectiva i davant de les defenses de superviv\u00e8ncia.<br \/>\nAquestes trobades aporten un espai te\u00f2ric i vivencial, on endinsar-se en la realitat som\u00e0tica del trauma i proporcionen recursos per a la reparaci\u00f3, resignificaci\u00f3 i integraci\u00f3 de les ferides d&#039;aferrament viscudes a la inf\u00e0ncia. Una mirada necess\u00e0ria per als professionals d&#039;ajuda i un espai d&#039;autocura per atendre el que en el seu moment no va tenir temps i suport necessaris.<\/p>\n<p>10 M\u00d2DULS \u2013 Inclouen un treball de cap de setmana residencial<\/p>\n<p>\u25aa Capsula te\u00f2rica a visualitzar abans de la trobada<br \/>\n\u25aa Enregistraments d&#039;orientaci\u00f3 abans i despr\u00e9s de la trobada<br \/>\n\u25aa Proposta de seguiment i tutoritzaci\u00f3 per part de l\u201fequip entre trobades.<\/p>\n<p><b>Dates:<\/b> Del 26 de setembre del 2023 al 4 de juny del 2024 \/ Grup de matins de 10h a 13h i grup de tardes de 18h a 21h.<\/p>\n<p>26 de setembre \u2013 El Sistema Nervi\u00f3s i el Trauma.<br \/>\n3 d&#039;octubre - Model d&#039;exploraci\u00f3 som\u00e0tica.<br \/>\n7 de novembre \u2013 Principis de regulaci\u00f3.<br \/>\n12 de desembre \u2013 Regulaci\u00f3 dels patrons de superviv\u00e8ncia.<br \/>\n9 de gener \u2013 La seguretat i la pres\u00e8ncia.<br \/>\n6 de febrer \u2013 Els ritmes naturals i el tremolor.<br \/>\n5 de mar\u00e7 \u2013 T\u00e8cniques i estrat\u00e8gies per a terapeutes.<br \/>\n2 d&#039;abril - La intel\u00b7lig\u00e8ncia i la saviesa del Trauma.<br \/>\n10-12 de maig \u2013 Renaixement i Trauma (residencial Can Gensana).<br \/>\n4 de juny \u2013 Integraci\u00f3 i tancament.<\/p>\n<p><b>Imparteix:<\/b> Jes\u00fas Oliva.<\/p>\n<p><b>Lloc:<\/b> Espai TCI Barcelona<br \/>\n<b>Preu: <\/b>75 euros al mes \/ 160 euros residencial (No inclou estada a Can Gensana)<br \/>\n<b>Contacte: <\/b>660 260 402 \u2013 <a style=\"color: #00806a;\" href=\"\/ca\/jesusoliva@hotmail.com\/\">jesusoliva@hotmail.com<\/a><\/span><br \/>\n<b>Activitat presencial Barcelona que a m\u00e9s t\u00e9 masterclass<\/b><br \/>\n<b>Masterclass:<\/b><br \/>\n<b>8 a 10 novembre 2024<\/b><br \/>\n<b>7 a 9 mar\u00e7 2025<\/b><br \/>\n<b>Horari<\/b><br \/>\n<b>Divendres 18h a 21h<\/b><br \/>\n<b>Dissabte 10h a 20h (pausa per dinar)<\/b><br \/>\n<b>Diumenge 10h a 14h<\/b><\/p>","protected":false},"excerpt":{"rendered":"<p>De las estrategias de supervivencia a las experiencias de conexi\u00f3n. Los aportes de la neurociencia y el conocimiento de la fisiolog\u00eda en las experiencias traum\u00e1ticas, clarifican y dan una comprensi\u00f3n [&hellip;]<\/p>\n","protected":false},"author":1,"featured_media":2657,"comment_status":"closed","ping_status":"closed","template":"","tags":[96],"mec_category":[48,57],"mec_speaker":[110],"class_list":["post-2286","mec-events","type-mec-events","status-publish","has-post-thumbnail","hentry","tag-modalidad-presencial","mec_category-masterclass","mec_category-taller-regular"],"yoast_head":"<!-- This site is optimized with the Yoast SEO plugin v27.4 - https:\/\/yoast.com\/product\/yoast-seo-wordpress\/ -->\n<title>En el coraz\u00f3n del trauma - Cercle de Consci\u00e8ncia<\/title>\n<meta name=\"robots\" content=\"index, follow, max-snippet:-1, max-image-preview:large, max-video-preview:-1\" \/>\n<link rel=\"canonical\" href=\"https:\/\/cercledeconsciencia.com\/ca\/activitats\/al-cor-del-trauma\/\" \/>\n<meta property=\"og:locale\" content=\"ca_ES\" \/>\n<meta property=\"og:type\" content=\"article\" \/>\n<meta property=\"og:title\" content=\"En el coraz\u00f3n del trauma - Cercle de Consci\u00e8ncia\" \/>\n<meta property=\"og:description\" content=\"De las estrategias de supervivencia a las experiencias de conexi\u00f3n. Los aportes de la neurociencia y el conocimiento de la fisiolog\u00eda en las experiencias traum\u00e1ticas, clarifican y dan una comprensi\u00f3n [&hellip;]\" \/>\n<meta property=\"og:url\" content=\"https:\/\/cercledeconsciencia.com\/ca\/activitats\/al-cor-del-trauma\/\" \/>\n<meta property=\"og:site_name\" content=\"Cercle de Consci\u00e8ncia\" \/>\n<meta property=\"article:publisher\" content=\"https:\/\/www.facebook.com\/Cercledeconscienciabarcelona?_rdr\" \/>\n<meta property=\"article:modified_time\" content=\"2024-08-16T20:50:22+00:00\" \/>\n<meta property=\"og:image\" content=\"https:\/\/cercledeconsciencia.com\/wp-content\/uploads\/2023\/11\/en-el-corazon-del-trauma.png\" \/>\n\t<meta property=\"og:image:width\" content=\"1000\" \/>\n\t<meta property=\"og:image:height\" content=\"623\" \/>\n\t<meta property=\"og:image:type\" content=\"image\/png\" \/>\n<meta name=\"twitter:card\" content=\"summary_large_image\" \/>\n<meta name=\"twitter:label1\" content=\"Temps estimat de lectura\" \/>\n\t<meta name=\"twitter:data1\" content=\"2 minuts\" \/>\n<script type=\"application\/ld+json\" class=\"yoast-schema-graph\">{\"@context\":\"https:\\\/\\\/schema.org\",\"@graph\":[{\"@type\":\"WebPage\",\"@id\":\"https:\\\/\\\/cercledeconsciencia.com\\\/actividades\\\/en-el-corazon-del-trauma\\\/\",\"url\":\"https:\\\/\\\/cercledeconsciencia.com\\\/actividades\\\/en-el-corazon-del-trauma\\\/\",\"name\":\"En el coraz\u00f3n del trauma - Cercle de Consci\u00e8ncia\",\"isPartOf\":{\"@id\":\"https:\\\/\\\/cercledeconsciencia.com\\\/#website\"},\"primaryImageOfPage\":{\"@id\":\"https:\\\/\\\/cercledeconsciencia.com\\\/actividades\\\/en-el-corazon-del-trauma\\\/#primaryimage\"},\"image\":{\"@id\":\"https:\\\/\\\/cercledeconsciencia.com\\\/actividades\\\/en-el-corazon-del-trauma\\\/#primaryimage\"},\"thumbnailUrl\":\"https:\\\/\\\/cercledeconsciencia.com\\\/wp-content\\\/uploads\\\/2023\\\/11\\\/en-el-corazon-del-trauma.png\",\"datePublished\":\"2023-11-28T11:57:36+00:00\",\"dateModified\":\"2024-08-16T20:50:22+00:00\",\"breadcrumb\":{\"@id\":\"https:\\\/\\\/cercledeconsciencia.com\\\/actividades\\\/en-el-corazon-del-trauma\\\/#breadcrumb\"},\"inLanguage\":\"ca\",\"potentialAction\":[{\"@type\":\"ReadAction\",\"target\":[\"https:\\\/\\\/cercledeconsciencia.com\\\/actividades\\\/en-el-corazon-del-trauma\\\/\"]}]},{\"@type\":\"ImageObject\",\"inLanguage\":\"ca\",\"@id\":\"https:\\\/\\\/cercledeconsciencia.com\\\/actividades\\\/en-el-corazon-del-trauma\\\/#primaryimage\",\"url\":\"https:\\\/\\\/cercledeconsciencia.com\\\/wp-content\\\/uploads\\\/2023\\\/11\\\/en-el-corazon-del-trauma.png\",\"contentUrl\":\"https:\\\/\\\/cercledeconsciencia.com\\\/wp-content\\\/uploads\\\/2023\\\/11\\\/en-el-corazon-del-trauma.png\",\"width\":1000,\"height\":623},{\"@type\":\"BreadcrumbList\",\"@id\":\"https:\\\/\\\/cercledeconsciencia.com\\\/actividades\\\/en-el-corazon-del-trauma\\\/#breadcrumb\",\"itemListElement\":[{\"@type\":\"ListItem\",\"position\":1,\"name\":\"Portada\",\"item\":\"https:\\\/\\\/cercledeconsciencia.com\\\/\"},{\"@type\":\"ListItem\",\"position\":2,\"name\":\"Eventos\",\"item\":\"https:\\\/\\\/cercledeconsciencia.com\\\/actividades\\\/\"},{\"@type\":\"ListItem\",\"position\":3,\"name\":\"En el coraz\u00f3n del trauma\"}]},{\"@type\":\"WebSite\",\"@id\":\"https:\\\/\\\/cercledeconsciencia.com\\\/#website\",\"url\":\"https:\\\/\\\/cercledeconsciencia.com\\\/\",\"name\":\"Cercle de Consci\u00e8ncia\",\"description\":\"Centro de Formaci\u00f3n y Terapias\",\"publisher\":{\"@id\":\"https:\\\/\\\/cercledeconsciencia.com\\\/#organization\"},\"potentialAction\":[{\"@type\":\"SearchAction\",\"target\":{\"@type\":\"EntryPoint\",\"urlTemplate\":\"https:\\\/\\\/cercledeconsciencia.com\\\/?s={search_term_string}\"},\"query-input\":{\"@type\":\"PropertyValueSpecification\",\"valueRequired\":true,\"valueName\":\"search_term_string\"}}],\"inLanguage\":\"ca\"},{\"@type\":\"Organization\",\"@id\":\"https:\\\/\\\/cercledeconsciencia.com\\\/#organization\",\"name\":\"Cercle de Consci\u00e8ncia\",\"url\":\"https:\\\/\\\/cercledeconsciencia.com\\\/\",\"logo\":{\"@type\":\"ImageObject\",\"inLanguage\":\"ca\",\"@id\":\"https:\\\/\\\/cercledeconsciencia.com\\\/#\\\/schema\\\/logo\\\/image\\\/\",\"url\":\"https:\\\/\\\/cercledeconsciencia.com\\\/wp-content\\\/uploads\\\/2023\\\/07\\\/logo.png\",\"contentUrl\":\"https:\\\/\\\/cercledeconsciencia.com\\\/wp-content\\\/uploads\\\/2023\\\/07\\\/logo.png\",\"width\":239,\"height\":68,\"caption\":\"Cercle de Consci\u00e8ncia\"},\"image\":{\"@id\":\"https:\\\/\\\/cercledeconsciencia.com\\\/#\\\/schema\\\/logo\\\/image\\\/\"},\"sameAs\":[\"https:\\\/\\\/www.facebook.com\\\/Cercledeconscienciabarcelona?_rdr\",\"https:\\\/\\\/www.instagram.com\\\/cercledeconsciencia\\\/\",\"https:\\\/\\\/www.youtube.com\\\/c\\\/cercledeconsciencia\"]}]}<\/script>\n<!-- \/ Yoast SEO plugin. -->","yoast_head_json":{"title":"Al cor del trauma - Cercle de Consci\u00e8ncia","robots":{"index":"index","follow":"follow","max-snippet":"max-snippet:-1","max-image-preview":"max-image-preview:large","max-video-preview":"max-video-preview:-1"},"canonical":"https:\/\/cercledeconsciencia.com\/ca\/activitats\/al-cor-del-trauma\/","og_locale":"ca_ES","og_type":"article","og_title":"En el coraz\u00f3n del trauma - Cercle de Consci\u00e8ncia","og_description":"De las estrategias de supervivencia a las experiencias de conexi\u00f3n. Los aportes de la neurociencia y el conocimiento de la fisiolog\u00eda en las experiencias traum\u00e1ticas, clarifican y dan una comprensi\u00f3n [&hellip;]","og_url":"https:\/\/cercledeconsciencia.com\/ca\/activitats\/al-cor-del-trauma\/","og_site_name":"Cercle de Consci\u00e8ncia","article_publisher":"https:\/\/www.facebook.com\/Cercledeconscienciabarcelona?_rdr","article_modified_time":"2024-08-16T20:50:22+00:00","og_image":[{"width":1000,"height":623,"url":"https:\/\/cercledeconsciencia.com\/wp-content\/uploads\/2023\/11\/en-el-corazon-del-trauma.png","type":"image\/png"}],"twitter_card":"summary_large_image","twitter_misc":{"Temps estimat de lectura":"2 minuts"},"schema":{"@context":"https:\/\/schema.org","@graph":[{"@type":"WebPage","@id":"https:\/\/cercledeconsciencia.com\/actividades\/en-el-corazon-del-trauma\/","url":"https:\/\/cercledeconsciencia.com\/actividades\/en-el-corazon-del-trauma\/","name":"Al cor del trauma - Cercle de Consci\u00e8ncia","isPartOf":{"@id":"https:\/\/cercledeconsciencia.com\/#website"},"primaryImageOfPage":{"@id":"https:\/\/cercledeconsciencia.com\/actividades\/en-el-corazon-del-trauma\/#primaryimage"},"image":{"@id":"https:\/\/cercledeconsciencia.com\/actividades\/en-el-corazon-del-trauma\/#primaryimage"},"thumbnailUrl":"https:\/\/cercledeconsciencia.com\/wp-content\/uploads\/2023\/11\/en-el-corazon-del-trauma.png","datePublished":"2023-11-28T11:57:36+00:00","dateModified":"2024-08-16T20:50:22+00:00","breadcrumb":{"@id":"https:\/\/cercledeconsciencia.com\/actividades\/en-el-corazon-del-trauma\/#breadcrumb"},"inLanguage":"ca","potentialAction":[{"@type":"ReadAction","target":["https:\/\/cercledeconsciencia.com\/actividades\/en-el-corazon-del-trauma\/"]}]},{"@type":"ImageObject","inLanguage":"ca","@id":"https:\/\/cercledeconsciencia.com\/actividades\/en-el-corazon-del-trauma\/#primaryimage","url":"https:\/\/cercledeconsciencia.com\/wp-content\/uploads\/2023\/11\/en-el-corazon-del-trauma.png","contentUrl":"https:\/\/cercledeconsciencia.com\/wp-content\/uploads\/2023\/11\/en-el-corazon-del-trauma.png","width":1000,"height":623},{"@type":"BreadcrumbList","@id":"https:\/\/cercledeconsciencia.com\/actividades\/en-el-corazon-del-trauma\/#breadcrumb","itemListElement":[{"@type":"ListItem","position":1,"name":"Portada","item":"https:\/\/cercledeconsciencia.com\/"},{"@type":"ListItem","position":2,"name":"Eventos","item":"https:\/\/cercledeconsciencia.com\/actividades\/"},{"@type":"ListItem","position":3,"name":"En el coraz\u00f3n del trauma"}]},{"@type":"WebSite","@id":"https:\/\/cercledeconsciencia.com\/#website","url":"https:\/\/cercledeconsciencia.com\/","name":"Cercle de Consci\u00e8ncia","description":"Centre de Formaci\u00f3 i Ter\u00e0pies","publisher":{"@id":"https:\/\/cercledeconsciencia.com\/#organization"},"potentialAction":[{"@type":"SearchAction","target":{"@type":"EntryPoint","urlTemplate":"https:\/\/cercledeconsciencia.com\/?s={search_term_string}"},"query-input":{"@type":"PropertyValueSpecification","valueRequired":true,"valueName":"search_term_string"}}],"inLanguage":"ca"},{"@type":"Organization","@id":"https:\/\/cercledeconsciencia.com\/#organization","name":"Cercle de Consci\u00e8ncia","url":"https:\/\/cercledeconsciencia.com\/","logo":{"@type":"ImageObject","inLanguage":"ca","@id":"https:\/\/cercledeconsciencia.com\/#\/schema\/logo\/image\/","url":"https:\/\/cercledeconsciencia.com\/wp-content\/uploads\/2023\/07\/logo.png","contentUrl":"https:\/\/cercledeconsciencia.com\/wp-content\/uploads\/2023\/07\/logo.png","width":239,"height":68,"caption":"Cercle de Consci\u00e8ncia"},"image":{"@id":"https:\/\/cercledeconsciencia.com\/#\/schema\/logo\/image\/"},"sameAs":["https:\/\/www.facebook.com\/Cercledeconscienciabarcelona?_rdr","https:\/\/www.instagram.com\/cercledeconsciencia\/","https:\/\/www.youtube.com\/c\/cercledeconsciencia"]}]}},"_links":{"self":[{"href":"https:\/\/cercledeconsciencia.com\/ca\/wp-json\/wp\/v2\/mec-events\/2286","targetHints":{"allow":["GET"]}}],"collection":[{"href":"https:\/\/cercledeconsciencia.com\/ca\/wp-json\/wp\/v2\/mec-events"}],"about":[{"href":"https:\/\/cercledeconsciencia.com\/ca\/wp-json\/wp\/v2\/types\/mec-events"}],"author":[{"embeddable":true,"href":"https:\/\/cercledeconsciencia.com\/ca\/wp-json\/wp\/v2\/users\/1"}],"replies":[{"embeddable":true,"href":"https:\/\/cercledeconsciencia.com\/ca\/wp-json\/wp\/v2\/comments?post=2286"}],"wp:featuredmedia":[{"embeddable":true,"href":"https:\/\/cercledeconsciencia.com\/ca\/wp-json\/wp\/v2\/media\/2657"}],"wp:attachment":[{"href":"https:\/\/cercledeconsciencia.com\/ca\/wp-json\/wp\/v2\/media?parent=2286"}],"wp:term":[{"taxonomy":"post_tag","embeddable":true,"href":"https:\/\/cercledeconsciencia.com\/ca\/wp-json\/wp\/v2\/tags?post=2286"},{"taxonomy":"mec_category","embeddable":true,"href":"https:\/\/cercledeconsciencia.com\/ca\/wp-json\/wp\/v2\/mec_category?post=2286"},{"taxonomy":"mec_speaker","embeddable":true,"href":"https:\/\/cercledeconsciencia.com\/ca\/wp-json\/wp\/v2\/mec_speaker?post=2286"}],"curies":[{"name":"wp","href":"https:\/\/api.w.org\/{rel}","templated":true}]}}