{"id":2294,"date":"2023-11-28T12:16:20","date_gmt":"2023-11-28T12:16:20","guid":{"rendered":"https:\/\/cercledeconsciencia.com\/?post_type=mec-events&#038;p=2294"},"modified":"2025-02-25T15:04:58","modified_gmt":"2025-02-25T15:04:58","slug":"el-que-esta-per-neixer","status":"publish","type":"mec-events","link":"https:\/\/cercledeconsciencia.com\/ca\/actividades\/lo-que-esta-por-nacer\/","title":{"rendered":"Retir El que est\u00e0 per n\u00e9ixer"},"content":{"rendered":"<p><b>Donar-te a llum en una experi\u00e8ncia sensible al Trauma<\/b><\/p>\n<p><span style=\"font-weight: 400;\">Aquest rec\u00e9s vol portar les condicions i la seguretat que ens permetin oferir un camp on <strong>explorar el n\u00e9ixer des d&#039;una proposta sensible al Trauma<\/strong>. <\/span><\/p>\n<p><span style=\"font-weight: 400;\">Una experi\u00e8ncia amb l&#039;espai, la lentitud i el temps necessaris, la companyia i, sobretot, amb les capes de suport i la pres\u00e8ncia que ens facin sentir la benvinguda i ser rebuts com hagu\u00e9ssim necessitat. <\/span><\/p>\n<p><span style=\"font-weight: 400;\"><strong>\u00danica retirada de renaixement que es far\u00e0 el 2025<\/strong>. Una proposta que cont\u00e9 l&#039;Ess\u00e8ncia del curs formatiu Al Cor del Trauma. <\/span><\/p>\n<p><strong>Ets benvinguts a viure l&#039;experi\u00e8ncia ia reconnectar amb el lloc del que venim.<\/strong><\/p>\n<p><span style=\"font-weight: 400;\">Imparteix: <b>Jes\u00fas Oliva Chaves<\/b> Especialista en treball corporal i escolta som\u00e0tica. Els darrers anys ha centrat el seu inter\u00e8s en la fisiologia del trauma i en proporcionar recursos per a la seva regulaci\u00f3.<\/span><\/p>\n<p><span style=\"font-weight: 400;\"><b>Dates:<\/b> 2 al 8 d&#039;agost 2025<\/span><\/p>\n<p><span style=\"font-weight: 400;\"><b>Lloc: <\/b> Can Gensana<\/span><\/p>\n<p><span style=\"font-weight: 400;\"><b>Preu:<\/b> 1200\u20ac <\/span><\/p>\n<p><span style=\"font-weight: 400;\">Reserva de pla\u00e7a: 150\u20ac\u00a0<\/span><\/p>\n<p><b>Contacte:<\/b><span style=\"font-weight: 400;\"> <span style=\"color: #00806a;\"><a style=\"color: #00806a;\" href=\"\/ca\/jesusoliva@hotmail.com\/\">jesusoliva@hotmail.com<\/a><\/span> \u2013 Jes\u00fas Oliva \u2013 660260402 <\/span><\/p>","protected":false},"excerpt":{"rendered":"<p>Darte a luz en una experiencia sensible al Trauma Este retiro quiere traer las condiciones y la seguridad que nos permitan ofrecer un campo donde explorar el nacer desde una [&hellip;]<\/p>\n","protected":false},"author":1,"featured_media":5195,"comment_status":"open","ping_status":"closed","template":"","tags":[],"mec_category":[55],"mec_speaker":[110],"class_list":["post-2294","mec-events","type-mec-events","status-publish","has-post-thumbnail","hentry","mec_category-retiros"],"yoast_head":"<!-- This site is optimized with the Yoast SEO plugin v27.4 - https:\/\/yoast.com\/product\/yoast-seo-wordpress\/ -->\n<title>Retiro Lo que est\u00e1 por nacer - Cercle de Consci\u00e8ncia<\/title>\n<meta name=\"description\" content=\"Este retiro quiere traer las condiciones y la seguridad que nos permitan ofrecer un campo donde explorar el nacer desde una propuesta sensible al Trauma. Una experiencia con el espacio, la lentitud y el tiempo necesarios, la compa\u00f1\u00eda y; sobre todo con las capas de apoyo y la presencia que nos hagan sentir la bienvenida y el ser recibidas como hubi\u00e9semos necesitado.\" \/>\n<meta name=\"robots\" content=\"index, follow, max-snippet:-1, max-image-preview:large, max-video-preview:-1\" \/>\n<link rel=\"canonical\" href=\"https:\/\/cercledeconsciencia.com\/ca\/activitats\/el-que-esta-per-neixer\/\" \/>\n<meta property=\"og:locale\" content=\"ca_ES\" \/>\n<meta property=\"og:type\" content=\"article\" \/>\n<meta property=\"og:title\" content=\"Retiro Lo que est\u00e1 por nacer - Cercle de Consci\u00e8ncia\" \/>\n<meta property=\"og:description\" content=\"Este retiro quiere traer las condiciones y la seguridad que nos permitan ofrecer un campo donde explorar el nacer desde una propuesta sensible al Trauma. Una experiencia con el espacio, la lentitud y el tiempo necesarios, la compa\u00f1\u00eda y; sobre todo con las capas de apoyo y la presencia que nos hagan sentir la bienvenida y el ser recibidas como hubi\u00e9semos necesitado.\" \/>\n<meta property=\"og:url\" content=\"https:\/\/cercledeconsciencia.com\/ca\/activitats\/el-que-esta-per-neixer\/\" \/>\n<meta property=\"og:site_name\" content=\"Cercle de Consci\u00e8ncia\" \/>\n<meta property=\"article:publisher\" content=\"https:\/\/www.facebook.com\/Cercledeconscienciabarcelona?_rdr\" \/>\n<meta property=\"article:modified_time\" content=\"2025-02-25T15:04:58+00:00\" \/>\n<meta property=\"og:image\" content=\"https:\/\/cercledeconsciencia.com\/wp-content\/uploads\/2023\/11\/Captura-de-pantalla-2025-02-05-a-las-14.04.53.png\" \/>\n\t<meta property=\"og:image:width\" content=\"597\" \/>\n\t<meta property=\"og:image:height\" content=\"400\" \/>\n\t<meta property=\"og:image:type\" content=\"image\/png\" \/>\n<meta name=\"twitter:card\" content=\"summary_large_image\" \/>\n<meta name=\"twitter:label1\" content=\"Temps estimat de lectura\" \/>\n\t<meta name=\"twitter:data1\" content=\"1 minut\" \/>\n<script type=\"application\/ld+json\" class=\"yoast-schema-graph\">{\"@context\":\"https:\\\/\\\/schema.org\",\"@graph\":[{\"@type\":\"WebPage\",\"@id\":\"https:\\\/\\\/cercledeconsciencia.com\\\/actividades\\\/lo-que-esta-por-nacer\\\/\",\"url\":\"https:\\\/\\\/cercledeconsciencia.com\\\/actividades\\\/lo-que-esta-por-nacer\\\/\",\"name\":\"Retiro Lo que est\u00e1 por nacer - Cercle de Consci\u00e8ncia\",\"isPartOf\":{\"@id\":\"https:\\\/\\\/cercledeconsciencia.com\\\/#website\"},\"primaryImageOfPage\":{\"@id\":\"https:\\\/\\\/cercledeconsciencia.com\\\/actividades\\\/lo-que-esta-por-nacer\\\/#primaryimage\"},\"image\":{\"@id\":\"https:\\\/\\\/cercledeconsciencia.com\\\/actividades\\\/lo-que-esta-por-nacer\\\/#primaryimage\"},\"thumbnailUrl\":\"https:\\\/\\\/cercledeconsciencia.com\\\/wp-content\\\/uploads\\\/2023\\\/11\\\/Captura-de-pantalla-2025-02-05-a-las-14.04.53.png\",\"datePublished\":\"2023-11-28T12:16:20+00:00\",\"dateModified\":\"2025-02-25T15:04:58+00:00\",\"description\":\"Este retiro quiere traer las condiciones y la seguridad que nos permitan ofrecer un campo donde explorar el nacer desde una propuesta sensible al Trauma. Una experiencia con el espacio, la lentitud y el tiempo necesarios, la compa\u00f1\u00eda y; sobre todo con las capas de apoyo y la presencia que nos hagan sentir la bienvenida y el ser recibidas como hubi\u00e9semos necesitado.\",\"breadcrumb\":{\"@id\":\"https:\\\/\\\/cercledeconsciencia.com\\\/actividades\\\/lo-que-esta-por-nacer\\\/#breadcrumb\"},\"inLanguage\":\"ca\",\"potentialAction\":[{\"@type\":\"ReadAction\",\"target\":[\"https:\\\/\\\/cercledeconsciencia.com\\\/actividades\\\/lo-que-esta-por-nacer\\\/\"]}]},{\"@type\":\"ImageObject\",\"inLanguage\":\"ca\",\"@id\":\"https:\\\/\\\/cercledeconsciencia.com\\\/actividades\\\/lo-que-esta-por-nacer\\\/#primaryimage\",\"url\":\"https:\\\/\\\/cercledeconsciencia.com\\\/wp-content\\\/uploads\\\/2023\\\/11\\\/Captura-de-pantalla-2025-02-05-a-las-14.04.53.png\",\"contentUrl\":\"https:\\\/\\\/cercledeconsciencia.com\\\/wp-content\\\/uploads\\\/2023\\\/11\\\/Captura-de-pantalla-2025-02-05-a-las-14.04.53.png\",\"width\":597,\"height\":400},{\"@type\":\"BreadcrumbList\",\"@id\":\"https:\\\/\\\/cercledeconsciencia.com\\\/actividades\\\/lo-que-esta-por-nacer\\\/#breadcrumb\",\"itemListElement\":[{\"@type\":\"ListItem\",\"position\":1,\"name\":\"Portada\",\"item\":\"https:\\\/\\\/cercledeconsciencia.com\\\/\"},{\"@type\":\"ListItem\",\"position\":2,\"name\":\"Eventos\",\"item\":\"https:\\\/\\\/cercledeconsciencia.com\\\/actividades\\\/\"},{\"@type\":\"ListItem\",\"position\":3,\"name\":\"Retiro Lo que est\u00e1 por nacer\"}]},{\"@type\":\"WebSite\",\"@id\":\"https:\\\/\\\/cercledeconsciencia.com\\\/#website\",\"url\":\"https:\\\/\\\/cercledeconsciencia.com\\\/\",\"name\":\"Cercle de Consci\u00e8ncia\",\"description\":\"Centro de Formaci\u00f3n y Terapias\",\"publisher\":{\"@id\":\"https:\\\/\\\/cercledeconsciencia.com\\\/#organization\"},\"potentialAction\":[{\"@type\":\"SearchAction\",\"target\":{\"@type\":\"EntryPoint\",\"urlTemplate\":\"https:\\\/\\\/cercledeconsciencia.com\\\/?s={search_term_string}\"},\"query-input\":{\"@type\":\"PropertyValueSpecification\",\"valueRequired\":true,\"valueName\":\"search_term_string\"}}],\"inLanguage\":\"ca\"},{\"@type\":\"Organization\",\"@id\":\"https:\\\/\\\/cercledeconsciencia.com\\\/#organization\",\"name\":\"Cercle de Consci\u00e8ncia\",\"url\":\"https:\\\/\\\/cercledeconsciencia.com\\\/\",\"logo\":{\"@type\":\"ImageObject\",\"inLanguage\":\"ca\",\"@id\":\"https:\\\/\\\/cercledeconsciencia.com\\\/#\\\/schema\\\/logo\\\/image\\\/\",\"url\":\"https:\\\/\\\/cercledeconsciencia.com\\\/wp-content\\\/uploads\\\/2023\\\/07\\\/logo.png\",\"contentUrl\":\"https:\\\/\\\/cercledeconsciencia.com\\\/wp-content\\\/uploads\\\/2023\\\/07\\\/logo.png\",\"width\":239,\"height\":68,\"caption\":\"Cercle de Consci\u00e8ncia\"},\"image\":{\"@id\":\"https:\\\/\\\/cercledeconsciencia.com\\\/#\\\/schema\\\/logo\\\/image\\\/\"},\"sameAs\":[\"https:\\\/\\\/www.facebook.com\\\/Cercledeconscienciabarcelona?_rdr\",\"https:\\\/\\\/www.instagram.com\\\/cercledeconsciencia\\\/\",\"https:\\\/\\\/www.youtube.com\\\/c\\\/cercledeconsciencia\"]}]}<\/script>\n<!-- \/ Yoast SEO plugin. -->","yoast_head_json":{"title":"Retiro El que est\u00e0 per n\u00e9ixer - Cercle de Consci\u00e8ncia","description":"Aquest rec\u00e9s vol portar les condicions i la seguretat que ens permetin oferir un camp on explorar n\u00e9ixer des d&#039;una proposta sensible al Trauma. Una experi\u00e8ncia amb lespai, la lentitud i el temps necessaris, la companyia i; sobretot amb les capes de suport i la pres\u00e8ncia que ens facin sentir la benvinguda i ser rebudes com hagu\u00e9ssim necessitat.","robots":{"index":"index","follow":"follow","max-snippet":"max-snippet:-1","max-image-preview":"max-image-preview:large","max-video-preview":"max-video-preview:-1"},"canonical":"https:\/\/cercledeconsciencia.com\/ca\/activitats\/el-que-esta-per-neixer\/","og_locale":"ca_ES","og_type":"article","og_title":"Retiro Lo que est\u00e1 por nacer - Cercle de Consci\u00e8ncia","og_description":"Este retiro quiere traer las condiciones y la seguridad que nos permitan ofrecer un campo donde explorar el nacer desde una propuesta sensible al Trauma. Una experiencia con el espacio, la lentitud y el tiempo necesarios, la compa\u00f1\u00eda y; sobre todo con las capas de apoyo y la presencia que nos hagan sentir la bienvenida y el ser recibidas como hubi\u00e9semos necesitado.","og_url":"https:\/\/cercledeconsciencia.com\/ca\/activitats\/el-que-esta-per-neixer\/","og_site_name":"Cercle de Consci\u00e8ncia","article_publisher":"https:\/\/www.facebook.com\/Cercledeconscienciabarcelona?_rdr","article_modified_time":"2025-02-25T15:04:58+00:00","og_image":[{"width":597,"height":400,"url":"https:\/\/cercledeconsciencia.com\/wp-content\/uploads\/2023\/11\/Captura-de-pantalla-2025-02-05-a-las-14.04.53.png","type":"image\/png"}],"twitter_card":"summary_large_image","twitter_misc":{"Temps estimat de lectura":"1 minut"},"schema":{"@context":"https:\/\/schema.org","@graph":[{"@type":"WebPage","@id":"https:\/\/cercledeconsciencia.com\/actividades\/lo-que-esta-por-nacer\/","url":"https:\/\/cercledeconsciencia.com\/actividades\/lo-que-esta-por-nacer\/","name":"Retiro El que est\u00e0 per n\u00e9ixer - Cercle de Consci\u00e8ncia","isPartOf":{"@id":"https:\/\/cercledeconsciencia.com\/#website"},"primaryImageOfPage":{"@id":"https:\/\/cercledeconsciencia.com\/actividades\/lo-que-esta-por-nacer\/#primaryimage"},"image":{"@id":"https:\/\/cercledeconsciencia.com\/actividades\/lo-que-esta-por-nacer\/#primaryimage"},"thumbnailUrl":"https:\/\/cercledeconsciencia.com\/wp-content\/uploads\/2023\/11\/Captura-de-pantalla-2025-02-05-a-las-14.04.53.png","datePublished":"2023-11-28T12:16:20+00:00","dateModified":"2025-02-25T15:04:58+00:00","description":"Aquest rec\u00e9s vol portar les condicions i la seguretat que ens permetin oferir un camp on explorar n\u00e9ixer des d&#039;una proposta sensible al Trauma. Una experi\u00e8ncia amb lespai, la lentitud i el temps necessaris, la companyia i; sobretot amb les capes de suport i la pres\u00e8ncia que ens facin sentir la benvinguda i ser rebudes com hagu\u00e9ssim necessitat.","breadcrumb":{"@id":"https:\/\/cercledeconsciencia.com\/actividades\/lo-que-esta-por-nacer\/#breadcrumb"},"inLanguage":"ca","potentialAction":[{"@type":"ReadAction","target":["https:\/\/cercledeconsciencia.com\/actividades\/lo-que-esta-por-nacer\/"]}]},{"@type":"ImageObject","inLanguage":"ca","@id":"https:\/\/cercledeconsciencia.com\/actividades\/lo-que-esta-por-nacer\/#primaryimage","url":"https:\/\/cercledeconsciencia.com\/wp-content\/uploads\/2023\/11\/Captura-de-pantalla-2025-02-05-a-las-14.04.53.png","contentUrl":"https:\/\/cercledeconsciencia.com\/wp-content\/uploads\/2023\/11\/Captura-de-pantalla-2025-02-05-a-las-14.04.53.png","width":597,"height":400},{"@type":"BreadcrumbList","@id":"https:\/\/cercledeconsciencia.com\/actividades\/lo-que-esta-por-nacer\/#breadcrumb","itemListElement":[{"@type":"ListItem","position":1,"name":"Portada","item":"https:\/\/cercledeconsciencia.com\/"},{"@type":"ListItem","position":2,"name":"Eventos","item":"https:\/\/cercledeconsciencia.com\/actividades\/"},{"@type":"ListItem","position":3,"name":"Retiro Lo que est\u00e1 por nacer"}]},{"@type":"WebSite","@id":"https:\/\/cercledeconsciencia.com\/#website","url":"https:\/\/cercledeconsciencia.com\/","name":"Cercle de Consci\u00e8ncia","description":"Centre de Formaci\u00f3 i Ter\u00e0pies","publisher":{"@id":"https:\/\/cercledeconsciencia.com\/#organization"},"potentialAction":[{"@type":"SearchAction","target":{"@type":"EntryPoint","urlTemplate":"https:\/\/cercledeconsciencia.com\/?s={search_term_string}"},"query-input":{"@type":"PropertyValueSpecification","valueRequired":true,"valueName":"search_term_string"}}],"inLanguage":"ca"},{"@type":"Organization","@id":"https:\/\/cercledeconsciencia.com\/#organization","name":"Cercle de Consci\u00e8ncia","url":"https:\/\/cercledeconsciencia.com\/","logo":{"@type":"ImageObject","inLanguage":"ca","@id":"https:\/\/cercledeconsciencia.com\/#\/schema\/logo\/image\/","url":"https:\/\/cercledeconsciencia.com\/wp-content\/uploads\/2023\/07\/logo.png","contentUrl":"https:\/\/cercledeconsciencia.com\/wp-content\/uploads\/2023\/07\/logo.png","width":239,"height":68,"caption":"Cercle de Consci\u00e8ncia"},"image":{"@id":"https:\/\/cercledeconsciencia.com\/#\/schema\/logo\/image\/"},"sameAs":["https:\/\/www.facebook.com\/Cercledeconscienciabarcelona?_rdr","https:\/\/www.instagram.com\/cercledeconsciencia\/","https:\/\/www.youtube.com\/c\/cercledeconsciencia"]}]}},"_links":{"self":[{"href":"https:\/\/cercledeconsciencia.com\/ca\/wp-json\/wp\/v2\/mec-events\/2294","targetHints":{"allow":["GET"]}}],"collection":[{"href":"https:\/\/cercledeconsciencia.com\/ca\/wp-json\/wp\/v2\/mec-events"}],"about":[{"href":"https:\/\/cercledeconsciencia.com\/ca\/wp-json\/wp\/v2\/types\/mec-events"}],"author":[{"embeddable":true,"href":"https:\/\/cercledeconsciencia.com\/ca\/wp-json\/wp\/v2\/users\/1"}],"replies":[{"embeddable":true,"href":"https:\/\/cercledeconsciencia.com\/ca\/wp-json\/wp\/v2\/comments?post=2294"}],"wp:featuredmedia":[{"embeddable":true,"href":"https:\/\/cercledeconsciencia.com\/ca\/wp-json\/wp\/v2\/media\/5195"}],"wp:attachment":[{"href":"https:\/\/cercledeconsciencia.com\/ca\/wp-json\/wp\/v2\/media?parent=2294"}],"wp:term":[{"taxonomy":"post_tag","embeddable":true,"href":"https:\/\/cercledeconsciencia.com\/ca\/wp-json\/wp\/v2\/tags?post=2294"},{"taxonomy":"mec_category","embeddable":true,"href":"https:\/\/cercledeconsciencia.com\/ca\/wp-json\/wp\/v2\/mec_category?post=2294"},{"taxonomy":"mec_speaker","embeddable":true,"href":"https:\/\/cercledeconsciencia.com\/ca\/wp-json\/wp\/v2\/mec_speaker?post=2294"}],"curies":[{"name":"wp","href":"https:\/\/api.w.org\/{rel}","templated":true}]}}