{"id":2720,"date":"2024-01-26T01:24:48","date_gmt":"2024-01-26T01:24:48","guid":{"rendered":"https:\/\/cercledeconsciencia.com\/?post_type=mec-events&#038;p=2720"},"modified":"2024-10-23T10:53:53","modified_gmt":"2024-10-23T10:53:53","slug":"personatges-a-escena","status":"publish","type":"mec-events","link":"https:\/\/cercledeconsciencia.com\/ca\/actividades\/personajes-a-escena\/","title":{"rendered":"Personatges a escena 5a edici\u00f3 (diverses dates)"},"content":{"rendered":"<p>\ud83d\udcc5 Dimecres quinzenals de 18:30 a 20:30h (Data m\u00e9s avall)<br \/>\nEl teatre s&#039;ocupa del que passa aqu\u00ed i ara \u00e9s vivencial, t\u00e9 una relaci\u00f3 directa amb les emocions. Habitarem l\u00b4espai aprenent a observar el nostre propi car\u00e0cter i habilitats internes. Explorarem la nostra creativitat, donant-nos perm\u00eds per a SER, per estar presents amb tots els nostres personatges.<\/p>\n<p>Un taller on capbussar-nos en l&#039;aventura de jugar, on l&#039;error \u00e9s el nostre aliat, on mostrar-nos i trobar-nos nosaltres mateixos, persones completes, sentint la llibertat d&#039;expressi\u00f3 espont\u00e0nia, apropant-nos a la nostra ess\u00e8ncia des de l&#039;honestedat del moment present i la resposta org\u00e0nica, creant una experi\u00e8ncia enriquidora d&#039;energia grupal.<\/p>\n<p>\ud83d\udde3<b>Imparteix: Kika Aguil\u00f3 Moll,<\/b> Terapeuta Corporal Integrativa, formada en arts esc\u00e8niques aplicades a lensenyament. Programa SAT del <b>Dr. Claudi Naranjo<\/b> i cicles formatius amb <b> Alain Vigneau i Catalina Llad\u00f3.<\/b><\/p>\n<p>Cercle de Consci\u00e8ncia Mallorca \u2013 C\/ Ciutat de Quer\u00e9taro, 6 2n 1a<\/p>\n<p>&nbsp;<\/p>\n<p>\ud83d\udcc5 2024 \u2013 Dimecres quinzenals de 18:30 a 20:30h:<br \/>\nOctubre: 2-16<br \/>\nNovembre: 6-20<br \/>\nDesembre: 4 -18<\/p>\n<p>\ud83d\udcc5 2025 \u2013 Dimecres quinzenals de 18:30 a 20:30h:<br \/>\nGener: 8 \u2013 22<br \/>\nFebrer: 12 \u2013 26<br \/>\nMar\u00e7: 12 \u2013 26<br \/>\nAbril: 9 \u2013 23<br \/>\nMaig: 7 \u2013 21<br \/>\nJuny: 4 \u2013 18<\/p>\n<p>\ud83d\udc49 <b>M\u00e9s informaci\u00f3 i inscripcions:<\/b><br \/>\n645 33 94 14 &#8211; <a style=\"color: #00806a;\" href=\"mailto:somnakika@gmail.com\">somnakika@gmail.com<\/a><br \/>\n<b>Preu<\/b>: 45\u20ac mensuals<br \/>\nImprescindible inscripci\u00f3 pr\u00e8via.<\/p>","protected":false},"excerpt":{"rendered":"<p>\ud83d\udcc5 Mi\u00e9rcoles quincenales de 18:30 a 20:30h (Fechas m\u00e1s abajo) El teatro se ocupa de lo que sucede aqu\u00ed y ahora, es vivencial, tiene una relaci\u00f3n directa con las emociones. [&hellip;]<\/p>\n","protected":false},"author":1,"featured_media":2723,"comment_status":"closed","ping_status":"closed","template":"","tags":[],"mec_category":[69],"mec_speaker":[118],"class_list":["post-2720","mec-events","type-mec-events","status-publish","has-post-thumbnail","hentry","mec_category-teatro"],"yoast_head":"<!-- This site is optimized with the Yoast SEO plugin v27.4 - https:\/\/yoast.com\/product\/yoast-seo-wordpress\/ -->\n<title>Personajes a escena 5\u00aa edici\u00f3n (varias fechas) - Cercle de Consci\u00e8ncia<\/title>\n<meta name=\"robots\" content=\"index, follow, max-snippet:-1, max-image-preview:large, max-video-preview:-1\" \/>\n<link rel=\"canonical\" href=\"https:\/\/cercledeconsciencia.com\/ca\/activitats\/personatges-a-escena\/\" \/>\n<meta property=\"og:locale\" content=\"ca_ES\" \/>\n<meta property=\"og:type\" content=\"article\" \/>\n<meta property=\"og:title\" content=\"Personajes a escena 5\u00aa edici\u00f3n (varias fechas) - Cercle de Consci\u00e8ncia\" \/>\n<meta property=\"og:description\" content=\"\ud83d\udcc5 Mi\u00e9rcoles quincenales de 18:30 a 20:30h (Fechas m\u00e1s abajo) El teatro se ocupa de lo que sucede aqu\u00ed y ahora, es vivencial, tiene una relaci\u00f3n directa con las emociones. [&hellip;]\" \/>\n<meta property=\"og:url\" content=\"https:\/\/cercledeconsciencia.com\/ca\/activitats\/personatges-a-escena\/\" \/>\n<meta property=\"og:site_name\" content=\"Cercle de Consci\u00e8ncia\" \/>\n<meta property=\"article:publisher\" content=\"https:\/\/www.facebook.com\/Cercledeconscienciabarcelona?_rdr\" \/>\n<meta property=\"article:modified_time\" content=\"2024-10-23T10:53:53+00:00\" \/>\n<meta property=\"og:image\" content=\"https:\/\/cercledeconsciencia.com\/wp-content\/uploads\/2024\/01\/personajes-escena-1.png\" \/>\n\t<meta property=\"og:image:width\" content=\"1000\" \/>\n\t<meta property=\"og:image:height\" content=\"623\" \/>\n\t<meta property=\"og:image:type\" content=\"image\/png\" \/>\n<meta name=\"twitter:card\" content=\"summary_large_image\" \/>\n<meta name=\"twitter:label1\" content=\"Temps estimat de lectura\" \/>\n\t<meta name=\"twitter:data1\" content=\"2 minuts\" \/>\n<script type=\"application\/ld+json\" class=\"yoast-schema-graph\">{\"@context\":\"https:\\\/\\\/schema.org\",\"@graph\":[{\"@type\":\"WebPage\",\"@id\":\"https:\\\/\\\/cercledeconsciencia.com\\\/actividades\\\/personajes-a-escena\\\/\",\"url\":\"https:\\\/\\\/cercledeconsciencia.com\\\/actividades\\\/personajes-a-escena\\\/\",\"name\":\"Personajes a escena 5\u00aa edici\u00f3n (varias fechas) - Cercle de Consci\u00e8ncia\",\"isPartOf\":{\"@id\":\"https:\\\/\\\/cercledeconsciencia.com\\\/#website\"},\"primaryImageOfPage\":{\"@id\":\"https:\\\/\\\/cercledeconsciencia.com\\\/actividades\\\/personajes-a-escena\\\/#primaryimage\"},\"image\":{\"@id\":\"https:\\\/\\\/cercledeconsciencia.com\\\/actividades\\\/personajes-a-escena\\\/#primaryimage\"},\"thumbnailUrl\":\"https:\\\/\\\/cercledeconsciencia.com\\\/wp-content\\\/uploads\\\/2024\\\/01\\\/personajes-escena-1.png\",\"datePublished\":\"2024-01-26T01:24:48+00:00\",\"dateModified\":\"2024-10-23T10:53:53+00:00\",\"breadcrumb\":{\"@id\":\"https:\\\/\\\/cercledeconsciencia.com\\\/actividades\\\/personajes-a-escena\\\/#breadcrumb\"},\"inLanguage\":\"ca\",\"potentialAction\":[{\"@type\":\"ReadAction\",\"target\":[\"https:\\\/\\\/cercledeconsciencia.com\\\/actividades\\\/personajes-a-escena\\\/\"]}]},{\"@type\":\"ImageObject\",\"inLanguage\":\"ca\",\"@id\":\"https:\\\/\\\/cercledeconsciencia.com\\\/actividades\\\/personajes-a-escena\\\/#primaryimage\",\"url\":\"https:\\\/\\\/cercledeconsciencia.com\\\/wp-content\\\/uploads\\\/2024\\\/01\\\/personajes-escena-1.png\",\"contentUrl\":\"https:\\\/\\\/cercledeconsciencia.com\\\/wp-content\\\/uploads\\\/2024\\\/01\\\/personajes-escena-1.png\",\"width\":1000,\"height\":623},{\"@type\":\"BreadcrumbList\",\"@id\":\"https:\\\/\\\/cercledeconsciencia.com\\\/actividades\\\/personajes-a-escena\\\/#breadcrumb\",\"itemListElement\":[{\"@type\":\"ListItem\",\"position\":1,\"name\":\"Portada\",\"item\":\"https:\\\/\\\/cercledeconsciencia.com\\\/\"},{\"@type\":\"ListItem\",\"position\":2,\"name\":\"Eventos\",\"item\":\"https:\\\/\\\/cercledeconsciencia.com\\\/actividades\\\/\"},{\"@type\":\"ListItem\",\"position\":3,\"name\":\"Personajes a escena 5\u00aa edici\u00f3n (varias fechas)\"}]},{\"@type\":\"WebSite\",\"@id\":\"https:\\\/\\\/cercledeconsciencia.com\\\/#website\",\"url\":\"https:\\\/\\\/cercledeconsciencia.com\\\/\",\"name\":\"Cercle de Consci\u00e8ncia\",\"description\":\"Centro de Formaci\u00f3n y Terapias\",\"publisher\":{\"@id\":\"https:\\\/\\\/cercledeconsciencia.com\\\/#organization\"},\"potentialAction\":[{\"@type\":\"SearchAction\",\"target\":{\"@type\":\"EntryPoint\",\"urlTemplate\":\"https:\\\/\\\/cercledeconsciencia.com\\\/?s={search_term_string}\"},\"query-input\":{\"@type\":\"PropertyValueSpecification\",\"valueRequired\":true,\"valueName\":\"search_term_string\"}}],\"inLanguage\":\"ca\"},{\"@type\":\"Organization\",\"@id\":\"https:\\\/\\\/cercledeconsciencia.com\\\/#organization\",\"name\":\"Cercle de Consci\u00e8ncia\",\"url\":\"https:\\\/\\\/cercledeconsciencia.com\\\/\",\"logo\":{\"@type\":\"ImageObject\",\"inLanguage\":\"ca\",\"@id\":\"https:\\\/\\\/cercledeconsciencia.com\\\/#\\\/schema\\\/logo\\\/image\\\/\",\"url\":\"https:\\\/\\\/cercledeconsciencia.com\\\/wp-content\\\/uploads\\\/2023\\\/07\\\/logo.png\",\"contentUrl\":\"https:\\\/\\\/cercledeconsciencia.com\\\/wp-content\\\/uploads\\\/2023\\\/07\\\/logo.png\",\"width\":239,\"height\":68,\"caption\":\"Cercle de Consci\u00e8ncia\"},\"image\":{\"@id\":\"https:\\\/\\\/cercledeconsciencia.com\\\/#\\\/schema\\\/logo\\\/image\\\/\"},\"sameAs\":[\"https:\\\/\\\/www.facebook.com\\\/Cercledeconscienciabarcelona?_rdr\",\"https:\\\/\\\/www.instagram.com\\\/cercledeconsciencia\\\/\",\"https:\\\/\\\/www.youtube.com\\\/c\\\/cercledeconsciencia\"]}]}<\/script>\n<!-- \/ Yoast SEO plugin. -->","yoast_head_json":{"title":"Personatges a escena 5a edici\u00f3 (diverses dates) - Cercle de Consci\u00e8ncia","robots":{"index":"index","follow":"follow","max-snippet":"max-snippet:-1","max-image-preview":"max-image-preview:large","max-video-preview":"max-video-preview:-1"},"canonical":"https:\/\/cercledeconsciencia.com\/ca\/activitats\/personatges-a-escena\/","og_locale":"ca_ES","og_type":"article","og_title":"Personajes a escena 5\u00aa edici\u00f3n (varias fechas) - Cercle de Consci\u00e8ncia","og_description":"\ud83d\udcc5 Mi\u00e9rcoles quincenales de 18:30 a 20:30h (Fechas m\u00e1s abajo) El teatro se ocupa de lo que sucede aqu\u00ed y ahora, es vivencial, tiene una relaci\u00f3n directa con las emociones. [&hellip;]","og_url":"https:\/\/cercledeconsciencia.com\/ca\/activitats\/personatges-a-escena\/","og_site_name":"Cercle de Consci\u00e8ncia","article_publisher":"https:\/\/www.facebook.com\/Cercledeconscienciabarcelona?_rdr","article_modified_time":"2024-10-23T10:53:53+00:00","og_image":[{"width":1000,"height":623,"url":"https:\/\/cercledeconsciencia.com\/wp-content\/uploads\/2024\/01\/personajes-escena-1.png","type":"image\/png"}],"twitter_card":"summary_large_image","twitter_misc":{"Temps estimat de lectura":"2 minuts"},"schema":{"@context":"https:\/\/schema.org","@graph":[{"@type":"WebPage","@id":"https:\/\/cercledeconsciencia.com\/actividades\/personajes-a-escena\/","url":"https:\/\/cercledeconsciencia.com\/actividades\/personajes-a-escena\/","name":"Personatges a escena 5a edici\u00f3 (diverses dates) - Cercle de Consci\u00e8ncia","isPartOf":{"@id":"https:\/\/cercledeconsciencia.com\/#website"},"primaryImageOfPage":{"@id":"https:\/\/cercledeconsciencia.com\/actividades\/personajes-a-escena\/#primaryimage"},"image":{"@id":"https:\/\/cercledeconsciencia.com\/actividades\/personajes-a-escena\/#primaryimage"},"thumbnailUrl":"https:\/\/cercledeconsciencia.com\/wp-content\/uploads\/2024\/01\/personajes-escena-1.png","datePublished":"2024-01-26T01:24:48+00:00","dateModified":"2024-10-23T10:53:53+00:00","breadcrumb":{"@id":"https:\/\/cercledeconsciencia.com\/actividades\/personajes-a-escena\/#breadcrumb"},"inLanguage":"ca","potentialAction":[{"@type":"ReadAction","target":["https:\/\/cercledeconsciencia.com\/actividades\/personajes-a-escena\/"]}]},{"@type":"ImageObject","inLanguage":"ca","@id":"https:\/\/cercledeconsciencia.com\/actividades\/personajes-a-escena\/#primaryimage","url":"https:\/\/cercledeconsciencia.com\/wp-content\/uploads\/2024\/01\/personajes-escena-1.png","contentUrl":"https:\/\/cercledeconsciencia.com\/wp-content\/uploads\/2024\/01\/personajes-escena-1.png","width":1000,"height":623},{"@type":"BreadcrumbList","@id":"https:\/\/cercledeconsciencia.com\/actividades\/personajes-a-escena\/#breadcrumb","itemListElement":[{"@type":"ListItem","position":1,"name":"Portada","item":"https:\/\/cercledeconsciencia.com\/"},{"@type":"ListItem","position":2,"name":"Eventos","item":"https:\/\/cercledeconsciencia.com\/actividades\/"},{"@type":"ListItem","position":3,"name":"Personajes a escena 5\u00aa edici\u00f3n (varias fechas)"}]},{"@type":"WebSite","@id":"https:\/\/cercledeconsciencia.com\/#website","url":"https:\/\/cercledeconsciencia.com\/","name":"Cercle de Consci\u00e8ncia","description":"Centre de Formaci\u00f3 i Ter\u00e0pies","publisher":{"@id":"https:\/\/cercledeconsciencia.com\/#organization"},"potentialAction":[{"@type":"SearchAction","target":{"@type":"EntryPoint","urlTemplate":"https:\/\/cercledeconsciencia.com\/?s={search_term_string}"},"query-input":{"@type":"PropertyValueSpecification","valueRequired":true,"valueName":"search_term_string"}}],"inLanguage":"ca"},{"@type":"Organization","@id":"https:\/\/cercledeconsciencia.com\/#organization","name":"Cercle de Consci\u00e8ncia","url":"https:\/\/cercledeconsciencia.com\/","logo":{"@type":"ImageObject","inLanguage":"ca","@id":"https:\/\/cercledeconsciencia.com\/#\/schema\/logo\/image\/","url":"https:\/\/cercledeconsciencia.com\/wp-content\/uploads\/2023\/07\/logo.png","contentUrl":"https:\/\/cercledeconsciencia.com\/wp-content\/uploads\/2023\/07\/logo.png","width":239,"height":68,"caption":"Cercle de Consci\u00e8ncia"},"image":{"@id":"https:\/\/cercledeconsciencia.com\/#\/schema\/logo\/image\/"},"sameAs":["https:\/\/www.facebook.com\/Cercledeconscienciabarcelona?_rdr","https:\/\/www.instagram.com\/cercledeconsciencia\/","https:\/\/www.youtube.com\/c\/cercledeconsciencia"]}]}},"_links":{"self":[{"href":"https:\/\/cercledeconsciencia.com\/ca\/wp-json\/wp\/v2\/mec-events\/2720","targetHints":{"allow":["GET"]}}],"collection":[{"href":"https:\/\/cercledeconsciencia.com\/ca\/wp-json\/wp\/v2\/mec-events"}],"about":[{"href":"https:\/\/cercledeconsciencia.com\/ca\/wp-json\/wp\/v2\/types\/mec-events"}],"author":[{"embeddable":true,"href":"https:\/\/cercledeconsciencia.com\/ca\/wp-json\/wp\/v2\/users\/1"}],"replies":[{"embeddable":true,"href":"https:\/\/cercledeconsciencia.com\/ca\/wp-json\/wp\/v2\/comments?post=2720"}],"wp:featuredmedia":[{"embeddable":true,"href":"https:\/\/cercledeconsciencia.com\/ca\/wp-json\/wp\/v2\/media\/2723"}],"wp:attachment":[{"href":"https:\/\/cercledeconsciencia.com\/ca\/wp-json\/wp\/v2\/media?parent=2720"}],"wp:term":[{"taxonomy":"post_tag","embeddable":true,"href":"https:\/\/cercledeconsciencia.com\/ca\/wp-json\/wp\/v2\/tags?post=2720"},{"taxonomy":"mec_category","embeddable":true,"href":"https:\/\/cercledeconsciencia.com\/ca\/wp-json\/wp\/v2\/mec_category?post=2720"},{"taxonomy":"mec_speaker","embeddable":true,"href":"https:\/\/cercledeconsciencia.com\/ca\/wp-json\/wp\/v2\/mec_speaker?post=2720"}],"curies":[{"name":"wp","href":"https:\/\/api.w.org\/{rel}","templated":true}]}}