{"id":2729,"date":"2024-01-26T01:50:50","date_gmt":"2024-01-26T01:50:50","guid":{"rendered":"https:\/\/cercledeconsciencia.com\/?post_type=mec-events&#038;p=2729"},"modified":"2024-08-08T08:04:54","modified_gmt":"2024-08-08T08:04:54","slug":"grup-de-supervisio-tci-mallorca","status":"publish","type":"mec-events","link":"https:\/\/cercledeconsciencia.com\/ca\/actividades\/grupo-de-supervision-tci-mallorca\/","title":{"rendered":"Grup de supervisi\u00f3 TCI Mallorca"},"content":{"rendered":"<p><span style=\"font-weight: 400;\"> Per adquirir seguretat a l&#039;acompanyament a trav\u00e9s del cos. Enfortint les bases te\u00f2riques que guien la nostra feina i aprenent com acompanyar les propostes corporals. Supervisi\u00f3 per a estudiants, exalumnes de TCI i altres terapeutes que vulguin aprofundir en l&#039;acompanyament corporal. Podr\u00e0s experimentar les propostes i acompanyar-les. D&#039;aquesta manera, anir\u00e0s aprenent com se senten les propostes al cos i tamb\u00e9 com s&#039;acompanyen, des del respecte i la pres\u00e8ncia, brindant el temps i l&#039;espai necessaris. <\/span><\/p>\n<p>&nbsp;<\/p>\n<p>&nbsp;<\/p>\n<p><span style=\"font-weight: 400;\"><b>Terapeutes:<\/b>\u00a0<\/span><\/p>\n<p><span style=\"font-weight: 400;\">A c\u00e0rrec de: M Helena Sagrist\u00e0.\u00a0\u00a0<\/span><\/p>\n<p><b>Dates:<\/b><\/p>\n<p><span style=\"font-weight: 400;\">Un dilluns al mes de 18:30 ha 21:00 h<\/span><\/p>\n<p><b> BLOC 1: ESTRUCTURA <\/b><\/p>\n<p><span style=\"font-weight: 400;\">9 oct \u2013 estructura del treball corporal en ter\u00e0pia individual<\/span><span style=\"font-weight: 400;\"><br \/>\n<\/span><span style=\"font-weight: 400;\"> 30 oct \u2013 lectura corporal, afinant la mirada del terapeuta. <\/span><span style=\"font-weight: 400;\"><br \/>\n<\/span><span style=\"font-weight: 400;\"> 11 des \u2013 trauma i treball corporal. <\/span><\/p>\n<p><b> BLOC 2: BASES DEL TREBALL CORPORAL <\/b><\/p>\n<p><span style=\"font-weight: 400;\"> 5 febrer: el treball amb les sensacions corporals.<\/span><span style=\"font-weight: 400;\"><br \/>\n<\/span><span style=\"font-weight: 400;\"> 4 mar\u00e7: arrelament i contacte amb la realitat.<\/span><br \/>\n<span style=\"font-weight: 400;\"><br \/>\n<\/span><span style=\"font-weight: 400;\"> 1 abril: la feina amb la respiraci\u00f3. <\/span><\/p>\n<p><b> BLOC 3: LA CORA MUSCULAR <\/b><\/p>\n<p><span style=\"font-weight: 400;\"> 27 maig: la cuirassa muscular 1 (segment ocular, oral i cervical)<\/span><span style=\"font-weight: 400;\"><br \/>\n<\/span><span style=\"font-weight: 400;\"> 10 juny: la cuirassa muscular 2 (segment pectoral i diafragm\u00e0tic). <\/span><span style=\"font-weight: 400;\"><br \/>\n<\/span><span style=\"font-weight: 400;\"> 22 juliol: la cuirassa corporal 3 (segments abdominal i p\u00e8lvic).<br \/>\n<\/span><\/p>\n<p><span style=\"font-weight: 400;\">\u00a0<\/span><span style=\"font-weight: 400;\"><b>M\u00e9s informaci\u00f3:<\/b> <span style=\"color: #00806a;\"><a style=\"color: #00806a;\" href=\"mailto:coordinacio.mallorca@espaitci.com\">jcoordinacio.mallorca@espaitci.com <\/a> <\/span> &#8211; 656 30 28 48 <\/span><\/p>","protected":false},"excerpt":{"rendered":"<p>Para adquirir seguridad en el acompa\u00f1amiento a trav\u00e9s del cuerpo. Fortaleciendo las bases te\u00f3ricas que gu\u00edan nuestra labor y aprendiendo c\u00f3mo acompa\u00f1ar las propuestas corporales. Supervisi\u00f3n para estudiantes, exalumnos de [&hellip;]<\/p>\n","protected":false},"author":1,"featured_media":2730,"comment_status":"open","ping_status":"closed","template":"","tags":[],"mec_category":[53],"mec_speaker":[101],"class_list":["post-2729","mec-events","type-mec-events","status-publish","has-post-thumbnail","hentry","mec_category-grupo-de-supervision"],"yoast_head":"<!-- This site is optimized with the Yoast SEO plugin v27.4 - https:\/\/yoast.com\/product\/yoast-seo-wordpress\/ -->\n<title>Grupo de supervisi\u00f3n TCI Mallorca - Cercle de Consci\u00e8ncia<\/title>\n<meta name=\"robots\" content=\"index, follow, max-snippet:-1, max-image-preview:large, max-video-preview:-1\" \/>\n<link rel=\"canonical\" href=\"https:\/\/cercledeconsciencia.com\/ca\/activitats\/grup-de-supervisio-tci-mallorca\/\" \/>\n<meta property=\"og:locale\" content=\"ca_ES\" \/>\n<meta property=\"og:type\" content=\"article\" \/>\n<meta property=\"og:title\" content=\"Grupo de supervisi\u00f3n TCI Mallorca - Cercle de Consci\u00e8ncia\" \/>\n<meta property=\"og:description\" content=\"Para adquirir seguridad en el acompa\u00f1amiento a trav\u00e9s del cuerpo. Fortaleciendo las bases te\u00f3ricas que gu\u00edan nuestra labor y aprendiendo c\u00f3mo acompa\u00f1ar las propuestas corporales. Supervisi\u00f3n para estudiantes, exalumnos de [&hellip;]\" \/>\n<meta property=\"og:url\" content=\"https:\/\/cercledeconsciencia.com\/ca\/activitats\/grup-de-supervisio-tci-mallorca\/\" \/>\n<meta property=\"og:site_name\" content=\"Cercle de Consci\u00e8ncia\" \/>\n<meta property=\"article:publisher\" content=\"https:\/\/www.facebook.com\/Cercledeconscienciabarcelona?_rdr\" \/>\n<meta property=\"article:modified_time\" content=\"2024-08-08T08:04:54+00:00\" \/>\n<meta property=\"og:image\" content=\"https:\/\/cercledeconsciencia.com\/wp-content\/uploads\/2024\/01\/tci-mallorca.png\" \/>\n\t<meta property=\"og:image:width\" content=\"1000\" \/>\n\t<meta property=\"og:image:height\" content=\"623\" \/>\n\t<meta property=\"og:image:type\" content=\"image\/png\" \/>\n<meta name=\"twitter:card\" content=\"summary_large_image\" \/>\n<meta name=\"twitter:label1\" content=\"Temps estimat de lectura\" \/>\n\t<meta name=\"twitter:data1\" content=\"2 minuts\" \/>\n<script type=\"application\/ld+json\" class=\"yoast-schema-graph\">{\"@context\":\"https:\\\/\\\/schema.org\",\"@graph\":[{\"@type\":\"WebPage\",\"@id\":\"https:\\\/\\\/cercledeconsciencia.com\\\/actividades\\\/grupo-de-supervision-tci-mallorca\\\/\",\"url\":\"https:\\\/\\\/cercledeconsciencia.com\\\/actividades\\\/grupo-de-supervision-tci-mallorca\\\/\",\"name\":\"Grupo de supervisi\u00f3n TCI Mallorca - Cercle de Consci\u00e8ncia\",\"isPartOf\":{\"@id\":\"https:\\\/\\\/cercledeconsciencia.com\\\/#website\"},\"primaryImageOfPage\":{\"@id\":\"https:\\\/\\\/cercledeconsciencia.com\\\/actividades\\\/grupo-de-supervision-tci-mallorca\\\/#primaryimage\"},\"image\":{\"@id\":\"https:\\\/\\\/cercledeconsciencia.com\\\/actividades\\\/grupo-de-supervision-tci-mallorca\\\/#primaryimage\"},\"thumbnailUrl\":\"https:\\\/\\\/cercledeconsciencia.com\\\/wp-content\\\/uploads\\\/2024\\\/01\\\/tci-mallorca.png\",\"datePublished\":\"2024-01-26T01:50:50+00:00\",\"dateModified\":\"2024-08-08T08:04:54+00:00\",\"breadcrumb\":{\"@id\":\"https:\\\/\\\/cercledeconsciencia.com\\\/actividades\\\/grupo-de-supervision-tci-mallorca\\\/#breadcrumb\"},\"inLanguage\":\"ca\",\"potentialAction\":[{\"@type\":\"ReadAction\",\"target\":[\"https:\\\/\\\/cercledeconsciencia.com\\\/actividades\\\/grupo-de-supervision-tci-mallorca\\\/\"]}]},{\"@type\":\"ImageObject\",\"inLanguage\":\"ca\",\"@id\":\"https:\\\/\\\/cercledeconsciencia.com\\\/actividades\\\/grupo-de-supervision-tci-mallorca\\\/#primaryimage\",\"url\":\"https:\\\/\\\/cercledeconsciencia.com\\\/wp-content\\\/uploads\\\/2024\\\/01\\\/tci-mallorca.png\",\"contentUrl\":\"https:\\\/\\\/cercledeconsciencia.com\\\/wp-content\\\/uploads\\\/2024\\\/01\\\/tci-mallorca.png\",\"width\":1000,\"height\":623},{\"@type\":\"BreadcrumbList\",\"@id\":\"https:\\\/\\\/cercledeconsciencia.com\\\/actividades\\\/grupo-de-supervision-tci-mallorca\\\/#breadcrumb\",\"itemListElement\":[{\"@type\":\"ListItem\",\"position\":1,\"name\":\"Portada\",\"item\":\"https:\\\/\\\/cercledeconsciencia.com\\\/\"},{\"@type\":\"ListItem\",\"position\":2,\"name\":\"Eventos\",\"item\":\"https:\\\/\\\/cercledeconsciencia.com\\\/actividades\\\/\"},{\"@type\":\"ListItem\",\"position\":3,\"name\":\"Grupo de supervisi\u00f3n TCI Mallorca\"}]},{\"@type\":\"WebSite\",\"@id\":\"https:\\\/\\\/cercledeconsciencia.com\\\/#website\",\"url\":\"https:\\\/\\\/cercledeconsciencia.com\\\/\",\"name\":\"Cercle de Consci\u00e8ncia\",\"description\":\"Centro de Formaci\u00f3n y Terapias\",\"publisher\":{\"@id\":\"https:\\\/\\\/cercledeconsciencia.com\\\/#organization\"},\"potentialAction\":[{\"@type\":\"SearchAction\",\"target\":{\"@type\":\"EntryPoint\",\"urlTemplate\":\"https:\\\/\\\/cercledeconsciencia.com\\\/?s={search_term_string}\"},\"query-input\":{\"@type\":\"PropertyValueSpecification\",\"valueRequired\":true,\"valueName\":\"search_term_string\"}}],\"inLanguage\":\"ca\"},{\"@type\":\"Organization\",\"@id\":\"https:\\\/\\\/cercledeconsciencia.com\\\/#organization\",\"name\":\"Cercle de Consci\u00e8ncia\",\"url\":\"https:\\\/\\\/cercledeconsciencia.com\\\/\",\"logo\":{\"@type\":\"ImageObject\",\"inLanguage\":\"ca\",\"@id\":\"https:\\\/\\\/cercledeconsciencia.com\\\/#\\\/schema\\\/logo\\\/image\\\/\",\"url\":\"https:\\\/\\\/cercledeconsciencia.com\\\/wp-content\\\/uploads\\\/2023\\\/07\\\/logo.png\",\"contentUrl\":\"https:\\\/\\\/cercledeconsciencia.com\\\/wp-content\\\/uploads\\\/2023\\\/07\\\/logo.png\",\"width\":239,\"height\":68,\"caption\":\"Cercle de Consci\u00e8ncia\"},\"image\":{\"@id\":\"https:\\\/\\\/cercledeconsciencia.com\\\/#\\\/schema\\\/logo\\\/image\\\/\"},\"sameAs\":[\"https:\\\/\\\/www.facebook.com\\\/Cercledeconscienciabarcelona?_rdr\",\"https:\\\/\\\/www.instagram.com\\\/cercledeconsciencia\\\/\",\"https:\\\/\\\/www.youtube.com\\\/c\\\/cercledeconsciencia\"]}]}<\/script>\n<!-- \/ Yoast SEO plugin. -->","yoast_head_json":{"title":"Grup de supervisi\u00f3 TCI Mallorca - Cercle de Consci\u00e8ncia","robots":{"index":"index","follow":"follow","max-snippet":"max-snippet:-1","max-image-preview":"max-image-preview:large","max-video-preview":"max-video-preview:-1"},"canonical":"https:\/\/cercledeconsciencia.com\/ca\/activitats\/grup-de-supervisio-tci-mallorca\/","og_locale":"ca_ES","og_type":"article","og_title":"Grupo de supervisi\u00f3n TCI Mallorca - Cercle de Consci\u00e8ncia","og_description":"Para adquirir seguridad en el acompa\u00f1amiento a trav\u00e9s del cuerpo. Fortaleciendo las bases te\u00f3ricas que gu\u00edan nuestra labor y aprendiendo c\u00f3mo acompa\u00f1ar las propuestas corporales. Supervisi\u00f3n para estudiantes, exalumnos de [&hellip;]","og_url":"https:\/\/cercledeconsciencia.com\/ca\/activitats\/grup-de-supervisio-tci-mallorca\/","og_site_name":"Cercle de Consci\u00e8ncia","article_publisher":"https:\/\/www.facebook.com\/Cercledeconscienciabarcelona?_rdr","article_modified_time":"2024-08-08T08:04:54+00:00","og_image":[{"width":1000,"height":623,"url":"https:\/\/cercledeconsciencia.com\/wp-content\/uploads\/2024\/01\/tci-mallorca.png","type":"image\/png"}],"twitter_card":"summary_large_image","twitter_misc":{"Temps estimat de lectura":"2 minuts"},"schema":{"@context":"https:\/\/schema.org","@graph":[{"@type":"WebPage","@id":"https:\/\/cercledeconsciencia.com\/actividades\/grupo-de-supervision-tci-mallorca\/","url":"https:\/\/cercledeconsciencia.com\/actividades\/grupo-de-supervision-tci-mallorca\/","name":"Grup de supervisi\u00f3 TCI Mallorca - Cercle de Consci\u00e8ncia","isPartOf":{"@id":"https:\/\/cercledeconsciencia.com\/#website"},"primaryImageOfPage":{"@id":"https:\/\/cercledeconsciencia.com\/actividades\/grupo-de-supervision-tci-mallorca\/#primaryimage"},"image":{"@id":"https:\/\/cercledeconsciencia.com\/actividades\/grupo-de-supervision-tci-mallorca\/#primaryimage"},"thumbnailUrl":"https:\/\/cercledeconsciencia.com\/wp-content\/uploads\/2024\/01\/tci-mallorca.png","datePublished":"2024-01-26T01:50:50+00:00","dateModified":"2024-08-08T08:04:54+00:00","breadcrumb":{"@id":"https:\/\/cercledeconsciencia.com\/actividades\/grupo-de-supervision-tci-mallorca\/#breadcrumb"},"inLanguage":"ca","potentialAction":[{"@type":"ReadAction","target":["https:\/\/cercledeconsciencia.com\/actividades\/grupo-de-supervision-tci-mallorca\/"]}]},{"@type":"ImageObject","inLanguage":"ca","@id":"https:\/\/cercledeconsciencia.com\/actividades\/grupo-de-supervision-tci-mallorca\/#primaryimage","url":"https:\/\/cercledeconsciencia.com\/wp-content\/uploads\/2024\/01\/tci-mallorca.png","contentUrl":"https:\/\/cercledeconsciencia.com\/wp-content\/uploads\/2024\/01\/tci-mallorca.png","width":1000,"height":623},{"@type":"BreadcrumbList","@id":"https:\/\/cercledeconsciencia.com\/actividades\/grupo-de-supervision-tci-mallorca\/#breadcrumb","itemListElement":[{"@type":"ListItem","position":1,"name":"Portada","item":"https:\/\/cercledeconsciencia.com\/"},{"@type":"ListItem","position":2,"name":"Eventos","item":"https:\/\/cercledeconsciencia.com\/actividades\/"},{"@type":"ListItem","position":3,"name":"Grupo de supervisi\u00f3n TCI Mallorca"}]},{"@type":"WebSite","@id":"https:\/\/cercledeconsciencia.com\/#website","url":"https:\/\/cercledeconsciencia.com\/","name":"Cercle de Consci\u00e8ncia","description":"Centre de Formaci\u00f3 i Ter\u00e0pies","publisher":{"@id":"https:\/\/cercledeconsciencia.com\/#organization"},"potentialAction":[{"@type":"SearchAction","target":{"@type":"EntryPoint","urlTemplate":"https:\/\/cercledeconsciencia.com\/?s={search_term_string}"},"query-input":{"@type":"PropertyValueSpecification","valueRequired":true,"valueName":"search_term_string"}}],"inLanguage":"ca"},{"@type":"Organization","@id":"https:\/\/cercledeconsciencia.com\/#organization","name":"Cercle de Consci\u00e8ncia","url":"https:\/\/cercledeconsciencia.com\/","logo":{"@type":"ImageObject","inLanguage":"ca","@id":"https:\/\/cercledeconsciencia.com\/#\/schema\/logo\/image\/","url":"https:\/\/cercledeconsciencia.com\/wp-content\/uploads\/2023\/07\/logo.png","contentUrl":"https:\/\/cercledeconsciencia.com\/wp-content\/uploads\/2023\/07\/logo.png","width":239,"height":68,"caption":"Cercle de Consci\u00e8ncia"},"image":{"@id":"https:\/\/cercledeconsciencia.com\/#\/schema\/logo\/image\/"},"sameAs":["https:\/\/www.facebook.com\/Cercledeconscienciabarcelona?_rdr","https:\/\/www.instagram.com\/cercledeconsciencia\/","https:\/\/www.youtube.com\/c\/cercledeconsciencia"]}]}},"_links":{"self":[{"href":"https:\/\/cercledeconsciencia.com\/ca\/wp-json\/wp\/v2\/mec-events\/2729","targetHints":{"allow":["GET"]}}],"collection":[{"href":"https:\/\/cercledeconsciencia.com\/ca\/wp-json\/wp\/v2\/mec-events"}],"about":[{"href":"https:\/\/cercledeconsciencia.com\/ca\/wp-json\/wp\/v2\/types\/mec-events"}],"author":[{"embeddable":true,"href":"https:\/\/cercledeconsciencia.com\/ca\/wp-json\/wp\/v2\/users\/1"}],"replies":[{"embeddable":true,"href":"https:\/\/cercledeconsciencia.com\/ca\/wp-json\/wp\/v2\/comments?post=2729"}],"wp:featuredmedia":[{"embeddable":true,"href":"https:\/\/cercledeconsciencia.com\/ca\/wp-json\/wp\/v2\/media\/2730"}],"wp:attachment":[{"href":"https:\/\/cercledeconsciencia.com\/ca\/wp-json\/wp\/v2\/media?parent=2729"}],"wp:term":[{"taxonomy":"post_tag","embeddable":true,"href":"https:\/\/cercledeconsciencia.com\/ca\/wp-json\/wp\/v2\/tags?post=2729"},{"taxonomy":"mec_category","embeddable":true,"href":"https:\/\/cercledeconsciencia.com\/ca\/wp-json\/wp\/v2\/mec_category?post=2729"},{"taxonomy":"mec_speaker","embeddable":true,"href":"https:\/\/cercledeconsciencia.com\/ca\/wp-json\/wp\/v2\/mec_speaker?post=2729"}],"curies":[{"name":"wp","href":"https:\/\/api.w.org\/{rel}","templated":true}]}}