{"id":2732,"date":"2024-01-26T01:59:06","date_gmt":"2024-01-26T01:59:06","guid":{"rendered":"https:\/\/cercledeconsciencia.com\/?post_type=mec-events&#038;p=2732"},"modified":"2024-08-08T08:01:21","modified_gmt":"2024-08-08T08:01:21","slug":"grup-de-supervisio-tci-eivissa","status":"publish","type":"mec-events","link":"https:\/\/cercledeconsciencia.com\/ca\/actividades\/grupo-de-supervision-tci-ibiza\/","title":{"rendered":"Grup de Supervisi\u00f3 TCI Eivissa"},"content":{"rendered":"<p><span style=\"font-weight: 400;\"> El grup de Supervisi\u00f3 TCI est\u00e0 dirigit als alumnes i exalumnes de la formaci\u00f3 de Ter\u00e0pia Corporal Integrativa. T\u00e9 com a objectiu l&#039;adquisici\u00f3 de pr\u00e0ctica cl\u00ednica tant en ter\u00e0pia TCI individual com a grupal. Es faran sessions supervisades, es discutiran els continguts que el terapeuta novell necessiti per a la maduraci\u00f3 del seu estil terap\u00e8utic i es treballaran els casos que el terapeuta TCI presenti.<br \/>\nTant si ja est\u00e0s exercint com a terapeuta, com si no, \u00e9s un espai ric per seguir treballant-te i veient-te en l&#039;acompanyament des de la Ter\u00e0pia Corporal Integrativa. Aquest grup est\u00e0 obert als alumnes de 3r de la formaci\u00f3 de Ter\u00e0pia Corporal Integrativa com a part dels requisits pel que fa a hores de supervisi\u00f3 per a l&#039;obtenci\u00f3 del t\u00edtol de l&#039;escola, que d\u00f3na acc\u00e9s, a qui ho requereixi, a la titulaci\u00f3 de FEDINE (Federaci\u00f3 Polit\u00e8cnica Espanyola de Diplomats). <\/span><\/p>\n<p>Tamb\u00e9 s&#039;obrir\u00e0 l&#039;espai a sessions individuals de supervisi\u00f3 per a terapeutes TCI, que necessitin un acompanyament individualitzat del treball terap\u00e8utic. A c\u00e0rrec de Toni Aguilar i Ra\u00fal Andreu.<\/p>\n<p><b>Preu:<\/b> 80\u20ac\/mes<\/p>\n<p>Imprescindible inscripci\u00f3 pr\u00e8via.<\/p>\n<p><span style=\"font-weight: 400;\"> Imparteix:<b> Ra\u00fal Andreu\u00a0<\/b>\u00a0<\/span><\/p>\n<p><b>Dates:<\/b><\/p>\n<p><span style=\"font-weight: 400;\"> Un dilluns al mes de 16h a 20h <\/span><\/p>\n<p><span style=\"font-weight: 400;\"> 2 d&#039;octubre 2023<br \/>\n6 de novembre 2023<br \/>\n11 de desembre 21023<br \/>\n15 de gener 2024<br \/>\n19 de febrer 2024<br \/>\n11 de mar\u00e7 2024<br \/>\n22 d&#039;abril 2024<br \/>\n20 de maig 2024 <\/span><span style=\"font-weight: 400;\"><br \/>\n<\/span><\/p>\n<p><span style=\"font-weight: 400;\">\u00a0<\/span><span style=\"font-weight: 400;\"><b>M\u00e9s informaci\u00f3 i inscripcions<\/b>: 616 703 943 \u2013 (Ra\u00fal Andreu) <\/span><\/p>","protected":false},"excerpt":{"rendered":"<p>El grupo de Supervisi\u00f3n TCI, est\u00e1 dirigido a los alumnos y exalumnos de la formaci\u00f3n de Terapia Corporal Integrativa. Tiene como objetivo la adquisici\u00f3n de pr\u00e1ctica cl\u00ednica tanto en terapia [&hellip;]<\/p>\n","protected":false},"author":1,"featured_media":2737,"comment_status":"closed","ping_status":"closed","template":"","tags":[],"mec_category":[53],"mec_speaker":[102,136],"class_list":["post-2732","mec-events","type-mec-events","status-publish","has-post-thumbnail","hentry","mec_category-grupo-de-supervision"],"yoast_head":"<!-- This site is optimized with the Yoast SEO plugin v27.4 - https:\/\/yoast.com\/product\/yoast-seo-wordpress\/ -->\n<title>Grupo de Supervisi\u00f3n TCI Ibiza - Cercle de Consci\u00e8ncia<\/title>\n<meta name=\"robots\" content=\"index, follow, max-snippet:-1, max-image-preview:large, max-video-preview:-1\" \/>\n<link rel=\"canonical\" href=\"https:\/\/cercledeconsciencia.com\/ca\/activitats\/grup-de-supervisio-tci-eivissa\/\" \/>\n<meta property=\"og:locale\" content=\"ca_ES\" \/>\n<meta property=\"og:type\" content=\"article\" \/>\n<meta property=\"og:title\" content=\"Grupo de Supervisi\u00f3n TCI Ibiza - Cercle de Consci\u00e8ncia\" \/>\n<meta property=\"og:description\" content=\"El grupo de Supervisi\u00f3n TCI, est\u00e1 dirigido a los alumnos y exalumnos de la formaci\u00f3n de Terapia Corporal Integrativa. Tiene como objetivo la adquisici\u00f3n de pr\u00e1ctica cl\u00ednica tanto en terapia [&hellip;]\" \/>\n<meta property=\"og:url\" content=\"https:\/\/cercledeconsciencia.com\/ca\/activitats\/grup-de-supervisio-tci-eivissa\/\" \/>\n<meta property=\"og:site_name\" content=\"Cercle de Consci\u00e8ncia\" \/>\n<meta property=\"article:publisher\" content=\"https:\/\/www.facebook.com\/Cercledeconscienciabarcelona?_rdr\" \/>\n<meta property=\"article:modified_time\" content=\"2024-08-08T08:01:21+00:00\" \/>\n<meta property=\"og:image\" content=\"https:\/\/cercledeconsciencia.com\/wp-content\/uploads\/2024\/01\/ibiza.png\" \/>\n\t<meta property=\"og:image:width\" content=\"1000\" \/>\n\t<meta property=\"og:image:height\" content=\"623\" \/>\n\t<meta property=\"og:image:type\" content=\"image\/png\" \/>\n<meta name=\"twitter:card\" content=\"summary_large_image\" \/>\n<meta name=\"twitter:label1\" content=\"Temps estimat de lectura\" \/>\n\t<meta name=\"twitter:data1\" content=\"2 minuts\" \/>\n<script type=\"application\/ld+json\" class=\"yoast-schema-graph\">{\"@context\":\"https:\\\/\\\/schema.org\",\"@graph\":[{\"@type\":\"WebPage\",\"@id\":\"https:\\\/\\\/cercledeconsciencia.com\\\/es\\\/actividades\\\/grupo-de-supervision-tci-ibiza\\\/\",\"url\":\"https:\\\/\\\/cercledeconsciencia.com\\\/es\\\/actividades\\\/grupo-de-supervision-tci-ibiza\\\/\",\"name\":\"Grupo de Supervisi\u00f3n TCI Ibiza - Cercle de Consci\u00e8ncia\",\"isPartOf\":{\"@id\":\"https:\\\/\\\/cercledeconsciencia.com\\\/#website\"},\"primaryImageOfPage\":{\"@id\":\"https:\\\/\\\/cercledeconsciencia.com\\\/es\\\/actividades\\\/grupo-de-supervision-tci-ibiza\\\/#primaryimage\"},\"image\":{\"@id\":\"https:\\\/\\\/cercledeconsciencia.com\\\/es\\\/actividades\\\/grupo-de-supervision-tci-ibiza\\\/#primaryimage\"},\"thumbnailUrl\":\"https:\\\/\\\/cercledeconsciencia.com\\\/wp-content\\\/uploads\\\/2024\\\/01\\\/ibiza.png\",\"datePublished\":\"2024-01-26T01:59:06+00:00\",\"dateModified\":\"2024-08-08T08:01:21+00:00\",\"breadcrumb\":{\"@id\":\"https:\\\/\\\/cercledeconsciencia.com\\\/es\\\/actividades\\\/grupo-de-supervision-tci-ibiza\\\/#breadcrumb\"},\"inLanguage\":\"ca\",\"potentialAction\":[{\"@type\":\"ReadAction\",\"target\":[\"https:\\\/\\\/cercledeconsciencia.com\\\/es\\\/actividades\\\/grupo-de-supervision-tci-ibiza\\\/\"]}]},{\"@type\":\"ImageObject\",\"inLanguage\":\"ca\",\"@id\":\"https:\\\/\\\/cercledeconsciencia.com\\\/es\\\/actividades\\\/grupo-de-supervision-tci-ibiza\\\/#primaryimage\",\"url\":\"https:\\\/\\\/cercledeconsciencia.com\\\/wp-content\\\/uploads\\\/2024\\\/01\\\/ibiza.png\",\"contentUrl\":\"https:\\\/\\\/cercledeconsciencia.com\\\/wp-content\\\/uploads\\\/2024\\\/01\\\/ibiza.png\",\"width\":1000,\"height\":623},{\"@type\":\"BreadcrumbList\",\"@id\":\"https:\\\/\\\/cercledeconsciencia.com\\\/es\\\/actividades\\\/grupo-de-supervision-tci-ibiza\\\/#breadcrumb\",\"itemListElement\":[{\"@type\":\"ListItem\",\"position\":1,\"name\":\"Portada\",\"item\":\"https:\\\/\\\/cercledeconsciencia.com\\\/\"},{\"@type\":\"ListItem\",\"position\":2,\"name\":\"Eventos\",\"item\":\"https:\\\/\\\/cercledeconsciencia.com\\\/actividades\\\/\"},{\"@type\":\"ListItem\",\"position\":3,\"name\":\"Grupo de Supervisi\u00f3n TCI Ibiza\"}]},{\"@type\":\"WebSite\",\"@id\":\"https:\\\/\\\/cercledeconsciencia.com\\\/#website\",\"url\":\"https:\\\/\\\/cercledeconsciencia.com\\\/\",\"name\":\"Cercle de Consci\u00e8ncia\",\"description\":\"Centro de Formaci\u00f3n y Terapias\",\"publisher\":{\"@id\":\"https:\\\/\\\/cercledeconsciencia.com\\\/#organization\"},\"potentialAction\":[{\"@type\":\"SearchAction\",\"target\":{\"@type\":\"EntryPoint\",\"urlTemplate\":\"https:\\\/\\\/cercledeconsciencia.com\\\/?s={search_term_string}\"},\"query-input\":{\"@type\":\"PropertyValueSpecification\",\"valueRequired\":true,\"valueName\":\"search_term_string\"}}],\"inLanguage\":\"ca\"},{\"@type\":\"Organization\",\"@id\":\"https:\\\/\\\/cercledeconsciencia.com\\\/#organization\",\"name\":\"Cercle de Consci\u00e8ncia\",\"url\":\"https:\\\/\\\/cercledeconsciencia.com\\\/\",\"logo\":{\"@type\":\"ImageObject\",\"inLanguage\":\"ca\",\"@id\":\"https:\\\/\\\/cercledeconsciencia.com\\\/#\\\/schema\\\/logo\\\/image\\\/\",\"url\":\"https:\\\/\\\/cercledeconsciencia.com\\\/wp-content\\\/uploads\\\/2023\\\/07\\\/logo.png\",\"contentUrl\":\"https:\\\/\\\/cercledeconsciencia.com\\\/wp-content\\\/uploads\\\/2023\\\/07\\\/logo.png\",\"width\":239,\"height\":68,\"caption\":\"Cercle de Consci\u00e8ncia\"},\"image\":{\"@id\":\"https:\\\/\\\/cercledeconsciencia.com\\\/#\\\/schema\\\/logo\\\/image\\\/\"},\"sameAs\":[\"https:\\\/\\\/www.facebook.com\\\/Cercledeconscienciabarcelona?_rdr\",\"https:\\\/\\\/www.instagram.com\\\/cercledeconsciencia\\\/\",\"https:\\\/\\\/www.youtube.com\\\/c\\\/cercledeconsciencia\"]}]}<\/script>\n<!-- \/ Yoast SEO plugin. -->","yoast_head_json":{"title":"Grup de Supervisi\u00f3 TCI Eivissa - Cercle de Consci\u00e8ncia","robots":{"index":"index","follow":"follow","max-snippet":"max-snippet:-1","max-image-preview":"max-image-preview:large","max-video-preview":"max-video-preview:-1"},"canonical":"https:\/\/cercledeconsciencia.com\/ca\/activitats\/grup-de-supervisio-tci-eivissa\/","og_locale":"ca_ES","og_type":"article","og_title":"Grupo de Supervisi\u00f3n TCI Ibiza - Cercle de Consci\u00e8ncia","og_description":"El grupo de Supervisi\u00f3n TCI, est\u00e1 dirigido a los alumnos y exalumnos de la formaci\u00f3n de Terapia Corporal Integrativa. Tiene como objetivo la adquisici\u00f3n de pr\u00e1ctica cl\u00ednica tanto en terapia [&hellip;]","og_url":"https:\/\/cercledeconsciencia.com\/ca\/activitats\/grup-de-supervisio-tci-eivissa\/","og_site_name":"Cercle de Consci\u00e8ncia","article_publisher":"https:\/\/www.facebook.com\/Cercledeconscienciabarcelona?_rdr","article_modified_time":"2024-08-08T08:01:21+00:00","og_image":[{"width":1000,"height":623,"url":"https:\/\/cercledeconsciencia.com\/wp-content\/uploads\/2024\/01\/ibiza.png","type":"image\/png"}],"twitter_card":"summary_large_image","twitter_misc":{"Temps estimat de lectura":"2 minuts"},"schema":{"@context":"https:\/\/schema.org","@graph":[{"@type":"WebPage","@id":"https:\/\/cercledeconsciencia.com\/es\/actividades\/grupo-de-supervision-tci-ibiza\/","url":"https:\/\/cercledeconsciencia.com\/es\/actividades\/grupo-de-supervision-tci-ibiza\/","name":"Grup de Supervisi\u00f3 TCI Eivissa - Cercle de Consci\u00e8ncia","isPartOf":{"@id":"https:\/\/cercledeconsciencia.com\/#website"},"primaryImageOfPage":{"@id":"https:\/\/cercledeconsciencia.com\/es\/actividades\/grupo-de-supervision-tci-ibiza\/#primaryimage"},"image":{"@id":"https:\/\/cercledeconsciencia.com\/es\/actividades\/grupo-de-supervision-tci-ibiza\/#primaryimage"},"thumbnailUrl":"https:\/\/cercledeconsciencia.com\/wp-content\/uploads\/2024\/01\/ibiza.png","datePublished":"2024-01-26T01:59:06+00:00","dateModified":"2024-08-08T08:01:21+00:00","breadcrumb":{"@id":"https:\/\/cercledeconsciencia.com\/es\/actividades\/grupo-de-supervision-tci-ibiza\/#breadcrumb"},"inLanguage":"ca","potentialAction":[{"@type":"ReadAction","target":["https:\/\/cercledeconsciencia.com\/es\/actividades\/grupo-de-supervision-tci-ibiza\/"]}]},{"@type":"ImageObject","inLanguage":"ca","@id":"https:\/\/cercledeconsciencia.com\/es\/actividades\/grupo-de-supervision-tci-ibiza\/#primaryimage","url":"https:\/\/cercledeconsciencia.com\/wp-content\/uploads\/2024\/01\/ibiza.png","contentUrl":"https:\/\/cercledeconsciencia.com\/wp-content\/uploads\/2024\/01\/ibiza.png","width":1000,"height":623},{"@type":"BreadcrumbList","@id":"https:\/\/cercledeconsciencia.com\/es\/actividades\/grupo-de-supervision-tci-ibiza\/#breadcrumb","itemListElement":[{"@type":"ListItem","position":1,"name":"Portada","item":"https:\/\/cercledeconsciencia.com\/"},{"@type":"ListItem","position":2,"name":"Eventos","item":"https:\/\/cercledeconsciencia.com\/actividades\/"},{"@type":"ListItem","position":3,"name":"Grupo de Supervisi\u00f3n TCI Ibiza"}]},{"@type":"WebSite","@id":"https:\/\/cercledeconsciencia.com\/#website","url":"https:\/\/cercledeconsciencia.com\/","name":"Cercle de Consci\u00e8ncia","description":"Centre de Formaci\u00f3 i Ter\u00e0pies","publisher":{"@id":"https:\/\/cercledeconsciencia.com\/#organization"},"potentialAction":[{"@type":"SearchAction","target":{"@type":"EntryPoint","urlTemplate":"https:\/\/cercledeconsciencia.com\/?s={search_term_string}"},"query-input":{"@type":"PropertyValueSpecification","valueRequired":true,"valueName":"search_term_string"}}],"inLanguage":"ca"},{"@type":"Organization","@id":"https:\/\/cercledeconsciencia.com\/#organization","name":"Cercle de Consci\u00e8ncia","url":"https:\/\/cercledeconsciencia.com\/","logo":{"@type":"ImageObject","inLanguage":"ca","@id":"https:\/\/cercledeconsciencia.com\/#\/schema\/logo\/image\/","url":"https:\/\/cercledeconsciencia.com\/wp-content\/uploads\/2023\/07\/logo.png","contentUrl":"https:\/\/cercledeconsciencia.com\/wp-content\/uploads\/2023\/07\/logo.png","width":239,"height":68,"caption":"Cercle de Consci\u00e8ncia"},"image":{"@id":"https:\/\/cercledeconsciencia.com\/#\/schema\/logo\/image\/"},"sameAs":["https:\/\/www.facebook.com\/Cercledeconscienciabarcelona?_rdr","https:\/\/www.instagram.com\/cercledeconsciencia\/","https:\/\/www.youtube.com\/c\/cercledeconsciencia"]}]}},"_links":{"self":[{"href":"https:\/\/cercledeconsciencia.com\/ca\/wp-json\/wp\/v2\/mec-events\/2732","targetHints":{"allow":["GET"]}}],"collection":[{"href":"https:\/\/cercledeconsciencia.com\/ca\/wp-json\/wp\/v2\/mec-events"}],"about":[{"href":"https:\/\/cercledeconsciencia.com\/ca\/wp-json\/wp\/v2\/types\/mec-events"}],"author":[{"embeddable":true,"href":"https:\/\/cercledeconsciencia.com\/ca\/wp-json\/wp\/v2\/users\/1"}],"replies":[{"embeddable":true,"href":"https:\/\/cercledeconsciencia.com\/ca\/wp-json\/wp\/v2\/comments?post=2732"}],"wp:featuredmedia":[{"embeddable":true,"href":"https:\/\/cercledeconsciencia.com\/ca\/wp-json\/wp\/v2\/media\/2737"}],"wp:attachment":[{"href":"https:\/\/cercledeconsciencia.com\/ca\/wp-json\/wp\/v2\/media?parent=2732"}],"wp:term":[{"taxonomy":"post_tag","embeddable":true,"href":"https:\/\/cercledeconsciencia.com\/ca\/wp-json\/wp\/v2\/tags?post=2732"},{"taxonomy":"mec_category","embeddable":true,"href":"https:\/\/cercledeconsciencia.com\/ca\/wp-json\/wp\/v2\/mec_category?post=2732"},{"taxonomy":"mec_speaker","embeddable":true,"href":"https:\/\/cercledeconsciencia.com\/ca\/wp-json\/wp\/v2\/mec_speaker?post=2732"}],"curies":[{"name":"wp","href":"https:\/\/api.w.org\/{rel}","templated":true}]}}