{"id":2790,"date":"2024-02-01T22:43:29","date_gmt":"2024-02-01T22:43:29","guid":{"rendered":"https:\/\/cercledeconsciencia.com\/?post_type=mec-events&#038;p=2790"},"modified":"2025-10-29T09:34:27","modified_gmt":"2025-10-29T09:34:27","slug":"cicle-de-sexualitat-i-tci","status":"publish","type":"mec-events","link":"https:\/\/cercledeconsciencia.com\/ca\/actividades\/ciclo-de-sexualidad-y-tci\/","title":{"rendered":"Cicle de Sexualitat Eivissa"},"content":{"rendered":"<h6><strong>Un espai per tornar a tu, al teu cos ia la sensibilitat del teu \u00e9sser.<\/strong><\/h6>\n<p><strong>T&#039;has q\u00fcestionat mai la manera com experimentes la teva sexualitat?<\/strong><\/p>\n<p><strong>T&#039;agradaria explorar noves formes de contacte i recuperar la confian\u00e7a en els propis impulsos i instint?<\/strong><\/p>\n<p>A trav\u00e9s de tallers experiencials i un acompanyament professional, podr\u00e0s indagar en el teu propi proc\u00e9s, despertar el teu erotisme, aprofundir en la relaci\u00f3 amb el teu cos i obrir-te a l&#039;expressi\u00f3 aut\u00e8ntica del teu \u00e9sser.<\/p>\n<p>A trav\u00e9s de la Ter\u00e0pia Corporal Integrativa (TCI) i la trobada amb disciplines com la Bioenerg\u00e8tica, el Tantra, la respiraci\u00f3 conscient, la meditaci\u00f3 i el tacte conscient, et proposo un recorregut on, de mica en mica, podr\u00e0s:<\/p>\n<ul>\n<li>Escoltar i habitar el teu cos amb m\u00e9s pres\u00e8ncia.<\/li>\n<li>Apropar-te al teu erotisme de manera natural i sense exig\u00e8ncies.<\/li>\n<li>Recon\u00e8ixer els l\u00edmits i obrir-te a noves formes d&#039;intimitat.<\/li>\n<li>Compartir en grup, des de la diversitat, un espai segur i de confian\u00e7a.<\/li>\n<\/ul>\n<p>Aquest cicle no cerca teories, sin\u00f3 experi\u00e8ncies. Cada taller \u00e9s una oportunitat per explorar-te, sentir-te i reconnectar amb all\u00f2 que ets.<\/p>\n<p><strong>A qui va dirigit?<\/strong><\/p>\n<p>A persones que sentin explorar i aprofundir en la pr\u00f2pia sexualitat i relaci\u00f3 amb el cos sense importar orientaci\u00f3 sexual o identitat de g\u00e8nere. En un espai de contenci\u00f3 i seguretat.<\/p>\n<h4>CICLE DE 4 TALLERS<\/h4>\n<hr \/>\n<h4><strong>TALLER 1: Jo, el meu cos i els meus l\u00edmits.<\/strong><\/h4>\n<h6><span style=\"color: #ff0000;\">\u00a0<strong>1 i 2 NOVEMBRE<\/strong><\/span><\/h6>\n<p>Gaudir d&#039;una sexualitat sana i arrelada dep\u00e8n de la seguretat i la connexi\u00f3 que sentis en relaci\u00f3 amb el teu cos. La integraci\u00f3 dels l\u00edmits, l&#039;alliberament de les cuirassas i una actitud curiosa davant l&#039;exploraci\u00f3 del propi cos i la seva qualitat er\u00f2tica ens poden ajudar a descobrir nous camins per connectar amb la nostra sexualitat i en una consci\u00e8ncia dels nostres l\u00edmits i necessitats internes.<\/p>\n<hr \/>\n<h4><strong>LA DUALITAT DEL SER.<\/strong><\/h4>\n<h6><span style=\"color: #ff0000;\">\u00a0<strong>6 i 7 DESEMBRE<\/strong><\/span><\/h6>\n<p>Ens endinsarem en l&#039;exploraci\u00f3 de la dualitat femenina i masculina, yin\/Yang, Shiva\/Shakti que resideix al nostre interior.<br \/>\nCom ens fem servir amb aquestes dues energies? Com les nostres creences i els rols que prenem ens condicionen en la nostra sexualitat i vincles personals? Un espai a l&#039;expressi\u00f3 d&#039;aquestes dues qualitats, podent trobar un equilibri intern i un maneig sa i conscient.<\/p>\n<hr \/>\n<h4><strong>TACTE SAGRAT.<br \/>\n<\/strong><\/h4>\n<h6><strong><span style=\"color: #ff0000;\">\u00a07 i 8 FEBRER 2026<\/span><br \/>\n<\/strong><\/h6>\n<p>En aquest taller explorarem les habilitats humanes de donar i rebre a trav\u00e9s del massatge, contacte i la comunicaci\u00f3 connectada, integrant les nostres necessitats i anhels profunds per aprendre a comunicar-los de manera apropiada i connectada.<br \/>\nTreballant aix\u00ed el mereixement i la rendici\u00f3 en rebre i all\u00f2 que ens passa quan ens posem al servei de manera conscient a trav\u00e9s d&#039;un tacte connectat al cor<\/p>\n<hr \/>\n<h4><strong>DE L&#039;INSTINT AL COR.<br \/>\n<\/strong><\/h4>\n<h6><span style=\"color: #ff0000;\">\u00a0<strong>7 i 8 MAR\u00c7 2026<\/strong><\/span><\/h6>\n<p>Un espai per explorar la connexi\u00f3 entre la nostra part m\u00e9s instintiva i animal i la nostra dimensi\u00f3 m\u00e9s amorosa, compassiva i emocional. El cam\u00ed cap a una sexualitat conscient comen\u00e7a quan aquests dos centres dialoguen i integren, permetent obrir-nos a un pla m\u00e9s ampli i profund. En aquest taller, treballarem amb el cos i l&#039;experi\u00e8ncia directa per prendre consci\u00e8ncia de les llums i les ombres que habiten en la nostra sexualitat, en un entorn segur i d&#039;acompanyament.<\/p>\n<hr \/>\n<p>Es pot assistir a tallers individuals o participar-hi en tots.<\/p>\n<p><strong>IMPARTEIX: RAUL ANDREU CHAUSSINAND<\/strong>. Analista Bioenerg\u00e8tic (CBT). Terapeuta Corporal Integratiu. Format en tantra i sexualitat taoista. Estudis en constel\u00b7lacions familiars. Graduat en medicina tradicional xinesa. Format en craneosacral i somatoemocional. Estudis del m\u00e8tode pathwork. Format en el m\u00e8tode 4 cicles (sanaci\u00f3 integrativa, corporal i espiritual). Estudis en sinterg\u00e8tica del Dr. Jorge Carvajal.<\/p>\n<p>\ud83d\udccd Lloc: Sant Josep, a Cercle de Consci\u00e8ncia Eivissa.<\/p>\n<p>\ud83d\udcf2 Inscripcions i m\u00e9s informaci\u00f3 (Ra\u00fal Andreu): WhatsApp 616 703 943 | raul@senda-corporal.com<\/p>\n<p>\u26a0\ufe0f Places limitades. Inscripci\u00f3 pr\u00e8via necess\u00e0ria.<\/p>\n<p>\u26a0\ufe0f Abans de participar als tallers, es dur\u00e0 a terme una entrevista pr\u00e8via. Per participar a un taller es requereix un pagament previ de reserva de 50\u20ac i el preu per taller \u00e9s de 130\u20ac.<\/p>\n<p>\ud83d\udd58 Horaris dels tallers:<\/p>\n<ul>\n<li>Dissabte: 10h a 14h i 16h a 20h<\/li>\n<li>Diumenge: 10h a 14h<\/li>\n<\/ul>","protected":false},"excerpt":{"rendered":"<p>Un espacio para volver a ti, a tu cuerpo y a la sensibilidad de tu ser. \u00bfTe has cuestionado alguna vez la manera en la que experimentas tu sexualidad? \u00bfTe [&hellip;]<\/p>\n","protected":false},"author":1,"featured_media":5437,"comment_status":"closed","ping_status":"closed","template":"","tags":[],"mec_category":[49,71,75,57],"mec_speaker":[102],"class_list":["post-2790","mec-events","type-mec-events","status-publish","has-post-thumbnail","hentry","mec_category-ciclos","mec_category-cuerpo","mec_category-sexualidad-placer","mec_category-taller-regular"],"yoast_head":"<!-- This site is optimized with the Yoast SEO plugin v27.4 - https:\/\/yoast.com\/product\/yoast-seo-wordpress\/ -->\n<title>Ciclo de Sexualidad Ibiza - Cercle de Consci\u00e8ncia<\/title>\n<meta name=\"robots\" content=\"index, follow, max-snippet:-1, max-image-preview:large, max-video-preview:-1\" \/>\n<link rel=\"canonical\" href=\"https:\/\/cercledeconsciencia.com\/ca\/activitats\/cicle-de-sexualitat-i-tci\/\" \/>\n<meta property=\"og:locale\" content=\"ca_ES\" \/>\n<meta property=\"og:type\" content=\"article\" \/>\n<meta property=\"og:title\" content=\"Ciclo de Sexualidad Ibiza - Cercle de Consci\u00e8ncia\" \/>\n<meta property=\"og:description\" content=\"Un espacio para volver a ti, a tu cuerpo y a la sensibilidad de tu ser. \u00bfTe has cuestionado alguna vez la manera en la que experimentas tu sexualidad? \u00bfTe [&hellip;]\" \/>\n<meta property=\"og:url\" content=\"https:\/\/cercledeconsciencia.com\/ca\/activitats\/cicle-de-sexualitat-i-tci\/\" \/>\n<meta property=\"og:site_name\" content=\"Cercle de Consci\u00e8ncia\" \/>\n<meta property=\"article:publisher\" content=\"https:\/\/www.facebook.com\/Cercledeconscienciabarcelona?_rdr\" \/>\n<meta property=\"article:modified_time\" content=\"2025-10-29T09:34:27+00:00\" \/>\n<meta property=\"og:image\" content=\"https:\/\/cercledeconsciencia.com\/wp-content\/uploads\/2024\/02\/pexels-rodolfo-clix-922437.jpg\" \/>\n\t<meta property=\"og:image:width\" content=\"2000\" \/>\n\t<meta property=\"og:image:height\" content=\"1333\" \/>\n\t<meta property=\"og:image:type\" content=\"image\/jpeg\" \/>\n<meta name=\"twitter:card\" content=\"summary_large_image\" \/>\n<meta name=\"twitter:label1\" content=\"Temps estimat de lectura\" \/>\n\t<meta name=\"twitter:data1\" content=\"4 minuts\" \/>\n<script type=\"application\/ld+json\" class=\"yoast-schema-graph\">{\"@context\":\"https:\\\/\\\/schema.org\",\"@graph\":[{\"@type\":\"WebPage\",\"@id\":\"https:\\\/\\\/cercledeconsciencia.com\\\/actividades\\\/ciclo-de-sexualidad-y-tci\\\/\",\"url\":\"https:\\\/\\\/cercledeconsciencia.com\\\/actividades\\\/ciclo-de-sexualidad-y-tci\\\/\",\"name\":\"Ciclo de Sexualidad Ibiza - Cercle de Consci\u00e8ncia\",\"isPartOf\":{\"@id\":\"https:\\\/\\\/cercledeconsciencia.com\\\/#website\"},\"primaryImageOfPage\":{\"@id\":\"https:\\\/\\\/cercledeconsciencia.com\\\/actividades\\\/ciclo-de-sexualidad-y-tci\\\/#primaryimage\"},\"image\":{\"@id\":\"https:\\\/\\\/cercledeconsciencia.com\\\/actividades\\\/ciclo-de-sexualidad-y-tci\\\/#primaryimage\"},\"thumbnailUrl\":\"https:\\\/\\\/cercledeconsciencia.com\\\/wp-content\\\/uploads\\\/2024\\\/02\\\/pexels-rodolfo-clix-922437.jpg\",\"datePublished\":\"2024-02-01T22:43:29+00:00\",\"dateModified\":\"2025-10-29T09:34:27+00:00\",\"breadcrumb\":{\"@id\":\"https:\\\/\\\/cercledeconsciencia.com\\\/actividades\\\/ciclo-de-sexualidad-y-tci\\\/#breadcrumb\"},\"inLanguage\":\"ca\",\"potentialAction\":[{\"@type\":\"ReadAction\",\"target\":[\"https:\\\/\\\/cercledeconsciencia.com\\\/actividades\\\/ciclo-de-sexualidad-y-tci\\\/\"]}]},{\"@type\":\"ImageObject\",\"inLanguage\":\"ca\",\"@id\":\"https:\\\/\\\/cercledeconsciencia.com\\\/actividades\\\/ciclo-de-sexualidad-y-tci\\\/#primaryimage\",\"url\":\"https:\\\/\\\/cercledeconsciencia.com\\\/wp-content\\\/uploads\\\/2024\\\/02\\\/pexels-rodolfo-clix-922437.jpg\",\"contentUrl\":\"https:\\\/\\\/cercledeconsciencia.com\\\/wp-content\\\/uploads\\\/2024\\\/02\\\/pexels-rodolfo-clix-922437.jpg\",\"width\":2000,\"height\":1333},{\"@type\":\"BreadcrumbList\",\"@id\":\"https:\\\/\\\/cercledeconsciencia.com\\\/actividades\\\/ciclo-de-sexualidad-y-tci\\\/#breadcrumb\",\"itemListElement\":[{\"@type\":\"ListItem\",\"position\":1,\"name\":\"Portada\",\"item\":\"https:\\\/\\\/cercledeconsciencia.com\\\/\"},{\"@type\":\"ListItem\",\"position\":2,\"name\":\"Eventos\",\"item\":\"https:\\\/\\\/cercledeconsciencia.com\\\/actividades\\\/\"},{\"@type\":\"ListItem\",\"position\":3,\"name\":\"Ciclo de Sexualidad Ibiza\"}]},{\"@type\":\"WebSite\",\"@id\":\"https:\\\/\\\/cercledeconsciencia.com\\\/#website\",\"url\":\"https:\\\/\\\/cercledeconsciencia.com\\\/\",\"name\":\"Cercle de Consci\u00e8ncia\",\"description\":\"Centro de Formaci\u00f3n y Terapias\",\"publisher\":{\"@id\":\"https:\\\/\\\/cercledeconsciencia.com\\\/#organization\"},\"potentialAction\":[{\"@type\":\"SearchAction\",\"target\":{\"@type\":\"EntryPoint\",\"urlTemplate\":\"https:\\\/\\\/cercledeconsciencia.com\\\/?s={search_term_string}\"},\"query-input\":{\"@type\":\"PropertyValueSpecification\",\"valueRequired\":true,\"valueName\":\"search_term_string\"}}],\"inLanguage\":\"ca\"},{\"@type\":\"Organization\",\"@id\":\"https:\\\/\\\/cercledeconsciencia.com\\\/#organization\",\"name\":\"Cercle de Consci\u00e8ncia\",\"url\":\"https:\\\/\\\/cercledeconsciencia.com\\\/\",\"logo\":{\"@type\":\"ImageObject\",\"inLanguage\":\"ca\",\"@id\":\"https:\\\/\\\/cercledeconsciencia.com\\\/#\\\/schema\\\/logo\\\/image\\\/\",\"url\":\"https:\\\/\\\/cercledeconsciencia.com\\\/wp-content\\\/uploads\\\/2023\\\/07\\\/logo.png\",\"contentUrl\":\"https:\\\/\\\/cercledeconsciencia.com\\\/wp-content\\\/uploads\\\/2023\\\/07\\\/logo.png\",\"width\":239,\"height\":68,\"caption\":\"Cercle de Consci\u00e8ncia\"},\"image\":{\"@id\":\"https:\\\/\\\/cercledeconsciencia.com\\\/#\\\/schema\\\/logo\\\/image\\\/\"},\"sameAs\":[\"https:\\\/\\\/www.facebook.com\\\/Cercledeconscienciabarcelona?_rdr\",\"https:\\\/\\\/www.instagram.com\\\/cercledeconsciencia\\\/\",\"https:\\\/\\\/www.youtube.com\\\/c\\\/cercledeconsciencia\"]}]}<\/script>\n<!-- \/ Yoast SEO plugin. -->","yoast_head_json":{"title":"Cicle de Sexualitat Eivissa - Cercle de Consci\u00e8ncia","robots":{"index":"index","follow":"follow","max-snippet":"max-snippet:-1","max-image-preview":"max-image-preview:large","max-video-preview":"max-video-preview:-1"},"canonical":"https:\/\/cercledeconsciencia.com\/ca\/activitats\/cicle-de-sexualitat-i-tci\/","og_locale":"ca_ES","og_type":"article","og_title":"Ciclo de Sexualidad Ibiza - Cercle de Consci\u00e8ncia","og_description":"Un espacio para volver a ti, a tu cuerpo y a la sensibilidad de tu ser. \u00bfTe has cuestionado alguna vez la manera en la que experimentas tu sexualidad? \u00bfTe [&hellip;]","og_url":"https:\/\/cercledeconsciencia.com\/ca\/activitats\/cicle-de-sexualitat-i-tci\/","og_site_name":"Cercle de Consci\u00e8ncia","article_publisher":"https:\/\/www.facebook.com\/Cercledeconscienciabarcelona?_rdr","article_modified_time":"2025-10-29T09:34:27+00:00","og_image":[{"width":2000,"height":1333,"url":"https:\/\/cercledeconsciencia.com\/wp-content\/uploads\/2024\/02\/pexels-rodolfo-clix-922437.jpg","type":"image\/jpeg"}],"twitter_card":"summary_large_image","twitter_misc":{"Temps estimat de lectura":"4 minuts"},"schema":{"@context":"https:\/\/schema.org","@graph":[{"@type":"WebPage","@id":"https:\/\/cercledeconsciencia.com\/actividades\/ciclo-de-sexualidad-y-tci\/","url":"https:\/\/cercledeconsciencia.com\/actividades\/ciclo-de-sexualidad-y-tci\/","name":"Cicle de Sexualitat Eivissa - Cercle de Consci\u00e8ncia","isPartOf":{"@id":"https:\/\/cercledeconsciencia.com\/#website"},"primaryImageOfPage":{"@id":"https:\/\/cercledeconsciencia.com\/actividades\/ciclo-de-sexualidad-y-tci\/#primaryimage"},"image":{"@id":"https:\/\/cercledeconsciencia.com\/actividades\/ciclo-de-sexualidad-y-tci\/#primaryimage"},"thumbnailUrl":"https:\/\/cercledeconsciencia.com\/wp-content\/uploads\/2024\/02\/pexels-rodolfo-clix-922437.jpg","datePublished":"2024-02-01T22:43:29+00:00","dateModified":"2025-10-29T09:34:27+00:00","breadcrumb":{"@id":"https:\/\/cercledeconsciencia.com\/actividades\/ciclo-de-sexualidad-y-tci\/#breadcrumb"},"inLanguage":"ca","potentialAction":[{"@type":"ReadAction","target":["https:\/\/cercledeconsciencia.com\/actividades\/ciclo-de-sexualidad-y-tci\/"]}]},{"@type":"ImageObject","inLanguage":"ca","@id":"https:\/\/cercledeconsciencia.com\/actividades\/ciclo-de-sexualidad-y-tci\/#primaryimage","url":"https:\/\/cercledeconsciencia.com\/wp-content\/uploads\/2024\/02\/pexels-rodolfo-clix-922437.jpg","contentUrl":"https:\/\/cercledeconsciencia.com\/wp-content\/uploads\/2024\/02\/pexels-rodolfo-clix-922437.jpg","width":2000,"height":1333},{"@type":"BreadcrumbList","@id":"https:\/\/cercledeconsciencia.com\/actividades\/ciclo-de-sexualidad-y-tci\/#breadcrumb","itemListElement":[{"@type":"ListItem","position":1,"name":"Portada","item":"https:\/\/cercledeconsciencia.com\/"},{"@type":"ListItem","position":2,"name":"Eventos","item":"https:\/\/cercledeconsciencia.com\/actividades\/"},{"@type":"ListItem","position":3,"name":"Ciclo de Sexualidad Ibiza"}]},{"@type":"WebSite","@id":"https:\/\/cercledeconsciencia.com\/#website","url":"https:\/\/cercledeconsciencia.com\/","name":"Cercle de Consci\u00e8ncia","description":"Centre de Formaci\u00f3 i Ter\u00e0pies","publisher":{"@id":"https:\/\/cercledeconsciencia.com\/#organization"},"potentialAction":[{"@type":"SearchAction","target":{"@type":"EntryPoint","urlTemplate":"https:\/\/cercledeconsciencia.com\/?s={search_term_string}"},"query-input":{"@type":"PropertyValueSpecification","valueRequired":true,"valueName":"search_term_string"}}],"inLanguage":"ca"},{"@type":"Organization","@id":"https:\/\/cercledeconsciencia.com\/#organization","name":"Cercle de Consci\u00e8ncia","url":"https:\/\/cercledeconsciencia.com\/","logo":{"@type":"ImageObject","inLanguage":"ca","@id":"https:\/\/cercledeconsciencia.com\/#\/schema\/logo\/image\/","url":"https:\/\/cercledeconsciencia.com\/wp-content\/uploads\/2023\/07\/logo.png","contentUrl":"https:\/\/cercledeconsciencia.com\/wp-content\/uploads\/2023\/07\/logo.png","width":239,"height":68,"caption":"Cercle de Consci\u00e8ncia"},"image":{"@id":"https:\/\/cercledeconsciencia.com\/#\/schema\/logo\/image\/"},"sameAs":["https:\/\/www.facebook.com\/Cercledeconscienciabarcelona?_rdr","https:\/\/www.instagram.com\/cercledeconsciencia\/","https:\/\/www.youtube.com\/c\/cercledeconsciencia"]}]}},"_links":{"self":[{"href":"https:\/\/cercledeconsciencia.com\/ca\/wp-json\/wp\/v2\/mec-events\/2790","targetHints":{"allow":["GET"]}}],"collection":[{"href":"https:\/\/cercledeconsciencia.com\/ca\/wp-json\/wp\/v2\/mec-events"}],"about":[{"href":"https:\/\/cercledeconsciencia.com\/ca\/wp-json\/wp\/v2\/types\/mec-events"}],"author":[{"embeddable":true,"href":"https:\/\/cercledeconsciencia.com\/ca\/wp-json\/wp\/v2\/users\/1"}],"replies":[{"embeddable":true,"href":"https:\/\/cercledeconsciencia.com\/ca\/wp-json\/wp\/v2\/comments?post=2790"}],"wp:featuredmedia":[{"embeddable":true,"href":"https:\/\/cercledeconsciencia.com\/ca\/wp-json\/wp\/v2\/media\/5437"}],"wp:attachment":[{"href":"https:\/\/cercledeconsciencia.com\/ca\/wp-json\/wp\/v2\/media?parent=2790"}],"wp:term":[{"taxonomy":"post_tag","embeddable":true,"href":"https:\/\/cercledeconsciencia.com\/ca\/wp-json\/wp\/v2\/tags?post=2790"},{"taxonomy":"mec_category","embeddable":true,"href":"https:\/\/cercledeconsciencia.com\/ca\/wp-json\/wp\/v2\/mec_category?post=2790"},{"taxonomy":"mec_speaker","embeddable":true,"href":"https:\/\/cercledeconsciencia.com\/ca\/wp-json\/wp\/v2\/mec_speaker?post=2790"}],"curies":[{"name":"wp","href":"https:\/\/api.w.org\/{rel}","templated":true}]}}