{"id":2792,"date":"2024-02-01T23:11:53","date_gmt":"2024-02-01T23:11:53","guid":{"rendered":"https:\/\/cercledeconsciencia.com\/?post_type=mec-events&#038;p=2792"},"modified":"2025-10-13T08:35:29","modified_gmt":"2025-10-13T08:35:29","slug":"punoterapia","status":"publish","type":"mec-events","link":"https:\/\/cercledeconsciencia.com\/ca\/actividades\/punoterapia\/","title":{"rendered":"Punyter\u00e0pia"},"content":{"rendered":"<p>&nbsp;<\/p>\n<table>\n<tbody>\n<tr>\n<td><\/td>\n<\/tr>\n<\/tbody>\n<\/table>\n<table>\n<tbody>\n<tr>\n<td>\n<p style=\"text-align: left;\"><strong>Puny ter\u00e0pia \u00e9s per a tu\u2026<\/strong><\/p>\n<p style=\"text-align: left;\">\u2022 Si no hi poses l\u00edmits o hi poses massa.<br \/>\n\u2022 Si no dius el que penses\/sents.<br \/>\n\u2022 Si ho dius des de la r\u00e0bia o la necessitat d&#039;aprovaci\u00f3 dels altres.<br \/>\n\u2022 Si necessites alliberar la teva por, la teva culpa i la teva vergonya.<br \/>\n\u2022 Si vols aprendre a expressar amb la veu i el cos les teves necessitats i emocions.<\/p>\n<p style=\"text-align: left;\">Et proposem un grup per a\u2026<br \/>\n\u2022 Explorar l&#039;expressi\u00f3 de la for\u00e7a interna.<br \/>\n\u2022 Con\u00e9ixer els efectes beneficiosos de l&#039;agressivitat conscient.<br \/>\n\u2022 Aprendre com posar l\u00edmits.<\/p>\n<p style=\"text-align: left;\">\u2022 A poder dir \u201cno\u201d<\/p>\n<p style=\"text-align: left;\"><strong>Vols saber quin \u00e9s un dels secrets per viure plenament?<\/strong><br \/>\nAcceptar l&#039;agressi\u00f3 com una part natural de la nostra experi\u00e8ncia, sense por ni judici, ja que ens torna la vitalitat, l&#039;instint sexual i de joc i ens empodera.<\/p>\n<p style=\"text-align: left;\">Vine a transformar la relaci\u00f3 amb la teva energia agressiva!<\/p>\n<\/td>\n<\/tr>\n<\/tbody>\n<\/table>\n<h5>Un dimarts mensual de 18:00 a 21:00 h<\/h5>\n<p><strong>Taller: 1 presencial\/mes + 1 on-line\/mes <\/strong><br \/>\n\ud83d\udcc5 Dates disponibles: <strong>Dimarts<\/strong> 18:00 a 21:00 h<br \/>\n<strong>Lloc:<\/strong> Espai TCI \u2013 C\/ Pau Alsina, 35<\/p>\n<p>CALENDARI:<\/p>\n<p><strong>2025<\/strong>: Octubre: 28 | Novembre: 25 | Desembre: 16<\/p>\n<p><strong>2026: <\/strong>Gener: 27 | Febrer: 24 | Mar\u00e7: 24 | Abril: 28 | Maig: 26 | Juny: 19-20 (residencial)<\/p>\n<p><strong>Imparteixen:<br \/>\n<\/strong><strong>Lara Terradas<\/strong>. Psic\u00f2loga col\u00b7legiada 15613. Ter\u00e0pia Gestalt i Infanto-juvenil. Terapeuta Corporal Integrativa. Prevenci\u00f3 de neurosi infantil amb Ev\u00e2nia Reichert. SAT amb Claudio Naranjo.<\/p>\n<p><strong>Roberto Laurieri.<\/strong> Terapeuta psicocorporal amb experi\u00e8ncia en psicosom\u00e0tica, desbloqueig i lectura corporal. Terapeuta de la veu creador del m\u00e8tode \u201cConsci\u00e8ncia de la Veu\u201d. Arts marcials, ioga.<\/p>\n<p>\ud83d\udc49 <strong>M\u00e9s informaci\u00f3 i inscripcions: <\/strong>Roberto \u2013 627 551 042 o\u00a0<strong><a href=\"\/ca\/infopunoterapia@gmail.com\/\">infopunoterapia@gmail.com<\/a><\/strong><strong><br \/>\n<\/strong><\/p>\n<p>*Imprescindible inscripci\u00f3 pr\u00e8via.<\/p>","protected":false},"excerpt":{"rendered":"<p>&nbsp; Pu\u00f1o terapia es para ti\u2026 \u2022 Si no pones l\u00edmites o pones demasiados. \u2022 Si no dices lo que piensas\/sientes. \u2022 Si lo dices desde la rabia o la [&hellip;]<\/p>\n","protected":false},"author":1,"featured_media":5346,"comment_status":"closed","ping_status":"closed","template":"","tags":[],"mec_category":[77,71,57],"mec_speaker":[121,138],"class_list":["post-2792","mec-events","type-mec-events","status-publish","has-post-thumbnail","hentry","mec_category-crecimiento-personal","mec_category-cuerpo","mec_category-taller-regular"],"yoast_head":"<!-- This site is optimized with the Yoast SEO plugin v27.4 - https:\/\/yoast.com\/product\/yoast-seo-wordpress\/ -->\n<title>Pu\u00f1oterapia - Cercle de Consci\u00e8ncia<\/title>\n<meta name=\"robots\" content=\"index, follow, max-snippet:-1, max-image-preview:large, max-video-preview:-1\" \/>\n<link rel=\"canonical\" href=\"https:\/\/cercledeconsciencia.com\/ca\/activitats\/punoterapia\/\" \/>\n<meta property=\"og:locale\" content=\"ca_ES\" \/>\n<meta property=\"og:type\" content=\"article\" \/>\n<meta property=\"og:title\" content=\"Pu\u00f1oterapia - Cercle de Consci\u00e8ncia\" \/>\n<meta property=\"og:description\" content=\"&nbsp; Pu\u00f1o terapia es para ti\u2026 \u2022 Si no pones l\u00edmites o pones demasiados. \u2022 Si no dices lo que piensas\/sientes. \u2022 Si lo dices desde la rabia o la [&hellip;]\" \/>\n<meta property=\"og:url\" content=\"https:\/\/cercledeconsciencia.com\/ca\/activitats\/punoterapia\/\" \/>\n<meta property=\"og:site_name\" content=\"Cercle de Consci\u00e8ncia\" \/>\n<meta property=\"article:publisher\" content=\"https:\/\/www.facebook.com\/Cercledeconscienciabarcelona?_rdr\" \/>\n<meta property=\"article:modified_time\" content=\"2025-10-13T08:35:29+00:00\" \/>\n<meta property=\"og:image\" content=\"https:\/\/cercledeconsciencia.com\/wp-content\/uploads\/2024\/02\/Captura-de-pantalla-2025-05-29-a-las-14.38.03.png\" \/>\n\t<meta property=\"og:image:width\" content=\"724\" \/>\n\t<meta property=\"og:image:height\" content=\"647\" \/>\n\t<meta property=\"og:image:type\" content=\"image\/png\" \/>\n<meta name=\"twitter:card\" content=\"summary_large_image\" \/>\n<meta name=\"twitter:label1\" content=\"Temps estimat de lectura\" \/>\n\t<meta name=\"twitter:data1\" content=\"2 minuts\" \/>\n<script type=\"application\/ld+json\" class=\"yoast-schema-graph\">{\"@context\":\"https:\\\/\\\/schema.org\",\"@graph\":[{\"@type\":\"WebPage\",\"@id\":\"https:\\\/\\\/cercledeconsciencia.com\\\/actividades\\\/punoterapia\\\/\",\"url\":\"https:\\\/\\\/cercledeconsciencia.com\\\/actividades\\\/punoterapia\\\/\",\"name\":\"Pu\u00f1oterapia - Cercle de Consci\u00e8ncia\",\"isPartOf\":{\"@id\":\"https:\\\/\\\/cercledeconsciencia.com\\\/#website\"},\"primaryImageOfPage\":{\"@id\":\"https:\\\/\\\/cercledeconsciencia.com\\\/actividades\\\/punoterapia\\\/#primaryimage\"},\"image\":{\"@id\":\"https:\\\/\\\/cercledeconsciencia.com\\\/actividades\\\/punoterapia\\\/#primaryimage\"},\"thumbnailUrl\":\"https:\\\/\\\/cercledeconsciencia.com\\\/wp-content\\\/uploads\\\/2024\\\/02\\\/Captura-de-pantalla-2025-05-29-a-las-14.38.03.png\",\"datePublished\":\"2024-02-01T23:11:53+00:00\",\"dateModified\":\"2025-10-13T08:35:29+00:00\",\"breadcrumb\":{\"@id\":\"https:\\\/\\\/cercledeconsciencia.com\\\/actividades\\\/punoterapia\\\/#breadcrumb\"},\"inLanguage\":\"ca\",\"potentialAction\":[{\"@type\":\"ReadAction\",\"target\":[\"https:\\\/\\\/cercledeconsciencia.com\\\/actividades\\\/punoterapia\\\/\"]}]},{\"@type\":\"ImageObject\",\"inLanguage\":\"ca\",\"@id\":\"https:\\\/\\\/cercledeconsciencia.com\\\/actividades\\\/punoterapia\\\/#primaryimage\",\"url\":\"https:\\\/\\\/cercledeconsciencia.com\\\/wp-content\\\/uploads\\\/2024\\\/02\\\/Captura-de-pantalla-2025-05-29-a-las-14.38.03.png\",\"contentUrl\":\"https:\\\/\\\/cercledeconsciencia.com\\\/wp-content\\\/uploads\\\/2024\\\/02\\\/Captura-de-pantalla-2025-05-29-a-las-14.38.03.png\",\"width\":724,\"height\":647},{\"@type\":\"BreadcrumbList\",\"@id\":\"https:\\\/\\\/cercledeconsciencia.com\\\/actividades\\\/punoterapia\\\/#breadcrumb\",\"itemListElement\":[{\"@type\":\"ListItem\",\"position\":1,\"name\":\"Portada\",\"item\":\"https:\\\/\\\/cercledeconsciencia.com\\\/\"},{\"@type\":\"ListItem\",\"position\":2,\"name\":\"Eventos\",\"item\":\"https:\\\/\\\/cercledeconsciencia.com\\\/actividades\\\/\"},{\"@type\":\"ListItem\",\"position\":3,\"name\":\"Pu\u00f1oterapia\"}]},{\"@type\":\"WebSite\",\"@id\":\"https:\\\/\\\/cercledeconsciencia.com\\\/#website\",\"url\":\"https:\\\/\\\/cercledeconsciencia.com\\\/\",\"name\":\"Cercle de Consci\u00e8ncia\",\"description\":\"Centro de Formaci\u00f3n y Terapias\",\"publisher\":{\"@id\":\"https:\\\/\\\/cercledeconsciencia.com\\\/#organization\"},\"potentialAction\":[{\"@type\":\"SearchAction\",\"target\":{\"@type\":\"EntryPoint\",\"urlTemplate\":\"https:\\\/\\\/cercledeconsciencia.com\\\/?s={search_term_string}\"},\"query-input\":{\"@type\":\"PropertyValueSpecification\",\"valueRequired\":true,\"valueName\":\"search_term_string\"}}],\"inLanguage\":\"ca\"},{\"@type\":\"Organization\",\"@id\":\"https:\\\/\\\/cercledeconsciencia.com\\\/#organization\",\"name\":\"Cercle de Consci\u00e8ncia\",\"url\":\"https:\\\/\\\/cercledeconsciencia.com\\\/\",\"logo\":{\"@type\":\"ImageObject\",\"inLanguage\":\"ca\",\"@id\":\"https:\\\/\\\/cercledeconsciencia.com\\\/#\\\/schema\\\/logo\\\/image\\\/\",\"url\":\"https:\\\/\\\/cercledeconsciencia.com\\\/wp-content\\\/uploads\\\/2023\\\/07\\\/logo.png\",\"contentUrl\":\"https:\\\/\\\/cercledeconsciencia.com\\\/wp-content\\\/uploads\\\/2023\\\/07\\\/logo.png\",\"width\":239,\"height\":68,\"caption\":\"Cercle de Consci\u00e8ncia\"},\"image\":{\"@id\":\"https:\\\/\\\/cercledeconsciencia.com\\\/#\\\/schema\\\/logo\\\/image\\\/\"},\"sameAs\":[\"https:\\\/\\\/www.facebook.com\\\/Cercledeconscienciabarcelona?_rdr\",\"https:\\\/\\\/www.instagram.com\\\/cercledeconsciencia\\\/\",\"https:\\\/\\\/www.youtube.com\\\/c\\\/cercledeconsciencia\"]}]}<\/script>\n<!-- \/ Yoast SEO plugin. -->","yoast_head_json":{"title":"Punyter\u00e0pia - Cercle de Consci\u00e8ncia","robots":{"index":"index","follow":"follow","max-snippet":"max-snippet:-1","max-image-preview":"max-image-preview:large","max-video-preview":"max-video-preview:-1"},"canonical":"https:\/\/cercledeconsciencia.com\/ca\/activitats\/punoterapia\/","og_locale":"ca_ES","og_type":"article","og_title":"Pu\u00f1oterapia - Cercle de Consci\u00e8ncia","og_description":"&nbsp; Pu\u00f1o terapia es para ti\u2026 \u2022 Si no pones l\u00edmites o pones demasiados. \u2022 Si no dices lo que piensas\/sientes. \u2022 Si lo dices desde la rabia o la [&hellip;]","og_url":"https:\/\/cercledeconsciencia.com\/ca\/activitats\/punoterapia\/","og_site_name":"Cercle de Consci\u00e8ncia","article_publisher":"https:\/\/www.facebook.com\/Cercledeconscienciabarcelona?_rdr","article_modified_time":"2025-10-13T08:35:29+00:00","og_image":[{"width":724,"height":647,"url":"https:\/\/cercledeconsciencia.com\/wp-content\/uploads\/2024\/02\/Captura-de-pantalla-2025-05-29-a-las-14.38.03.png","type":"image\/png"}],"twitter_card":"summary_large_image","twitter_misc":{"Temps estimat de lectura":"2 minuts"},"schema":{"@context":"https:\/\/schema.org","@graph":[{"@type":"WebPage","@id":"https:\/\/cercledeconsciencia.com\/actividades\/punoterapia\/","url":"https:\/\/cercledeconsciencia.com\/actividades\/punoterapia\/","name":"Punyter\u00e0pia - Cercle de Consci\u00e8ncia","isPartOf":{"@id":"https:\/\/cercledeconsciencia.com\/#website"},"primaryImageOfPage":{"@id":"https:\/\/cercledeconsciencia.com\/actividades\/punoterapia\/#primaryimage"},"image":{"@id":"https:\/\/cercledeconsciencia.com\/actividades\/punoterapia\/#primaryimage"},"thumbnailUrl":"https:\/\/cercledeconsciencia.com\/wp-content\/uploads\/2024\/02\/Captura-de-pantalla-2025-05-29-a-las-14.38.03.png","datePublished":"2024-02-01T23:11:53+00:00","dateModified":"2025-10-13T08:35:29+00:00","breadcrumb":{"@id":"https:\/\/cercledeconsciencia.com\/actividades\/punoterapia\/#breadcrumb"},"inLanguage":"ca","potentialAction":[{"@type":"ReadAction","target":["https:\/\/cercledeconsciencia.com\/actividades\/punoterapia\/"]}]},{"@type":"ImageObject","inLanguage":"ca","@id":"https:\/\/cercledeconsciencia.com\/actividades\/punoterapia\/#primaryimage","url":"https:\/\/cercledeconsciencia.com\/wp-content\/uploads\/2024\/02\/Captura-de-pantalla-2025-05-29-a-las-14.38.03.png","contentUrl":"https:\/\/cercledeconsciencia.com\/wp-content\/uploads\/2024\/02\/Captura-de-pantalla-2025-05-29-a-las-14.38.03.png","width":724,"height":647},{"@type":"BreadcrumbList","@id":"https:\/\/cercledeconsciencia.com\/actividades\/punoterapia\/#breadcrumb","itemListElement":[{"@type":"ListItem","position":1,"name":"Portada","item":"https:\/\/cercledeconsciencia.com\/"},{"@type":"ListItem","position":2,"name":"Eventos","item":"https:\/\/cercledeconsciencia.com\/actividades\/"},{"@type":"ListItem","position":3,"name":"Pu\u00f1oterapia"}]},{"@type":"WebSite","@id":"https:\/\/cercledeconsciencia.com\/#website","url":"https:\/\/cercledeconsciencia.com\/","name":"Cercle de Consci\u00e8ncia","description":"Centre de Formaci\u00f3 i Ter\u00e0pies","publisher":{"@id":"https:\/\/cercledeconsciencia.com\/#organization"},"potentialAction":[{"@type":"SearchAction","target":{"@type":"EntryPoint","urlTemplate":"https:\/\/cercledeconsciencia.com\/?s={search_term_string}"},"query-input":{"@type":"PropertyValueSpecification","valueRequired":true,"valueName":"search_term_string"}}],"inLanguage":"ca"},{"@type":"Organization","@id":"https:\/\/cercledeconsciencia.com\/#organization","name":"Cercle de Consci\u00e8ncia","url":"https:\/\/cercledeconsciencia.com\/","logo":{"@type":"ImageObject","inLanguage":"ca","@id":"https:\/\/cercledeconsciencia.com\/#\/schema\/logo\/image\/","url":"https:\/\/cercledeconsciencia.com\/wp-content\/uploads\/2023\/07\/logo.png","contentUrl":"https:\/\/cercledeconsciencia.com\/wp-content\/uploads\/2023\/07\/logo.png","width":239,"height":68,"caption":"Cercle de Consci\u00e8ncia"},"image":{"@id":"https:\/\/cercledeconsciencia.com\/#\/schema\/logo\/image\/"},"sameAs":["https:\/\/www.facebook.com\/Cercledeconscienciabarcelona?_rdr","https:\/\/www.instagram.com\/cercledeconsciencia\/","https:\/\/www.youtube.com\/c\/cercledeconsciencia"]}]}},"_links":{"self":[{"href":"https:\/\/cercledeconsciencia.com\/ca\/wp-json\/wp\/v2\/mec-events\/2792","targetHints":{"allow":["GET"]}}],"collection":[{"href":"https:\/\/cercledeconsciencia.com\/ca\/wp-json\/wp\/v2\/mec-events"}],"about":[{"href":"https:\/\/cercledeconsciencia.com\/ca\/wp-json\/wp\/v2\/types\/mec-events"}],"author":[{"embeddable":true,"href":"https:\/\/cercledeconsciencia.com\/ca\/wp-json\/wp\/v2\/users\/1"}],"replies":[{"embeddable":true,"href":"https:\/\/cercledeconsciencia.com\/ca\/wp-json\/wp\/v2\/comments?post=2792"}],"wp:featuredmedia":[{"embeddable":true,"href":"https:\/\/cercledeconsciencia.com\/ca\/wp-json\/wp\/v2\/media\/5346"}],"wp:attachment":[{"href":"https:\/\/cercledeconsciencia.com\/ca\/wp-json\/wp\/v2\/media?parent=2792"}],"wp:term":[{"taxonomy":"post_tag","embeddable":true,"href":"https:\/\/cercledeconsciencia.com\/ca\/wp-json\/wp\/v2\/tags?post=2792"},{"taxonomy":"mec_category","embeddable":true,"href":"https:\/\/cercledeconsciencia.com\/ca\/wp-json\/wp\/v2\/mec_category?post=2792"},{"taxonomy":"mec_speaker","embeddable":true,"href":"https:\/\/cercledeconsciencia.com\/ca\/wp-json\/wp\/v2\/mec_speaker?post=2792"}],"curies":[{"name":"wp","href":"https:\/\/api.w.org\/{rel}","templated":true}]}}