{"id":3275,"date":"2024-02-20T00:09:47","date_gmt":"2024-02-20T00:09:47","guid":{"rendered":"https:\/\/cercledeconsciencia.com\/?post_type=mec-events&#038;p=3275"},"modified":"2024-03-05T22:29:18","modified_gmt":"2024-03-05T22:29:18","slug":"cicle-de-tallers-tci","status":"publish","type":"mec-events","link":"https:\/\/cercledeconsciencia.com\/ca\/actividades\/ciclo-de-talleres-tci\/","title":{"rendered":"Cicle de tallers TCI"},"content":{"rendered":"<p><span style=\"font-weight: 400;\"> Amb aquesta proposta oferim una s\u00e8rie de tallers on s&#039;abordaran temes que enriquiran el nostre proc\u00e9s personal amb eines de la TCI.<br \/>\nLa Ter\u00e0pia Corporal Integrativa ens ajuda a potenciar l&#039;escolta corporal i facilitar els processos org\u00e0nics d&#039;autoregulaci\u00f3 que afavoreixen l&#039;equilibri energ\u00e8tic i ens revitalitzen, resolent les profundes tensions arrelades de la inf\u00e0ncia.<\/span><\/p>\n<p>&nbsp;<\/p>\n<h4><b>LA SAVIESA DEL NOSTRE COS<\/b><\/h4>\n<h6><i class=\"mec-sl-calendar\" style=\"color: #088195;\"><\/i> <strong>Data: 25-26 Gener<\/strong><\/h6>\n<p>Aquest taller \u00e9s una proposta per habitar el nostre cos, recon\u00e8ixer-lo, sentir-lo, respirar amb consci\u00e8ncia, acompanyar les nostres emocions i atendre les nostres necessitats reals. Un espai d&#039;autoconeixement i transformaci\u00f3 personal que ens convida a recuperar la saviesa innata que resideix al nostre cos. Una invitaci\u00f3 a tornar a casa.<\/p>\n<p><b>Docent:<\/b> Gabriela Fab\u00f3n<\/p>\n<hr \/>\n<h4><b>TRAUMA I COS<\/b><\/h4>\n<h6><i class=\"mec-sl-calendar\" style=\"color: #088195;\"><\/i> <strong>Data: 13-14 Abril<\/strong><\/h6>\n<p>&nbsp;<\/p>\n<p><img decoding=\"async\" src=\"https:\/\/cercledeconsciencia.com\/wp-content\/uploads\/2024\/02\/Trauma-y-cuerpo.jpg\" alt=\"\" width=\"100%\" \/><\/p>\n<p>Aquest taller \u00e9s una proposta per tornar a nosaltres mateixos i als nostres cossos, al lloc on res va ser danyat i reconnectar-nos profundament amb el nostre \u00e9sser essencial. Apropar-nos al Trauma des de la Salut i la saviesa del propi cos, i regular el Sistema Nervi\u00f3s a trav\u00e9s de diferents eines corporals i som\u00e0tiques. Una invitaci\u00f3 perqu\u00e8 l&#039;Amor i la Salut que ja s\u00f3n a dins, puguin trobar el cam\u00ed per desplegar-se.<\/p>\n<p><b>Docent:<\/b> Jes\u00fas Oliva<\/p>\n<hr \/>\n<h4><b>PERSONATGES I CORES<\/b><\/h4>\n<h6><i class=\"mec-sl-calendar\" style=\"color: #088195;\"><\/i> <strong>Data: 1-2 Juny<\/strong><\/h6>\n<p>&nbsp;<\/p>\n<p><img decoding=\"async\" src=\"https:\/\/cercledeconsciencia.com\/wp-content\/uploads\/2024\/02\/corazas-y-personajes.jpg\" alt=\"\" width=\"100%\" \/><\/p>\n<p>Aquest taller \u00e9s una proposta per con\u00e8ixer i acceptar els personatges a trav\u00e9s dels quals ens hem adaptat com a part del nostre car\u00e0cter ia suavitzar les tensions musculars que conformen la nostra cuirassa muscular. Un espai per atendre&#039;ns i con\u00e8ixer-nos des del cos i el grup, explorant altres facetes m\u00e9s lliures i espont\u00e0nies de la persona que s\u00f3c.<\/p>\n<p><b>Docent:<\/b> Roc\u00edo Burgos<\/p>\n<hr \/>\n<p>&nbsp;<\/p>\n<p><b>Preus:<\/b><span style=\"font-weight: 400;\">185\u20ac \/ taller \/ 10% de descompte amb pagament \u00fanic pels tres tallers: 499,50\u20ac <\/span><br \/>\n<b>Horari:<\/b><br \/>\nDissabte 10-14h i 16-20h<br \/>\nDiumenge 10-14h<\/p>\n<p><strong>Lloc:<\/strong> Sala Asha-kiran, Avda. de C\u00f2rdova, 21, 2\u00b0, 28026, Madrid.<br \/>\n<strong>M\u00e9s informaci\u00f3 i inscripcions: <\/strong><a style=\"color: #00806a;\" href=\"mailto:info@elolivopsicoterapia.es\">info@elolivopsicoterapia.esm <\/a> &#8211; 648 485 416<\/p>","protected":false},"excerpt":{"rendered":"<p>Con esta propuesta ofrecemos una serie de talleres en los que se abordar\u00e1n temas que enriquecer\u00e1n nuestro proceso personal con herramientas de la TCI. La Terapia Corporal Integrativa nos ayuda [&hellip;]<\/p>\n","protected":false},"author":1,"featured_media":3279,"comment_status":"closed","ping_status":"closed","template":"","tags":[],"mec_category":[49,57],"mec_speaker":[131,110,132],"class_list":["post-3275","mec-events","type-mec-events","status-publish","has-post-thumbnail","hentry","mec_category-ciclos","mec_category-taller-regular"],"yoast_head":"<!-- This site is optimized with the Yoast SEO plugin v27.4 - https:\/\/yoast.com\/product\/yoast-seo-wordpress\/ -->\n<title>Ciclo de talleres TCI - Cercle de Consci\u00e8ncia<\/title>\n<meta name=\"robots\" content=\"index, follow, max-snippet:-1, max-image-preview:large, max-video-preview:-1\" \/>\n<link rel=\"canonical\" href=\"https:\/\/cercledeconsciencia.com\/ca\/activitats\/cicle-de-tallers-tci\/\" \/>\n<meta property=\"og:locale\" content=\"ca_ES\" \/>\n<meta property=\"og:type\" content=\"article\" \/>\n<meta property=\"og:title\" content=\"Ciclo de talleres TCI - Cercle de Consci\u00e8ncia\" \/>\n<meta property=\"og:description\" content=\"Con esta propuesta ofrecemos una serie de talleres en los que se abordar\u00e1n temas que enriquecer\u00e1n nuestro proceso personal con herramientas de la TCI. La Terapia Corporal Integrativa nos ayuda [&hellip;]\" \/>\n<meta property=\"og:url\" content=\"https:\/\/cercledeconsciencia.com\/ca\/activitats\/cicle-de-tallers-tci\/\" \/>\n<meta property=\"og:site_name\" content=\"Cercle de Consci\u00e8ncia\" \/>\n<meta property=\"article:publisher\" content=\"https:\/\/www.facebook.com\/Cercledeconscienciabarcelona?_rdr\" \/>\n<meta property=\"article:modified_time\" content=\"2024-03-05T22:29:18+00:00\" \/>\n<meta property=\"og:image\" content=\"https:\/\/cercledeconsciencia.com\/wp-content\/uploads\/2024\/02\/madrid.jpg\" \/>\n\t<meta property=\"og:image:width\" content=\"2132\" \/>\n\t<meta property=\"og:image:height\" content=\"1421\" \/>\n\t<meta property=\"og:image:type\" content=\"image\/jpeg\" \/>\n<meta name=\"twitter:card\" content=\"summary_large_image\" \/>\n<meta name=\"twitter:label1\" content=\"Temps estimat de lectura\" \/>\n\t<meta name=\"twitter:data1\" content=\"3 minuts\" \/>\n<script type=\"application\/ld+json\" class=\"yoast-schema-graph\">{\"@context\":\"https:\\\/\\\/schema.org\",\"@graph\":[{\"@type\":\"WebPage\",\"@id\":\"https:\\\/\\\/cercledeconsciencia.com\\\/es\\\/actividades\\\/ciclo-de-talleres-tci\\\/\",\"url\":\"https:\\\/\\\/cercledeconsciencia.com\\\/es\\\/actividades\\\/ciclo-de-talleres-tci\\\/\",\"name\":\"Ciclo de talleres TCI - Cercle de Consci\u00e8ncia\",\"isPartOf\":{\"@id\":\"https:\\\/\\\/cercledeconsciencia.com\\\/#website\"},\"primaryImageOfPage\":{\"@id\":\"https:\\\/\\\/cercledeconsciencia.com\\\/es\\\/actividades\\\/ciclo-de-talleres-tci\\\/#primaryimage\"},\"image\":{\"@id\":\"https:\\\/\\\/cercledeconsciencia.com\\\/es\\\/actividades\\\/ciclo-de-talleres-tci\\\/#primaryimage\"},\"thumbnailUrl\":\"https:\\\/\\\/cercledeconsciencia.com\\\/wp-content\\\/uploads\\\/2024\\\/02\\\/madrid.jpg\",\"datePublished\":\"2024-02-20T00:09:47+00:00\",\"dateModified\":\"2024-03-05T22:29:18+00:00\",\"breadcrumb\":{\"@id\":\"https:\\\/\\\/cercledeconsciencia.com\\\/es\\\/actividades\\\/ciclo-de-talleres-tci\\\/#breadcrumb\"},\"inLanguage\":\"ca\",\"potentialAction\":[{\"@type\":\"ReadAction\",\"target\":[\"https:\\\/\\\/cercledeconsciencia.com\\\/es\\\/actividades\\\/ciclo-de-talleres-tci\\\/\"]}]},{\"@type\":\"ImageObject\",\"inLanguage\":\"ca\",\"@id\":\"https:\\\/\\\/cercledeconsciencia.com\\\/es\\\/actividades\\\/ciclo-de-talleres-tci\\\/#primaryimage\",\"url\":\"https:\\\/\\\/cercledeconsciencia.com\\\/wp-content\\\/uploads\\\/2024\\\/02\\\/madrid.jpg\",\"contentUrl\":\"https:\\\/\\\/cercledeconsciencia.com\\\/wp-content\\\/uploads\\\/2024\\\/02\\\/madrid.jpg\",\"width\":2132,\"height\":1421},{\"@type\":\"BreadcrumbList\",\"@id\":\"https:\\\/\\\/cercledeconsciencia.com\\\/es\\\/actividades\\\/ciclo-de-talleres-tci\\\/#breadcrumb\",\"itemListElement\":[{\"@type\":\"ListItem\",\"position\":1,\"name\":\"Portada\",\"item\":\"https:\\\/\\\/cercledeconsciencia.com\\\/\"},{\"@type\":\"ListItem\",\"position\":2,\"name\":\"Eventos\",\"item\":\"https:\\\/\\\/cercledeconsciencia.com\\\/actividades\\\/\"},{\"@type\":\"ListItem\",\"position\":3,\"name\":\"Ciclo de talleres TCI\"}]},{\"@type\":\"WebSite\",\"@id\":\"https:\\\/\\\/cercledeconsciencia.com\\\/#website\",\"url\":\"https:\\\/\\\/cercledeconsciencia.com\\\/\",\"name\":\"Cercle de Consci\u00e8ncia\",\"description\":\"Centro de Formaci\u00f3n y Terapias\",\"publisher\":{\"@id\":\"https:\\\/\\\/cercledeconsciencia.com\\\/#organization\"},\"potentialAction\":[{\"@type\":\"SearchAction\",\"target\":{\"@type\":\"EntryPoint\",\"urlTemplate\":\"https:\\\/\\\/cercledeconsciencia.com\\\/?s={search_term_string}\"},\"query-input\":{\"@type\":\"PropertyValueSpecification\",\"valueRequired\":true,\"valueName\":\"search_term_string\"}}],\"inLanguage\":\"ca\"},{\"@type\":\"Organization\",\"@id\":\"https:\\\/\\\/cercledeconsciencia.com\\\/#organization\",\"name\":\"Cercle de Consci\u00e8ncia\",\"url\":\"https:\\\/\\\/cercledeconsciencia.com\\\/\",\"logo\":{\"@type\":\"ImageObject\",\"inLanguage\":\"ca\",\"@id\":\"https:\\\/\\\/cercledeconsciencia.com\\\/#\\\/schema\\\/logo\\\/image\\\/\",\"url\":\"https:\\\/\\\/cercledeconsciencia.com\\\/wp-content\\\/uploads\\\/2023\\\/07\\\/logo.png\",\"contentUrl\":\"https:\\\/\\\/cercledeconsciencia.com\\\/wp-content\\\/uploads\\\/2023\\\/07\\\/logo.png\",\"width\":239,\"height\":68,\"caption\":\"Cercle de Consci\u00e8ncia\"},\"image\":{\"@id\":\"https:\\\/\\\/cercledeconsciencia.com\\\/#\\\/schema\\\/logo\\\/image\\\/\"},\"sameAs\":[\"https:\\\/\\\/www.facebook.com\\\/Cercledeconscienciabarcelona?_rdr\",\"https:\\\/\\\/www.instagram.com\\\/cercledeconsciencia\\\/\",\"https:\\\/\\\/www.youtube.com\\\/c\\\/cercledeconsciencia\"]}]}<\/script>\n<!-- \/ Yoast SEO plugin. -->","yoast_head_json":{"title":"Cicle de tallers TCI - Cercle de Consci\u00e8ncia","robots":{"index":"index","follow":"follow","max-snippet":"max-snippet:-1","max-image-preview":"max-image-preview:large","max-video-preview":"max-video-preview:-1"},"canonical":"https:\/\/cercledeconsciencia.com\/ca\/activitats\/cicle-de-tallers-tci\/","og_locale":"ca_ES","og_type":"article","og_title":"Ciclo de talleres TCI - Cercle de Consci\u00e8ncia","og_description":"Con esta propuesta ofrecemos una serie de talleres en los que se abordar\u00e1n temas que enriquecer\u00e1n nuestro proceso personal con herramientas de la TCI. La Terapia Corporal Integrativa nos ayuda [&hellip;]","og_url":"https:\/\/cercledeconsciencia.com\/ca\/activitats\/cicle-de-tallers-tci\/","og_site_name":"Cercle de Consci\u00e8ncia","article_publisher":"https:\/\/www.facebook.com\/Cercledeconscienciabarcelona?_rdr","article_modified_time":"2024-03-05T22:29:18+00:00","og_image":[{"width":2132,"height":1421,"url":"https:\/\/cercledeconsciencia.com\/wp-content\/uploads\/2024\/02\/madrid.jpg","type":"image\/jpeg"}],"twitter_card":"summary_large_image","twitter_misc":{"Temps estimat de lectura":"3 minuts"},"schema":{"@context":"https:\/\/schema.org","@graph":[{"@type":"WebPage","@id":"https:\/\/cercledeconsciencia.com\/es\/actividades\/ciclo-de-talleres-tci\/","url":"https:\/\/cercledeconsciencia.com\/es\/actividades\/ciclo-de-talleres-tci\/","name":"Cicle de tallers TCI - Cercle de Consci\u00e8ncia","isPartOf":{"@id":"https:\/\/cercledeconsciencia.com\/#website"},"primaryImageOfPage":{"@id":"https:\/\/cercledeconsciencia.com\/es\/actividades\/ciclo-de-talleres-tci\/#primaryimage"},"image":{"@id":"https:\/\/cercledeconsciencia.com\/es\/actividades\/ciclo-de-talleres-tci\/#primaryimage"},"thumbnailUrl":"https:\/\/cercledeconsciencia.com\/wp-content\/uploads\/2024\/02\/madrid.jpg","datePublished":"2024-02-20T00:09:47+00:00","dateModified":"2024-03-05T22:29:18+00:00","breadcrumb":{"@id":"https:\/\/cercledeconsciencia.com\/es\/actividades\/ciclo-de-talleres-tci\/#breadcrumb"},"inLanguage":"ca","potentialAction":[{"@type":"ReadAction","target":["https:\/\/cercledeconsciencia.com\/es\/actividades\/ciclo-de-talleres-tci\/"]}]},{"@type":"ImageObject","inLanguage":"ca","@id":"https:\/\/cercledeconsciencia.com\/es\/actividades\/ciclo-de-talleres-tci\/#primaryimage","url":"https:\/\/cercledeconsciencia.com\/wp-content\/uploads\/2024\/02\/madrid.jpg","contentUrl":"https:\/\/cercledeconsciencia.com\/wp-content\/uploads\/2024\/02\/madrid.jpg","width":2132,"height":1421},{"@type":"BreadcrumbList","@id":"https:\/\/cercledeconsciencia.com\/es\/actividades\/ciclo-de-talleres-tci\/#breadcrumb","itemListElement":[{"@type":"ListItem","position":1,"name":"Portada","item":"https:\/\/cercledeconsciencia.com\/"},{"@type":"ListItem","position":2,"name":"Eventos","item":"https:\/\/cercledeconsciencia.com\/actividades\/"},{"@type":"ListItem","position":3,"name":"Ciclo de talleres TCI"}]},{"@type":"WebSite","@id":"https:\/\/cercledeconsciencia.com\/#website","url":"https:\/\/cercledeconsciencia.com\/","name":"Cercle de Consci\u00e8ncia","description":"Centre de Formaci\u00f3 i Ter\u00e0pies","publisher":{"@id":"https:\/\/cercledeconsciencia.com\/#organization"},"potentialAction":[{"@type":"SearchAction","target":{"@type":"EntryPoint","urlTemplate":"https:\/\/cercledeconsciencia.com\/?s={search_term_string}"},"query-input":{"@type":"PropertyValueSpecification","valueRequired":true,"valueName":"search_term_string"}}],"inLanguage":"ca"},{"@type":"Organization","@id":"https:\/\/cercledeconsciencia.com\/#organization","name":"Cercle de Consci\u00e8ncia","url":"https:\/\/cercledeconsciencia.com\/","logo":{"@type":"ImageObject","inLanguage":"ca","@id":"https:\/\/cercledeconsciencia.com\/#\/schema\/logo\/image\/","url":"https:\/\/cercledeconsciencia.com\/wp-content\/uploads\/2023\/07\/logo.png","contentUrl":"https:\/\/cercledeconsciencia.com\/wp-content\/uploads\/2023\/07\/logo.png","width":239,"height":68,"caption":"Cercle de Consci\u00e8ncia"},"image":{"@id":"https:\/\/cercledeconsciencia.com\/#\/schema\/logo\/image\/"},"sameAs":["https:\/\/www.facebook.com\/Cercledeconscienciabarcelona?_rdr","https:\/\/www.instagram.com\/cercledeconsciencia\/","https:\/\/www.youtube.com\/c\/cercledeconsciencia"]}]}},"_links":{"self":[{"href":"https:\/\/cercledeconsciencia.com\/ca\/wp-json\/wp\/v2\/mec-events\/3275","targetHints":{"allow":["GET"]}}],"collection":[{"href":"https:\/\/cercledeconsciencia.com\/ca\/wp-json\/wp\/v2\/mec-events"}],"about":[{"href":"https:\/\/cercledeconsciencia.com\/ca\/wp-json\/wp\/v2\/types\/mec-events"}],"author":[{"embeddable":true,"href":"https:\/\/cercledeconsciencia.com\/ca\/wp-json\/wp\/v2\/users\/1"}],"replies":[{"embeddable":true,"href":"https:\/\/cercledeconsciencia.com\/ca\/wp-json\/wp\/v2\/comments?post=3275"}],"wp:featuredmedia":[{"embeddable":true,"href":"https:\/\/cercledeconsciencia.com\/ca\/wp-json\/wp\/v2\/media\/3279"}],"wp:attachment":[{"href":"https:\/\/cercledeconsciencia.com\/ca\/wp-json\/wp\/v2\/media?parent=3275"}],"wp:term":[{"taxonomy":"post_tag","embeddable":true,"href":"https:\/\/cercledeconsciencia.com\/ca\/wp-json\/wp\/v2\/tags?post=3275"},{"taxonomy":"mec_category","embeddable":true,"href":"https:\/\/cercledeconsciencia.com\/ca\/wp-json\/wp\/v2\/mec_category?post=3275"},{"taxonomy":"mec_speaker","embeddable":true,"href":"https:\/\/cercledeconsciencia.com\/ca\/wp-json\/wp\/v2\/mec_speaker?post=3275"}],"curies":[{"name":"wp","href":"https:\/\/api.w.org\/{rel}","templated":true}]}}