{"id":4783,"date":"2024-08-16T21:39:23","date_gmt":"2024-08-16T21:39:23","guid":{"rendered":"https:\/\/cercledeconsciencia.com\/?post_type=mec-events&#038;p=4783"},"modified":"2024-10-02T11:40:17","modified_gmt":"2024-10-02T11:40:17","slug":"cosmovision-maia-galactica","status":"publish","type":"mec-events","link":"https:\/\/cercledeconsciencia.com\/ca\/actividades\/cosmovision-maya-galactica\/","title":{"rendered":"Cosmovisi\u00f3 Maya Gal\u00e0ctica"},"content":{"rendered":"<p>\u00abInicia el teu propi cam\u00ed de transformaci\u00f3 interior, nom\u00e9s requereixes el teu poder de decisi\u00f3 i determinaci\u00f3 per endinsar el m\u00e0gic m\u00f3n de la medicina qu\u00e0ntica i de la teva veritable sanaci\u00f3\u00bb Don Lauro de la Cruz.<br \/>\nEn aquest taller amb Don Lauro recorrerem junts el cam\u00ed de la medicina i saviesa maia ancestral que habita al nostre sistema; aprendrem eines valuoses per manejar energia, enfortir el nostre interior i sobretot activar el maia que portem al cor. Tindrem l\u00b4oportunitat especial per sortir de les rutines quotidianes de la ciutat i mirar m\u00e9s enll\u00e0 de les nostres estructures mentals habituals. Enfortint ment, emocions, cos i esperit.<br \/>\nTaller obert a tot p\u00fablic sense importar edat, creen\u00e7a, ideologia o condici\u00f3 social.<\/p>\n<p><b>Preu: 175 euros<\/b><\/p>\n<p>\ud83d\udde3 <b>Imparteixen:<\/b> Don Lauro de la Creu<\/p>\n<p>\ud83d\udcc5 <b>Data:<\/b><\/p>\n<p>Divendres: xerrada gratu\u00efta 19.30h (opcional)<br \/>\nDissabte de 10h a 14h i de 16h a 20h<br \/>\nDiumenge de 10h a 14h<br \/>\nData: 5 i 6 d&#039;octubre 2024<br \/>\nContacte d&#039;informaci\u00f3: 691683491-Iv\u00e1n Pi\u00f1a<\/p>\n<p><strong>Per a aquest mateix esdeveniment:<\/strong><br \/>\nXerrada gratu\u00efta amb Don Lauro a Espai Tci sobre la din\u00e0mica del taller i projectar una pel\u00b7l\u00edcula documental que parla de la seva traject\u00f2ria. L\u00b4home de la muntanya 19:30h el 4 d\u00b4octubre<br \/>\nSanacions individuals: 3 i 4 d&#039;octubre en horari de mat\u00ed i tarda<br \/>\n<strong>Preu:<\/strong> 60\u20ac<\/p>\n<p>\ud83d\udc49<strong> <b>M\u00e9s informaci\u00f3 i inscripcions: <b><\/b><\/b><\/strong><br \/>\n<a style=\"color: #00806a;\" href=\"mailto:coordinacio.tallers@cercledeconsciencia.com\">coordinacio.tallers@cercledeconsciencia.com<\/a><\/p>","protected":false},"excerpt":{"rendered":"<p>\u00abInicia tu propio camino de transformaci\u00f3n interior, solo requieres tu poder de decisi\u00f3n y determinaci\u00f3n para adentrar al m\u00e1gico mundo de la medicina cu\u00e1ntica y de tu verdadera sanaci\u00f3n\u00bb Don [&hellip;]<\/p>\n","protected":false},"author":1,"featured_media":5071,"comment_status":"open","ping_status":"closed","template":"","tags":[],"mec_category":[71,48,70,105],"mec_speaker":[156],"class_list":["post-4783","mec-events","type-mec-events","status-publish","has-post-thumbnail","hentry","mec_category-cuerpo","mec_category-masterclass","mec_category-respiracion","mec_category-taller-puntual"],"yoast_head":"<!-- This site is optimized with the Yoast SEO plugin v27.4 - https:\/\/yoast.com\/product\/yoast-seo-wordpress\/ -->\n<title>Cosmovisi\u00f3n Maya Gal\u00e1ctica - Cercle de Consci\u00e8ncia<\/title>\n<meta name=\"robots\" content=\"index, follow, max-snippet:-1, max-image-preview:large, max-video-preview:-1\" \/>\n<link rel=\"canonical\" href=\"https:\/\/cercledeconsciencia.com\/ca\/activitats\/cosmovision-maia-galactica\/\" \/>\n<meta property=\"og:locale\" content=\"ca_ES\" \/>\n<meta property=\"og:type\" content=\"article\" \/>\n<meta property=\"og:title\" content=\"Cosmovisi\u00f3n Maya Gal\u00e1ctica - Cercle de Consci\u00e8ncia\" \/>\n<meta property=\"og:description\" content=\"\u00abInicia tu propio camino de transformaci\u00f3n interior, solo requieres tu poder de decisi\u00f3n y determinaci\u00f3n para adentrar al m\u00e1gico mundo de la medicina cu\u00e1ntica y de tu verdadera sanaci\u00f3n\u00bb Don [&hellip;]\" \/>\n<meta property=\"og:url\" content=\"https:\/\/cercledeconsciencia.com\/ca\/activitats\/cosmovision-maia-galactica\/\" \/>\n<meta property=\"og:site_name\" content=\"Cercle de Consci\u00e8ncia\" \/>\n<meta property=\"article:publisher\" content=\"https:\/\/www.facebook.com\/Cercledeconscienciabarcelona?_rdr\" \/>\n<meta property=\"article:modified_time\" content=\"2024-10-02T11:40:17+00:00\" \/>\n<meta property=\"og:image\" content=\"https:\/\/cercledeconsciencia.com\/wp-content\/uploads\/2024\/08\/Imagen-de-WhatsApp-2024-07-16-a-las-18.18.17_2b1740bd.jpg\" \/>\n\t<meta property=\"og:image:width\" content=\"960\" \/>\n\t<meta property=\"og:image:height\" content=\"1440\" \/>\n\t<meta property=\"og:image:type\" content=\"image\/jpeg\" \/>\n<meta name=\"twitter:card\" content=\"summary_large_image\" \/>\n<meta name=\"twitter:label1\" content=\"Temps estimat de lectura\" \/>\n\t<meta name=\"twitter:data1\" content=\"2 minuts\" \/>\n<script type=\"application\/ld+json\" class=\"yoast-schema-graph\">{\"@context\":\"https:\\\/\\\/schema.org\",\"@graph\":[{\"@type\":\"WebPage\",\"@id\":\"https:\\\/\\\/cercledeconsciencia.com\\\/actividades\\\/cosmovision-maya-galactica\\\/\",\"url\":\"https:\\\/\\\/cercledeconsciencia.com\\\/actividades\\\/cosmovision-maya-galactica\\\/\",\"name\":\"Cosmovisi\u00f3n Maya Gal\u00e1ctica - Cercle de Consci\u00e8ncia\",\"isPartOf\":{\"@id\":\"https:\\\/\\\/cercledeconsciencia.com\\\/#website\"},\"primaryImageOfPage\":{\"@id\":\"https:\\\/\\\/cercledeconsciencia.com\\\/actividades\\\/cosmovision-maya-galactica\\\/#primaryimage\"},\"image\":{\"@id\":\"https:\\\/\\\/cercledeconsciencia.com\\\/actividades\\\/cosmovision-maya-galactica\\\/#primaryimage\"},\"thumbnailUrl\":\"https:\\\/\\\/cercledeconsciencia.com\\\/wp-content\\\/uploads\\\/2024\\\/08\\\/Imagen-de-WhatsApp-2024-07-16-a-las-18.18.17_2b1740bd.jpg\",\"datePublished\":\"2024-08-16T21:39:23+00:00\",\"dateModified\":\"2024-10-02T11:40:17+00:00\",\"breadcrumb\":{\"@id\":\"https:\\\/\\\/cercledeconsciencia.com\\\/actividades\\\/cosmovision-maya-galactica\\\/#breadcrumb\"},\"inLanguage\":\"ca\",\"potentialAction\":[{\"@type\":\"ReadAction\",\"target\":[\"https:\\\/\\\/cercledeconsciencia.com\\\/actividades\\\/cosmovision-maya-galactica\\\/\"]}]},{\"@type\":\"ImageObject\",\"inLanguage\":\"ca\",\"@id\":\"https:\\\/\\\/cercledeconsciencia.com\\\/actividades\\\/cosmovision-maya-galactica\\\/#primaryimage\",\"url\":\"https:\\\/\\\/cercledeconsciencia.com\\\/wp-content\\\/uploads\\\/2024\\\/08\\\/Imagen-de-WhatsApp-2024-07-16-a-las-18.18.17_2b1740bd.jpg\",\"contentUrl\":\"https:\\\/\\\/cercledeconsciencia.com\\\/wp-content\\\/uploads\\\/2024\\\/08\\\/Imagen-de-WhatsApp-2024-07-16-a-las-18.18.17_2b1740bd.jpg\",\"width\":960,\"height\":1440},{\"@type\":\"BreadcrumbList\",\"@id\":\"https:\\\/\\\/cercledeconsciencia.com\\\/actividades\\\/cosmovision-maya-galactica\\\/#breadcrumb\",\"itemListElement\":[{\"@type\":\"ListItem\",\"position\":1,\"name\":\"Portada\",\"item\":\"https:\\\/\\\/cercledeconsciencia.com\\\/\"},{\"@type\":\"ListItem\",\"position\":2,\"name\":\"Eventos\",\"item\":\"https:\\\/\\\/cercledeconsciencia.com\\\/actividades\\\/\"},{\"@type\":\"ListItem\",\"position\":3,\"name\":\"Cosmovisi\u00f3n Maya Gal\u00e1ctica\"}]},{\"@type\":\"WebSite\",\"@id\":\"https:\\\/\\\/cercledeconsciencia.com\\\/#website\",\"url\":\"https:\\\/\\\/cercledeconsciencia.com\\\/\",\"name\":\"Cercle de Consci\u00e8ncia\",\"description\":\"Centro de Formaci\u00f3n y Terapias\",\"publisher\":{\"@id\":\"https:\\\/\\\/cercledeconsciencia.com\\\/#organization\"},\"potentialAction\":[{\"@type\":\"SearchAction\",\"target\":{\"@type\":\"EntryPoint\",\"urlTemplate\":\"https:\\\/\\\/cercledeconsciencia.com\\\/?s={search_term_string}\"},\"query-input\":{\"@type\":\"PropertyValueSpecification\",\"valueRequired\":true,\"valueName\":\"search_term_string\"}}],\"inLanguage\":\"ca\"},{\"@type\":\"Organization\",\"@id\":\"https:\\\/\\\/cercledeconsciencia.com\\\/#organization\",\"name\":\"Cercle de Consci\u00e8ncia\",\"url\":\"https:\\\/\\\/cercledeconsciencia.com\\\/\",\"logo\":{\"@type\":\"ImageObject\",\"inLanguage\":\"ca\",\"@id\":\"https:\\\/\\\/cercledeconsciencia.com\\\/#\\\/schema\\\/logo\\\/image\\\/\",\"url\":\"https:\\\/\\\/cercledeconsciencia.com\\\/wp-content\\\/uploads\\\/2023\\\/07\\\/logo.png\",\"contentUrl\":\"https:\\\/\\\/cercledeconsciencia.com\\\/wp-content\\\/uploads\\\/2023\\\/07\\\/logo.png\",\"width\":239,\"height\":68,\"caption\":\"Cercle de Consci\u00e8ncia\"},\"image\":{\"@id\":\"https:\\\/\\\/cercledeconsciencia.com\\\/#\\\/schema\\\/logo\\\/image\\\/\"},\"sameAs\":[\"https:\\\/\\\/www.facebook.com\\\/Cercledeconscienciabarcelona?_rdr\",\"https:\\\/\\\/www.instagram.com\\\/cercledeconsciencia\\\/\",\"https:\\\/\\\/www.youtube.com\\\/c\\\/cercledeconsciencia\"]}]}<\/script>\n<!-- \/ Yoast SEO plugin. -->","yoast_head_json":{"title":"Cosmovisi\u00f3 Maya Gal\u00e0ctica - Cercle de Consci\u00e8ncia","robots":{"index":"index","follow":"follow","max-snippet":"max-snippet:-1","max-image-preview":"max-image-preview:large","max-video-preview":"max-video-preview:-1"},"canonical":"https:\/\/cercledeconsciencia.com\/ca\/activitats\/cosmovision-maia-galactica\/","og_locale":"ca_ES","og_type":"article","og_title":"Cosmovisi\u00f3n Maya Gal\u00e1ctica - Cercle de Consci\u00e8ncia","og_description":"\u00abInicia tu propio camino de transformaci\u00f3n interior, solo requieres tu poder de decisi\u00f3n y determinaci\u00f3n para adentrar al m\u00e1gico mundo de la medicina cu\u00e1ntica y de tu verdadera sanaci\u00f3n\u00bb Don [&hellip;]","og_url":"https:\/\/cercledeconsciencia.com\/ca\/activitats\/cosmovision-maia-galactica\/","og_site_name":"Cercle de Consci\u00e8ncia","article_publisher":"https:\/\/www.facebook.com\/Cercledeconscienciabarcelona?_rdr","article_modified_time":"2024-10-02T11:40:17+00:00","og_image":[{"width":960,"height":1440,"url":"https:\/\/cercledeconsciencia.com\/wp-content\/uploads\/2024\/08\/Imagen-de-WhatsApp-2024-07-16-a-las-18.18.17_2b1740bd.jpg","type":"image\/jpeg"}],"twitter_card":"summary_large_image","twitter_misc":{"Temps estimat de lectura":"2 minuts"},"schema":{"@context":"https:\/\/schema.org","@graph":[{"@type":"WebPage","@id":"https:\/\/cercledeconsciencia.com\/actividades\/cosmovision-maya-galactica\/","url":"https:\/\/cercledeconsciencia.com\/actividades\/cosmovision-maya-galactica\/","name":"Cosmovisi\u00f3 Maya Gal\u00e0ctica - Cercle de Consci\u00e8ncia","isPartOf":{"@id":"https:\/\/cercledeconsciencia.com\/#website"},"primaryImageOfPage":{"@id":"https:\/\/cercledeconsciencia.com\/actividades\/cosmovision-maya-galactica\/#primaryimage"},"image":{"@id":"https:\/\/cercledeconsciencia.com\/actividades\/cosmovision-maya-galactica\/#primaryimage"},"thumbnailUrl":"https:\/\/cercledeconsciencia.com\/wp-content\/uploads\/2024\/08\/Imagen-de-WhatsApp-2024-07-16-a-las-18.18.17_2b1740bd.jpg","datePublished":"2024-08-16T21:39:23+00:00","dateModified":"2024-10-02T11:40:17+00:00","breadcrumb":{"@id":"https:\/\/cercledeconsciencia.com\/actividades\/cosmovision-maya-galactica\/#breadcrumb"},"inLanguage":"ca","potentialAction":[{"@type":"ReadAction","target":["https:\/\/cercledeconsciencia.com\/actividades\/cosmovision-maya-galactica\/"]}]},{"@type":"ImageObject","inLanguage":"ca","@id":"https:\/\/cercledeconsciencia.com\/actividades\/cosmovision-maya-galactica\/#primaryimage","url":"https:\/\/cercledeconsciencia.com\/wp-content\/uploads\/2024\/08\/Imagen-de-WhatsApp-2024-07-16-a-las-18.18.17_2b1740bd.jpg","contentUrl":"https:\/\/cercledeconsciencia.com\/wp-content\/uploads\/2024\/08\/Imagen-de-WhatsApp-2024-07-16-a-las-18.18.17_2b1740bd.jpg","width":960,"height":1440},{"@type":"BreadcrumbList","@id":"https:\/\/cercledeconsciencia.com\/actividades\/cosmovision-maya-galactica\/#breadcrumb","itemListElement":[{"@type":"ListItem","position":1,"name":"Portada","item":"https:\/\/cercledeconsciencia.com\/"},{"@type":"ListItem","position":2,"name":"Eventos","item":"https:\/\/cercledeconsciencia.com\/actividades\/"},{"@type":"ListItem","position":3,"name":"Cosmovisi\u00f3n Maya Gal\u00e1ctica"}]},{"@type":"WebSite","@id":"https:\/\/cercledeconsciencia.com\/#website","url":"https:\/\/cercledeconsciencia.com\/","name":"Cercle de Consci\u00e8ncia","description":"Centre de Formaci\u00f3 i Ter\u00e0pies","publisher":{"@id":"https:\/\/cercledeconsciencia.com\/#organization"},"potentialAction":[{"@type":"SearchAction","target":{"@type":"EntryPoint","urlTemplate":"https:\/\/cercledeconsciencia.com\/?s={search_term_string}"},"query-input":{"@type":"PropertyValueSpecification","valueRequired":true,"valueName":"search_term_string"}}],"inLanguage":"ca"},{"@type":"Organization","@id":"https:\/\/cercledeconsciencia.com\/#organization","name":"Cercle de Consci\u00e8ncia","url":"https:\/\/cercledeconsciencia.com\/","logo":{"@type":"ImageObject","inLanguage":"ca","@id":"https:\/\/cercledeconsciencia.com\/#\/schema\/logo\/image\/","url":"https:\/\/cercledeconsciencia.com\/wp-content\/uploads\/2023\/07\/logo.png","contentUrl":"https:\/\/cercledeconsciencia.com\/wp-content\/uploads\/2023\/07\/logo.png","width":239,"height":68,"caption":"Cercle de Consci\u00e8ncia"},"image":{"@id":"https:\/\/cercledeconsciencia.com\/#\/schema\/logo\/image\/"},"sameAs":["https:\/\/www.facebook.com\/Cercledeconscienciabarcelona?_rdr","https:\/\/www.instagram.com\/cercledeconsciencia\/","https:\/\/www.youtube.com\/c\/cercledeconsciencia"]}]}},"_links":{"self":[{"href":"https:\/\/cercledeconsciencia.com\/ca\/wp-json\/wp\/v2\/mec-events\/4783","targetHints":{"allow":["GET"]}}],"collection":[{"href":"https:\/\/cercledeconsciencia.com\/ca\/wp-json\/wp\/v2\/mec-events"}],"about":[{"href":"https:\/\/cercledeconsciencia.com\/ca\/wp-json\/wp\/v2\/types\/mec-events"}],"author":[{"embeddable":true,"href":"https:\/\/cercledeconsciencia.com\/ca\/wp-json\/wp\/v2\/users\/1"}],"replies":[{"embeddable":true,"href":"https:\/\/cercledeconsciencia.com\/ca\/wp-json\/wp\/v2\/comments?post=4783"}],"wp:featuredmedia":[{"embeddable":true,"href":"https:\/\/cercledeconsciencia.com\/ca\/wp-json\/wp\/v2\/media\/5071"}],"wp:attachment":[{"href":"https:\/\/cercledeconsciencia.com\/ca\/wp-json\/wp\/v2\/media?parent=4783"}],"wp:term":[{"taxonomy":"post_tag","embeddable":true,"href":"https:\/\/cercledeconsciencia.com\/ca\/wp-json\/wp\/v2\/tags?post=4783"},{"taxonomy":"mec_category","embeddable":true,"href":"https:\/\/cercledeconsciencia.com\/ca\/wp-json\/wp\/v2\/mec_category?post=4783"},{"taxonomy":"mec_speaker","embeddable":true,"href":"https:\/\/cercledeconsciencia.com\/ca\/wp-json\/wp\/v2\/mec_speaker?post=4783"}],"curies":[{"name":"wp","href":"https:\/\/api.w.org\/{rel}","templated":true}]}}