{"id":5088,"date":"2024-10-18T08:38:40","date_gmt":"2024-10-18T08:38:40","guid":{"rendered":"https:\/\/cercledeconsciencia.com\/?post_type=mec-events&#038;p=5088"},"modified":"2024-10-18T12:24:41","modified_gmt":"2024-10-18T12:24:41","slug":"taller-obert-de-la-formacio-transpersonal-el-buit-fertil","status":"publish","type":"mec-events","link":"https:\/\/cercledeconsciencia.com\/ca\/actividades\/taller-abierto-de-la-formacion-transpersonal-el-vacio-fertil\/","title":{"rendered":"Taller Obert de la Formaci\u00f3 Transpersonal: El Buit F\u00e8rtil"},"content":{"rendered":"<p><strong><em>Desconstruir la nostra expressivitat quotidiana i desidentificar-nos de patrons.<\/em><\/strong><\/p>\n<p>Partint de la llei dionisiaca del lliurament a viure i expressar des del cos, entrarem en la decontrucci\u00f3 de la nostra expressivitat quotidiana. <strong>Desidentificant-nos de patrons de conducta, emoci\u00f3 i pensament<\/strong>.<\/p>\n<p><strong>Obrint el cam\u00ed a una confian\u00e7a en qu\u00e8 el cos es mou en un espai-temps, despr\u00e9s dels seus h\u00e0bits<\/strong>. Aquesta llibertat adquirida permet que la intu\u00efci\u00f3 vagi donant-nos a con\u00e8ixer all\u00f2 que no sab\u00edem qu\u00e8 pod\u00edem saber.<\/p>\n<p>Guiant-nos a un m\u00f3n ca\u00f2tic, semblant a una embriaguesa que uneix el grup en una voluntat que va m\u00e9s enll\u00e0 i all\u00f2 que apareix \u00e9s molt m\u00e9s gran que la voluntat individual.<\/p>\n<p>Imparteix: <strong>Caterina Llad\u00f3. <\/strong>Actriu, pedagoga i directora de teatre. Va impartir classes durant 14 anys a l&#039;Estudi Internacional per a l&#039;actor Juan Carlos Corazza. Formada a Ter\u00e0pia Gestalt. Creadora i directora de \u201cTeatre per a Interessats\u201d. Directora de \u201cTeatre per a la Conc\u00f2rdia\u201d.<br \/>\nDeixebla i col\u00b7laboradora del Dr. Claudio Naranjo al programa SAT.<\/p>\n<p>Dies: <strong>1, 2 i 3 de novembre<\/strong>.<\/p>\n<p>Horari:<br \/>\nDivendres 18-20.30h<br \/>\nDissabte 10-20h<br \/>\nDiumenge 10-14h<\/p>\n<p>Preu: 200\u20ac<\/p>\n<p>* M\u00f2dul Obert de la Formaci\u00f3 Transpersonal.<br \/>\n* Imprescindible inscripci\u00f3 pr\u00e8via. Les places s\u00f3n limitades.<\/p>\n<p>Per inscripcions escriviu a: coordinacio.tallers@cercledeconsciencia.com<\/p>","protected":false},"excerpt":{"rendered":"<p>Deconstruir nuestra expresividad cotidiana y desidentificarnos de patrones. Partiendo de la ley dionisiaca de la entrega a vivir y expresar desde el cuerpo, entraremos en la decontruccion de nuestra expresividad [&hellip;]<\/p>\n","protected":false},"author":2,"featured_media":5089,"comment_status":"open","ping_status":"closed","template":"","tags":[159,160],"mec_category":[52,105],"mec_speaker":[158],"class_list":["post-5088","mec-events","type-mec-events","status-publish","has-post-thumbnail","hentry","tag-formacion-transpersonal","tag-taller-abierto","mec_category-formacion","mec_category-taller-puntual"],"yoast_head":"<!-- This site is optimized with the Yoast SEO plugin v27.4 - https:\/\/yoast.com\/product\/yoast-seo-wordpress\/ -->\n<title>Taller Abierto de la Formaci\u00f3n Transpersonal: El Vac\u00edo F\u00e9rtil - Cercle de Consci\u00e8ncia<\/title>\n<meta name=\"robots\" content=\"index, follow, max-snippet:-1, max-image-preview:large, max-video-preview:-1\" \/>\n<link rel=\"canonical\" href=\"https:\/\/cercledeconsciencia.com\/ca\/activitats\/taller-obert-de-la-formacio-transpersonal-el-buit-fertil\/\" \/>\n<meta property=\"og:locale\" content=\"ca_ES\" \/>\n<meta property=\"og:type\" content=\"article\" \/>\n<meta property=\"og:title\" content=\"Taller Abierto de la Formaci\u00f3n Transpersonal: El Vac\u00edo F\u00e9rtil - Cercle de Consci\u00e8ncia\" \/>\n<meta property=\"og:description\" content=\"Deconstruir nuestra expresividad cotidiana y desidentificarnos de patrones. Partiendo de la ley dionisiaca de la entrega a vivir y expresar desde el cuerpo, entraremos en la decontruccion de nuestra expresividad [&hellip;]\" \/>\n<meta property=\"og:url\" content=\"https:\/\/cercledeconsciencia.com\/ca\/activitats\/taller-obert-de-la-formacio-transpersonal-el-buit-fertil\/\" \/>\n<meta property=\"og:site_name\" content=\"Cercle de Consci\u00e8ncia\" \/>\n<meta property=\"article:publisher\" content=\"https:\/\/www.facebook.com\/Cercledeconscienciabarcelona?_rdr\" \/>\n<meta property=\"article:modified_time\" content=\"2024-10-18T12:24:41+00:00\" \/>\n<meta property=\"og:image\" content=\"https:\/\/cercledeconsciencia.com\/wp-content\/uploads\/2024\/10\/shutterstock_2203293273.jpg\" \/>\n\t<meta property=\"og:image:width\" content=\"1000\" \/>\n\t<meta property=\"og:image:height\" content=\"667\" \/>\n\t<meta property=\"og:image:type\" content=\"image\/jpeg\" \/>\n<meta name=\"twitter:card\" content=\"summary_large_image\" \/>\n<meta name=\"twitter:label1\" content=\"Temps estimat de lectura\" \/>\n\t<meta name=\"twitter:data1\" content=\"2 minuts\" \/>\n<script type=\"application\/ld+json\" class=\"yoast-schema-graph\">{\"@context\":\"https:\\\/\\\/schema.org\",\"@graph\":[{\"@type\":\"WebPage\",\"@id\":\"https:\\\/\\\/cercledeconsciencia.com\\\/actividades\\\/taller-abierto-de-la-formacion-transpersonal-el-vacio-fertil\\\/\",\"url\":\"https:\\\/\\\/cercledeconsciencia.com\\\/actividades\\\/taller-abierto-de-la-formacion-transpersonal-el-vacio-fertil\\\/\",\"name\":\"Taller Abierto de la Formaci\u00f3n Transpersonal: El Vac\u00edo F\u00e9rtil - Cercle de Consci\u00e8ncia\",\"isPartOf\":{\"@id\":\"https:\\\/\\\/cercledeconsciencia.com\\\/#website\"},\"primaryImageOfPage\":{\"@id\":\"https:\\\/\\\/cercledeconsciencia.com\\\/actividades\\\/taller-abierto-de-la-formacion-transpersonal-el-vacio-fertil\\\/#primaryimage\"},\"image\":{\"@id\":\"https:\\\/\\\/cercledeconsciencia.com\\\/actividades\\\/taller-abierto-de-la-formacion-transpersonal-el-vacio-fertil\\\/#primaryimage\"},\"thumbnailUrl\":\"https:\\\/\\\/cercledeconsciencia.com\\\/wp-content\\\/uploads\\\/2024\\\/10\\\/shutterstock_2203293273.jpg\",\"datePublished\":\"2024-10-18T08:38:40+00:00\",\"dateModified\":\"2024-10-18T12:24:41+00:00\",\"breadcrumb\":{\"@id\":\"https:\\\/\\\/cercledeconsciencia.com\\\/actividades\\\/taller-abierto-de-la-formacion-transpersonal-el-vacio-fertil\\\/#breadcrumb\"},\"inLanguage\":\"ca\",\"potentialAction\":[{\"@type\":\"ReadAction\",\"target\":[\"https:\\\/\\\/cercledeconsciencia.com\\\/actividades\\\/taller-abierto-de-la-formacion-transpersonal-el-vacio-fertil\\\/\"]}]},{\"@type\":\"ImageObject\",\"inLanguage\":\"ca\",\"@id\":\"https:\\\/\\\/cercledeconsciencia.com\\\/actividades\\\/taller-abierto-de-la-formacion-transpersonal-el-vacio-fertil\\\/#primaryimage\",\"url\":\"https:\\\/\\\/cercledeconsciencia.com\\\/wp-content\\\/uploads\\\/2024\\\/10\\\/shutterstock_2203293273.jpg\",\"contentUrl\":\"https:\\\/\\\/cercledeconsciencia.com\\\/wp-content\\\/uploads\\\/2024\\\/10\\\/shutterstock_2203293273.jpg\",\"width\":1000,\"height\":667},{\"@type\":\"BreadcrumbList\",\"@id\":\"https:\\\/\\\/cercledeconsciencia.com\\\/actividades\\\/taller-abierto-de-la-formacion-transpersonal-el-vacio-fertil\\\/#breadcrumb\",\"itemListElement\":[{\"@type\":\"ListItem\",\"position\":1,\"name\":\"Portada\",\"item\":\"https:\\\/\\\/cercledeconsciencia.com\\\/\"},{\"@type\":\"ListItem\",\"position\":2,\"name\":\"Eventos\",\"item\":\"https:\\\/\\\/cercledeconsciencia.com\\\/actividades\\\/\"},{\"@type\":\"ListItem\",\"position\":3,\"name\":\"Taller Abierto de la Formaci\u00f3n Transpersonal: El Vac\u00edo F\u00e9rtil\"}]},{\"@type\":\"WebSite\",\"@id\":\"https:\\\/\\\/cercledeconsciencia.com\\\/#website\",\"url\":\"https:\\\/\\\/cercledeconsciencia.com\\\/\",\"name\":\"Cercle de Consci\u00e8ncia\",\"description\":\"Centro de Formaci\u00f3n y Terapias\",\"publisher\":{\"@id\":\"https:\\\/\\\/cercledeconsciencia.com\\\/#organization\"},\"potentialAction\":[{\"@type\":\"SearchAction\",\"target\":{\"@type\":\"EntryPoint\",\"urlTemplate\":\"https:\\\/\\\/cercledeconsciencia.com\\\/?s={search_term_string}\"},\"query-input\":{\"@type\":\"PropertyValueSpecification\",\"valueRequired\":true,\"valueName\":\"search_term_string\"}}],\"inLanguage\":\"ca\"},{\"@type\":\"Organization\",\"@id\":\"https:\\\/\\\/cercledeconsciencia.com\\\/#organization\",\"name\":\"Cercle de Consci\u00e8ncia\",\"url\":\"https:\\\/\\\/cercledeconsciencia.com\\\/\",\"logo\":{\"@type\":\"ImageObject\",\"inLanguage\":\"ca\",\"@id\":\"https:\\\/\\\/cercledeconsciencia.com\\\/#\\\/schema\\\/logo\\\/image\\\/\",\"url\":\"https:\\\/\\\/cercledeconsciencia.com\\\/wp-content\\\/uploads\\\/2023\\\/07\\\/logo.png\",\"contentUrl\":\"https:\\\/\\\/cercledeconsciencia.com\\\/wp-content\\\/uploads\\\/2023\\\/07\\\/logo.png\",\"width\":239,\"height\":68,\"caption\":\"Cercle de Consci\u00e8ncia\"},\"image\":{\"@id\":\"https:\\\/\\\/cercledeconsciencia.com\\\/#\\\/schema\\\/logo\\\/image\\\/\"},\"sameAs\":[\"https:\\\/\\\/www.facebook.com\\\/Cercledeconscienciabarcelona?_rdr\",\"https:\\\/\\\/www.instagram.com\\\/cercledeconsciencia\\\/\",\"https:\\\/\\\/www.youtube.com\\\/c\\\/cercledeconsciencia\"]}]}<\/script>\n<!-- \/ Yoast SEO plugin. -->","yoast_head_json":{"title":"Taller Obert de la Formaci\u00f3 Transpersonal: El Buit F\u00e8rtil - Cercle de Consci\u00e8ncia","robots":{"index":"index","follow":"follow","max-snippet":"max-snippet:-1","max-image-preview":"max-image-preview:large","max-video-preview":"max-video-preview:-1"},"canonical":"https:\/\/cercledeconsciencia.com\/ca\/activitats\/taller-obert-de-la-formacio-transpersonal-el-buit-fertil\/","og_locale":"ca_ES","og_type":"article","og_title":"Taller Abierto de la Formaci\u00f3n Transpersonal: El Vac\u00edo F\u00e9rtil - Cercle de Consci\u00e8ncia","og_description":"Deconstruir nuestra expresividad cotidiana y desidentificarnos de patrones. Partiendo de la ley dionisiaca de la entrega a vivir y expresar desde el cuerpo, entraremos en la decontruccion de nuestra expresividad [&hellip;]","og_url":"https:\/\/cercledeconsciencia.com\/ca\/activitats\/taller-obert-de-la-formacio-transpersonal-el-buit-fertil\/","og_site_name":"Cercle de Consci\u00e8ncia","article_publisher":"https:\/\/www.facebook.com\/Cercledeconscienciabarcelona?_rdr","article_modified_time":"2024-10-18T12:24:41+00:00","og_image":[{"width":1000,"height":667,"url":"https:\/\/cercledeconsciencia.com\/wp-content\/uploads\/2024\/10\/shutterstock_2203293273.jpg","type":"image\/jpeg"}],"twitter_card":"summary_large_image","twitter_misc":{"Temps estimat de lectura":"2 minuts"},"schema":{"@context":"https:\/\/schema.org","@graph":[{"@type":"WebPage","@id":"https:\/\/cercledeconsciencia.com\/actividades\/taller-abierto-de-la-formacion-transpersonal-el-vacio-fertil\/","url":"https:\/\/cercledeconsciencia.com\/actividades\/taller-abierto-de-la-formacion-transpersonal-el-vacio-fertil\/","name":"Taller Obert de la Formaci\u00f3 Transpersonal: El Buit F\u00e8rtil - Cercle de Consci\u00e8ncia","isPartOf":{"@id":"https:\/\/cercledeconsciencia.com\/#website"},"primaryImageOfPage":{"@id":"https:\/\/cercledeconsciencia.com\/actividades\/taller-abierto-de-la-formacion-transpersonal-el-vacio-fertil\/#primaryimage"},"image":{"@id":"https:\/\/cercledeconsciencia.com\/actividades\/taller-abierto-de-la-formacion-transpersonal-el-vacio-fertil\/#primaryimage"},"thumbnailUrl":"https:\/\/cercledeconsciencia.com\/wp-content\/uploads\/2024\/10\/shutterstock_2203293273.jpg","datePublished":"2024-10-18T08:38:40+00:00","dateModified":"2024-10-18T12:24:41+00:00","breadcrumb":{"@id":"https:\/\/cercledeconsciencia.com\/actividades\/taller-abierto-de-la-formacion-transpersonal-el-vacio-fertil\/#breadcrumb"},"inLanguage":"ca","potentialAction":[{"@type":"ReadAction","target":["https:\/\/cercledeconsciencia.com\/actividades\/taller-abierto-de-la-formacion-transpersonal-el-vacio-fertil\/"]}]},{"@type":"ImageObject","inLanguage":"ca","@id":"https:\/\/cercledeconsciencia.com\/actividades\/taller-abierto-de-la-formacion-transpersonal-el-vacio-fertil\/#primaryimage","url":"https:\/\/cercledeconsciencia.com\/wp-content\/uploads\/2024\/10\/shutterstock_2203293273.jpg","contentUrl":"https:\/\/cercledeconsciencia.com\/wp-content\/uploads\/2024\/10\/shutterstock_2203293273.jpg","width":1000,"height":667},{"@type":"BreadcrumbList","@id":"https:\/\/cercledeconsciencia.com\/actividades\/taller-abierto-de-la-formacion-transpersonal-el-vacio-fertil\/#breadcrumb","itemListElement":[{"@type":"ListItem","position":1,"name":"Portada","item":"https:\/\/cercledeconsciencia.com\/"},{"@type":"ListItem","position":2,"name":"Eventos","item":"https:\/\/cercledeconsciencia.com\/actividades\/"},{"@type":"ListItem","position":3,"name":"Taller Abierto de la Formaci\u00f3n Transpersonal: El Vac\u00edo F\u00e9rtil"}]},{"@type":"WebSite","@id":"https:\/\/cercledeconsciencia.com\/#website","url":"https:\/\/cercledeconsciencia.com\/","name":"Cercle de Consci\u00e8ncia","description":"Centre de Formaci\u00f3 i Ter\u00e0pies","publisher":{"@id":"https:\/\/cercledeconsciencia.com\/#organization"},"potentialAction":[{"@type":"SearchAction","target":{"@type":"EntryPoint","urlTemplate":"https:\/\/cercledeconsciencia.com\/?s={search_term_string}"},"query-input":{"@type":"PropertyValueSpecification","valueRequired":true,"valueName":"search_term_string"}}],"inLanguage":"ca"},{"@type":"Organization","@id":"https:\/\/cercledeconsciencia.com\/#organization","name":"Cercle de Consci\u00e8ncia","url":"https:\/\/cercledeconsciencia.com\/","logo":{"@type":"ImageObject","inLanguage":"ca","@id":"https:\/\/cercledeconsciencia.com\/#\/schema\/logo\/image\/","url":"https:\/\/cercledeconsciencia.com\/wp-content\/uploads\/2023\/07\/logo.png","contentUrl":"https:\/\/cercledeconsciencia.com\/wp-content\/uploads\/2023\/07\/logo.png","width":239,"height":68,"caption":"Cercle de Consci\u00e8ncia"},"image":{"@id":"https:\/\/cercledeconsciencia.com\/#\/schema\/logo\/image\/"},"sameAs":["https:\/\/www.facebook.com\/Cercledeconscienciabarcelona?_rdr","https:\/\/www.instagram.com\/cercledeconsciencia\/","https:\/\/www.youtube.com\/c\/cercledeconsciencia"]}]}},"_links":{"self":[{"href":"https:\/\/cercledeconsciencia.com\/ca\/wp-json\/wp\/v2\/mec-events\/5088","targetHints":{"allow":["GET"]}}],"collection":[{"href":"https:\/\/cercledeconsciencia.com\/ca\/wp-json\/wp\/v2\/mec-events"}],"about":[{"href":"https:\/\/cercledeconsciencia.com\/ca\/wp-json\/wp\/v2\/types\/mec-events"}],"author":[{"embeddable":true,"href":"https:\/\/cercledeconsciencia.com\/ca\/wp-json\/wp\/v2\/users\/2"}],"replies":[{"embeddable":true,"href":"https:\/\/cercledeconsciencia.com\/ca\/wp-json\/wp\/v2\/comments?post=5088"}],"wp:featuredmedia":[{"embeddable":true,"href":"https:\/\/cercledeconsciencia.com\/ca\/wp-json\/wp\/v2\/media\/5089"}],"wp:attachment":[{"href":"https:\/\/cercledeconsciencia.com\/ca\/wp-json\/wp\/v2\/media?parent=5088"}],"wp:term":[{"taxonomy":"post_tag","embeddable":true,"href":"https:\/\/cercledeconsciencia.com\/ca\/wp-json\/wp\/v2\/tags?post=5088"},{"taxonomy":"mec_category","embeddable":true,"href":"https:\/\/cercledeconsciencia.com\/ca\/wp-json\/wp\/v2\/mec_category?post=5088"},{"taxonomy":"mec_speaker","embeddable":true,"href":"https:\/\/cercledeconsciencia.com\/ca\/wp-json\/wp\/v2\/mec_speaker?post=5088"}],"curies":[{"name":"wp","href":"https:\/\/api.w.org\/{rel}","templated":true}]}}