{"id":5168,"date":"2024-12-17T16:11:43","date_gmt":"2024-12-17T16:11:43","guid":{"rendered":"https:\/\/cercledeconsciencia.com\/?post_type=mec-events&#038;p=5168"},"modified":"2024-12-17T16:11:43","modified_gmt":"2024-12-17T16:11:43","slug":"introductori-a-la-formacio-de-tci-un-cami-cap-a-habitar-el-cos-que-em-constitueix-a-laqui-i-ara","status":"publish","type":"mec-events","link":"https:\/\/cercledeconsciencia.com\/ca\/actividades\/introductorio-a-la-formacion-de-tci-un-camino-hacia-habitar-el-cuerpo-que-me-constituye-en-el-aqui-y-ahora\/","title":{"rendered":"Introductori a la Formaci\u00f3 de TCI: Un cam\u00ed cap a habitar el cos que em constitueix a l&#039;aqu\u00ed i ara"},"content":{"rendered":"<p>En el nostre fer diari poques vegades connectem amb all\u00f2 que realment necessitem i ens d\u00f3na benestar. La nostra ment es porta tota la nostra atenci\u00f3 i ens desconnecta del cos, cosa que ens dificulta la identificaci\u00f3 i registre de les nostres emocions i sensacions corporals, que precisament s\u00f3n les missatgeres de les nostres necessitats.<\/p>\n<p><strong>En aquest introductori a la TCI podrem experimentar a trav\u00e9s de les propostes corporals, l&#039;harmonia que es desplega al cos, quan el flexibilitzo i puc recuperar la capacitat perduda de sincronitzar el moviment, amb l&#039;atenci\u00f3 i la percepci\u00f3 de les sensacions corporals que em connecten amb l&#039;impuls de vida i el gaudi d&#039;habitar el cos, amb coher\u00e8ncia.<\/strong><\/p>\n<p>Facilita: <strong>Berta Clotet. <\/strong>Psic\u00f2loga i Terapeuta Sist\u00e8mica Familiar. TCI i Gestalt Infantil. M\u00e8tode Integraci\u00f3 Cognitiu Corporal, Espais Naixents i Al cor del trauma. Experta en intervenci\u00f3 social. Acompanyament psicoterap\u00e8utic a adolescents, joves, adults, parella i fam\u00edlia.<\/p>\n<p><strong>M\u00e9s informaci\u00f3 i inscripcions<\/strong>:<\/p>\n<p>Escriu un correu a coordinacio.tci.bcn@cercledeconsciencia.com<\/p>\n<p>Truca al 938 524 892<\/p>\n<p><strong>Preu<\/strong>: 15\u20ac<\/p>\n<p><strong>Espai TCI<\/strong> (C\/Pau Alsina, 35) SALA A.<\/p>\n<p>*Imprescindible inscripci\u00f3 pr\u00e8via.<\/p>","protected":false},"excerpt":{"rendered":"<p>En nuestro hacer diario pocas veces conectamos con lo que realmente necesitamos y nos da bienestar. Nuestra mente se lleva toda nuestra atenci\u00f3n y nos desconecta del cuerpo, lo quenos [&hellip;]<\/p>\n","protected":false},"author":2,"featured_media":5169,"comment_status":"open","ping_status":"closed","template":"","tags":[],"mec_category":[71,54],"mec_speaker":[162],"class_list":["post-5168","mec-events","type-mec-events","status-publish","has-post-thumbnail","hentry","mec_category-cuerpo","mec_category-introductorio-formacion"],"yoast_head":"<!-- This site is optimized with the Yoast SEO plugin v27.4 - https:\/\/yoast.com\/product\/yoast-seo-wordpress\/ -->\n<title>Introductorio a la Formaci\u00f3n de TCI: Un camino hacia habitar el cuerpo que me constituye en el aqu\u00ed y ahora - Cercle de Consci\u00e8ncia<\/title>\n<meta name=\"robots\" content=\"index, follow, max-snippet:-1, max-image-preview:large, max-video-preview:-1\" \/>\n<link rel=\"canonical\" href=\"https:\/\/cercledeconsciencia.com\/ca\/activitats\/introductori-a-la-formacio-de-tci-un-cami-cap-a-habitar-el-cos-que-em-constitueix-a-laqui-i-ara\/\" \/>\n<meta property=\"og:locale\" content=\"ca_ES\" \/>\n<meta property=\"og:type\" content=\"article\" \/>\n<meta property=\"og:title\" content=\"Introductorio a la Formaci\u00f3n de TCI: Un camino hacia habitar el cuerpo que me constituye en el aqu\u00ed y ahora - Cercle de Consci\u00e8ncia\" \/>\n<meta property=\"og:description\" content=\"En nuestro hacer diario pocas veces conectamos con lo que realmente necesitamos y nos da bienestar. Nuestra mente se lleva toda nuestra atenci\u00f3n y nos desconecta del cuerpo, lo quenos [&hellip;]\" \/>\n<meta property=\"og:url\" content=\"https:\/\/cercledeconsciencia.com\/ca\/activitats\/introductori-a-la-formacio-de-tci-un-cami-cap-a-habitar-el-cos-que-em-constitueix-a-laqui-i-ara\/\" \/>\n<meta property=\"og:site_name\" content=\"Cercle de Consci\u00e8ncia\" \/>\n<meta property=\"article:publisher\" content=\"https:\/\/www.facebook.com\/Cercledeconscienciabarcelona?_rdr\" \/>\n<meta property=\"og:image\" content=\"https:\/\/cercledeconsciencia.com\/wp-content\/uploads\/2024\/12\/Captura-de-pantalla-2024-12-13-a-las-11.38.52.png\" \/>\n\t<meta property=\"og:image:width\" content=\"752\" \/>\n\t<meta property=\"og:image:height\" content=\"520\" \/>\n\t<meta property=\"og:image:type\" content=\"image\/png\" \/>\n<meta name=\"twitter:card\" content=\"summary_large_image\" \/>\n<meta name=\"twitter:label1\" content=\"Temps estimat de lectura\" \/>\n\t<meta name=\"twitter:data1\" content=\"2 minuts\" \/>\n<script type=\"application\/ld+json\" class=\"yoast-schema-graph\">{\"@context\":\"https:\\\/\\\/schema.org\",\"@graph\":[{\"@type\":\"WebPage\",\"@id\":\"https:\\\/\\\/cercledeconsciencia.com\\\/actividades\\\/introductorio-a-la-formacion-de-tci-un-camino-hacia-habitar-el-cuerpo-que-me-constituye-en-el-aqui-y-ahora\\\/\",\"url\":\"https:\\\/\\\/cercledeconsciencia.com\\\/actividades\\\/introductorio-a-la-formacion-de-tci-un-camino-hacia-habitar-el-cuerpo-que-me-constituye-en-el-aqui-y-ahora\\\/\",\"name\":\"Introductorio a la Formaci\u00f3n de TCI: Un camino hacia habitar el cuerpo que me constituye en el aqu\u00ed y ahora - Cercle de Consci\u00e8ncia\",\"isPartOf\":{\"@id\":\"https:\\\/\\\/cercledeconsciencia.com\\\/#website\"},\"primaryImageOfPage\":{\"@id\":\"https:\\\/\\\/cercledeconsciencia.com\\\/actividades\\\/introductorio-a-la-formacion-de-tci-un-camino-hacia-habitar-el-cuerpo-que-me-constituye-en-el-aqui-y-ahora\\\/#primaryimage\"},\"image\":{\"@id\":\"https:\\\/\\\/cercledeconsciencia.com\\\/actividades\\\/introductorio-a-la-formacion-de-tci-un-camino-hacia-habitar-el-cuerpo-que-me-constituye-en-el-aqui-y-ahora\\\/#primaryimage\"},\"thumbnailUrl\":\"https:\\\/\\\/cercledeconsciencia.com\\\/wp-content\\\/uploads\\\/2024\\\/12\\\/Captura-de-pantalla-2024-12-13-a-las-11.38.52.png\",\"datePublished\":\"2024-12-17T16:11:43+00:00\",\"breadcrumb\":{\"@id\":\"https:\\\/\\\/cercledeconsciencia.com\\\/actividades\\\/introductorio-a-la-formacion-de-tci-un-camino-hacia-habitar-el-cuerpo-que-me-constituye-en-el-aqui-y-ahora\\\/#breadcrumb\"},\"inLanguage\":\"ca\",\"potentialAction\":[{\"@type\":\"ReadAction\",\"target\":[\"https:\\\/\\\/cercledeconsciencia.com\\\/actividades\\\/introductorio-a-la-formacion-de-tci-un-camino-hacia-habitar-el-cuerpo-que-me-constituye-en-el-aqui-y-ahora\\\/\"]}]},{\"@type\":\"ImageObject\",\"inLanguage\":\"ca\",\"@id\":\"https:\\\/\\\/cercledeconsciencia.com\\\/actividades\\\/introductorio-a-la-formacion-de-tci-un-camino-hacia-habitar-el-cuerpo-que-me-constituye-en-el-aqui-y-ahora\\\/#primaryimage\",\"url\":\"https:\\\/\\\/cercledeconsciencia.com\\\/wp-content\\\/uploads\\\/2024\\\/12\\\/Captura-de-pantalla-2024-12-13-a-las-11.38.52.png\",\"contentUrl\":\"https:\\\/\\\/cercledeconsciencia.com\\\/wp-content\\\/uploads\\\/2024\\\/12\\\/Captura-de-pantalla-2024-12-13-a-las-11.38.52.png\",\"width\":752,\"height\":520},{\"@type\":\"BreadcrumbList\",\"@id\":\"https:\\\/\\\/cercledeconsciencia.com\\\/actividades\\\/introductorio-a-la-formacion-de-tci-un-camino-hacia-habitar-el-cuerpo-que-me-constituye-en-el-aqui-y-ahora\\\/#breadcrumb\",\"itemListElement\":[{\"@type\":\"ListItem\",\"position\":1,\"name\":\"Portada\",\"item\":\"https:\\\/\\\/cercledeconsciencia.com\\\/\"},{\"@type\":\"ListItem\",\"position\":2,\"name\":\"Eventos\",\"item\":\"https:\\\/\\\/cercledeconsciencia.com\\\/actividades\\\/\"},{\"@type\":\"ListItem\",\"position\":3,\"name\":\"Introductorio a la Formaci\u00f3n de TCI: Un camino hacia habitar el cuerpo que me constituye en el aqu\u00ed y ahora\"}]},{\"@type\":\"WebSite\",\"@id\":\"https:\\\/\\\/cercledeconsciencia.com\\\/#website\",\"url\":\"https:\\\/\\\/cercledeconsciencia.com\\\/\",\"name\":\"Cercle de Consci\u00e8ncia\",\"description\":\"Centro de Formaci\u00f3n y Terapias\",\"publisher\":{\"@id\":\"https:\\\/\\\/cercledeconsciencia.com\\\/#organization\"},\"potentialAction\":[{\"@type\":\"SearchAction\",\"target\":{\"@type\":\"EntryPoint\",\"urlTemplate\":\"https:\\\/\\\/cercledeconsciencia.com\\\/?s={search_term_string}\"},\"query-input\":{\"@type\":\"PropertyValueSpecification\",\"valueRequired\":true,\"valueName\":\"search_term_string\"}}],\"inLanguage\":\"ca\"},{\"@type\":\"Organization\",\"@id\":\"https:\\\/\\\/cercledeconsciencia.com\\\/#organization\",\"name\":\"Cercle de Consci\u00e8ncia\",\"url\":\"https:\\\/\\\/cercledeconsciencia.com\\\/\",\"logo\":{\"@type\":\"ImageObject\",\"inLanguage\":\"ca\",\"@id\":\"https:\\\/\\\/cercledeconsciencia.com\\\/#\\\/schema\\\/logo\\\/image\\\/\",\"url\":\"https:\\\/\\\/cercledeconsciencia.com\\\/wp-content\\\/uploads\\\/2023\\\/07\\\/logo.png\",\"contentUrl\":\"https:\\\/\\\/cercledeconsciencia.com\\\/wp-content\\\/uploads\\\/2023\\\/07\\\/logo.png\",\"width\":239,\"height\":68,\"caption\":\"Cercle de Consci\u00e8ncia\"},\"image\":{\"@id\":\"https:\\\/\\\/cercledeconsciencia.com\\\/#\\\/schema\\\/logo\\\/image\\\/\"},\"sameAs\":[\"https:\\\/\\\/www.facebook.com\\\/Cercledeconscienciabarcelona?_rdr\",\"https:\\\/\\\/www.instagram.com\\\/cercledeconsciencia\\\/\",\"https:\\\/\\\/www.youtube.com\\\/c\\\/cercledeconsciencia\"]}]}<\/script>\n<!-- \/ Yoast SEO plugin. -->","yoast_head_json":{"title":"Introductori a la Formaci\u00f3 de TCI: Un cam\u00ed cap a habitar el cos que em constitueix a l&#039;aqu\u00ed i ara - Cercle de Consci\u00e8ncia","robots":{"index":"index","follow":"follow","max-snippet":"max-snippet:-1","max-image-preview":"max-image-preview:large","max-video-preview":"max-video-preview:-1"},"canonical":"https:\/\/cercledeconsciencia.com\/ca\/activitats\/introductori-a-la-formacio-de-tci-un-cami-cap-a-habitar-el-cos-que-em-constitueix-a-laqui-i-ara\/","og_locale":"ca_ES","og_type":"article","og_title":"Introductorio a la Formaci\u00f3n de TCI: Un camino hacia habitar el cuerpo que me constituye en el aqu\u00ed y ahora - Cercle de Consci\u00e8ncia","og_description":"En nuestro hacer diario pocas veces conectamos con lo que realmente necesitamos y nos da bienestar. Nuestra mente se lleva toda nuestra atenci\u00f3n y nos desconecta del cuerpo, lo quenos [&hellip;]","og_url":"https:\/\/cercledeconsciencia.com\/ca\/activitats\/introductori-a-la-formacio-de-tci-un-cami-cap-a-habitar-el-cos-que-em-constitueix-a-laqui-i-ara\/","og_site_name":"Cercle de Consci\u00e8ncia","article_publisher":"https:\/\/www.facebook.com\/Cercledeconscienciabarcelona?_rdr","og_image":[{"width":752,"height":520,"url":"https:\/\/cercledeconsciencia.com\/wp-content\/uploads\/2024\/12\/Captura-de-pantalla-2024-12-13-a-las-11.38.52.png","type":"image\/png"}],"twitter_card":"summary_large_image","twitter_misc":{"Temps estimat de lectura":"2 minuts"},"schema":{"@context":"https:\/\/schema.org","@graph":[{"@type":"WebPage","@id":"https:\/\/cercledeconsciencia.com\/actividades\/introductorio-a-la-formacion-de-tci-un-camino-hacia-habitar-el-cuerpo-que-me-constituye-en-el-aqui-y-ahora\/","url":"https:\/\/cercledeconsciencia.com\/actividades\/introductorio-a-la-formacion-de-tci-un-camino-hacia-habitar-el-cuerpo-que-me-constituye-en-el-aqui-y-ahora\/","name":"Introductori a la Formaci\u00f3 de TCI: Un cam\u00ed cap a habitar el cos que em constitueix a l&#039;aqu\u00ed i ara - Cercle de Consci\u00e8ncia","isPartOf":{"@id":"https:\/\/cercledeconsciencia.com\/#website"},"primaryImageOfPage":{"@id":"https:\/\/cercledeconsciencia.com\/actividades\/introductorio-a-la-formacion-de-tci-un-camino-hacia-habitar-el-cuerpo-que-me-constituye-en-el-aqui-y-ahora\/#primaryimage"},"image":{"@id":"https:\/\/cercledeconsciencia.com\/actividades\/introductorio-a-la-formacion-de-tci-un-camino-hacia-habitar-el-cuerpo-que-me-constituye-en-el-aqui-y-ahora\/#primaryimage"},"thumbnailUrl":"https:\/\/cercledeconsciencia.com\/wp-content\/uploads\/2024\/12\/Captura-de-pantalla-2024-12-13-a-las-11.38.52.png","datePublished":"2024-12-17T16:11:43+00:00","breadcrumb":{"@id":"https:\/\/cercledeconsciencia.com\/actividades\/introductorio-a-la-formacion-de-tci-un-camino-hacia-habitar-el-cuerpo-que-me-constituye-en-el-aqui-y-ahora\/#breadcrumb"},"inLanguage":"ca","potentialAction":[{"@type":"ReadAction","target":["https:\/\/cercledeconsciencia.com\/actividades\/introductorio-a-la-formacion-de-tci-un-camino-hacia-habitar-el-cuerpo-que-me-constituye-en-el-aqui-y-ahora\/"]}]},{"@type":"ImageObject","inLanguage":"ca","@id":"https:\/\/cercledeconsciencia.com\/actividades\/introductorio-a-la-formacion-de-tci-un-camino-hacia-habitar-el-cuerpo-que-me-constituye-en-el-aqui-y-ahora\/#primaryimage","url":"https:\/\/cercledeconsciencia.com\/wp-content\/uploads\/2024\/12\/Captura-de-pantalla-2024-12-13-a-las-11.38.52.png","contentUrl":"https:\/\/cercledeconsciencia.com\/wp-content\/uploads\/2024\/12\/Captura-de-pantalla-2024-12-13-a-las-11.38.52.png","width":752,"height":520},{"@type":"BreadcrumbList","@id":"https:\/\/cercledeconsciencia.com\/actividades\/introductorio-a-la-formacion-de-tci-un-camino-hacia-habitar-el-cuerpo-que-me-constituye-en-el-aqui-y-ahora\/#breadcrumb","itemListElement":[{"@type":"ListItem","position":1,"name":"Portada","item":"https:\/\/cercledeconsciencia.com\/"},{"@type":"ListItem","position":2,"name":"Eventos","item":"https:\/\/cercledeconsciencia.com\/actividades\/"},{"@type":"ListItem","position":3,"name":"Introductorio a la Formaci\u00f3n de TCI: Un camino hacia habitar el cuerpo que me constituye en el aqu\u00ed y ahora"}]},{"@type":"WebSite","@id":"https:\/\/cercledeconsciencia.com\/#website","url":"https:\/\/cercledeconsciencia.com\/","name":"Cercle de Consci\u00e8ncia","description":"Centre de Formaci\u00f3 i Ter\u00e0pies","publisher":{"@id":"https:\/\/cercledeconsciencia.com\/#organization"},"potentialAction":[{"@type":"SearchAction","target":{"@type":"EntryPoint","urlTemplate":"https:\/\/cercledeconsciencia.com\/?s={search_term_string}"},"query-input":{"@type":"PropertyValueSpecification","valueRequired":true,"valueName":"search_term_string"}}],"inLanguage":"ca"},{"@type":"Organization","@id":"https:\/\/cercledeconsciencia.com\/#organization","name":"Cercle de Consci\u00e8ncia","url":"https:\/\/cercledeconsciencia.com\/","logo":{"@type":"ImageObject","inLanguage":"ca","@id":"https:\/\/cercledeconsciencia.com\/#\/schema\/logo\/image\/","url":"https:\/\/cercledeconsciencia.com\/wp-content\/uploads\/2023\/07\/logo.png","contentUrl":"https:\/\/cercledeconsciencia.com\/wp-content\/uploads\/2023\/07\/logo.png","width":239,"height":68,"caption":"Cercle de Consci\u00e8ncia"},"image":{"@id":"https:\/\/cercledeconsciencia.com\/#\/schema\/logo\/image\/"},"sameAs":["https:\/\/www.facebook.com\/Cercledeconscienciabarcelona?_rdr","https:\/\/www.instagram.com\/cercledeconsciencia\/","https:\/\/www.youtube.com\/c\/cercledeconsciencia"]}]}},"_links":{"self":[{"href":"https:\/\/cercledeconsciencia.com\/ca\/wp-json\/wp\/v2\/mec-events\/5168","targetHints":{"allow":["GET"]}}],"collection":[{"href":"https:\/\/cercledeconsciencia.com\/ca\/wp-json\/wp\/v2\/mec-events"}],"about":[{"href":"https:\/\/cercledeconsciencia.com\/ca\/wp-json\/wp\/v2\/types\/mec-events"}],"author":[{"embeddable":true,"href":"https:\/\/cercledeconsciencia.com\/ca\/wp-json\/wp\/v2\/users\/2"}],"replies":[{"embeddable":true,"href":"https:\/\/cercledeconsciencia.com\/ca\/wp-json\/wp\/v2\/comments?post=5168"}],"wp:featuredmedia":[{"embeddable":true,"href":"https:\/\/cercledeconsciencia.com\/ca\/wp-json\/wp\/v2\/media\/5169"}],"wp:attachment":[{"href":"https:\/\/cercledeconsciencia.com\/ca\/wp-json\/wp\/v2\/media?parent=5168"}],"wp:term":[{"taxonomy":"post_tag","embeddable":true,"href":"https:\/\/cercledeconsciencia.com\/ca\/wp-json\/wp\/v2\/tags?post=5168"},{"taxonomy":"mec_category","embeddable":true,"href":"https:\/\/cercledeconsciencia.com\/ca\/wp-json\/wp\/v2\/mec_category?post=5168"},{"taxonomy":"mec_speaker","embeddable":true,"href":"https:\/\/cercledeconsciencia.com\/ca\/wp-json\/wp\/v2\/mec_speaker?post=5168"}],"curies":[{"name":"wp","href":"https:\/\/api.w.org\/{rel}","templated":true}]}}