{"id":5183,"date":"2025-01-20T15:29:08","date_gmt":"2025-01-20T15:29:08","guid":{"rendered":"https:\/\/cercledeconsciencia.com\/?post_type=mec-events&#038;p=5183"},"modified":"2025-01-21T16:49:28","modified_gmt":"2025-01-21T16:49:28","slug":"conferencia-en-linia-afluixar-la-cuirassa-muscular-per-obrir-el-cor","status":"publish","type":"mec-events","link":"https:\/\/cercledeconsciencia.com\/ca\/actividades\/conferencia-online-aflojar-la-coraza-muscular-para-abrir-el-corazon\/","title":{"rendered":"Confer\u00e8ncia Online: Afluixar la cuirassa muscular per obrir el cor"},"content":{"rendered":"<p>CONFER\u00c8NCIA ONLINE GRATU\u00cfTA<\/p>\n<p>Al nostre cos estan registrades totes les experi\u00e8ncies vitals. A mesura que vivim esdeveniments dif\u00edcils, frustrants o dolorosos, generem tensions i bloquejos musculars. Aix\u00ed es va formant la nostra cuirassa, una rigidesa associada a emocions que<br \/>\nno hem pogut expressar-ho. Aix\u00f2 ens impedeix mantenir un contacte profund tant amb nosaltres mateixos com amb l&#039;entorn.<\/p>\n<p>En aquesta trobada, parlarem de com estovar aquesta cuirassa i escoltar el nostre cos. Des de l&#039;obertura del cor podem<br \/>\nrecuperar la capacitat de sentir i donar lloc a all\u00f2 reprimit. Obrir-nos a la possibilitat de reparar aix\u00f2 que en algun moment de la nostra experi\u00e8ncia va quedar malm\u00e8s.<\/p>\n<p><strong>Imparteixen: Cristina Ribera, Helena Sagrista i Ra\u00fal Andreu.<\/strong><\/p>\n<p><strong>Dia: 20 de Febrer de 19:30 a 21h<\/strong><\/p>\n<p><a href=\"https:\/\/bit.ly\/4hcWE7P\">FES CLICK AQU\u00cd PER INSCRIURE&#039;T<\/a><\/p>\n<p>&nbsp;<\/p>","protected":false},"excerpt":{"rendered":"<p>CONFERENCIA ONLINE GRATUITA En nuestro cuerpo est\u00e1n registradas todas las experiencias vitales. A medida que vivimos acontecimientos dif\u00edciles, frustrantes o dolorosos, generamos tensiones y bloqueos musculares. As\u00ed se va formando [&hellip;]<\/p>\n","protected":false},"author":2,"featured_media":5185,"comment_status":"open","ping_status":"closed","template":"","tags":[],"mec_category":[50,71],"mec_speaker":[100,101,102],"class_list":["post-5183","mec-events","type-mec-events","status-publish","has-post-thumbnail","hentry","mec_category-conferencia","mec_category-cuerpo"],"yoast_head":"<!-- This site is optimized with the Yoast SEO plugin v27.4 - https:\/\/yoast.com\/product\/yoast-seo-wordpress\/ -->\n<title>Conferencia Online: Aflojar la coraza muscular para abrir el coraz\u00f3n - Cercle de Consci\u00e8ncia<\/title>\n<meta name=\"robots\" content=\"index, follow, max-snippet:-1, max-image-preview:large, max-video-preview:-1\" \/>\n<link rel=\"canonical\" href=\"https:\/\/cercledeconsciencia.com\/ca\/activitats\/conferencia-en-linia-afluixar-la-cuirassa-muscular-per-obrir-el-cor\/\" \/>\n<meta property=\"og:locale\" content=\"ca_ES\" \/>\n<meta property=\"og:type\" content=\"article\" \/>\n<meta property=\"og:title\" content=\"Conferencia Online: Aflojar la coraza muscular para abrir el coraz\u00f3n - Cercle de Consci\u00e8ncia\" \/>\n<meta property=\"og:description\" content=\"CONFERENCIA ONLINE GRATUITA En nuestro cuerpo est\u00e1n registradas todas las experiencias vitales. A medida que vivimos acontecimientos dif\u00edciles, frustrantes o dolorosos, generamos tensiones y bloqueos musculares. As\u00ed se va formando [&hellip;]\" \/>\n<meta property=\"og:url\" content=\"https:\/\/cercledeconsciencia.com\/ca\/activitats\/conferencia-en-linia-afluixar-la-cuirassa-muscular-per-obrir-el-cor\/\" \/>\n<meta property=\"og:site_name\" content=\"Cercle de Consci\u00e8ncia\" \/>\n<meta property=\"article:publisher\" content=\"https:\/\/www.facebook.com\/Cercledeconscienciabarcelona?_rdr\" \/>\n<meta property=\"article:modified_time\" content=\"2025-01-21T16:49:28+00:00\" \/>\n<meta property=\"og:image\" content=\"https:\/\/cercledeconsciencia.com\/wp-content\/uploads\/2025\/01\/Captura-de-pantalla-2025-01-20-a-las-16.26.29.png\" \/>\n\t<meta property=\"og:image:width\" content=\"802\" \/>\n\t<meta property=\"og:image:height\" content=\"430\" \/>\n\t<meta property=\"og:image:type\" content=\"image\/png\" \/>\n<meta name=\"twitter:card\" content=\"summary_large_image\" \/>\n<meta name=\"twitter:label1\" content=\"Temps estimat de lectura\" \/>\n\t<meta name=\"twitter:data1\" content=\"1 minut\" \/>\n<script type=\"application\/ld+json\" class=\"yoast-schema-graph\">{\"@context\":\"https:\\\/\\\/schema.org\",\"@graph\":[{\"@type\":\"WebPage\",\"@id\":\"https:\\\/\\\/cercledeconsciencia.com\\\/actividades\\\/conferencia-online-aflojar-la-coraza-muscular-para-abrir-el-corazon\\\/\",\"url\":\"https:\\\/\\\/cercledeconsciencia.com\\\/actividades\\\/conferencia-online-aflojar-la-coraza-muscular-para-abrir-el-corazon\\\/\",\"name\":\"Conferencia Online: Aflojar la coraza muscular para abrir el coraz\u00f3n - Cercle de Consci\u00e8ncia\",\"isPartOf\":{\"@id\":\"https:\\\/\\\/cercledeconsciencia.com\\\/#website\"},\"primaryImageOfPage\":{\"@id\":\"https:\\\/\\\/cercledeconsciencia.com\\\/actividades\\\/conferencia-online-aflojar-la-coraza-muscular-para-abrir-el-corazon\\\/#primaryimage\"},\"image\":{\"@id\":\"https:\\\/\\\/cercledeconsciencia.com\\\/actividades\\\/conferencia-online-aflojar-la-coraza-muscular-para-abrir-el-corazon\\\/#primaryimage\"},\"thumbnailUrl\":\"https:\\\/\\\/cercledeconsciencia.com\\\/wp-content\\\/uploads\\\/2025\\\/01\\\/Captura-de-pantalla-2025-01-20-a-las-16.26.29.png\",\"datePublished\":\"2025-01-20T15:29:08+00:00\",\"dateModified\":\"2025-01-21T16:49:28+00:00\",\"breadcrumb\":{\"@id\":\"https:\\\/\\\/cercledeconsciencia.com\\\/actividades\\\/conferencia-online-aflojar-la-coraza-muscular-para-abrir-el-corazon\\\/#breadcrumb\"},\"inLanguage\":\"ca\",\"potentialAction\":[{\"@type\":\"ReadAction\",\"target\":[\"https:\\\/\\\/cercledeconsciencia.com\\\/actividades\\\/conferencia-online-aflojar-la-coraza-muscular-para-abrir-el-corazon\\\/\"]}]},{\"@type\":\"ImageObject\",\"inLanguage\":\"ca\",\"@id\":\"https:\\\/\\\/cercledeconsciencia.com\\\/actividades\\\/conferencia-online-aflojar-la-coraza-muscular-para-abrir-el-corazon\\\/#primaryimage\",\"url\":\"https:\\\/\\\/cercledeconsciencia.com\\\/wp-content\\\/uploads\\\/2025\\\/01\\\/Captura-de-pantalla-2025-01-20-a-las-16.26.29.png\",\"contentUrl\":\"https:\\\/\\\/cercledeconsciencia.com\\\/wp-content\\\/uploads\\\/2025\\\/01\\\/Captura-de-pantalla-2025-01-20-a-las-16.26.29.png\",\"width\":802,\"height\":430},{\"@type\":\"BreadcrumbList\",\"@id\":\"https:\\\/\\\/cercledeconsciencia.com\\\/actividades\\\/conferencia-online-aflojar-la-coraza-muscular-para-abrir-el-corazon\\\/#breadcrumb\",\"itemListElement\":[{\"@type\":\"ListItem\",\"position\":1,\"name\":\"Portada\",\"item\":\"https:\\\/\\\/cercledeconsciencia.com\\\/\"},{\"@type\":\"ListItem\",\"position\":2,\"name\":\"Eventos\",\"item\":\"https:\\\/\\\/cercledeconsciencia.com\\\/actividades\\\/\"},{\"@type\":\"ListItem\",\"position\":3,\"name\":\"Conferencia Online: Aflojar la coraza muscular para abrir el coraz\u00f3n\"}]},{\"@type\":\"WebSite\",\"@id\":\"https:\\\/\\\/cercledeconsciencia.com\\\/#website\",\"url\":\"https:\\\/\\\/cercledeconsciencia.com\\\/\",\"name\":\"Cercle de Consci\u00e8ncia\",\"description\":\"Centro de Formaci\u00f3n y Terapias\",\"publisher\":{\"@id\":\"https:\\\/\\\/cercledeconsciencia.com\\\/#organization\"},\"potentialAction\":[{\"@type\":\"SearchAction\",\"target\":{\"@type\":\"EntryPoint\",\"urlTemplate\":\"https:\\\/\\\/cercledeconsciencia.com\\\/?s={search_term_string}\"},\"query-input\":{\"@type\":\"PropertyValueSpecification\",\"valueRequired\":true,\"valueName\":\"search_term_string\"}}],\"inLanguage\":\"ca\"},{\"@type\":\"Organization\",\"@id\":\"https:\\\/\\\/cercledeconsciencia.com\\\/#organization\",\"name\":\"Cercle de Consci\u00e8ncia\",\"url\":\"https:\\\/\\\/cercledeconsciencia.com\\\/\",\"logo\":{\"@type\":\"ImageObject\",\"inLanguage\":\"ca\",\"@id\":\"https:\\\/\\\/cercledeconsciencia.com\\\/#\\\/schema\\\/logo\\\/image\\\/\",\"url\":\"https:\\\/\\\/cercledeconsciencia.com\\\/wp-content\\\/uploads\\\/2023\\\/07\\\/logo.png\",\"contentUrl\":\"https:\\\/\\\/cercledeconsciencia.com\\\/wp-content\\\/uploads\\\/2023\\\/07\\\/logo.png\",\"width\":239,\"height\":68,\"caption\":\"Cercle de Consci\u00e8ncia\"},\"image\":{\"@id\":\"https:\\\/\\\/cercledeconsciencia.com\\\/#\\\/schema\\\/logo\\\/image\\\/\"},\"sameAs\":[\"https:\\\/\\\/www.facebook.com\\\/Cercledeconscienciabarcelona?_rdr\",\"https:\\\/\\\/www.instagram.com\\\/cercledeconsciencia\\\/\",\"https:\\\/\\\/www.youtube.com\\\/c\\\/cercledeconsciencia\"]}]}<\/script>\n<!-- \/ Yoast SEO plugin. -->","yoast_head_json":{"title":"Confer\u00e8ncia Online: Afluixar la cuirassa muscular per obrir el cor - Cercle de Consci\u00e8ncia","robots":{"index":"index","follow":"follow","max-snippet":"max-snippet:-1","max-image-preview":"max-image-preview:large","max-video-preview":"max-video-preview:-1"},"canonical":"https:\/\/cercledeconsciencia.com\/ca\/activitats\/conferencia-en-linia-afluixar-la-cuirassa-muscular-per-obrir-el-cor\/","og_locale":"ca_ES","og_type":"article","og_title":"Conferencia Online: Aflojar la coraza muscular para abrir el coraz\u00f3n - Cercle de Consci\u00e8ncia","og_description":"CONFERENCIA ONLINE GRATUITA En nuestro cuerpo est\u00e1n registradas todas las experiencias vitales. A medida que vivimos acontecimientos dif\u00edciles, frustrantes o dolorosos, generamos tensiones y bloqueos musculares. As\u00ed se va formando [&hellip;]","og_url":"https:\/\/cercledeconsciencia.com\/ca\/activitats\/conferencia-en-linia-afluixar-la-cuirassa-muscular-per-obrir-el-cor\/","og_site_name":"Cercle de Consci\u00e8ncia","article_publisher":"https:\/\/www.facebook.com\/Cercledeconscienciabarcelona?_rdr","article_modified_time":"2025-01-21T16:49:28+00:00","og_image":[{"width":802,"height":430,"url":"https:\/\/cercledeconsciencia.com\/wp-content\/uploads\/2025\/01\/Captura-de-pantalla-2025-01-20-a-las-16.26.29.png","type":"image\/png"}],"twitter_card":"summary_large_image","twitter_misc":{"Temps estimat de lectura":"1 minut"},"schema":{"@context":"https:\/\/schema.org","@graph":[{"@type":"WebPage","@id":"https:\/\/cercledeconsciencia.com\/actividades\/conferencia-online-aflojar-la-coraza-muscular-para-abrir-el-corazon\/","url":"https:\/\/cercledeconsciencia.com\/actividades\/conferencia-online-aflojar-la-coraza-muscular-para-abrir-el-corazon\/","name":"Confer\u00e8ncia Online: Afluixar la cuirassa muscular per obrir el cor - Cercle de Consci\u00e8ncia","isPartOf":{"@id":"https:\/\/cercledeconsciencia.com\/#website"},"primaryImageOfPage":{"@id":"https:\/\/cercledeconsciencia.com\/actividades\/conferencia-online-aflojar-la-coraza-muscular-para-abrir-el-corazon\/#primaryimage"},"image":{"@id":"https:\/\/cercledeconsciencia.com\/actividades\/conferencia-online-aflojar-la-coraza-muscular-para-abrir-el-corazon\/#primaryimage"},"thumbnailUrl":"https:\/\/cercledeconsciencia.com\/wp-content\/uploads\/2025\/01\/Captura-de-pantalla-2025-01-20-a-las-16.26.29.png","datePublished":"2025-01-20T15:29:08+00:00","dateModified":"2025-01-21T16:49:28+00:00","breadcrumb":{"@id":"https:\/\/cercledeconsciencia.com\/actividades\/conferencia-online-aflojar-la-coraza-muscular-para-abrir-el-corazon\/#breadcrumb"},"inLanguage":"ca","potentialAction":[{"@type":"ReadAction","target":["https:\/\/cercledeconsciencia.com\/actividades\/conferencia-online-aflojar-la-coraza-muscular-para-abrir-el-corazon\/"]}]},{"@type":"ImageObject","inLanguage":"ca","@id":"https:\/\/cercledeconsciencia.com\/actividades\/conferencia-online-aflojar-la-coraza-muscular-para-abrir-el-corazon\/#primaryimage","url":"https:\/\/cercledeconsciencia.com\/wp-content\/uploads\/2025\/01\/Captura-de-pantalla-2025-01-20-a-las-16.26.29.png","contentUrl":"https:\/\/cercledeconsciencia.com\/wp-content\/uploads\/2025\/01\/Captura-de-pantalla-2025-01-20-a-las-16.26.29.png","width":802,"height":430},{"@type":"BreadcrumbList","@id":"https:\/\/cercledeconsciencia.com\/actividades\/conferencia-online-aflojar-la-coraza-muscular-para-abrir-el-corazon\/#breadcrumb","itemListElement":[{"@type":"ListItem","position":1,"name":"Portada","item":"https:\/\/cercledeconsciencia.com\/"},{"@type":"ListItem","position":2,"name":"Eventos","item":"https:\/\/cercledeconsciencia.com\/actividades\/"},{"@type":"ListItem","position":3,"name":"Conferencia Online: Aflojar la coraza muscular para abrir el coraz\u00f3n"}]},{"@type":"WebSite","@id":"https:\/\/cercledeconsciencia.com\/#website","url":"https:\/\/cercledeconsciencia.com\/","name":"Cercle de Consci\u00e8ncia","description":"Centre de Formaci\u00f3 i Ter\u00e0pies","publisher":{"@id":"https:\/\/cercledeconsciencia.com\/#organization"},"potentialAction":[{"@type":"SearchAction","target":{"@type":"EntryPoint","urlTemplate":"https:\/\/cercledeconsciencia.com\/?s={search_term_string}"},"query-input":{"@type":"PropertyValueSpecification","valueRequired":true,"valueName":"search_term_string"}}],"inLanguage":"ca"},{"@type":"Organization","@id":"https:\/\/cercledeconsciencia.com\/#organization","name":"Cercle de Consci\u00e8ncia","url":"https:\/\/cercledeconsciencia.com\/","logo":{"@type":"ImageObject","inLanguage":"ca","@id":"https:\/\/cercledeconsciencia.com\/#\/schema\/logo\/image\/","url":"https:\/\/cercledeconsciencia.com\/wp-content\/uploads\/2023\/07\/logo.png","contentUrl":"https:\/\/cercledeconsciencia.com\/wp-content\/uploads\/2023\/07\/logo.png","width":239,"height":68,"caption":"Cercle de Consci\u00e8ncia"},"image":{"@id":"https:\/\/cercledeconsciencia.com\/#\/schema\/logo\/image\/"},"sameAs":["https:\/\/www.facebook.com\/Cercledeconscienciabarcelona?_rdr","https:\/\/www.instagram.com\/cercledeconsciencia\/","https:\/\/www.youtube.com\/c\/cercledeconsciencia"]}]}},"_links":{"self":[{"href":"https:\/\/cercledeconsciencia.com\/ca\/wp-json\/wp\/v2\/mec-events\/5183","targetHints":{"allow":["GET"]}}],"collection":[{"href":"https:\/\/cercledeconsciencia.com\/ca\/wp-json\/wp\/v2\/mec-events"}],"about":[{"href":"https:\/\/cercledeconsciencia.com\/ca\/wp-json\/wp\/v2\/types\/mec-events"}],"author":[{"embeddable":true,"href":"https:\/\/cercledeconsciencia.com\/ca\/wp-json\/wp\/v2\/users\/2"}],"replies":[{"embeddable":true,"href":"https:\/\/cercledeconsciencia.com\/ca\/wp-json\/wp\/v2\/comments?post=5183"}],"wp:featuredmedia":[{"embeddable":true,"href":"https:\/\/cercledeconsciencia.com\/ca\/wp-json\/wp\/v2\/media\/5185"}],"wp:attachment":[{"href":"https:\/\/cercledeconsciencia.com\/ca\/wp-json\/wp\/v2\/media?parent=5183"}],"wp:term":[{"taxonomy":"post_tag","embeddable":true,"href":"https:\/\/cercledeconsciencia.com\/ca\/wp-json\/wp\/v2\/tags?post=5183"},{"taxonomy":"mec_category","embeddable":true,"href":"https:\/\/cercledeconsciencia.com\/ca\/wp-json\/wp\/v2\/mec_category?post=5183"},{"taxonomy":"mec_speaker","embeddable":true,"href":"https:\/\/cercledeconsciencia.com\/ca\/wp-json\/wp\/v2\/mec_speaker?post=5183"}],"curies":[{"name":"wp","href":"https:\/\/api.w.org\/{rel}","templated":true}]}}