{"id":5203,"date":"2025-02-18T08:46:26","date_gmt":"2025-02-18T08:46:26","guid":{"rendered":"https:\/\/cercledeconsciencia.com\/?post_type=mec-events&#038;p=5203"},"modified":"2025-10-14T08:01:46","modified_gmt":"2025-10-14T08:01:46","slug":"experiencies-somatiques-de-reparacio","status":"publish","type":"mec-events","link":"https:\/\/cercledeconsciencia.com\/ca\/actividades\/experiencias-somaticas-de-reparacion\/","title":{"rendered":"Experi\u00e8ncies Som\u00e0tiques de Reparaci\u00f3"},"content":{"rendered":"<h5>Ter\u00e0pia Corporal des de la mirada de la reparaci\u00f3.<\/h5>\n<p><strong>Conrear des del cos una manera d&#039;acompanyar-me on la salut es desplega<\/strong>. \u00c9s un espai on a trav\u00e9s del treball corporal viurem diferents propostes que permeten que totes les meves capacitats i potencialitats es despleguin.<\/p>\n<p>Un lloc per obrir nous camins d&#039;exploraci\u00f3 de la salut. Recuperar aspectes de mi mateixa que van ser interromputs.<\/p>\n<p>A partir de l&#039;acompanyament que vivim a la inf\u00e0ncia molts aspectes no van tenir espai. <strong>Les<\/strong> <strong>experi\u00e8ncies de reparaci\u00f3 permeten tenir un registre som\u00e0tic duna manera diferent dacompanyar-me.<\/strong><\/p>\n<h5>Un espai per recuperar-te. Ser tu amb totes les possibilitats. Establir noves connexions per generar nous ancoratges.<\/h5>\n<p>A qui va dirigit?<\/p>\n<p class=\"cvGsUA direction-ltr align-start para-style-body\"><span class=\"OYPEnA font-feature-liga-off font-feature-clig-off font-feature-calt-off text-decoration-none text-strikethrough-none\">A <\/span><strong><span class=\"OYPEnA font-feature-liga-off font-feature-clig-off font-feature-calt-off text-decoration-none text-strikethrough-none\">Terapeutes<\/span><\/strong> <span class=\"OYPEnA font-feature-liga-off font-feature-clig-off font-feature-calt-off text-decoration-none text-strikethrough-none\">que vulguin acompanyar des de la mirada de la reparaci\u00f3 per recuperar la salut i incorporar eines per poder crear espais de reparaci\u00f3.<\/span><\/p>\n<p class=\"cvGsUA direction-ltr align-start para-style-body\"><span class=\"OYPEnA font-feature-liga-off font-feature-clig-off font-feature-calt-off text-decoration-none text-strikethrough-none\">A <strong>Persones<\/strong><\/span> <span class=\"OYPEnA font-feature-liga-off font-feature-clig-off font-feature-calt-off text-decoration-none text-strikethrough-none\">que vulguin treballar sobre elles mateixes des de la mirada de la possibilitat de reparar per recuperar la salut. Acompanyar-me de manera saludable.<\/span><\/p>\n<p>Hi ha dos FORMATS de cicles disponibles:<\/p>\n<ul>\n<li>Grup de <strong>Dimecres quinzenal<\/strong> de 18 a 21:30h \u2013 de setembre 2025 a juny 2026<br \/>\nCALENDARI: <span class=\"OYPEnA font-feature-liga-off font-feature-clig-off font-feature-calt-off text-decoration-none text-strikethrough-none\">17 set | 15 i 29 oct | 12 i 26 nov | <\/span><span class=\"OYPEnA font-feature-liga-off font-feature-clig-off font-feature-calt-off text-decoration-none text-strikethrough-none\">10 i 17 des | 7 i 21 gen | 4 i 18 febr | <\/span><span class=\"OYPEnA font-feature-liga-off font-feature-clig-off font-feature-calt-off text-decoration-none text-strikethrough-none\">4 i 18 mar | 8 i 22 abr | 6 i 20 mai | 3 juny<\/span><\/li>\n<li>Grup de <strong>Caps de setmana<\/strong> de setembre a gener 2026<br \/>\nCALENDARI: <span class=\"OYPEnA font-feature-liga-off font-feature-clig-off font-feature-calt-off text-decoration-none text-strikethrough-none\">27 i 28 set | 25 i 26 oct | 15 i 16 nov | 20 i 21 des | 24 i 25 gen 26<\/span><\/li>\n<\/ul>\n<p><strong>Imparteix<\/strong>: <strong>Maria Saura<\/strong>. Especialista en Ter\u00e0pia Corporal des de la mirada de la reparaci\u00f3. Docent en la formaci\u00f3 de TCI i terapeuta Gestalt. Postgrau amb Cherif Chalakani i en \u201cPrevenci\u00f3 de la neurosi\u201d amb Evania Reichert i Sergio Veleda.<\/p>\n<p><strong>Lloc<\/strong>: Espai TCI<\/p>\n<p><strong>M\u00e9s informaci\u00f3 i inscripcions<\/strong>: 661286503 | maria.saura260380@gmail.com<\/p>\n<p>*Imprescindible inscripci\u00f3 pr\u00e8via<\/p>","protected":false},"excerpt":{"rendered":"<p>Terapia Corporal desde la mirada de la reparaci\u00f3n. Cultivar desde el cuerpo una manera de acompa\u00f1arme donde la salud se despliega. Se trata de un espacio d\u00f3nde a trav\u00e9s del [&hellip;]<\/p>\n","protected":false},"author":2,"featured_media":5204,"comment_status":"open","ping_status":"closed","template":"","tags":[],"mec_category":[49,57],"mec_speaker":[99],"class_list":["post-5203","mec-events","type-mec-events","status-publish","has-post-thumbnail","hentry","mec_category-ciclos","mec_category-taller-regular"],"yoast_head":"<!-- This site is optimized with the Yoast SEO plugin v27.4 - https:\/\/yoast.com\/product\/yoast-seo-wordpress\/ -->\n<title>Experiencias Som\u00e1ticas de Reparaci\u00f3n - Cercle de Consci\u00e8ncia<\/title>\n<meta name=\"robots\" content=\"index, follow, max-snippet:-1, max-image-preview:large, max-video-preview:-1\" \/>\n<link rel=\"canonical\" href=\"https:\/\/cercledeconsciencia.com\/ca\/activitats\/experiencies-somatiques-de-reparacio\/\" \/>\n<meta property=\"og:locale\" content=\"ca_ES\" \/>\n<meta property=\"og:type\" content=\"article\" \/>\n<meta property=\"og:title\" content=\"Experiencias Som\u00e1ticas de Reparaci\u00f3n - Cercle de Consci\u00e8ncia\" \/>\n<meta property=\"og:description\" content=\"Terapia Corporal desde la mirada de la reparaci\u00f3n. Cultivar desde el cuerpo una manera de acompa\u00f1arme donde la salud se despliega. Se trata de un espacio d\u00f3nde a trav\u00e9s del [&hellip;]\" \/>\n<meta property=\"og:url\" content=\"https:\/\/cercledeconsciencia.com\/ca\/activitats\/experiencies-somatiques-de-reparacio\/\" \/>\n<meta property=\"og:site_name\" content=\"Cercle de Consci\u00e8ncia\" \/>\n<meta property=\"article:publisher\" content=\"https:\/\/www.facebook.com\/Cercledeconscienciabarcelona?_rdr\" \/>\n<meta property=\"article:modified_time\" content=\"2025-10-14T08:01:46+00:00\" \/>\n<meta property=\"og:image\" content=\"https:\/\/cercledeconsciencia.com\/wp-content\/uploads\/2025\/02\/Captura-de-pantalla-2025-02-18-a-las-9.42.10.png\" \/>\n\t<meta property=\"og:image:width\" content=\"569\" \/>\n\t<meta property=\"og:image:height\" content=\"458\" \/>\n\t<meta property=\"og:image:type\" content=\"image\/png\" \/>\n<meta name=\"twitter:card\" content=\"summary_large_image\" \/>\n<meta name=\"twitter:label1\" content=\"Temps estimat de lectura\" \/>\n\t<meta name=\"twitter:data1\" content=\"2 minuts\" \/>\n<script type=\"application\/ld+json\" class=\"yoast-schema-graph\">{\"@context\":\"https:\\\/\\\/schema.org\",\"@graph\":[{\"@type\":\"WebPage\",\"@id\":\"https:\\\/\\\/cercledeconsciencia.com\\\/actividades\\\/experiencias-somaticas-de-reparacion\\\/\",\"url\":\"https:\\\/\\\/cercledeconsciencia.com\\\/actividades\\\/experiencias-somaticas-de-reparacion\\\/\",\"name\":\"Experiencias Som\u00e1ticas de Reparaci\u00f3n - Cercle de Consci\u00e8ncia\",\"isPartOf\":{\"@id\":\"https:\\\/\\\/cercledeconsciencia.com\\\/#website\"},\"primaryImageOfPage\":{\"@id\":\"https:\\\/\\\/cercledeconsciencia.com\\\/actividades\\\/experiencias-somaticas-de-reparacion\\\/#primaryimage\"},\"image\":{\"@id\":\"https:\\\/\\\/cercledeconsciencia.com\\\/actividades\\\/experiencias-somaticas-de-reparacion\\\/#primaryimage\"},\"thumbnailUrl\":\"https:\\\/\\\/cercledeconsciencia.com\\\/wp-content\\\/uploads\\\/2025\\\/02\\\/Captura-de-pantalla-2025-02-18-a-las-9.42.10.png\",\"datePublished\":\"2025-02-18T08:46:26+00:00\",\"dateModified\":\"2025-10-14T08:01:46+00:00\",\"breadcrumb\":{\"@id\":\"https:\\\/\\\/cercledeconsciencia.com\\\/actividades\\\/experiencias-somaticas-de-reparacion\\\/#breadcrumb\"},\"inLanguage\":\"ca\",\"potentialAction\":[{\"@type\":\"ReadAction\",\"target\":[\"https:\\\/\\\/cercledeconsciencia.com\\\/actividades\\\/experiencias-somaticas-de-reparacion\\\/\"]}]},{\"@type\":\"ImageObject\",\"inLanguage\":\"ca\",\"@id\":\"https:\\\/\\\/cercledeconsciencia.com\\\/actividades\\\/experiencias-somaticas-de-reparacion\\\/#primaryimage\",\"url\":\"https:\\\/\\\/cercledeconsciencia.com\\\/wp-content\\\/uploads\\\/2025\\\/02\\\/Captura-de-pantalla-2025-02-18-a-las-9.42.10.png\",\"contentUrl\":\"https:\\\/\\\/cercledeconsciencia.com\\\/wp-content\\\/uploads\\\/2025\\\/02\\\/Captura-de-pantalla-2025-02-18-a-las-9.42.10.png\",\"width\":569,\"height\":458},{\"@type\":\"BreadcrumbList\",\"@id\":\"https:\\\/\\\/cercledeconsciencia.com\\\/actividades\\\/experiencias-somaticas-de-reparacion\\\/#breadcrumb\",\"itemListElement\":[{\"@type\":\"ListItem\",\"position\":1,\"name\":\"Portada\",\"item\":\"https:\\\/\\\/cercledeconsciencia.com\\\/\"},{\"@type\":\"ListItem\",\"position\":2,\"name\":\"Eventos\",\"item\":\"https:\\\/\\\/cercledeconsciencia.com\\\/actividades\\\/\"},{\"@type\":\"ListItem\",\"position\":3,\"name\":\"Experiencias Som\u00e1ticas de Reparaci\u00f3n\"}]},{\"@type\":\"WebSite\",\"@id\":\"https:\\\/\\\/cercledeconsciencia.com\\\/#website\",\"url\":\"https:\\\/\\\/cercledeconsciencia.com\\\/\",\"name\":\"Cercle de Consci\u00e8ncia\",\"description\":\"Centro de Formaci\u00f3n y Terapias\",\"publisher\":{\"@id\":\"https:\\\/\\\/cercledeconsciencia.com\\\/#organization\"},\"potentialAction\":[{\"@type\":\"SearchAction\",\"target\":{\"@type\":\"EntryPoint\",\"urlTemplate\":\"https:\\\/\\\/cercledeconsciencia.com\\\/?s={search_term_string}\"},\"query-input\":{\"@type\":\"PropertyValueSpecification\",\"valueRequired\":true,\"valueName\":\"search_term_string\"}}],\"inLanguage\":\"ca\"},{\"@type\":\"Organization\",\"@id\":\"https:\\\/\\\/cercledeconsciencia.com\\\/#organization\",\"name\":\"Cercle de Consci\u00e8ncia\",\"url\":\"https:\\\/\\\/cercledeconsciencia.com\\\/\",\"logo\":{\"@type\":\"ImageObject\",\"inLanguage\":\"ca\",\"@id\":\"https:\\\/\\\/cercledeconsciencia.com\\\/#\\\/schema\\\/logo\\\/image\\\/\",\"url\":\"https:\\\/\\\/cercledeconsciencia.com\\\/wp-content\\\/uploads\\\/2023\\\/07\\\/logo.png\",\"contentUrl\":\"https:\\\/\\\/cercledeconsciencia.com\\\/wp-content\\\/uploads\\\/2023\\\/07\\\/logo.png\",\"width\":239,\"height\":68,\"caption\":\"Cercle de Consci\u00e8ncia\"},\"image\":{\"@id\":\"https:\\\/\\\/cercledeconsciencia.com\\\/#\\\/schema\\\/logo\\\/image\\\/\"},\"sameAs\":[\"https:\\\/\\\/www.facebook.com\\\/Cercledeconscienciabarcelona?_rdr\",\"https:\\\/\\\/www.instagram.com\\\/cercledeconsciencia\\\/\",\"https:\\\/\\\/www.youtube.com\\\/c\\\/cercledeconsciencia\"]}]}<\/script>\n<!-- \/ Yoast SEO plugin. -->","yoast_head_json":{"title":"Experi\u00e8ncies Som\u00e0tiques de Reparaci\u00f3 - Cercle de Consci\u00e8ncia","robots":{"index":"index","follow":"follow","max-snippet":"max-snippet:-1","max-image-preview":"max-image-preview:large","max-video-preview":"max-video-preview:-1"},"canonical":"https:\/\/cercledeconsciencia.com\/ca\/activitats\/experiencies-somatiques-de-reparacio\/","og_locale":"ca_ES","og_type":"article","og_title":"Experiencias Som\u00e1ticas de Reparaci\u00f3n - Cercle de Consci\u00e8ncia","og_description":"Terapia Corporal desde la mirada de la reparaci\u00f3n. Cultivar desde el cuerpo una manera de acompa\u00f1arme donde la salud se despliega. Se trata de un espacio d\u00f3nde a trav\u00e9s del [&hellip;]","og_url":"https:\/\/cercledeconsciencia.com\/ca\/activitats\/experiencies-somatiques-de-reparacio\/","og_site_name":"Cercle de Consci\u00e8ncia","article_publisher":"https:\/\/www.facebook.com\/Cercledeconscienciabarcelona?_rdr","article_modified_time":"2025-10-14T08:01:46+00:00","og_image":[{"width":569,"height":458,"url":"https:\/\/cercledeconsciencia.com\/wp-content\/uploads\/2025\/02\/Captura-de-pantalla-2025-02-18-a-las-9.42.10.png","type":"image\/png"}],"twitter_card":"summary_large_image","twitter_misc":{"Temps estimat de lectura":"2 minuts"},"schema":{"@context":"https:\/\/schema.org","@graph":[{"@type":"WebPage","@id":"https:\/\/cercledeconsciencia.com\/actividades\/experiencias-somaticas-de-reparacion\/","url":"https:\/\/cercledeconsciencia.com\/actividades\/experiencias-somaticas-de-reparacion\/","name":"Experi\u00e8ncies Som\u00e0tiques de Reparaci\u00f3 - Cercle de Consci\u00e8ncia","isPartOf":{"@id":"https:\/\/cercledeconsciencia.com\/#website"},"primaryImageOfPage":{"@id":"https:\/\/cercledeconsciencia.com\/actividades\/experiencias-somaticas-de-reparacion\/#primaryimage"},"image":{"@id":"https:\/\/cercledeconsciencia.com\/actividades\/experiencias-somaticas-de-reparacion\/#primaryimage"},"thumbnailUrl":"https:\/\/cercledeconsciencia.com\/wp-content\/uploads\/2025\/02\/Captura-de-pantalla-2025-02-18-a-las-9.42.10.png","datePublished":"2025-02-18T08:46:26+00:00","dateModified":"2025-10-14T08:01:46+00:00","breadcrumb":{"@id":"https:\/\/cercledeconsciencia.com\/actividades\/experiencias-somaticas-de-reparacion\/#breadcrumb"},"inLanguage":"ca","potentialAction":[{"@type":"ReadAction","target":["https:\/\/cercledeconsciencia.com\/actividades\/experiencias-somaticas-de-reparacion\/"]}]},{"@type":"ImageObject","inLanguage":"ca","@id":"https:\/\/cercledeconsciencia.com\/actividades\/experiencias-somaticas-de-reparacion\/#primaryimage","url":"https:\/\/cercledeconsciencia.com\/wp-content\/uploads\/2025\/02\/Captura-de-pantalla-2025-02-18-a-las-9.42.10.png","contentUrl":"https:\/\/cercledeconsciencia.com\/wp-content\/uploads\/2025\/02\/Captura-de-pantalla-2025-02-18-a-las-9.42.10.png","width":569,"height":458},{"@type":"BreadcrumbList","@id":"https:\/\/cercledeconsciencia.com\/actividades\/experiencias-somaticas-de-reparacion\/#breadcrumb","itemListElement":[{"@type":"ListItem","position":1,"name":"Portada","item":"https:\/\/cercledeconsciencia.com\/"},{"@type":"ListItem","position":2,"name":"Eventos","item":"https:\/\/cercledeconsciencia.com\/actividades\/"},{"@type":"ListItem","position":3,"name":"Experiencias Som\u00e1ticas de Reparaci\u00f3n"}]},{"@type":"WebSite","@id":"https:\/\/cercledeconsciencia.com\/#website","url":"https:\/\/cercledeconsciencia.com\/","name":"Cercle de Consci\u00e8ncia","description":"Centre de Formaci\u00f3 i Ter\u00e0pies","publisher":{"@id":"https:\/\/cercledeconsciencia.com\/#organization"},"potentialAction":[{"@type":"SearchAction","target":{"@type":"EntryPoint","urlTemplate":"https:\/\/cercledeconsciencia.com\/?s={search_term_string}"},"query-input":{"@type":"PropertyValueSpecification","valueRequired":true,"valueName":"search_term_string"}}],"inLanguage":"ca"},{"@type":"Organization","@id":"https:\/\/cercledeconsciencia.com\/#organization","name":"Cercle de Consci\u00e8ncia","url":"https:\/\/cercledeconsciencia.com\/","logo":{"@type":"ImageObject","inLanguage":"ca","@id":"https:\/\/cercledeconsciencia.com\/#\/schema\/logo\/image\/","url":"https:\/\/cercledeconsciencia.com\/wp-content\/uploads\/2023\/07\/logo.png","contentUrl":"https:\/\/cercledeconsciencia.com\/wp-content\/uploads\/2023\/07\/logo.png","width":239,"height":68,"caption":"Cercle de Consci\u00e8ncia"},"image":{"@id":"https:\/\/cercledeconsciencia.com\/#\/schema\/logo\/image\/"},"sameAs":["https:\/\/www.facebook.com\/Cercledeconscienciabarcelona?_rdr","https:\/\/www.instagram.com\/cercledeconsciencia\/","https:\/\/www.youtube.com\/c\/cercledeconsciencia"]}]}},"_links":{"self":[{"href":"https:\/\/cercledeconsciencia.com\/ca\/wp-json\/wp\/v2\/mec-events\/5203","targetHints":{"allow":["GET"]}}],"collection":[{"href":"https:\/\/cercledeconsciencia.com\/ca\/wp-json\/wp\/v2\/mec-events"}],"about":[{"href":"https:\/\/cercledeconsciencia.com\/ca\/wp-json\/wp\/v2\/types\/mec-events"}],"author":[{"embeddable":true,"href":"https:\/\/cercledeconsciencia.com\/ca\/wp-json\/wp\/v2\/users\/2"}],"replies":[{"embeddable":true,"href":"https:\/\/cercledeconsciencia.com\/ca\/wp-json\/wp\/v2\/comments?post=5203"}],"wp:featuredmedia":[{"embeddable":true,"href":"https:\/\/cercledeconsciencia.com\/ca\/wp-json\/wp\/v2\/media\/5204"}],"wp:attachment":[{"href":"https:\/\/cercledeconsciencia.com\/ca\/wp-json\/wp\/v2\/media?parent=5203"}],"wp:term":[{"taxonomy":"post_tag","embeddable":true,"href":"https:\/\/cercledeconsciencia.com\/ca\/wp-json\/wp\/v2\/tags?post=5203"},{"taxonomy":"mec_category","embeddable":true,"href":"https:\/\/cercledeconsciencia.com\/ca\/wp-json\/wp\/v2\/mec_category?post=5203"},{"taxonomy":"mec_speaker","embeddable":true,"href":"https:\/\/cercledeconsciencia.com\/ca\/wp-json\/wp\/v2\/mec_speaker?post=5203"}],"curies":[{"name":"wp","href":"https:\/\/api.w.org\/{rel}","templated":true}]}}