{"id":5238,"date":"2025-03-25T21:23:53","date_gmt":"2025-03-25T21:23:53","guid":{"rendered":"https:\/\/cercledeconsciencia.com\/?post_type=mec-events&#038;p=5238"},"modified":"2025-03-26T16:13:25","modified_gmt":"2025-03-26T16:13:25","slug":"poder-ser-la-teva-mateixa-autoestima-des-de-la-perspectiva-gestalt","status":"publish","type":"mec-events","link":"https:\/\/cercledeconsciencia.com\/ca\/actividades\/poder-ser-tu-mismx-autoestima-desde-la-perspectiva-gestalt\/","title":{"rendered":"Confer\u00e8ncia Online Gratu\u00efta: Poder\u2026 Ser tu mismx"},"content":{"rendered":"<h5><strong>Autoestima des de la perspectiva Gestalt<\/strong><\/h5>\n<p><strong>Ser unx mismx \u00e9s un dels desafiaments que ens confronta amb la necessitat d&#039;expressar els qui som.<\/strong> I per aix\u00f2 cal con\u00e8ixer-nos honestament, ser conscients i responsables. Necessitem poder comunicar amb honestedat qu\u00e8 sentim, com pensem i les nostres intencions dacci\u00f3.<\/p>\n<p>Rebutjar enlla\u00e7os t\u00f2xics. Evitant l&#039;autoengany i amb la for\u00e7a que confereixen la veritat i la transpar\u00e8ncia. Sense confondre l&#039;autoafirmaci\u00f3 amb el narcisisme i l&#039;egocentrisme que bloquegen el nostre desenvolupament hum\u00e0 personal i col\u00b7lectiu.<\/p>\n<p><strong>L&#039;enfocament Gestalt d&#039;autoconeixement i ter\u00e0pia ens facilita recursos.<\/strong><br \/>\nEn aquesta trobada en l\u00ednia parlarem sobre aquests recursos des de la perspectiva Gestalt.<\/p>\n<p>IMPARTEIXEN: Montse Coll i Carles Riera<br \/>\n<strong>T&#039;esperem a dins!<\/strong><\/p>\n<p>&nbsp;<\/p>\n<h5>\u00a0 \u00a0 \u00a0 \u00a0 \u00a0 \u00a0 \u00a0 \u00a0 \u00a0 \u00a0 \u00a0 \u00a0 \u00a0 \u00a0 \u00a0 \u00a0 \u00a0 \u00a0 \u00a0 \u00a0 \u00a0 \u00a0<a href=\"https:\/\/bit.ly\/4kVdg6M\" target=\"_blank\" rel=\"noopener\"><strong><img decoding=\"async\" class=\"emoji\" role=\"img\" draggable=\"false\" src=\"https:\/\/s.w.org\/images\/core\/emoji\/15.0.3\/svg\/1f449.svg\" alt=\"\ud83d\udc49\" \/>\u200b FES CLICK AQU\u00cd PER INSCRIURE&#039;T<\/strong><\/a><\/h5>\n<p><strong>\u00a0<\/strong><\/p>","protected":false},"excerpt":{"rendered":"<p>Autoestima desde la perspectiva Gestalt Ser unx mismx es uno de los desaf\u00edos que nos confronta con la necesidad de expresar quienes somos. Y para ello es necesario conocernos honestamente, [&hellip;]<\/p>\n","protected":false},"author":2,"featured_media":5242,"comment_status":"open","ping_status":"closed","template":"","tags":[166],"mec_category":[50,81],"mec_speaker":[165,122],"class_list":["post-5238","mec-events","type-mec-events","status-publish","has-post-thumbnail","hentry","tag-conferencia","mec_category-conferencia","mec_category-enfoque-gestalt"],"yoast_head":"<!-- This site is optimized with the Yoast SEO plugin v27.4 - https:\/\/yoast.com\/product\/yoast-seo-wordpress\/ -->\n<title>Conferencia Online Gratuita: Poder\u2026 Ser t\u00fa mismx - Cercle de Consci\u00e8ncia<\/title>\n<meta name=\"robots\" content=\"index, follow, max-snippet:-1, max-image-preview:large, max-video-preview:-1\" \/>\n<link rel=\"canonical\" href=\"https:\/\/cercledeconsciencia.com\/ca\/activitats\/poder-ser-la-teva-mateixa-autoestima-des-de-la-perspectiva-gestalt\/\" \/>\n<meta property=\"og:locale\" content=\"ca_ES\" \/>\n<meta property=\"og:type\" content=\"article\" \/>\n<meta property=\"og:title\" content=\"Conferencia Online Gratuita: Poder\u2026 Ser t\u00fa mismx - Cercle de Consci\u00e8ncia\" \/>\n<meta property=\"og:description\" content=\"Autoestima desde la perspectiva Gestalt Ser unx mismx es uno de los desaf\u00edos que nos confronta con la necesidad de expresar quienes somos. Y para ello es necesario conocernos honestamente, [&hellip;]\" \/>\n<meta property=\"og:url\" content=\"https:\/\/cercledeconsciencia.com\/ca\/activitats\/poder-ser-la-teva-mateixa-autoestima-des-de-la-perspectiva-gestalt\/\" \/>\n<meta property=\"og:site_name\" content=\"Cercle de Consci\u00e8ncia\" \/>\n<meta property=\"article:publisher\" content=\"https:\/\/www.facebook.com\/Cercledeconscienciabarcelona?_rdr\" \/>\n<meta property=\"article:modified_time\" content=\"2025-03-26T16:13:25+00:00\" \/>\n<meta property=\"og:image\" content=\"https:\/\/cercledeconsciencia.com\/wp-content\/uploads\/2025\/03\/Captura-de-pantalla-2025-03-25-a-las-22.05.59.png\" \/>\n\t<meta property=\"og:image:width\" content=\"442\" \/>\n\t<meta property=\"og:image:height\" content=\"396\" \/>\n\t<meta property=\"og:image:type\" content=\"image\/png\" \/>\n<meta name=\"twitter:card\" content=\"summary_large_image\" \/>\n<meta name=\"twitter:label1\" content=\"Temps estimat de lectura\" \/>\n\t<meta name=\"twitter:data1\" content=\"1 minut\" \/>\n<script type=\"application\/ld+json\" class=\"yoast-schema-graph\">{\"@context\":\"https:\\\/\\\/schema.org\",\"@graph\":[{\"@type\":\"WebPage\",\"@id\":\"https:\\\/\\\/cercledeconsciencia.com\\\/actividades\\\/poder-ser-tu-mismx-autoestima-desde-la-perspectiva-gestalt\\\/\",\"url\":\"https:\\\/\\\/cercledeconsciencia.com\\\/actividades\\\/poder-ser-tu-mismx-autoestima-desde-la-perspectiva-gestalt\\\/\",\"name\":\"Conferencia Online Gratuita: Poder\u2026 Ser t\u00fa mismx - Cercle de Consci\u00e8ncia\",\"isPartOf\":{\"@id\":\"https:\\\/\\\/cercledeconsciencia.com\\\/#website\"},\"primaryImageOfPage\":{\"@id\":\"https:\\\/\\\/cercledeconsciencia.com\\\/actividades\\\/poder-ser-tu-mismx-autoestima-desde-la-perspectiva-gestalt\\\/#primaryimage\"},\"image\":{\"@id\":\"https:\\\/\\\/cercledeconsciencia.com\\\/actividades\\\/poder-ser-tu-mismx-autoestima-desde-la-perspectiva-gestalt\\\/#primaryimage\"},\"thumbnailUrl\":\"https:\\\/\\\/cercledeconsciencia.com\\\/wp-content\\\/uploads\\\/2025\\\/03\\\/Captura-de-pantalla-2025-03-25-a-las-22.05.59.png\",\"datePublished\":\"2025-03-25T21:23:53+00:00\",\"dateModified\":\"2025-03-26T16:13:25+00:00\",\"breadcrumb\":{\"@id\":\"https:\\\/\\\/cercledeconsciencia.com\\\/actividades\\\/poder-ser-tu-mismx-autoestima-desde-la-perspectiva-gestalt\\\/#breadcrumb\"},\"inLanguage\":\"ca\",\"potentialAction\":[{\"@type\":\"ReadAction\",\"target\":[\"https:\\\/\\\/cercledeconsciencia.com\\\/actividades\\\/poder-ser-tu-mismx-autoestima-desde-la-perspectiva-gestalt\\\/\"]}]},{\"@type\":\"ImageObject\",\"inLanguage\":\"ca\",\"@id\":\"https:\\\/\\\/cercledeconsciencia.com\\\/actividades\\\/poder-ser-tu-mismx-autoestima-desde-la-perspectiva-gestalt\\\/#primaryimage\",\"url\":\"https:\\\/\\\/cercledeconsciencia.com\\\/wp-content\\\/uploads\\\/2025\\\/03\\\/Captura-de-pantalla-2025-03-25-a-las-22.05.59.png\",\"contentUrl\":\"https:\\\/\\\/cercledeconsciencia.com\\\/wp-content\\\/uploads\\\/2025\\\/03\\\/Captura-de-pantalla-2025-03-25-a-las-22.05.59.png\",\"width\":442,\"height\":396},{\"@type\":\"BreadcrumbList\",\"@id\":\"https:\\\/\\\/cercledeconsciencia.com\\\/actividades\\\/poder-ser-tu-mismx-autoestima-desde-la-perspectiva-gestalt\\\/#breadcrumb\",\"itemListElement\":[{\"@type\":\"ListItem\",\"position\":1,\"name\":\"Portada\",\"item\":\"https:\\\/\\\/cercledeconsciencia.com\\\/\"},{\"@type\":\"ListItem\",\"position\":2,\"name\":\"Eventos\",\"item\":\"https:\\\/\\\/cercledeconsciencia.com\\\/actividades\\\/\"},{\"@type\":\"ListItem\",\"position\":3,\"name\":\"Conferencia Online Gratuita: Poder\u2026 Ser t\u00fa mismx\"}]},{\"@type\":\"WebSite\",\"@id\":\"https:\\\/\\\/cercledeconsciencia.com\\\/#website\",\"url\":\"https:\\\/\\\/cercledeconsciencia.com\\\/\",\"name\":\"Cercle de Consci\u00e8ncia\",\"description\":\"Centro de Formaci\u00f3n y Terapias\",\"publisher\":{\"@id\":\"https:\\\/\\\/cercledeconsciencia.com\\\/#organization\"},\"potentialAction\":[{\"@type\":\"SearchAction\",\"target\":{\"@type\":\"EntryPoint\",\"urlTemplate\":\"https:\\\/\\\/cercledeconsciencia.com\\\/?s={search_term_string}\"},\"query-input\":{\"@type\":\"PropertyValueSpecification\",\"valueRequired\":true,\"valueName\":\"search_term_string\"}}],\"inLanguage\":\"ca\"},{\"@type\":\"Organization\",\"@id\":\"https:\\\/\\\/cercledeconsciencia.com\\\/#organization\",\"name\":\"Cercle de Consci\u00e8ncia\",\"url\":\"https:\\\/\\\/cercledeconsciencia.com\\\/\",\"logo\":{\"@type\":\"ImageObject\",\"inLanguage\":\"ca\",\"@id\":\"https:\\\/\\\/cercledeconsciencia.com\\\/#\\\/schema\\\/logo\\\/image\\\/\",\"url\":\"https:\\\/\\\/cercledeconsciencia.com\\\/wp-content\\\/uploads\\\/2023\\\/07\\\/logo.png\",\"contentUrl\":\"https:\\\/\\\/cercledeconsciencia.com\\\/wp-content\\\/uploads\\\/2023\\\/07\\\/logo.png\",\"width\":239,\"height\":68,\"caption\":\"Cercle de Consci\u00e8ncia\"},\"image\":{\"@id\":\"https:\\\/\\\/cercledeconsciencia.com\\\/#\\\/schema\\\/logo\\\/image\\\/\"},\"sameAs\":[\"https:\\\/\\\/www.facebook.com\\\/Cercledeconscienciabarcelona?_rdr\",\"https:\\\/\\\/www.instagram.com\\\/cercledeconsciencia\\\/\",\"https:\\\/\\\/www.youtube.com\\\/c\\\/cercledeconsciencia\"]}]}<\/script>\n<!-- \/ Yoast SEO plugin. -->","yoast_head_json":{"title":"Confer\u00e8ncia Online Gratu\u00efta: Poder\u2026 Ser tu mismx - Cercle de Consci\u00e8ncia","robots":{"index":"index","follow":"follow","max-snippet":"max-snippet:-1","max-image-preview":"max-image-preview:large","max-video-preview":"max-video-preview:-1"},"canonical":"https:\/\/cercledeconsciencia.com\/ca\/activitats\/poder-ser-la-teva-mateixa-autoestima-des-de-la-perspectiva-gestalt\/","og_locale":"ca_ES","og_type":"article","og_title":"Conferencia Online Gratuita: Poder\u2026 Ser t\u00fa mismx - Cercle de Consci\u00e8ncia","og_description":"Autoestima desde la perspectiva Gestalt Ser unx mismx es uno de los desaf\u00edos que nos confronta con la necesidad de expresar quienes somos. Y para ello es necesario conocernos honestamente, [&hellip;]","og_url":"https:\/\/cercledeconsciencia.com\/ca\/activitats\/poder-ser-la-teva-mateixa-autoestima-des-de-la-perspectiva-gestalt\/","og_site_name":"Cercle de Consci\u00e8ncia","article_publisher":"https:\/\/www.facebook.com\/Cercledeconscienciabarcelona?_rdr","article_modified_time":"2025-03-26T16:13:25+00:00","og_image":[{"width":442,"height":396,"url":"https:\/\/cercledeconsciencia.com\/wp-content\/uploads\/2025\/03\/Captura-de-pantalla-2025-03-25-a-las-22.05.59.png","type":"image\/png"}],"twitter_card":"summary_large_image","twitter_misc":{"Temps estimat de lectura":"1 minut"},"schema":{"@context":"https:\/\/schema.org","@graph":[{"@type":"WebPage","@id":"https:\/\/cercledeconsciencia.com\/actividades\/poder-ser-tu-mismx-autoestima-desde-la-perspectiva-gestalt\/","url":"https:\/\/cercledeconsciencia.com\/actividades\/poder-ser-tu-mismx-autoestima-desde-la-perspectiva-gestalt\/","name":"Confer\u00e8ncia Online Gratu\u00efta: Poder\u2026 Ser tu mismx - Cercle de Consci\u00e8ncia","isPartOf":{"@id":"https:\/\/cercledeconsciencia.com\/#website"},"primaryImageOfPage":{"@id":"https:\/\/cercledeconsciencia.com\/actividades\/poder-ser-tu-mismx-autoestima-desde-la-perspectiva-gestalt\/#primaryimage"},"image":{"@id":"https:\/\/cercledeconsciencia.com\/actividades\/poder-ser-tu-mismx-autoestima-desde-la-perspectiva-gestalt\/#primaryimage"},"thumbnailUrl":"https:\/\/cercledeconsciencia.com\/wp-content\/uploads\/2025\/03\/Captura-de-pantalla-2025-03-25-a-las-22.05.59.png","datePublished":"2025-03-25T21:23:53+00:00","dateModified":"2025-03-26T16:13:25+00:00","breadcrumb":{"@id":"https:\/\/cercledeconsciencia.com\/actividades\/poder-ser-tu-mismx-autoestima-desde-la-perspectiva-gestalt\/#breadcrumb"},"inLanguage":"ca","potentialAction":[{"@type":"ReadAction","target":["https:\/\/cercledeconsciencia.com\/actividades\/poder-ser-tu-mismx-autoestima-desde-la-perspectiva-gestalt\/"]}]},{"@type":"ImageObject","inLanguage":"ca","@id":"https:\/\/cercledeconsciencia.com\/actividades\/poder-ser-tu-mismx-autoestima-desde-la-perspectiva-gestalt\/#primaryimage","url":"https:\/\/cercledeconsciencia.com\/wp-content\/uploads\/2025\/03\/Captura-de-pantalla-2025-03-25-a-las-22.05.59.png","contentUrl":"https:\/\/cercledeconsciencia.com\/wp-content\/uploads\/2025\/03\/Captura-de-pantalla-2025-03-25-a-las-22.05.59.png","width":442,"height":396},{"@type":"BreadcrumbList","@id":"https:\/\/cercledeconsciencia.com\/actividades\/poder-ser-tu-mismx-autoestima-desde-la-perspectiva-gestalt\/#breadcrumb","itemListElement":[{"@type":"ListItem","position":1,"name":"Portada","item":"https:\/\/cercledeconsciencia.com\/"},{"@type":"ListItem","position":2,"name":"Eventos","item":"https:\/\/cercledeconsciencia.com\/actividades\/"},{"@type":"ListItem","position":3,"name":"Conferencia Online Gratuita: Poder\u2026 Ser t\u00fa mismx"}]},{"@type":"WebSite","@id":"https:\/\/cercledeconsciencia.com\/#website","url":"https:\/\/cercledeconsciencia.com\/","name":"Cercle de Consci\u00e8ncia","description":"Centre de Formaci\u00f3 i Ter\u00e0pies","publisher":{"@id":"https:\/\/cercledeconsciencia.com\/#organization"},"potentialAction":[{"@type":"SearchAction","target":{"@type":"EntryPoint","urlTemplate":"https:\/\/cercledeconsciencia.com\/?s={search_term_string}"},"query-input":{"@type":"PropertyValueSpecification","valueRequired":true,"valueName":"search_term_string"}}],"inLanguage":"ca"},{"@type":"Organization","@id":"https:\/\/cercledeconsciencia.com\/#organization","name":"Cercle de Consci\u00e8ncia","url":"https:\/\/cercledeconsciencia.com\/","logo":{"@type":"ImageObject","inLanguage":"ca","@id":"https:\/\/cercledeconsciencia.com\/#\/schema\/logo\/image\/","url":"https:\/\/cercledeconsciencia.com\/wp-content\/uploads\/2023\/07\/logo.png","contentUrl":"https:\/\/cercledeconsciencia.com\/wp-content\/uploads\/2023\/07\/logo.png","width":239,"height":68,"caption":"Cercle de Consci\u00e8ncia"},"image":{"@id":"https:\/\/cercledeconsciencia.com\/#\/schema\/logo\/image\/"},"sameAs":["https:\/\/www.facebook.com\/Cercledeconscienciabarcelona?_rdr","https:\/\/www.instagram.com\/cercledeconsciencia\/","https:\/\/www.youtube.com\/c\/cercledeconsciencia"]}]}},"_links":{"self":[{"href":"https:\/\/cercledeconsciencia.com\/ca\/wp-json\/wp\/v2\/mec-events\/5238","targetHints":{"allow":["GET"]}}],"collection":[{"href":"https:\/\/cercledeconsciencia.com\/ca\/wp-json\/wp\/v2\/mec-events"}],"about":[{"href":"https:\/\/cercledeconsciencia.com\/ca\/wp-json\/wp\/v2\/types\/mec-events"}],"author":[{"embeddable":true,"href":"https:\/\/cercledeconsciencia.com\/ca\/wp-json\/wp\/v2\/users\/2"}],"replies":[{"embeddable":true,"href":"https:\/\/cercledeconsciencia.com\/ca\/wp-json\/wp\/v2\/comments?post=5238"}],"wp:featuredmedia":[{"embeddable":true,"href":"https:\/\/cercledeconsciencia.com\/ca\/wp-json\/wp\/v2\/media\/5242"}],"wp:attachment":[{"href":"https:\/\/cercledeconsciencia.com\/ca\/wp-json\/wp\/v2\/media?parent=5238"}],"wp:term":[{"taxonomy":"post_tag","embeddable":true,"href":"https:\/\/cercledeconsciencia.com\/ca\/wp-json\/wp\/v2\/tags?post=5238"},{"taxonomy":"mec_category","embeddable":true,"href":"https:\/\/cercledeconsciencia.com\/ca\/wp-json\/wp\/v2\/mec_category?post=5238"},{"taxonomy":"mec_speaker","embeddable":true,"href":"https:\/\/cercledeconsciencia.com\/ca\/wp-json\/wp\/v2\/mec_speaker?post=5238"}],"curies":[{"name":"wp","href":"https:\/\/api.w.org\/{rel}","templated":true}]}}