{"id":5251,"date":"2025-04-03T08:55:52","date_gmt":"2025-04-03T08:55:52","guid":{"rendered":"https:\/\/cercledeconsciencia.com\/?post_type=mec-events&#038;p=5251"},"modified":"2025-04-03T09:11:20","modified_gmt":"2025-04-03T09:11:20","slug":"jornades-de-portes-obertes-a-eivissa-les-cares-de-lamor","status":"publish","type":"mec-events","link":"https:\/\/cercledeconsciencia.com\/ca\/actividades\/jornadas-de-puertas-abiertas-en-ibiza-las-caras-del-amor\/","title":{"rendered":"Jornades de Portes Obertes a Eivissa: Les Cares de l&#039;Amor"},"content":{"rendered":"<h5>Un viatge d\u00b4autoconeixement des de la perspectiva dels tres amors.<\/h5>\n<p>En aquestes Jornades de Portes Obertes de Cercle de Consci\u00e8ncia a Eivissa et convidem a submergir-te a \u201cLes Cares de l&#039;Amor\u201d.<\/p>\n<p>Un viatge on aprofundirem en la perspectiva dels tres amors (o cares) que ens va deixar el llegat de Claudio Naranjo: Amor Er\u00f2tic, Amor Compassiu i Amor Admiratiu.<\/p>\n<p><strong>Vols acostar-te a l&#039;amor de manera m\u00e9s integrativa? Sentir-ho als batecs del teu cor, passar de l&#039;ego a l&#039;\u00e8xtasi, indagar a les m\u00e0scares del cor i acabar creuant el llindar?<\/strong><\/p>\n<p>Tota una vida per descobrir-ho. Un dia per viure&#039;l!<\/p>\n<p>T&#039;esperem per gaudir junts d&#039;aquestes jornades tan especials!<\/p>\n<p><b>Programa complet del dissabte 26 d&#039;abril<\/b>:<br \/>\n10-11h: Presentaci\u00f3 d&#039;escola, formacions i jornada: Les cares de l&#039;amor. Imparteixen Toni Aguilar i Cris Ribera.<br \/>\n11-11.30h: Descans<br \/>\n11.30-13h: <strong>Taller de Ter\u00e0pia Corporal Integrativa sobre l&#039;Amor er\u00f2tic<\/strong>: Batecs\u2026 Imparteix Cris Ribera.<br \/>\n13-14.30h: <strong>Taller de Sexualitat Integrativa sobre l&#039;Amor er\u00f2tic<\/strong>: De l&#039;ego a l&#039;\u00e8xtasi. Imparteix Ra\u00fal Andreu.<br \/>\n14:30-16:00h DINAR.<br \/>\n16-17.30h: <strong>Taller de Gestalt Integrativa sobre l&#039;Amor Compassiu<\/strong>: Les m\u00e0scares del cor. Imparteixen Carolina M\u00e9ndez i Paco Le\u00f3n.<br \/>\n17.30-19h: <strong>Taller de Transpersonal Integrativa sobre l&#039;Amor Admiratiu<\/strong>: Creuar el llindar. Imparteix Loelia Campos.<\/p>\n<p><strong>Programa del diumenge 27 d&#039;abril:<\/strong><\/p>\n<p>10:30-11:00H: Taller \u201c<strong>Ser a la dansa<\/strong>\u201d.Imparteix: Val\u00e9ria Alisio.<br \/>\n*11-11.30- Descans<br \/>\n11:30-13:00h: Taller \u201c<strong>Habitar els teus personatges<\/strong>&quot;. Teatre terap\u00e8utic. Imparteix: Toni Riera.&quot;<\/p>\n<p>Data: 26 i 27 d&#039;abril<br \/>\nHorari: Dissabte, 10 a 19h | Diumenge, sessions obertes de tallers externs.<br \/>\nLloc: Sant Josep, Eivissa.<\/p>\n<p>*Inscripci\u00f3 pr\u00e8via obligat\u00f2ria.<\/p>\n<h5><a href=\"https:\/\/forms.gle\/BzG8W3dtUW187v9K6\"><strong>FES CLICK AQU\u00cd PER INSCRIURE&#039;T<\/strong><\/a><\/h5>","protected":false},"excerpt":{"rendered":"<p>Un viaje de autoconocimiento desde la perspectiva de los tres amores. En estas Jornadas de Puertas Abiertas de Cercle de Consci\u00e8ncia en Ibiza te invitamos a sumergirte en \u201cLas Caras [&hellip;]<\/p>\n","protected":false},"author":2,"featured_media":5252,"comment_status":"open","ping_status":"closed","template":"","tags":[],"mec_category":[],"mec_speaker":[],"class_list":["post-5251","mec-events","type-mec-events","status-publish","has-post-thumbnail","hentry"],"yoast_head":"<!-- This site is optimized with the Yoast SEO plugin v27.4 - https:\/\/yoast.com\/product\/yoast-seo-wordpress\/ -->\n<title>Jornadas de Puertas Abiertas en Ibiza: Las Caras del Amor - Cercle de Consci\u00e8ncia<\/title>\n<meta name=\"robots\" content=\"index, follow, max-snippet:-1, max-image-preview:large, max-video-preview:-1\" \/>\n<link rel=\"canonical\" href=\"https:\/\/cercledeconsciencia.com\/ca\/activitats\/jornades-de-portes-obertes-a-eivissa-les-cares-de-lamor\/\" \/>\n<meta property=\"og:locale\" content=\"ca_ES\" \/>\n<meta property=\"og:type\" content=\"article\" \/>\n<meta property=\"og:title\" content=\"Jornadas de Puertas Abiertas en Ibiza: Las Caras del Amor - Cercle de Consci\u00e8ncia\" \/>\n<meta property=\"og:description\" content=\"Un viaje de autoconocimiento desde la perspectiva de los tres amores. En estas Jornadas de Puertas Abiertas de Cercle de Consci\u00e8ncia en Ibiza te invitamos a sumergirte en \u201cLas Caras [&hellip;]\" \/>\n<meta property=\"og:url\" content=\"https:\/\/cercledeconsciencia.com\/ca\/activitats\/jornades-de-portes-obertes-a-eivissa-les-cares-de-lamor\/\" \/>\n<meta property=\"og:site_name\" content=\"Cercle de Consci\u00e8ncia\" \/>\n<meta property=\"article:publisher\" content=\"https:\/\/www.facebook.com\/Cercledeconscienciabarcelona?_rdr\" \/>\n<meta property=\"article:modified_time\" content=\"2025-04-03T09:11:20+00:00\" \/>\n<meta property=\"og:image\" content=\"https:\/\/cercledeconsciencia.com\/wp-content\/uploads\/2025\/04\/Captura-de-pantalla-2025-04-03-a-las-10.47.58.png\" \/>\n\t<meta property=\"og:image:width\" content=\"1156\" \/>\n\t<meta property=\"og:image:height\" content=\"684\" \/>\n\t<meta property=\"og:image:type\" content=\"image\/png\" \/>\n<meta name=\"twitter:card\" content=\"summary_large_image\" \/>\n<meta name=\"twitter:label1\" content=\"Temps estimat de lectura\" \/>\n\t<meta name=\"twitter:data1\" content=\"2 minuts\" \/>\n<script type=\"application\/ld+json\" class=\"yoast-schema-graph\">{\"@context\":\"https:\\\/\\\/schema.org\",\"@graph\":[{\"@type\":\"WebPage\",\"@id\":\"https:\\\/\\\/cercledeconsciencia.com\\\/actividades\\\/jornadas-de-puertas-abiertas-en-ibiza-las-caras-del-amor\\\/\",\"url\":\"https:\\\/\\\/cercledeconsciencia.com\\\/actividades\\\/jornadas-de-puertas-abiertas-en-ibiza-las-caras-del-amor\\\/\",\"name\":\"Jornadas de Puertas Abiertas en Ibiza: Las Caras del Amor - Cercle de Consci\u00e8ncia\",\"isPartOf\":{\"@id\":\"https:\\\/\\\/cercledeconsciencia.com\\\/#website\"},\"primaryImageOfPage\":{\"@id\":\"https:\\\/\\\/cercledeconsciencia.com\\\/actividades\\\/jornadas-de-puertas-abiertas-en-ibiza-las-caras-del-amor\\\/#primaryimage\"},\"image\":{\"@id\":\"https:\\\/\\\/cercledeconsciencia.com\\\/actividades\\\/jornadas-de-puertas-abiertas-en-ibiza-las-caras-del-amor\\\/#primaryimage\"},\"thumbnailUrl\":\"https:\\\/\\\/cercledeconsciencia.com\\\/wp-content\\\/uploads\\\/2025\\\/04\\\/Captura-de-pantalla-2025-04-03-a-las-10.47.58.png\",\"datePublished\":\"2025-04-03T08:55:52+00:00\",\"dateModified\":\"2025-04-03T09:11:20+00:00\",\"breadcrumb\":{\"@id\":\"https:\\\/\\\/cercledeconsciencia.com\\\/actividades\\\/jornadas-de-puertas-abiertas-en-ibiza-las-caras-del-amor\\\/#breadcrumb\"},\"inLanguage\":\"ca\",\"potentialAction\":[{\"@type\":\"ReadAction\",\"target\":[\"https:\\\/\\\/cercledeconsciencia.com\\\/actividades\\\/jornadas-de-puertas-abiertas-en-ibiza-las-caras-del-amor\\\/\"]}]},{\"@type\":\"ImageObject\",\"inLanguage\":\"ca\",\"@id\":\"https:\\\/\\\/cercledeconsciencia.com\\\/actividades\\\/jornadas-de-puertas-abiertas-en-ibiza-las-caras-del-amor\\\/#primaryimage\",\"url\":\"https:\\\/\\\/cercledeconsciencia.com\\\/wp-content\\\/uploads\\\/2025\\\/04\\\/Captura-de-pantalla-2025-04-03-a-las-10.47.58.png\",\"contentUrl\":\"https:\\\/\\\/cercledeconsciencia.com\\\/wp-content\\\/uploads\\\/2025\\\/04\\\/Captura-de-pantalla-2025-04-03-a-las-10.47.58.png\",\"width\":1156,\"height\":684},{\"@type\":\"BreadcrumbList\",\"@id\":\"https:\\\/\\\/cercledeconsciencia.com\\\/actividades\\\/jornadas-de-puertas-abiertas-en-ibiza-las-caras-del-amor\\\/#breadcrumb\",\"itemListElement\":[{\"@type\":\"ListItem\",\"position\":1,\"name\":\"Portada\",\"item\":\"https:\\\/\\\/cercledeconsciencia.com\\\/\"},{\"@type\":\"ListItem\",\"position\":2,\"name\":\"Eventos\",\"item\":\"https:\\\/\\\/cercledeconsciencia.com\\\/actividades\\\/\"},{\"@type\":\"ListItem\",\"position\":3,\"name\":\"Jornadas de Puertas Abiertas en Ibiza: Las Caras del Amor\"}]},{\"@type\":\"WebSite\",\"@id\":\"https:\\\/\\\/cercledeconsciencia.com\\\/#website\",\"url\":\"https:\\\/\\\/cercledeconsciencia.com\\\/\",\"name\":\"Cercle de Consci\u00e8ncia\",\"description\":\"Centro de Formaci\u00f3n y Terapias\",\"publisher\":{\"@id\":\"https:\\\/\\\/cercledeconsciencia.com\\\/#organization\"},\"potentialAction\":[{\"@type\":\"SearchAction\",\"target\":{\"@type\":\"EntryPoint\",\"urlTemplate\":\"https:\\\/\\\/cercledeconsciencia.com\\\/?s={search_term_string}\"},\"query-input\":{\"@type\":\"PropertyValueSpecification\",\"valueRequired\":true,\"valueName\":\"search_term_string\"}}],\"inLanguage\":\"ca\"},{\"@type\":\"Organization\",\"@id\":\"https:\\\/\\\/cercledeconsciencia.com\\\/#organization\",\"name\":\"Cercle de Consci\u00e8ncia\",\"url\":\"https:\\\/\\\/cercledeconsciencia.com\\\/\",\"logo\":{\"@type\":\"ImageObject\",\"inLanguage\":\"ca\",\"@id\":\"https:\\\/\\\/cercledeconsciencia.com\\\/#\\\/schema\\\/logo\\\/image\\\/\",\"url\":\"https:\\\/\\\/cercledeconsciencia.com\\\/wp-content\\\/uploads\\\/2023\\\/07\\\/logo.png\",\"contentUrl\":\"https:\\\/\\\/cercledeconsciencia.com\\\/wp-content\\\/uploads\\\/2023\\\/07\\\/logo.png\",\"width\":239,\"height\":68,\"caption\":\"Cercle de Consci\u00e8ncia\"},\"image\":{\"@id\":\"https:\\\/\\\/cercledeconsciencia.com\\\/#\\\/schema\\\/logo\\\/image\\\/\"},\"sameAs\":[\"https:\\\/\\\/www.facebook.com\\\/Cercledeconscienciabarcelona?_rdr\",\"https:\\\/\\\/www.instagram.com\\\/cercledeconsciencia\\\/\",\"https:\\\/\\\/www.youtube.com\\\/c\\\/cercledeconsciencia\"]}]}<\/script>\n<!-- \/ Yoast SEO plugin. -->","yoast_head_json":{"title":"Jornades de Portes Obertes a Eivissa: Les Cares de l&#039;Amor - Cercle de Consci\u00e8ncia","robots":{"index":"index","follow":"follow","max-snippet":"max-snippet:-1","max-image-preview":"max-image-preview:large","max-video-preview":"max-video-preview:-1"},"canonical":"https:\/\/cercledeconsciencia.com\/ca\/activitats\/jornades-de-portes-obertes-a-eivissa-les-cares-de-lamor\/","og_locale":"ca_ES","og_type":"article","og_title":"Jornadas de Puertas Abiertas en Ibiza: Las Caras del Amor - Cercle de Consci\u00e8ncia","og_description":"Un viaje de autoconocimiento desde la perspectiva de los tres amores. En estas Jornadas de Puertas Abiertas de Cercle de Consci\u00e8ncia en Ibiza te invitamos a sumergirte en \u201cLas Caras [&hellip;]","og_url":"https:\/\/cercledeconsciencia.com\/ca\/activitats\/jornades-de-portes-obertes-a-eivissa-les-cares-de-lamor\/","og_site_name":"Cercle de Consci\u00e8ncia","article_publisher":"https:\/\/www.facebook.com\/Cercledeconscienciabarcelona?_rdr","article_modified_time":"2025-04-03T09:11:20+00:00","og_image":[{"width":1156,"height":684,"url":"https:\/\/cercledeconsciencia.com\/wp-content\/uploads\/2025\/04\/Captura-de-pantalla-2025-04-03-a-las-10.47.58.png","type":"image\/png"}],"twitter_card":"summary_large_image","twitter_misc":{"Temps estimat de lectura":"2 minuts"},"schema":{"@context":"https:\/\/schema.org","@graph":[{"@type":"WebPage","@id":"https:\/\/cercledeconsciencia.com\/actividades\/jornadas-de-puertas-abiertas-en-ibiza-las-caras-del-amor\/","url":"https:\/\/cercledeconsciencia.com\/actividades\/jornadas-de-puertas-abiertas-en-ibiza-las-caras-del-amor\/","name":"Jornades de Portes Obertes a Eivissa: Les Cares de l&#039;Amor - Cercle de Consci\u00e8ncia","isPartOf":{"@id":"https:\/\/cercledeconsciencia.com\/#website"},"primaryImageOfPage":{"@id":"https:\/\/cercledeconsciencia.com\/actividades\/jornadas-de-puertas-abiertas-en-ibiza-las-caras-del-amor\/#primaryimage"},"image":{"@id":"https:\/\/cercledeconsciencia.com\/actividades\/jornadas-de-puertas-abiertas-en-ibiza-las-caras-del-amor\/#primaryimage"},"thumbnailUrl":"https:\/\/cercledeconsciencia.com\/wp-content\/uploads\/2025\/04\/Captura-de-pantalla-2025-04-03-a-las-10.47.58.png","datePublished":"2025-04-03T08:55:52+00:00","dateModified":"2025-04-03T09:11:20+00:00","breadcrumb":{"@id":"https:\/\/cercledeconsciencia.com\/actividades\/jornadas-de-puertas-abiertas-en-ibiza-las-caras-del-amor\/#breadcrumb"},"inLanguage":"ca","potentialAction":[{"@type":"ReadAction","target":["https:\/\/cercledeconsciencia.com\/actividades\/jornadas-de-puertas-abiertas-en-ibiza-las-caras-del-amor\/"]}]},{"@type":"ImageObject","inLanguage":"ca","@id":"https:\/\/cercledeconsciencia.com\/actividades\/jornadas-de-puertas-abiertas-en-ibiza-las-caras-del-amor\/#primaryimage","url":"https:\/\/cercledeconsciencia.com\/wp-content\/uploads\/2025\/04\/Captura-de-pantalla-2025-04-03-a-las-10.47.58.png","contentUrl":"https:\/\/cercledeconsciencia.com\/wp-content\/uploads\/2025\/04\/Captura-de-pantalla-2025-04-03-a-las-10.47.58.png","width":1156,"height":684},{"@type":"BreadcrumbList","@id":"https:\/\/cercledeconsciencia.com\/actividades\/jornadas-de-puertas-abiertas-en-ibiza-las-caras-del-amor\/#breadcrumb","itemListElement":[{"@type":"ListItem","position":1,"name":"Portada","item":"https:\/\/cercledeconsciencia.com\/"},{"@type":"ListItem","position":2,"name":"Eventos","item":"https:\/\/cercledeconsciencia.com\/actividades\/"},{"@type":"ListItem","position":3,"name":"Jornadas de Puertas Abiertas en Ibiza: Las Caras del Amor"}]},{"@type":"WebSite","@id":"https:\/\/cercledeconsciencia.com\/#website","url":"https:\/\/cercledeconsciencia.com\/","name":"Cercle de Consci\u00e8ncia","description":"Centre de Formaci\u00f3 i Ter\u00e0pies","publisher":{"@id":"https:\/\/cercledeconsciencia.com\/#organization"},"potentialAction":[{"@type":"SearchAction","target":{"@type":"EntryPoint","urlTemplate":"https:\/\/cercledeconsciencia.com\/?s={search_term_string}"},"query-input":{"@type":"PropertyValueSpecification","valueRequired":true,"valueName":"search_term_string"}}],"inLanguage":"ca"},{"@type":"Organization","@id":"https:\/\/cercledeconsciencia.com\/#organization","name":"Cercle de Consci\u00e8ncia","url":"https:\/\/cercledeconsciencia.com\/","logo":{"@type":"ImageObject","inLanguage":"ca","@id":"https:\/\/cercledeconsciencia.com\/#\/schema\/logo\/image\/","url":"https:\/\/cercledeconsciencia.com\/wp-content\/uploads\/2023\/07\/logo.png","contentUrl":"https:\/\/cercledeconsciencia.com\/wp-content\/uploads\/2023\/07\/logo.png","width":239,"height":68,"caption":"Cercle de Consci\u00e8ncia"},"image":{"@id":"https:\/\/cercledeconsciencia.com\/#\/schema\/logo\/image\/"},"sameAs":["https:\/\/www.facebook.com\/Cercledeconscienciabarcelona?_rdr","https:\/\/www.instagram.com\/cercledeconsciencia\/","https:\/\/www.youtube.com\/c\/cercledeconsciencia"]}]}},"_links":{"self":[{"href":"https:\/\/cercledeconsciencia.com\/ca\/wp-json\/wp\/v2\/mec-events\/5251","targetHints":{"allow":["GET"]}}],"collection":[{"href":"https:\/\/cercledeconsciencia.com\/ca\/wp-json\/wp\/v2\/mec-events"}],"about":[{"href":"https:\/\/cercledeconsciencia.com\/ca\/wp-json\/wp\/v2\/types\/mec-events"}],"author":[{"embeddable":true,"href":"https:\/\/cercledeconsciencia.com\/ca\/wp-json\/wp\/v2\/users\/2"}],"replies":[{"embeddable":true,"href":"https:\/\/cercledeconsciencia.com\/ca\/wp-json\/wp\/v2\/comments?post=5251"}],"wp:featuredmedia":[{"embeddable":true,"href":"https:\/\/cercledeconsciencia.com\/ca\/wp-json\/wp\/v2\/media\/5252"}],"wp:attachment":[{"href":"https:\/\/cercledeconsciencia.com\/ca\/wp-json\/wp\/v2\/media?parent=5251"}],"wp:term":[{"taxonomy":"post_tag","embeddable":true,"href":"https:\/\/cercledeconsciencia.com\/ca\/wp-json\/wp\/v2\/tags?post=5251"},{"taxonomy":"mec_category","embeddable":true,"href":"https:\/\/cercledeconsciencia.com\/ca\/wp-json\/wp\/v2\/mec_category?post=5251"},{"taxonomy":"mec_speaker","embeddable":true,"href":"https:\/\/cercledeconsciencia.com\/ca\/wp-json\/wp\/v2\/mec_speaker?post=5251"}],"curies":[{"name":"wp","href":"https:\/\/api.w.org\/{rel}","templated":true}]}}