{"id":5264,"date":"2025-04-22T11:35:05","date_gmt":"2025-04-22T11:35:05","guid":{"rendered":"https:\/\/cercledeconsciencia.com\/?post_type=mec-events&#038;p=5264"},"modified":"2025-04-22T11:35:05","modified_gmt":"2025-04-22T11:35:05","slug":"creixent-des-del-vincle-com-et-vincules","status":"publish","type":"mec-events","link":"https:\/\/cercledeconsciencia.com\/ca\/actividades\/creciendo-desde-el-vinculo-como-te-vinculas\/","title":{"rendered":"Creixent des de l&#039;enlla\u00e7: Com et vincules?"},"content":{"rendered":"<table>\n<tbody>\n<tr>\n<td>\n<h5 style=\"text-align: left;\">La connexi\u00f3 amb tu mateix, parla de l&#039;enlla\u00e7 intern.<\/h5>\n<h5 style=\"text-align: left;\">El que passa en la intimitat, parla de com et vincules amb l&#039;altre.<\/h5>\n<h5 style=\"text-align: left;\">L&#039;experi\u00e8ncia de appartenance parla de l&#039;enlla\u00e7 amb el grup.<\/h5>\n<p style=\"text-align: left;\">L&#039;enlla\u00e7 pot ser un lloc de cura, una oportunitat de creixement on ser conscients de quins s\u00f3n els nostres patrons i autom\u00e0tics que ens impedeixen avan\u00e7ar i gaudir plenament en les relacions.<\/p>\n<p style=\"text-align: left;\"><strong>Sanem i creixem a l&#039;enlla\u00e7.<\/strong><\/p>\n<p style=\"text-align: left;\">Oferim un espai de contenci\u00f3 i seguretat, on actualitzar la manera com ens relacionem. Amb perm\u00eds per explorar des d&#039;una mirada amorosa, gentil, amb el temps i l&#039;espai necessaris.<\/p>\n<p style=\"text-align: left;\">Ens trobarem a dos tallers consecutius. Si sentiu l&#039;impuls, la curiositat o la ganes d&#039;explorar una mica m\u00e9s, sou benvinguda i benvingut.<\/p>\n<p style=\"text-align: left;\">Imparteixen: <strong>Neus Margall\u00f3 i Cristina Motilla<\/strong>. Totes dues s\u00f3n Terapeuta Gestalt i Corporal Integrativa.<\/p>\n<table>\n<tbody>\n<tr>\n<td>\n<table>\n<tbody>\n<tr>\n<td>\n<p style=\"text-align: left;\"><strong>Dissabte 31 de maig<\/strong> de 10 a 14h \u2013 16 a 20h<\/p>\n<p style=\"text-align: left;\"><strong>Dissabte 28 de juny <\/strong>de 10 a 14h \u2013 16 a 20h<\/p>\n<p style=\"text-align: left;\">A Espai TCI, Barcelona<\/p>\n<p style=\"text-align: left;\">Preu: Cada Taller: 70\u20ac | Cicle complet: 130\u20ac<\/p>\n<p style=\"text-align: left;\">M\u00e9s informaci\u00f3 i inscripcions: Cristina 637.36.22.75 | Neus 629.35.73.75<\/p>\n<\/td>\n<\/tr>\n<\/tbody>\n<\/table>\n<\/td>\n<\/tr>\n<\/tbody>\n<\/table>\n<p>&nbsp;<\/td>\n<\/tr>\n<\/tbody>\n<\/table>","protected":false},"excerpt":{"rendered":"<p>La conexi\u00f3n contigo mismo, habla del v\u00ednculo interno. Lo que te sucede en la intimidad, habla de c\u00f3mo te vinculas con el otro. La experiencia de pertenencia habla del v\u00ednculo [&hellip;]<\/p>\n","protected":false},"author":2,"featured_media":5265,"comment_status":"closed","ping_status":"closed","template":"","tags":[],"mec_category":[77,81,105],"mec_speaker":[],"class_list":["post-5264","mec-events","type-mec-events","status-publish","has-post-thumbnail","hentry","mec_category-crecimiento-personal","mec_category-enfoque-gestalt","mec_category-taller-puntual"],"yoast_head":"<!-- This site is optimized with the Yoast SEO plugin v27.4 - https:\/\/yoast.com\/product\/yoast-seo-wordpress\/ -->\n<title>Creciendo desde el v\u00ednculo: \u00bfC\u00f3mo te vinculas? - Cercle de Consci\u00e8ncia<\/title>\n<meta name=\"robots\" content=\"index, follow, max-snippet:-1, max-image-preview:large, max-video-preview:-1\" \/>\n<link rel=\"canonical\" href=\"https:\/\/cercledeconsciencia.com\/ca\/activitats\/creixent-des-del-vincle-com-et-vincules\/\" \/>\n<meta property=\"og:locale\" content=\"ca_ES\" \/>\n<meta property=\"og:type\" content=\"article\" \/>\n<meta property=\"og:title\" content=\"Creciendo desde el v\u00ednculo: \u00bfC\u00f3mo te vinculas? - Cercle de Consci\u00e8ncia\" \/>\n<meta property=\"og:description\" content=\"La conexi\u00f3n contigo mismo, habla del v\u00ednculo interno. Lo que te sucede en la intimidad, habla de c\u00f3mo te vinculas con el otro. La experiencia de pertenencia habla del v\u00ednculo [&hellip;]\" \/>\n<meta property=\"og:url\" content=\"https:\/\/cercledeconsciencia.com\/ca\/activitats\/creixent-des-del-vincle-com-et-vincules\/\" \/>\n<meta property=\"og:site_name\" content=\"Cercle de Consci\u00e8ncia\" \/>\n<meta property=\"article:publisher\" content=\"https:\/\/www.facebook.com\/Cercledeconscienciabarcelona?_rdr\" \/>\n<meta property=\"og:image\" content=\"https:\/\/cercledeconsciencia.com\/wp-content\/uploads\/2025\/04\/Captura-de-pantalla-2025-04-22-a-las-13.32.02.png\" \/>\n\t<meta property=\"og:image:width\" content=\"933\" \/>\n\t<meta property=\"og:image:height\" content=\"696\" \/>\n\t<meta property=\"og:image:type\" content=\"image\/png\" \/>\n<meta name=\"twitter:card\" content=\"summary_large_image\" \/>\n<meta name=\"twitter:label1\" content=\"Temps estimat de lectura\" \/>\n\t<meta name=\"twitter:data1\" content=\"2 minuts\" \/>\n<script type=\"application\/ld+json\" class=\"yoast-schema-graph\">{\"@context\":\"https:\\\/\\\/schema.org\",\"@graph\":[{\"@type\":\"WebPage\",\"@id\":\"https:\\\/\\\/cercledeconsciencia.com\\\/actividades\\\/creciendo-desde-el-vinculo-como-te-vinculas\\\/\",\"url\":\"https:\\\/\\\/cercledeconsciencia.com\\\/actividades\\\/creciendo-desde-el-vinculo-como-te-vinculas\\\/\",\"name\":\"Creciendo desde el v\u00ednculo: \u00bfC\u00f3mo te vinculas? - Cercle de Consci\u00e8ncia\",\"isPartOf\":{\"@id\":\"https:\\\/\\\/cercledeconsciencia.com\\\/#website\"},\"primaryImageOfPage\":{\"@id\":\"https:\\\/\\\/cercledeconsciencia.com\\\/actividades\\\/creciendo-desde-el-vinculo-como-te-vinculas\\\/#primaryimage\"},\"image\":{\"@id\":\"https:\\\/\\\/cercledeconsciencia.com\\\/actividades\\\/creciendo-desde-el-vinculo-como-te-vinculas\\\/#primaryimage\"},\"thumbnailUrl\":\"https:\\\/\\\/cercledeconsciencia.com\\\/wp-content\\\/uploads\\\/2025\\\/04\\\/Captura-de-pantalla-2025-04-22-a-las-13.32.02.png\",\"datePublished\":\"2025-04-22T11:35:05+00:00\",\"breadcrumb\":{\"@id\":\"https:\\\/\\\/cercledeconsciencia.com\\\/actividades\\\/creciendo-desde-el-vinculo-como-te-vinculas\\\/#breadcrumb\"},\"inLanguage\":\"ca\",\"potentialAction\":[{\"@type\":\"ReadAction\",\"target\":[\"https:\\\/\\\/cercledeconsciencia.com\\\/actividades\\\/creciendo-desde-el-vinculo-como-te-vinculas\\\/\"]}]},{\"@type\":\"ImageObject\",\"inLanguage\":\"ca\",\"@id\":\"https:\\\/\\\/cercledeconsciencia.com\\\/actividades\\\/creciendo-desde-el-vinculo-como-te-vinculas\\\/#primaryimage\",\"url\":\"https:\\\/\\\/cercledeconsciencia.com\\\/wp-content\\\/uploads\\\/2025\\\/04\\\/Captura-de-pantalla-2025-04-22-a-las-13.32.02.png\",\"contentUrl\":\"https:\\\/\\\/cercledeconsciencia.com\\\/wp-content\\\/uploads\\\/2025\\\/04\\\/Captura-de-pantalla-2025-04-22-a-las-13.32.02.png\",\"width\":933,\"height\":696},{\"@type\":\"BreadcrumbList\",\"@id\":\"https:\\\/\\\/cercledeconsciencia.com\\\/actividades\\\/creciendo-desde-el-vinculo-como-te-vinculas\\\/#breadcrumb\",\"itemListElement\":[{\"@type\":\"ListItem\",\"position\":1,\"name\":\"Portada\",\"item\":\"https:\\\/\\\/cercledeconsciencia.com\\\/\"},{\"@type\":\"ListItem\",\"position\":2,\"name\":\"Eventos\",\"item\":\"https:\\\/\\\/cercledeconsciencia.com\\\/actividades\\\/\"},{\"@type\":\"ListItem\",\"position\":3,\"name\":\"Creciendo desde el v\u00ednculo: \u00bfC\u00f3mo te vinculas?\"}]},{\"@type\":\"WebSite\",\"@id\":\"https:\\\/\\\/cercledeconsciencia.com\\\/#website\",\"url\":\"https:\\\/\\\/cercledeconsciencia.com\\\/\",\"name\":\"Cercle de Consci\u00e8ncia\",\"description\":\"Centro de Formaci\u00f3n y Terapias\",\"publisher\":{\"@id\":\"https:\\\/\\\/cercledeconsciencia.com\\\/#organization\"},\"potentialAction\":[{\"@type\":\"SearchAction\",\"target\":{\"@type\":\"EntryPoint\",\"urlTemplate\":\"https:\\\/\\\/cercledeconsciencia.com\\\/?s={search_term_string}\"},\"query-input\":{\"@type\":\"PropertyValueSpecification\",\"valueRequired\":true,\"valueName\":\"search_term_string\"}}],\"inLanguage\":\"ca\"},{\"@type\":\"Organization\",\"@id\":\"https:\\\/\\\/cercledeconsciencia.com\\\/#organization\",\"name\":\"Cercle de Consci\u00e8ncia\",\"url\":\"https:\\\/\\\/cercledeconsciencia.com\\\/\",\"logo\":{\"@type\":\"ImageObject\",\"inLanguage\":\"ca\",\"@id\":\"https:\\\/\\\/cercledeconsciencia.com\\\/#\\\/schema\\\/logo\\\/image\\\/\",\"url\":\"https:\\\/\\\/cercledeconsciencia.com\\\/wp-content\\\/uploads\\\/2023\\\/07\\\/logo.png\",\"contentUrl\":\"https:\\\/\\\/cercledeconsciencia.com\\\/wp-content\\\/uploads\\\/2023\\\/07\\\/logo.png\",\"width\":239,\"height\":68,\"caption\":\"Cercle de Consci\u00e8ncia\"},\"image\":{\"@id\":\"https:\\\/\\\/cercledeconsciencia.com\\\/#\\\/schema\\\/logo\\\/image\\\/\"},\"sameAs\":[\"https:\\\/\\\/www.facebook.com\\\/Cercledeconscienciabarcelona?_rdr\",\"https:\\\/\\\/www.instagram.com\\\/cercledeconsciencia\\\/\",\"https:\\\/\\\/www.youtube.com\\\/c\\\/cercledeconsciencia\"]}]}<\/script>\n<!-- \/ Yoast SEO plugin. -->","yoast_head_json":{"title":"Creixent des de l&#039;enlla\u00e7: Com et vincules? - Cercle de Consci\u00e8ncia","robots":{"index":"index","follow":"follow","max-snippet":"max-snippet:-1","max-image-preview":"max-image-preview:large","max-video-preview":"max-video-preview:-1"},"canonical":"https:\/\/cercledeconsciencia.com\/ca\/activitats\/creixent-des-del-vincle-com-et-vincules\/","og_locale":"ca_ES","og_type":"article","og_title":"Creciendo desde el v\u00ednculo: \u00bfC\u00f3mo te vinculas? - Cercle de Consci\u00e8ncia","og_description":"La conexi\u00f3n contigo mismo, habla del v\u00ednculo interno. Lo que te sucede en la intimidad, habla de c\u00f3mo te vinculas con el otro. La experiencia de pertenencia habla del v\u00ednculo [&hellip;]","og_url":"https:\/\/cercledeconsciencia.com\/ca\/activitats\/creixent-des-del-vincle-com-et-vincules\/","og_site_name":"Cercle de Consci\u00e8ncia","article_publisher":"https:\/\/www.facebook.com\/Cercledeconscienciabarcelona?_rdr","og_image":[{"width":933,"height":696,"url":"https:\/\/cercledeconsciencia.com\/wp-content\/uploads\/2025\/04\/Captura-de-pantalla-2025-04-22-a-las-13.32.02.png","type":"image\/png"}],"twitter_card":"summary_large_image","twitter_misc":{"Temps estimat de lectura":"2 minuts"},"schema":{"@context":"https:\/\/schema.org","@graph":[{"@type":"WebPage","@id":"https:\/\/cercledeconsciencia.com\/actividades\/creciendo-desde-el-vinculo-como-te-vinculas\/","url":"https:\/\/cercledeconsciencia.com\/actividades\/creciendo-desde-el-vinculo-como-te-vinculas\/","name":"Creixent des de l&#039;enlla\u00e7: Com et vincules? - Cercle de Consci\u00e8ncia","isPartOf":{"@id":"https:\/\/cercledeconsciencia.com\/#website"},"primaryImageOfPage":{"@id":"https:\/\/cercledeconsciencia.com\/actividades\/creciendo-desde-el-vinculo-como-te-vinculas\/#primaryimage"},"image":{"@id":"https:\/\/cercledeconsciencia.com\/actividades\/creciendo-desde-el-vinculo-como-te-vinculas\/#primaryimage"},"thumbnailUrl":"https:\/\/cercledeconsciencia.com\/wp-content\/uploads\/2025\/04\/Captura-de-pantalla-2025-04-22-a-las-13.32.02.png","datePublished":"2025-04-22T11:35:05+00:00","breadcrumb":{"@id":"https:\/\/cercledeconsciencia.com\/actividades\/creciendo-desde-el-vinculo-como-te-vinculas\/#breadcrumb"},"inLanguage":"ca","potentialAction":[{"@type":"ReadAction","target":["https:\/\/cercledeconsciencia.com\/actividades\/creciendo-desde-el-vinculo-como-te-vinculas\/"]}]},{"@type":"ImageObject","inLanguage":"ca","@id":"https:\/\/cercledeconsciencia.com\/actividades\/creciendo-desde-el-vinculo-como-te-vinculas\/#primaryimage","url":"https:\/\/cercledeconsciencia.com\/wp-content\/uploads\/2025\/04\/Captura-de-pantalla-2025-04-22-a-las-13.32.02.png","contentUrl":"https:\/\/cercledeconsciencia.com\/wp-content\/uploads\/2025\/04\/Captura-de-pantalla-2025-04-22-a-las-13.32.02.png","width":933,"height":696},{"@type":"BreadcrumbList","@id":"https:\/\/cercledeconsciencia.com\/actividades\/creciendo-desde-el-vinculo-como-te-vinculas\/#breadcrumb","itemListElement":[{"@type":"ListItem","position":1,"name":"Portada","item":"https:\/\/cercledeconsciencia.com\/"},{"@type":"ListItem","position":2,"name":"Eventos","item":"https:\/\/cercledeconsciencia.com\/actividades\/"},{"@type":"ListItem","position":3,"name":"Creciendo desde el v\u00ednculo: \u00bfC\u00f3mo te vinculas?"}]},{"@type":"WebSite","@id":"https:\/\/cercledeconsciencia.com\/#website","url":"https:\/\/cercledeconsciencia.com\/","name":"Cercle de Consci\u00e8ncia","description":"Centre de Formaci\u00f3 i Ter\u00e0pies","publisher":{"@id":"https:\/\/cercledeconsciencia.com\/#organization"},"potentialAction":[{"@type":"SearchAction","target":{"@type":"EntryPoint","urlTemplate":"https:\/\/cercledeconsciencia.com\/?s={search_term_string}"},"query-input":{"@type":"PropertyValueSpecification","valueRequired":true,"valueName":"search_term_string"}}],"inLanguage":"ca"},{"@type":"Organization","@id":"https:\/\/cercledeconsciencia.com\/#organization","name":"Cercle de Consci\u00e8ncia","url":"https:\/\/cercledeconsciencia.com\/","logo":{"@type":"ImageObject","inLanguage":"ca","@id":"https:\/\/cercledeconsciencia.com\/#\/schema\/logo\/image\/","url":"https:\/\/cercledeconsciencia.com\/wp-content\/uploads\/2023\/07\/logo.png","contentUrl":"https:\/\/cercledeconsciencia.com\/wp-content\/uploads\/2023\/07\/logo.png","width":239,"height":68,"caption":"Cercle de Consci\u00e8ncia"},"image":{"@id":"https:\/\/cercledeconsciencia.com\/#\/schema\/logo\/image\/"},"sameAs":["https:\/\/www.facebook.com\/Cercledeconscienciabarcelona?_rdr","https:\/\/www.instagram.com\/cercledeconsciencia\/","https:\/\/www.youtube.com\/c\/cercledeconsciencia"]}]}},"_links":{"self":[{"href":"https:\/\/cercledeconsciencia.com\/ca\/wp-json\/wp\/v2\/mec-events\/5264","targetHints":{"allow":["GET"]}}],"collection":[{"href":"https:\/\/cercledeconsciencia.com\/ca\/wp-json\/wp\/v2\/mec-events"}],"about":[{"href":"https:\/\/cercledeconsciencia.com\/ca\/wp-json\/wp\/v2\/types\/mec-events"}],"author":[{"embeddable":true,"href":"https:\/\/cercledeconsciencia.com\/ca\/wp-json\/wp\/v2\/users\/2"}],"replies":[{"embeddable":true,"href":"https:\/\/cercledeconsciencia.com\/ca\/wp-json\/wp\/v2\/comments?post=5264"}],"wp:featuredmedia":[{"embeddable":true,"href":"https:\/\/cercledeconsciencia.com\/ca\/wp-json\/wp\/v2\/media\/5265"}],"wp:attachment":[{"href":"https:\/\/cercledeconsciencia.com\/ca\/wp-json\/wp\/v2\/media?parent=5264"}],"wp:term":[{"taxonomy":"post_tag","embeddable":true,"href":"https:\/\/cercledeconsciencia.com\/ca\/wp-json\/wp\/v2\/tags?post=5264"},{"taxonomy":"mec_category","embeddable":true,"href":"https:\/\/cercledeconsciencia.com\/ca\/wp-json\/wp\/v2\/mec_category?post=5264"},{"taxonomy":"mec_speaker","embeddable":true,"href":"https:\/\/cercledeconsciencia.com\/ca\/wp-json\/wp\/v2\/mec_speaker?post=5264"}],"curies":[{"name":"wp","href":"https:\/\/api.w.org\/{rel}","templated":true}]}}