{"id":5431,"date":"2025-09-09T13:22:55","date_gmt":"2025-09-09T13:22:55","guid":{"rendered":"https:\/\/cercledeconsciencia.com\/?post_type=mec-events&#038;p=5431"},"modified":"2025-12-10T10:35:19","modified_gmt":"2025-12-10T10:35:19","slug":"cercle-de-dansaterapia-transpersonal-i-vincular","status":"publish","type":"mec-events","link":"https:\/\/cercledeconsciencia.com\/ca\/actividades\/circulo-de-danzaterapia-transpersonal-y-vincular\/","title":{"rendered":"Cercle de Dansater\u00e0pia Transpersonal i Vincular"},"content":{"rendered":"<h5>Un viatge de transformaci\u00f3 a trav\u00e9s del cos, el moviment expressiu i sentit.<\/h5>\n<p>Recorregut psicoterap\u00e8utic d&#039;\u00edndole grupal basat en la dansater\u00e0pia transpersonal, la psicologia profunda (junguiana) en moviment i la ter\u00e0pia psicocorporal.<\/p>\n<p>La dansater\u00e0pia transpersonal pertany al grup de les arts creatives en psicoter\u00e0pia i es caracteritza per l&#039;\u00fas que fa del moviment creatiu i sentit per integrar els processos emocionals, psicol\u00f2gics o psicosom\u00e0tics i espirituals.<\/p>\n<p>S&#039;hi inclouen tamb\u00e9 eines de regulaci\u00f3 del sistema nervi\u00f3s i la biologia del trauma, tacte conscient i comunicaci\u00f3 no violenta.<\/p>\n<p>Aquesta proposta est\u00e0 creada com un espai segur i respectu\u00f3s per explorar qui som i com ens relacionem m\u00e9s enll\u00e0 dels nostres mecanismes de defensa i del llenguatge verbal.<\/p>\n<p><em>No cal tenir experi\u00e8ncia en dansa o moviment.<\/em><\/p>\n<p>Si tens alguna dificultat en el moviment \u2014per malaltia, poca mobilitat o altre motiu\u2014, tamb\u00e9 ets benvingut\/da. El cos es comunica i s&#039;expressa m\u00e9s enll\u00e0 de les teves circumst\u00e0ncies.<\/p>\n<p><strong>Per qui \u00e9s?<\/strong><br \/>\nPer a totes les persones que volen trobar a la via del cos, la dansa i el desenvolupament de la creativitat en moviment l&#039;anhel de:<\/p>\n<ul>\n<li>Donar espai a sensacions i emocions per poder aprendre a recon\u00e8ixer el que necessiten.<\/li>\n<li>Apropar-se m\u00e9s a la intu\u00efci\u00f3.<\/li>\n<li>Ganes d&#039;expandir la capacitat de sentir i gaudir.<\/li>\n<\/ul>\n<p><strong>IMPART<\/strong>: <strong>Lorena Escribano<\/strong>. Terapeuta psicocorporal formada en trauma i sistema nervi\u00f3s, i dansaterapeuta transpersonal. Acompanyo processos individuals i grupals, porto a terme formacions i col\u00b7laboro amb institucions privades, empreses, universitats, centres educatius i hospitals.<\/p>\n<p><strong>CALENDARI:<\/strong><br \/>\nPrimer cicle: 7 d&#039;octubre, 11 de novembre i 9 de desembre<br \/>\nSegon cicle: 20 de gener, 17 de febrer, 17 de mar\u00e7<br \/>\nTercer cicle: 21 d&#039;abril, 19 de maig, 9 de juny<\/p>\n<p>Horari: de 18h a 21h. Dimarts mensual.<\/p>\n<p>Modalitats de pagament: Trimestral: 130\u20ac (\u00faltim trimestre: 173\u20ac).<\/p>\n<p>*Imprescindible inscripci\u00f3 pr\u00e8via. Places limitades.<\/p>\n<p>\ud83d\udcde 651 112 315<br \/>\n\ud83d\udce9 info@dancingwaters.love<br \/>\n\ud83d\udccd Espai Tci \u2014 C\/ Pau Alsina, 35, Barcelona<\/p>\n<p>&nbsp;<\/p>","protected":false},"excerpt":{"rendered":"<p>Un viaje de transformaci\u00f3n a trav\u00e9s del cuerpo, el movimiento expresivo y sentido. Recorrido psicoterap\u00e9utico de \u00edndole grupal basado en la danzaterapia transpersonal, la psicologia profunda (junguiana) en movimiento y [&hellip;]<\/p>\n","protected":false},"author":2,"featured_media":5432,"comment_status":"closed","ping_status":"closed","template":"","tags":[],"mec_category":[49,71,80],"mec_speaker":[],"class_list":["post-5431","mec-events","type-mec-events","status-publish","has-post-thumbnail","hentry","mec_category-ciclos","mec_category-cuerpo","mec_category-enfoque-transpersonal"],"yoast_head":"<!-- This site is optimized with the Yoast SEO plugin v27.4 - https:\/\/yoast.com\/product\/yoast-seo-wordpress\/ -->\n<title>C\u00edrculo de Danzaterapia Transpersonal y Vincular - Cercle de Consci\u00e8ncia<\/title>\n<meta name=\"robots\" content=\"index, follow, max-snippet:-1, max-image-preview:large, max-video-preview:-1\" \/>\n<link rel=\"canonical\" href=\"https:\/\/cercledeconsciencia.com\/ca\/activitats\/cercle-de-dansaterapia-transpersonal-i-vincular\/\" \/>\n<meta property=\"og:locale\" content=\"ca_ES\" \/>\n<meta property=\"og:type\" content=\"article\" \/>\n<meta property=\"og:title\" content=\"C\u00edrculo de Danzaterapia Transpersonal y Vincular - Cercle de Consci\u00e8ncia\" \/>\n<meta property=\"og:description\" content=\"Un viaje de transformaci\u00f3n a trav\u00e9s del cuerpo, el movimiento expresivo y sentido. Recorrido psicoterap\u00e9utico de \u00edndole grupal basado en la danzaterapia transpersonal, la psicologia profunda (junguiana) en movimiento y [&hellip;]\" \/>\n<meta property=\"og:url\" content=\"https:\/\/cercledeconsciencia.com\/ca\/activitats\/cercle-de-dansaterapia-transpersonal-i-vincular\/\" \/>\n<meta property=\"og:site_name\" content=\"Cercle de Consci\u00e8ncia\" \/>\n<meta property=\"article:publisher\" content=\"https:\/\/www.facebook.com\/Cercledeconscienciabarcelona?_rdr\" \/>\n<meta property=\"article:modified_time\" content=\"2025-12-10T10:35:19+00:00\" \/>\n<meta property=\"og:image\" content=\"https:\/\/cercledeconsciencia.com\/wp-content\/uploads\/2025\/09\/Captura-de-pantalla-2025-09-09-a-las-15.12.47.png\" \/>\n\t<meta property=\"og:image:width\" content=\"955\" \/>\n\t<meta property=\"og:image:height\" content=\"643\" \/>\n\t<meta property=\"og:image:type\" content=\"image\/png\" \/>\n<meta name=\"twitter:card\" content=\"summary_large_image\" \/>\n<meta name=\"twitter:label1\" content=\"Temps estimat de lectura\" \/>\n\t<meta name=\"twitter:data1\" content=\"2 minuts\" \/>\n<script type=\"application\/ld+json\" class=\"yoast-schema-graph\">{\"@context\":\"https:\\\/\\\/schema.org\",\"@graph\":[{\"@type\":\"WebPage\",\"@id\":\"https:\\\/\\\/cercledeconsciencia.com\\\/actividades\\\/circulo-de-danzaterapia-transpersonal-y-vincular\\\/\",\"url\":\"https:\\\/\\\/cercledeconsciencia.com\\\/actividades\\\/circulo-de-danzaterapia-transpersonal-y-vincular\\\/\",\"name\":\"C\u00edrculo de Danzaterapia Transpersonal y Vincular - Cercle de Consci\u00e8ncia\",\"isPartOf\":{\"@id\":\"https:\\\/\\\/cercledeconsciencia.com\\\/#website\"},\"primaryImageOfPage\":{\"@id\":\"https:\\\/\\\/cercledeconsciencia.com\\\/actividades\\\/circulo-de-danzaterapia-transpersonal-y-vincular\\\/#primaryimage\"},\"image\":{\"@id\":\"https:\\\/\\\/cercledeconsciencia.com\\\/actividades\\\/circulo-de-danzaterapia-transpersonal-y-vincular\\\/#primaryimage\"},\"thumbnailUrl\":\"https:\\\/\\\/cercledeconsciencia.com\\\/wp-content\\\/uploads\\\/2025\\\/09\\\/Captura-de-pantalla-2025-09-09-a-las-15.12.47.png\",\"datePublished\":\"2025-09-09T13:22:55+00:00\",\"dateModified\":\"2025-12-10T10:35:19+00:00\",\"breadcrumb\":{\"@id\":\"https:\\\/\\\/cercledeconsciencia.com\\\/actividades\\\/circulo-de-danzaterapia-transpersonal-y-vincular\\\/#breadcrumb\"},\"inLanguage\":\"ca\",\"potentialAction\":[{\"@type\":\"ReadAction\",\"target\":[\"https:\\\/\\\/cercledeconsciencia.com\\\/actividades\\\/circulo-de-danzaterapia-transpersonal-y-vincular\\\/\"]}]},{\"@type\":\"ImageObject\",\"inLanguage\":\"ca\",\"@id\":\"https:\\\/\\\/cercledeconsciencia.com\\\/actividades\\\/circulo-de-danzaterapia-transpersonal-y-vincular\\\/#primaryimage\",\"url\":\"https:\\\/\\\/cercledeconsciencia.com\\\/wp-content\\\/uploads\\\/2025\\\/09\\\/Captura-de-pantalla-2025-09-09-a-las-15.12.47.png\",\"contentUrl\":\"https:\\\/\\\/cercledeconsciencia.com\\\/wp-content\\\/uploads\\\/2025\\\/09\\\/Captura-de-pantalla-2025-09-09-a-las-15.12.47.png\",\"width\":955,\"height\":643},{\"@type\":\"BreadcrumbList\",\"@id\":\"https:\\\/\\\/cercledeconsciencia.com\\\/actividades\\\/circulo-de-danzaterapia-transpersonal-y-vincular\\\/#breadcrumb\",\"itemListElement\":[{\"@type\":\"ListItem\",\"position\":1,\"name\":\"Portada\",\"item\":\"https:\\\/\\\/cercledeconsciencia.com\\\/\"},{\"@type\":\"ListItem\",\"position\":2,\"name\":\"Eventos\",\"item\":\"https:\\\/\\\/cercledeconsciencia.com\\\/actividades\\\/\"},{\"@type\":\"ListItem\",\"position\":3,\"name\":\"C\u00edrculo de Danzaterapia Transpersonal y Vincular\"}]},{\"@type\":\"WebSite\",\"@id\":\"https:\\\/\\\/cercledeconsciencia.com\\\/#website\",\"url\":\"https:\\\/\\\/cercledeconsciencia.com\\\/\",\"name\":\"Cercle de Consci\u00e8ncia\",\"description\":\"Centro de Formaci\u00f3n y Terapias\",\"publisher\":{\"@id\":\"https:\\\/\\\/cercledeconsciencia.com\\\/#organization\"},\"potentialAction\":[{\"@type\":\"SearchAction\",\"target\":{\"@type\":\"EntryPoint\",\"urlTemplate\":\"https:\\\/\\\/cercledeconsciencia.com\\\/?s={search_term_string}\"},\"query-input\":{\"@type\":\"PropertyValueSpecification\",\"valueRequired\":true,\"valueName\":\"search_term_string\"}}],\"inLanguage\":\"ca\"},{\"@type\":\"Organization\",\"@id\":\"https:\\\/\\\/cercledeconsciencia.com\\\/#organization\",\"name\":\"Cercle de Consci\u00e8ncia\",\"url\":\"https:\\\/\\\/cercledeconsciencia.com\\\/\",\"logo\":{\"@type\":\"ImageObject\",\"inLanguage\":\"ca\",\"@id\":\"https:\\\/\\\/cercledeconsciencia.com\\\/#\\\/schema\\\/logo\\\/image\\\/\",\"url\":\"https:\\\/\\\/cercledeconsciencia.com\\\/wp-content\\\/uploads\\\/2023\\\/07\\\/logo.png\",\"contentUrl\":\"https:\\\/\\\/cercledeconsciencia.com\\\/wp-content\\\/uploads\\\/2023\\\/07\\\/logo.png\",\"width\":239,\"height\":68,\"caption\":\"Cercle de Consci\u00e8ncia\"},\"image\":{\"@id\":\"https:\\\/\\\/cercledeconsciencia.com\\\/#\\\/schema\\\/logo\\\/image\\\/\"},\"sameAs\":[\"https:\\\/\\\/www.facebook.com\\\/Cercledeconscienciabarcelona?_rdr\",\"https:\\\/\\\/www.instagram.com\\\/cercledeconsciencia\\\/\",\"https:\\\/\\\/www.youtube.com\\\/c\\\/cercledeconsciencia\"]}]}<\/script>\n<!-- \/ Yoast SEO plugin. -->","yoast_head_json":{"title":"Cercle de Dansater\u00e0pia Transpersonal i Vincular - Cercle de Consci\u00e8ncia","robots":{"index":"index","follow":"follow","max-snippet":"max-snippet:-1","max-image-preview":"max-image-preview:large","max-video-preview":"max-video-preview:-1"},"canonical":"https:\/\/cercledeconsciencia.com\/ca\/activitats\/cercle-de-dansaterapia-transpersonal-i-vincular\/","og_locale":"ca_ES","og_type":"article","og_title":"C\u00edrculo de Danzaterapia Transpersonal y Vincular - Cercle de Consci\u00e8ncia","og_description":"Un viaje de transformaci\u00f3n a trav\u00e9s del cuerpo, el movimiento expresivo y sentido. Recorrido psicoterap\u00e9utico de \u00edndole grupal basado en la danzaterapia transpersonal, la psicologia profunda (junguiana) en movimiento y [&hellip;]","og_url":"https:\/\/cercledeconsciencia.com\/ca\/activitats\/cercle-de-dansaterapia-transpersonal-i-vincular\/","og_site_name":"Cercle de Consci\u00e8ncia","article_publisher":"https:\/\/www.facebook.com\/Cercledeconscienciabarcelona?_rdr","article_modified_time":"2025-12-10T10:35:19+00:00","og_image":[{"width":955,"height":643,"url":"https:\/\/cercledeconsciencia.com\/wp-content\/uploads\/2025\/09\/Captura-de-pantalla-2025-09-09-a-las-15.12.47.png","type":"image\/png"}],"twitter_card":"summary_large_image","twitter_misc":{"Temps estimat de lectura":"2 minuts"},"schema":{"@context":"https:\/\/schema.org","@graph":[{"@type":"WebPage","@id":"https:\/\/cercledeconsciencia.com\/actividades\/circulo-de-danzaterapia-transpersonal-y-vincular\/","url":"https:\/\/cercledeconsciencia.com\/actividades\/circulo-de-danzaterapia-transpersonal-y-vincular\/","name":"Cercle de Dansater\u00e0pia Transpersonal i Vincular - Cercle de Consci\u00e8ncia","isPartOf":{"@id":"https:\/\/cercledeconsciencia.com\/#website"},"primaryImageOfPage":{"@id":"https:\/\/cercledeconsciencia.com\/actividades\/circulo-de-danzaterapia-transpersonal-y-vincular\/#primaryimage"},"image":{"@id":"https:\/\/cercledeconsciencia.com\/actividades\/circulo-de-danzaterapia-transpersonal-y-vincular\/#primaryimage"},"thumbnailUrl":"https:\/\/cercledeconsciencia.com\/wp-content\/uploads\/2025\/09\/Captura-de-pantalla-2025-09-09-a-las-15.12.47.png","datePublished":"2025-09-09T13:22:55+00:00","dateModified":"2025-12-10T10:35:19+00:00","breadcrumb":{"@id":"https:\/\/cercledeconsciencia.com\/actividades\/circulo-de-danzaterapia-transpersonal-y-vincular\/#breadcrumb"},"inLanguage":"ca","potentialAction":[{"@type":"ReadAction","target":["https:\/\/cercledeconsciencia.com\/actividades\/circulo-de-danzaterapia-transpersonal-y-vincular\/"]}]},{"@type":"ImageObject","inLanguage":"ca","@id":"https:\/\/cercledeconsciencia.com\/actividades\/circulo-de-danzaterapia-transpersonal-y-vincular\/#primaryimage","url":"https:\/\/cercledeconsciencia.com\/wp-content\/uploads\/2025\/09\/Captura-de-pantalla-2025-09-09-a-las-15.12.47.png","contentUrl":"https:\/\/cercledeconsciencia.com\/wp-content\/uploads\/2025\/09\/Captura-de-pantalla-2025-09-09-a-las-15.12.47.png","width":955,"height":643},{"@type":"BreadcrumbList","@id":"https:\/\/cercledeconsciencia.com\/actividades\/circulo-de-danzaterapia-transpersonal-y-vincular\/#breadcrumb","itemListElement":[{"@type":"ListItem","position":1,"name":"Portada","item":"https:\/\/cercledeconsciencia.com\/"},{"@type":"ListItem","position":2,"name":"Eventos","item":"https:\/\/cercledeconsciencia.com\/actividades\/"},{"@type":"ListItem","position":3,"name":"C\u00edrculo de Danzaterapia Transpersonal y Vincular"}]},{"@type":"WebSite","@id":"https:\/\/cercledeconsciencia.com\/#website","url":"https:\/\/cercledeconsciencia.com\/","name":"Cercle de Consci\u00e8ncia","description":"Centre de Formaci\u00f3 i Ter\u00e0pies","publisher":{"@id":"https:\/\/cercledeconsciencia.com\/#organization"},"potentialAction":[{"@type":"SearchAction","target":{"@type":"EntryPoint","urlTemplate":"https:\/\/cercledeconsciencia.com\/?s={search_term_string}"},"query-input":{"@type":"PropertyValueSpecification","valueRequired":true,"valueName":"search_term_string"}}],"inLanguage":"ca"},{"@type":"Organization","@id":"https:\/\/cercledeconsciencia.com\/#organization","name":"Cercle de Consci\u00e8ncia","url":"https:\/\/cercledeconsciencia.com\/","logo":{"@type":"ImageObject","inLanguage":"ca","@id":"https:\/\/cercledeconsciencia.com\/#\/schema\/logo\/image\/","url":"https:\/\/cercledeconsciencia.com\/wp-content\/uploads\/2023\/07\/logo.png","contentUrl":"https:\/\/cercledeconsciencia.com\/wp-content\/uploads\/2023\/07\/logo.png","width":239,"height":68,"caption":"Cercle de Consci\u00e8ncia"},"image":{"@id":"https:\/\/cercledeconsciencia.com\/#\/schema\/logo\/image\/"},"sameAs":["https:\/\/www.facebook.com\/Cercledeconscienciabarcelona?_rdr","https:\/\/www.instagram.com\/cercledeconsciencia\/","https:\/\/www.youtube.com\/c\/cercledeconsciencia"]}]}},"_links":{"self":[{"href":"https:\/\/cercledeconsciencia.com\/ca\/wp-json\/wp\/v2\/mec-events\/5431","targetHints":{"allow":["GET"]}}],"collection":[{"href":"https:\/\/cercledeconsciencia.com\/ca\/wp-json\/wp\/v2\/mec-events"}],"about":[{"href":"https:\/\/cercledeconsciencia.com\/ca\/wp-json\/wp\/v2\/types\/mec-events"}],"author":[{"embeddable":true,"href":"https:\/\/cercledeconsciencia.com\/ca\/wp-json\/wp\/v2\/users\/2"}],"replies":[{"embeddable":true,"href":"https:\/\/cercledeconsciencia.com\/ca\/wp-json\/wp\/v2\/comments?post=5431"}],"wp:featuredmedia":[{"embeddable":true,"href":"https:\/\/cercledeconsciencia.com\/ca\/wp-json\/wp\/v2\/media\/5432"}],"wp:attachment":[{"href":"https:\/\/cercledeconsciencia.com\/ca\/wp-json\/wp\/v2\/media?parent=5431"}],"wp:term":[{"taxonomy":"post_tag","embeddable":true,"href":"https:\/\/cercledeconsciencia.com\/ca\/wp-json\/wp\/v2\/tags?post=5431"},{"taxonomy":"mec_category","embeddable":true,"href":"https:\/\/cercledeconsciencia.com\/ca\/wp-json\/wp\/v2\/mec_category?post=5431"},{"taxonomy":"mec_speaker","embeddable":true,"href":"https:\/\/cercledeconsciencia.com\/ca\/wp-json\/wp\/v2\/mec_speaker?post=5431"}],"curies":[{"name":"wp","href":"https:\/\/api.w.org\/{rel}","templated":true}]}}