{"id":5464,"date":"2025-10-16T07:04:34","date_gmt":"2025-10-16T07:04:34","guid":{"rendered":"https:\/\/cercledeconsciencia.com\/?post_type=mec-events&#038;p=5464"},"modified":"2025-10-29T10:52:49","modified_gmt":"2025-10-29T10:52:49","slug":"conferencia-online-principis-de-regulacio-per-al-treball-corporal","status":"publish","type":"mec-events","link":"https:\/\/cercledeconsciencia.com\/ca\/actividades\/conferencia-online-principios-de-regulacion-para-el-trabajo-corporal\/","title":{"rendered":"Confer\u00e8ncia en l\u00ednia: Principis de regulaci\u00f3 per al treball corporal."},"content":{"rendered":"<h4 style=\"text-align: center;\"><strong><a href=\"https:\/\/us02web.zoom.us\/meeting\/register\/Og9iAkWZSvawFPTsHIf46A\">REGISTRA&#039;T A LA CONFER\u00c8NCIA AQU\u00cd<\/a><\/strong><\/h4>\n<hr \/>\n<p>En fer feina corporal no qualsevol experi\u00e8ncia \u00e9s sanadora o reparadora. Perqu\u00e8 aix\u00f2 passi calen una s\u00e8rie de principis perqu\u00e8 puguem assimilar l&#039;experi\u00e8ncia i que aquesta es tradueixi en una nova manera de gestionar les situacions que ens porta la vida.<\/p>\n<p>Aquests fonaments essencials que permeten que l&#039;experi\u00e8ncia terap\u00e8utica sigui segura, integradora i transformadora es basen en la comprensi\u00f3 que el cos, la ment i les emocions estan profundament interconnectats, i tot proc\u00e9s de canvi requereix un equilibri entre obertura i contenci\u00f3.<\/p>\n<p>En aquesta trobada en l\u00ednia, Jes\u00fas Oliva i Jaume Calafat, ens parlaran m\u00e9s detalladament d&#039;aquests principis de regulaci\u00f3 per treure m\u00e9s profit al treball corporal.<\/p>\n<p>Et veiem a dins!<\/p>\n<p><strong>Imparteixen<\/strong>: Jes\u00fas Oliva i Jaume Calafat<\/p>\n<hr \/>\n<h4 style=\"text-align: center;\"><a href=\"https:\/\/us02web.zoom.us\/meeting\/register\/Og9iAkWZSvawFPTsHIf46A\"><strong>FES CLICK AQU\u00cd PER REGISTRAR-TE<\/strong><\/a><\/h4>","protected":false},"excerpt":{"rendered":"<p>REG\u00cdSTRATE A LA CONFERENCIA AQU\u00cd Al hacer trabajo corporal no cualquier experiencia es sanadora o reparadora. Para que eso ocurra se necesitan una serie de principios para que podamos asimilar [&hellip;]<\/p>\n","protected":false},"author":2,"featured_media":5475,"comment_status":"closed","ping_status":"closed","template":"","tags":[],"mec_category":[50,71],"mec_speaker":[103,110],"class_list":["post-5464","mec-events","type-mec-events","status-publish","has-post-thumbnail","hentry","mec_category-conferencia","mec_category-cuerpo"],"yoast_head":"<!-- This site is optimized with the Yoast SEO plugin v27.4 - https:\/\/yoast.com\/product\/yoast-seo-wordpress\/ -->\n<title>Conferencia online: Principios de regulaci\u00f3n para el trabajo corporal. - Cercle de Consci\u00e8ncia<\/title>\n<meta name=\"robots\" content=\"index, follow, max-snippet:-1, max-image-preview:large, max-video-preview:-1\" \/>\n<link rel=\"canonical\" href=\"https:\/\/cercledeconsciencia.com\/ca\/activitats\/conferencia-online-principis-de-regulacio-per-al-treball-corporal\/\" \/>\n<meta property=\"og:locale\" content=\"ca_ES\" \/>\n<meta property=\"og:type\" content=\"article\" \/>\n<meta property=\"og:title\" content=\"Conferencia online: Principios de regulaci\u00f3n para el trabajo corporal. - Cercle de Consci\u00e8ncia\" \/>\n<meta property=\"og:description\" content=\"REG\u00cdSTRATE A LA CONFERENCIA AQU\u00cd Al hacer trabajo corporal no cualquier experiencia es sanadora o reparadora. Para que eso ocurra se necesitan una serie de principios para que podamos asimilar [&hellip;]\" \/>\n<meta property=\"og:url\" content=\"https:\/\/cercledeconsciencia.com\/ca\/activitats\/conferencia-online-principis-de-regulacio-per-al-treball-corporal\/\" \/>\n<meta property=\"og:site_name\" content=\"Cercle de Consci\u00e8ncia\" \/>\n<meta property=\"article:publisher\" content=\"https:\/\/www.facebook.com\/Cercledeconscienciabarcelona?_rdr\" \/>\n<meta property=\"article:modified_time\" content=\"2025-10-29T10:52:49+00:00\" \/>\n<meta property=\"og:image\" content=\"https:\/\/cercledeconsciencia.com\/wp-content\/uploads\/2025\/10\/Captura-de-pantalla-2025-10-29-a-las-11.45.20.png\" \/>\n\t<meta property=\"og:image:width\" content=\"1081\" \/>\n\t<meta property=\"og:image:height\" content=\"707\" \/>\n\t<meta property=\"og:image:type\" content=\"image\/png\" \/>\n<meta name=\"twitter:card\" content=\"summary_large_image\" \/>\n<meta name=\"twitter:label1\" content=\"Temps estimat de lectura\" \/>\n\t<meta name=\"twitter:data1\" content=\"1 minut\" \/>\n<script type=\"application\/ld+json\" class=\"yoast-schema-graph\">{\"@context\":\"https:\\\/\\\/schema.org\",\"@graph\":[{\"@type\":\"WebPage\",\"@id\":\"https:\\\/\\\/cercledeconsciencia.com\\\/actividades\\\/conferencia-online-principios-de-regulacion-para-el-trabajo-corporal\\\/\",\"url\":\"https:\\\/\\\/cercledeconsciencia.com\\\/actividades\\\/conferencia-online-principios-de-regulacion-para-el-trabajo-corporal\\\/\",\"name\":\"Conferencia online: Principios de regulaci\u00f3n para el trabajo corporal. - Cercle de Consci\u00e8ncia\",\"isPartOf\":{\"@id\":\"https:\\\/\\\/cercledeconsciencia.com\\\/#website\"},\"primaryImageOfPage\":{\"@id\":\"https:\\\/\\\/cercledeconsciencia.com\\\/actividades\\\/conferencia-online-principios-de-regulacion-para-el-trabajo-corporal\\\/#primaryimage\"},\"image\":{\"@id\":\"https:\\\/\\\/cercledeconsciencia.com\\\/actividades\\\/conferencia-online-principios-de-regulacion-para-el-trabajo-corporal\\\/#primaryimage\"},\"thumbnailUrl\":\"https:\\\/\\\/cercledeconsciencia.com\\\/wp-content\\\/uploads\\\/2025\\\/10\\\/Captura-de-pantalla-2025-10-29-a-las-11.45.20.png\",\"datePublished\":\"2025-10-16T07:04:34+00:00\",\"dateModified\":\"2025-10-29T10:52:49+00:00\",\"breadcrumb\":{\"@id\":\"https:\\\/\\\/cercledeconsciencia.com\\\/actividades\\\/conferencia-online-principios-de-regulacion-para-el-trabajo-corporal\\\/#breadcrumb\"},\"inLanguage\":\"ca\",\"potentialAction\":[{\"@type\":\"ReadAction\",\"target\":[\"https:\\\/\\\/cercledeconsciencia.com\\\/actividades\\\/conferencia-online-principios-de-regulacion-para-el-trabajo-corporal\\\/\"]}]},{\"@type\":\"ImageObject\",\"inLanguage\":\"ca\",\"@id\":\"https:\\\/\\\/cercledeconsciencia.com\\\/actividades\\\/conferencia-online-principios-de-regulacion-para-el-trabajo-corporal\\\/#primaryimage\",\"url\":\"https:\\\/\\\/cercledeconsciencia.com\\\/wp-content\\\/uploads\\\/2025\\\/10\\\/Captura-de-pantalla-2025-10-29-a-las-11.45.20.png\",\"contentUrl\":\"https:\\\/\\\/cercledeconsciencia.com\\\/wp-content\\\/uploads\\\/2025\\\/10\\\/Captura-de-pantalla-2025-10-29-a-las-11.45.20.png\",\"width\":1081,\"height\":707},{\"@type\":\"BreadcrumbList\",\"@id\":\"https:\\\/\\\/cercledeconsciencia.com\\\/actividades\\\/conferencia-online-principios-de-regulacion-para-el-trabajo-corporal\\\/#breadcrumb\",\"itemListElement\":[{\"@type\":\"ListItem\",\"position\":1,\"name\":\"Portada\",\"item\":\"https:\\\/\\\/cercledeconsciencia.com\\\/\"},{\"@type\":\"ListItem\",\"position\":2,\"name\":\"Eventos\",\"item\":\"https:\\\/\\\/cercledeconsciencia.com\\\/actividades\\\/\"},{\"@type\":\"ListItem\",\"position\":3,\"name\":\"Conferencia online: Principios de regulaci\u00f3n para el trabajo corporal.\"}]},{\"@type\":\"WebSite\",\"@id\":\"https:\\\/\\\/cercledeconsciencia.com\\\/#website\",\"url\":\"https:\\\/\\\/cercledeconsciencia.com\\\/\",\"name\":\"Cercle de Consci\u00e8ncia\",\"description\":\"Centro de Formaci\u00f3n y Terapias\",\"publisher\":{\"@id\":\"https:\\\/\\\/cercledeconsciencia.com\\\/#organization\"},\"potentialAction\":[{\"@type\":\"SearchAction\",\"target\":{\"@type\":\"EntryPoint\",\"urlTemplate\":\"https:\\\/\\\/cercledeconsciencia.com\\\/?s={search_term_string}\"},\"query-input\":{\"@type\":\"PropertyValueSpecification\",\"valueRequired\":true,\"valueName\":\"search_term_string\"}}],\"inLanguage\":\"ca\"},{\"@type\":\"Organization\",\"@id\":\"https:\\\/\\\/cercledeconsciencia.com\\\/#organization\",\"name\":\"Cercle de Consci\u00e8ncia\",\"url\":\"https:\\\/\\\/cercledeconsciencia.com\\\/\",\"logo\":{\"@type\":\"ImageObject\",\"inLanguage\":\"ca\",\"@id\":\"https:\\\/\\\/cercledeconsciencia.com\\\/#\\\/schema\\\/logo\\\/image\\\/\",\"url\":\"https:\\\/\\\/cercledeconsciencia.com\\\/wp-content\\\/uploads\\\/2023\\\/07\\\/logo.png\",\"contentUrl\":\"https:\\\/\\\/cercledeconsciencia.com\\\/wp-content\\\/uploads\\\/2023\\\/07\\\/logo.png\",\"width\":239,\"height\":68,\"caption\":\"Cercle de Consci\u00e8ncia\"},\"image\":{\"@id\":\"https:\\\/\\\/cercledeconsciencia.com\\\/#\\\/schema\\\/logo\\\/image\\\/\"},\"sameAs\":[\"https:\\\/\\\/www.facebook.com\\\/Cercledeconscienciabarcelona?_rdr\",\"https:\\\/\\\/www.instagram.com\\\/cercledeconsciencia\\\/\",\"https:\\\/\\\/www.youtube.com\\\/c\\\/cercledeconsciencia\"]}]}<\/script>\n<!-- \/ Yoast SEO plugin. -->","yoast_head_json":{"title":"Confer\u00e8ncia en l\u00ednia: Principis de regulaci\u00f3 per al treball corporal. - Cercle de Consci\u00e8ncia","robots":{"index":"index","follow":"follow","max-snippet":"max-snippet:-1","max-image-preview":"max-image-preview:large","max-video-preview":"max-video-preview:-1"},"canonical":"https:\/\/cercledeconsciencia.com\/ca\/activitats\/conferencia-online-principis-de-regulacio-per-al-treball-corporal\/","og_locale":"ca_ES","og_type":"article","og_title":"Conferencia online: Principios de regulaci\u00f3n para el trabajo corporal. - Cercle de Consci\u00e8ncia","og_description":"REG\u00cdSTRATE A LA CONFERENCIA AQU\u00cd Al hacer trabajo corporal no cualquier experiencia es sanadora o reparadora. Para que eso ocurra se necesitan una serie de principios para que podamos asimilar [&hellip;]","og_url":"https:\/\/cercledeconsciencia.com\/ca\/activitats\/conferencia-online-principis-de-regulacio-per-al-treball-corporal\/","og_site_name":"Cercle de Consci\u00e8ncia","article_publisher":"https:\/\/www.facebook.com\/Cercledeconscienciabarcelona?_rdr","article_modified_time":"2025-10-29T10:52:49+00:00","og_image":[{"width":1081,"height":707,"url":"https:\/\/cercledeconsciencia.com\/wp-content\/uploads\/2025\/10\/Captura-de-pantalla-2025-10-29-a-las-11.45.20.png","type":"image\/png"}],"twitter_card":"summary_large_image","twitter_misc":{"Temps estimat de lectura":"1 minut"},"schema":{"@context":"https:\/\/schema.org","@graph":[{"@type":"WebPage","@id":"https:\/\/cercledeconsciencia.com\/actividades\/conferencia-online-principios-de-regulacion-para-el-trabajo-corporal\/","url":"https:\/\/cercledeconsciencia.com\/actividades\/conferencia-online-principios-de-regulacion-para-el-trabajo-corporal\/","name":"Confer\u00e8ncia en l\u00ednia: Principis de regulaci\u00f3 per al treball corporal. - Cercle de Consci\u00e8ncia","isPartOf":{"@id":"https:\/\/cercledeconsciencia.com\/#website"},"primaryImageOfPage":{"@id":"https:\/\/cercledeconsciencia.com\/actividades\/conferencia-online-principios-de-regulacion-para-el-trabajo-corporal\/#primaryimage"},"image":{"@id":"https:\/\/cercledeconsciencia.com\/actividades\/conferencia-online-principios-de-regulacion-para-el-trabajo-corporal\/#primaryimage"},"thumbnailUrl":"https:\/\/cercledeconsciencia.com\/wp-content\/uploads\/2025\/10\/Captura-de-pantalla-2025-10-29-a-las-11.45.20.png","datePublished":"2025-10-16T07:04:34+00:00","dateModified":"2025-10-29T10:52:49+00:00","breadcrumb":{"@id":"https:\/\/cercledeconsciencia.com\/actividades\/conferencia-online-principios-de-regulacion-para-el-trabajo-corporal\/#breadcrumb"},"inLanguage":"ca","potentialAction":[{"@type":"ReadAction","target":["https:\/\/cercledeconsciencia.com\/actividades\/conferencia-online-principios-de-regulacion-para-el-trabajo-corporal\/"]}]},{"@type":"ImageObject","inLanguage":"ca","@id":"https:\/\/cercledeconsciencia.com\/actividades\/conferencia-online-principios-de-regulacion-para-el-trabajo-corporal\/#primaryimage","url":"https:\/\/cercledeconsciencia.com\/wp-content\/uploads\/2025\/10\/Captura-de-pantalla-2025-10-29-a-las-11.45.20.png","contentUrl":"https:\/\/cercledeconsciencia.com\/wp-content\/uploads\/2025\/10\/Captura-de-pantalla-2025-10-29-a-las-11.45.20.png","width":1081,"height":707},{"@type":"BreadcrumbList","@id":"https:\/\/cercledeconsciencia.com\/actividades\/conferencia-online-principios-de-regulacion-para-el-trabajo-corporal\/#breadcrumb","itemListElement":[{"@type":"ListItem","position":1,"name":"Portada","item":"https:\/\/cercledeconsciencia.com\/"},{"@type":"ListItem","position":2,"name":"Eventos","item":"https:\/\/cercledeconsciencia.com\/actividades\/"},{"@type":"ListItem","position":3,"name":"Conferencia online: Principios de regulaci\u00f3n para el trabajo corporal."}]},{"@type":"WebSite","@id":"https:\/\/cercledeconsciencia.com\/#website","url":"https:\/\/cercledeconsciencia.com\/","name":"Cercle de Consci\u00e8ncia","description":"Centre de Formaci\u00f3 i Ter\u00e0pies","publisher":{"@id":"https:\/\/cercledeconsciencia.com\/#organization"},"potentialAction":[{"@type":"SearchAction","target":{"@type":"EntryPoint","urlTemplate":"https:\/\/cercledeconsciencia.com\/?s={search_term_string}"},"query-input":{"@type":"PropertyValueSpecification","valueRequired":true,"valueName":"search_term_string"}}],"inLanguage":"ca"},{"@type":"Organization","@id":"https:\/\/cercledeconsciencia.com\/#organization","name":"Cercle de Consci\u00e8ncia","url":"https:\/\/cercledeconsciencia.com\/","logo":{"@type":"ImageObject","inLanguage":"ca","@id":"https:\/\/cercledeconsciencia.com\/#\/schema\/logo\/image\/","url":"https:\/\/cercledeconsciencia.com\/wp-content\/uploads\/2023\/07\/logo.png","contentUrl":"https:\/\/cercledeconsciencia.com\/wp-content\/uploads\/2023\/07\/logo.png","width":239,"height":68,"caption":"Cercle de Consci\u00e8ncia"},"image":{"@id":"https:\/\/cercledeconsciencia.com\/#\/schema\/logo\/image\/"},"sameAs":["https:\/\/www.facebook.com\/Cercledeconscienciabarcelona?_rdr","https:\/\/www.instagram.com\/cercledeconsciencia\/","https:\/\/www.youtube.com\/c\/cercledeconsciencia"]}]}},"_links":{"self":[{"href":"https:\/\/cercledeconsciencia.com\/ca\/wp-json\/wp\/v2\/mec-events\/5464","targetHints":{"allow":["GET"]}}],"collection":[{"href":"https:\/\/cercledeconsciencia.com\/ca\/wp-json\/wp\/v2\/mec-events"}],"about":[{"href":"https:\/\/cercledeconsciencia.com\/ca\/wp-json\/wp\/v2\/types\/mec-events"}],"author":[{"embeddable":true,"href":"https:\/\/cercledeconsciencia.com\/ca\/wp-json\/wp\/v2\/users\/2"}],"replies":[{"embeddable":true,"href":"https:\/\/cercledeconsciencia.com\/ca\/wp-json\/wp\/v2\/comments?post=5464"}],"wp:featuredmedia":[{"embeddable":true,"href":"https:\/\/cercledeconsciencia.com\/ca\/wp-json\/wp\/v2\/media\/5475"}],"wp:attachment":[{"href":"https:\/\/cercledeconsciencia.com\/ca\/wp-json\/wp\/v2\/media?parent=5464"}],"wp:term":[{"taxonomy":"post_tag","embeddable":true,"href":"https:\/\/cercledeconsciencia.com\/ca\/wp-json\/wp\/v2\/tags?post=5464"},{"taxonomy":"mec_category","embeddable":true,"href":"https:\/\/cercledeconsciencia.com\/ca\/wp-json\/wp\/v2\/mec_category?post=5464"},{"taxonomy":"mec_speaker","embeddable":true,"href":"https:\/\/cercledeconsciencia.com\/ca\/wp-json\/wp\/v2\/mec_speaker?post=5464"}],"curies":[{"name":"wp","href":"https:\/\/api.w.org\/{rel}","templated":true}]}}