{"id":5469,"date":"2025-10-23T07:23:43","date_gmt":"2025-10-23T07:23:43","guid":{"rendered":"https:\/\/cercledeconsciencia.com\/?post_type=mec-events&#038;p=5469"},"modified":"2025-10-23T07:23:43","modified_gmt":"2025-10-23T07:23:43","slug":"psicodansa-integrativa-mallorca","status":"publish","type":"mec-events","link":"https:\/\/cercledeconsciencia.com\/ca\/actividades\/psicodanza-integrativa-mallorca\/","title":{"rendered":"Psicodan\u00e7a Integrativa Mallorca"},"content":{"rendered":"<h5>\ud83d\udc49\ud83c\udffd <strong>Sessi\u00f3 gratu\u00efta el dilluns 19 de gener 2026<\/strong><\/h5>\n<hr \/>\n<p>La psicodansa integrativa \u00e9s una dansa terap\u00e8utica que t\u00e9 els seus or\u00edgens a la biodansa.<\/p>\n<p>No cal que s\u00e0pigues ballar. Est\u00e0 recomanada per a totes les persones que busquen millorar la salut f\u00edsica, ps\u00edquica, emocional i espiritual.<\/p>\n<p>T&#039;ajudar\u00e0 a augmentar la teva autoestima, regular el teu sistema nervi\u00f3s, \u201ccultivar el teu cor\u201d, desenvolupant qualitats positives i saludables que generen harmonia amb tu, amb el m\u00f3n i els altres.<\/p>\n<p>Contacta amb el respecte, l&#039;alegria i el plaer de sentir la vida, la sustentaci\u00f3 del grup, la pau interior i la compassi\u00f3 cap a tu i cap als altres.<\/p>\n<p style=\"text-align: center;\"><strong>Un m\u00e8tode que a la seva pr\u00e0ctica regular et portar\u00e0 a \u201cabra\u00e7ar la teva \u00e0nima i potenciar la teva identitat\u201d.<\/strong><\/p>\n<hr \/>\n<h5>\ud83d\udc49\ud83c\udffd <strong>Sessi\u00f3 gratu\u00efta el dilluns 19 de gener 2026<\/p>\n<p><\/strong><\/h5>\n<p>\ud83d\uddd3\ufe0f <strong>CALENDARI<\/strong>: Dilluns quinzenals de 18:30 a 20:30h<\/p>\n<p>Febrer 2 i 16 | Mar\u00e7 2 i 16 | Abril 13 i 27 | Maig 11 i 25 | Juny 1 i 15<\/p>\n<p>\ud83d\udccdCercle de Consci\u00e8ncia: C\/ Ciutat de Quer\u00e9taro, 6 2\u00ba1\u00aa<\/p>\n<p>\ud83d\udc8e Inversi\u00f3: 50\u20ac \/ mes | Cicle complet 200\u20ac<\/p>\n<p>\ud83d\udce9 M\u00e9s informaci\u00f3 i inscripcions: 637 15 78 15.<\/p>\n<p>*Imprescindible inscripci\u00f3 pr\u00e8via<\/p>\n<p>&nbsp;<\/p>","protected":false},"excerpt":{"rendered":"<p>\ud83d\udc49\ud83c\udffd Sesi\u00f3n gratuita el lunes 19 de enero 2026 La psicodanza integrativa es una danza terap\u00e9utica que tiene sus or\u00edgenes en la biodanza. No hace falta que sepas bailar. Est\u00e1 [&hellip;]<\/p>\n","protected":false},"author":2,"featured_media":5470,"comment_status":"closed","ping_status":"closed","template":"","tags":[],"mec_category":[71,57],"mec_speaker":[117],"class_list":["post-5469","mec-events","type-mec-events","status-publish","has-post-thumbnail","hentry","mec_category-cuerpo","mec_category-taller-regular"],"yoast_head":"<!-- This site is optimized with the Yoast SEO plugin v27.4 - https:\/\/yoast.com\/product\/yoast-seo-wordpress\/ -->\n<title>Psicodanza Integrativa Mallorca - Cercle de Consci\u00e8ncia<\/title>\n<meta name=\"robots\" content=\"index, follow, max-snippet:-1, max-image-preview:large, max-video-preview:-1\" \/>\n<link rel=\"canonical\" href=\"https:\/\/cercledeconsciencia.com\/ca\/activitats\/psicodansa-integrativa-mallorca\/\" \/>\n<meta property=\"og:locale\" content=\"ca_ES\" \/>\n<meta property=\"og:type\" content=\"article\" \/>\n<meta property=\"og:title\" content=\"Psicodanza Integrativa Mallorca - Cercle de Consci\u00e8ncia\" \/>\n<meta property=\"og:description\" content=\"\ud83d\udc49\ud83c\udffd Sesi\u00f3n gratuita el lunes 19 de enero 2026 La psicodanza integrativa es una danza terap\u00e9utica que tiene sus or\u00edgenes en la biodanza. No hace falta que sepas bailar. Est\u00e1 [&hellip;]\" \/>\n<meta property=\"og:url\" content=\"https:\/\/cercledeconsciencia.com\/ca\/activitats\/psicodansa-integrativa-mallorca\/\" \/>\n<meta property=\"og:site_name\" content=\"Cercle de Consci\u00e8ncia\" \/>\n<meta property=\"article:publisher\" content=\"https:\/\/www.facebook.com\/Cercledeconscienciabarcelona?_rdr\" \/>\n<meta property=\"og:image\" content=\"https:\/\/cercledeconsciencia.com\/wp-content\/uploads\/2025\/10\/Captura-de-pantalla-2025-10-23-a-las-9.15.25.png\" \/>\n\t<meta property=\"og:image:width\" content=\"1075\" \/>\n\t<meta property=\"og:image:height\" content=\"705\" \/>\n\t<meta property=\"og:image:type\" content=\"image\/png\" \/>\n<meta name=\"twitter:card\" content=\"summary_large_image\" \/>\n<meta name=\"twitter:label1\" content=\"Temps estimat de lectura\" \/>\n\t<meta name=\"twitter:data1\" content=\"2 minuts\" \/>\n<script type=\"application\/ld+json\" class=\"yoast-schema-graph\">{\"@context\":\"https:\\\/\\\/schema.org\",\"@graph\":[{\"@type\":\"WebPage\",\"@id\":\"https:\\\/\\\/cercledeconsciencia.com\\\/actividades\\\/psicodanza-integrativa-mallorca\\\/\",\"url\":\"https:\\\/\\\/cercledeconsciencia.com\\\/actividades\\\/psicodanza-integrativa-mallorca\\\/\",\"name\":\"Psicodanza Integrativa Mallorca - Cercle de Consci\u00e8ncia\",\"isPartOf\":{\"@id\":\"https:\\\/\\\/cercledeconsciencia.com\\\/#website\"},\"primaryImageOfPage\":{\"@id\":\"https:\\\/\\\/cercledeconsciencia.com\\\/actividades\\\/psicodanza-integrativa-mallorca\\\/#primaryimage\"},\"image\":{\"@id\":\"https:\\\/\\\/cercledeconsciencia.com\\\/actividades\\\/psicodanza-integrativa-mallorca\\\/#primaryimage\"},\"thumbnailUrl\":\"https:\\\/\\\/cercledeconsciencia.com\\\/wp-content\\\/uploads\\\/2025\\\/10\\\/Captura-de-pantalla-2025-10-23-a-las-9.15.25.png\",\"datePublished\":\"2025-10-23T07:23:43+00:00\",\"breadcrumb\":{\"@id\":\"https:\\\/\\\/cercledeconsciencia.com\\\/actividades\\\/psicodanza-integrativa-mallorca\\\/#breadcrumb\"},\"inLanguage\":\"ca\",\"potentialAction\":[{\"@type\":\"ReadAction\",\"target\":[\"https:\\\/\\\/cercledeconsciencia.com\\\/actividades\\\/psicodanza-integrativa-mallorca\\\/\"]}]},{\"@type\":\"ImageObject\",\"inLanguage\":\"ca\",\"@id\":\"https:\\\/\\\/cercledeconsciencia.com\\\/actividades\\\/psicodanza-integrativa-mallorca\\\/#primaryimage\",\"url\":\"https:\\\/\\\/cercledeconsciencia.com\\\/wp-content\\\/uploads\\\/2025\\\/10\\\/Captura-de-pantalla-2025-10-23-a-las-9.15.25.png\",\"contentUrl\":\"https:\\\/\\\/cercledeconsciencia.com\\\/wp-content\\\/uploads\\\/2025\\\/10\\\/Captura-de-pantalla-2025-10-23-a-las-9.15.25.png\",\"width\":1075,\"height\":705},{\"@type\":\"BreadcrumbList\",\"@id\":\"https:\\\/\\\/cercledeconsciencia.com\\\/actividades\\\/psicodanza-integrativa-mallorca\\\/#breadcrumb\",\"itemListElement\":[{\"@type\":\"ListItem\",\"position\":1,\"name\":\"Portada\",\"item\":\"https:\\\/\\\/cercledeconsciencia.com\\\/\"},{\"@type\":\"ListItem\",\"position\":2,\"name\":\"Eventos\",\"item\":\"https:\\\/\\\/cercledeconsciencia.com\\\/actividades\\\/\"},{\"@type\":\"ListItem\",\"position\":3,\"name\":\"Psicodanza Integrativa Mallorca\"}]},{\"@type\":\"WebSite\",\"@id\":\"https:\\\/\\\/cercledeconsciencia.com\\\/#website\",\"url\":\"https:\\\/\\\/cercledeconsciencia.com\\\/\",\"name\":\"Cercle de Consci\u00e8ncia\",\"description\":\"Centro de Formaci\u00f3n y Terapias\",\"publisher\":{\"@id\":\"https:\\\/\\\/cercledeconsciencia.com\\\/#organization\"},\"potentialAction\":[{\"@type\":\"SearchAction\",\"target\":{\"@type\":\"EntryPoint\",\"urlTemplate\":\"https:\\\/\\\/cercledeconsciencia.com\\\/?s={search_term_string}\"},\"query-input\":{\"@type\":\"PropertyValueSpecification\",\"valueRequired\":true,\"valueName\":\"search_term_string\"}}],\"inLanguage\":\"ca\"},{\"@type\":\"Organization\",\"@id\":\"https:\\\/\\\/cercledeconsciencia.com\\\/#organization\",\"name\":\"Cercle de Consci\u00e8ncia\",\"url\":\"https:\\\/\\\/cercledeconsciencia.com\\\/\",\"logo\":{\"@type\":\"ImageObject\",\"inLanguage\":\"ca\",\"@id\":\"https:\\\/\\\/cercledeconsciencia.com\\\/#\\\/schema\\\/logo\\\/image\\\/\",\"url\":\"https:\\\/\\\/cercledeconsciencia.com\\\/wp-content\\\/uploads\\\/2023\\\/07\\\/logo.png\",\"contentUrl\":\"https:\\\/\\\/cercledeconsciencia.com\\\/wp-content\\\/uploads\\\/2023\\\/07\\\/logo.png\",\"width\":239,\"height\":68,\"caption\":\"Cercle de Consci\u00e8ncia\"},\"image\":{\"@id\":\"https:\\\/\\\/cercledeconsciencia.com\\\/#\\\/schema\\\/logo\\\/image\\\/\"},\"sameAs\":[\"https:\\\/\\\/www.facebook.com\\\/Cercledeconscienciabarcelona?_rdr\",\"https:\\\/\\\/www.instagram.com\\\/cercledeconsciencia\\\/\",\"https:\\\/\\\/www.youtube.com\\\/c\\\/cercledeconsciencia\"]}]}<\/script>\n<!-- \/ Yoast SEO plugin. -->","yoast_head_json":{"title":"Psicodan\u00e7a Integrativa Mallorca - Cercle de Consci\u00e8ncia","robots":{"index":"index","follow":"follow","max-snippet":"max-snippet:-1","max-image-preview":"max-image-preview:large","max-video-preview":"max-video-preview:-1"},"canonical":"https:\/\/cercledeconsciencia.com\/ca\/activitats\/psicodansa-integrativa-mallorca\/","og_locale":"ca_ES","og_type":"article","og_title":"Psicodanza Integrativa Mallorca - Cercle de Consci\u00e8ncia","og_description":"\ud83d\udc49\ud83c\udffd Sesi\u00f3n gratuita el lunes 19 de enero 2026 La psicodanza integrativa es una danza terap\u00e9utica que tiene sus or\u00edgenes en la biodanza. No hace falta que sepas bailar. Est\u00e1 [&hellip;]","og_url":"https:\/\/cercledeconsciencia.com\/ca\/activitats\/psicodansa-integrativa-mallorca\/","og_site_name":"Cercle de Consci\u00e8ncia","article_publisher":"https:\/\/www.facebook.com\/Cercledeconscienciabarcelona?_rdr","og_image":[{"width":1075,"height":705,"url":"https:\/\/cercledeconsciencia.com\/wp-content\/uploads\/2025\/10\/Captura-de-pantalla-2025-10-23-a-las-9.15.25.png","type":"image\/png"}],"twitter_card":"summary_large_image","twitter_misc":{"Temps estimat de lectura":"2 minuts"},"schema":{"@context":"https:\/\/schema.org","@graph":[{"@type":"WebPage","@id":"https:\/\/cercledeconsciencia.com\/actividades\/psicodanza-integrativa-mallorca\/","url":"https:\/\/cercledeconsciencia.com\/actividades\/psicodanza-integrativa-mallorca\/","name":"Psicodan\u00e7a Integrativa Mallorca - Cercle de Consci\u00e8ncia","isPartOf":{"@id":"https:\/\/cercledeconsciencia.com\/#website"},"primaryImageOfPage":{"@id":"https:\/\/cercledeconsciencia.com\/actividades\/psicodanza-integrativa-mallorca\/#primaryimage"},"image":{"@id":"https:\/\/cercledeconsciencia.com\/actividades\/psicodanza-integrativa-mallorca\/#primaryimage"},"thumbnailUrl":"https:\/\/cercledeconsciencia.com\/wp-content\/uploads\/2025\/10\/Captura-de-pantalla-2025-10-23-a-las-9.15.25.png","datePublished":"2025-10-23T07:23:43+00:00","breadcrumb":{"@id":"https:\/\/cercledeconsciencia.com\/actividades\/psicodanza-integrativa-mallorca\/#breadcrumb"},"inLanguage":"ca","potentialAction":[{"@type":"ReadAction","target":["https:\/\/cercledeconsciencia.com\/actividades\/psicodanza-integrativa-mallorca\/"]}]},{"@type":"ImageObject","inLanguage":"ca","@id":"https:\/\/cercledeconsciencia.com\/actividades\/psicodanza-integrativa-mallorca\/#primaryimage","url":"https:\/\/cercledeconsciencia.com\/wp-content\/uploads\/2025\/10\/Captura-de-pantalla-2025-10-23-a-las-9.15.25.png","contentUrl":"https:\/\/cercledeconsciencia.com\/wp-content\/uploads\/2025\/10\/Captura-de-pantalla-2025-10-23-a-las-9.15.25.png","width":1075,"height":705},{"@type":"BreadcrumbList","@id":"https:\/\/cercledeconsciencia.com\/actividades\/psicodanza-integrativa-mallorca\/#breadcrumb","itemListElement":[{"@type":"ListItem","position":1,"name":"Portada","item":"https:\/\/cercledeconsciencia.com\/"},{"@type":"ListItem","position":2,"name":"Eventos","item":"https:\/\/cercledeconsciencia.com\/actividades\/"},{"@type":"ListItem","position":3,"name":"Psicodanza Integrativa Mallorca"}]},{"@type":"WebSite","@id":"https:\/\/cercledeconsciencia.com\/#website","url":"https:\/\/cercledeconsciencia.com\/","name":"Cercle de Consci\u00e8ncia","description":"Centre de Formaci\u00f3 i Ter\u00e0pies","publisher":{"@id":"https:\/\/cercledeconsciencia.com\/#organization"},"potentialAction":[{"@type":"SearchAction","target":{"@type":"EntryPoint","urlTemplate":"https:\/\/cercledeconsciencia.com\/?s={search_term_string}"},"query-input":{"@type":"PropertyValueSpecification","valueRequired":true,"valueName":"search_term_string"}}],"inLanguage":"ca"},{"@type":"Organization","@id":"https:\/\/cercledeconsciencia.com\/#organization","name":"Cercle de Consci\u00e8ncia","url":"https:\/\/cercledeconsciencia.com\/","logo":{"@type":"ImageObject","inLanguage":"ca","@id":"https:\/\/cercledeconsciencia.com\/#\/schema\/logo\/image\/","url":"https:\/\/cercledeconsciencia.com\/wp-content\/uploads\/2023\/07\/logo.png","contentUrl":"https:\/\/cercledeconsciencia.com\/wp-content\/uploads\/2023\/07\/logo.png","width":239,"height":68,"caption":"Cercle de Consci\u00e8ncia"},"image":{"@id":"https:\/\/cercledeconsciencia.com\/#\/schema\/logo\/image\/"},"sameAs":["https:\/\/www.facebook.com\/Cercledeconscienciabarcelona?_rdr","https:\/\/www.instagram.com\/cercledeconsciencia\/","https:\/\/www.youtube.com\/c\/cercledeconsciencia"]}]}},"_links":{"self":[{"href":"https:\/\/cercledeconsciencia.com\/ca\/wp-json\/wp\/v2\/mec-events\/5469","targetHints":{"allow":["GET"]}}],"collection":[{"href":"https:\/\/cercledeconsciencia.com\/ca\/wp-json\/wp\/v2\/mec-events"}],"about":[{"href":"https:\/\/cercledeconsciencia.com\/ca\/wp-json\/wp\/v2\/types\/mec-events"}],"author":[{"embeddable":true,"href":"https:\/\/cercledeconsciencia.com\/ca\/wp-json\/wp\/v2\/users\/2"}],"replies":[{"embeddable":true,"href":"https:\/\/cercledeconsciencia.com\/ca\/wp-json\/wp\/v2\/comments?post=5469"}],"wp:featuredmedia":[{"embeddable":true,"href":"https:\/\/cercledeconsciencia.com\/ca\/wp-json\/wp\/v2\/media\/5470"}],"wp:attachment":[{"href":"https:\/\/cercledeconsciencia.com\/ca\/wp-json\/wp\/v2\/media?parent=5469"}],"wp:term":[{"taxonomy":"post_tag","embeddable":true,"href":"https:\/\/cercledeconsciencia.com\/ca\/wp-json\/wp\/v2\/tags?post=5469"},{"taxonomy":"mec_category","embeddable":true,"href":"https:\/\/cercledeconsciencia.com\/ca\/wp-json\/wp\/v2\/mec_category?post=5469"},{"taxonomy":"mec_speaker","embeddable":true,"href":"https:\/\/cercledeconsciencia.com\/ca\/wp-json\/wp\/v2\/mec_speaker?post=5469"}],"curies":[{"name":"wp","href":"https:\/\/api.w.org\/{rel}","templated":true}]}}