{"id":2807,"date":"2024-02-05T20:52:48","date_gmt":"2024-02-05T20:52:48","guid":{"rendered":"https:\/\/cercledeconsciencia.com\/?page_id=2807"},"modified":"2024-02-06T01:08:32","modified_gmt":"2024-02-06T01:08:32","slug":"politica-de-privadesa","status":"publish","type":"page","link":"https:\/\/cercledeconsciencia.com\/ca\/politica-de-privacidad\/","title":{"rendered":"Pol\u00edtica de privadesa"},"content":{"rendered":"<div class=\"vc_row wpb_row vc_row-fluid\" ><div class=\"wpb_column vc_column_container vc_col-sm-12\"><div class=\"vc_column-inner\"><div class=\"wpb_wrapper\">\n\t<div class=\"wpb_text_column wpb_content_element\" >\n\t\t<div class=\"wpb_wrapper\">\n\t\t\t<h1><span style=\"font-weight: 400;\">Pol\u00edtica de privadesa<\/span><\/h1>\n<p>&nbsp;<\/p>\n<p><span style=\"font-weight: 400;\">Som una empresa on la transpar\u00e8ncia en la informaci\u00f3 \u00e9s fonamental per establir una relaci\u00f3 de confian\u00e7a amb les persones que formen el nostre projecte i amb els nostres prove\u00efdors i clients, sent la protecci\u00f3 de les dades personals de les persones que confien en nosaltres de vital import\u00e0ncia , per la qual cosa volem mitjan\u00e7ant la present Pol\u00edtica de privadesa informar-te de com recaptem i com tractem o utilitzem aquestes dades.<\/span><\/p>\n<p><span style=\"font-weight: 400;\">En aquesta pol\u00edtica de privadesa s&#039;estableixen les bases sobre les quals l&#039;empresa tracta les dades de car\u00e0cter personal que volunt\u00e0riament ens faciliten els nostres usuaris a trav\u00e9s de la p\u00e0gina web.<\/span><\/p>\n<p><span style=\"font-weight: 400;\">Aquesta Pol\u00edtica sempre ser\u00e0 aplicable quan es facilitin dades a l&#039;empresa, el qual ser\u00e0 responsable de les vostres dades (Responsable del Tractament de les Dades), ia trav\u00e9s de qualsevol dels formularis de contacte o subscripci\u00f3 on es recullin dades de car\u00e0cter personal (nom, correu electr\u00f2nic, etc.).<\/span><\/p>\n<p>&nbsp;<\/p>\n<p><b>A QU\u00c8 ENS COMPROMETEM<\/b><\/p>\n<ul>\n<li style=\"font-weight: 400;\" aria-level=\"1\"><span style=\"font-weight: 400;\">A respectar la privadesa dels nostres usuaris i tractar les dades personals amb el consentiment dels mateixos.<\/span><\/li>\n<li style=\"font-weight: 400;\" aria-level=\"1\"><span style=\"font-weight: 400;\">A tractar les dades personals que estrictament necessitem per donar el servei sol\u00b7licitat, i tractar-les de forma segura i confidencial, prenent les mesures necess\u00e0ries per evitar-ne l&#039;acc\u00e9s no autoritzat i l&#039;\u00fas indegut.<\/span><\/li>\n<li style=\"font-weight: 400;\" aria-level=\"1\"><span style=\"font-weight: 400;\">A no utilitzar les dades personals per a finalitats per a les quals no hem obtingut pr\u00e8viament el consentiment.<\/span><\/li>\n<li style=\"font-weight: 400;\" aria-level=\"1\"><span style=\"font-weight: 400;\">A no donar les dades personals a tercers ni compartir-les.<\/span><\/li>\n<li style=\"font-weight: 400;\" aria-level=\"1\"><span style=\"font-weight: 400;\">A conservar les dades personals durant el temps estrictament necessari per a la finalitat concreta per a la qual han estat proporcionades.<\/span><\/li>\n<\/ul>\n<p><span style=\"font-weight: 400;\">\u00a0<\/span><\/p>\n<p><b>QUI \u00c9S EL RESPONSABLE DE LES TEVES DADES PERSONALS<\/b><\/p>\n<table>\n<tbody>\n<tr>\n<td style=\"text-align: left;\"><strong>Nom de l&#039;empresa<\/strong><\/td>\n<td style=\"text-align: left;\"><span style=\"font-weight: 400;\">ESPAI TCI, SLU<\/span><\/td>\n<\/tr>\n<tr>\n<td style=\"text-align: left;\"><strong>B66100033<\/strong><\/td>\n<td style=\"text-align: left;\"><span style=\"font-weight: 400;\">B66100033<\/span><\/td>\n<\/tr>\n<tr>\n<td style=\"text-align: left;\"><strong>Carrer<\/strong><\/td>\n<td style=\"text-align: left;\"><span style=\"font-weight: 400;\">C\/ PAU ALSINA N 16<\/span><\/td>\n<\/tr>\n<tr>\n<td style=\"text-align: left;\"><strong>Codi postal<\/strong><\/td>\n<td style=\"text-align: left;\"><span style=\"font-weight: 400;\">08025<\/span><\/td>\n<\/tr>\n<tr>\n<td style=\"text-align: left;\"><strong>Localitat<\/strong><\/td>\n<td style=\"text-align: left;\"><span style=\"font-weight: 400;\">BARCELONA<\/span><\/td>\n<\/tr>\n<tr>\n<td style=\"text-align: left;\"><strong>Prov\u00edncia<\/strong><\/td>\n<td style=\"text-align: left;\"><span style=\"font-weight: 400;\">BARCELONA<\/span><\/td>\n<\/tr>\n<\/tbody>\n<\/table>\n<p><b>\u00a0<\/b><\/p>\n<p><b>QU\u00c8 \u00c9S UNA DADA PERSONAL I EL TRACTAMENT DE DADES PERSONALS<\/b><\/p>\n<p><span style=\"font-weight: 400;\">Una dada personal \u00e9s tota informaci\u00f3 sobre una persona f\u00edsica identificada o identificable. Es considera persona f\u00edsica identificable tota persona la identitat de la qual es pugui determinar directament o indirectament, en particular mitjan\u00e7ant un identificador, com ara un nom, un n\u00famero d&#039;identificaci\u00f3, dades de localitzaci\u00f3, un identificador en l\u00ednia o un o diversos elements propis de la identitat f\u00edsica , fisiol\u00f2gica, gen\u00e8tica, ps\u00edquica, econ\u00f2mica, cultural o social de la persona esmentada.<\/span><\/p>\n<p><span style=\"font-weight: 400;\">Aix\u00ed mateix, el tractament de dades personals implica qualsevol operaci\u00f3 o conjunt d&#039;operacions realitzades sobre dades personals o conjunts de dades personals, ja sigui per procediments automatitzats o no, com ara la recollida, registre, organitzaci\u00f3, estructuraci\u00f3, conservaci\u00f3, adaptaci\u00f3 o modificaci\u00f3, extracci\u00f3, consulta, utilitzaci\u00f3, comunicaci\u00f3 per transmissi\u00f3, difusi\u00f3 o qualsevol altra forma dhabilitaci\u00f3 dacc\u00e9s, confrontaci\u00f3 o interconnexi\u00f3, limitaci\u00f3, supressi\u00f3 o destrucci\u00f3.<\/span><\/p>\n<p>&nbsp;<\/p>\n<p><b>QUINS TRACTAMENTS REALITZEM SOBRE LES SEVES DADES PERSONALS I PER A QUINES FINALITATS<\/b><\/p>\n<ul>\n<li style=\"font-weight: 400;\" aria-level=\"1\"><b>Sol\u00b7licitud d&#039;informaci\u00f3 per part de l&#039;usuari <\/b>Gestionar la sol\u00b7licitud d&#039;informaci\u00f3 remesa per part de l&#039;usuari a trav\u00e9s del formulari de contacte i\/o l&#039;adre\u00e7a de correu electr\u00f2nic, correu postal i n\u00famero de tel\u00e8fon facilitat a trav\u00e9s del lloc web.<\/li>\n<li style=\"font-weight: 400;\" aria-level=\"1\"><b>Subscripci\u00f3 a newsletter. <\/b>Gestionar la subscripci\u00f3 a l&#039;enviament de newsletter<\/li>\n<li style=\"font-weight: 400;\" aria-level=\"1\"><b>Treballar amb nosaltres mitjan\u00e7ant l&#039;enviament del curr\u00edculum. <\/b>Gesti\u00f3 dels CV rebuts a trav\u00e9s del formulari disponible al lloc web.<\/li>\n<li style=\"font-weight: 400;\" aria-level=\"1\"><b>Alta i acc\u00e9s al perfil dusuari. <\/b>Gesti\u00f3 de l&#039;alta i de l&#039;acc\u00e9s al portal d&#039;usuari mitjan\u00e7ant el compte d&#039;usuari i la contrasenya corresponent.<\/li>\n<li style=\"font-weight: 400;\" aria-level=\"1\"><b>Gesti\u00f3 dels comentaris al bloc. <\/b>Gestionar l&#039;enviament i recepci\u00f3 dels comentaris que l&#039;usuari hagi deixat al bloc.<\/li>\n<\/ul>\n<p><span style=\"font-weight: 400;\">\u00a0<\/span><\/p>\n<p><b>QUINES DADES PERSONALS CAPTEM<\/b><\/p>\n<p><span style=\"font-weight: 400;\">A trav\u00e9s de la nostra p\u00e0gina web podem demanar dades personals per a diferents finalitats:<\/span><\/p>\n<ul>\n<li style=\"font-weight: 400;\" aria-level=\"1\"><b>Sol\u00b7licitud d&#039;informaci\u00f3 per part de l&#039;usuari <\/b>Captarem les dades personals que ens hagi facilitat amb motiu de la consulta plantejada.<\/li>\n<li style=\"font-weight: 400;\" aria-level=\"1\"><b>Subscripci\u00f3 a newsletter. <\/b>Captarem la vostra adre\u00e7a de correu electr\u00f2nic.<\/li>\n<li style=\"font-weight: 400;\" aria-level=\"1\"><b>Treballa amb nosaltres mitjan\u00e7ant l&#039;enviament del curr\u00edculum. <\/b>Captarem la informaci\u00f3 continguda al CV que ens hagi facilitat.<\/li>\n<li style=\"font-weight: 400;\" aria-level=\"1\"><b>Alta i acc\u00e9s al perfil dusuari. <\/b>Nom d&#039;usuari i contrasenya, aix\u00ed com qualsevol altra dada que s&#039;hagi facilitat per crear el compte o perfil.<\/li>\n<li style=\"font-weight: 400;\" aria-level=\"1\"><b>Gesti\u00f3 dels comentaris al bloc. <\/b>Qualsevol dada que s&#039;hagi facilitat en publicar el comentari corresponent.<\/li>\n<\/ul>\n<p><span style=\"font-weight: 400;\">\u00a0<\/span><\/p>\n<p><span style=\"font-weight: 400;\">Depenent de la finalitat per a la qual s&#039;aporten les dades, seran requerides les dades estrictament necess\u00e0ries. \u00c9s important que l&#039;usuari sigui conscient de les dades que aporta i la finalitat per a la qual ho fa perqu\u00e8 en el moment que les facilita, est\u00e0 acceptant que recopilem, emmagatzemem i fem servir aquestes dades per a la finalitat requerida, podent en qualsevol moment retirar el consentiment prestat per les vies oportunes sent el consentiment de linteressat la base legal i legitimaci\u00f3 per al tractament de les seves dades personals.<\/span><\/p>\n<p>&nbsp;<\/p>\n<p><b>QUINA \u00c9S LA LEGITIMACI\u00d3 PER AL TRACTAMENT DE LES DADES PERSONALS<\/b><\/p>\n<p><span style=\"font-weight: 400;\">D&#039;acord amb la normativa vigent en mat\u00e8ria de protecci\u00f3 de dades, necessitem una base de legitimaci\u00f3 per al tractament de les vostres dades personals. La base de legitimaci\u00f3 n&#039;\u00e9s el consentiment.<\/span><\/p>\n<p><b>\u00a0<\/b><\/p>\n<p><b>QUINS DRETS T\u00c9 SOBRE LES DADES PERSONALS APORTADES<\/b><\/p>\n<p><span style=\"font-weight: 400;\">Com a usuari, pot exercitar els drets seg\u00fcents:<\/span><\/p>\n<p><span style=\"font-weight: 400;\">Dret d&#039;acc\u00e9s<\/span><span style=\"font-weight: 400;\">: Teniu dret a obtenir per part de l&#039;empresa confirmaci\u00f3 de si s&#039;estan tractant o no les vostres dades personals que, i si escau, quines dades tracta.<\/span><\/p>\n<p>&nbsp;<\/p>\n<p><span style=\"font-weight: 400;\">Dret de rectificaci\u00f3<\/span><span style=\"font-weight: 400;\">: Teniu dret a obtenir per part d&#039;ESPAI TCI, SLU , la rectificaci\u00f3 de les dades personals inexactes que us concerneixin. A la sol\u00b7licitud de rectificaci\u00f3 haureu d&#039;indicar les dades que voleu que es modifiquin.<\/span><\/p>\n<p>&nbsp;<\/p>\n<p><span style=\"font-weight: 400;\">Dret d&#039;oposici\u00f3<\/span><span style=\"font-weight: 400;\">: Teniu dret a oposar-vos en qualsevol moment, per motius relacionats amb la vostra situaci\u00f3 particular, que dades personals que us concerneixin siguin objecte d&#039;un tractament basat en l&#039;inter\u00e8s leg\u00edtim de l&#039;empresa. En aquest cas, l&#039;empresa deixar\u00e0 de tractar les dades personals, tret que acreditem motius leg\u00edtims imperiosos per al tractament que prevalguin sobre els seus interessos, drets i llibertats, o per a la formulaci\u00f3, l&#039;exercici o la defensa de reclamacions.<\/span><\/p>\n<p>&nbsp;<\/p>\n<p><span style=\"font-weight: 400;\">\u00a0<\/span><span style=\"font-weight: 400;\">Dret de supressi\u00f3<\/span><span style=\"font-weight: 400;\">: Teniu dret a obtenir per part d&#039;ESPAI TCI, SLU , la supressi\u00f3 de les dades personals que us concerneixin.<\/span><\/p>\n<p>&nbsp;<\/p>\n<p><span style=\"font-weight: 400;\">Dret a la portabilitat de les dades<\/span><span style=\"font-weight: 400;\">: Teniu dret que l&#039;empresa transfereixi les vostres dades personals a un altre responsable del tractament. Nom\u00e9s \u00e9s possible exercir aquest dret quan el tractament estigui basat en l&#039;execuci\u00f3 d&#039;un contracte o en el seu consentiment i el tractament es faci mitjan\u00e7ant mitjans automatitzats.<\/span><\/p>\n<p><span style=\"font-weight: 400;\">Dret a la limitaci\u00f3 del tractament<\/span><span style=\"font-weight: 400;\">: Teniu dret a sol\u00b7licitar-nos que suspenguem el tractament de les vostres dades quan: impugneu l&#039;exactitud de les dades, mentre ESPAI TCI, SLU verifica aquesta exactitud; hagi exercit el dret d&#039;oposici\u00f3 al tractament de les vostres dades, mentre que es verifica si els motius leg\u00edtims d&#039;ESPAI TCI, SLU prevalen sobre els seus com a interessat.<\/span><\/p>\n<p><span style=\"font-weight: 400;\">\u00a0<\/span><\/p>\n<p><span style=\"font-weight: 400;\">En qualsevol moment, podreu exercir aquests Drets, mitjan\u00e7ant un escrit i acreditant la vostra personalitat adre\u00e7at al responsable del tractament a l&#039;adre\u00e7a assenyalada anteriorment, oa trav\u00e9s de l&#039;adre\u00e7a de correu electr\u00f2nic: COMPTABILITAT@ESPAITCI.COM.<\/span><\/p>\n<p><span style=\"font-weight: 400;\">A m\u00e9s, podr\u00e0 presentar una reclamaci\u00f3 davant de l&#039;autoritat de control, en aquest cas, l&#039;Ag\u00e8ncia Espanyola de Protecci\u00f3 de Dades, si considera que el tractament de dades personals infringeix la legislaci\u00f3 aplicable.<\/span><\/p>\n<p>&nbsp;<\/p>\n<p><b>SEGURETAT I EMMAGATZEMATGE DE LES DADES<\/b><\/p>\n<p><span style=\"font-weight: 400;\">Mantindrem les dades durant el temps estrictament necessari per a la prestaci\u00f3 del servei sol\u00b7licitat i mentre el titular no sol\u00b7licite la seua eliminaci\u00f3, adoptant les mesures adequades de car\u00e0cter t\u00e8cnic i organitzatiu contra el tractament no autoritzat o il\u00b7l\u00edcit i contra la seua p\u00e8rdua, destrucci\u00f3 o dany accidentals, fent tot el possible per protegir-los i mantenir-los de manera segura.<\/span><\/p>\n<p>&nbsp;<\/p>\n<p><b>QUINES DADES PERSONALS COMPARTIM AMB TERCERS<\/b><\/p>\n<p><span style=\"font-weight: 400;\">No es preveuen cessions de dades excepte en aquells casos en qu\u00e8 hi hagi una obligaci\u00f3 legal o comunicaci\u00f3 necess\u00e0ria per poder prestar-li el servei sol\u00b7licitat adequadament. No hi ha previsi\u00f3 de transfer\u00e8ncies de dades internacionals.<\/span><\/p>\n\n\t\t<\/div>\n\t<\/div>\n<\/div><\/div><\/div><\/div><div class=\"vc_row wpb_row vc_row-fluid\" ><div class=\"wpb_column vc_column_container vc_col-sm-12\"><div class=\"vc_column-inner\"><div class=\"wpb_wrapper\"><div class=\"vc_empty_space\"   style=\"height: 50px\"><span class=\"vc_empty_space_inner\"><\/span><\/div><\/div><\/div><\/div><\/div>","protected":false},"excerpt":{"rendered":"Pol\u00edtica de privacidad &nbsp; Somos una empresa en la que la transparencia en la informaci\u00f3n es fundamental para establecer una relaci\u00f3n de confianza con las personas que forman nuestro proyecto [...]","protected":false},"author":1,"featured_media":0,"parent":0,"menu_order":0,"comment_status":"closed","ping_status":"closed","template":"","meta":{"footnotes":""},"class_list":["post-2807","page","type-page","status-publish","hentry"],"yoast_head":"<!-- This site is optimized with the Yoast SEO plugin v27.4 - https:\/\/yoast.com\/product\/yoast-seo-wordpress\/ -->\n<title>Pol\u00edtica de privacidad - Cercle de Consci\u00e8ncia<\/title>\n<meta name=\"robots\" content=\"index, follow, max-snippet:-1, max-image-preview:large, max-video-preview:-1\" \/>\n<link rel=\"canonical\" href=\"https:\/\/cercledeconsciencia.com\/ca\/politica-de-privadesa\/\" \/>\n<meta property=\"og:locale\" content=\"ca_ES\" \/>\n<meta property=\"og:type\" content=\"article\" \/>\n<meta property=\"og:title\" content=\"Pol\u00edtica de privacidad - Cercle de Consci\u00e8ncia\" \/>\n<meta property=\"og:url\" content=\"https:\/\/cercledeconsciencia.com\/ca\/politica-de-privadesa\/\" \/>\n<meta property=\"og:site_name\" content=\"Cercle de Consci\u00e8ncia\" \/>\n<meta property=\"article:publisher\" content=\"https:\/\/www.facebook.com\/Cercledeconscienciabarcelona?_rdr\" \/>\n<meta property=\"article:modified_time\" content=\"2024-02-06T01:08:32+00:00\" \/>\n<meta name=\"twitter:card\" content=\"summary_large_image\" \/>\n<meta name=\"twitter:label1\" content=\"Temps estimat de lectura\" \/>\n\t<meta name=\"twitter:data1\" content=\"7 minuts\" \/>\n<script type=\"application\/ld+json\" class=\"yoast-schema-graph\">{\"@context\":\"https:\\\/\\\/schema.org\",\"@graph\":[{\"@type\":\"WebPage\",\"@id\":\"https:\\\/\\\/cercledeconsciencia.com\\\/es\\\/politica-de-privacidad\\\/\",\"url\":\"https:\\\/\\\/cercledeconsciencia.com\\\/es\\\/politica-de-privacidad\\\/\",\"name\":\"Pol\u00edtica de privacidad - Cercle de Consci\u00e8ncia\",\"isPartOf\":{\"@id\":\"https:\\\/\\\/cercledeconsciencia.com\\\/#website\"},\"datePublished\":\"2024-02-05T20:52:48+00:00\",\"dateModified\":\"2024-02-06T01:08:32+00:00\",\"breadcrumb\":{\"@id\":\"https:\\\/\\\/cercledeconsciencia.com\\\/es\\\/politica-de-privacidad\\\/#breadcrumb\"},\"inLanguage\":\"ca\",\"potentialAction\":[{\"@type\":\"ReadAction\",\"target\":[\"https:\\\/\\\/cercledeconsciencia.com\\\/es\\\/politica-de-privacidad\\\/\"]}]},{\"@type\":\"BreadcrumbList\",\"@id\":\"https:\\\/\\\/cercledeconsciencia.com\\\/es\\\/politica-de-privacidad\\\/#breadcrumb\",\"itemListElement\":[{\"@type\":\"ListItem\",\"position\":1,\"name\":\"Portada\",\"item\":\"https:\\\/\\\/cercledeconsciencia.com\\\/\"},{\"@type\":\"ListItem\",\"position\":2,\"name\":\"Pol\u00edtica de privacidad\"}]},{\"@type\":\"WebSite\",\"@id\":\"https:\\\/\\\/cercledeconsciencia.com\\\/#website\",\"url\":\"https:\\\/\\\/cercledeconsciencia.com\\\/\",\"name\":\"Cercle de Consci\u00e8ncia\",\"description\":\"Centro de Formaci\u00f3n y Terapias\",\"publisher\":{\"@id\":\"https:\\\/\\\/cercledeconsciencia.com\\\/#organization\"},\"potentialAction\":[{\"@type\":\"SearchAction\",\"target\":{\"@type\":\"EntryPoint\",\"urlTemplate\":\"https:\\\/\\\/cercledeconsciencia.com\\\/?s={search_term_string}\"},\"query-input\":{\"@type\":\"PropertyValueSpecification\",\"valueRequired\":true,\"valueName\":\"search_term_string\"}}],\"inLanguage\":\"ca\"},{\"@type\":\"Organization\",\"@id\":\"https:\\\/\\\/cercledeconsciencia.com\\\/#organization\",\"name\":\"Cercle de Consci\u00e8ncia\",\"url\":\"https:\\\/\\\/cercledeconsciencia.com\\\/\",\"logo\":{\"@type\":\"ImageObject\",\"inLanguage\":\"ca\",\"@id\":\"https:\\\/\\\/cercledeconsciencia.com\\\/#\\\/schema\\\/logo\\\/image\\\/\",\"url\":\"https:\\\/\\\/cercledeconsciencia.com\\\/wp-content\\\/uploads\\\/2023\\\/07\\\/logo.png\",\"contentUrl\":\"https:\\\/\\\/cercledeconsciencia.com\\\/wp-content\\\/uploads\\\/2023\\\/07\\\/logo.png\",\"width\":239,\"height\":68,\"caption\":\"Cercle de Consci\u00e8ncia\"},\"image\":{\"@id\":\"https:\\\/\\\/cercledeconsciencia.com\\\/#\\\/schema\\\/logo\\\/image\\\/\"},\"sameAs\":[\"https:\\\/\\\/www.facebook.com\\\/Cercledeconscienciabarcelona?_rdr\",\"https:\\\/\\\/www.instagram.com\\\/cercledeconsciencia\\\/\",\"https:\\\/\\\/www.youtube.com\\\/c\\\/cercledeconsciencia\"]}]}<\/script>\n<!-- \/ Yoast SEO plugin. -->","yoast_head_json":{"title":"Pol\u00edtica de privadesa - Cercle de Consci\u00e8ncia","robots":{"index":"index","follow":"follow","max-snippet":"max-snippet:-1","max-image-preview":"max-image-preview:large","max-video-preview":"max-video-preview:-1"},"canonical":"https:\/\/cercledeconsciencia.com\/ca\/politica-de-privadesa\/","og_locale":"ca_ES","og_type":"article","og_title":"Pol\u00edtica de privacidad - Cercle de Consci\u00e8ncia","og_url":"https:\/\/cercledeconsciencia.com\/ca\/politica-de-privadesa\/","og_site_name":"Cercle de Consci\u00e8ncia","article_publisher":"https:\/\/www.facebook.com\/Cercledeconscienciabarcelona?_rdr","article_modified_time":"2024-02-06T01:08:32+00:00","twitter_card":"summary_large_image","twitter_misc":{"Temps estimat de lectura":"7 minuts"},"schema":{"@context":"https:\/\/schema.org","@graph":[{"@type":"WebPage","@id":"https:\/\/cercledeconsciencia.com\/es\/politica-de-privacidad\/","url":"https:\/\/cercledeconsciencia.com\/es\/politica-de-privacidad\/","name":"Pol\u00edtica de privadesa - Cercle de Consci\u00e8ncia","isPartOf":{"@id":"https:\/\/cercledeconsciencia.com\/#website"},"datePublished":"2024-02-05T20:52:48+00:00","dateModified":"2024-02-06T01:08:32+00:00","breadcrumb":{"@id":"https:\/\/cercledeconsciencia.com\/es\/politica-de-privacidad\/#breadcrumb"},"inLanguage":"ca","potentialAction":[{"@type":"ReadAction","target":["https:\/\/cercledeconsciencia.com\/es\/politica-de-privacidad\/"]}]},{"@type":"BreadcrumbList","@id":"https:\/\/cercledeconsciencia.com\/es\/politica-de-privacidad\/#breadcrumb","itemListElement":[{"@type":"ListItem","position":1,"name":"Portada","item":"https:\/\/cercledeconsciencia.com\/"},{"@type":"ListItem","position":2,"name":"Pol\u00edtica de privacidad"}]},{"@type":"WebSite","@id":"https:\/\/cercledeconsciencia.com\/#website","url":"https:\/\/cercledeconsciencia.com\/","name":"Cercle de Consci\u00e8ncia","description":"Centre de Formaci\u00f3 i Ter\u00e0pies","publisher":{"@id":"https:\/\/cercledeconsciencia.com\/#organization"},"potentialAction":[{"@type":"SearchAction","target":{"@type":"EntryPoint","urlTemplate":"https:\/\/cercledeconsciencia.com\/?s={search_term_string}"},"query-input":{"@type":"PropertyValueSpecification","valueRequired":true,"valueName":"search_term_string"}}],"inLanguage":"ca"},{"@type":"Organization","@id":"https:\/\/cercledeconsciencia.com\/#organization","name":"Cercle de Consci\u00e8ncia","url":"https:\/\/cercledeconsciencia.com\/","logo":{"@type":"ImageObject","inLanguage":"ca","@id":"https:\/\/cercledeconsciencia.com\/#\/schema\/logo\/image\/","url":"https:\/\/cercledeconsciencia.com\/wp-content\/uploads\/2023\/07\/logo.png","contentUrl":"https:\/\/cercledeconsciencia.com\/wp-content\/uploads\/2023\/07\/logo.png","width":239,"height":68,"caption":"Cercle de Consci\u00e8ncia"},"image":{"@id":"https:\/\/cercledeconsciencia.com\/#\/schema\/logo\/image\/"},"sameAs":["https:\/\/www.facebook.com\/Cercledeconscienciabarcelona?_rdr","https:\/\/www.instagram.com\/cercledeconsciencia\/","https:\/\/www.youtube.com\/c\/cercledeconsciencia"]}]}},"_links":{"self":[{"href":"https:\/\/cercledeconsciencia.com\/ca\/wp-json\/wp\/v2\/pages\/2807","targetHints":{"allow":["GET"]}}],"collection":[{"href":"https:\/\/cercledeconsciencia.com\/ca\/wp-json\/wp\/v2\/pages"}],"about":[{"href":"https:\/\/cercledeconsciencia.com\/ca\/wp-json\/wp\/v2\/types\/page"}],"author":[{"embeddable":true,"href":"https:\/\/cercledeconsciencia.com\/ca\/wp-json\/wp\/v2\/users\/1"}],"replies":[{"embeddable":true,"href":"https:\/\/cercledeconsciencia.com\/ca\/wp-json\/wp\/v2\/comments?post=2807"}],"version-history":[{"count":9,"href":"https:\/\/cercledeconsciencia.com\/ca\/wp-json\/wp\/v2\/pages\/2807\/revisions"}],"predecessor-version":[{"id":2922,"href":"https:\/\/cercledeconsciencia.com\/ca\/wp-json\/wp\/v2\/pages\/2807\/revisions\/2922"}],"wp:attachment":[{"href":"https:\/\/cercledeconsciencia.com\/ca\/wp-json\/wp\/v2\/media?parent=2807"}],"curies":[{"name":"wp","href":"https:\/\/api.w.org\/{rel}","templated":true}]}}