{"id":2881,"date":"2024-02-05T23:48:49","date_gmt":"2024-02-05T23:48:49","guid":{"rendered":"https:\/\/cercledeconsciencia.com\/?page_id=2881"},"modified":"2025-04-27T16:43:41","modified_gmt":"2025-04-27T16:43:41","slug":"eivissa","status":"publish","type":"page","link":"https:\/\/cercledeconsciencia.com\/ca\/ibiza\/","title":{"rendered":"Cercle de Consci\u00e8ncia Eivissa"},"content":{"rendered":"<div data-vc-full-width=\"true\" data-vc-full-width-init=\"false\" data-vc-stretch-content=\"true\" class=\"vc_row wpb_row vc_row-fluid hide-mobile vc_custom_1718844228696 vc_row-has-fill vc_row-no-padding\" ><div class=\"wpb_column vc_column_container vc_col-sm-12\"><div class=\"vc_column-inner\"><div class=\"wpb_wrapper\"><div class=\"vc_empty_space\"   style=\"height: 200px\"><span class=\"vc_empty_space_inner\"><\/span><\/div><div class=\"vc_row wpb_row vc_inner vc_row-fluid vc_custom_1699443329405\" ><div class=\"bg-title-terapias wpb_column vc_column_container vc_col-sm-6\"><div class=\"vc_column-inner\"><div class=\"wpb_wrapper\"><div class=\"vc_empty_space\"   style=\"height: 30px\"><span class=\"vc_empty_space_inner\"><\/span><\/div>\n\t<div class=\"wpb_text_column wpb_content_element \" >\n\t\t<div class=\"wpb_wrapper\">\n\t\t\t<h1 class=\"font-open\"><span style=\"color: #ffffff;\">Cercle de Consci\u00e8ncia Eivissa.<\/span><\/h1>\n\n\t\t<\/div>\n\t<\/div>\n<div class=\"vc_empty_space\"   style=\"height: 30px\"><span class=\"vc_empty_space_inner\"><\/span><\/div><\/div><\/div><\/div><div class=\"wpb_column vc_column_container vc_col-sm-6\"><div class=\"vc_column-inner\"><div class=\"wpb_wrapper\"><\/div><\/div><\/div><\/div><div class=\"vc_empty_space\"   style=\"height: 260px\"><span class=\"vc_empty_space_inner\"><\/span><\/div><div class=\"vc_row wpb_row vc_inner vc_row-fluid vc_custom_1699304517452\" ><div class=\"borderr-white wpb_column vc_column_container vc_col-sm-12\"><div class=\"vc_column-inner vc_custom_1699304523827\"><div class=\"wpb_wrapper\"><div class=\"vc_empty_space\"   style=\"height: 100px\"><span class=\"vc_empty_space_inner\"><\/span><\/div><\/div><\/div><\/div><\/div><\/div><\/div><\/div><\/div><div class=\"vc_row-full-width vc_clearfix\"><\/div><div data-vc-full-width=\"true\" data-vc-full-width-init=\"false\" data-vc-stretch-content=\"true\" class=\"vc_row wpb_row vc_row-fluid show-mobile vc_custom_1718844237575 vc_row-has-fill vc_row-no-padding\" ><div class=\"wpb_column vc_column_container vc_col-sm-12\"><div class=\"vc_column-inner\"><div class=\"wpb_wrapper\"><div class=\"vc_empty_space\"   style=\"height: 30px\"><span class=\"vc_empty_space_inner\"><\/span><\/div><div class=\"vc_row wpb_row vc_inner vc_row-fluid vc_custom_1699443329405\" ><div class=\"bg-title-terapias wpb_column vc_column_container vc_col-sm-6\"><div class=\"vc_column-inner\"><div class=\"wpb_wrapper\"><div class=\"vc_empty_space\"   style=\"height: 20px\"><span class=\"vc_empty_space_inner\"><\/span><\/div>\n\t<div class=\"wpb_text_column wpb_content_element \" >\n\t\t<div class=\"wpb_wrapper\">\n\t\t\t<h1 class=\"font-open\" style=\"font-size: 46px;\"><span style=\"color: #ffffff;\">Cercle de Consci\u00e8ncia Ibiza<\/span><\/h1>\n\n\t\t<\/div>\n\t<\/div>\n<div class=\"vc_empty_space\"   style=\"height: 20px\"><span class=\"vc_empty_space_inner\"><\/span><\/div><\/div><\/div><\/div><div class=\"wpb_column vc_column_container vc_col-sm-6\"><div class=\"vc_column-inner\"><div class=\"wpb_wrapper\"><\/div><\/div><\/div><\/div><div class=\"vc_empty_space\"   style=\"height: 100px\"><span class=\"vc_empty_space_inner\"><\/span><\/div><div class=\"vc_row wpb_row vc_inner vc_row-fluid vc_custom_1699304517452\" ><div class=\"borderr-white wpb_column vc_column_container vc_col-sm-12\"><div class=\"vc_column-inner vc_custom_1699304523827\"><div class=\"wpb_wrapper\"><div class=\"vc_empty_space\"   style=\"height: 100px\"><span class=\"vc_empty_space_inner\"><\/span><\/div><\/div><\/div><\/div><\/div><\/div><\/div><\/div><\/div><div class=\"vc_row-full-width vc_clearfix\"><\/div><div class=\"vc_row wpb_row vc_row-fluid\" ><div class=\"wpb_column vc_column_container vc_col-sm-12\"><div class=\"vc_column-inner\"><div class=\"wpb_wrapper\"><div class=\"edgtf-row-grid-section-wrapper \" ><div class=\"edgtf-row-grid-section\"><div class=\"vc_row wpb_row vc_inner vc_row-fluid vc_row-o-content-middle vc_row-flex\" ><div class=\"wpb_column vc_column_container vc_col-sm-12\"><div class=\"vc_column-inner\"><div class=\"wpb_wrapper\">\n\t<div class=\"wpb_text_column wpb_content_element \" >\n\t\t<div class=\"wpb_wrapper\">\n\t\t\t<p>Las actividades organizadas y promovidas por el <strong>Cercle de Consci\u00e8ncia Eivissa<\/strong>, se desarrollan en dos distintos espacios. Cada uno de nuestros espacios ha sido meticulosamente dise\u00f1ado y acondicionado con el objetivo de ofrecer un entorno \u00f3ptimo y propicio para promover el bienestar integral de quienes participan.<\/p>\n\n\t\t<\/div>\n\t<\/div>\n<\/div><\/div><\/div><\/div><\/div><\/div><div class=\"vc_empty_space\"   style=\"height: 100px\"><span class=\"vc_empty_space_inner\"><\/span><\/div><\/div><\/div><\/div><\/div><div data-vc-full-width=\"true\" data-vc-full-width-init=\"false\" data-vc-stretch-content=\"true\" class=\"vc_row wpb_row vc_row-fluid bg-consiencia vc_row-no-padding\" ><div class=\"wpb_column vc_column_container vc_col-sm-12\"><div class=\"vc_column-inner\"><div class=\"wpb_wrapper\"><div class=\"edgtf-row-grid-section-wrapper \" ><div class=\"edgtf-row-grid-section\"><div class=\"vc_row wpb_row vc_inner vc_row-fluid vc_custom_1702979619468\" ><div class=\"wpb_column vc_column_container vc_col-sm-10\"><div class=\"vc_column-inner\"><div class=\"wpb_wrapper\">\n\t<div class=\"wpb_text_column wpb_content_element  vc_custom_1707782674293\" >\n\t\t<div class=\"wpb_wrapper\">\n\t\t\t<h5 style=\"color: #ffffff;\"><strong>Consulta nuestros espacios en Ibiza.<\/strong><\/h5>\n\n\t\t<\/div>\n\t<\/div>\n<\/div><\/div><\/div><div class=\"wpb_column vc_column_container vc_col-sm-2\"><div class=\"vc_column-inner\"><div class=\"wpb_wrapper\"><div class=\"vc_empty_space\"   style=\"height: 50px\"><span class=\"vc_empty_space_inner\"><\/span><\/div><\/div><\/div><\/div><\/div><\/div><\/div><div class=\"vc_row wpb_row vc_inner vc_row-fluid vc_custom_1699304517452\" ><div class=\"borderr-white wpb_column vc_column_container vc_col-sm-12\"><div class=\"vc_column-inner vc_custom_1699304523827\"><div class=\"wpb_wrapper\"><div class=\"vc_empty_space\"   style=\"height: 100px\"><span class=\"vc_empty_space_inner\"><\/span><\/div><\/div><\/div><\/div><\/div><\/div><\/div><\/div><\/div><div class=\"vc_row-full-width vc_clearfix\"><\/div><div class=\"edgtf-row-grid-section-wrapper \"  ><div class=\"edgtf-row-grid-section\"><div class=\"vc_row wpb_row vc_row-fluid\" ><div class=\"wpb_column vc_column_container vc_col-sm-12\"><div class=\"vc_column-inner\"><div class=\"wpb_wrapper\"><div class=\"vc_tta-container\" data-vc-action=\"collapse\"><div class=\"vc_general vc_tta vc_tta-tabs vc_tta-color-white vc_tta-style-flat vc_tta-shape-rounded vc_tta-spacing-1 vc_tta-gap-30 vc_tta-o-no-fill vc_tta-tabs-position-top vc_tta-controls-align-left\"><div class=\"vc_tta-tabs-container\"><ul class=\"vc_tta-tabs-list\"><li class=\"vc_tta-tab vc_active\" data-vc-tab><a href=\"#Eivissa\" data-vc-tabs data-vc-container=\".vc_tta\"><span class=\"vc_tta-title-text\">+ Cercle de Consci\u00e8ncia Eivissa<\/span><\/a><\/li><li class=\"vc_tta-tab\" data-vc-tab><a href=\"#Sede-San-Jose\" data-vc-tabs data-vc-container=\".vc_tta\"><span class=\"vc_tta-title-text\">+ Cercle de Consci\u00e8ncia - Sede San Jos\u00e9<\/span><\/a><\/li><\/ul><\/div><div class=\"vc_tta-panels-container\"><div class=\"vc_tta-panels\"><div class=\"vc_tta-panel vc_active\" id=\"Eivissa\" data-vc-content=\".vc_tta-panel-body\"><div class=\"vc_tta-panel-heading\"><h4 class=\"vc_tta-panel-title\"><a href=\"#Eivissa\" data-vc-accordion data-vc-container=\".vc_tta-container\"><span class=\"vc_tta-title-text\">+ Cercle de Consci\u00e8ncia Eivissa<\/span><\/a><\/h4><\/div><div class=\"vc_tta-panel-body\"><div class=\"vc_row wpb_row vc_inner vc_row-fluid vc_custom_1707169978852 vc_row-o-equal-height vc_row-o-content-top vc_row-flex\" ><div class=\"wpb_column vc_column_container vc_col-sm-8\"><div class=\"vc_column-inner vc_custom_1707169961037\"><div class=\"wpb_wrapper\">\n\t<div class=\"wpb_text_column wpb_content_element \" >\n\t\t<div class=\"wpb_wrapper\">\n\t\t\t<p><strong>Cercle de Consci\u00e8ncia Eivissa<\/strong><\/p>\n<p style=\"text-align: justify;\">En nuestra sede administrativa, llevamos a cabo tareas de secretar\u00eda, planificaci\u00f3n y organizaci\u00f3n de las formaciones y algunas ocasiones actividades. Adem\u00e1s, contamos con diversas salas debidamente equipadas para llevar a cabo sesiones de terapia individual o de pareja.<\/p>\n\n\t\t<\/div>\n\t<\/div>\n<div class=\"vc_empty_space\"   style=\"height: 15px\"><span class=\"vc_empty_space_inner\"><\/span><\/div>\n\t<div class=\"wpb_text_column wpb_content_element \" >\n\t\t<div class=\"wpb_wrapper\">\n\t\t\t<p><img loading=\"lazy\" decoding=\"async\" class=\"size-full wp-image-2837 alignleft\" src=\"https:\/\/cercledeconsciencia.com\/wp-content\/uploads\/2024\/02\/icon-tel.png\" alt=\"\" width=\"37\" height=\"37\" \/> +34 685 88 24 30<\/p>\n\n\t\t<\/div>\n\t<\/div>\n<div class=\"vc_empty_space\"   style=\"height: 15px\"><span class=\"vc_empty_space_inner\"><\/span><\/div>\n\t<div class=\"wpb_text_column wpb_content_element \" >\n\t\t<div class=\"wpb_wrapper\">\n\t\t\t<p><img loading=\"lazy\" decoding=\"async\" class=\"size-full wp-image-2835 alignleft\" src=\"https:\/\/cercledeconsciencia.com\/wp-content\/uploads\/2024\/02\/icon-ins.png\" alt=\"\" width=\"37\" height=\"37\" \/><a href=\"https:\/\/www.instagram.com\/cercle_eivissa\" target=\"_blank\" rel=\"noopener\">@cercle_eivissa<\/a><\/p>\n\n\t\t<\/div>\n\t<\/div>\n<div class=\"vc_empty_space\"   style=\"height: 24px\"><span class=\"vc_empty_space_inner\"><\/span><\/div>\n\t<div class=\"wpb_text_column wpb_content_element \" >\n\t\t<div class=\"wpb_wrapper\">\n\t\t\t<p><img loading=\"lazy\" decoding=\"async\" class=\"size-full wp-image-2834 alignleft\" src=\"https:\/\/cercledeconsciencia.com\/wp-content\/uploads\/2024\/02\/icon-fb.png\" alt=\"\" width=\"37\" height=\"37\" \/><a href=\"https:\/\/www.facebook.com\/espaitciibiza\" target=\"_blank\" rel=\"noopener\">espaitciibiza<\/a><\/p>\n\n\t\t<\/div>\n\t<\/div>\n<\/div><\/div><\/div><div class=\"br-local wpb_column vc_column_container vc_col-sm-4\"><div class=\"vc_column-inner vc_custom_1707169853732\"><div class=\"wpb_wrapper\">\n\t<div class=\"wpb_text_column wpb_content_element \" >\n\t\t<div class=\"wpb_wrapper\">\n\t\t\t<p><img loading=\"lazy\" decoding=\"async\" class=\"size-full wp-image-2836 alignleft\" src=\"https:\/\/cercledeconsciencia.com\/wp-content\/uploads\/2024\/02\/icon-map.png\" alt=\"\" width=\"37\" height=\"37\" \/><strong>Ver c\u00f3mo llegar<\/strong><\/p>\n\n\t\t<\/div>\n\t<\/div>\n<div class=\"vc_empty_space\"   style=\"height: 26px\"><span class=\"vc_empty_space_inner\"><\/span><\/div>\n\t<div class=\"wpb_text_column wpb_content_element \" >\n\t\t<div class=\"wpb_wrapper\">\n\t\t\t<p>Passatge de Castav\u00ed, 3, 1-4, 07800 Ibiza.<\/p>\n<p><strong>Bus: <\/strong> L13, L3, L20A, ALSA L8<\/p>\n<p><strong>Taxi:<\/strong> Es una calle de f\u00e1cil acceso, donde el taxi te dejar\u00eda directamente en la puerta de nuestra sala.<\/p>\n<p><strong>Parking:<\/strong> Hay parkings p\u00fablicos de pago pr\u00f3ximos al centro.<\/p>\n\n\t\t<\/div>\n\t<\/div>\n<\/div><\/div><\/div><\/div><\/div><\/div><div class=\"vc_tta-panel\" id=\"Sede-San-Jose\" data-vc-content=\".vc_tta-panel-body\"><div class=\"vc_tta-panel-heading\"><h4 class=\"vc_tta-panel-title\"><a href=\"#Sede-San-Jose\" data-vc-accordion data-vc-container=\".vc_tta-container\"><span class=\"vc_tta-title-text\">+ Cercle de Consci\u00e8ncia - Sede San Jos\u00e9<\/span><\/a><\/h4><\/div><div class=\"vc_tta-panel-body\"><div class=\"vc_row wpb_row vc_inner vc_row-fluid vc_custom_1707169978852 vc_row-o-equal-height vc_row-o-content-top vc_row-flex\" ><div class=\"wpb_column vc_column_container vc_col-sm-8\"><div class=\"vc_column-inner vc_custom_1707169961037\"><div class=\"wpb_wrapper\">\n\t<div class=\"wpb_text_column wpb_content_element \" >\n\t\t<div class=\"wpb_wrapper\">\n\t\t\t<p><strong>Cercle de Consci\u00e8ncia &#8211; Sede San Jos\u00e9<\/strong><\/p>\n<p style=\"text-align: justify;\">En Cercle de Consci\u00e8ncia San Jos\u00e9 desarrollamos muchas de nuestras actividades, como son nuestras formaciones y talleres. Contamos con diversos espacios, que incluyen tres salas amplias que se pueden adaptar a cualquier actividad grupal, adem\u00e1s de un agradable jard\u00edn.<\/p>\n\n\t\t<\/div>\n\t<\/div>\n<div class=\"vc_empty_space\"   style=\"height: 15px\"><span class=\"vc_empty_space_inner\"><\/span><\/div>\n\t<div class=\"wpb_text_column wpb_content_element \" >\n\t\t<div class=\"wpb_wrapper\">\n\t\t\t<p><img loading=\"lazy\" decoding=\"async\" class=\"size-full wp-image-2837 alignleft\" src=\"https:\/\/cercledeconsciencia.com\/wp-content\/uploads\/2024\/02\/icon-tel.png\" alt=\"\" width=\"37\" height=\"37\" \/> +34 685 88 24 30<\/p>\n\n\t\t<\/div>\n\t<\/div>\n<div class=\"vc_empty_space\"   style=\"height: 15px\"><span class=\"vc_empty_space_inner\"><\/span><\/div>\n\t<div class=\"wpb_text_column wpb_content_element \" >\n\t\t<div class=\"wpb_wrapper\">\n\t\t\t<p><img loading=\"lazy\" decoding=\"async\" class=\"size-full wp-image-2835 alignleft\" src=\"https:\/\/cercledeconsciencia.com\/wp-content\/uploads\/2024\/02\/icon-ins.png\" alt=\"\" width=\"37\" height=\"37\" \/><a href=\"https:\/\/www.instagram.com\/cercle_eivissa\" target=\"_blank\" rel=\"noopener\">@cercle_eivissa <\/a><\/p>\n\n\t\t<\/div>\n\t<\/div>\n<div class=\"vc_empty_space\"   style=\"height: 24px\"><span class=\"vc_empty_space_inner\"><\/span><\/div>\n\t<div class=\"wpb_text_column wpb_content_element \" >\n\t\t<div class=\"wpb_wrapper\">\n\t\t\t<p><img loading=\"lazy\" decoding=\"async\" class=\"size-full wp-image-2834 alignleft\" src=\"https:\/\/cercledeconsciencia.com\/wp-content\/uploads\/2024\/02\/icon-fb.png\" alt=\"\" width=\"37\" height=\"37\" \/><a href=\"https:\/\/www.facebook.com\/espaitciibiza\" target=\"_blank\" rel=\"noopener\">espaitciibiza<\/a><\/p>\n\n\t\t<\/div>\n\t<\/div>\n<\/div><\/div><\/div><div class=\"br-local wpb_column vc_column_container vc_col-sm-4\"><div class=\"vc_column-inner vc_custom_1707169853732\"><div class=\"wpb_wrapper\">\n\t<div class=\"wpb_text_column wpb_content_element \" >\n\t\t<div class=\"wpb_wrapper\">\n\t\t\t<p><img loading=\"lazy\" decoding=\"async\" class=\"size-full wp-image-2836 alignleft\" src=\"https:\/\/cercledeconsciencia.com\/wp-content\/uploads\/2024\/02\/icon-map.png\" alt=\"\" width=\"37\" height=\"37\" \/><strong>Ver c\u00f3mo llegar<\/strong><\/p>\n\n\t\t<\/div>\n\t<\/div>\n<div class=\"vc_empty_space\"   style=\"height: 26px\"><span class=\"vc_empty_space_inner\"><\/span><\/div>\n\t<div class=\"wpb_text_column wpb_content_element \" >\n\t\t<div class=\"wpb_wrapper\">\n\t\t\t<p>Diseminado Ca na Reala, 4355, 07830 Sant Josep de sa Talaia.<\/p>\n<p><strong>Bus:<\/strong> ALSA L8,<\/p>\n<p><strong>Taxi:<\/strong> Es una calle de f\u00e1cil acceso, donde el taxi te dejar\u00eda directamente en la puerta de nuestra sala.<\/p>\n<p><strong>Parking:<\/strong> Hay parking privado en el centro.<\/p>\n\n\t\t<\/div>\n\t<\/div>\n<\/div><\/div><\/div><\/div><\/div><\/div><\/div><\/div><\/div><\/div><\/div><\/div><\/div><\/div><\/div><\/div><div class=\"edgtf-row-grid-section-wrapper \"  ><div class=\"edgtf-row-grid-section\"><div class=\"vc_row wpb_row vc_row-fluid\" ><div class=\"wpb_column vc_column_container vc_col-sm-12\"><div class=\"vc_column-inner\"><div class=\"wpb_wrapper\"><div class=\"vc_empty_space\"   style=\"height: 80px\"><span class=\"vc_empty_space_inner\"><\/span><\/div><div class=\"edgtf-row-grid-section-wrapper \" ><div class=\"edgtf-row-grid-section\"><div class=\"vc_row wpb_row vc_inner vc_row-fluid\" ><div class=\"wpb_column vc_column_container vc_col-sm-12\"><div class=\"vc_column-inner\"><div class=\"wpb_wrapper\">\n\t<div class=\"wpb_text_column wpb_content_element \" >\n\t\t<div class=\"wpb_wrapper\">\n\t\t\t<h2>Servicios que ofrecemos en Ibiza<\/h2>\n<p style=\"text-align: justify;\">Te invitamos a explorar nuestro abanico de servicios dise\u00f1ados para transformar tu vida de manera positiva. Nuestro deseo es guiarte en experiencias \u00fanicas hacia un camino de crecimiento y plenitud.<\/p>\n\n\t\t<\/div>\n\t<\/div>\n<\/div><\/div><\/div><\/div><\/div><\/div><div class=\"edgtf-row-grid-section-wrapper \" ><div class=\"edgtf-row-grid-section\"><div class=\"vc_row wpb_row vc_inner vc_row-fluid vc_custom_1702979848569\" ><div class=\"wpb_column vc_column_container vc_col-sm-6\"><div class=\"vc_column-inner vc_custom_1702333549031\"><div class=\"wpb_wrapper\">\n\t<div class=\"wpb_text_column wpb_content_element \" >\n\t\t<div class=\"wpb_wrapper\">\n\t\t\t<p style=\"color: #088094;\"><strong>\u00b7 Terapias individuales<\/strong><\/p>\n<p style=\"color: #088094;\"><strong>\u00b7 Terapias Individuales online<\/strong><\/p>\n<p style=\"color: #088094;\"><strong>\u00b7 Terapias de Grupo<\/strong><\/p>\n<p style=\"color: #088094;\"><strong>\u00b7 Constelaciones Familiares<\/strong><\/p>\n<p style=\"color: #088094;\"><strong>\u00b7 Talleres <\/strong><\/p>\n<p style=\"color: #088094;\"><strong>\u00b7 Conferencias <\/strong><\/p>\n<p style=\"color: #088094;\"><strong>\u00b7 Supervisi\u00f3n a terapeutas<\/strong><\/p>\n\n\t\t<\/div>\n\t<\/div>\n<\/div><\/div><\/div><div class=\"wpb_column vc_column_container vc_col-sm-6\"><div class=\"vc_column-inner vc_custom_1702333556029\"><div class=\"wpb_wrapper\">\n\t<div class=\"wpb_text_column wpb_content_element \" >\n\t\t<div class=\"wpb_wrapper\">\n\t\t\t<p style=\"color: #088094;\"><strong>\u00b7 Cursos Presenciales <\/strong><\/p>\n<p style=\"color: #088094;\"><strong>\u00b7 Cursos Online<\/strong><\/p>\n<p style=\"color: #088094;\"><strong>\u00b7 Meditaci\u00f3n <\/strong><\/p>\n<p style=\"color: #088094;\"><strong>\u00b7 Alquiler de espacios <\/strong><\/p>\n<p style=\"color: #088094;\"><strong>\u00b7 Formaci\u00f3n de larga duraci\u00f3n<\/strong><\/p>\n<p style=\"color: #088094;\"><strong>\u00b7 Masaje PSI <\/strong><\/p>\n<p style=\"color: #088094;\"><strong>\u00b7 Servicios a empresas<\/strong><\/p>\n\n\t\t<\/div>\n\t<\/div>\n<\/div><\/div><\/div><\/div><\/div><\/div><div class=\"vc_row wpb_row vc_inner vc_row-fluid\" ><div class=\"wpb_column vc_column_container vc_col-sm-12\"><div class=\"vc_column-inner\"><div class=\"wpb_wrapper\">\n\t<div class=\"wpb_text_column wpb_content_element \" >\n\t\t<div class=\"wpb_wrapper\">\n\t\t\t<h2>F\u00f3rmate en el Cercle de Consci\u00e8ncia Eivissa<\/h2>\n\n\t\t<\/div>\n\t<\/div>\n<\/div><\/div><\/div><\/div><div class=\"vc_empty_space\"   style=\"height: 100px\"><span class=\"vc_empty_space_inner\"><\/span><\/div><\/div><\/div><\/div><\/div><\/div><\/div><div class=\"edgtf-row-grid-section-wrapper \"  ><div class=\"edgtf-row-grid-section\"><div class=\"vc_row wpb_row vc_row-fluid box-alquiler\" ><div class=\"wpb_column vc_column_container vc_col-sm-12\"><div class=\"vc_column-inner\"><div class=\"wpb_wrapper\"><div class=\"vc_row wpb_row vc_inner vc_row-fluid vc_row-o-equal-height vc_row-o-content-bottom vc_row-flex\" ><div class=\"br-radius-l wpb_column vc_column_container vc_col-sm-4 vc_col-has-fill\"><div class=\"vc_column-inner vc_custom_1708389883241\"><div class=\"wpb_wrapper\"><div class=\"vc_empty_space\"   style=\"height: 200px\"><span class=\"vc_empty_space_inner\"><\/span><\/div><\/div><\/div><\/div><div class=\"wpb_column vc_column_container vc_col-sm-6\"><div class=\"vc_column-inner\"><div class=\"wpb_wrapper\">\n\t<div class=\"wpb_text_column wpb_content_element  vc_custom_1745772178156\" >\n\t\t<div class=\"wpb_wrapper\">\n\t\t\t<h5><span style=\"color: #03806b;\"><strong>FGI<\/strong><\/span><br \/>\nFormaci\u00f3n <strong>Gestalt Integrativa<\/strong><\/h5>\n<h6 style=\"color: #03806b; margin-top: -20px;\">Matr\u00edcula Abierta<\/h6>\n<p>Si est\u00e1s en busca de autoconocimiento y transformaci\u00f3n personal, nuestra <a href=\"https:\/\/cercledeconsciencia.com\/es\/formacion-gestalt-integrativa\/\"><strong>Formaci\u00f3n en Terapia Gestalt en Ibiza<\/strong><\/a> es la elecci\u00f3n perfecta para ti.<\/p>\n\n\t\t<\/div>\n\t<\/div>\n<\/div><\/div><\/div><div class=\"wpb_column vc_column_container vc_col-sm-2\"><div class=\"vc_column-inner\"><div class=\"wpb_wrapper\">\n\t<div  class=\"wpb_single_image wpb_content_element vc_align_right  vc_custom_1721727895868\">\n\t\t\n\t\t<figure class=\"wpb_wrapper vc_figure\">\n\t\t\t<a href=\"https:\/\/cercledeconsciencia.com\/formacion-gestalt-integrativa\/\" target=\"_self\" class=\"vc_single_image-wrapper   vc_box_border_grey\"><img loading=\"lazy\" decoding=\"async\" width=\"72\" height=\"72\" src=\"https:\/\/cercledeconsciencia.com\/wp-content\/uploads\/2023\/07\/btn.png\" class=\"vc_single_image-img attachment-full\" alt=\"\" title=\"btn\" \/><\/a>\n\t\t<\/figure>\n\t<\/div>\n<div class=\"vc_empty_space\"   style=\"height: 30px\"><span class=\"vc_empty_space_inner\"><\/span><\/div><\/div><\/div><\/div><\/div><\/div><\/div><\/div><\/div><\/div><\/div><div class=\"vc_row wpb_row vc_row-fluid\" ><div class=\"wpb_column vc_column_container vc_col-sm-12\"><div class=\"vc_column-inner\"><div class=\"wpb_wrapper\"><div class=\"vc_empty_space\"   style=\"height: 30px\"><span class=\"vc_empty_space_inner\"><\/span><\/div><\/div><\/div><\/div><\/div><div class=\"edgtf-row-grid-section-wrapper \"  ><div class=\"edgtf-row-grid-section\"><div class=\"vc_row wpb_row vc_row-fluid box-alquiler\" ><div class=\"wpb_column vc_column_container vc_col-sm-12\"><div class=\"vc_column-inner\"><div class=\"wpb_wrapper\"><div class=\"vc_row wpb_row vc_inner vc_row-fluid vc_row-o-equal-height vc_row-o-content-bottom vc_row-flex\" ><div class=\"br-radius-l wpb_column vc_column_container vc_col-sm-4 vc_col-has-fill\"><div class=\"vc_column-inner vc_custom_1708389953033\"><div class=\"wpb_wrapper\"><div class=\"vc_empty_space\"   style=\"height: 200px\"><span class=\"vc_empty_space_inner\"><\/span><\/div><\/div><\/div><\/div><div class=\"wpb_column vc_column_container vc_col-sm-6\"><div class=\"vc_column-inner\"><div class=\"wpb_wrapper\">\n\t<div class=\"wpb_text_column wpb_content_element  vc_custom_1707177466164\" >\n\t\t<div class=\"wpb_wrapper\">\n\t\t\t<h5><span style=\"color: #8b1633;\"><strong>TCI<\/strong><\/span><br \/>\nFormaci\u00f3n <strong>Terapia Corporal Integrativa<\/strong><\/h5>\n<h6 style=\"color: #8b1633; margin-top: -20px;\">Matr\u00edcula Abierta<\/h6>\n<p>Explora los beneficios de la <strong>Formaci\u00f3n TCI en Ibiza<\/strong> para lograr una integraci\u00f3n completa de mente, emoci\u00f3n y cuerpo. <\/p>\n\n\t\t<\/div>\n\t<\/div>\n<\/div><\/div><\/div><div class=\"wpb_column vc_column_container vc_col-sm-2\"><div class=\"vc_column-inner\"><div class=\"wpb_wrapper\">\n\t<div  class=\"wpb_single_image wpb_content_element vc_align_right  vc_custom_1721728015007\">\n\t\t\n\t\t<figure class=\"wpb_wrapper vc_figure\">\n\t\t\t<a href=\"https:\/\/cercledeconsciencia.com\/formacion-en-terapia-corporal-integrativa\/\" target=\"_self\" class=\"vc_single_image-wrapper   vc_box_border_grey\"><img loading=\"lazy\" decoding=\"async\" width=\"72\" height=\"72\" src=\"https:\/\/cercledeconsciencia.com\/wp-content\/uploads\/2023\/07\/btn.png\" class=\"vc_single_image-img attachment-full\" alt=\"\" title=\"btn\" \/><\/a>\n\t\t<\/figure>\n\t<\/div>\n<div class=\"vc_empty_space\"   style=\"height: 30px\"><span class=\"vc_empty_space_inner\"><\/span><\/div><\/div><\/div><\/div><\/div><\/div><\/div><\/div><\/div><\/div><\/div><div class=\"vc_row wpb_row vc_row-fluid\" ><div class=\"wpb_column vc_column_container vc_col-sm-12\"><div class=\"vc_column-inner\"><div class=\"wpb_wrapper\"><div class=\"vc_empty_space\"   style=\"height: 30px\"><span class=\"vc_empty_space_inner\"><\/span><\/div><\/div><\/div><\/div><\/div><div class=\"edgtf-row-grid-section-wrapper \"  ><div class=\"edgtf-row-grid-section\"><div class=\"vc_row wpb_row vc_row-fluid box-alquiler\" ><div class=\"wpb_column vc_column_container vc_col-sm-12\"><div class=\"vc_column-inner\"><div class=\"wpb_wrapper\"><div class=\"vc_row wpb_row vc_inner vc_row-fluid vc_row-o-equal-height vc_row-o-content-bottom vc_row-flex\" ><div class=\"br-radius-l wpb_column vc_column_container vc_col-sm-4 vc_col-has-fill\"><div class=\"vc_column-inner vc_custom_1708390013178\"><div class=\"wpb_wrapper\"><div class=\"vc_empty_space\"   style=\"height: 200px\"><span class=\"vc_empty_space_inner\"><\/span><\/div><\/div><\/div><\/div><div class=\"wpb_column vc_column_container vc_col-sm-6\"><div class=\"vc_column-inner\"><div class=\"wpb_wrapper\">\n\t<div class=\"wpb_text_column wpb_content_element  vc_custom_1707177499004\" >\n\t\t<div class=\"wpb_wrapper\">\n\t\t\t<h5><span style=\"color: #1d3e8b;\"><strong>FTI<\/strong><\/span><br \/>\nFormaci\u00f3n <strong>Transpersonal Integrativa.<\/strong><br \/>\nAvalada por Claudio Naranjo<\/h5>\n<h6 style=\"color: #1d3e8b; margin-top: -20px;\">Matr\u00edcula Abierta<\/h6>\n<p>Explora dimensiones espirituales y estados de consciencia expandida. Consulta el calendario para la pr\u00f3xima convocatoria de la formaci\u00f3n <strong>Transpersonal en Ibiza<\/strong>..<\/p>\n\n\t\t<\/div>\n\t<\/div>\n<\/div><\/div><\/div><div class=\"wpb_column vc_column_container vc_col-sm-2\"><div class=\"vc_column-inner\"><div class=\"wpb_wrapper\">\n\t<div  class=\"wpb_single_image wpb_content_element vc_align_right  vc_custom_1721728228111\">\n\t\t\n\t\t<figure class=\"wpb_wrapper vc_figure\">\n\t\t\t<a href=\"\/formacion-transpersonal-integrativa\/\" target=\"_self\" class=\"vc_single_image-wrapper   vc_box_border_grey\"><img loading=\"lazy\" decoding=\"async\" width=\"72\" height=\"72\" src=\"https:\/\/cercledeconsciencia.com\/wp-content\/uploads\/2023\/07\/btn.png\" class=\"vc_single_image-img attachment-full\" alt=\"\" title=\"btn\" \/><\/a>\n\t\t<\/figure>\n\t<\/div>\n<div class=\"vc_empty_space\"   style=\"height: 30px\"><span class=\"vc_empty_space_inner\"><\/span><\/div><\/div><\/div><\/div><\/div><\/div><\/div><\/div><\/div><\/div><\/div><div class=\"vc_row wpb_row vc_row-fluid vc_custom_1689090462594\" ><div class=\"wpb_column vc_column_container vc_col-sm-12\"><div class=\"vc_column-inner\"><div class=\"wpb_wrapper\"><div class=\"vc_empty_space\"   style=\"height: 80px\"><span class=\"vc_empty_space_inner\"><\/span><\/div><\/div><\/div><\/div><\/div><div class=\"edgtf-row-grid-section-wrapper \"  ><div class=\"edgtf-row-grid-section\"><div class=\"vc_row wpb_row vc_row-fluid\" ><div class=\"wpb_column vc_column_container vc_col-sm-12\"><div class=\"vc_column-inner\"><div class=\"wpb_wrapper\"><div class=\"edgtf-row-grid-section-wrapper \" ><div class=\"edgtf-row-grid-section\"><div class=\"vc_row wpb_row vc_inner vc_row-fluid\" ><div class=\"wpb_column vc_column_container vc_col-sm-12\"><div class=\"vc_column-inner\"><div class=\"wpb_wrapper\">\n\t<div class=\"wpb_text_column wpb_content_element \" >\n\t\t<div class=\"wpb_wrapper\">\n\t\t\t<h2>Actividades del Cercle de Consci\u00e8ncia Ibiza<\/h2>\n<p style=\"text-align: justify;\">Explora las diversas actividades organizadas y promovidas por el <strong>Cercle de Consci\u00e8ncia Ibiza<\/strong>, que abarcan desde conferencias y talleres hasta eventos puntuales y sesiones regulares.<\/p>\n\n\t\t<\/div>\n\t<\/div>\n<\/div><\/div><\/div><\/div><\/div><\/div><\/div><\/div><\/div><\/div><\/div><\/div><div class=\"vc_row wpb_row vc_row-fluid vc_custom_1706234204730\" ><div class=\"wpb_column vc_column_container vc_col-sm-12\"><div class=\"vc_column-inner\"><div class=\"wpb_wrapper\"><div class=\"vc_empty_space\"   style=\"height: 80px\"><span class=\"vc_empty_space_inner\"><\/span><\/div><div class=\"mec-wrap mec-skin-carousel-container  \" id=\"mec_skin_3295\">\r\n        <div class=\"mec-skin-carousel-events-container\" id=\"mec_skin_events_3295\">\r\n        <div class=\"mec-wrap colorskin-custom\">\r\n    <div class=\"mec-event-carousel-type3\">\r\n                <div class='mec-owl-crousel-skin-type2 mec-owl-carousel mec-owl-theme'>\r\n                        <article class=\"mec-past-event mec-event-article  mec-clear \" itemscope>\r\n                                        <div class=\"event-carousel-type3-head clearfix\">\r\n                    <div class=\"mec-event-image\">\r\n                        <a data-event-id=\"5177\" href=\"https:\/\/cercledeconsciencia.com\/ca\/actividades\/espacio-de-crecimiento-grupal-para-adolescentes-de-14-a-17-anos-en-ibiza\/\" target=\"_self\" rel=\"noopener\"><img loading=\"lazy\" decoding=\"async\" width=\"474\" height=\"324\" src=\"https:\/\/cercledeconsciencia.com\/wp-content\/uploads\/2025\/01\/Captura-de-pantalla-2025-01-09-a-las-13.54.16-474x324.png\" class=\"attachment-meccarouselthumb size-meccarouselthumb wp-post-image\" alt=\"\" data-mec-postid=\"5177\" \/><\/a>                                            <\/div>\r\n                    <div class=\"mec-event-footer-carousel-type3\">\r\n                                                    <span class=\"mec-event-date-info\"><span class=\"mec-start-date-label\">maig 04, 2026<\/span><\/span>\r\n                                                                                                                        <h4 class=\"mec-event-carousel-title\"><a class=\"mec-color-hover\" data-event-id=\"5177\" href=\"https:\/\/cercledeconsciencia.com\/ca\/actividades\/espacio-de-crecimiento-grupal-para-adolescentes-de-14-a-17-anos-en-ibiza\/\" target=\"_self\" rel=\"noopener\">Espacio de crecimiento grupal para adolescentes de 14 a 17 a\u00f1os en Ibiza.<\/a><\/h4>\r\n                                                <p class=\"mec-carousel-event-location\"><span>Ibiza<\/span><br>Ibiza, Espa\u00f1a<\/p>\r\n                                                    <ul class=\"mec-event-sharing-wrap\">\r\n                                <li class=\"mec-event-share\">\r\n                                    <a href=\"#\" class=\"mec-event-share-icon\">\r\n                                        <i class=\"mec-sl-share mec-bg-color-hover mec-border-color-hover\" title=\"Comparteix\" alt=\"Comparteix\"><\/i>\r\n                                    <\/a>\r\n                                <\/li>\r\n                                <li>\r\n                                    <ul class=\"mec-event-sharing\">\r\n                                        <li class=\"mec-event-social-icon\"><a class=\"facebook\" href=\"https:\/\/www.facebook.com\/sharer\/sharer.php?u=https%3A%2F%2Fcercledeconsciencia.com%2Fca%2Factividades%2Fespacio-de-crecimiento-grupal-para-adolescentes-de-14-a-17-anos-en-ibiza%2F\" onclick=\"javascript:window.open(this.href, '', 'menubar=no,toolbar=no,resizable=yes,scrollbars=yes,height=500,width=600'); return false;\" target=\"_blank\" title=\"Compartir a Facebook\"><i class=\"mec-fa-facebook\"><\/i><span class=\"mec-social-title\">Facebook<\/span><\/a><\/li><li class=\"mec-event-social-icon\"><a class=\"twitter\" href=\"https:\/\/x.com\/intent\/tweet?url=https%3A%2F%2Fcercledeconsciencia.com%2Fca%2Factividades%2Fespacio-de-crecimiento-grupal-para-adolescentes-de-14-a-17-anos-en-ibiza%2F\" onclick=\"javascript:window.open(this.href, '', 'menubar=no,toolbar=no,resizable=yes,scrollbars=yes,height=600,width=500'); return false;\" target=\"_blank\" title=\"X Social Network\"><svg xmlns=\"http:\/\/www.w3.org\/2000\/svg\" shape-rendering=\"geometricPrecision\" text-rendering=\"geometricPrecision\" image-rendering=\"optimizeQuality\" fill-rule=\"evenodd\" clip-rule=\"evenodd\" viewBox=\"0 0 512 462.799\"><path fill-rule=\"nonzero\" d=\"M403.229 0h78.506L310.219 196.04 512 462.799H354.002L230.261 301.007 88.669 462.799h-78.56l183.455-209.683L0 0h161.999l111.856 147.88L403.229 0zm-27.556 415.805h43.505L138.363 44.527h-46.68l283.99 371.278z\"\/><\/svg><span class=\"mec-social-title\">Twitter<\/span><\/a><\/li><li class=\"mec-event-social-icon\"><a class=\"linkedin\" href=\"https:\/\/www.linkedin.com\/shareArticle?mini=true&url=https%3A%2F%2Fcercledeconsciencia.com%2Fca%2Factividades%2Fespacio-de-crecimiento-grupal-para-adolescentes-de-14-a-17-anos-en-ibiza%2F\" onclick=\"javascript:window.open(this.href, '', 'menubar=no,toolbar=no,resizable=yes,scrollbars=yes,height=600,width=500'); return false;\" target=\"_blank\" title=\"LinkedIn\"><i class=\"mec-fa-linkedin\"><\/i><span class=\"mec-social-title\">LinkedIn<\/span><\/a><\/li><li class=\"mec-event-social-icon\"><a class=\"pinterest\" href=\"http:\/\/pinterest.com\/pin\/create\/button\/?url=https%3A%2F%2Fcercledeconsciencia.com%2Fca%2Factividades%2Fespacio-de-crecimiento-grupal-para-adolescentes-de-14-a-17-anos-en-ibiza%2F\" target=\"_blank\" title=\"Compartir a Pinterest\"><i class=\"mec-fa-pinterest\"><\/i><span class=\"mec-social-title\">Pitnerest<\/span><\/a><\/li><li class=\"mec-event-social-icon\"><a class=\"whatsapp\" href=\"https:\/\/api.whatsapp.com\/send?text=https%3A%2F%2Fcercledeconsciencia.com%2Fca%2Factividades%2Fespacio-de-crecimiento-grupal-para-adolescentes-de-14-a-17-anos-en-ibiza%2F\" target=\"_blank\" title=\"Compartir a WhatsApp\"><i class=\"mec-fa-whatsapp\"><\/i><span class=\"mec-social-title\">WhatsApp<\/span><\/a><\/li><li class=\"mec-event-social-icon\"><a class=\"telegram\" href=\"https:\/\/telegram.me\/share\/url?url=https%3A%2F%2Fcercledeconsciencia.com%2Fca%2Factividades%2Fespacio-de-crecimiento-grupal-para-adolescentes-de-14-a-17-anos-en-ibiza%2F&text=Espacio de crecimiento grupal para adolescentes de 14 a 17 a\u00f1os en Ibiza.\" target=\"_blank\" title=\"Compartir a Telegram\">\r\n            <i><svg aria-hidden=\"true\" focusable=\"false\" data-prefix=\"fab\" data-icon=\"telegram\" class=\"svg-inline--fa fa-telegram fa-w-16\" role=\"img\" xmlns=\"http:\/\/www.w3.org\/2000\/svg\" viewBox=\"0 0 496 512\"><path fill=\"currentColor\" d=\"M248 8C111 8 0 119 0 256s111 248 248 248 248-111 248-248S385 8 248 8zm121.8 169.9l-40.7 191.8c-3 13.6-11.1 16.9-22.4 10.5l-62-45.7-29.9 28.8c-3.3 3.3-6.1 6.1-12.5 6.1l4.4-63.1 114.9-103.8c5-4.4-1.1-6.9-7.7-2.5l-142 89.4-61.2-19.1c-13.3-4.2-13.6-13.3 2.8-19.7l239.1-92.2c11.1-4 20.8 2.7 17.2 19.5z\"><\/path><\/svg><\/i>\r\n            <span class=\"mec-social-title\">Telegram<\/span>\r\n        <\/a><\/li>                                    <\/ul>\r\n                                <\/li>\r\n                            <\/ul>\r\n                                                <a class=\"mec-booking-button mec-bg-color-hover mec-border-color-hover\" data-event-id=\"5177\" href=\"https:\/\/cercledeconsciencia.com\/ca\/actividades\/espacio-de-crecimiento-grupal-para-adolescentes-de-14-a-17-anos-en-ibiza\/\" target=\"_self\" rel=\"noopener\">Veure Detall<\/a>                                            <\/div>\r\n                <\/div>\r\n                            <\/article>\r\n                                    <article class=\"mec-past-event mec-event-article  mec-clear \" itemscope>\r\n                                        <div class=\"event-carousel-type3-head clearfix\">\r\n                    <div class=\"mec-event-image\">\r\n                        <a data-event-id=\"5177\" href=\"https:\/\/cercledeconsciencia.com\/ca\/actividades\/espacio-de-crecimiento-grupal-para-adolescentes-de-14-a-17-anos-en-ibiza\/\" target=\"_self\" rel=\"noopener\"><img loading=\"lazy\" decoding=\"async\" width=\"474\" height=\"324\" src=\"https:\/\/cercledeconsciencia.com\/wp-content\/uploads\/2025\/01\/Captura-de-pantalla-2025-01-09-a-las-13.54.16-474x324.png\" class=\"attachment-meccarouselthumb size-meccarouselthumb wp-post-image\" alt=\"\" data-mec-postid=\"5177\" \/><\/a>                                            <\/div>\r\n                    <div class=\"mec-event-footer-carousel-type3\">\r\n                                                    <span class=\"mec-event-date-info\"><span class=\"mec-start-date-label\">maig 18, 2026<\/span><\/span>\r\n                                                                                                                        <h4 class=\"mec-event-carousel-title\"><a class=\"mec-color-hover\" data-event-id=\"5177\" href=\"https:\/\/cercledeconsciencia.com\/ca\/actividades\/espacio-de-crecimiento-grupal-para-adolescentes-de-14-a-17-anos-en-ibiza\/\" target=\"_self\" rel=\"noopener\">Espacio de crecimiento grupal para adolescentes de 14 a 17 a\u00f1os en Ibiza.<\/a><\/h4>\r\n                                                <p class=\"mec-carousel-event-location\"><span>Ibiza<\/span><br>Ibiza, Espa\u00f1a<\/p>\r\n                                                    <ul class=\"mec-event-sharing-wrap\">\r\n                                <li class=\"mec-event-share\">\r\n                                    <a href=\"#\" class=\"mec-event-share-icon\">\r\n                                        <i class=\"mec-sl-share mec-bg-color-hover mec-border-color-hover\" title=\"Comparteix\" alt=\"Comparteix\"><\/i>\r\n                                    <\/a>\r\n                                <\/li>\r\n                                <li>\r\n                                    <ul class=\"mec-event-sharing\">\r\n                                        <li class=\"mec-event-social-icon\"><a class=\"facebook\" href=\"https:\/\/www.facebook.com\/sharer\/sharer.php?u=https%3A%2F%2Fcercledeconsciencia.com%2Fca%2Factividades%2Fespacio-de-crecimiento-grupal-para-adolescentes-de-14-a-17-anos-en-ibiza%2F\" onclick=\"javascript:window.open(this.href, '', 'menubar=no,toolbar=no,resizable=yes,scrollbars=yes,height=500,width=600'); return false;\" target=\"_blank\" title=\"Compartir a Facebook\"><i class=\"mec-fa-facebook\"><\/i><span class=\"mec-social-title\">Facebook<\/span><\/a><\/li><li class=\"mec-event-social-icon\"><a class=\"twitter\" href=\"https:\/\/x.com\/intent\/tweet?url=https%3A%2F%2Fcercledeconsciencia.com%2Fca%2Factividades%2Fespacio-de-crecimiento-grupal-para-adolescentes-de-14-a-17-anos-en-ibiza%2F\" onclick=\"javascript:window.open(this.href, '', 'menubar=no,toolbar=no,resizable=yes,scrollbars=yes,height=600,width=500'); return false;\" target=\"_blank\" title=\"X Social Network\"><svg xmlns=\"http:\/\/www.w3.org\/2000\/svg\" shape-rendering=\"geometricPrecision\" text-rendering=\"geometricPrecision\" image-rendering=\"optimizeQuality\" fill-rule=\"evenodd\" clip-rule=\"evenodd\" viewBox=\"0 0 512 462.799\"><path fill-rule=\"nonzero\" d=\"M403.229 0h78.506L310.219 196.04 512 462.799H354.002L230.261 301.007 88.669 462.799h-78.56l183.455-209.683L0 0h161.999l111.856 147.88L403.229 0zm-27.556 415.805h43.505L138.363 44.527h-46.68l283.99 371.278z\"\/><\/svg><span class=\"mec-social-title\">Twitter<\/span><\/a><\/li><li class=\"mec-event-social-icon\"><a class=\"linkedin\" href=\"https:\/\/www.linkedin.com\/shareArticle?mini=true&url=https%3A%2F%2Fcercledeconsciencia.com%2Fca%2Factividades%2Fespacio-de-crecimiento-grupal-para-adolescentes-de-14-a-17-anos-en-ibiza%2F\" onclick=\"javascript:window.open(this.href, '', 'menubar=no,toolbar=no,resizable=yes,scrollbars=yes,height=600,width=500'); return false;\" target=\"_blank\" title=\"LinkedIn\"><i class=\"mec-fa-linkedin\"><\/i><span class=\"mec-social-title\">LinkedIn<\/span><\/a><\/li><li class=\"mec-event-social-icon\"><a class=\"pinterest\" href=\"http:\/\/pinterest.com\/pin\/create\/button\/?url=https%3A%2F%2Fcercledeconsciencia.com%2Fca%2Factividades%2Fespacio-de-crecimiento-grupal-para-adolescentes-de-14-a-17-anos-en-ibiza%2F\" target=\"_blank\" title=\"Compartir a Pinterest\"><i class=\"mec-fa-pinterest\"><\/i><span class=\"mec-social-title\">Pitnerest<\/span><\/a><\/li><li class=\"mec-event-social-icon\"><a class=\"whatsapp\" href=\"https:\/\/api.whatsapp.com\/send?text=https%3A%2F%2Fcercledeconsciencia.com%2Fca%2Factividades%2Fespacio-de-crecimiento-grupal-para-adolescentes-de-14-a-17-anos-en-ibiza%2F\" target=\"_blank\" title=\"Compartir a WhatsApp\"><i class=\"mec-fa-whatsapp\"><\/i><span class=\"mec-social-title\">WhatsApp<\/span><\/a><\/li><li class=\"mec-event-social-icon\"><a class=\"telegram\" href=\"https:\/\/telegram.me\/share\/url?url=https%3A%2F%2Fcercledeconsciencia.com%2Fca%2Factividades%2Fespacio-de-crecimiento-grupal-para-adolescentes-de-14-a-17-anos-en-ibiza%2F&text=Espacio de crecimiento grupal para adolescentes de 14 a 17 a\u00f1os en Ibiza.\" target=\"_blank\" title=\"Compartir a Telegram\">\r\n            <i><svg aria-hidden=\"true\" focusable=\"false\" data-prefix=\"fab\" data-icon=\"telegram\" class=\"svg-inline--fa fa-telegram fa-w-16\" role=\"img\" xmlns=\"http:\/\/www.w3.org\/2000\/svg\" viewBox=\"0 0 496 512\"><path fill=\"currentColor\" d=\"M248 8C111 8 0 119 0 256s111 248 248 248 248-111 248-248S385 8 248 8zm121.8 169.9l-40.7 191.8c-3 13.6-11.1 16.9-22.4 10.5l-62-45.7-29.9 28.8c-3.3 3.3-6.1 6.1-12.5 6.1l4.4-63.1 114.9-103.8c5-4.4-1.1-6.9-7.7-2.5l-142 89.4-61.2-19.1c-13.3-4.2-13.6-13.3 2.8-19.7l239.1-92.2c11.1-4 20.8 2.7 17.2 19.5z\"><\/path><\/svg><\/i>\r\n            <span class=\"mec-social-title\">Telegram<\/span>\r\n        <\/a><\/li>                                    <\/ul>\r\n                                <\/li>\r\n                            <\/ul>\r\n                                                <a class=\"mec-booking-button mec-bg-color-hover mec-border-color-hover\" data-event-id=\"5177\" href=\"https:\/\/cercledeconsciencia.com\/ca\/actividades\/espacio-de-crecimiento-grupal-para-adolescentes-de-14-a-17-anos-en-ibiza\/\" target=\"_self\" rel=\"noopener\">Veure Detall<\/a>                                            <\/div>\r\n                <\/div>\r\n                            <\/article>\r\n                                    <article class=\"mec-past-event mec-event-article  mec-clear \" itemscope>\r\n                                        <div class=\"event-carousel-type3-head clearfix\">\r\n                    <div class=\"mec-event-image\">\r\n                        <a data-event-id=\"3301\" href=\"https:\/\/cercledeconsciencia.com\/ca\/actividades\/constelaciones-sistemicas-integrativas-ibiza\/\" target=\"_self\" rel=\"noopener\"><img loading=\"lazy\" decoding=\"async\" width=\"474\" height=\"324\" src=\"https:\/\/cercledeconsciencia.com\/wp-content\/uploads\/2023\/11\/IMAGEN_CONSTELACIONES_FAMILIARES-474x324.jpg\" class=\"attachment-meccarouselthumb size-meccarouselthumb wp-post-image\" alt=\"\" data-mec-postid=\"3301\" \/><\/a>                                            <\/div>\r\n                    <div class=\"mec-event-footer-carousel-type3\">\r\n                                                    <span class=\"mec-event-date-info\"><span class=\"mec-start-date-label\">maig 23, 2026<\/span><\/span>\r\n                                                                                                                        <h4 class=\"mec-event-carousel-title\"><a class=\"mec-color-hover\" data-event-id=\"3301\" href=\"https:\/\/cercledeconsciencia.com\/ca\/actividades\/constelaciones-sistemicas-integrativas-ibiza\/\" target=\"_self\" rel=\"noopener\">Constelaciones Sist\u00e9micas Integrativas en Ibiza<\/a><\/h4>\r\n                                                <p class=\"mec-carousel-event-location\"><span>Ibiza<\/span><br>Ibiza, Espa\u00f1a<\/p>\r\n                                                    <ul class=\"mec-event-sharing-wrap\">\r\n                                <li class=\"mec-event-share\">\r\n                                    <a href=\"#\" class=\"mec-event-share-icon\">\r\n                                        <i class=\"mec-sl-share mec-bg-color-hover mec-border-color-hover\" title=\"Comparteix\" alt=\"Comparteix\"><\/i>\r\n                                    <\/a>\r\n                                <\/li>\r\n                                <li>\r\n                                    <ul class=\"mec-event-sharing\">\r\n                                        <li class=\"mec-event-social-icon\"><a class=\"facebook\" href=\"https:\/\/www.facebook.com\/sharer\/sharer.php?u=https%3A%2F%2Fcercledeconsciencia.com%2Fca%2Factividades%2Fconstelaciones-sistemicas-integrativas-ibiza%2F\" onclick=\"javascript:window.open(this.href, '', 'menubar=no,toolbar=no,resizable=yes,scrollbars=yes,height=500,width=600'); return false;\" target=\"_blank\" title=\"Compartir a Facebook\"><i class=\"mec-fa-facebook\"><\/i><span class=\"mec-social-title\">Facebook<\/span><\/a><\/li><li class=\"mec-event-social-icon\"><a class=\"twitter\" href=\"https:\/\/x.com\/intent\/tweet?url=https%3A%2F%2Fcercledeconsciencia.com%2Fca%2Factividades%2Fconstelaciones-sistemicas-integrativas-ibiza%2F\" onclick=\"javascript:window.open(this.href, '', 'menubar=no,toolbar=no,resizable=yes,scrollbars=yes,height=600,width=500'); return false;\" target=\"_blank\" title=\"X Social Network\"><svg xmlns=\"http:\/\/www.w3.org\/2000\/svg\" shape-rendering=\"geometricPrecision\" text-rendering=\"geometricPrecision\" image-rendering=\"optimizeQuality\" fill-rule=\"evenodd\" clip-rule=\"evenodd\" viewBox=\"0 0 512 462.799\"><path fill-rule=\"nonzero\" d=\"M403.229 0h78.506L310.219 196.04 512 462.799H354.002L230.261 301.007 88.669 462.799h-78.56l183.455-209.683L0 0h161.999l111.856 147.88L403.229 0zm-27.556 415.805h43.505L138.363 44.527h-46.68l283.99 371.278z\"\/><\/svg><span class=\"mec-social-title\">Twitter<\/span><\/a><\/li><li class=\"mec-event-social-icon\"><a class=\"linkedin\" href=\"https:\/\/www.linkedin.com\/shareArticle?mini=true&url=https%3A%2F%2Fcercledeconsciencia.com%2Fca%2Factividades%2Fconstelaciones-sistemicas-integrativas-ibiza%2F\" onclick=\"javascript:window.open(this.href, '', 'menubar=no,toolbar=no,resizable=yes,scrollbars=yes,height=600,width=500'); return false;\" target=\"_blank\" title=\"LinkedIn\"><i class=\"mec-fa-linkedin\"><\/i><span class=\"mec-social-title\">LinkedIn<\/span><\/a><\/li><li class=\"mec-event-social-icon\"><a class=\"pinterest\" href=\"http:\/\/pinterest.com\/pin\/create\/button\/?url=https%3A%2F%2Fcercledeconsciencia.com%2Fca%2Factividades%2Fconstelaciones-sistemicas-integrativas-ibiza%2F\" target=\"_blank\" title=\"Compartir a Pinterest\"><i class=\"mec-fa-pinterest\"><\/i><span class=\"mec-social-title\">Pitnerest<\/span><\/a><\/li><li class=\"mec-event-social-icon\"><a class=\"whatsapp\" href=\"https:\/\/api.whatsapp.com\/send?text=https%3A%2F%2Fcercledeconsciencia.com%2Fca%2Factividades%2Fconstelaciones-sistemicas-integrativas-ibiza%2F\" target=\"_blank\" title=\"Compartir a WhatsApp\"><i class=\"mec-fa-whatsapp\"><\/i><span class=\"mec-social-title\">WhatsApp<\/span><\/a><\/li><li class=\"mec-event-social-icon\"><a class=\"telegram\" href=\"https:\/\/telegram.me\/share\/url?url=https%3A%2F%2Fcercledeconsciencia.com%2Fca%2Factividades%2Fconstelaciones-sistemicas-integrativas-ibiza%2F&text=Constelaciones Sist\u00e9micas Integrativas en Ibiza\" target=\"_blank\" title=\"Compartir a Telegram\">\r\n            <i><svg aria-hidden=\"true\" focusable=\"false\" data-prefix=\"fab\" data-icon=\"telegram\" class=\"svg-inline--fa fa-telegram fa-w-16\" role=\"img\" xmlns=\"http:\/\/www.w3.org\/2000\/svg\" viewBox=\"0 0 496 512\"><path fill=\"currentColor\" d=\"M248 8C111 8 0 119 0 256s111 248 248 248 248-111 248-248S385 8 248 8zm121.8 169.9l-40.7 191.8c-3 13.6-11.1 16.9-22.4 10.5l-62-45.7-29.9 28.8c-3.3 3.3-6.1 6.1-12.5 6.1l4.4-63.1 114.9-103.8c5-4.4-1.1-6.9-7.7-2.5l-142 89.4-61.2-19.1c-13.3-4.2-13.6-13.3 2.8-19.7l239.1-92.2c11.1-4 20.8 2.7 17.2 19.5z\"><\/path><\/svg><\/i>\r\n            <span class=\"mec-social-title\">Telegram<\/span>\r\n        <\/a><\/li>                                    <\/ul>\r\n                                <\/li>\r\n                            <\/ul>\r\n                                                <a class=\"mec-booking-button mec-bg-color-hover mec-border-color-hover\" data-event-id=\"3301\" href=\"https:\/\/cercledeconsciencia.com\/ca\/actividades\/constelaciones-sistemicas-integrativas-ibiza\/\" target=\"_self\" rel=\"noopener\">Veure Detall<\/a>                                            <\/div>\r\n                <\/div>\r\n                            <\/article>\r\n                                    <article class=\"mec-past-event mec-event-article  mec-clear \" itemscope>\r\n                                        <div class=\"event-carousel-type3-head clearfix\">\r\n                    <div class=\"mec-event-image\">\r\n                        <a data-event-id=\"5177\" href=\"https:\/\/cercledeconsciencia.com\/ca\/actividades\/espacio-de-crecimiento-grupal-para-adolescentes-de-14-a-17-anos-en-ibiza\/\" target=\"_self\" rel=\"noopener\"><img loading=\"lazy\" decoding=\"async\" width=\"474\" height=\"324\" src=\"https:\/\/cercledeconsciencia.com\/wp-content\/uploads\/2025\/01\/Captura-de-pantalla-2025-01-09-a-las-13.54.16-474x324.png\" class=\"attachment-meccarouselthumb size-meccarouselthumb wp-post-image\" alt=\"\" data-mec-postid=\"5177\" \/><\/a>                                            <\/div>\r\n                    <div class=\"mec-event-footer-carousel-type3\">\r\n                                                    <span class=\"mec-event-date-info\"><span class=\"mec-start-date-label\">juny 01, 2026<\/span><\/span>\r\n                                                                                                                        <h4 class=\"mec-event-carousel-title\"><a class=\"mec-color-hover\" data-event-id=\"5177\" href=\"https:\/\/cercledeconsciencia.com\/ca\/actividades\/espacio-de-crecimiento-grupal-para-adolescentes-de-14-a-17-anos-en-ibiza\/\" target=\"_self\" rel=\"noopener\">Espacio de crecimiento grupal para adolescentes de 14 a 17 a\u00f1os en Ibiza.<\/a><\/h4>\r\n                                                <p class=\"mec-carousel-event-location\"><span>Ibiza<\/span><br>Ibiza, Espa\u00f1a<\/p>\r\n                                                    <ul class=\"mec-event-sharing-wrap\">\r\n                                <li class=\"mec-event-share\">\r\n                                    <a href=\"#\" class=\"mec-event-share-icon\">\r\n                                        <i class=\"mec-sl-share mec-bg-color-hover mec-border-color-hover\" title=\"Comparteix\" alt=\"Comparteix\"><\/i>\r\n                                    <\/a>\r\n                                <\/li>\r\n                                <li>\r\n                                    <ul class=\"mec-event-sharing\">\r\n                                        <li class=\"mec-event-social-icon\"><a class=\"facebook\" href=\"https:\/\/www.facebook.com\/sharer\/sharer.php?u=https%3A%2F%2Fcercledeconsciencia.com%2Fca%2Factividades%2Fespacio-de-crecimiento-grupal-para-adolescentes-de-14-a-17-anos-en-ibiza%2F\" onclick=\"javascript:window.open(this.href, '', 'menubar=no,toolbar=no,resizable=yes,scrollbars=yes,height=500,width=600'); return false;\" target=\"_blank\" title=\"Compartir a Facebook\"><i class=\"mec-fa-facebook\"><\/i><span class=\"mec-social-title\">Facebook<\/span><\/a><\/li><li class=\"mec-event-social-icon\"><a class=\"twitter\" href=\"https:\/\/x.com\/intent\/tweet?url=https%3A%2F%2Fcercledeconsciencia.com%2Fca%2Factividades%2Fespacio-de-crecimiento-grupal-para-adolescentes-de-14-a-17-anos-en-ibiza%2F\" onclick=\"javascript:window.open(this.href, '', 'menubar=no,toolbar=no,resizable=yes,scrollbars=yes,height=600,width=500'); return false;\" target=\"_blank\" title=\"X Social Network\"><svg xmlns=\"http:\/\/www.w3.org\/2000\/svg\" shape-rendering=\"geometricPrecision\" text-rendering=\"geometricPrecision\" image-rendering=\"optimizeQuality\" fill-rule=\"evenodd\" clip-rule=\"evenodd\" viewBox=\"0 0 512 462.799\"><path fill-rule=\"nonzero\" d=\"M403.229 0h78.506L310.219 196.04 512 462.799H354.002L230.261 301.007 88.669 462.799h-78.56l183.455-209.683L0 0h161.999l111.856 147.88L403.229 0zm-27.556 415.805h43.505L138.363 44.527h-46.68l283.99 371.278z\"\/><\/svg><span class=\"mec-social-title\">Twitter<\/span><\/a><\/li><li class=\"mec-event-social-icon\"><a class=\"linkedin\" href=\"https:\/\/www.linkedin.com\/shareArticle?mini=true&url=https%3A%2F%2Fcercledeconsciencia.com%2Fca%2Factividades%2Fespacio-de-crecimiento-grupal-para-adolescentes-de-14-a-17-anos-en-ibiza%2F\" onclick=\"javascript:window.open(this.href, '', 'menubar=no,toolbar=no,resizable=yes,scrollbars=yes,height=600,width=500'); return false;\" target=\"_blank\" title=\"LinkedIn\"><i class=\"mec-fa-linkedin\"><\/i><span class=\"mec-social-title\">LinkedIn<\/span><\/a><\/li><li class=\"mec-event-social-icon\"><a class=\"pinterest\" href=\"http:\/\/pinterest.com\/pin\/create\/button\/?url=https%3A%2F%2Fcercledeconsciencia.com%2Fca%2Factividades%2Fespacio-de-crecimiento-grupal-para-adolescentes-de-14-a-17-anos-en-ibiza%2F\" target=\"_blank\" title=\"Compartir a Pinterest\"><i class=\"mec-fa-pinterest\"><\/i><span class=\"mec-social-title\">Pitnerest<\/span><\/a><\/li><li class=\"mec-event-social-icon\"><a class=\"whatsapp\" href=\"https:\/\/api.whatsapp.com\/send?text=https%3A%2F%2Fcercledeconsciencia.com%2Fca%2Factividades%2Fespacio-de-crecimiento-grupal-para-adolescentes-de-14-a-17-anos-en-ibiza%2F\" target=\"_blank\" title=\"Compartir a WhatsApp\"><i class=\"mec-fa-whatsapp\"><\/i><span class=\"mec-social-title\">WhatsApp<\/span><\/a><\/li><li class=\"mec-event-social-icon\"><a class=\"telegram\" href=\"https:\/\/telegram.me\/share\/url?url=https%3A%2F%2Fcercledeconsciencia.com%2Fca%2Factividades%2Fespacio-de-crecimiento-grupal-para-adolescentes-de-14-a-17-anos-en-ibiza%2F&text=Espacio de crecimiento grupal para adolescentes de 14 a 17 a\u00f1os en Ibiza.\" target=\"_blank\" title=\"Compartir a Telegram\">\r\n            <i><svg aria-hidden=\"true\" focusable=\"false\" data-prefix=\"fab\" data-icon=\"telegram\" class=\"svg-inline--fa fa-telegram fa-w-16\" role=\"img\" xmlns=\"http:\/\/www.w3.org\/2000\/svg\" viewBox=\"0 0 496 512\"><path fill=\"currentColor\" d=\"M248 8C111 8 0 119 0 256s111 248 248 248 248-111 248-248S385 8 248 8zm121.8 169.9l-40.7 191.8c-3 13.6-11.1 16.9-22.4 10.5l-62-45.7-29.9 28.8c-3.3 3.3-6.1 6.1-12.5 6.1l4.4-63.1 114.9-103.8c5-4.4-1.1-6.9-7.7-2.5l-142 89.4-61.2-19.1c-13.3-4.2-13.6-13.3 2.8-19.7l239.1-92.2c11.1-4 20.8 2.7 17.2 19.5z\"><\/path><\/svg><\/i>\r\n            <span class=\"mec-social-title\">Telegram<\/span>\r\n        <\/a><\/li>                                    <\/ul>\r\n                                <\/li>\r\n                            <\/ul>\r\n                                                <a class=\"mec-booking-button mec-bg-color-hover mec-border-color-hover\" data-event-id=\"5177\" href=\"https:\/\/cercledeconsciencia.com\/ca\/actividades\/espacio-de-crecimiento-grupal-para-adolescentes-de-14-a-17-anos-en-ibiza\/\" target=\"_self\" rel=\"noopener\">Veure Detall<\/a>                                            <\/div>\r\n                <\/div>\r\n                            <\/article>\r\n                                    <article class=\"mec-past-event mec-event-article  mec-clear \" itemscope>\r\n                                        <div class=\"event-carousel-type3-head clearfix\">\r\n                    <div class=\"mec-event-image\">\r\n                        <a data-event-id=\"3301\" href=\"https:\/\/cercledeconsciencia.com\/ca\/actividades\/constelaciones-sistemicas-integrativas-ibiza\/\" target=\"_self\" rel=\"noopener\"><img loading=\"lazy\" decoding=\"async\" width=\"474\" height=\"324\" src=\"https:\/\/cercledeconsciencia.com\/wp-content\/uploads\/2023\/11\/IMAGEN_CONSTELACIONES_FAMILIARES-474x324.jpg\" class=\"attachment-meccarouselthumb size-meccarouselthumb wp-post-image\" alt=\"\" data-mec-postid=\"3301\" \/><\/a>                                            <\/div>\r\n                    <div class=\"mec-event-footer-carousel-type3\">\r\n                                                    <span class=\"mec-event-date-info\"><span class=\"mec-start-date-label\">juny 20, 2026<\/span><\/span>\r\n                                                                                                                        <h4 class=\"mec-event-carousel-title\"><a class=\"mec-color-hover\" data-event-id=\"3301\" href=\"https:\/\/cercledeconsciencia.com\/ca\/actividades\/constelaciones-sistemicas-integrativas-ibiza\/\" target=\"_self\" rel=\"noopener\">Constelaciones Sist\u00e9micas Integrativas en Ibiza<\/a><\/h4>\r\n                                                <p class=\"mec-carousel-event-location\"><span>Ibiza<\/span><br>Ibiza, Espa\u00f1a<\/p>\r\n                                                    <ul class=\"mec-event-sharing-wrap\">\r\n                                <li class=\"mec-event-share\">\r\n                                    <a href=\"#\" class=\"mec-event-share-icon\">\r\n                                        <i class=\"mec-sl-share mec-bg-color-hover mec-border-color-hover\" title=\"Comparteix\" alt=\"Comparteix\"><\/i>\r\n                                    <\/a>\r\n                                <\/li>\r\n                                <li>\r\n                                    <ul class=\"mec-event-sharing\">\r\n                                        <li class=\"mec-event-social-icon\"><a class=\"facebook\" href=\"https:\/\/www.facebook.com\/sharer\/sharer.php?u=https%3A%2F%2Fcercledeconsciencia.com%2Fca%2Factividades%2Fconstelaciones-sistemicas-integrativas-ibiza%2F\" onclick=\"javascript:window.open(this.href, '', 'menubar=no,toolbar=no,resizable=yes,scrollbars=yes,height=500,width=600'); return false;\" target=\"_blank\" title=\"Compartir a Facebook\"><i class=\"mec-fa-facebook\"><\/i><span class=\"mec-social-title\">Facebook<\/span><\/a><\/li><li class=\"mec-event-social-icon\"><a class=\"twitter\" href=\"https:\/\/x.com\/intent\/tweet?url=https%3A%2F%2Fcercledeconsciencia.com%2Fca%2Factividades%2Fconstelaciones-sistemicas-integrativas-ibiza%2F\" onclick=\"javascript:window.open(this.href, '', 'menubar=no,toolbar=no,resizable=yes,scrollbars=yes,height=600,width=500'); return false;\" target=\"_blank\" title=\"X Social Network\"><svg xmlns=\"http:\/\/www.w3.org\/2000\/svg\" shape-rendering=\"geometricPrecision\" text-rendering=\"geometricPrecision\" image-rendering=\"optimizeQuality\" fill-rule=\"evenodd\" clip-rule=\"evenodd\" viewBox=\"0 0 512 462.799\"><path fill-rule=\"nonzero\" d=\"M403.229 0h78.506L310.219 196.04 512 462.799H354.002L230.261 301.007 88.669 462.799h-78.56l183.455-209.683L0 0h161.999l111.856 147.88L403.229 0zm-27.556 415.805h43.505L138.363 44.527h-46.68l283.99 371.278z\"\/><\/svg><span class=\"mec-social-title\">Twitter<\/span><\/a><\/li><li class=\"mec-event-social-icon\"><a class=\"linkedin\" href=\"https:\/\/www.linkedin.com\/shareArticle?mini=true&url=https%3A%2F%2Fcercledeconsciencia.com%2Fca%2Factividades%2Fconstelaciones-sistemicas-integrativas-ibiza%2F\" onclick=\"javascript:window.open(this.href, '', 'menubar=no,toolbar=no,resizable=yes,scrollbars=yes,height=600,width=500'); return false;\" target=\"_blank\" title=\"LinkedIn\"><i class=\"mec-fa-linkedin\"><\/i><span class=\"mec-social-title\">LinkedIn<\/span><\/a><\/li><li class=\"mec-event-social-icon\"><a class=\"pinterest\" href=\"http:\/\/pinterest.com\/pin\/create\/button\/?url=https%3A%2F%2Fcercledeconsciencia.com%2Fca%2Factividades%2Fconstelaciones-sistemicas-integrativas-ibiza%2F\" target=\"_blank\" title=\"Compartir a Pinterest\"><i class=\"mec-fa-pinterest\"><\/i><span class=\"mec-social-title\">Pitnerest<\/span><\/a><\/li><li class=\"mec-event-social-icon\"><a class=\"whatsapp\" href=\"https:\/\/api.whatsapp.com\/send?text=https%3A%2F%2Fcercledeconsciencia.com%2Fca%2Factividades%2Fconstelaciones-sistemicas-integrativas-ibiza%2F\" target=\"_blank\" title=\"Compartir a WhatsApp\"><i class=\"mec-fa-whatsapp\"><\/i><span class=\"mec-social-title\">WhatsApp<\/span><\/a><\/li><li class=\"mec-event-social-icon\"><a class=\"telegram\" href=\"https:\/\/telegram.me\/share\/url?url=https%3A%2F%2Fcercledeconsciencia.com%2Fca%2Factividades%2Fconstelaciones-sistemicas-integrativas-ibiza%2F&text=Constelaciones Sist\u00e9micas Integrativas en Ibiza\" target=\"_blank\" title=\"Compartir a Telegram\">\r\n            <i><svg aria-hidden=\"true\" focusable=\"false\" data-prefix=\"fab\" data-icon=\"telegram\" class=\"svg-inline--fa fa-telegram fa-w-16\" role=\"img\" xmlns=\"http:\/\/www.w3.org\/2000\/svg\" viewBox=\"0 0 496 512\"><path fill=\"currentColor\" d=\"M248 8C111 8 0 119 0 256s111 248 248 248 248-111 248-248S385 8 248 8zm121.8 169.9l-40.7 191.8c-3 13.6-11.1 16.9-22.4 10.5l-62-45.7-29.9 28.8c-3.3 3.3-6.1 6.1-12.5 6.1l4.4-63.1 114.9-103.8c5-4.4-1.1-6.9-7.7-2.5l-142 89.4-61.2-19.1c-13.3-4.2-13.6-13.3 2.8-19.7l239.1-92.2c11.1-4 20.8 2.7 17.2 19.5z\"><\/path><\/svg><\/i>\r\n            <span class=\"mec-social-title\">Telegram<\/span>\r\n        <\/a><\/li>                                    <\/ul>\r\n                                <\/li>\r\n                            <\/ul>\r\n                                                <a class=\"mec-booking-button mec-bg-color-hover mec-border-color-hover\" data-event-id=\"3301\" href=\"https:\/\/cercledeconsciencia.com\/ca\/actividades\/constelaciones-sistemicas-integrativas-ibiza\/\" target=\"_self\" rel=\"noopener\">Veure Detall<\/a>                                            <\/div>\r\n                <\/div>\r\n                            <\/article>\r\n                                    <article class=\"mec-past-event mec-event-article  mec-clear \" itemscope>\r\n                                        <div class=\"event-carousel-type3-head clearfix\">\r\n                    <div class=\"mec-event-image\">\r\n                        <a data-event-id=\"3301\" href=\"https:\/\/cercledeconsciencia.com\/ca\/actividades\/constelaciones-sistemicas-integrativas-ibiza\/\" target=\"_self\" rel=\"noopener\"><img loading=\"lazy\" decoding=\"async\" width=\"474\" height=\"324\" src=\"https:\/\/cercledeconsciencia.com\/wp-content\/uploads\/2023\/11\/IMAGEN_CONSTELACIONES_FAMILIARES-474x324.jpg\" class=\"attachment-meccarouselthumb size-meccarouselthumb wp-post-image\" alt=\"\" data-mec-postid=\"3301\" \/><\/a>                                            <\/div>\r\n                    <div class=\"mec-event-footer-carousel-type3\">\r\n                                                    <span class=\"mec-event-date-info\"><span class=\"mec-start-date-label\">jul. 11, 2026<\/span><\/span>\r\n                                                                                                                        <h4 class=\"mec-event-carousel-title\"><a class=\"mec-color-hover\" data-event-id=\"3301\" href=\"https:\/\/cercledeconsciencia.com\/ca\/actividades\/constelaciones-sistemicas-integrativas-ibiza\/\" target=\"_self\" rel=\"noopener\">Constelaciones Sist\u00e9micas Integrativas en Ibiza<\/a><\/h4>\r\n                                                <p class=\"mec-carousel-event-location\"><span>Ibiza<\/span><br>Ibiza, Espa\u00f1a<\/p>\r\n                                                    <ul class=\"mec-event-sharing-wrap\">\r\n                                <li class=\"mec-event-share\">\r\n                                    <a href=\"#\" class=\"mec-event-share-icon\">\r\n                                        <i class=\"mec-sl-share mec-bg-color-hover mec-border-color-hover\" title=\"Comparteix\" alt=\"Comparteix\"><\/i>\r\n                                    <\/a>\r\n                                <\/li>\r\n                                <li>\r\n                                    <ul class=\"mec-event-sharing\">\r\n                                        <li class=\"mec-event-social-icon\"><a class=\"facebook\" href=\"https:\/\/www.facebook.com\/sharer\/sharer.php?u=https%3A%2F%2Fcercledeconsciencia.com%2Fca%2Factividades%2Fconstelaciones-sistemicas-integrativas-ibiza%2F\" onclick=\"javascript:window.open(this.href, '', 'menubar=no,toolbar=no,resizable=yes,scrollbars=yes,height=500,width=600'); return false;\" target=\"_blank\" title=\"Compartir a Facebook\"><i class=\"mec-fa-facebook\"><\/i><span class=\"mec-social-title\">Facebook<\/span><\/a><\/li><li class=\"mec-event-social-icon\"><a class=\"twitter\" href=\"https:\/\/x.com\/intent\/tweet?url=https%3A%2F%2Fcercledeconsciencia.com%2Fca%2Factividades%2Fconstelaciones-sistemicas-integrativas-ibiza%2F\" onclick=\"javascript:window.open(this.href, '', 'menubar=no,toolbar=no,resizable=yes,scrollbars=yes,height=600,width=500'); return false;\" target=\"_blank\" title=\"X Social Network\"><svg xmlns=\"http:\/\/www.w3.org\/2000\/svg\" shape-rendering=\"geometricPrecision\" text-rendering=\"geometricPrecision\" image-rendering=\"optimizeQuality\" fill-rule=\"evenodd\" clip-rule=\"evenodd\" viewBox=\"0 0 512 462.799\"><path fill-rule=\"nonzero\" d=\"M403.229 0h78.506L310.219 196.04 512 462.799H354.002L230.261 301.007 88.669 462.799h-78.56l183.455-209.683L0 0h161.999l111.856 147.88L403.229 0zm-27.556 415.805h43.505L138.363 44.527h-46.68l283.99 371.278z\"\/><\/svg><span class=\"mec-social-title\">Twitter<\/span><\/a><\/li><li class=\"mec-event-social-icon\"><a class=\"linkedin\" href=\"https:\/\/www.linkedin.com\/shareArticle?mini=true&url=https%3A%2F%2Fcercledeconsciencia.com%2Fca%2Factividades%2Fconstelaciones-sistemicas-integrativas-ibiza%2F\" onclick=\"javascript:window.open(this.href, '', 'menubar=no,toolbar=no,resizable=yes,scrollbars=yes,height=600,width=500'); return false;\" target=\"_blank\" title=\"LinkedIn\"><i class=\"mec-fa-linkedin\"><\/i><span class=\"mec-social-title\">LinkedIn<\/span><\/a><\/li><li class=\"mec-event-social-icon\"><a class=\"pinterest\" href=\"http:\/\/pinterest.com\/pin\/create\/button\/?url=https%3A%2F%2Fcercledeconsciencia.com%2Fca%2Factividades%2Fconstelaciones-sistemicas-integrativas-ibiza%2F\" target=\"_blank\" title=\"Compartir a Pinterest\"><i class=\"mec-fa-pinterest\"><\/i><span class=\"mec-social-title\">Pitnerest<\/span><\/a><\/li><li class=\"mec-event-social-icon\"><a class=\"whatsapp\" href=\"https:\/\/api.whatsapp.com\/send?text=https%3A%2F%2Fcercledeconsciencia.com%2Fca%2Factividades%2Fconstelaciones-sistemicas-integrativas-ibiza%2F\" target=\"_blank\" title=\"Compartir a WhatsApp\"><i class=\"mec-fa-whatsapp\"><\/i><span class=\"mec-social-title\">WhatsApp<\/span><\/a><\/li><li class=\"mec-event-social-icon\"><a class=\"telegram\" href=\"https:\/\/telegram.me\/share\/url?url=https%3A%2F%2Fcercledeconsciencia.com%2Fca%2Factividades%2Fconstelaciones-sistemicas-integrativas-ibiza%2F&text=Constelaciones Sist\u00e9micas Integrativas en Ibiza\" target=\"_blank\" title=\"Compartir a Telegram\">\r\n            <i><svg aria-hidden=\"true\" focusable=\"false\" data-prefix=\"fab\" data-icon=\"telegram\" class=\"svg-inline--fa fa-telegram fa-w-16\" role=\"img\" xmlns=\"http:\/\/www.w3.org\/2000\/svg\" viewBox=\"0 0 496 512\"><path fill=\"currentColor\" d=\"M248 8C111 8 0 119 0 256s111 248 248 248 248-111 248-248S385 8 248 8zm121.8 169.9l-40.7 191.8c-3 13.6-11.1 16.9-22.4 10.5l-62-45.7-29.9 28.8c-3.3 3.3-6.1 6.1-12.5 6.1l4.4-63.1 114.9-103.8c5-4.4-1.1-6.9-7.7-2.5l-142 89.4-61.2-19.1c-13.3-4.2-13.6-13.3 2.8-19.7l239.1-92.2c11.1-4 20.8 2.7 17.2 19.5z\"><\/path><\/svg><\/i>\r\n            <span class=\"mec-social-title\">Telegram<\/span>\r\n        <\/a><\/li>                                    <\/ul>\r\n                                <\/li>\r\n                            <\/ul>\r\n                                                <a class=\"mec-booking-button mec-bg-color-hover mec-border-color-hover\" data-event-id=\"3301\" href=\"https:\/\/cercledeconsciencia.com\/ca\/actividades\/constelaciones-sistemicas-integrativas-ibiza\/\" target=\"_self\" rel=\"noopener\">Veure Detall<\/a>                                            <\/div>\r\n                <\/div>\r\n                            <\/article>\r\n                                <\/div>\r\n        \t<\/div>\r\n<\/div>    <\/div>\r\n        <\/div><div class=\"vc_empty_space\"   style=\"height: 50px\"><span class=\"vc_empty_space_inner\"><\/span><\/div><\/div><\/div><\/div><\/div><div class=\"edgtf-row-grid-section-wrapper \"  ><div class=\"edgtf-row-grid-section\"><div class=\"vc_row wpb_row vc_row-fluid\" ><div class=\"wpb_column vc_column_container vc_col-sm-12\"><div class=\"vc_column-inner\"><div class=\"wpb_wrapper\">\n\t<div class=\"wpb_text_column wpb_content_element \" >\n\t\t<div class=\"wpb_wrapper\">\n\t\t\t<h2>Instalaciones del Cercle de Consci\u00e8ncia Ibiza<\/h2>\n<p style=\"text-align: justify;\">Contar con entornos f\u00edsicos id\u00f3neos para nuestras formaciones y experiencias terap\u00e9uticas es primordial. Nos esforzamos en la creaci\u00f3n de un ambiente que no solo asegure comodidad, sino que tambi\u00e9n estimule un sentido profundo de conexi\u00f3n y aprendizaje significativo. En este entorno, la armon\u00eda entre el espacio f\u00edsico y las vivencias se entrelaza, brind\u00e1ndonos la oportunidad de sumergirnos plenamente en nuestro proceso de crecimiento y bienestar.<\/p>\n\n\t\t<\/div>\n\t<\/div>\n<div class=\"vc_empty_space\"   style=\"height: 100px\"><span class=\"vc_empty_space_inner\"><\/span><\/div><\/div><\/div><\/div><\/div><\/div><\/div><div data-vc-full-width=\"true\" data-vc-full-width-init=\"false\" data-vc-stretch-content=\"true\" class=\"vc_row wpb_row vc_row-fluid vc_row-no-padding\" ><div class=\"wpb_column vc_column_container vc_col-sm-12\"><div class=\"vc_column-inner\"><div class=\"wpb_wrapper\"><div class=\"vc_row wpb_row vc_inner vc_row-fluid vc_column-gap-20 vc_row-o-content-top vc_row-flex\" ><div class=\"br-radius-tr wpb_column vc_column_container vc_col-sm-6 vc_col-xs-6\"><div class=\"vc_column-inner\"><div class=\"wpb_wrapper\">\n\t<div  class=\"wpb_single_image wpb_content_element vc_align_right\">\n\t\t\n\t\t<figure class=\"wpb_wrapper vc_figure\">\n\t\t\t<div class=\"vc_single_image-wrapper   vc_box_border_grey\"><img loading=\"lazy\" decoding=\"async\" width=\"1189\" height=\"657\" src=\"https:\/\/cercledeconsciencia.com\/wp-content\/uploads\/2024\/11\/SALA-4.png\" class=\"vc_single_image-img attachment-full\" alt=\"\" title=\"SALA 4\" srcset=\"https:\/\/cercledeconsciencia.com\/wp-content\/uploads\/2024\/11\/SALA-4.png 1189w, https:\/\/cercledeconsciencia.com\/wp-content\/uploads\/2024\/11\/SALA-4-300x166.png 300w, https:\/\/cercledeconsciencia.com\/wp-content\/uploads\/2024\/11\/SALA-4-1024x566.png 1024w, https:\/\/cercledeconsciencia.com\/wp-content\/uploads\/2024\/11\/SALA-4-768x424.png 768w, https:\/\/cercledeconsciencia.com\/wp-content\/uploads\/2024\/11\/SALA-4-18x10.png 18w\" sizes=\"auto, (max-width: 1189px) 100vw, 1189px\" \/><\/div>\n\t\t<\/figure>\n\t<\/div>\n<\/div><\/div><\/div><div class=\"br-radius-tl wpb_column vc_column_container vc_col-sm-6 vc_col-xs-6\"><div class=\"vc_column-inner\"><div class=\"wpb_wrapper\">\n\t<div  class=\"wpb_single_image wpb_content_element vc_align_left\">\n\t\t\n\t\t<figure class=\"wpb_wrapper vc_figure\">\n\t\t\t<div class=\"vc_single_image-wrapper   vc_box_border_grey\"><img loading=\"lazy\" decoding=\"async\" width=\"890\" height=\"521\" src=\"https:\/\/cercledeconsciencia.com\/wp-content\/uploads\/2024\/11\/SALA-2.png\" class=\"vc_single_image-img attachment-full\" alt=\"\" title=\"SALA 2\" srcset=\"https:\/\/cercledeconsciencia.com\/wp-content\/uploads\/2024\/11\/SALA-2.png 890w, https:\/\/cercledeconsciencia.com\/wp-content\/uploads\/2024\/11\/SALA-2-300x176.png 300w, https:\/\/cercledeconsciencia.com\/wp-content\/uploads\/2024\/11\/SALA-2-768x450.png 768w, https:\/\/cercledeconsciencia.com\/wp-content\/uploads\/2024\/11\/SALA-2-18x12.png 18w\" sizes=\"auto, (max-width: 890px) 100vw, 890px\" \/><\/div>\n\t\t<\/figure>\n\t<\/div>\n<\/div><\/div><\/div><\/div><div class=\"vc_row wpb_row vc_inner vc_row-fluid vc_column-gap-20 vc_row-o-content-top vc_row-flex\" ><div class=\"br-radius-br wpb_column vc_column_container vc_col-sm-6 vc_col-xs-6\"><div class=\"vc_column-inner\"><div class=\"wpb_wrapper\">\n\t<div  class=\"wpb_single_image wpb_content_element vc_align_right\">\n\t\t\n\t\t<figure class=\"wpb_wrapper vc_figure\">\n\t\t\t<div class=\"vc_single_image-wrapper   vc_box_border_grey\"><img loading=\"lazy\" decoding=\"async\" width=\"1000\" height=\"600\" src=\"https:\/\/cercledeconsciencia.com\/wp-content\/uploads\/2024\/07\/Copia-de-alquiler-sala-terapia-yoga-ibiza-1.jpg\" class=\"vc_single_image-img attachment-full\" alt=\"\" title=\"Copia de alquiler-sala-terapia-yoga-ibiza\" srcset=\"https:\/\/cercledeconsciencia.com\/wp-content\/uploads\/2024\/07\/Copia-de-alquiler-sala-terapia-yoga-ibiza-1.jpg 1000w, https:\/\/cercledeconsciencia.com\/wp-content\/uploads\/2024\/07\/Copia-de-alquiler-sala-terapia-yoga-ibiza-1-300x180.jpg 300w, https:\/\/cercledeconsciencia.com\/wp-content\/uploads\/2024\/07\/Copia-de-alquiler-sala-terapia-yoga-ibiza-1-768x461.jpg 768w\" sizes=\"auto, (max-width: 1000px) 100vw, 1000px\" \/><\/div>\n\t\t<\/figure>\n\t<\/div>\n<\/div><\/div><\/div><div class=\"br-radius-bl wpb_column vc_column_container vc_col-sm-6 vc_col-xs-6\"><div class=\"vc_column-inner\"><div class=\"wpb_wrapper\">\n\t<div  class=\"wpb_single_image wpb_content_element vc_align_left\">\n\t\t\n\t\t<figure class=\"wpb_wrapper vc_figure\">\n\t\t\t<div class=\"vc_single_image-wrapper   vc_box_border_grey\"><img loading=\"lazy\" decoding=\"async\" width=\"1000\" height=\"600\" src=\"https:\/\/cercledeconsciencia.com\/wp-content\/uploads\/2024\/07\/Jardines-salas-sant-josep1-Pano-Editar.jpg\" class=\"vc_single_image-img attachment-full\" alt=\"\" title=\"Jardines salas sant josep1-Pano-Editar\" srcset=\"https:\/\/cercledeconsciencia.com\/wp-content\/uploads\/2024\/07\/Jardines-salas-sant-josep1-Pano-Editar.jpg 1000w, https:\/\/cercledeconsciencia.com\/wp-content\/uploads\/2024\/07\/Jardines-salas-sant-josep1-Pano-Editar-300x180.jpg 300w, https:\/\/cercledeconsciencia.com\/wp-content\/uploads\/2024\/07\/Jardines-salas-sant-josep1-Pano-Editar-768x461.jpg 768w\" sizes=\"auto, (max-width: 1000px) 100vw, 1000px\" \/><\/div>\n\t\t<\/figure>\n\t<\/div>\n<\/div><\/div><\/div><\/div><\/div><\/div><\/div><\/div><div class=\"vc_row-full-width vc_clearfix\"><\/div><div class=\"edgtf-row-grid-section-wrapper \"  ><div class=\"edgtf-row-grid-section\"><div class=\"vc_row wpb_row vc_row-fluid\" ><div class=\"wpb_column vc_column_container vc_col-sm-12\"><div class=\"vc_column-inner\"><div class=\"wpb_wrapper\"><div class=\"vc_empty_space\"   style=\"height: 80px\"><span class=\"vc_empty_space_inner\"><\/span><\/div><\/div><\/div><\/div><\/div><\/div><\/div><div class=\"edgtf-row-grid-section-wrapper \"  style=\"background-color:#ededed\"><div class=\"edgtf-row-grid-section\"><div class=\"vc_row wpb_row vc_row-fluid\" ><div class=\"wpb_column vc_column_container vc_col-sm-12\"><div class=\"vc_column-inner\"><div class=\"wpb_wrapper\"><div class=\"vc_empty_space\"   style=\"height: 100px\"><span class=\"vc_empty_space_inner\"><\/span><\/div><div class=\"vc_row wpb_row vc_inner vc_row-fluid\" style=\"background-color:#ededed\"><div class=\"wpb_column vc_column_container vc_col-sm-12\"><div class=\"vc_column-inner\"><div class=\"wpb_wrapper\">\n\t<div class=\"wpb_text_column wpb_content_element \" >\n\t\t<div class=\"wpb_wrapper\">\n\t\t\t<h2>Noticias del Cercle de Consci\u00e8ncia Ibiza<\/h2>\n\n\t\t<\/div>\n\t<\/div>\n<\/div><\/div><\/div><\/div><div class=\"vc_empty_space\"   style=\"height: 500px\"><span class=\"vc_empty_space_inner\"><\/span><\/div><\/div><\/div><\/div><\/div><\/div><\/div><div class=\"edgtf-row-grid-section-wrapper \"  ><div class=\"edgtf-row-grid-section\"><div class=\"vc_row wpb_row vc_row-fluid\" ><div class=\"wpb_column vc_column_container vc_col-sm-12\"><div class=\"vc_column-inner\"><div class=\"wpb_wrapper\"><div class=\"vc_empty_space\"   style=\"height: 50px\"><span class=\"vc_empty_space_inner\"><\/span><\/div>\n\t<div class=\"wpb_text_column wpb_content_element \" >\n\t\t<div class=\"wpb_wrapper\">\n\t\t\t<h2 style=\"text-align: left;\">Contacta con el Cercle de Consci\u00e8ncia Ibiza<\/h2>\n<p>Recibe m\u00e1s informaci\u00f3n espec\u00edfica a tus necesidades. Escr\u00edbenos y una persona de nuestro equipo te contactar\u00e1 para aclararte cualquier duda que tengas o ampliar informaci\u00f3n.<\/p>\n\n\t\t<\/div>\n\t<\/div>\n<div class=\"vc_empty_space\"   style=\"height: 50px\"><span class=\"vc_empty_space_inner\"><\/span><\/div>\n<div class=\"wpcf7 no-js\" id=\"wpcf7-f4376-o1\" lang=\"es-ES\" dir=\"ltr\" data-wpcf7-id=\"4376\">\n<div class=\"screen-reader-response\"><p role=\"status\" aria-live=\"polite\" aria-atomic=\"true\"><\/p> <ul><\/ul><\/div>\n<form action=\"\/ca\/wp-json\/wp\/v2\/pages\/2881#wpcf7-f4376-o1\" method=\"post\" class=\"wpcf7-form init\" aria-label=\"Formulario de contacto\" novalidate=\"novalidate\" data-status=\"init\">\n<fieldset class=\"hidden-fields-container\"><input type=\"hidden\" name=\"_wpcf7\" value=\"4376\" \/><input type=\"hidden\" name=\"_wpcf7_version\" value=\"6.1.5\" \/><input type=\"hidden\" name=\"_wpcf7_locale\" value=\"es_ES\" \/><input type=\"hidden\" name=\"_wpcf7_unit_tag\" value=\"wpcf7-f4376-o1\" \/><input type=\"hidden\" name=\"_wpcf7_container_post\" value=\"0\" \/><input type=\"hidden\" name=\"_wpcf7_posted_data_hash\" value=\"\" \/>\n<\/fieldset>\n<div>\n\t<div class=\"edgtf-grid-row \">\n\t\t<div class=\"edgtf-grid-col-12\">\n\t\t\t<p><span id=\"wpcf7-69f2e172849e9-wrapper\" class=\"wpcf7-form-control-wrap honeypot-field-wrap\" style=\"display:none !important; visibility:hidden !important;\"><label for=\"wpcf7-69f2e172849e9-field\" class=\"hp-message\">Por favor, deja este campo vac\u00edo.<\/label><input id=\"wpcf7-69f2e172849e9-field\"  class=\"wpcf7-form-control wpcf7-text\" type=\"text\" name=\"honeypot-field\" value=\"\" size=\"40\" tabindex=\"-1\" autocomplete=\"new-password\" \/><\/span>\n\t\t\t<\/p>\n\t\t<\/div>\n\t<\/div>\n\t<div class=\"edgtf-grid-row \">\n\t\t<div class=\"edgtf-grid-col-4\">\n\t\t\t<p><label> Nombre<br \/>\n<span class=\"wpcf7-form-control-wrap\" data-name=\"your-name\"><input size=\"40\" maxlength=\"400\" class=\"wpcf7-form-control wpcf7-text wpcf7-validates-as-required\" autocomplete=\"name\" aria-required=\"true\" aria-invalid=\"false\" value=\"\" type=\"text\" name=\"your-name\" \/><\/span> <\/label>\n\t\t\t<\/p>\n\t\t<\/div>\n\t\t<div class=\"edgtf-grid-col-4\">\n\t\t\t<p><label> Tel\u00e9fono<br \/>\n<span class=\"wpcf7-form-control-wrap\" data-name=\"your-phone\"><input size=\"40\" maxlength=\"400\" class=\"wpcf7-form-control wpcf7-text wpcf7-validates-as-required\" autocomplete=\"name\" aria-required=\"true\" aria-invalid=\"false\" value=\"\" type=\"text\" name=\"your-phone\" \/><\/span> <\/label>\n\t\t\t<\/p>\n\t\t<\/div>\n\t\t<div class=\"edgtf-grid-col-4\">\n\t\t\t<p><label> Mail<br \/>\n<span class=\"wpcf7-form-control-wrap\" data-name=\"your-email\"><input size=\"40\" maxlength=\"400\" class=\"wpcf7-form-control wpcf7-email wpcf7-validates-as-required wpcf7-text wpcf7-validates-as-email\" autocomplete=\"email\" aria-required=\"true\" aria-invalid=\"false\" value=\"\" type=\"email\" name=\"your-email\" \/><\/span> <\/label>\n\t\t\t<\/p>\n\t\t<\/div>\n\t<\/div>\n\t<div class=\"edgtf-grid-row\">\n\t\t<div class=\"edgtf-grid-col-4\">\n\t\t\t<p><span class=\"wpcf7-form-control-wrap\" data-name=\"ayuda\"><select class=\"wpcf7-form-control wpcf7-select\" aria-invalid=\"false\" name=\"ayuda\"><option value=\"\u00bfEn qu\u00e9 te podemos ayudar?\">\u00bfEn qu\u00e9 te podemos ayudar?<\/option><option value=\"Formaci\u00f3n Gestalt Integrativa\">Formaci\u00f3n Gestalt Integrativa<\/option><option value=\"Formaci\u00f3n Terapia Corporal Integrativa\">Formaci\u00f3n Terapia Corporal Integrativa<\/option><option value=\"Formaci\u00f3n Transpersonal Integrativa\">Formaci\u00f3n Transpersonal Integrativa<\/option><option value=\"Formacion Sexualidad Integrativa\">Formacion Sexualidad Integrativa<\/option><option value=\"Talleres\">Talleres<\/option><option value=\"Terapia\">Terapia<\/option><option value=\"Alquiler de espacios\">Alquiler de espacios<\/option><option value=\"Can Gensana\">Can Gensana<\/option><option value=\"Otros\">Otros<\/option><\/select><\/span>\n\t\t\t<\/p>\n\t\t\t<p><span class=\"wpcf7-form-control-wrap\" data-name=\"sede\"><select class=\"wpcf7-form-control wpcf7-select\" aria-invalid=\"false\" name=\"sede\"><option value=\"\u00bfEn qu\u00e9 sede tienes inter\u00e9s?\">\u00bfEn qu\u00e9 sede tienes inter\u00e9s?<\/option><option value=\"Ibiza\">Ibiza<\/option><\/select><\/span>\n\t\t\t<\/p>\n\t\t<\/div>\n\t\t<div class=\"edgtf-grid-col-8\">\n\t\t\t<p><label> Mensaje (opcional)<br \/>\n<span class=\"wpcf7-form-control-wrap\" data-name=\"your-message\"><textarea cols=\"40\" rows=\"4\" maxlength=\"2000\" class=\"wpcf7-form-control wpcf7-textarea\" aria-invalid=\"false\" name=\"your-message\"><\/textarea><\/span> <\/label>\n\t\t\t<\/p>\n\t\t<\/div>\n\t<\/div>\n\t<div class=\"edgtf-grid-row\">\n\t\t<div class=\"edgtf-grid-col-12\">\n\t\t\t<div class=\"txt-legal\">\n\t\t\t\t<p><b>INFORMACI\u00d3N B\u00c1SICA SOBRE PROTECCI\u00d3N DE DATOS<\/b>\n\t\t\t\t<\/p>\n\t\t\t\t<p><b>RESPONSABLE DEL TRATAMIENTO<\/b><br \/>\nResponsable: ESPAI TCI, S.L.U. - CIF: B66100033 Dir. Postal: C\/ PAU ALSINA N 16, CP: 08025 - BARCELONA (BARCELONA)<br \/>\n<b>FINALIDAD:<\/b> Gestionar su consulta\/petici\u00f3n y dar una respuesta a la misma.<br \/>\n<b>LEGITIMACI\u00d3N:<\/b> Su consentimiento<br \/>\n<b>DESTINATARIOS:<\/b> Los datos no se ceder\u00e1n a terceros salvo en los casos en los que exista una obligaci\u00f3n legal o comunicaci\u00f3n necesaria para dar contestaci\u00f3n a su consulta.<br \/>\n<b>DERECHOS:<\/b> Puede ejercer sus Derechos a acceder, rectificar, oponerse, limitar, portar y suprimir los datos ante el responsable del tratamiento; adem\u00e1s de acudir a la autoridad de control competente (AEPD).<br \/>\n<b>INFORMACI\u00d3N ADICIONAL:<\/b> Puede consultar la informaci\u00f3n adicional sobre el tratamiento de sus datos personales <a href=\"\/politica-de-privacidad\/\">aqu\u00ed<\/a>.\n\t\t\t\t<\/p>\n\t\t\t<\/div>\n\t\t<\/div>\n\t<\/div>\n\t<div class=\"edgtf-grid-row pt-4\">\n\t\t<div class=\"edgtf-grid-col-4\">\n\t\t<\/div>\n\t\t<div class=\"edgtf-grid-col-8\">\n\t\t\t<p><span class=\"wpcf7-form-control-wrap\" data-name=\"news\"><span class=\"wpcf7-form-control wpcf7-checkbox mycheck2\"><span class=\"wpcf7-list-item first last\"><input type=\"checkbox\" name=\"news[]\" value=\"Quiero recibir informaci\u00f3n sobre actividades y formaciones.\" \/><span class=\"wpcf7-list-item-label\">Quiero recibir informaci\u00f3n sobre actividades y formaciones.<\/span><\/span><\/span><\/span><br \/>\n<span class=\"wpcf7-form-control-wrap\" data-name=\"politica\"><span class=\"wpcf7-form-control wpcf7-checkbox wpcf7-validates-as-required mycheck2\"><span class=\"wpcf7-list-item first last\"><input type=\"checkbox\" name=\"politica[]\" value=\"He le\u00eddo y acepto la Pol\u00edtica de Privacidad.\" \/><span class=\"wpcf7-list-item-label\">He le\u00eddo y acepto la Pol\u00edtica de Privacidad.<\/span><\/span><\/span><\/span>\n\t\t\t<\/p>\n\t\t<\/div>\n\t<\/div>\n\t<div class=\"edgtf-grid-row\">\n\t\t<div class=\"edgtf-grid-col-12 text-right\">\n\t\t\t<p><input class=\"wpcf7-form-control wpcf7-submit has-spinner\" type=\"submit\" value=\"Enviar\" \/>\n\t\t\t<\/p>\n\t\t<\/div>\n\t<\/div>\n<\/div><p style=\"display: none !important;\" class=\"akismet-fields-container\" data-prefix=\"_wpcf7_ak_\"><label>&#916;<textarea name=\"_wpcf7_ak_hp_textarea\" cols=\"45\" rows=\"8\" maxlength=\"100\"><\/textarea><\/label><input type=\"hidden\" id=\"ak_js_1\" name=\"_wpcf7_ak_js\" value=\"82\"\/><script type=\"text\/javascript\">\n\/* <![CDATA[ *\/\ndocument.getElementById( \"ak_js_1\" ).setAttribute( \"value\", ( new Date() ).getTime() );\n\/* ]]> *\/\n<\/script>\n<\/p><input type='hidden' class='wpcf7-pum' value='{\"closepopup\":false,\"closedelay\":0,\"openpopup\":false,\"openpopup_id\":0}' \/><div class=\"wpcf7-response-output\" aria-hidden=\"true\"><\/div>\n<\/form>\n<\/div>\n<div class=\"vc_empty_space\"   style=\"height: 50px\"><span class=\"vc_empty_space_inner\"><\/span><\/div><\/div><\/div><\/div><\/div><\/div><\/div>\n","protected":false},"excerpt":{"rendered":"Para vivir en el alma y en el mundo desde un lugar mas libre y pleno. Las Constelaciones son una potente herramienta de sanaci\u00f3n personal y sist\u00e9mica y gran complemento [...]","protected":false},"author":1,"featured_media":2975,"parent":0,"menu_order":0,"comment_status":"closed","ping_status":"closed","template":"full-width.php","meta":{"footnotes":""},"class_list":["post-2881","page","type-page","status-publish","has-post-thumbnail","hentry"],"yoast_head":"<!-- This site is optimized with the Yoast SEO plugin v27.4 - https:\/\/yoast.com\/product\/yoast-seo-wordpress\/ -->\n<title>Cercle de Conci\u00e8ncia Ibiza - Cercle de Consci\u00e8ncia<\/title>\n<meta name=\"description\" content=\"Descubre las formaciones en Terapia Gestalt, Terapia Corporal Integrativa y Sexualidad Integrativa. Adem\u00e1s, talleres y cursos para tu crecimiento y plenitud en Ibiza.\" \/>\n<meta name=\"robots\" content=\"index, follow, max-snippet:-1, max-image-preview:large, max-video-preview:-1\" \/>\n<link rel=\"canonical\" href=\"https:\/\/cercledeconsciencia.com\/ca\/eivissa\/\" \/>\n<meta property=\"og:locale\" content=\"ca_ES\" \/>\n<meta property=\"og:type\" content=\"article\" \/>\n<meta property=\"og:title\" content=\"Cercle de Conci\u00e8ncia Ibiza - Cercle de Consci\u00e8ncia\" \/>\n<meta property=\"og:description\" content=\"Descubre las formaciones en Terapia Gestalt, Terapia Corporal Integrativa y Sexualidad Integrativa. Adem\u00e1s, talleres y cursos para tu crecimiento y plenitud en Ibiza.\" \/>\n<meta property=\"og:url\" content=\"https:\/\/cercledeconsciencia.com\/ca\/eivissa\/\" \/>\n<meta property=\"og:site_name\" content=\"Cercle de Consci\u00e8ncia\" \/>\n<meta property=\"article:publisher\" content=\"https:\/\/www.facebook.com\/Cercledeconscienciabarcelona?_rdr\" \/>\n<meta property=\"article:modified_time\" content=\"2025-04-27T16:43:41+00:00\" \/>\n<meta property=\"og:image\" content=\"https:\/\/cercledeconsciencia.com\/wp-content\/uploads\/2024\/02\/Portada-Local-Ibiza.png\" \/>\n\t<meta property=\"og:image:width\" content=\"1800\" \/>\n\t<meta property=\"og:image:height\" content=\"918\" \/>\n\t<meta property=\"og:image:type\" content=\"image\/png\" \/>\n<meta name=\"twitter:card\" content=\"summary_large_image\" \/>\n<meta name=\"twitter:label1\" content=\"Temps estimat de lectura\" \/>\n\t<meta name=\"twitter:data1\" content=\"8 minuts\" \/>\n<script type=\"application\/ld+json\" class=\"yoast-schema-graph\">{\"@context\":\"https:\\\/\\\/schema.org\",\"@graph\":[{\"@type\":\"WebPage\",\"@id\":\"https:\\\/\\\/cercledeconsciencia.com\\\/ibiza\\\/\",\"url\":\"https:\\\/\\\/cercledeconsciencia.com\\\/ibiza\\\/\",\"name\":\"Cercle de Conci\u00e8ncia Ibiza - Cercle de Consci\u00e8ncia\",\"isPartOf\":{\"@id\":\"https:\\\/\\\/cercledeconsciencia.com\\\/#website\"},\"primaryImageOfPage\":{\"@id\":\"https:\\\/\\\/cercledeconsciencia.com\\\/ibiza\\\/#primaryimage\"},\"image\":{\"@id\":\"https:\\\/\\\/cercledeconsciencia.com\\\/ibiza\\\/#primaryimage\"},\"thumbnailUrl\":\"https:\\\/\\\/cercledeconsciencia.com\\\/wp-content\\\/uploads\\\/2024\\\/02\\\/Portada-Local-Ibiza.png\",\"datePublished\":\"2024-02-05T23:48:49+00:00\",\"dateModified\":\"2025-04-27T16:43:41+00:00\",\"description\":\"Descubre las formaciones en Terapia Gestalt, Terapia Corporal Integrativa y Sexualidad Integrativa. Adem\u00e1s, talleres y cursos para tu crecimiento y plenitud en Ibiza.\",\"breadcrumb\":{\"@id\":\"https:\\\/\\\/cercledeconsciencia.com\\\/ibiza\\\/#breadcrumb\"},\"inLanguage\":\"ca\",\"potentialAction\":[{\"@type\":\"ReadAction\",\"target\":[\"https:\\\/\\\/cercledeconsciencia.com\\\/ibiza\\\/\"]}]},{\"@type\":\"ImageObject\",\"inLanguage\":\"ca\",\"@id\":\"https:\\\/\\\/cercledeconsciencia.com\\\/ibiza\\\/#primaryimage\",\"url\":\"https:\\\/\\\/cercledeconsciencia.com\\\/wp-content\\\/uploads\\\/2024\\\/02\\\/Portada-Local-Ibiza.png\",\"contentUrl\":\"https:\\\/\\\/cercledeconsciencia.com\\\/wp-content\\\/uploads\\\/2024\\\/02\\\/Portada-Local-Ibiza.png\",\"width\":1800,\"height\":918,\"caption\":\"Espai TCI Ibiza\"},{\"@type\":\"BreadcrumbList\",\"@id\":\"https:\\\/\\\/cercledeconsciencia.com\\\/ibiza\\\/#breadcrumb\",\"itemListElement\":[{\"@type\":\"ListItem\",\"position\":1,\"name\":\"Portada\",\"item\":\"https:\\\/\\\/cercledeconsciencia.com\\\/\"},{\"@type\":\"ListItem\",\"position\":2,\"name\":\"Cercle de Consciencia Ibiza\"}]},{\"@type\":\"WebSite\",\"@id\":\"https:\\\/\\\/cercledeconsciencia.com\\\/#website\",\"url\":\"https:\\\/\\\/cercledeconsciencia.com\\\/\",\"name\":\"Cercle de Consci\u00e8ncia\",\"description\":\"Centro de Formaci\u00f3n y Terapias\",\"publisher\":{\"@id\":\"https:\\\/\\\/cercledeconsciencia.com\\\/#organization\"},\"potentialAction\":[{\"@type\":\"SearchAction\",\"target\":{\"@type\":\"EntryPoint\",\"urlTemplate\":\"https:\\\/\\\/cercledeconsciencia.com\\\/?s={search_term_string}\"},\"query-input\":{\"@type\":\"PropertyValueSpecification\",\"valueRequired\":true,\"valueName\":\"search_term_string\"}}],\"inLanguage\":\"ca\"},{\"@type\":\"Organization\",\"@id\":\"https:\\\/\\\/cercledeconsciencia.com\\\/#organization\",\"name\":\"Cercle de Consci\u00e8ncia\",\"url\":\"https:\\\/\\\/cercledeconsciencia.com\\\/\",\"logo\":{\"@type\":\"ImageObject\",\"inLanguage\":\"ca\",\"@id\":\"https:\\\/\\\/cercledeconsciencia.com\\\/#\\\/schema\\\/logo\\\/image\\\/\",\"url\":\"https:\\\/\\\/cercledeconsciencia.com\\\/wp-content\\\/uploads\\\/2023\\\/07\\\/logo.png\",\"contentUrl\":\"https:\\\/\\\/cercledeconsciencia.com\\\/wp-content\\\/uploads\\\/2023\\\/07\\\/logo.png\",\"width\":239,\"height\":68,\"caption\":\"Cercle de Consci\u00e8ncia\"},\"image\":{\"@id\":\"https:\\\/\\\/cercledeconsciencia.com\\\/#\\\/schema\\\/logo\\\/image\\\/\"},\"sameAs\":[\"https:\\\/\\\/www.facebook.com\\\/Cercledeconscienciabarcelona?_rdr\",\"https:\\\/\\\/www.instagram.com\\\/cercledeconsciencia\\\/\",\"https:\\\/\\\/www.youtube.com\\\/c\\\/cercledeconsciencia\"]}]}<\/script>\n<!-- \/ Yoast SEO plugin. -->","yoast_head_json":{"title":"Cercle de Conci\u00e8ncia Eivissa - Cercle de Consci\u00e8ncia","description":"Descobreix les formacions a Ter\u00e0pia Gestalt, Ter\u00e0pia Corporal Integrativa i Sexualitat Integrativa. A m\u00e9s, tallers i cursos per al teu creixement i plenitud a Eivissa.","robots":{"index":"index","follow":"follow","max-snippet":"max-snippet:-1","max-image-preview":"max-image-preview:large","max-video-preview":"max-video-preview:-1"},"canonical":"https:\/\/cercledeconsciencia.com\/ca\/eivissa\/","og_locale":"ca_ES","og_type":"article","og_title":"Cercle de Conci\u00e8ncia Ibiza - Cercle de Consci\u00e8ncia","og_description":"Descubre las formaciones en Terapia Gestalt, Terapia Corporal Integrativa y Sexualidad Integrativa. Adem\u00e1s, talleres y cursos para tu crecimiento y plenitud en Ibiza.","og_url":"https:\/\/cercledeconsciencia.com\/ca\/eivissa\/","og_site_name":"Cercle de Consci\u00e8ncia","article_publisher":"https:\/\/www.facebook.com\/Cercledeconscienciabarcelona?_rdr","article_modified_time":"2025-04-27T16:43:41+00:00","og_image":[{"width":1800,"height":918,"url":"https:\/\/cercledeconsciencia.com\/wp-content\/uploads\/2024\/02\/Portada-Local-Ibiza.png","type":"image\/png"}],"twitter_card":"summary_large_image","twitter_misc":{"Temps estimat de lectura":"8 minuts"},"schema":{"@context":"https:\/\/schema.org","@graph":[{"@type":"WebPage","@id":"https:\/\/cercledeconsciencia.com\/ibiza\/","url":"https:\/\/cercledeconsciencia.com\/ibiza\/","name":"Cercle de Conci\u00e8ncia Eivissa - Cercle de Consci\u00e8ncia","isPartOf":{"@id":"https:\/\/cercledeconsciencia.com\/#website"},"primaryImageOfPage":{"@id":"https:\/\/cercledeconsciencia.com\/ibiza\/#primaryimage"},"image":{"@id":"https:\/\/cercledeconsciencia.com\/ibiza\/#primaryimage"},"thumbnailUrl":"https:\/\/cercledeconsciencia.com\/wp-content\/uploads\/2024\/02\/Portada-Local-Ibiza.png","datePublished":"2024-02-05T23:48:49+00:00","dateModified":"2025-04-27T16:43:41+00:00","description":"Descobreix les formacions a Ter\u00e0pia Gestalt, Ter\u00e0pia Corporal Integrativa i Sexualitat Integrativa. A m\u00e9s, tallers i cursos per al teu creixement i plenitud a Eivissa.","breadcrumb":{"@id":"https:\/\/cercledeconsciencia.com\/ibiza\/#breadcrumb"},"inLanguage":"ca","potentialAction":[{"@type":"ReadAction","target":["https:\/\/cercledeconsciencia.com\/ibiza\/"]}]},{"@type":"ImageObject","inLanguage":"ca","@id":"https:\/\/cercledeconsciencia.com\/ibiza\/#primaryimage","url":"https:\/\/cercledeconsciencia.com\/wp-content\/uploads\/2024\/02\/Portada-Local-Ibiza.png","contentUrl":"https:\/\/cercledeconsciencia.com\/wp-content\/uploads\/2024\/02\/Portada-Local-Ibiza.png","width":1800,"height":918,"caption":"Espai TCI Ibiza"},{"@type":"BreadcrumbList","@id":"https:\/\/cercledeconsciencia.com\/ibiza\/#breadcrumb","itemListElement":[{"@type":"ListItem","position":1,"name":"Portada","item":"https:\/\/cercledeconsciencia.com\/"},{"@type":"ListItem","position":2,"name":"Cercle de Consciencia Ibiza"}]},{"@type":"WebSite","@id":"https:\/\/cercledeconsciencia.com\/#website","url":"https:\/\/cercledeconsciencia.com\/","name":"Cercle de Consci\u00e8ncia","description":"Centre de Formaci\u00f3 i Ter\u00e0pies","publisher":{"@id":"https:\/\/cercledeconsciencia.com\/#organization"},"potentialAction":[{"@type":"SearchAction","target":{"@type":"EntryPoint","urlTemplate":"https:\/\/cercledeconsciencia.com\/?s={search_term_string}"},"query-input":{"@type":"PropertyValueSpecification","valueRequired":true,"valueName":"search_term_string"}}],"inLanguage":"ca"},{"@type":"Organization","@id":"https:\/\/cercledeconsciencia.com\/#organization","name":"Cercle de Consci\u00e8ncia","url":"https:\/\/cercledeconsciencia.com\/","logo":{"@type":"ImageObject","inLanguage":"ca","@id":"https:\/\/cercledeconsciencia.com\/#\/schema\/logo\/image\/","url":"https:\/\/cercledeconsciencia.com\/wp-content\/uploads\/2023\/07\/logo.png","contentUrl":"https:\/\/cercledeconsciencia.com\/wp-content\/uploads\/2023\/07\/logo.png","width":239,"height":68,"caption":"Cercle de Consci\u00e8ncia"},"image":{"@id":"https:\/\/cercledeconsciencia.com\/#\/schema\/logo\/image\/"},"sameAs":["https:\/\/www.facebook.com\/Cercledeconscienciabarcelona?_rdr","https:\/\/www.instagram.com\/cercledeconsciencia\/","https:\/\/www.youtube.com\/c\/cercledeconsciencia"]}]}},"_links":{"self":[{"href":"https:\/\/cercledeconsciencia.com\/ca\/wp-json\/wp\/v2\/pages\/2881","targetHints":{"allow":["GET"]}}],"collection":[{"href":"https:\/\/cercledeconsciencia.com\/ca\/wp-json\/wp\/v2\/pages"}],"about":[{"href":"https:\/\/cercledeconsciencia.com\/ca\/wp-json\/wp\/v2\/types\/page"}],"author":[{"embeddable":true,"href":"https:\/\/cercledeconsciencia.com\/ca\/wp-json\/wp\/v2\/users\/1"}],"replies":[{"embeddable":true,"href":"https:\/\/cercledeconsciencia.com\/ca\/wp-json\/wp\/v2\/comments?post=2881"}],"version-history":[{"count":45,"href":"https:\/\/cercledeconsciencia.com\/ca\/wp-json\/wp\/v2\/pages\/2881\/revisions"}],"predecessor-version":[{"id":5284,"href":"https:\/\/cercledeconsciencia.com\/ca\/wp-json\/wp\/v2\/pages\/2881\/revisions\/5284"}],"wp:featuredmedia":[{"embeddable":true,"href":"https:\/\/cercledeconsciencia.com\/ca\/wp-json\/wp\/v2\/media\/2975"}],"wp:attachment":[{"href":"https:\/\/cercledeconsciencia.com\/ca\/wp-json\/wp\/v2\/media?parent=2881"}],"curies":[{"name":"wp","href":"https:\/\/api.w.org\/{rel}","templated":true}]}}