{"id":2888,"date":"2024-02-06T00:02:46","date_gmt":"2024-02-06T00:02:46","guid":{"rendered":"https:\/\/cercledeconsciencia.com\/?page_id=2888"},"modified":"2024-07-24T12:27:30","modified_gmt":"2024-07-24T12:27:30","slug":"tarragona","status":"publish","type":"page","link":"https:\/\/cercledeconsciencia.com\/ca\/tarragona\/","title":{"rendered":"Cercle de Consci\u00e8ncia Tarragona"},"content":{"rendered":"<div data-vc-full-width=\"true\" data-vc-full-width-init=\"false\" data-vc-stretch-content=\"true\" class=\"vc_row wpb_row vc_row-fluid hide-mobile vc_custom_1718844776159 vc_row-has-fill vc_row-no-padding\" ><div class=\"wpb_column vc_column_container vc_col-sm-12\"><div class=\"vc_column-inner\"><div class=\"wpb_wrapper\"><div class=\"vc_empty_space\"   style=\"height: 200px\"><span class=\"vc_empty_space_inner\"><\/span><\/div><div class=\"vc_row wpb_row vc_inner vc_row-fluid vc_custom_1699443329405\" ><div class=\"bg-title-terapias wpb_column vc_column_container vc_col-sm-6\"><div class=\"vc_column-inner\"><div class=\"wpb_wrapper\"><div class=\"vc_empty_space\"   style=\"height: 30px\"><span class=\"vc_empty_space_inner\"><\/span><\/div>\n\t<div class=\"wpb_text_column wpb_content_element \" >\n\t\t<div class=\"wpb_wrapper\">\n\t\t\t<h1 class=\"font-open\"><span style=\"color: #ffffff;\">Cercle de Consci\u00e8ncia Tarragona<\/span><\/h1>\n\n\t\t<\/div>\n\t<\/div>\n<div class=\"vc_empty_space\"   style=\"height: 30px\"><span class=\"vc_empty_space_inner\"><\/span><\/div><\/div><\/div><\/div><div class=\"wpb_column vc_column_container vc_col-sm-6\"><div class=\"vc_column-inner\"><div class=\"wpb_wrapper\"><\/div><\/div><\/div><\/div><div class=\"vc_empty_space\"   style=\"height: 260px\"><span class=\"vc_empty_space_inner\"><\/span><\/div><div class=\"vc_row wpb_row vc_inner vc_row-fluid vc_custom_1699304517452\" ><div class=\"borderr-white wpb_column vc_column_container vc_col-sm-12\"><div class=\"vc_column-inner vc_custom_1699304523827\"><div class=\"wpb_wrapper\"><div class=\"vc_empty_space\"   style=\"height: 100px\"><span class=\"vc_empty_space_inner\"><\/span><\/div><\/div><\/div><\/div><\/div><\/div><\/div><\/div><\/div><div class=\"vc_row-full-width vc_clearfix\"><\/div><div data-vc-full-width=\"true\" data-vc-full-width-init=\"false\" data-vc-stretch-content=\"true\" class=\"vc_row wpb_row vc_row-fluid show-mobile vc_custom_1718844785210 vc_row-has-fill vc_row-no-padding\" ><div class=\"wpb_column vc_column_container vc_col-sm-12\"><div class=\"vc_column-inner\"><div class=\"wpb_wrapper\"><div class=\"vc_empty_space\"   style=\"height: 30px\"><span class=\"vc_empty_space_inner\"><\/span><\/div><div class=\"vc_row wpb_row vc_inner vc_row-fluid vc_custom_1699443329405\" ><div class=\"bg-title-terapias wpb_column vc_column_container vc_col-sm-6\"><div class=\"vc_column-inner\"><div class=\"wpb_wrapper\"><div class=\"vc_empty_space\"   style=\"height: 20px\"><span class=\"vc_empty_space_inner\"><\/span><\/div>\n\t<div class=\"wpb_text_column wpb_content_element \" >\n\t\t<div class=\"wpb_wrapper\">\n\t\t\t<h1 class=\"font-open\" style=\"font-size: 46px;\"><span style=\"color: #ffffff;\">Cercle de Consciencia Tarragona<\/span><\/h1>\n\n\t\t<\/div>\n\t<\/div>\n<div class=\"vc_empty_space\"   style=\"height: 20px\"><span class=\"vc_empty_space_inner\"><\/span><\/div><\/div><\/div><\/div><div class=\"wpb_column vc_column_container vc_col-sm-6\"><div class=\"vc_column-inner\"><div class=\"wpb_wrapper\"><\/div><\/div><\/div><\/div><div class=\"vc_empty_space\"   style=\"height: 100px\"><span class=\"vc_empty_space_inner\"><\/span><\/div><div class=\"vc_row wpb_row vc_inner vc_row-fluid vc_custom_1699304517452\" ><div class=\"borderr-white wpb_column vc_column_container vc_col-sm-12\"><div class=\"vc_column-inner vc_custom_1699304523827\"><div class=\"wpb_wrapper\"><div class=\"vc_empty_space\"   style=\"height: 100px\"><span class=\"vc_empty_space_inner\"><\/span><\/div><\/div><\/div><\/div><\/div><\/div><\/div><\/div><\/div><div class=\"vc_row-full-width vc_clearfix\"><\/div><div class=\"vc_row wpb_row vc_row-fluid\" ><div class=\"wpb_column vc_column_container vc_col-sm-12\"><div class=\"vc_column-inner\"><div class=\"wpb_wrapper\"><div class=\"edgtf-row-grid-section-wrapper \" ><div class=\"edgtf-row-grid-section\"><div class=\"vc_row wpb_row vc_inner vc_row-fluid vc_row-o-content-middle vc_row-flex\" ><div class=\"wpb_column vc_column_container vc_col-sm-12\"><div class=\"vc_column-inner\"><div class=\"wpb_wrapper\">\n\t<div class=\"wpb_text_column wpb_content_element \" >\n\t\t<div class=\"wpb_wrapper\">\n\t\t\t<p>En Tarragona, podr\u00e1s encontrar las formaciones del Cercle de Consci\u00e8ncia organizadas e impartidas por <strong>Cercle Tarragona.<\/strong><br \/>\nLa terapia Gestalt y la Terapia Corporal Integrativa (TCI), son dos pilares fundamentales para el Cercle de Consci\u00e8ncia Tarragona. Somos un centro especializado en el acompa\u00f1amiento a personas en su proceso personal en terapia individual o grupal, y en el que se imparten algunas formaciones del Cercle de Consci\u00e8ncia, as\u00ed como diversas actividades introductorias.<\/p>\n\n\t\t<\/div>\n\t<\/div>\n<\/div><\/div><\/div><\/div><\/div><\/div><div class=\"vc_empty_space\"   style=\"height: 100px\"><span class=\"vc_empty_space_inner\"><\/span><\/div><\/div><\/div><\/div><\/div><div data-vc-full-width=\"true\" data-vc-full-width-init=\"false\" data-vc-stretch-content=\"true\" class=\"vc_row wpb_row vc_row-fluid bg-consiencia vc_row-no-padding\" ><div class=\"wpb_column vc_column_container vc_col-sm-12\"><div class=\"vc_column-inner\"><div class=\"wpb_wrapper\"><div class=\"edgtf-row-grid-section-wrapper \" ><div class=\"edgtf-row-grid-section\"><div class=\"vc_row wpb_row vc_inner vc_row-fluid vc_custom_1702979619468\" ><div class=\"wpb_column vc_column_container vc_col-sm-10\"><div class=\"vc_column-inner\"><div class=\"wpb_wrapper\">\n\t<div class=\"wpb_text_column wpb_content_element  vc_custom_1721727198499\" >\n\t\t<div class=\"wpb_wrapper\">\n\t\t\t<h5 style=\"color: #ffffff;\"><strong>C\u00f3mo llegar al Cercle Consci\u00e8ncia Tarragona<br \/>\n<\/strong><\/h5>\n\n\t\t<\/div>\n\t<\/div>\n<\/div><\/div><\/div><div class=\"wpb_column vc_column_container vc_col-sm-2\"><div class=\"vc_column-inner\"><div class=\"wpb_wrapper\"><div class=\"vc_empty_space\"   style=\"height: 50px\"><span class=\"vc_empty_space_inner\"><\/span><\/div><\/div><\/div><\/div><\/div><\/div><\/div><div class=\"vc_row wpb_row vc_inner vc_row-fluid vc_custom_1699304517452\" ><div class=\"borderr-white wpb_column vc_column_container vc_col-sm-12\"><div class=\"vc_column-inner vc_custom_1699304523827\"><div class=\"wpb_wrapper\"><div class=\"vc_empty_space\"   style=\"height: 100px\"><span class=\"vc_empty_space_inner\"><\/span><\/div><\/div><\/div><\/div><\/div><\/div><\/div><\/div><\/div><div class=\"vc_row-full-width vc_clearfix\"><\/div><div class=\"edgtf-row-grid-section-wrapper \"  ><div class=\"edgtf-row-grid-section\"><div class=\"vc_row wpb_row vc_row-fluid\" ><div class=\"wpb_column vc_column_container vc_col-sm-12\"><div class=\"vc_column-inner\"><div class=\"wpb_wrapper\"><div class=\"vc_row wpb_row vc_inner vc_row-fluid vc_custom_1707169978852 vc_row-o-equal-height vc_row-o-content-top vc_row-flex\" ><div class=\"wpb_column vc_column_container vc_col-sm-12\"><div class=\"vc_column-inner vc_custom_1707169961037\"><div class=\"wpb_wrapper\">\n\t<div class=\"wpb_text_column wpb_content_element \" >\n\t\t<div class=\"wpb_wrapper\">\n\t\t\t<p><img loading=\"lazy\" decoding=\"async\" class=\"size-full wp-image-2837 alignleft\" style=\"margin-bottom: 80px;\" src=\"https:\/\/cercledeconsciencia.com\/wp-content\/uploads\/2024\/02\/icon-tel.png\" alt=\"\" width=\"37\" height=\"37\" \/> +34 635 87 00 31<\/p>\n<p class=\"p1\"><strong>Email<\/strong> <a href=\"mailto:info@cercletarragona.com\" target=\"_blank\" rel=\"noopener\">info@cercletarragona.com<\/a><\/p>\n<p class=\"p1\"><strong>Web<\/strong> <a href=\"https:\/\/www.cercletarragona.com\" target=\"_blank\" rel=\"noopener\">www.cercletarragona.com<\/a><\/p>\n\n\t\t<\/div>\n\t<\/div>\n<div class=\"vc_empty_space\"   style=\"height: 20px\"><span class=\"vc_empty_space_inner\"><\/span><\/div>\n\t<div class=\"wpb_text_column wpb_content_element \" >\n\t\t<div class=\"wpb_wrapper\">\n\t\t\t<p><img loading=\"lazy\" decoding=\"async\" class=\"size-full wp-image-2836 alignleft\" src=\"https:\/\/cercledeconsciencia.com\/wp-content\/uploads\/2024\/02\/icon-map.png\" alt=\"\" width=\"37\" height=\"37\" \/><strong>Ver c\u00f3mo llegar<\/strong><\/p>\n\n\t\t<\/div>\n\t<\/div>\n\n\t<div class=\"wpb_text_column wpb_content_element  vc_custom_1707780154398\" >\n\t\t<div class=\"wpb_wrapper\">\n\t\t\t<p>Rambla Nova, 88, 4-1, 43001 Tarragona<\/p>\n<p><strong>Bus:<\/strong> 21<\/p>\n<p><strong>Taxi:<\/strong> Es una calle de f\u00e1cil acceso, donde el taxi te dejar\u00eda directamente en la puerta de nuestra sala.<\/p>\n<p><strong>Parking:<\/strong> Se puede aparcar en las proximidades del centro.<\/p>\n\n\t\t<\/div>\n\t<\/div>\n<div class=\"vc_empty_space\"   style=\"height: 20px\"><span class=\"vc_empty_space_inner\"><\/span><\/div>\n\t<div class=\"wpb_text_column wpb_content_element \" >\n\t\t<div class=\"wpb_wrapper\">\n\t\t\t<p><img loading=\"lazy\" decoding=\"async\" class=\"size-full wp-image-2835 alignleft\" src=\"https:\/\/cercledeconsciencia.com\/wp-content\/uploads\/2024\/02\/icon-ins.png\" alt=\"\" width=\"37\" height=\"37\" \/><a href=\"https:\/\/www.instagram.com\/cercletarragona\" target=\"_blank\" rel=\"noopener\">@cercletarragona<\/a><\/p>\n\n\t\t<\/div>\n\t<\/div>\n<div class=\"vc_empty_space\"   style=\"height: 20px\"><span class=\"vc_empty_space_inner\"><\/span><\/div><\/div><\/div><\/div><\/div><\/div><\/div><\/div><\/div><\/div><\/div><div class=\"edgtf-row-grid-section-wrapper \"  ><div class=\"edgtf-row-grid-section\"><div class=\"vc_row wpb_row vc_row-fluid\" ><div class=\"wpb_column vc_column_container vc_col-sm-12\"><div class=\"vc_column-inner\"><div class=\"wpb_wrapper\"><div class=\"vc_empty_space\"   style=\"height: 80px\"><span class=\"vc_empty_space_inner\"><\/span><\/div><div class=\"vc_row wpb_row vc_inner vc_row-fluid\" ><div class=\"wpb_column vc_column_container vc_col-sm-12\"><div class=\"vc_column-inner\"><div class=\"wpb_wrapper\">\n\t<div class=\"wpb_text_column wpb_content_element \" >\n\t\t<div class=\"wpb_wrapper\">\n\t\t\t<h2>F\u00f3rmate en el Cercle de Consci\u00e8ncia Tarragona<\/h2>\n<p style=\"text-align: justify;\">Con m\u00e1s de 10 a\u00f1os dedicados a la formaci\u00f3n de futuros terapeutas en los enfoques Gestalt y Corporal Integrativa (TCI) en la provincia de Tarragona. Seguimos contribuyendo al desarrollo de profesionales comprometidos y capacitados para abordar las complejidades del bienestar emocional.<\/p>\n\n\t\t<\/div>\n\t<\/div>\n<\/div><\/div><\/div><\/div><div class=\"vc_empty_space\"   style=\"height: 100px\"><span class=\"vc_empty_space_inner\"><\/span><\/div><\/div><\/div><\/div><\/div><\/div><\/div><div class=\"edgtf-row-grid-section-wrapper \"  ><div class=\"edgtf-row-grid-section\"><div class=\"vc_row wpb_row vc_row-fluid box-alquiler\" ><div class=\"wpb_column vc_column_container vc_col-sm-12\"><div class=\"vc_column-inner\"><div class=\"wpb_wrapper\"><div class=\"vc_row wpb_row vc_inner vc_row-fluid vc_row-o-equal-height vc_row-o-content-bottom vc_row-flex\" ><div class=\"br-radius-l wpb_column vc_column_container vc_col-sm-4 vc_col-has-fill\"><div class=\"vc_column-inner vc_custom_1708392029269\"><div class=\"wpb_wrapper\"><div class=\"vc_empty_space\"   style=\"height: 200px\"><span class=\"vc_empty_space_inner\"><\/span><\/div><\/div><\/div><\/div><div class=\"wpb_column vc_column_container vc_col-sm-6\"><div class=\"vc_column-inner\"><div class=\"wpb_wrapper\">\n\t<div class=\"wpb_text_column wpb_content_element  vc_custom_1707781451604\" >\n\t\t<div class=\"wpb_wrapper\">\n\t\t\t<h5><span style=\"color: #03806b;\"><strong>FGI<\/strong><\/span><br \/>\nFormaci\u00f3n <strong>Gestalt Integrativa<\/strong><\/h5>\n<h6 style=\"color: #03806b; margin-top: -20px;\">Matr\u00edcula Abierta<\/h6>\n<p>Si deseas explorarte y crecer personalmente, nuestra Formaci\u00f3n en Terapia Gestalt en Tarragona es la opci\u00f3n perfecta.<\/p>\n\n\t\t<\/div>\n\t<\/div>\n<\/div><\/div><\/div><div class=\"wpb_column vc_column_container vc_col-sm-2\"><div class=\"vc_column-inner\"><div class=\"wpb_wrapper\">\n\t<div  class=\"wpb_single_image wpb_content_element vc_align_right  vc_custom_1721727877320\">\n\t\t\n\t\t<figure class=\"wpb_wrapper vc_figure\">\n\t\t\t<a href=\"https:\/\/cercledeconsciencia.com\/formacion-gestalt-integrativa\/\" target=\"_self\" class=\"vc_single_image-wrapper   vc_box_border_grey\"><img loading=\"lazy\" decoding=\"async\" width=\"72\" height=\"72\" src=\"https:\/\/cercledeconsciencia.com\/wp-content\/uploads\/2023\/07\/btn.png\" class=\"vc_single_image-img attachment-full\" alt=\"\" title=\"btn\" \/><\/a>\n\t\t<\/figure>\n\t<\/div>\n<div class=\"vc_empty_space\"   style=\"height: 30px\"><span class=\"vc_empty_space_inner\"><\/span><\/div><\/div><\/div><\/div><\/div><\/div><\/div><\/div><\/div><\/div><\/div><div class=\"vc_row wpb_row vc_row-fluid\" ><div class=\"wpb_column vc_column_container vc_col-sm-12\"><div class=\"vc_column-inner\"><div class=\"wpb_wrapper\"><div class=\"vc_empty_space\"   style=\"height: 30px\"><span class=\"vc_empty_space_inner\"><\/span><\/div><\/div><\/div><\/div><\/div><div class=\"edgtf-row-grid-section-wrapper \"  ><div class=\"edgtf-row-grid-section\"><div class=\"vc_row wpb_row vc_row-fluid box-alquiler\" ><div class=\"wpb_column vc_column_container vc_col-sm-12\"><div class=\"vc_column-inner\"><div class=\"wpb_wrapper\"><div class=\"vc_row wpb_row vc_inner vc_row-fluid vc_row-o-equal-height vc_row-o-content-bottom vc_row-flex\" ><div class=\"br-radius-l wpb_column vc_column_container vc_col-sm-4 vc_col-has-fill\"><div class=\"vc_column-inner vc_custom_1708392068494\"><div class=\"wpb_wrapper\"><div class=\"vc_empty_space\"   style=\"height: 200px\"><span class=\"vc_empty_space_inner\"><\/span><\/div><\/div><\/div><\/div><div class=\"wpb_column vc_column_container vc_col-sm-6\"><div class=\"vc_column-inner\"><div class=\"wpb_wrapper\">\n\t<div class=\"wpb_text_column wpb_content_element  vc_custom_1707781467073\" >\n\t\t<div class=\"wpb_wrapper\">\n\t\t\t<h5><span style=\"color: #8b1633;\"><strong>TCI<\/strong><\/span><br \/>\nFormaci\u00f3n <strong>Terapia Corporal Integrativa<\/strong><\/h5>\n<h6 style=\"color: #8b1633; margin-top: -20px;\">Matr\u00edcula Abierta<\/h6>\n<p>Sum\u00e9rgete en los beneficios de la Formaci\u00f3n TCI en Tarragona y experimenta una integraci\u00f3n completa de mente, emoci\u00f3n y cuerpo.<\/p>\n\n\t\t<\/div>\n\t<\/div>\n<\/div><\/div><\/div><div class=\"wpb_column vc_column_container vc_col-sm-2\"><div class=\"vc_column-inner\"><div class=\"wpb_wrapper\">\n\t<div  class=\"wpb_single_image wpb_content_element vc_align_right  vc_custom_1721728066088\">\n\t\t\n\t\t<figure class=\"wpb_wrapper vc_figure\">\n\t\t\t<a href=\"\/formacion-en-terapia-corporal-integrativa\/\" target=\"_self\" class=\"vc_single_image-wrapper   vc_box_border_grey\"><img loading=\"lazy\" decoding=\"async\" width=\"72\" height=\"72\" src=\"https:\/\/cercledeconsciencia.com\/wp-content\/uploads\/2023\/07\/btn.png\" class=\"vc_single_image-img attachment-full\" alt=\"\" title=\"btn\" \/><\/a>\n\t\t<\/figure>\n\t<\/div>\n<div class=\"vc_empty_space\"   style=\"height: 30px\"><span class=\"vc_empty_space_inner\"><\/span><\/div><\/div><\/div><\/div><\/div><\/div><\/div><\/div><\/div><\/div><\/div><div class=\"edgtf-row-grid-section-wrapper \"  ><div class=\"edgtf-row-grid-section\"><div class=\"vc_row wpb_row vc_row-fluid\" ><div class=\"wpb_column vc_column_container vc_col-sm-12\"><div class=\"vc_column-inner\"><div class=\"wpb_wrapper\"><div class=\"vc_empty_space\"   style=\"height: 80px\"><span class=\"vc_empty_space_inner\"><\/span><\/div><div class=\"edgtf-row-grid-section-wrapper \" ><div class=\"edgtf-row-grid-section\"><div class=\"vc_row wpb_row vc_inner vc_row-fluid\" ><div class=\"wpb_column vc_column_container vc_col-sm-12\"><div class=\"vc_column-inner\"><div class=\"wpb_wrapper\">\n\t<div class=\"wpb_text_column wpb_content_element \" >\n\t\t<div class=\"wpb_wrapper\">\n\t\t\t<h2>Actividades del Cercle de Consci\u00e8ncia Tarragona<\/h2>\n<p style=\"text-align: justify;\">Descubre las actividades gestionadas y promovidas por Cercle Tarragona, del Cercle de Consci\u00e8ncia: conferencias y talleres, eventos puntuales y sesiones regulares. \u00danete y sum\u00e9rgete en nuestra comunidad consciente en Tarragona.<\/p>\n\n\t\t<\/div>\n\t<\/div>\n<\/div><\/div><\/div><\/div><\/div><\/div><\/div><\/div><\/div><\/div><\/div><\/div><div class=\"vc_row wpb_row vc_row-fluid vc_custom_1706234204730\" ><div class=\"wpb_column vc_column_container vc_col-sm-12\"><div class=\"vc_column-inner\"><div class=\"wpb_wrapper\"><div class=\"vc_empty_space\"   style=\"height: 80px\"><span class=\"vc_empty_space_inner\"><\/span><\/div><div class=\"mec-wrap mec-skin-carousel-container  \" id=\"mec_skin_3314\">\r\n        <div class=\"mec-skin-carousel-events-container\" id=\"mec_skin_events_3314\">\r\n        <div class=\"mec-wrap colorskin-custom\">\r\n    <div class=\"mec-event-carousel-type3\">\r\n                <div class='mec-owl-crousel-skin-type2 mec-owl-carousel mec-owl-theme'>\r\n                        <article class=\"mec-past-event mec-event-article  mec-clear \" itemscope>\r\n                                        <div class=\"event-carousel-type3-head clearfix\">\r\n                    <div class=\"mec-event-image\">\r\n                        <a data-event-id=\"5177\" href=\"https:\/\/cercledeconsciencia.com\/ca\/actividades\/espacio-de-crecimiento-grupal-para-adolescentes-de-14-a-17-anos-en-ibiza\/\" target=\"_self\" rel=\"noopener\"><img loading=\"lazy\" decoding=\"async\" width=\"474\" height=\"324\" src=\"https:\/\/cercledeconsciencia.com\/wp-content\/uploads\/2025\/01\/Captura-de-pantalla-2025-01-09-a-las-13.54.16-474x324.png\" class=\"attachment-meccarouselthumb size-meccarouselthumb wp-post-image\" alt=\"\" data-mec-postid=\"5177\" \/><\/a>                                            <\/div>\r\n                    <div class=\"mec-event-footer-carousel-type3\">\r\n                                                    <span class=\"mec-event-date-info\"><span class=\"mec-start-date-label\">maig 04, 2026<\/span><\/span>\r\n                                                                                                                        <h4 class=\"mec-event-carousel-title\"><a class=\"mec-color-hover\" data-event-id=\"5177\" href=\"https:\/\/cercledeconsciencia.com\/ca\/actividades\/espacio-de-crecimiento-grupal-para-adolescentes-de-14-a-17-anos-en-ibiza\/\" target=\"_self\" rel=\"noopener\">Espacio de crecimiento grupal para adolescentes de 14 a 17 a\u00f1os en Ibiza.<\/a><\/h4>\r\n                                                <p class=\"mec-carousel-event-location\"><span>Ibiza<\/span><br>Ibiza, Espa\u00f1a<\/p>\r\n                                                    <ul class=\"mec-event-sharing-wrap\">\r\n                                <li class=\"mec-event-share\">\r\n                                    <a href=\"#\" class=\"mec-event-share-icon\">\r\n                                        <i class=\"mec-sl-share mec-bg-color-hover mec-border-color-hover\" title=\"Comparteix\" alt=\"Comparteix\"><\/i>\r\n                                    <\/a>\r\n                                <\/li>\r\n                                <li>\r\n                                    <ul class=\"mec-event-sharing\">\r\n                                        <li class=\"mec-event-social-icon\"><a class=\"facebook\" href=\"https:\/\/www.facebook.com\/sharer\/sharer.php?u=https%3A%2F%2Fcercledeconsciencia.com%2Fca%2Factividades%2Fespacio-de-crecimiento-grupal-para-adolescentes-de-14-a-17-anos-en-ibiza%2F\" onclick=\"javascript:window.open(this.href, '', 'menubar=no,toolbar=no,resizable=yes,scrollbars=yes,height=500,width=600'); return false;\" target=\"_blank\" title=\"Compartir a Facebook\"><i class=\"mec-fa-facebook\"><\/i><span class=\"mec-social-title\">Facebook<\/span><\/a><\/li><li class=\"mec-event-social-icon\"><a class=\"twitter\" href=\"https:\/\/x.com\/intent\/tweet?url=https%3A%2F%2Fcercledeconsciencia.com%2Fca%2Factividades%2Fespacio-de-crecimiento-grupal-para-adolescentes-de-14-a-17-anos-en-ibiza%2F\" onclick=\"javascript:window.open(this.href, '', 'menubar=no,toolbar=no,resizable=yes,scrollbars=yes,height=600,width=500'); return false;\" target=\"_blank\" title=\"X Social Network\"><svg xmlns=\"http:\/\/www.w3.org\/2000\/svg\" shape-rendering=\"geometricPrecision\" text-rendering=\"geometricPrecision\" image-rendering=\"optimizeQuality\" fill-rule=\"evenodd\" clip-rule=\"evenodd\" viewBox=\"0 0 512 462.799\"><path fill-rule=\"nonzero\" d=\"M403.229 0h78.506L310.219 196.04 512 462.799H354.002L230.261 301.007 88.669 462.799h-78.56l183.455-209.683L0 0h161.999l111.856 147.88L403.229 0zm-27.556 415.805h43.505L138.363 44.527h-46.68l283.99 371.278z\"\/><\/svg><span class=\"mec-social-title\">Twitter<\/span><\/a><\/li><li class=\"mec-event-social-icon\"><a class=\"linkedin\" href=\"https:\/\/www.linkedin.com\/shareArticle?mini=true&url=https%3A%2F%2Fcercledeconsciencia.com%2Fca%2Factividades%2Fespacio-de-crecimiento-grupal-para-adolescentes-de-14-a-17-anos-en-ibiza%2F\" onclick=\"javascript:window.open(this.href, '', 'menubar=no,toolbar=no,resizable=yes,scrollbars=yes,height=600,width=500'); return false;\" target=\"_blank\" title=\"LinkedIn\"><i class=\"mec-fa-linkedin\"><\/i><span class=\"mec-social-title\">LinkedIn<\/span><\/a><\/li><li class=\"mec-event-social-icon\"><a class=\"pinterest\" href=\"http:\/\/pinterest.com\/pin\/create\/button\/?url=https%3A%2F%2Fcercledeconsciencia.com%2Fca%2Factividades%2Fespacio-de-crecimiento-grupal-para-adolescentes-de-14-a-17-anos-en-ibiza%2F\" target=\"_blank\" title=\"Compartir a Pinterest\"><i class=\"mec-fa-pinterest\"><\/i><span class=\"mec-social-title\">Pitnerest<\/span><\/a><\/li><li class=\"mec-event-social-icon\"><a class=\"whatsapp\" href=\"https:\/\/api.whatsapp.com\/send?text=https%3A%2F%2Fcercledeconsciencia.com%2Fca%2Factividades%2Fespacio-de-crecimiento-grupal-para-adolescentes-de-14-a-17-anos-en-ibiza%2F\" target=\"_blank\" title=\"Compartir a WhatsApp\"><i class=\"mec-fa-whatsapp\"><\/i><span class=\"mec-social-title\">WhatsApp<\/span><\/a><\/li><li class=\"mec-event-social-icon\"><a class=\"telegram\" href=\"https:\/\/telegram.me\/share\/url?url=https%3A%2F%2Fcercledeconsciencia.com%2Fca%2Factividades%2Fespacio-de-crecimiento-grupal-para-adolescentes-de-14-a-17-anos-en-ibiza%2F&text=Espacio de crecimiento grupal para adolescentes de 14 a 17 a\u00f1os en Ibiza.\" target=\"_blank\" title=\"Compartir a Telegram\">\r\n            <i><svg aria-hidden=\"true\" focusable=\"false\" data-prefix=\"fab\" data-icon=\"telegram\" class=\"svg-inline--fa fa-telegram fa-w-16\" role=\"img\" xmlns=\"http:\/\/www.w3.org\/2000\/svg\" viewBox=\"0 0 496 512\"><path fill=\"currentColor\" d=\"M248 8C111 8 0 119 0 256s111 248 248 248 248-111 248-248S385 8 248 8zm121.8 169.9l-40.7 191.8c-3 13.6-11.1 16.9-22.4 10.5l-62-45.7-29.9 28.8c-3.3 3.3-6.1 6.1-12.5 6.1l4.4-63.1 114.9-103.8c5-4.4-1.1-6.9-7.7-2.5l-142 89.4-61.2-19.1c-13.3-4.2-13.6-13.3 2.8-19.7l239.1-92.2c11.1-4 20.8 2.7 17.2 19.5z\"><\/path><\/svg><\/i>\r\n            <span class=\"mec-social-title\">Telegram<\/span>\r\n        <\/a><\/li>                                    <\/ul>\r\n                                <\/li>\r\n                            <\/ul>\r\n                                                <a class=\"mec-booking-button mec-bg-color-hover mec-border-color-hover\" data-event-id=\"5177\" href=\"https:\/\/cercledeconsciencia.com\/ca\/actividades\/espacio-de-crecimiento-grupal-para-adolescentes-de-14-a-17-anos-en-ibiza\/\" target=\"_self\" rel=\"noopener\">Veure Detall<\/a>                                            <\/div>\r\n                <\/div>\r\n                            <\/article>\r\n                                    <article class=\"mec-past-event mec-event-article  mec-clear \" itemscope>\r\n                                        <div class=\"event-carousel-type3-head clearfix\">\r\n                    <div class=\"mec-event-image\">\r\n                        <a data-event-id=\"4661\" href=\"https:\/\/cercledeconsciencia.com\/ca\/actividades\/grupos-regulares-de-terapia-corporal-integrativa-tardes\/\" target=\"_self\" rel=\"noopener\"><img loading=\"lazy\" decoding=\"async\" width=\"474\" height=\"324\" src=\"https:\/\/cercledeconsciencia.com\/wp-content\/uploads\/2024\/07\/MG_4852-con-fondo-474x324.jpg\" class=\"attachment-meccarouselthumb size-meccarouselthumb wp-post-image\" alt=\"\" data-mec-postid=\"4661\" \/><\/a>                                            <\/div>\r\n                    <div class=\"mec-event-footer-carousel-type3\">\r\n                                                    <span class=\"mec-event-date-info\"><span class=\"mec-start-date-label\">maig 05, 2026<\/span><\/span>\r\n                                                                                                                        <h4 class=\"mec-event-carousel-title\"><a class=\"mec-color-hover\" data-event-id=\"4661\" href=\"https:\/\/cercledeconsciencia.com\/ca\/actividades\/grupos-regulares-de-terapia-corporal-integrativa-tardes\/\" target=\"_self\" rel=\"noopener\">Grupo regular de Terapia Corporal Integrativa Mallorca<\/a><\/h4>\r\n                                                <p class=\"mec-carousel-event-location\"><span>Mallorca<\/span><br>Carrer Ciutat de Quer\u00e9taro, 6, 2.\u00ba 1.\u00aa Palma<\/p>\r\n                                                    <ul class=\"mec-event-sharing-wrap\">\r\n                                <li class=\"mec-event-share\">\r\n                                    <a href=\"#\" class=\"mec-event-share-icon\">\r\n                                        <i class=\"mec-sl-share mec-bg-color-hover mec-border-color-hover\" title=\"Comparteix\" alt=\"Comparteix\"><\/i>\r\n                                    <\/a>\r\n                                <\/li>\r\n                                <li>\r\n                                    <ul class=\"mec-event-sharing\">\r\n                                        <li class=\"mec-event-social-icon\"><a class=\"facebook\" href=\"https:\/\/www.facebook.com\/sharer\/sharer.php?u=https%3A%2F%2Fcercledeconsciencia.com%2Fca%2Factividades%2Fgrupos-regulares-de-terapia-corporal-integrativa-tardes%2F\" onclick=\"javascript:window.open(this.href, '', 'menubar=no,toolbar=no,resizable=yes,scrollbars=yes,height=500,width=600'); return false;\" target=\"_blank\" title=\"Compartir a Facebook\"><i class=\"mec-fa-facebook\"><\/i><span class=\"mec-social-title\">Facebook<\/span><\/a><\/li><li class=\"mec-event-social-icon\"><a class=\"twitter\" href=\"https:\/\/x.com\/intent\/tweet?url=https%3A%2F%2Fcercledeconsciencia.com%2Fca%2Factividades%2Fgrupos-regulares-de-terapia-corporal-integrativa-tardes%2F\" onclick=\"javascript:window.open(this.href, '', 'menubar=no,toolbar=no,resizable=yes,scrollbars=yes,height=600,width=500'); return false;\" target=\"_blank\" title=\"X Social Network\"><svg xmlns=\"http:\/\/www.w3.org\/2000\/svg\" shape-rendering=\"geometricPrecision\" text-rendering=\"geometricPrecision\" image-rendering=\"optimizeQuality\" fill-rule=\"evenodd\" clip-rule=\"evenodd\" viewBox=\"0 0 512 462.799\"><path fill-rule=\"nonzero\" d=\"M403.229 0h78.506L310.219 196.04 512 462.799H354.002L230.261 301.007 88.669 462.799h-78.56l183.455-209.683L0 0h161.999l111.856 147.88L403.229 0zm-27.556 415.805h43.505L138.363 44.527h-46.68l283.99 371.278z\"\/><\/svg><span class=\"mec-social-title\">Twitter<\/span><\/a><\/li><li class=\"mec-event-social-icon\"><a class=\"linkedin\" href=\"https:\/\/www.linkedin.com\/shareArticle?mini=true&url=https%3A%2F%2Fcercledeconsciencia.com%2Fca%2Factividades%2Fgrupos-regulares-de-terapia-corporal-integrativa-tardes%2F\" onclick=\"javascript:window.open(this.href, '', 'menubar=no,toolbar=no,resizable=yes,scrollbars=yes,height=600,width=500'); return false;\" target=\"_blank\" title=\"LinkedIn\"><i class=\"mec-fa-linkedin\"><\/i><span class=\"mec-social-title\">LinkedIn<\/span><\/a><\/li><li class=\"mec-event-social-icon\"><a class=\"pinterest\" href=\"http:\/\/pinterest.com\/pin\/create\/button\/?url=https%3A%2F%2Fcercledeconsciencia.com%2Fca%2Factividades%2Fgrupos-regulares-de-terapia-corporal-integrativa-tardes%2F\" target=\"_blank\" title=\"Compartir a Pinterest\"><i class=\"mec-fa-pinterest\"><\/i><span class=\"mec-social-title\">Pitnerest<\/span><\/a><\/li><li class=\"mec-event-social-icon\"><a class=\"whatsapp\" href=\"https:\/\/api.whatsapp.com\/send?text=https%3A%2F%2Fcercledeconsciencia.com%2Fca%2Factividades%2Fgrupos-regulares-de-terapia-corporal-integrativa-tardes%2F\" target=\"_blank\" title=\"Compartir a WhatsApp\"><i class=\"mec-fa-whatsapp\"><\/i><span class=\"mec-social-title\">WhatsApp<\/span><\/a><\/li><li class=\"mec-event-social-icon\"><a class=\"telegram\" href=\"https:\/\/telegram.me\/share\/url?url=https%3A%2F%2Fcercledeconsciencia.com%2Fca%2Factividades%2Fgrupos-regulares-de-terapia-corporal-integrativa-tardes%2F&text=Grupo regular de Terapia Corporal Integrativa Mallorca\" target=\"_blank\" title=\"Compartir a Telegram\">\r\n            <i><svg aria-hidden=\"true\" focusable=\"false\" data-prefix=\"fab\" data-icon=\"telegram\" class=\"svg-inline--fa fa-telegram fa-w-16\" role=\"img\" xmlns=\"http:\/\/www.w3.org\/2000\/svg\" viewBox=\"0 0 496 512\"><path fill=\"currentColor\" d=\"M248 8C111 8 0 119 0 256s111 248 248 248 248-111 248-248S385 8 248 8zm121.8 169.9l-40.7 191.8c-3 13.6-11.1 16.9-22.4 10.5l-62-45.7-29.9 28.8c-3.3 3.3-6.1 6.1-12.5 6.1l4.4-63.1 114.9-103.8c5-4.4-1.1-6.9-7.7-2.5l-142 89.4-61.2-19.1c-13.3-4.2-13.6-13.3 2.8-19.7l239.1-92.2c11.1-4 20.8 2.7 17.2 19.5z\"><\/path><\/svg><\/i>\r\n            <span class=\"mec-social-title\">Telegram<\/span>\r\n        <\/a><\/li>                                    <\/ul>\r\n                                <\/li>\r\n                            <\/ul>\r\n                                                <a class=\"mec-booking-button mec-bg-color-hover mec-border-color-hover\" data-event-id=\"4661\" href=\"https:\/\/cercledeconsciencia.com\/ca\/actividades\/grupos-regulares-de-terapia-corporal-integrativa-tardes\/\" target=\"_self\" rel=\"noopener\">Veure Detall<\/a>                                            <\/div>\r\n                <\/div>\r\n                            <\/article>\r\n                        <article class=\"mec-past-event mec-event-article  mec-clear \" itemscope>\r\n                                        <div class=\"event-carousel-type3-head clearfix\">\r\n                    <div class=\"mec-event-image\">\r\n                        <a data-event-id=\"5471\" href=\"https:\/\/cercledeconsciencia.com\/ca\/actividades\/ciclo-de-meditaciones-activas\/\" target=\"_self\" rel=\"noopener\"><img loading=\"lazy\" decoding=\"async\" width=\"474\" height=\"324\" src=\"https:\/\/cercledeconsciencia.com\/wp-content\/uploads\/2025\/10\/Captura-de-pantalla-2025-10-23-a-las-11.42.32-474x324.png\" class=\"attachment-meccarouselthumb size-meccarouselthumb wp-post-image\" alt=\"\" data-mec-postid=\"5471\" \/><\/a>                                            <\/div>\r\n                    <div class=\"mec-event-footer-carousel-type3\">\r\n                                                    <span class=\"mec-event-date-info\"><span class=\"mec-start-date-label\">maig 05, 2026<\/span><\/span>\r\n                                                                                                                        <h4 class=\"mec-event-carousel-title\"><a class=\"mec-color-hover\" data-event-id=\"5471\" href=\"https:\/\/cercledeconsciencia.com\/ca\/actividades\/ciclo-de-meditaciones-activas\/\" target=\"_self\" rel=\"noopener\">Ciclo de Meditaciones Activas<\/a><\/h4>\r\n                                                <p class=\"mec-carousel-event-location\"><span>Espai TCI de Barcelona<\/span><br>Carrer de Pau Alsina, 35 Gracia - Barcelona<\/p>\r\n                                                    <ul class=\"mec-event-sharing-wrap\">\r\n                                <li class=\"mec-event-share\">\r\n                                    <a href=\"#\" class=\"mec-event-share-icon\">\r\n                                        <i class=\"mec-sl-share mec-bg-color-hover mec-border-color-hover\" title=\"Comparteix\" alt=\"Comparteix\"><\/i>\r\n                                    <\/a>\r\n                                <\/li>\r\n                                <li>\r\n                                    <ul class=\"mec-event-sharing\">\r\n                                        <li class=\"mec-event-social-icon\"><a class=\"facebook\" href=\"https:\/\/www.facebook.com\/sharer\/sharer.php?u=https%3A%2F%2Fcercledeconsciencia.com%2Fca%2Factividades%2Fciclo-de-meditaciones-activas%2F\" onclick=\"javascript:window.open(this.href, '', 'menubar=no,toolbar=no,resizable=yes,scrollbars=yes,height=500,width=600'); return false;\" target=\"_blank\" title=\"Compartir a Facebook\"><i class=\"mec-fa-facebook\"><\/i><span class=\"mec-social-title\">Facebook<\/span><\/a><\/li><li class=\"mec-event-social-icon\"><a class=\"twitter\" href=\"https:\/\/x.com\/intent\/tweet?url=https%3A%2F%2Fcercledeconsciencia.com%2Fca%2Factividades%2Fciclo-de-meditaciones-activas%2F\" onclick=\"javascript:window.open(this.href, '', 'menubar=no,toolbar=no,resizable=yes,scrollbars=yes,height=600,width=500'); return false;\" target=\"_blank\" title=\"X Social Network\"><svg xmlns=\"http:\/\/www.w3.org\/2000\/svg\" shape-rendering=\"geometricPrecision\" text-rendering=\"geometricPrecision\" image-rendering=\"optimizeQuality\" fill-rule=\"evenodd\" clip-rule=\"evenodd\" viewBox=\"0 0 512 462.799\"><path fill-rule=\"nonzero\" d=\"M403.229 0h78.506L310.219 196.04 512 462.799H354.002L230.261 301.007 88.669 462.799h-78.56l183.455-209.683L0 0h161.999l111.856 147.88L403.229 0zm-27.556 415.805h43.505L138.363 44.527h-46.68l283.99 371.278z\"\/><\/svg><span class=\"mec-social-title\">Twitter<\/span><\/a><\/li><li class=\"mec-event-social-icon\"><a class=\"linkedin\" href=\"https:\/\/www.linkedin.com\/shareArticle?mini=true&url=https%3A%2F%2Fcercledeconsciencia.com%2Fca%2Factividades%2Fciclo-de-meditaciones-activas%2F\" onclick=\"javascript:window.open(this.href, '', 'menubar=no,toolbar=no,resizable=yes,scrollbars=yes,height=600,width=500'); return false;\" target=\"_blank\" title=\"LinkedIn\"><i class=\"mec-fa-linkedin\"><\/i><span class=\"mec-social-title\">LinkedIn<\/span><\/a><\/li><li class=\"mec-event-social-icon\"><a class=\"pinterest\" href=\"http:\/\/pinterest.com\/pin\/create\/button\/?url=https%3A%2F%2Fcercledeconsciencia.com%2Fca%2Factividades%2Fciclo-de-meditaciones-activas%2F\" target=\"_blank\" title=\"Compartir a Pinterest\"><i class=\"mec-fa-pinterest\"><\/i><span class=\"mec-social-title\">Pitnerest<\/span><\/a><\/li><li class=\"mec-event-social-icon\"><a class=\"whatsapp\" href=\"https:\/\/api.whatsapp.com\/send?text=https%3A%2F%2Fcercledeconsciencia.com%2Fca%2Factividades%2Fciclo-de-meditaciones-activas%2F\" target=\"_blank\" title=\"Compartir a WhatsApp\"><i class=\"mec-fa-whatsapp\"><\/i><span class=\"mec-social-title\">WhatsApp<\/span><\/a><\/li><li class=\"mec-event-social-icon\"><a class=\"telegram\" href=\"https:\/\/telegram.me\/share\/url?url=https%3A%2F%2Fcercledeconsciencia.com%2Fca%2Factividades%2Fciclo-de-meditaciones-activas%2F&text=Ciclo de Meditaciones Activas\" target=\"_blank\" title=\"Compartir a Telegram\">\r\n            <i><svg aria-hidden=\"true\" focusable=\"false\" data-prefix=\"fab\" data-icon=\"telegram\" class=\"svg-inline--fa fa-telegram fa-w-16\" role=\"img\" xmlns=\"http:\/\/www.w3.org\/2000\/svg\" viewBox=\"0 0 496 512\"><path fill=\"currentColor\" d=\"M248 8C111 8 0 119 0 256s111 248 248 248 248-111 248-248S385 8 248 8zm121.8 169.9l-40.7 191.8c-3 13.6-11.1 16.9-22.4 10.5l-62-45.7-29.9 28.8c-3.3 3.3-6.1 6.1-12.5 6.1l4.4-63.1 114.9-103.8c5-4.4-1.1-6.9-7.7-2.5l-142 89.4-61.2-19.1c-13.3-4.2-13.6-13.3 2.8-19.7l239.1-92.2c11.1-4 20.8 2.7 17.2 19.5z\"><\/path><\/svg><\/i>\r\n            <span class=\"mec-social-title\">Telegram<\/span>\r\n        <\/a><\/li>                                    <\/ul>\r\n                                <\/li>\r\n                            <\/ul>\r\n                                                <a class=\"mec-booking-button mec-bg-color-hover mec-border-color-hover\" data-event-id=\"5471\" href=\"https:\/\/cercledeconsciencia.com\/ca\/actividades\/ciclo-de-meditaciones-activas\/\" target=\"_self\" rel=\"noopener\">Veure Detall<\/a>                                            <\/div>\r\n                <\/div>\r\n                            <\/article>\r\n                                    <article class=\"mec-past-event mec-event-article  mec-clear \" itemscope>\r\n                                        <div class=\"event-carousel-type3-head clearfix\">\r\n                    <div class=\"mec-event-image\">\r\n                        <a data-event-id=\"2273\" href=\"https:\/\/cercledeconsciencia.com\/ca\/actividades\/terapia-corporal-y-respiratoria\/\" target=\"_self\" rel=\"noopener\"><img loading=\"lazy\" decoding=\"async\" width=\"474\" height=\"324\" src=\"https:\/\/cercledeconsciencia.com\/wp-content\/uploads\/2023\/11\/IMG_TERAPIA-CORPORAL-y-RESPIRATORIA-474x324.jpg\" class=\"attachment-meccarouselthumb size-meccarouselthumb wp-post-image\" alt=\"\" data-mec-postid=\"2273\" \/><\/a>                                            <\/div>\r\n                    <div class=\"mec-event-footer-carousel-type3\">\r\n                                                    <span class=\"mec-event-date-info\"><span class=\"mec-start-date-label\">maig 06, 2026<\/span><\/span>\r\n                                                                                                                        <h4 class=\"mec-event-carousel-title\"><a class=\"mec-color-hover\" data-event-id=\"2273\" href=\"https:\/\/cercledeconsciencia.com\/ca\/actividades\/terapia-corporal-y-respiratoria\/\" target=\"_self\" rel=\"noopener\">Terapia Corporal y Respiratoria<\/a><\/h4>\r\n                                                <p class=\"mec-carousel-event-location\"><span>Espai TCI de Barcelona<\/span><br>Carrer de Pau Alsina, 35 Gracia - Barcelona<\/p>\r\n                                                    <ul class=\"mec-event-sharing-wrap\">\r\n                                <li class=\"mec-event-share\">\r\n                                    <a href=\"#\" class=\"mec-event-share-icon\">\r\n                                        <i class=\"mec-sl-share mec-bg-color-hover mec-border-color-hover\" title=\"Comparteix\" alt=\"Comparteix\"><\/i>\r\n                                    <\/a>\r\n                                <\/li>\r\n                                <li>\r\n                                    <ul class=\"mec-event-sharing\">\r\n                                        <li class=\"mec-event-social-icon\"><a class=\"facebook\" href=\"https:\/\/www.facebook.com\/sharer\/sharer.php?u=https%3A%2F%2Fcercledeconsciencia.com%2Fca%2Factividades%2Fterapia-corporal-y-respiratoria%2F\" onclick=\"javascript:window.open(this.href, '', 'menubar=no,toolbar=no,resizable=yes,scrollbars=yes,height=500,width=600'); return false;\" target=\"_blank\" title=\"Compartir a Facebook\"><i class=\"mec-fa-facebook\"><\/i><span class=\"mec-social-title\">Facebook<\/span><\/a><\/li><li class=\"mec-event-social-icon\"><a class=\"twitter\" href=\"https:\/\/x.com\/intent\/tweet?url=https%3A%2F%2Fcercledeconsciencia.com%2Fca%2Factividades%2Fterapia-corporal-y-respiratoria%2F\" onclick=\"javascript:window.open(this.href, '', 'menubar=no,toolbar=no,resizable=yes,scrollbars=yes,height=600,width=500'); return false;\" target=\"_blank\" title=\"X Social Network\"><svg xmlns=\"http:\/\/www.w3.org\/2000\/svg\" shape-rendering=\"geometricPrecision\" text-rendering=\"geometricPrecision\" image-rendering=\"optimizeQuality\" fill-rule=\"evenodd\" clip-rule=\"evenodd\" viewBox=\"0 0 512 462.799\"><path fill-rule=\"nonzero\" d=\"M403.229 0h78.506L310.219 196.04 512 462.799H354.002L230.261 301.007 88.669 462.799h-78.56l183.455-209.683L0 0h161.999l111.856 147.88L403.229 0zm-27.556 415.805h43.505L138.363 44.527h-46.68l283.99 371.278z\"\/><\/svg><span class=\"mec-social-title\">Twitter<\/span><\/a><\/li><li class=\"mec-event-social-icon\"><a class=\"linkedin\" href=\"https:\/\/www.linkedin.com\/shareArticle?mini=true&url=https%3A%2F%2Fcercledeconsciencia.com%2Fca%2Factividades%2Fterapia-corporal-y-respiratoria%2F\" onclick=\"javascript:window.open(this.href, '', 'menubar=no,toolbar=no,resizable=yes,scrollbars=yes,height=600,width=500'); return false;\" target=\"_blank\" title=\"LinkedIn\"><i class=\"mec-fa-linkedin\"><\/i><span class=\"mec-social-title\">LinkedIn<\/span><\/a><\/li><li class=\"mec-event-social-icon\"><a class=\"pinterest\" href=\"http:\/\/pinterest.com\/pin\/create\/button\/?url=https%3A%2F%2Fcercledeconsciencia.com%2Fca%2Factividades%2Fterapia-corporal-y-respiratoria%2F\" target=\"_blank\" title=\"Compartir a Pinterest\"><i class=\"mec-fa-pinterest\"><\/i><span class=\"mec-social-title\">Pitnerest<\/span><\/a><\/li><li class=\"mec-event-social-icon\"><a class=\"whatsapp\" href=\"https:\/\/api.whatsapp.com\/send?text=https%3A%2F%2Fcercledeconsciencia.com%2Fca%2Factividades%2Fterapia-corporal-y-respiratoria%2F\" target=\"_blank\" title=\"Compartir a WhatsApp\"><i class=\"mec-fa-whatsapp\"><\/i><span class=\"mec-social-title\">WhatsApp<\/span><\/a><\/li><li class=\"mec-event-social-icon\"><a class=\"telegram\" href=\"https:\/\/telegram.me\/share\/url?url=https%3A%2F%2Fcercledeconsciencia.com%2Fca%2Factividades%2Fterapia-corporal-y-respiratoria%2F&text=Terapia Corporal y Respiratoria\" target=\"_blank\" title=\"Compartir a Telegram\">\r\n            <i><svg aria-hidden=\"true\" focusable=\"false\" data-prefix=\"fab\" data-icon=\"telegram\" class=\"svg-inline--fa fa-telegram fa-w-16\" role=\"img\" xmlns=\"http:\/\/www.w3.org\/2000\/svg\" viewBox=\"0 0 496 512\"><path fill=\"currentColor\" d=\"M248 8C111 8 0 119 0 256s111 248 248 248 248-111 248-248S385 8 248 8zm121.8 169.9l-40.7 191.8c-3 13.6-11.1 16.9-22.4 10.5l-62-45.7-29.9 28.8c-3.3 3.3-6.1 6.1-12.5 6.1l4.4-63.1 114.9-103.8c5-4.4-1.1-6.9-7.7-2.5l-142 89.4-61.2-19.1c-13.3-4.2-13.6-13.3 2.8-19.7l239.1-92.2c11.1-4 20.8 2.7 17.2 19.5z\"><\/path><\/svg><\/i>\r\n            <span class=\"mec-social-title\">Telegram<\/span>\r\n        <\/a><\/li>                                    <\/ul>\r\n                                <\/li>\r\n                            <\/ul>\r\n                                                <a class=\"mec-booking-button mec-bg-color-hover mec-border-color-hover\" data-event-id=\"2273\" href=\"https:\/\/cercledeconsciencia.com\/ca\/actividades\/terapia-corporal-y-respiratoria\/\" target=\"_self\" rel=\"noopener\">Veure Detall<\/a>                                            <\/div>\r\n                <\/div>\r\n                            <\/article>\r\n                        <article class=\"mec-past-event mec-event-article  mec-clear \" itemscope>\r\n                                        <div class=\"event-carousel-type3-head clearfix\">\r\n                    <div class=\"mec-event-image\">\r\n                        <a data-event-id=\"5394\" href=\"https:\/\/cercledeconsciencia.com\/ca\/actividades\/libera-tus-personajes-teatro-terapeutico\/\" target=\"_self\" rel=\"noopener\"><img loading=\"lazy\" decoding=\"async\" width=\"474\" height=\"324\" src=\"https:\/\/cercledeconsciencia.com\/wp-content\/uploads\/2025\/06\/nube-blanca-abstracta-piernas-maniqui-metafora-alma_204298-2517-474x324.jpg\" class=\"attachment-meccarouselthumb size-meccarouselthumb wp-post-image\" alt=\"\" data-mec-postid=\"5394\" \/><\/a>                                            <\/div>\r\n                    <div class=\"mec-event-footer-carousel-type3\">\r\n                                                    <span class=\"mec-event-date-info\"><span class=\"mec-start-date-label\">maig 06, 2026<\/span><\/span>\r\n                                                                                                                        <h4 class=\"mec-event-carousel-title\"><a class=\"mec-color-hover\" data-event-id=\"5394\" href=\"https:\/\/cercledeconsciencia.com\/ca\/actividades\/libera-tus-personajes-teatro-terapeutico\/\" target=\"_self\" rel=\"noopener\">Libera tus Personajes. Teatro Terap\u00e9utico.<\/a><\/h4>\r\n                                                <p class=\"mec-carousel-event-location\"><span>Mallorca<\/span><br>Carrer Ciutat de Quer\u00e9taro, 6, 2.\u00ba 1.\u00aa Palma<\/p>\r\n                                                    <ul class=\"mec-event-sharing-wrap\">\r\n                                <li class=\"mec-event-share\">\r\n                                    <a href=\"#\" class=\"mec-event-share-icon\">\r\n                                        <i class=\"mec-sl-share mec-bg-color-hover mec-border-color-hover\" title=\"Comparteix\" alt=\"Comparteix\"><\/i>\r\n                                    <\/a>\r\n                                <\/li>\r\n                                <li>\r\n                                    <ul class=\"mec-event-sharing\">\r\n                                        <li class=\"mec-event-social-icon\"><a class=\"facebook\" href=\"https:\/\/www.facebook.com\/sharer\/sharer.php?u=https%3A%2F%2Fcercledeconsciencia.com%2Fca%2Factividades%2Flibera-tus-personajes-teatro-terapeutico%2F\" onclick=\"javascript:window.open(this.href, '', 'menubar=no,toolbar=no,resizable=yes,scrollbars=yes,height=500,width=600'); return false;\" target=\"_blank\" title=\"Compartir a Facebook\"><i class=\"mec-fa-facebook\"><\/i><span class=\"mec-social-title\">Facebook<\/span><\/a><\/li><li class=\"mec-event-social-icon\"><a class=\"twitter\" href=\"https:\/\/x.com\/intent\/tweet?url=https%3A%2F%2Fcercledeconsciencia.com%2Fca%2Factividades%2Flibera-tus-personajes-teatro-terapeutico%2F\" onclick=\"javascript:window.open(this.href, '', 'menubar=no,toolbar=no,resizable=yes,scrollbars=yes,height=600,width=500'); return false;\" target=\"_blank\" title=\"X Social Network\"><svg xmlns=\"http:\/\/www.w3.org\/2000\/svg\" shape-rendering=\"geometricPrecision\" text-rendering=\"geometricPrecision\" image-rendering=\"optimizeQuality\" fill-rule=\"evenodd\" clip-rule=\"evenodd\" viewBox=\"0 0 512 462.799\"><path fill-rule=\"nonzero\" d=\"M403.229 0h78.506L310.219 196.04 512 462.799H354.002L230.261 301.007 88.669 462.799h-78.56l183.455-209.683L0 0h161.999l111.856 147.88L403.229 0zm-27.556 415.805h43.505L138.363 44.527h-46.68l283.99 371.278z\"\/><\/svg><span class=\"mec-social-title\">Twitter<\/span><\/a><\/li><li class=\"mec-event-social-icon\"><a class=\"linkedin\" href=\"https:\/\/www.linkedin.com\/shareArticle?mini=true&url=https%3A%2F%2Fcercledeconsciencia.com%2Fca%2Factividades%2Flibera-tus-personajes-teatro-terapeutico%2F\" onclick=\"javascript:window.open(this.href, '', 'menubar=no,toolbar=no,resizable=yes,scrollbars=yes,height=600,width=500'); return false;\" target=\"_blank\" title=\"LinkedIn\"><i class=\"mec-fa-linkedin\"><\/i><span class=\"mec-social-title\">LinkedIn<\/span><\/a><\/li><li class=\"mec-event-social-icon\"><a class=\"pinterest\" href=\"http:\/\/pinterest.com\/pin\/create\/button\/?url=https%3A%2F%2Fcercledeconsciencia.com%2Fca%2Factividades%2Flibera-tus-personajes-teatro-terapeutico%2F\" target=\"_blank\" title=\"Compartir a Pinterest\"><i class=\"mec-fa-pinterest\"><\/i><span class=\"mec-social-title\">Pitnerest<\/span><\/a><\/li><li class=\"mec-event-social-icon\"><a class=\"whatsapp\" href=\"https:\/\/api.whatsapp.com\/send?text=https%3A%2F%2Fcercledeconsciencia.com%2Fca%2Factividades%2Flibera-tus-personajes-teatro-terapeutico%2F\" target=\"_blank\" title=\"Compartir a WhatsApp\"><i class=\"mec-fa-whatsapp\"><\/i><span class=\"mec-social-title\">WhatsApp<\/span><\/a><\/li><li class=\"mec-event-social-icon\"><a class=\"telegram\" href=\"https:\/\/telegram.me\/share\/url?url=https%3A%2F%2Fcercledeconsciencia.com%2Fca%2Factividades%2Flibera-tus-personajes-teatro-terapeutico%2F&text=Libera tus Personajes. Teatro Terap\u00e9utico.\" target=\"_blank\" title=\"Compartir a Telegram\">\r\n            <i><svg aria-hidden=\"true\" focusable=\"false\" data-prefix=\"fab\" data-icon=\"telegram\" class=\"svg-inline--fa fa-telegram fa-w-16\" role=\"img\" xmlns=\"http:\/\/www.w3.org\/2000\/svg\" viewBox=\"0 0 496 512\"><path fill=\"currentColor\" d=\"M248 8C111 8 0 119 0 256s111 248 248 248 248-111 248-248S385 8 248 8zm121.8 169.9l-40.7 191.8c-3 13.6-11.1 16.9-22.4 10.5l-62-45.7-29.9 28.8c-3.3 3.3-6.1 6.1-12.5 6.1l4.4-63.1 114.9-103.8c5-4.4-1.1-6.9-7.7-2.5l-142 89.4-61.2-19.1c-13.3-4.2-13.6-13.3 2.8-19.7l239.1-92.2c11.1-4 20.8 2.7 17.2 19.5z\"><\/path><\/svg><\/i>\r\n            <span class=\"mec-social-title\">Telegram<\/span>\r\n        <\/a><\/li>                                    <\/ul>\r\n                                <\/li>\r\n                            <\/ul>\r\n                                                <a class=\"mec-booking-button mec-bg-color-hover mec-border-color-hover\" data-event-id=\"5394\" href=\"https:\/\/cercledeconsciencia.com\/ca\/actividades\/libera-tus-personajes-teatro-terapeutico\/\" target=\"_self\" rel=\"noopener\">Veure Detall<\/a>                                            <\/div>\r\n                <\/div>\r\n                            <\/article>\r\n                        <article class=\"mec-past-event mec-event-article  mec-clear \" itemscope>\r\n                                        <div class=\"event-carousel-type3-head clearfix\">\r\n                    <div class=\"mec-event-image\">\r\n                        <a data-event-id=\"2276\" href=\"https:\/\/cercledeconsciencia.com\/ca\/actividades\/teatro-terapeutico\/\" target=\"_self\" rel=\"noopener\"><img loading=\"lazy\" decoding=\"async\" width=\"474\" height=\"324\" src=\"https:\/\/cercledeconsciencia.com\/wp-content\/uploads\/2023\/11\/Imagen_SK_Curso_AC_TETE_2023-2024-474x324.jpg\" class=\"attachment-meccarouselthumb size-meccarouselthumb wp-post-image\" alt=\"\" data-mec-postid=\"2276\" \/><\/a>                                            <\/div>\r\n                    <div class=\"mec-event-footer-carousel-type3\">\r\n                                                    <span class=\"mec-event-date-info\"><span class=\"mec-start-date-label\">maig 06, 2026<\/span><\/span>\r\n                                                                                                                        <h4 class=\"mec-event-carousel-title\"><a class=\"mec-color-hover\" data-event-id=\"2276\" href=\"https:\/\/cercledeconsciencia.com\/ca\/actividades\/teatro-terapeutico\/\" target=\"_self\" rel=\"noopener\">Teatro Terap\u00e9utico<\/a><\/h4>\r\n                                                <p class=\"mec-carousel-event-location\"><span>Cercle Gestalt Barcelona<\/span><br>Carrer de Pau Alsina, 16, Gracia Barcelona<\/p>\r\n                                                    <ul class=\"mec-event-sharing-wrap\">\r\n                                <li class=\"mec-event-share\">\r\n                                    <a href=\"#\" class=\"mec-event-share-icon\">\r\n                                        <i class=\"mec-sl-share mec-bg-color-hover mec-border-color-hover\" title=\"Comparteix\" alt=\"Comparteix\"><\/i>\r\n                                    <\/a>\r\n                                <\/li>\r\n                                <li>\r\n                                    <ul class=\"mec-event-sharing\">\r\n                                        <li class=\"mec-event-social-icon\"><a class=\"facebook\" href=\"https:\/\/www.facebook.com\/sharer\/sharer.php?u=https%3A%2F%2Fcercledeconsciencia.com%2Fca%2Factividades%2Fteatro-terapeutico%2F\" onclick=\"javascript:window.open(this.href, '', 'menubar=no,toolbar=no,resizable=yes,scrollbars=yes,height=500,width=600'); return false;\" target=\"_blank\" title=\"Compartir a Facebook\"><i class=\"mec-fa-facebook\"><\/i><span class=\"mec-social-title\">Facebook<\/span><\/a><\/li><li class=\"mec-event-social-icon\"><a class=\"twitter\" href=\"https:\/\/x.com\/intent\/tweet?url=https%3A%2F%2Fcercledeconsciencia.com%2Fca%2Factividades%2Fteatro-terapeutico%2F\" onclick=\"javascript:window.open(this.href, '', 'menubar=no,toolbar=no,resizable=yes,scrollbars=yes,height=600,width=500'); return false;\" target=\"_blank\" title=\"X Social Network\"><svg xmlns=\"http:\/\/www.w3.org\/2000\/svg\" shape-rendering=\"geometricPrecision\" text-rendering=\"geometricPrecision\" image-rendering=\"optimizeQuality\" fill-rule=\"evenodd\" clip-rule=\"evenodd\" viewBox=\"0 0 512 462.799\"><path fill-rule=\"nonzero\" d=\"M403.229 0h78.506L310.219 196.04 512 462.799H354.002L230.261 301.007 88.669 462.799h-78.56l183.455-209.683L0 0h161.999l111.856 147.88L403.229 0zm-27.556 415.805h43.505L138.363 44.527h-46.68l283.99 371.278z\"\/><\/svg><span class=\"mec-social-title\">Twitter<\/span><\/a><\/li><li class=\"mec-event-social-icon\"><a class=\"linkedin\" href=\"https:\/\/www.linkedin.com\/shareArticle?mini=true&url=https%3A%2F%2Fcercledeconsciencia.com%2Fca%2Factividades%2Fteatro-terapeutico%2F\" onclick=\"javascript:window.open(this.href, '', 'menubar=no,toolbar=no,resizable=yes,scrollbars=yes,height=600,width=500'); return false;\" target=\"_blank\" title=\"LinkedIn\"><i class=\"mec-fa-linkedin\"><\/i><span class=\"mec-social-title\">LinkedIn<\/span><\/a><\/li><li class=\"mec-event-social-icon\"><a class=\"pinterest\" href=\"http:\/\/pinterest.com\/pin\/create\/button\/?url=https%3A%2F%2Fcercledeconsciencia.com%2Fca%2Factividades%2Fteatro-terapeutico%2F\" target=\"_blank\" title=\"Compartir a Pinterest\"><i class=\"mec-fa-pinterest\"><\/i><span class=\"mec-social-title\">Pitnerest<\/span><\/a><\/li><li class=\"mec-event-social-icon\"><a class=\"whatsapp\" href=\"https:\/\/api.whatsapp.com\/send?text=https%3A%2F%2Fcercledeconsciencia.com%2Fca%2Factividades%2Fteatro-terapeutico%2F\" target=\"_blank\" title=\"Compartir a WhatsApp\"><i class=\"mec-fa-whatsapp\"><\/i><span class=\"mec-social-title\">WhatsApp<\/span><\/a><\/li><li class=\"mec-event-social-icon\"><a class=\"telegram\" href=\"https:\/\/telegram.me\/share\/url?url=https%3A%2F%2Fcercledeconsciencia.com%2Fca%2Factividades%2Fteatro-terapeutico%2F&text=Teatro Terap\u00e9utico\" target=\"_blank\" title=\"Compartir a Telegram\">\r\n            <i><svg aria-hidden=\"true\" focusable=\"false\" data-prefix=\"fab\" data-icon=\"telegram\" class=\"svg-inline--fa fa-telegram fa-w-16\" role=\"img\" xmlns=\"http:\/\/www.w3.org\/2000\/svg\" viewBox=\"0 0 496 512\"><path fill=\"currentColor\" d=\"M248 8C111 8 0 119 0 256s111 248 248 248 248-111 248-248S385 8 248 8zm121.8 169.9l-40.7 191.8c-3 13.6-11.1 16.9-22.4 10.5l-62-45.7-29.9 28.8c-3.3 3.3-6.1 6.1-12.5 6.1l4.4-63.1 114.9-103.8c5-4.4-1.1-6.9-7.7-2.5l-142 89.4-61.2-19.1c-13.3-4.2-13.6-13.3 2.8-19.7l239.1-92.2c11.1-4 20.8 2.7 17.2 19.5z\"><\/path><\/svg><\/i>\r\n            <span class=\"mec-social-title\">Telegram<\/span>\r\n        <\/a><\/li>                                    <\/ul>\r\n                                <\/li>\r\n                            <\/ul>\r\n                                                <a class=\"mec-booking-button mec-bg-color-hover mec-border-color-hover\" data-event-id=\"2276\" href=\"https:\/\/cercledeconsciencia.com\/ca\/actividades\/teatro-terapeutico\/\" target=\"_self\" rel=\"noopener\">Veure Detall<\/a>                                            <\/div>\r\n                <\/div>\r\n                            <\/article>\r\n                                    <article class=\"mec-past-event mec-event-article  mec-clear \" itemscope>\r\n                                        <div class=\"event-carousel-type3-head clearfix\">\r\n                    <div class=\"mec-event-image\">\r\n                        <a data-event-id=\"5431\" href=\"https:\/\/cercledeconsciencia.com\/ca\/actividades\/circulo-de-danzaterapia-transpersonal-y-vincular\/\" target=\"_self\" rel=\"noopener\"><img loading=\"lazy\" decoding=\"async\" width=\"474\" height=\"324\" src=\"https:\/\/cercledeconsciencia.com\/wp-content\/uploads\/2025\/09\/Captura-de-pantalla-2025-09-09-a-las-15.12.47-474x324.png\" class=\"attachment-meccarouselthumb size-meccarouselthumb wp-post-image\" alt=\"\" data-mec-postid=\"5431\" \/><\/a>                                            <\/div>\r\n                    <div class=\"mec-event-footer-carousel-type3\">\r\n                                                    <span class=\"mec-event-date-info\"><span class=\"mec-start-date-label\">maig 07, 2026<\/span><\/span>\r\n                                                                                                                        <h4 class=\"mec-event-carousel-title\"><a class=\"mec-color-hover\" data-event-id=\"5431\" href=\"https:\/\/cercledeconsciencia.com\/ca\/actividades\/circulo-de-danzaterapia-transpersonal-y-vincular\/\" target=\"_self\" rel=\"noopener\">C\u00edrculo de Danzaterapia Transpersonal y Vincular<\/a><\/h4>\r\n                                                <p class=\"mec-carousel-event-location\"><span><\/p>\r\n                                                    <ul class=\"mec-event-sharing-wrap\">\r\n                                <li class=\"mec-event-share\">\r\n                                    <a href=\"#\" class=\"mec-event-share-icon\">\r\n                                        <i class=\"mec-sl-share mec-bg-color-hover mec-border-color-hover\" title=\"Comparteix\" alt=\"Comparteix\"><\/i>\r\n                                    <\/a>\r\n                                <\/li>\r\n                                <li>\r\n                                    <ul class=\"mec-event-sharing\">\r\n                                        <li class=\"mec-event-social-icon\"><a class=\"facebook\" href=\"https:\/\/www.facebook.com\/sharer\/sharer.php?u=https%3A%2F%2Fcercledeconsciencia.com%2Fca%2Factividades%2Fcirculo-de-danzaterapia-transpersonal-y-vincular%2F\" onclick=\"javascript:window.open(this.href, '', 'menubar=no,toolbar=no,resizable=yes,scrollbars=yes,height=500,width=600'); return false;\" target=\"_blank\" title=\"Compartir a Facebook\"><i class=\"mec-fa-facebook\"><\/i><span class=\"mec-social-title\">Facebook<\/span><\/a><\/li><li class=\"mec-event-social-icon\"><a class=\"twitter\" href=\"https:\/\/x.com\/intent\/tweet?url=https%3A%2F%2Fcercledeconsciencia.com%2Fca%2Factividades%2Fcirculo-de-danzaterapia-transpersonal-y-vincular%2F\" onclick=\"javascript:window.open(this.href, '', 'menubar=no,toolbar=no,resizable=yes,scrollbars=yes,height=600,width=500'); return false;\" target=\"_blank\" title=\"X Social Network\"><svg xmlns=\"http:\/\/www.w3.org\/2000\/svg\" shape-rendering=\"geometricPrecision\" text-rendering=\"geometricPrecision\" image-rendering=\"optimizeQuality\" fill-rule=\"evenodd\" clip-rule=\"evenodd\" viewBox=\"0 0 512 462.799\"><path fill-rule=\"nonzero\" d=\"M403.229 0h78.506L310.219 196.04 512 462.799H354.002L230.261 301.007 88.669 462.799h-78.56l183.455-209.683L0 0h161.999l111.856 147.88L403.229 0zm-27.556 415.805h43.505L138.363 44.527h-46.68l283.99 371.278z\"\/><\/svg><span class=\"mec-social-title\">Twitter<\/span><\/a><\/li><li class=\"mec-event-social-icon\"><a class=\"linkedin\" href=\"https:\/\/www.linkedin.com\/shareArticle?mini=true&url=https%3A%2F%2Fcercledeconsciencia.com%2Fca%2Factividades%2Fcirculo-de-danzaterapia-transpersonal-y-vincular%2F\" onclick=\"javascript:window.open(this.href, '', 'menubar=no,toolbar=no,resizable=yes,scrollbars=yes,height=600,width=500'); return false;\" target=\"_blank\" title=\"LinkedIn\"><i class=\"mec-fa-linkedin\"><\/i><span class=\"mec-social-title\">LinkedIn<\/span><\/a><\/li><li class=\"mec-event-social-icon\"><a class=\"pinterest\" href=\"http:\/\/pinterest.com\/pin\/create\/button\/?url=https%3A%2F%2Fcercledeconsciencia.com%2Fca%2Factividades%2Fcirculo-de-danzaterapia-transpersonal-y-vincular%2F\" target=\"_blank\" title=\"Compartir a Pinterest\"><i class=\"mec-fa-pinterest\"><\/i><span class=\"mec-social-title\">Pitnerest<\/span><\/a><\/li><li class=\"mec-event-social-icon\"><a class=\"whatsapp\" href=\"https:\/\/api.whatsapp.com\/send?text=https%3A%2F%2Fcercledeconsciencia.com%2Fca%2Factividades%2Fcirculo-de-danzaterapia-transpersonal-y-vincular%2F\" target=\"_blank\" title=\"Compartir a WhatsApp\"><i class=\"mec-fa-whatsapp\"><\/i><span class=\"mec-social-title\">WhatsApp<\/span><\/a><\/li><li class=\"mec-event-social-icon\"><a class=\"telegram\" href=\"https:\/\/telegram.me\/share\/url?url=https%3A%2F%2Fcercledeconsciencia.com%2Fca%2Factividades%2Fcirculo-de-danzaterapia-transpersonal-y-vincular%2F&text=C\u00edrculo de Danzaterapia Transpersonal y Vincular\" target=\"_blank\" title=\"Compartir a Telegram\">\r\n            <i><svg aria-hidden=\"true\" focusable=\"false\" data-prefix=\"fab\" data-icon=\"telegram\" class=\"svg-inline--fa fa-telegram fa-w-16\" role=\"img\" xmlns=\"http:\/\/www.w3.org\/2000\/svg\" viewBox=\"0 0 496 512\"><path fill=\"currentColor\" d=\"M248 8C111 8 0 119 0 256s111 248 248 248 248-111 248-248S385 8 248 8zm121.8 169.9l-40.7 191.8c-3 13.6-11.1 16.9-22.4 10.5l-62-45.7-29.9 28.8c-3.3 3.3-6.1 6.1-12.5 6.1l4.4-63.1 114.9-103.8c5-4.4-1.1-6.9-7.7-2.5l-142 89.4-61.2-19.1c-13.3-4.2-13.6-13.3 2.8-19.7l239.1-92.2c11.1-4 20.8 2.7 17.2 19.5z\"><\/path><\/svg><\/i>\r\n            <span class=\"mec-social-title\">Telegram<\/span>\r\n        <\/a><\/li>                                    <\/ul>\r\n                                <\/li>\r\n                            <\/ul>\r\n                                                <a class=\"mec-booking-button mec-bg-color-hover mec-border-color-hover\" data-event-id=\"5431\" href=\"https:\/\/cercledeconsciencia.com\/ca\/actividades\/circulo-de-danzaterapia-transpersonal-y-vincular\/\" target=\"_self\" rel=\"noopener\">Veure Detall<\/a>                                            <\/div>\r\n                <\/div>\r\n                            <\/article>\r\n                        <article class=\"mec-past-event mec-event-article  mec-clear \" itemscope>\r\n                                        <div class=\"event-carousel-type3-head clearfix\">\r\n                    <div class=\"mec-event-image\">\r\n                        <a data-event-id=\"5186\" href=\"https:\/\/cercledeconsciencia.com\/ca\/actividades\/integrando-tus-voces\/\" target=\"_self\" rel=\"noopener\"><img loading=\"lazy\" decoding=\"async\" width=\"474\" height=\"324\" src=\"https:\/\/cercledeconsciencia.com\/wp-content\/uploads\/2025\/01\/Captura-de-pantalla-2025-01-22-a-las-17.10.05-474x324.png\" class=\"attachment-meccarouselthumb size-meccarouselthumb wp-post-image\" alt=\"\" data-mec-postid=\"5186\" \/><\/a>                                            <\/div>\r\n                    <div class=\"mec-event-footer-carousel-type3\">\r\n                                                    <span class=\"mec-event-date-info\"><span class=\"mec-start-date-label\">maig 07, 2026<\/span><\/span>\r\n                                                                                                                        <h4 class=\"mec-event-carousel-title\"><a class=\"mec-color-hover\" data-event-id=\"5186\" href=\"https:\/\/cercledeconsciencia.com\/ca\/actividades\/integrando-tus-voces\/\" target=\"_self\" rel=\"noopener\">Integrando tus Voces<\/a><\/h4>\r\n                                                <p class=\"mec-carousel-event-location\"><span>Espai TCI de Barcelona<\/span><br>Carrer de Pau Alsina, 35 Gracia - Barcelona<\/p>\r\n                                                    <ul class=\"mec-event-sharing-wrap\">\r\n                                <li class=\"mec-event-share\">\r\n                                    <a href=\"#\" class=\"mec-event-share-icon\">\r\n                                        <i class=\"mec-sl-share mec-bg-color-hover mec-border-color-hover\" title=\"Comparteix\" alt=\"Comparteix\"><\/i>\r\n                                    <\/a>\r\n                                <\/li>\r\n                                <li>\r\n                                    <ul class=\"mec-event-sharing\">\r\n                                        <li class=\"mec-event-social-icon\"><a class=\"facebook\" href=\"https:\/\/www.facebook.com\/sharer\/sharer.php?u=https%3A%2F%2Fcercledeconsciencia.com%2Fca%2Factividades%2Fintegrando-tus-voces%2F\" onclick=\"javascript:window.open(this.href, '', 'menubar=no,toolbar=no,resizable=yes,scrollbars=yes,height=500,width=600'); return false;\" target=\"_blank\" title=\"Compartir a Facebook\"><i class=\"mec-fa-facebook\"><\/i><span class=\"mec-social-title\">Facebook<\/span><\/a><\/li><li class=\"mec-event-social-icon\"><a class=\"twitter\" href=\"https:\/\/x.com\/intent\/tweet?url=https%3A%2F%2Fcercledeconsciencia.com%2Fca%2Factividades%2Fintegrando-tus-voces%2F\" onclick=\"javascript:window.open(this.href, '', 'menubar=no,toolbar=no,resizable=yes,scrollbars=yes,height=600,width=500'); return false;\" target=\"_blank\" title=\"X Social Network\"><svg xmlns=\"http:\/\/www.w3.org\/2000\/svg\" shape-rendering=\"geometricPrecision\" text-rendering=\"geometricPrecision\" image-rendering=\"optimizeQuality\" fill-rule=\"evenodd\" clip-rule=\"evenodd\" viewBox=\"0 0 512 462.799\"><path fill-rule=\"nonzero\" d=\"M403.229 0h78.506L310.219 196.04 512 462.799H354.002L230.261 301.007 88.669 462.799h-78.56l183.455-209.683L0 0h161.999l111.856 147.88L403.229 0zm-27.556 415.805h43.505L138.363 44.527h-46.68l283.99 371.278z\"\/><\/svg><span class=\"mec-social-title\">Twitter<\/span><\/a><\/li><li class=\"mec-event-social-icon\"><a class=\"linkedin\" href=\"https:\/\/www.linkedin.com\/shareArticle?mini=true&url=https%3A%2F%2Fcercledeconsciencia.com%2Fca%2Factividades%2Fintegrando-tus-voces%2F\" onclick=\"javascript:window.open(this.href, '', 'menubar=no,toolbar=no,resizable=yes,scrollbars=yes,height=600,width=500'); return false;\" target=\"_blank\" title=\"LinkedIn\"><i class=\"mec-fa-linkedin\"><\/i><span class=\"mec-social-title\">LinkedIn<\/span><\/a><\/li><li class=\"mec-event-social-icon\"><a class=\"pinterest\" href=\"http:\/\/pinterest.com\/pin\/create\/button\/?url=https%3A%2F%2Fcercledeconsciencia.com%2Fca%2Factividades%2Fintegrando-tus-voces%2F\" target=\"_blank\" title=\"Compartir a Pinterest\"><i class=\"mec-fa-pinterest\"><\/i><span class=\"mec-social-title\">Pitnerest<\/span><\/a><\/li><li class=\"mec-event-social-icon\"><a class=\"whatsapp\" href=\"https:\/\/api.whatsapp.com\/send?text=https%3A%2F%2Fcercledeconsciencia.com%2Fca%2Factividades%2Fintegrando-tus-voces%2F\" target=\"_blank\" title=\"Compartir a WhatsApp\"><i class=\"mec-fa-whatsapp\"><\/i><span class=\"mec-social-title\">WhatsApp<\/span><\/a><\/li><li class=\"mec-event-social-icon\"><a class=\"telegram\" href=\"https:\/\/telegram.me\/share\/url?url=https%3A%2F%2Fcercledeconsciencia.com%2Fca%2Factividades%2Fintegrando-tus-voces%2F&text=Integrando tus Voces\" target=\"_blank\" title=\"Compartir a Telegram\">\r\n            <i><svg aria-hidden=\"true\" focusable=\"false\" data-prefix=\"fab\" data-icon=\"telegram\" class=\"svg-inline--fa fa-telegram fa-w-16\" role=\"img\" xmlns=\"http:\/\/www.w3.org\/2000\/svg\" viewBox=\"0 0 496 512\"><path fill=\"currentColor\" d=\"M248 8C111 8 0 119 0 256s111 248 248 248 248-111 248-248S385 8 248 8zm121.8 169.9l-40.7 191.8c-3 13.6-11.1 16.9-22.4 10.5l-62-45.7-29.9 28.8c-3.3 3.3-6.1 6.1-12.5 6.1l4.4-63.1 114.9-103.8c5-4.4-1.1-6.9-7.7-2.5l-142 89.4-61.2-19.1c-13.3-4.2-13.6-13.3 2.8-19.7l239.1-92.2c11.1-4 20.8 2.7 17.2 19.5z\"><\/path><\/svg><\/i>\r\n            <span class=\"mec-social-title\">Telegram<\/span>\r\n        <\/a><\/li>                                    <\/ul>\r\n                                <\/li>\r\n                            <\/ul>\r\n                                                <a class=\"mec-booking-button mec-bg-color-hover mec-border-color-hover\" data-event-id=\"5186\" href=\"https:\/\/cercledeconsciencia.com\/ca\/actividades\/integrando-tus-voces\/\" target=\"_self\" rel=\"noopener\">Veure Detall<\/a>                                            <\/div>\r\n                <\/div>\r\n                            <\/article>\r\n                        <article class=\"mec-past-event mec-event-article  mec-clear \" itemscope>\r\n                                        <div class=\"event-carousel-type3-head clearfix\">\r\n                    <div class=\"mec-event-image\">\r\n                        <a data-event-id=\"5175\" href=\"https:\/\/cercledeconsciencia.com\/ca\/actividades\/teatro-terapia-en-accion\/\" target=\"_self\" rel=\"noopener\"><img loading=\"lazy\" decoding=\"async\" width=\"474\" height=\"324\" src=\"https:\/\/cercledeconsciencia.com\/wp-content\/uploads\/2025\/01\/Captura-de-pantalla-2025-01-07-a-las-12.22.09-474x324.png\" class=\"attachment-meccarouselthumb size-meccarouselthumb wp-post-image\" alt=\"\" data-mec-postid=\"5175\" \/><\/a>                                            <\/div>\r\n                    <div class=\"mec-event-footer-carousel-type3\">\r\n                                                    <span class=\"mec-event-date-info\"><span class=\"mec-start-date-label\">maig 07, 2026<\/span><\/span>\r\n                                                                                                                        <h4 class=\"mec-event-carousel-title\"><a class=\"mec-color-hover\" data-event-id=\"5175\" href=\"https:\/\/cercledeconsciencia.com\/ca\/actividades\/teatro-terapia-en-accion\/\" target=\"_self\" rel=\"noopener\">Teatro Terapia en Acci\u00f3n<\/a><\/h4>\r\n                                                <p class=\"mec-carousel-event-location\"><span>Cercle Gestalt Barcelona<\/span><br>Carrer de Pau Alsina, 16, Gracia Barcelona<\/p>\r\n                                                    <ul class=\"mec-event-sharing-wrap\">\r\n                                <li class=\"mec-event-share\">\r\n                                    <a href=\"#\" class=\"mec-event-share-icon\">\r\n                                        <i class=\"mec-sl-share mec-bg-color-hover mec-border-color-hover\" title=\"Comparteix\" alt=\"Comparteix\"><\/i>\r\n                                    <\/a>\r\n                                <\/li>\r\n                                <li>\r\n                                    <ul class=\"mec-event-sharing\">\r\n                                        <li class=\"mec-event-social-icon\"><a class=\"facebook\" href=\"https:\/\/www.facebook.com\/sharer\/sharer.php?u=https%3A%2F%2Fcercledeconsciencia.com%2Fca%2Factividades%2Fteatro-terapia-en-accion%2F\" onclick=\"javascript:window.open(this.href, '', 'menubar=no,toolbar=no,resizable=yes,scrollbars=yes,height=500,width=600'); return false;\" target=\"_blank\" title=\"Compartir a Facebook\"><i class=\"mec-fa-facebook\"><\/i><span class=\"mec-social-title\">Facebook<\/span><\/a><\/li><li class=\"mec-event-social-icon\"><a class=\"twitter\" href=\"https:\/\/x.com\/intent\/tweet?url=https%3A%2F%2Fcercledeconsciencia.com%2Fca%2Factividades%2Fteatro-terapia-en-accion%2F\" onclick=\"javascript:window.open(this.href, '', 'menubar=no,toolbar=no,resizable=yes,scrollbars=yes,height=600,width=500'); return false;\" target=\"_blank\" title=\"X Social Network\"><svg xmlns=\"http:\/\/www.w3.org\/2000\/svg\" shape-rendering=\"geometricPrecision\" text-rendering=\"geometricPrecision\" image-rendering=\"optimizeQuality\" fill-rule=\"evenodd\" clip-rule=\"evenodd\" viewBox=\"0 0 512 462.799\"><path fill-rule=\"nonzero\" d=\"M403.229 0h78.506L310.219 196.04 512 462.799H354.002L230.261 301.007 88.669 462.799h-78.56l183.455-209.683L0 0h161.999l111.856 147.88L403.229 0zm-27.556 415.805h43.505L138.363 44.527h-46.68l283.99 371.278z\"\/><\/svg><span class=\"mec-social-title\">Twitter<\/span><\/a><\/li><li class=\"mec-event-social-icon\"><a class=\"linkedin\" href=\"https:\/\/www.linkedin.com\/shareArticle?mini=true&url=https%3A%2F%2Fcercledeconsciencia.com%2Fca%2Factividades%2Fteatro-terapia-en-accion%2F\" onclick=\"javascript:window.open(this.href, '', 'menubar=no,toolbar=no,resizable=yes,scrollbars=yes,height=600,width=500'); return false;\" target=\"_blank\" title=\"LinkedIn\"><i class=\"mec-fa-linkedin\"><\/i><span class=\"mec-social-title\">LinkedIn<\/span><\/a><\/li><li class=\"mec-event-social-icon\"><a class=\"pinterest\" href=\"http:\/\/pinterest.com\/pin\/create\/button\/?url=https%3A%2F%2Fcercledeconsciencia.com%2Fca%2Factividades%2Fteatro-terapia-en-accion%2F\" target=\"_blank\" title=\"Compartir a Pinterest\"><i class=\"mec-fa-pinterest\"><\/i><span class=\"mec-social-title\">Pitnerest<\/span><\/a><\/li><li class=\"mec-event-social-icon\"><a class=\"whatsapp\" href=\"https:\/\/api.whatsapp.com\/send?text=https%3A%2F%2Fcercledeconsciencia.com%2Fca%2Factividades%2Fteatro-terapia-en-accion%2F\" target=\"_blank\" title=\"Compartir a WhatsApp\"><i class=\"mec-fa-whatsapp\"><\/i><span class=\"mec-social-title\">WhatsApp<\/span><\/a><\/li><li class=\"mec-event-social-icon\"><a class=\"telegram\" href=\"https:\/\/telegram.me\/share\/url?url=https%3A%2F%2Fcercledeconsciencia.com%2Fca%2Factividades%2Fteatro-terapia-en-accion%2F&text=Teatro Terapia en Acci\u00f3n\" target=\"_blank\" title=\"Compartir a Telegram\">\r\n            <i><svg aria-hidden=\"true\" focusable=\"false\" data-prefix=\"fab\" data-icon=\"telegram\" class=\"svg-inline--fa fa-telegram fa-w-16\" role=\"img\" xmlns=\"http:\/\/www.w3.org\/2000\/svg\" viewBox=\"0 0 496 512\"><path fill=\"currentColor\" d=\"M248 8C111 8 0 119 0 256s111 248 248 248 248-111 248-248S385 8 248 8zm121.8 169.9l-40.7 191.8c-3 13.6-11.1 16.9-22.4 10.5l-62-45.7-29.9 28.8c-3.3 3.3-6.1 6.1-12.5 6.1l4.4-63.1 114.9-103.8c5-4.4-1.1-6.9-7.7-2.5l-142 89.4-61.2-19.1c-13.3-4.2-13.6-13.3 2.8-19.7l239.1-92.2c11.1-4 20.8 2.7 17.2 19.5z\"><\/path><\/svg><\/i>\r\n            <span class=\"mec-social-title\">Telegram<\/span>\r\n        <\/a><\/li>                                    <\/ul>\r\n                                <\/li>\r\n                            <\/ul>\r\n                                                <a class=\"mec-booking-button mec-bg-color-hover mec-border-color-hover\" data-event-id=\"5175\" href=\"https:\/\/cercledeconsciencia.com\/ca\/actividades\/teatro-terapia-en-accion\/\" target=\"_self\" rel=\"noopener\">Veure Detall<\/a>                                            <\/div>\r\n                <\/div>\r\n                            <\/article>\r\n                        <article class=\"mec-past-event mec-event-article  mec-clear \" itemscope>\r\n                                        <div class=\"event-carousel-type3-head clearfix\">\r\n                    <div class=\"mec-event-image\">\r\n                        <a data-event-id=\"5452\" href=\"https:\/\/cercledeconsciencia.com\/ca\/actividades\/caracteres-un-reflejo-del-alma\/\" target=\"_self\" rel=\"noopener\"><img loading=\"lazy\" decoding=\"async\" width=\"354\" height=\"324\" src=\"https:\/\/cercledeconsciencia.com\/wp-content\/uploads\/2025\/09\/Captura-de-pantalla-2025-09-30-a-las-11.39.06-354x324.png\" class=\"attachment-meccarouselthumb size-meccarouselthumb wp-post-image\" alt=\"\" data-mec-postid=\"5452\" \/><\/a>                                            <\/div>\r\n                    <div class=\"mec-event-footer-carousel-type3\">\r\n                                                    <span class=\"mec-event-date-info\"><span class=\"mec-start-date-label\">maig 07, 2026<\/span><\/span>\r\n                                                                                                                        <h4 class=\"mec-event-carousel-title\"><a class=\"mec-color-hover\" data-event-id=\"5452\" href=\"https:\/\/cercledeconsciencia.com\/ca\/actividades\/caracteres-un-reflejo-del-alma\/\" target=\"_self\" rel=\"noopener\">Caracteres, un reflejo del alma.<\/a><\/h4>\r\n                                                <p class=\"mec-carousel-event-location\"><span>Virtual<\/span><br><\/p>\r\n                                                    <ul class=\"mec-event-sharing-wrap\">\r\n                                <li class=\"mec-event-share\">\r\n                                    <a href=\"#\" class=\"mec-event-share-icon\">\r\n                                        <i class=\"mec-sl-share mec-bg-color-hover mec-border-color-hover\" title=\"Comparteix\" alt=\"Comparteix\"><\/i>\r\n                                    <\/a>\r\n                                <\/li>\r\n                                <li>\r\n                                    <ul class=\"mec-event-sharing\">\r\n                                        <li class=\"mec-event-social-icon\"><a class=\"facebook\" href=\"https:\/\/www.facebook.com\/sharer\/sharer.php?u=https%3A%2F%2Fcercledeconsciencia.com%2Fca%2Factividades%2Fcaracteres-un-reflejo-del-alma%2F\" onclick=\"javascript:window.open(this.href, '', 'menubar=no,toolbar=no,resizable=yes,scrollbars=yes,height=500,width=600'); return false;\" target=\"_blank\" title=\"Compartir a Facebook\"><i class=\"mec-fa-facebook\"><\/i><span class=\"mec-social-title\">Facebook<\/span><\/a><\/li><li class=\"mec-event-social-icon\"><a class=\"twitter\" href=\"https:\/\/x.com\/intent\/tweet?url=https%3A%2F%2Fcercledeconsciencia.com%2Fca%2Factividades%2Fcaracteres-un-reflejo-del-alma%2F\" onclick=\"javascript:window.open(this.href, '', 'menubar=no,toolbar=no,resizable=yes,scrollbars=yes,height=600,width=500'); return false;\" target=\"_blank\" title=\"X Social Network\"><svg xmlns=\"http:\/\/www.w3.org\/2000\/svg\" shape-rendering=\"geometricPrecision\" text-rendering=\"geometricPrecision\" image-rendering=\"optimizeQuality\" fill-rule=\"evenodd\" clip-rule=\"evenodd\" viewBox=\"0 0 512 462.799\"><path fill-rule=\"nonzero\" d=\"M403.229 0h78.506L310.219 196.04 512 462.799H354.002L230.261 301.007 88.669 462.799h-78.56l183.455-209.683L0 0h161.999l111.856 147.88L403.229 0zm-27.556 415.805h43.505L138.363 44.527h-46.68l283.99 371.278z\"\/><\/svg><span class=\"mec-social-title\">Twitter<\/span><\/a><\/li><li class=\"mec-event-social-icon\"><a class=\"linkedin\" href=\"https:\/\/www.linkedin.com\/shareArticle?mini=true&url=https%3A%2F%2Fcercledeconsciencia.com%2Fca%2Factividades%2Fcaracteres-un-reflejo-del-alma%2F\" onclick=\"javascript:window.open(this.href, '', 'menubar=no,toolbar=no,resizable=yes,scrollbars=yes,height=600,width=500'); return false;\" target=\"_blank\" title=\"LinkedIn\"><i class=\"mec-fa-linkedin\"><\/i><span class=\"mec-social-title\">LinkedIn<\/span><\/a><\/li><li class=\"mec-event-social-icon\"><a class=\"pinterest\" href=\"http:\/\/pinterest.com\/pin\/create\/button\/?url=https%3A%2F%2Fcercledeconsciencia.com%2Fca%2Factividades%2Fcaracteres-un-reflejo-del-alma%2F\" target=\"_blank\" title=\"Compartir a Pinterest\"><i class=\"mec-fa-pinterest\"><\/i><span class=\"mec-social-title\">Pitnerest<\/span><\/a><\/li><li class=\"mec-event-social-icon\"><a class=\"whatsapp\" href=\"https:\/\/api.whatsapp.com\/send?text=https%3A%2F%2Fcercledeconsciencia.com%2Fca%2Factividades%2Fcaracteres-un-reflejo-del-alma%2F\" target=\"_blank\" title=\"Compartir a WhatsApp\"><i class=\"mec-fa-whatsapp\"><\/i><span class=\"mec-social-title\">WhatsApp<\/span><\/a><\/li><li class=\"mec-event-social-icon\"><a class=\"telegram\" href=\"https:\/\/telegram.me\/share\/url?url=https%3A%2F%2Fcercledeconsciencia.com%2Fca%2Factividades%2Fcaracteres-un-reflejo-del-alma%2F&text=Caracteres, un reflejo del alma.\" target=\"_blank\" title=\"Compartir a Telegram\">\r\n            <i><svg aria-hidden=\"true\" focusable=\"false\" data-prefix=\"fab\" data-icon=\"telegram\" class=\"svg-inline--fa fa-telegram fa-w-16\" role=\"img\" xmlns=\"http:\/\/www.w3.org\/2000\/svg\" viewBox=\"0 0 496 512\"><path fill=\"currentColor\" d=\"M248 8C111 8 0 119 0 256s111 248 248 248 248-111 248-248S385 8 248 8zm121.8 169.9l-40.7 191.8c-3 13.6-11.1 16.9-22.4 10.5l-62-45.7-29.9 28.8c-3.3 3.3-6.1 6.1-12.5 6.1l4.4-63.1 114.9-103.8c5-4.4-1.1-6.9-7.7-2.5l-142 89.4-61.2-19.1c-13.3-4.2-13.6-13.3 2.8-19.7l239.1-92.2c11.1-4 20.8 2.7 17.2 19.5z\"><\/path><\/svg><\/i>\r\n            <span class=\"mec-social-title\">Telegram<\/span>\r\n        <\/a><\/li>                                    <\/ul>\r\n                                <\/li>\r\n                            <\/ul>\r\n                                                <a class=\"mec-booking-button mec-bg-color-hover mec-border-color-hover\" data-event-id=\"5452\" href=\"https:\/\/cercledeconsciencia.com\/ca\/actividades\/caracteres-un-reflejo-del-alma\/\" target=\"_self\" rel=\"noopener\">Veure Detall<\/a>                                            <\/div>\r\n                <\/div>\r\n                            <\/article>\r\n                                    <article class=\"mec-past-event mec-event-article  mec-clear \" itemscope>\r\n                                        <div class=\"event-carousel-type3-head clearfix\">\r\n                    <div class=\"mec-event-image\">\r\n                        <a data-event-id=\"2282\" href=\"https:\/\/cercledeconsciencia.com\/ca\/actividades\/constelaciones-sistemicas-integrativas\/\" target=\"_self\" rel=\"noopener\"><img loading=\"lazy\" decoding=\"async\" width=\"474\" height=\"324\" src=\"https:\/\/cercledeconsciencia.com\/wp-content\/uploads\/2023\/11\/IMAGEN_CONSTELACIONES_FAMILIARES-474x324.jpg\" class=\"attachment-meccarouselthumb size-meccarouselthumb wp-post-image\" alt=\"\" data-mec-postid=\"2282\" \/><\/a>                                            <\/div>\r\n                    <div class=\"mec-event-footer-carousel-type3\">\r\n                                                    <span class=\"mec-event-date-info\"><span class=\"mec-start-date-label\">maig 09, 2026<\/span><\/span>\r\n                                                                                                                        <h4 class=\"mec-event-carousel-title\"><a class=\"mec-color-hover\" data-event-id=\"2282\" href=\"https:\/\/cercledeconsciencia.com\/ca\/actividades\/constelaciones-sistemicas-integrativas\/\" target=\"_self\" rel=\"noopener\">Constelaciones Sist\u00e9micas Integrativas en Barcelona<\/a><\/h4>\r\n                                                <p class=\"mec-carousel-event-location\"><span>Espai TCI de Barcelona<\/span><br>Carrer de Pau Alsina, 35 Gracia - Barcelona<\/p>\r\n                                                    <ul class=\"mec-event-sharing-wrap\">\r\n                                <li class=\"mec-event-share\">\r\n                                    <a href=\"#\" class=\"mec-event-share-icon\">\r\n                                        <i class=\"mec-sl-share mec-bg-color-hover mec-border-color-hover\" title=\"Comparteix\" alt=\"Comparteix\"><\/i>\r\n                                    <\/a>\r\n                                <\/li>\r\n                                <li>\r\n                                    <ul class=\"mec-event-sharing\">\r\n                                        <li class=\"mec-event-social-icon\"><a class=\"facebook\" href=\"https:\/\/www.facebook.com\/sharer\/sharer.php?u=https%3A%2F%2Fcercledeconsciencia.com%2Fca%2Factividades%2Fconstelaciones-sistemicas-integrativas%2F\" onclick=\"javascript:window.open(this.href, '', 'menubar=no,toolbar=no,resizable=yes,scrollbars=yes,height=500,width=600'); return false;\" target=\"_blank\" title=\"Compartir a Facebook\"><i class=\"mec-fa-facebook\"><\/i><span class=\"mec-social-title\">Facebook<\/span><\/a><\/li><li class=\"mec-event-social-icon\"><a class=\"twitter\" href=\"https:\/\/x.com\/intent\/tweet?url=https%3A%2F%2Fcercledeconsciencia.com%2Fca%2Factividades%2Fconstelaciones-sistemicas-integrativas%2F\" onclick=\"javascript:window.open(this.href, '', 'menubar=no,toolbar=no,resizable=yes,scrollbars=yes,height=600,width=500'); return false;\" target=\"_blank\" title=\"X Social Network\"><svg xmlns=\"http:\/\/www.w3.org\/2000\/svg\" shape-rendering=\"geometricPrecision\" text-rendering=\"geometricPrecision\" image-rendering=\"optimizeQuality\" fill-rule=\"evenodd\" clip-rule=\"evenodd\" viewBox=\"0 0 512 462.799\"><path fill-rule=\"nonzero\" d=\"M403.229 0h78.506L310.219 196.04 512 462.799H354.002L230.261 301.007 88.669 462.799h-78.56l183.455-209.683L0 0h161.999l111.856 147.88L403.229 0zm-27.556 415.805h43.505L138.363 44.527h-46.68l283.99 371.278z\"\/><\/svg><span class=\"mec-social-title\">Twitter<\/span><\/a><\/li><li class=\"mec-event-social-icon\"><a class=\"linkedin\" href=\"https:\/\/www.linkedin.com\/shareArticle?mini=true&url=https%3A%2F%2Fcercledeconsciencia.com%2Fca%2Factividades%2Fconstelaciones-sistemicas-integrativas%2F\" onclick=\"javascript:window.open(this.href, '', 'menubar=no,toolbar=no,resizable=yes,scrollbars=yes,height=600,width=500'); return false;\" target=\"_blank\" title=\"LinkedIn\"><i class=\"mec-fa-linkedin\"><\/i><span class=\"mec-social-title\">LinkedIn<\/span><\/a><\/li><li class=\"mec-event-social-icon\"><a class=\"pinterest\" href=\"http:\/\/pinterest.com\/pin\/create\/button\/?url=https%3A%2F%2Fcercledeconsciencia.com%2Fca%2Factividades%2Fconstelaciones-sistemicas-integrativas%2F\" target=\"_blank\" title=\"Compartir a Pinterest\"><i class=\"mec-fa-pinterest\"><\/i><span class=\"mec-social-title\">Pitnerest<\/span><\/a><\/li><li class=\"mec-event-social-icon\"><a class=\"whatsapp\" href=\"https:\/\/api.whatsapp.com\/send?text=https%3A%2F%2Fcercledeconsciencia.com%2Fca%2Factividades%2Fconstelaciones-sistemicas-integrativas%2F\" target=\"_blank\" title=\"Compartir a WhatsApp\"><i class=\"mec-fa-whatsapp\"><\/i><span class=\"mec-social-title\">WhatsApp<\/span><\/a><\/li><li class=\"mec-event-social-icon\"><a class=\"telegram\" href=\"https:\/\/telegram.me\/share\/url?url=https%3A%2F%2Fcercledeconsciencia.com%2Fca%2Factividades%2Fconstelaciones-sistemicas-integrativas%2F&text=Constelaciones Sist\u00e9micas Integrativas en Barcelona\" target=\"_blank\" title=\"Compartir a Telegram\">\r\n            <i><svg aria-hidden=\"true\" focusable=\"false\" data-prefix=\"fab\" data-icon=\"telegram\" class=\"svg-inline--fa fa-telegram fa-w-16\" role=\"img\" xmlns=\"http:\/\/www.w3.org\/2000\/svg\" viewBox=\"0 0 496 512\"><path fill=\"currentColor\" d=\"M248 8C111 8 0 119 0 256s111 248 248 248 248-111 248-248S385 8 248 8zm121.8 169.9l-40.7 191.8c-3 13.6-11.1 16.9-22.4 10.5l-62-45.7-29.9 28.8c-3.3 3.3-6.1 6.1-12.5 6.1l4.4-63.1 114.9-103.8c5-4.4-1.1-6.9-7.7-2.5l-142 89.4-61.2-19.1c-13.3-4.2-13.6-13.3 2.8-19.7l239.1-92.2c11.1-4 20.8 2.7 17.2 19.5z\"><\/path><\/svg><\/i>\r\n            <span class=\"mec-social-title\">Telegram<\/span>\r\n        <\/a><\/li>                                    <\/ul>\r\n                                <\/li>\r\n                            <\/ul>\r\n                                                <a class=\"mec-booking-button mec-bg-color-hover mec-border-color-hover\" data-event-id=\"2282\" href=\"https:\/\/cercledeconsciencia.com\/ca\/actividades\/constelaciones-sistemicas-integrativas\/\" target=\"_self\" rel=\"noopener\">Veure Detall<\/a>                                            <\/div>\r\n                <\/div>\r\n                            <\/article>\r\n                                    <article class=\"mec-past-event mec-event-article  mec-clear \" itemscope>\r\n                                        <div class=\"event-carousel-type3-head clearfix\">\r\n                    <div class=\"mec-event-image\">\r\n                        <a data-event-id=\"2289\" href=\"https:\/\/cercledeconsciencia.com\/ca\/actividades\/desbloqueo-corporal\/\" target=\"_self\" rel=\"noopener\"><img loading=\"lazy\" decoding=\"async\" width=\"474\" height=\"324\" src=\"https:\/\/cercledeconsciencia.com\/wp-content\/uploads\/2024\/07\/Captura-de-pantalla-2025-10-30-a-las-9.13.46-474x324.png\" class=\"attachment-meccarouselthumb size-meccarouselthumb wp-post-image\" alt=\"\" data-mec-postid=\"2289\" \/><\/a>                                            <\/div>\r\n                    <div class=\"mec-event-footer-carousel-type3\">\r\n                                                    <span class=\"mec-event-date-info\"><span class=\"mec-start-date-label\">maig 11, 2026<\/span><\/span>\r\n                                                                                                                        <h4 class=\"mec-event-carousel-title\"><a class=\"mec-color-hover\" data-event-id=\"2289\" href=\"https:\/\/cercledeconsciencia.com\/ca\/actividades\/desbloqueo-corporal\/\" target=\"_self\" rel=\"noopener\">Desbloqueo corporal \u2013 Grupo ma\u00f1anas<\/a><\/h4>\r\n                                                <p class=\"mec-carousel-event-location\"><span>Espai TCI de Barcelona<\/span><br>Carrer de Pau Alsina, 35 Gracia - Barcelona<\/p>\r\n                                                    <ul class=\"mec-event-sharing-wrap\">\r\n                                <li class=\"mec-event-share\">\r\n                                    <a href=\"#\" class=\"mec-event-share-icon\">\r\n                                        <i class=\"mec-sl-share mec-bg-color-hover mec-border-color-hover\" title=\"Comparteix\" alt=\"Comparteix\"><\/i>\r\n                                    <\/a>\r\n                                <\/li>\r\n                                <li>\r\n                                    <ul class=\"mec-event-sharing\">\r\n                                        <li class=\"mec-event-social-icon\"><a class=\"facebook\" href=\"https:\/\/www.facebook.com\/sharer\/sharer.php?u=https%3A%2F%2Fcercledeconsciencia.com%2Fca%2Factividades%2Fdesbloqueo-corporal%2F\" onclick=\"javascript:window.open(this.href, '', 'menubar=no,toolbar=no,resizable=yes,scrollbars=yes,height=500,width=600'); return false;\" target=\"_blank\" title=\"Compartir a Facebook\"><i class=\"mec-fa-facebook\"><\/i><span class=\"mec-social-title\">Facebook<\/span><\/a><\/li><li class=\"mec-event-social-icon\"><a class=\"twitter\" href=\"https:\/\/x.com\/intent\/tweet?url=https%3A%2F%2Fcercledeconsciencia.com%2Fca%2Factividades%2Fdesbloqueo-corporal%2F\" onclick=\"javascript:window.open(this.href, '', 'menubar=no,toolbar=no,resizable=yes,scrollbars=yes,height=600,width=500'); return false;\" target=\"_blank\" title=\"X Social Network\"><svg xmlns=\"http:\/\/www.w3.org\/2000\/svg\" shape-rendering=\"geometricPrecision\" text-rendering=\"geometricPrecision\" image-rendering=\"optimizeQuality\" fill-rule=\"evenodd\" clip-rule=\"evenodd\" viewBox=\"0 0 512 462.799\"><path fill-rule=\"nonzero\" d=\"M403.229 0h78.506L310.219 196.04 512 462.799H354.002L230.261 301.007 88.669 462.799h-78.56l183.455-209.683L0 0h161.999l111.856 147.88L403.229 0zm-27.556 415.805h43.505L138.363 44.527h-46.68l283.99 371.278z\"\/><\/svg><span class=\"mec-social-title\">Twitter<\/span><\/a><\/li><li class=\"mec-event-social-icon\"><a class=\"linkedin\" href=\"https:\/\/www.linkedin.com\/shareArticle?mini=true&url=https%3A%2F%2Fcercledeconsciencia.com%2Fca%2Factividades%2Fdesbloqueo-corporal%2F\" onclick=\"javascript:window.open(this.href, '', 'menubar=no,toolbar=no,resizable=yes,scrollbars=yes,height=600,width=500'); return false;\" target=\"_blank\" title=\"LinkedIn\"><i class=\"mec-fa-linkedin\"><\/i><span class=\"mec-social-title\">LinkedIn<\/span><\/a><\/li><li class=\"mec-event-social-icon\"><a class=\"pinterest\" href=\"http:\/\/pinterest.com\/pin\/create\/button\/?url=https%3A%2F%2Fcercledeconsciencia.com%2Fca%2Factividades%2Fdesbloqueo-corporal%2F\" target=\"_blank\" title=\"Compartir a Pinterest\"><i class=\"mec-fa-pinterest\"><\/i><span class=\"mec-social-title\">Pitnerest<\/span><\/a><\/li><li class=\"mec-event-social-icon\"><a class=\"whatsapp\" href=\"https:\/\/api.whatsapp.com\/send?text=https%3A%2F%2Fcercledeconsciencia.com%2Fca%2Factividades%2Fdesbloqueo-corporal%2F\" target=\"_blank\" title=\"Compartir a WhatsApp\"><i class=\"mec-fa-whatsapp\"><\/i><span class=\"mec-social-title\">WhatsApp<\/span><\/a><\/li><li class=\"mec-event-social-icon\"><a class=\"telegram\" href=\"https:\/\/telegram.me\/share\/url?url=https%3A%2F%2Fcercledeconsciencia.com%2Fca%2Factividades%2Fdesbloqueo-corporal%2F&text=Desbloqueo corporal \u2013 Grupo ma\u00f1anas\" target=\"_blank\" title=\"Compartir a Telegram\">\r\n            <i><svg aria-hidden=\"true\" focusable=\"false\" data-prefix=\"fab\" data-icon=\"telegram\" class=\"svg-inline--fa fa-telegram fa-w-16\" role=\"img\" xmlns=\"http:\/\/www.w3.org\/2000\/svg\" viewBox=\"0 0 496 512\"><path fill=\"currentColor\" d=\"M248 8C111 8 0 119 0 256s111 248 248 248 248-111 248-248S385 8 248 8zm121.8 169.9l-40.7 191.8c-3 13.6-11.1 16.9-22.4 10.5l-62-45.7-29.9 28.8c-3.3 3.3-6.1 6.1-12.5 6.1l4.4-63.1 114.9-103.8c5-4.4-1.1-6.9-7.7-2.5l-142 89.4-61.2-19.1c-13.3-4.2-13.6-13.3 2.8-19.7l239.1-92.2c11.1-4 20.8 2.7 17.2 19.5z\"><\/path><\/svg><\/i>\r\n            <span class=\"mec-social-title\">Telegram<\/span>\r\n        <\/a><\/li>                                    <\/ul>\r\n                                <\/li>\r\n                            <\/ul>\r\n                                                <a class=\"mec-booking-button mec-bg-color-hover mec-border-color-hover\" data-event-id=\"2289\" href=\"https:\/\/cercledeconsciencia.com\/ca\/actividades\/desbloqueo-corporal\/\" target=\"_self\" rel=\"noopener\">Veure Detall<\/a>                                            <\/div>\r\n                <\/div>\r\n                            <\/article>\r\n                        <article class=\"mec-past-event mec-event-article  mec-clear \" itemscope>\r\n                                        <div class=\"event-carousel-type3-head clearfix\">\r\n                    <div class=\"mec-event-image\">\r\n                        <a data-event-id=\"5469\" href=\"https:\/\/cercledeconsciencia.com\/ca\/actividades\/psicodanza-integrativa-mallorca\/\" target=\"_self\" rel=\"noopener\"><img loading=\"lazy\" decoding=\"async\" width=\"474\" height=\"324\" src=\"https:\/\/cercledeconsciencia.com\/wp-content\/uploads\/2025\/10\/Captura-de-pantalla-2025-10-23-a-las-9.15.25-474x324.png\" class=\"attachment-meccarouselthumb size-meccarouselthumb wp-post-image\" alt=\"\" data-mec-postid=\"5469\" \/><\/a>                                            <\/div>\r\n                    <div class=\"mec-event-footer-carousel-type3\">\r\n                                                    <span class=\"mec-event-date-info\"><span class=\"mec-start-date-label\">maig 11, 2026<\/span><\/span>\r\n                                                                                                                        <h4 class=\"mec-event-carousel-title\"><a class=\"mec-color-hover\" data-event-id=\"5469\" href=\"https:\/\/cercledeconsciencia.com\/ca\/actividades\/psicodanza-integrativa-mallorca\/\" target=\"_self\" rel=\"noopener\">Psicodanza Integrativa Mallorca<\/a><\/h4>\r\n                                                <p class=\"mec-carousel-event-location\"><span>Mallorca<\/span><br>Carrer Ciutat de Quer\u00e9taro, 6, 2.\u00ba 1.\u00aa Palma<\/p>\r\n                                                    <ul class=\"mec-event-sharing-wrap\">\r\n                                <li class=\"mec-event-share\">\r\n                                    <a href=\"#\" class=\"mec-event-share-icon\">\r\n                                        <i class=\"mec-sl-share mec-bg-color-hover mec-border-color-hover\" title=\"Comparteix\" alt=\"Comparteix\"><\/i>\r\n                                    <\/a>\r\n                                <\/li>\r\n                                <li>\r\n                                    <ul class=\"mec-event-sharing\">\r\n                                        <li class=\"mec-event-social-icon\"><a class=\"facebook\" href=\"https:\/\/www.facebook.com\/sharer\/sharer.php?u=https%3A%2F%2Fcercledeconsciencia.com%2Fca%2Factividades%2Fpsicodanza-integrativa-mallorca%2F\" onclick=\"javascript:window.open(this.href, '', 'menubar=no,toolbar=no,resizable=yes,scrollbars=yes,height=500,width=600'); return false;\" target=\"_blank\" title=\"Compartir a Facebook\"><i class=\"mec-fa-facebook\"><\/i><span class=\"mec-social-title\">Facebook<\/span><\/a><\/li><li class=\"mec-event-social-icon\"><a class=\"twitter\" href=\"https:\/\/x.com\/intent\/tweet?url=https%3A%2F%2Fcercledeconsciencia.com%2Fca%2Factividades%2Fpsicodanza-integrativa-mallorca%2F\" onclick=\"javascript:window.open(this.href, '', 'menubar=no,toolbar=no,resizable=yes,scrollbars=yes,height=600,width=500'); return false;\" target=\"_blank\" title=\"X Social Network\"><svg xmlns=\"http:\/\/www.w3.org\/2000\/svg\" shape-rendering=\"geometricPrecision\" text-rendering=\"geometricPrecision\" image-rendering=\"optimizeQuality\" fill-rule=\"evenodd\" clip-rule=\"evenodd\" viewBox=\"0 0 512 462.799\"><path fill-rule=\"nonzero\" d=\"M403.229 0h78.506L310.219 196.04 512 462.799H354.002L230.261 301.007 88.669 462.799h-78.56l183.455-209.683L0 0h161.999l111.856 147.88L403.229 0zm-27.556 415.805h43.505L138.363 44.527h-46.68l283.99 371.278z\"\/><\/svg><span class=\"mec-social-title\">Twitter<\/span><\/a><\/li><li class=\"mec-event-social-icon\"><a class=\"linkedin\" href=\"https:\/\/www.linkedin.com\/shareArticle?mini=true&url=https%3A%2F%2Fcercledeconsciencia.com%2Fca%2Factividades%2Fpsicodanza-integrativa-mallorca%2F\" onclick=\"javascript:window.open(this.href, '', 'menubar=no,toolbar=no,resizable=yes,scrollbars=yes,height=600,width=500'); return false;\" target=\"_blank\" title=\"LinkedIn\"><i class=\"mec-fa-linkedin\"><\/i><span class=\"mec-social-title\">LinkedIn<\/span><\/a><\/li><li class=\"mec-event-social-icon\"><a class=\"pinterest\" href=\"http:\/\/pinterest.com\/pin\/create\/button\/?url=https%3A%2F%2Fcercledeconsciencia.com%2Fca%2Factividades%2Fpsicodanza-integrativa-mallorca%2F\" target=\"_blank\" title=\"Compartir a Pinterest\"><i class=\"mec-fa-pinterest\"><\/i><span class=\"mec-social-title\">Pitnerest<\/span><\/a><\/li><li class=\"mec-event-social-icon\"><a class=\"whatsapp\" href=\"https:\/\/api.whatsapp.com\/send?text=https%3A%2F%2Fcercledeconsciencia.com%2Fca%2Factividades%2Fpsicodanza-integrativa-mallorca%2F\" target=\"_blank\" title=\"Compartir a WhatsApp\"><i class=\"mec-fa-whatsapp\"><\/i><span class=\"mec-social-title\">WhatsApp<\/span><\/a><\/li><li class=\"mec-event-social-icon\"><a class=\"telegram\" href=\"https:\/\/telegram.me\/share\/url?url=https%3A%2F%2Fcercledeconsciencia.com%2Fca%2Factividades%2Fpsicodanza-integrativa-mallorca%2F&text=Psicodanza Integrativa Mallorca\" target=\"_blank\" title=\"Compartir a Telegram\">\r\n            <i><svg aria-hidden=\"true\" focusable=\"false\" data-prefix=\"fab\" data-icon=\"telegram\" class=\"svg-inline--fa fa-telegram fa-w-16\" role=\"img\" xmlns=\"http:\/\/www.w3.org\/2000\/svg\" viewBox=\"0 0 496 512\"><path fill=\"currentColor\" d=\"M248 8C111 8 0 119 0 256s111 248 248 248 248-111 248-248S385 8 248 8zm121.8 169.9l-40.7 191.8c-3 13.6-11.1 16.9-22.4 10.5l-62-45.7-29.9 28.8c-3.3 3.3-6.1 6.1-12.5 6.1l4.4-63.1 114.9-103.8c5-4.4-1.1-6.9-7.7-2.5l-142 89.4-61.2-19.1c-13.3-4.2-13.6-13.3 2.8-19.7l239.1-92.2c11.1-4 20.8 2.7 17.2 19.5z\"><\/path><\/svg><\/i>\r\n            <span class=\"mec-social-title\">Telegram<\/span>\r\n        <\/a><\/li>                                    <\/ul>\r\n                                <\/li>\r\n                            <\/ul>\r\n                                                <a class=\"mec-booking-button mec-bg-color-hover mec-border-color-hover\" data-event-id=\"5469\" href=\"https:\/\/cercledeconsciencia.com\/ca\/actividades\/psicodanza-integrativa-mallorca\/\" target=\"_self\" rel=\"noopener\">Veure Detall<\/a>                                            <\/div>\r\n                <\/div>\r\n                            <\/article>\r\n                                    <article class=\"mec-past-event mec-event-article  mec-clear \" itemscope>\r\n                                        <div class=\"event-carousel-type3-head clearfix\">\r\n                    <div class=\"mec-event-image\">\r\n                        <a data-event-id=\"5471\" href=\"https:\/\/cercledeconsciencia.com\/ca\/actividades\/ciclo-de-meditaciones-activas\/\" target=\"_self\" rel=\"noopener\"><img loading=\"lazy\" decoding=\"async\" width=\"474\" height=\"324\" src=\"https:\/\/cercledeconsciencia.com\/wp-content\/uploads\/2025\/10\/Captura-de-pantalla-2025-10-23-a-las-11.42.32-474x324.png\" class=\"attachment-meccarouselthumb size-meccarouselthumb wp-post-image\" alt=\"\" data-mec-postid=\"5471\" \/><\/a>                                            <\/div>\r\n                    <div class=\"mec-event-footer-carousel-type3\">\r\n                                                    <span class=\"mec-event-date-info\"><span class=\"mec-start-date-label\">maig 12, 2026<\/span><\/span>\r\n                                                                                                                        <h4 class=\"mec-event-carousel-title\"><a class=\"mec-color-hover\" data-event-id=\"5471\" href=\"https:\/\/cercledeconsciencia.com\/ca\/actividades\/ciclo-de-meditaciones-activas\/\" target=\"_self\" rel=\"noopener\">Ciclo de Meditaciones Activas<\/a><\/h4>\r\n                                                <p class=\"mec-carousel-event-location\"><span>Espai TCI de Barcelona<\/span><br>Carrer de Pau Alsina, 35 Gracia - Barcelona<\/p>\r\n                                                    <ul class=\"mec-event-sharing-wrap\">\r\n                                <li class=\"mec-event-share\">\r\n                                    <a href=\"#\" class=\"mec-event-share-icon\">\r\n                                        <i class=\"mec-sl-share mec-bg-color-hover mec-border-color-hover\" title=\"Comparteix\" alt=\"Comparteix\"><\/i>\r\n                                    <\/a>\r\n                                <\/li>\r\n                                <li>\r\n                                    <ul class=\"mec-event-sharing\">\r\n                                        <li class=\"mec-event-social-icon\"><a class=\"facebook\" href=\"https:\/\/www.facebook.com\/sharer\/sharer.php?u=https%3A%2F%2Fcercledeconsciencia.com%2Fca%2Factividades%2Fciclo-de-meditaciones-activas%2F\" onclick=\"javascript:window.open(this.href, '', 'menubar=no,toolbar=no,resizable=yes,scrollbars=yes,height=500,width=600'); return false;\" target=\"_blank\" title=\"Compartir a Facebook\"><i class=\"mec-fa-facebook\"><\/i><span class=\"mec-social-title\">Facebook<\/span><\/a><\/li><li class=\"mec-event-social-icon\"><a class=\"twitter\" href=\"https:\/\/x.com\/intent\/tweet?url=https%3A%2F%2Fcercledeconsciencia.com%2Fca%2Factividades%2Fciclo-de-meditaciones-activas%2F\" onclick=\"javascript:window.open(this.href, '', 'menubar=no,toolbar=no,resizable=yes,scrollbars=yes,height=600,width=500'); return false;\" target=\"_blank\" title=\"X Social Network\"><svg xmlns=\"http:\/\/www.w3.org\/2000\/svg\" shape-rendering=\"geometricPrecision\" text-rendering=\"geometricPrecision\" image-rendering=\"optimizeQuality\" fill-rule=\"evenodd\" clip-rule=\"evenodd\" viewBox=\"0 0 512 462.799\"><path fill-rule=\"nonzero\" d=\"M403.229 0h78.506L310.219 196.04 512 462.799H354.002L230.261 301.007 88.669 462.799h-78.56l183.455-209.683L0 0h161.999l111.856 147.88L403.229 0zm-27.556 415.805h43.505L138.363 44.527h-46.68l283.99 371.278z\"\/><\/svg><span class=\"mec-social-title\">Twitter<\/span><\/a><\/li><li class=\"mec-event-social-icon\"><a class=\"linkedin\" href=\"https:\/\/www.linkedin.com\/shareArticle?mini=true&url=https%3A%2F%2Fcercledeconsciencia.com%2Fca%2Factividades%2Fciclo-de-meditaciones-activas%2F\" onclick=\"javascript:window.open(this.href, '', 'menubar=no,toolbar=no,resizable=yes,scrollbars=yes,height=600,width=500'); return false;\" target=\"_blank\" title=\"LinkedIn\"><i class=\"mec-fa-linkedin\"><\/i><span class=\"mec-social-title\">LinkedIn<\/span><\/a><\/li><li class=\"mec-event-social-icon\"><a class=\"pinterest\" href=\"http:\/\/pinterest.com\/pin\/create\/button\/?url=https%3A%2F%2Fcercledeconsciencia.com%2Fca%2Factividades%2Fciclo-de-meditaciones-activas%2F\" target=\"_blank\" title=\"Compartir a Pinterest\"><i class=\"mec-fa-pinterest\"><\/i><span class=\"mec-social-title\">Pitnerest<\/span><\/a><\/li><li class=\"mec-event-social-icon\"><a class=\"whatsapp\" href=\"https:\/\/api.whatsapp.com\/send?text=https%3A%2F%2Fcercledeconsciencia.com%2Fca%2Factividades%2Fciclo-de-meditaciones-activas%2F\" target=\"_blank\" title=\"Compartir a WhatsApp\"><i class=\"mec-fa-whatsapp\"><\/i><span class=\"mec-social-title\">WhatsApp<\/span><\/a><\/li><li class=\"mec-event-social-icon\"><a class=\"telegram\" href=\"https:\/\/telegram.me\/share\/url?url=https%3A%2F%2Fcercledeconsciencia.com%2Fca%2Factividades%2Fciclo-de-meditaciones-activas%2F&text=Ciclo de Meditaciones Activas\" target=\"_blank\" title=\"Compartir a Telegram\">\r\n            <i><svg aria-hidden=\"true\" focusable=\"false\" data-prefix=\"fab\" data-icon=\"telegram\" class=\"svg-inline--fa fa-telegram fa-w-16\" role=\"img\" xmlns=\"http:\/\/www.w3.org\/2000\/svg\" viewBox=\"0 0 496 512\"><path fill=\"currentColor\" d=\"M248 8C111 8 0 119 0 256s111 248 248 248 248-111 248-248S385 8 248 8zm121.8 169.9l-40.7 191.8c-3 13.6-11.1 16.9-22.4 10.5l-62-45.7-29.9 28.8c-3.3 3.3-6.1 6.1-12.5 6.1l4.4-63.1 114.9-103.8c5-4.4-1.1-6.9-7.7-2.5l-142 89.4-61.2-19.1c-13.3-4.2-13.6-13.3 2.8-19.7l239.1-92.2c11.1-4 20.8 2.7 17.2 19.5z\"><\/path><\/svg><\/i>\r\n            <span class=\"mec-social-title\">Telegram<\/span>\r\n        <\/a><\/li>                                    <\/ul>\r\n                                <\/li>\r\n                            <\/ul>\r\n                                                <a class=\"mec-booking-button mec-bg-color-hover mec-border-color-hover\" data-event-id=\"5471\" href=\"https:\/\/cercledeconsciencia.com\/ca\/actividades\/ciclo-de-meditaciones-activas\/\" target=\"_self\" rel=\"noopener\">Veure Detall<\/a>                                            <\/div>\r\n                <\/div>\r\n                            <\/article>\r\n                                    <article class=\"mec-past-event mec-event-article  mec-clear \" itemscope>\r\n                                        <div class=\"event-carousel-type3-head clearfix\">\r\n                    <div class=\"mec-event-image\">\r\n                        <a data-event-id=\"2273\" href=\"https:\/\/cercledeconsciencia.com\/ca\/actividades\/terapia-corporal-y-respiratoria\/\" target=\"_self\" rel=\"noopener\"><img loading=\"lazy\" decoding=\"async\" width=\"474\" height=\"324\" src=\"https:\/\/cercledeconsciencia.com\/wp-content\/uploads\/2023\/11\/IMG_TERAPIA-CORPORAL-y-RESPIRATORIA-474x324.jpg\" class=\"attachment-meccarouselthumb size-meccarouselthumb wp-post-image\" alt=\"\" data-mec-postid=\"2273\" \/><\/a>                                            <\/div>\r\n                    <div class=\"mec-event-footer-carousel-type3\">\r\n                                                    <span class=\"mec-event-date-info\"><span class=\"mec-start-date-label\">maig 13, 2026<\/span><\/span>\r\n                                                                                                                        <h4 class=\"mec-event-carousel-title\"><a class=\"mec-color-hover\" data-event-id=\"2273\" href=\"https:\/\/cercledeconsciencia.com\/ca\/actividades\/terapia-corporal-y-respiratoria\/\" target=\"_self\" rel=\"noopener\">Terapia Corporal y Respiratoria<\/a><\/h4>\r\n                                                <p class=\"mec-carousel-event-location\"><span>Espai TCI de Barcelona<\/span><br>Carrer de Pau Alsina, 35 Gracia - Barcelona<\/p>\r\n                                                    <ul class=\"mec-event-sharing-wrap\">\r\n                                <li class=\"mec-event-share\">\r\n                                    <a href=\"#\" class=\"mec-event-share-icon\">\r\n                                        <i class=\"mec-sl-share mec-bg-color-hover mec-border-color-hover\" title=\"Comparteix\" alt=\"Comparteix\"><\/i>\r\n                                    <\/a>\r\n                                <\/li>\r\n                                <li>\r\n                                    <ul class=\"mec-event-sharing\">\r\n                                        <li class=\"mec-event-social-icon\"><a class=\"facebook\" href=\"https:\/\/www.facebook.com\/sharer\/sharer.php?u=https%3A%2F%2Fcercledeconsciencia.com%2Fca%2Factividades%2Fterapia-corporal-y-respiratoria%2F\" onclick=\"javascript:window.open(this.href, '', 'menubar=no,toolbar=no,resizable=yes,scrollbars=yes,height=500,width=600'); return false;\" target=\"_blank\" title=\"Compartir a Facebook\"><i class=\"mec-fa-facebook\"><\/i><span class=\"mec-social-title\">Facebook<\/span><\/a><\/li><li class=\"mec-event-social-icon\"><a class=\"twitter\" href=\"https:\/\/x.com\/intent\/tweet?url=https%3A%2F%2Fcercledeconsciencia.com%2Fca%2Factividades%2Fterapia-corporal-y-respiratoria%2F\" onclick=\"javascript:window.open(this.href, '', 'menubar=no,toolbar=no,resizable=yes,scrollbars=yes,height=600,width=500'); return false;\" target=\"_blank\" title=\"X Social Network\"><svg xmlns=\"http:\/\/www.w3.org\/2000\/svg\" shape-rendering=\"geometricPrecision\" text-rendering=\"geometricPrecision\" image-rendering=\"optimizeQuality\" fill-rule=\"evenodd\" clip-rule=\"evenodd\" viewBox=\"0 0 512 462.799\"><path fill-rule=\"nonzero\" d=\"M403.229 0h78.506L310.219 196.04 512 462.799H354.002L230.261 301.007 88.669 462.799h-78.56l183.455-209.683L0 0h161.999l111.856 147.88L403.229 0zm-27.556 415.805h43.505L138.363 44.527h-46.68l283.99 371.278z\"\/><\/svg><span class=\"mec-social-title\">Twitter<\/span><\/a><\/li><li class=\"mec-event-social-icon\"><a class=\"linkedin\" href=\"https:\/\/www.linkedin.com\/shareArticle?mini=true&url=https%3A%2F%2Fcercledeconsciencia.com%2Fca%2Factividades%2Fterapia-corporal-y-respiratoria%2F\" onclick=\"javascript:window.open(this.href, '', 'menubar=no,toolbar=no,resizable=yes,scrollbars=yes,height=600,width=500'); return false;\" target=\"_blank\" title=\"LinkedIn\"><i class=\"mec-fa-linkedin\"><\/i><span class=\"mec-social-title\">LinkedIn<\/span><\/a><\/li><li class=\"mec-event-social-icon\"><a class=\"pinterest\" href=\"http:\/\/pinterest.com\/pin\/create\/button\/?url=https%3A%2F%2Fcercledeconsciencia.com%2Fca%2Factividades%2Fterapia-corporal-y-respiratoria%2F\" target=\"_blank\" title=\"Compartir a Pinterest\"><i class=\"mec-fa-pinterest\"><\/i><span class=\"mec-social-title\">Pitnerest<\/span><\/a><\/li><li class=\"mec-event-social-icon\"><a class=\"whatsapp\" href=\"https:\/\/api.whatsapp.com\/send?text=https%3A%2F%2Fcercledeconsciencia.com%2Fca%2Factividades%2Fterapia-corporal-y-respiratoria%2F\" target=\"_blank\" title=\"Compartir a WhatsApp\"><i class=\"mec-fa-whatsapp\"><\/i><span class=\"mec-social-title\">WhatsApp<\/span><\/a><\/li><li class=\"mec-event-social-icon\"><a class=\"telegram\" href=\"https:\/\/telegram.me\/share\/url?url=https%3A%2F%2Fcercledeconsciencia.com%2Fca%2Factividades%2Fterapia-corporal-y-respiratoria%2F&text=Terapia Corporal y Respiratoria\" target=\"_blank\" title=\"Compartir a Telegram\">\r\n            <i><svg aria-hidden=\"true\" focusable=\"false\" data-prefix=\"fab\" data-icon=\"telegram\" class=\"svg-inline--fa fa-telegram fa-w-16\" role=\"img\" xmlns=\"http:\/\/www.w3.org\/2000\/svg\" viewBox=\"0 0 496 512\"><path fill=\"currentColor\" d=\"M248 8C111 8 0 119 0 256s111 248 248 248 248-111 248-248S385 8 248 8zm121.8 169.9l-40.7 191.8c-3 13.6-11.1 16.9-22.4 10.5l-62-45.7-29.9 28.8c-3.3 3.3-6.1 6.1-12.5 6.1l4.4-63.1 114.9-103.8c5-4.4-1.1-6.9-7.7-2.5l-142 89.4-61.2-19.1c-13.3-4.2-13.6-13.3 2.8-19.7l239.1-92.2c11.1-4 20.8 2.7 17.2 19.5z\"><\/path><\/svg><\/i>\r\n            <span class=\"mec-social-title\">Telegram<\/span>\r\n        <\/a><\/li>                                    <\/ul>\r\n                                <\/li>\r\n                            <\/ul>\r\n                                                <a class=\"mec-booking-button mec-bg-color-hover mec-border-color-hover\" data-event-id=\"2273\" href=\"https:\/\/cercledeconsciencia.com\/ca\/actividades\/terapia-corporal-y-respiratoria\/\" target=\"_self\" rel=\"noopener\">Veure Detall<\/a>                                            <\/div>\r\n                <\/div>\r\n                            <\/article>\r\n                        <article class=\"mec-past-event mec-event-article  mec-clear \" itemscope>\r\n                                        <div class=\"event-carousel-type3-head clearfix\">\r\n                    <div class=\"mec-event-image\">\r\n                        <a data-event-id=\"4654\" href=\"https:\/\/cercledeconsciencia.com\/ca\/actividades\/entre-mujeres-grupo-mallorca\/\" target=\"_self\" rel=\"noopener\"><img loading=\"lazy\" decoding=\"async\" width=\"474\" height=\"324\" src=\"https:\/\/cercledeconsciencia.com\/wp-content\/uploads\/2024\/07\/Captura-de-pantalla-2025-09-23-a-las-11.55.27-474x324.png\" class=\"attachment-meccarouselthumb size-meccarouselthumb wp-post-image\" alt=\"\" data-mec-postid=\"4654\" \/><\/a>                                            <\/div>\r\n                    <div class=\"mec-event-footer-carousel-type3\">\r\n                                                    <span class=\"mec-event-date-info\"><span class=\"mec-start-date-label\">maig 13, 2026<\/span><\/span>\r\n                                                                                                                        <h4 class=\"mec-event-carousel-title\"><a class=\"mec-color-hover\" data-event-id=\"4654\" href=\"https:\/\/cercledeconsciencia.com\/ca\/actividades\/entre-mujeres-grupo-mallorca\/\" target=\"_self\" rel=\"noopener\">Entre Mujeres &#8211; Grupo Terap\u00e9utico Mallorca<\/a><\/h4>\r\n                                                <p class=\"mec-carousel-event-location\"><span>Mallorca<\/span><br>Carrer Ciutat de Quer\u00e9taro, 6, 2.\u00ba 1.\u00aa Palma<\/p>\r\n                                                    <ul class=\"mec-event-sharing-wrap\">\r\n                                <li class=\"mec-event-share\">\r\n                                    <a href=\"#\" class=\"mec-event-share-icon\">\r\n                                        <i class=\"mec-sl-share mec-bg-color-hover mec-border-color-hover\" title=\"Comparteix\" alt=\"Comparteix\"><\/i>\r\n                                    <\/a>\r\n                                <\/li>\r\n                                <li>\r\n                                    <ul class=\"mec-event-sharing\">\r\n                                        <li class=\"mec-event-social-icon\"><a class=\"facebook\" href=\"https:\/\/www.facebook.com\/sharer\/sharer.php?u=https%3A%2F%2Fcercledeconsciencia.com%2Fca%2Factividades%2Fentre-mujeres-grupo-mallorca%2F\" onclick=\"javascript:window.open(this.href, '', 'menubar=no,toolbar=no,resizable=yes,scrollbars=yes,height=500,width=600'); return false;\" target=\"_blank\" title=\"Compartir a Facebook\"><i class=\"mec-fa-facebook\"><\/i><span class=\"mec-social-title\">Facebook<\/span><\/a><\/li><li class=\"mec-event-social-icon\"><a class=\"twitter\" href=\"https:\/\/x.com\/intent\/tweet?url=https%3A%2F%2Fcercledeconsciencia.com%2Fca%2Factividades%2Fentre-mujeres-grupo-mallorca%2F\" onclick=\"javascript:window.open(this.href, '', 'menubar=no,toolbar=no,resizable=yes,scrollbars=yes,height=600,width=500'); return false;\" target=\"_blank\" title=\"X Social Network\"><svg xmlns=\"http:\/\/www.w3.org\/2000\/svg\" shape-rendering=\"geometricPrecision\" text-rendering=\"geometricPrecision\" image-rendering=\"optimizeQuality\" fill-rule=\"evenodd\" clip-rule=\"evenodd\" viewBox=\"0 0 512 462.799\"><path fill-rule=\"nonzero\" d=\"M403.229 0h78.506L310.219 196.04 512 462.799H354.002L230.261 301.007 88.669 462.799h-78.56l183.455-209.683L0 0h161.999l111.856 147.88L403.229 0zm-27.556 415.805h43.505L138.363 44.527h-46.68l283.99 371.278z\"\/><\/svg><span class=\"mec-social-title\">Twitter<\/span><\/a><\/li><li class=\"mec-event-social-icon\"><a class=\"linkedin\" href=\"https:\/\/www.linkedin.com\/shareArticle?mini=true&url=https%3A%2F%2Fcercledeconsciencia.com%2Fca%2Factividades%2Fentre-mujeres-grupo-mallorca%2F\" onclick=\"javascript:window.open(this.href, '', 'menubar=no,toolbar=no,resizable=yes,scrollbars=yes,height=600,width=500'); return false;\" target=\"_blank\" title=\"LinkedIn\"><i class=\"mec-fa-linkedin\"><\/i><span class=\"mec-social-title\">LinkedIn<\/span><\/a><\/li><li class=\"mec-event-social-icon\"><a class=\"pinterest\" href=\"http:\/\/pinterest.com\/pin\/create\/button\/?url=https%3A%2F%2Fcercledeconsciencia.com%2Fca%2Factividades%2Fentre-mujeres-grupo-mallorca%2F\" target=\"_blank\" title=\"Compartir a Pinterest\"><i class=\"mec-fa-pinterest\"><\/i><span class=\"mec-social-title\">Pitnerest<\/span><\/a><\/li><li class=\"mec-event-social-icon\"><a class=\"whatsapp\" href=\"https:\/\/api.whatsapp.com\/send?text=https%3A%2F%2Fcercledeconsciencia.com%2Fca%2Factividades%2Fentre-mujeres-grupo-mallorca%2F\" target=\"_blank\" title=\"Compartir a WhatsApp\"><i class=\"mec-fa-whatsapp\"><\/i><span class=\"mec-social-title\">WhatsApp<\/span><\/a><\/li><li class=\"mec-event-social-icon\"><a class=\"telegram\" href=\"https:\/\/telegram.me\/share\/url?url=https%3A%2F%2Fcercledeconsciencia.com%2Fca%2Factividades%2Fentre-mujeres-grupo-mallorca%2F&text=Entre Mujeres &#8211; Grupo Terap\u00e9utico Mallorca\" target=\"_blank\" title=\"Compartir a Telegram\">\r\n            <i><svg aria-hidden=\"true\" focusable=\"false\" data-prefix=\"fab\" data-icon=\"telegram\" class=\"svg-inline--fa fa-telegram fa-w-16\" role=\"img\" xmlns=\"http:\/\/www.w3.org\/2000\/svg\" viewBox=\"0 0 496 512\"><path fill=\"currentColor\" d=\"M248 8C111 8 0 119 0 256s111 248 248 248 248-111 248-248S385 8 248 8zm121.8 169.9l-40.7 191.8c-3 13.6-11.1 16.9-22.4 10.5l-62-45.7-29.9 28.8c-3.3 3.3-6.1 6.1-12.5 6.1l4.4-63.1 114.9-103.8c5-4.4-1.1-6.9-7.7-2.5l-142 89.4-61.2-19.1c-13.3-4.2-13.6-13.3 2.8-19.7l239.1-92.2c11.1-4 20.8 2.7 17.2 19.5z\"><\/path><\/svg><\/i>\r\n            <span class=\"mec-social-title\">Telegram<\/span>\r\n        <\/a><\/li>                                    <\/ul>\r\n                                <\/li>\r\n                            <\/ul>\r\n                                                <a class=\"mec-booking-button mec-bg-color-hover mec-border-color-hover\" data-event-id=\"4654\" href=\"https:\/\/cercledeconsciencia.com\/ca\/actividades\/entre-mujeres-grupo-mallorca\/\" target=\"_self\" rel=\"noopener\">Veure Detall<\/a>                                            <\/div>\r\n                <\/div>\r\n                            <\/article>\r\n                        <article class=\"mec-past-event mec-event-article  mec-clear \" itemscope>\r\n                                        <div class=\"event-carousel-type3-head clearfix\">\r\n                    <div class=\"mec-event-image\">\r\n                        <a data-event-id=\"2276\" href=\"https:\/\/cercledeconsciencia.com\/ca\/actividades\/teatro-terapeutico\/\" target=\"_self\" rel=\"noopener\"><img loading=\"lazy\" decoding=\"async\" width=\"474\" height=\"324\" src=\"https:\/\/cercledeconsciencia.com\/wp-content\/uploads\/2023\/11\/Imagen_SK_Curso_AC_TETE_2023-2024-474x324.jpg\" class=\"attachment-meccarouselthumb size-meccarouselthumb wp-post-image\" alt=\"\" data-mec-postid=\"2276\" \/><\/a>                                            <\/div>\r\n                    <div class=\"mec-event-footer-carousel-type3\">\r\n                                                    <span class=\"mec-event-date-info\"><span class=\"mec-start-date-label\">maig 13, 2026<\/span><\/span>\r\n                                                                                                                        <h4 class=\"mec-event-carousel-title\"><a class=\"mec-color-hover\" data-event-id=\"2276\" href=\"https:\/\/cercledeconsciencia.com\/ca\/actividades\/teatro-terapeutico\/\" target=\"_self\" rel=\"noopener\">Teatro Terap\u00e9utico<\/a><\/h4>\r\n                                                <p class=\"mec-carousel-event-location\"><span>Cercle Gestalt Barcelona<\/span><br>Carrer de Pau Alsina, 16, Gracia Barcelona<\/p>\r\n                                                    <ul class=\"mec-event-sharing-wrap\">\r\n                                <li class=\"mec-event-share\">\r\n                                    <a href=\"#\" class=\"mec-event-share-icon\">\r\n                                        <i class=\"mec-sl-share mec-bg-color-hover mec-border-color-hover\" title=\"Comparteix\" alt=\"Comparteix\"><\/i>\r\n                                    <\/a>\r\n                                <\/li>\r\n                                <li>\r\n                                    <ul class=\"mec-event-sharing\">\r\n                                        <li class=\"mec-event-social-icon\"><a class=\"facebook\" href=\"https:\/\/www.facebook.com\/sharer\/sharer.php?u=https%3A%2F%2Fcercledeconsciencia.com%2Fca%2Factividades%2Fteatro-terapeutico%2F\" onclick=\"javascript:window.open(this.href, '', 'menubar=no,toolbar=no,resizable=yes,scrollbars=yes,height=500,width=600'); return false;\" target=\"_blank\" title=\"Compartir a Facebook\"><i class=\"mec-fa-facebook\"><\/i><span class=\"mec-social-title\">Facebook<\/span><\/a><\/li><li class=\"mec-event-social-icon\"><a class=\"twitter\" href=\"https:\/\/x.com\/intent\/tweet?url=https%3A%2F%2Fcercledeconsciencia.com%2Fca%2Factividades%2Fteatro-terapeutico%2F\" onclick=\"javascript:window.open(this.href, '', 'menubar=no,toolbar=no,resizable=yes,scrollbars=yes,height=600,width=500'); return false;\" target=\"_blank\" title=\"X Social Network\"><svg xmlns=\"http:\/\/www.w3.org\/2000\/svg\" shape-rendering=\"geometricPrecision\" text-rendering=\"geometricPrecision\" image-rendering=\"optimizeQuality\" fill-rule=\"evenodd\" clip-rule=\"evenodd\" viewBox=\"0 0 512 462.799\"><path fill-rule=\"nonzero\" d=\"M403.229 0h78.506L310.219 196.04 512 462.799H354.002L230.261 301.007 88.669 462.799h-78.56l183.455-209.683L0 0h161.999l111.856 147.88L403.229 0zm-27.556 415.805h43.505L138.363 44.527h-46.68l283.99 371.278z\"\/><\/svg><span class=\"mec-social-title\">Twitter<\/span><\/a><\/li><li class=\"mec-event-social-icon\"><a class=\"linkedin\" href=\"https:\/\/www.linkedin.com\/shareArticle?mini=true&url=https%3A%2F%2Fcercledeconsciencia.com%2Fca%2Factividades%2Fteatro-terapeutico%2F\" onclick=\"javascript:window.open(this.href, '', 'menubar=no,toolbar=no,resizable=yes,scrollbars=yes,height=600,width=500'); return false;\" target=\"_blank\" title=\"LinkedIn\"><i class=\"mec-fa-linkedin\"><\/i><span class=\"mec-social-title\">LinkedIn<\/span><\/a><\/li><li class=\"mec-event-social-icon\"><a class=\"pinterest\" href=\"http:\/\/pinterest.com\/pin\/create\/button\/?url=https%3A%2F%2Fcercledeconsciencia.com%2Fca%2Factividades%2Fteatro-terapeutico%2F\" target=\"_blank\" title=\"Compartir a Pinterest\"><i class=\"mec-fa-pinterest\"><\/i><span class=\"mec-social-title\">Pitnerest<\/span><\/a><\/li><li class=\"mec-event-social-icon\"><a class=\"whatsapp\" href=\"https:\/\/api.whatsapp.com\/send?text=https%3A%2F%2Fcercledeconsciencia.com%2Fca%2Factividades%2Fteatro-terapeutico%2F\" target=\"_blank\" title=\"Compartir a WhatsApp\"><i class=\"mec-fa-whatsapp\"><\/i><span class=\"mec-social-title\">WhatsApp<\/span><\/a><\/li><li class=\"mec-event-social-icon\"><a class=\"telegram\" href=\"https:\/\/telegram.me\/share\/url?url=https%3A%2F%2Fcercledeconsciencia.com%2Fca%2Factividades%2Fteatro-terapeutico%2F&text=Teatro Terap\u00e9utico\" target=\"_blank\" title=\"Compartir a Telegram\">\r\n            <i><svg aria-hidden=\"true\" focusable=\"false\" data-prefix=\"fab\" data-icon=\"telegram\" class=\"svg-inline--fa fa-telegram fa-w-16\" role=\"img\" xmlns=\"http:\/\/www.w3.org\/2000\/svg\" viewBox=\"0 0 496 512\"><path fill=\"currentColor\" d=\"M248 8C111 8 0 119 0 256s111 248 248 248 248-111 248-248S385 8 248 8zm121.8 169.9l-40.7 191.8c-3 13.6-11.1 16.9-22.4 10.5l-62-45.7-29.9 28.8c-3.3 3.3-6.1 6.1-12.5 6.1l4.4-63.1 114.9-103.8c5-4.4-1.1-6.9-7.7-2.5l-142 89.4-61.2-19.1c-13.3-4.2-13.6-13.3 2.8-19.7l239.1-92.2c11.1-4 20.8 2.7 17.2 19.5z\"><\/path><\/svg><\/i>\r\n            <span class=\"mec-social-title\">Telegram<\/span>\r\n        <\/a><\/li>                                    <\/ul>\r\n                                <\/li>\r\n                            <\/ul>\r\n                                                <a class=\"mec-booking-button mec-bg-color-hover mec-border-color-hover\" data-event-id=\"2276\" href=\"https:\/\/cercledeconsciencia.com\/ca\/actividades\/teatro-terapeutico\/\" target=\"_self\" rel=\"noopener\">Veure Detall<\/a>                                            <\/div>\r\n                <\/div>\r\n                            <\/article>\r\n                        <article class=\"mec-past-event mec-event-article  mec-clear \" itemscope>\r\n                                        <div class=\"event-carousel-type3-head clearfix\">\r\n                    <div class=\"mec-event-image\">\r\n                        <a data-event-id=\"4667\" href=\"https:\/\/cercledeconsciencia.com\/ca\/actividades\/desbloqueo-corporal-tardes\/\" target=\"_self\" rel=\"noopener\"><img loading=\"lazy\" decoding=\"async\" width=\"474\" height=\"324\" src=\"https:\/\/cercledeconsciencia.com\/wp-content\/uploads\/2024\/07\/Captura-de-pantalla-2025-10-30-a-las-9.13.46-474x324.png\" class=\"attachment-meccarouselthumb size-meccarouselthumb wp-post-image\" alt=\"\" data-mec-postid=\"4667\" \/><\/a>                                            <\/div>\r\n                    <div class=\"mec-event-footer-carousel-type3\">\r\n                                                    <span class=\"mec-event-date-info\"><span class=\"mec-start-date-label\">maig 13, 2026<\/span><\/span>\r\n                                                                                                                        <h4 class=\"mec-event-carousel-title\"><a class=\"mec-color-hover\" data-event-id=\"4667\" href=\"https:\/\/cercledeconsciencia.com\/ca\/actividades\/desbloqueo-corporal-tardes\/\" target=\"_self\" rel=\"noopener\">Desbloqueo corporal &#8211; Grupo tardes<\/a><\/h4>\r\n                                                <p class=\"mec-carousel-event-location\"><span>Espai TCI de Barcelona<\/span><br>Carrer de Pau Alsina, 35 Gracia - Barcelona<\/p>\r\n                                                    <ul class=\"mec-event-sharing-wrap\">\r\n                                <li class=\"mec-event-share\">\r\n                                    <a href=\"#\" class=\"mec-event-share-icon\">\r\n                                        <i class=\"mec-sl-share mec-bg-color-hover mec-border-color-hover\" title=\"Comparteix\" alt=\"Comparteix\"><\/i>\r\n                                    <\/a>\r\n                                <\/li>\r\n                                <li>\r\n                                    <ul class=\"mec-event-sharing\">\r\n                                        <li class=\"mec-event-social-icon\"><a class=\"facebook\" href=\"https:\/\/www.facebook.com\/sharer\/sharer.php?u=https%3A%2F%2Fcercledeconsciencia.com%2Fca%2Factividades%2Fdesbloqueo-corporal-tardes%2F\" onclick=\"javascript:window.open(this.href, '', 'menubar=no,toolbar=no,resizable=yes,scrollbars=yes,height=500,width=600'); return false;\" target=\"_blank\" title=\"Compartir a Facebook\"><i class=\"mec-fa-facebook\"><\/i><span class=\"mec-social-title\">Facebook<\/span><\/a><\/li><li class=\"mec-event-social-icon\"><a class=\"twitter\" href=\"https:\/\/x.com\/intent\/tweet?url=https%3A%2F%2Fcercledeconsciencia.com%2Fca%2Factividades%2Fdesbloqueo-corporal-tardes%2F\" onclick=\"javascript:window.open(this.href, '', 'menubar=no,toolbar=no,resizable=yes,scrollbars=yes,height=600,width=500'); return false;\" target=\"_blank\" title=\"X Social Network\"><svg xmlns=\"http:\/\/www.w3.org\/2000\/svg\" shape-rendering=\"geometricPrecision\" text-rendering=\"geometricPrecision\" image-rendering=\"optimizeQuality\" fill-rule=\"evenodd\" clip-rule=\"evenodd\" viewBox=\"0 0 512 462.799\"><path fill-rule=\"nonzero\" d=\"M403.229 0h78.506L310.219 196.04 512 462.799H354.002L230.261 301.007 88.669 462.799h-78.56l183.455-209.683L0 0h161.999l111.856 147.88L403.229 0zm-27.556 415.805h43.505L138.363 44.527h-46.68l283.99 371.278z\"\/><\/svg><span class=\"mec-social-title\">Twitter<\/span><\/a><\/li><li class=\"mec-event-social-icon\"><a class=\"linkedin\" href=\"https:\/\/www.linkedin.com\/shareArticle?mini=true&url=https%3A%2F%2Fcercledeconsciencia.com%2Fca%2Factividades%2Fdesbloqueo-corporal-tardes%2F\" onclick=\"javascript:window.open(this.href, '', 'menubar=no,toolbar=no,resizable=yes,scrollbars=yes,height=600,width=500'); return false;\" target=\"_blank\" title=\"LinkedIn\"><i class=\"mec-fa-linkedin\"><\/i><span class=\"mec-social-title\">LinkedIn<\/span><\/a><\/li><li class=\"mec-event-social-icon\"><a class=\"pinterest\" href=\"http:\/\/pinterest.com\/pin\/create\/button\/?url=https%3A%2F%2Fcercledeconsciencia.com%2Fca%2Factividades%2Fdesbloqueo-corporal-tardes%2F\" target=\"_blank\" title=\"Compartir a Pinterest\"><i class=\"mec-fa-pinterest\"><\/i><span class=\"mec-social-title\">Pitnerest<\/span><\/a><\/li><li class=\"mec-event-social-icon\"><a class=\"whatsapp\" href=\"https:\/\/api.whatsapp.com\/send?text=https%3A%2F%2Fcercledeconsciencia.com%2Fca%2Factividades%2Fdesbloqueo-corporal-tardes%2F\" target=\"_blank\" title=\"Compartir a WhatsApp\"><i class=\"mec-fa-whatsapp\"><\/i><span class=\"mec-social-title\">WhatsApp<\/span><\/a><\/li><li class=\"mec-event-social-icon\"><a class=\"telegram\" href=\"https:\/\/telegram.me\/share\/url?url=https%3A%2F%2Fcercledeconsciencia.com%2Fca%2Factividades%2Fdesbloqueo-corporal-tardes%2F&text=Desbloqueo corporal &#8211; Grupo tardes\" target=\"_blank\" title=\"Compartir a Telegram\">\r\n            <i><svg aria-hidden=\"true\" focusable=\"false\" data-prefix=\"fab\" data-icon=\"telegram\" class=\"svg-inline--fa fa-telegram fa-w-16\" role=\"img\" xmlns=\"http:\/\/www.w3.org\/2000\/svg\" viewBox=\"0 0 496 512\"><path fill=\"currentColor\" d=\"M248 8C111 8 0 119 0 256s111 248 248 248 248-111 248-248S385 8 248 8zm121.8 169.9l-40.7 191.8c-3 13.6-11.1 16.9-22.4 10.5l-62-45.7-29.9 28.8c-3.3 3.3-6.1 6.1-12.5 6.1l4.4-63.1 114.9-103.8c5-4.4-1.1-6.9-7.7-2.5l-142 89.4-61.2-19.1c-13.3-4.2-13.6-13.3 2.8-19.7l239.1-92.2c11.1-4 20.8 2.7 17.2 19.5z\"><\/path><\/svg><\/i>\r\n            <span class=\"mec-social-title\">Telegram<\/span>\r\n        <\/a><\/li>                                    <\/ul>\r\n                                <\/li>\r\n                            <\/ul>\r\n                                                <a class=\"mec-booking-button mec-bg-color-hover mec-border-color-hover\" data-event-id=\"4667\" href=\"https:\/\/cercledeconsciencia.com\/ca\/actividades\/desbloqueo-corporal-tardes\/\" target=\"_self\" rel=\"noopener\">Veure Detall<\/a>                                            <\/div>\r\n                <\/div>\r\n                            <\/article>\r\n                                <\/div>\r\n        \t<\/div>\r\n<\/div>    <\/div>\r\n        <\/div><div class=\"vc_empty_space\"   style=\"height: 50px\"><span class=\"vc_empty_space_inner\"><\/span><\/div><\/div><\/div><\/div><\/div><div class=\"edgtf-row-grid-section-wrapper \"  ><div class=\"edgtf-row-grid-section\"><div class=\"vc_row wpb_row vc_row-fluid\" ><div class=\"wpb_column vc_column_container vc_col-sm-12\"><div class=\"vc_column-inner\"><div class=\"wpb_wrapper\"><div class=\"vc_empty_space\"   style=\"height: 80px\"><span class=\"vc_empty_space_inner\"><\/span><\/div><\/div><\/div><\/div><\/div><\/div><\/div><div class=\"edgtf-row-grid-section-wrapper \"  style=\"background-color:#ededed\"><div class=\"edgtf-row-grid-section\"><div class=\"vc_row wpb_row vc_row-fluid\" ><div class=\"wpb_column vc_column_container vc_col-sm-12\"><div class=\"vc_column-inner\"><div class=\"wpb_wrapper\"><div class=\"vc_empty_space\"   style=\"height: 100px\"><span class=\"vc_empty_space_inner\"><\/span><\/div><div class=\"vc_row wpb_row vc_inner vc_row-fluid\" style=\"background-color:#ededed\"><div class=\"wpb_column vc_column_container vc_col-sm-12\"><div class=\"vc_column-inner\"><div class=\"wpb_wrapper\">\n\t<div class=\"wpb_text_column wpb_content_element \" >\n\t\t<div class=\"wpb_wrapper\">\n\t\t\t<h2>Noticias del Cercle de Consci\u00e8ncia Tarragona<\/h2>\n\n\t\t<\/div>\n\t<\/div>\n<\/div><\/div><\/div><\/div><div class=\"vc_empty_space\"   style=\"height: 500px\"><span class=\"vc_empty_space_inner\"><\/span><\/div><\/div><\/div><\/div><\/div><\/div><\/div><div class=\"edgtf-row-grid-section-wrapper \"  ><div class=\"edgtf-row-grid-section\"><div class=\"vc_row wpb_row vc_row-fluid\" ><div class=\"wpb_column vc_column_container vc_col-sm-12\"><div class=\"vc_column-inner\"><div class=\"wpb_wrapper\"><div class=\"vc_empty_space\"   style=\"height: 50px\"><span class=\"vc_empty_space_inner\"><\/span><\/div>\n\t<div class=\"wpb_text_column wpb_content_element \" >\n\t\t<div class=\"wpb_wrapper\">\n\t\t\t<h2 style=\"text-align: left;\">Contacta con el Cercle de Consci\u00e8ncia Tarragona<\/h2>\n<p>Recibe m\u00e1s informaci\u00f3n espec\u00edfica a tus necesidades. Escr\u00edbenos y una persona de nuestro equipo te contactar\u00e1 para aclararte cualquier duda que tengas o ampliar informaci\u00f3n.<\/p>\n\n\t\t<\/div>\n\t<\/div>\n<div class=\"vc_empty_space\"   style=\"height: 50px\"><span class=\"vc_empty_space_inner\"><\/span><\/div>\n<div class=\"wpcf7 no-js\" id=\"wpcf7-f4380-o1\" lang=\"es-ES\" dir=\"ltr\" data-wpcf7-id=\"4380\">\n<div class=\"screen-reader-response\"><p role=\"status\" aria-live=\"polite\" aria-atomic=\"true\"><\/p> <ul><\/ul><\/div>\n<form action=\"\/ca\/wp-json\/wp\/v2\/pages\/2888#wpcf7-f4380-o1\" method=\"post\" class=\"wpcf7-form init\" aria-label=\"Formulario de contacto\" novalidate=\"novalidate\" data-status=\"init\">\n<fieldset class=\"hidden-fields-container\"><input type=\"hidden\" name=\"_wpcf7\" value=\"4380\" \/><input type=\"hidden\" name=\"_wpcf7_version\" value=\"6.1.5\" \/><input type=\"hidden\" name=\"_wpcf7_locale\" value=\"es_ES\" \/><input type=\"hidden\" name=\"_wpcf7_unit_tag\" value=\"wpcf7-f4380-o1\" \/><input type=\"hidden\" name=\"_wpcf7_container_post\" value=\"0\" \/><input type=\"hidden\" name=\"_wpcf7_posted_data_hash\" value=\"\" \/>\n<\/fieldset>\n<div>\n\t<div class=\"edgtf-grid-row \">\n\t\t<div class=\"edgtf-grid-col-12\">\n\t\t\t<p><span id=\"wpcf7-69f46f53be079-wrapper\" class=\"wpcf7-form-control-wrap honeypot-field-wrap\" style=\"display:none !important; visibility:hidden !important;\"><label for=\"wpcf7-69f46f53be079-field\" class=\"hp-message\">Por favor, deja este campo vac\u00edo.<\/label><input id=\"wpcf7-69f46f53be079-field\"  class=\"wpcf7-form-control wpcf7-text\" type=\"text\" name=\"honeypot-field\" value=\"\" size=\"40\" tabindex=\"-1\" autocomplete=\"new-password\" \/><\/span>\n\t\t\t<\/p>\n\t\t<\/div>\n\t<\/div>\n\t<div class=\"edgtf-grid-row \">\n\t\t<div class=\"edgtf-grid-col-4\">\n\t\t\t<p><label> Nombre<br \/>\n<span class=\"wpcf7-form-control-wrap\" data-name=\"your-name\"><input size=\"40\" maxlength=\"400\" class=\"wpcf7-form-control wpcf7-text wpcf7-validates-as-required\" autocomplete=\"name\" aria-required=\"true\" aria-invalid=\"false\" value=\"\" type=\"text\" name=\"your-name\" \/><\/span> <\/label>\n\t\t\t<\/p>\n\t\t<\/div>\n\t\t<div class=\"edgtf-grid-col-4\">\n\t\t\t<p><label> Tel\u00e9fono<br \/>\n<span class=\"wpcf7-form-control-wrap\" data-name=\"your-phone\"><input size=\"40\" maxlength=\"400\" class=\"wpcf7-form-control wpcf7-text wpcf7-validates-as-required\" autocomplete=\"name\" aria-required=\"true\" aria-invalid=\"false\" value=\"\" type=\"text\" name=\"your-phone\" \/><\/span> <\/label>\n\t\t\t<\/p>\n\t\t<\/div>\n\t\t<div class=\"edgtf-grid-col-4\">\n\t\t\t<p><label> Mail<br \/>\n<span class=\"wpcf7-form-control-wrap\" data-name=\"your-email\"><input size=\"40\" maxlength=\"400\" class=\"wpcf7-form-control wpcf7-email wpcf7-validates-as-required wpcf7-text wpcf7-validates-as-email\" autocomplete=\"email\" aria-required=\"true\" aria-invalid=\"false\" value=\"\" type=\"email\" name=\"your-email\" \/><\/span> <\/label>\n\t\t\t<\/p>\n\t\t<\/div>\n\t<\/div>\n\t<div class=\"edgtf-grid-row\">\n\t\t<div class=\"edgtf-grid-col-4\">\n\t\t\t<p><span class=\"wpcf7-form-control-wrap\" data-name=\"ayuda\"><select class=\"wpcf7-form-control wpcf7-select\" aria-invalid=\"false\" name=\"ayuda\"><option value=\"\u00bfEn qu\u00e9 te podemos ayudar?\">\u00bfEn qu\u00e9 te podemos ayudar?<\/option><option value=\"Formaci\u00f3n Gestalt Integrativa\">Formaci\u00f3n Gestalt Integrativa<\/option><option value=\"Formaci\u00f3n Terapia Corporal Integrativa\">Formaci\u00f3n Terapia Corporal Integrativa<\/option><option value=\"Formaci\u00f3n Transpersonal Integrativa\">Formaci\u00f3n Transpersonal Integrativa<\/option><option value=\"Formacion Sexualidad Integrativa\">Formacion Sexualidad Integrativa<\/option><option value=\"Talleres\">Talleres<\/option><option value=\"Terapia\">Terapia<\/option><option value=\"Alquiler de espacios\">Alquiler de espacios<\/option><option value=\"Can Gensana\">Can Gensana<\/option><option value=\"Otros\">Otros<\/option><\/select><\/span>\n\t\t\t<\/p>\n\t\t\t<p><span class=\"wpcf7-form-control-wrap\" data-name=\"sede\"><select class=\"wpcf7-form-control wpcf7-select\" aria-invalid=\"false\" name=\"sede\"><option value=\"\u00bfEn qu\u00e9 sede tienes inter\u00e9s?\">\u00bfEn qu\u00e9 sede tienes inter\u00e9s?<\/option><option value=\"Tarragona\">Tarragona<\/option><\/select><\/span>\n\t\t\t<\/p>\n\t\t<\/div>\n\t\t<div class=\"edgtf-grid-col-8\">\n\t\t\t<p><label> Mensaje (opcional)<br \/>\n<span class=\"wpcf7-form-control-wrap\" data-name=\"your-message\"><textarea cols=\"40\" rows=\"4\" maxlength=\"2000\" class=\"wpcf7-form-control wpcf7-textarea\" aria-invalid=\"false\" name=\"your-message\"><\/textarea><\/span> <\/label>\n\t\t\t<\/p>\n\t\t<\/div>\n\t<\/div>\n\t<div class=\"edgtf-grid-row\">\n\t\t<div class=\"edgtf-grid-col-12\">\n\t\t\t<div class=\"txt-legal\">\n\t\t\t\t<p><b>INFORMACI\u00d3N B\u00c1SICA SOBRE PROTECCI\u00d3N DE DATOS<\/b>\n\t\t\t\t<\/p>\n\t\t\t\t<p><b>RESPONSABLE DEL TRATAMIENTO<\/b><br \/>\nResponsable: ESPAI TCI, S.L.U. - CIF: B66100033 Dir. Postal: C\/ PAU ALSINA N 16, CP: 08025 - BARCELONA (BARCELONA)<br \/>\n<b>FINALIDAD:<\/b> Gestionar su consulta\/petici\u00f3n y dar una respuesta a la misma.<br \/>\n<b>LEGITIMACI\u00d3N:<\/b> Su consentimiento<br \/>\n<b>DESTINATARIOS:<\/b> Los datos no se ceder\u00e1n a terceros salvo en los casos en los que exista una obligaci\u00f3n legal o comunicaci\u00f3n necesaria para dar contestaci\u00f3n a su consulta.<br \/>\n<b>DERECHOS:<\/b> Puede ejercer sus Derechos a acceder, rectificar, oponerse, limitar, portar y suprimir los datos ante el responsable del tratamiento; adem\u00e1s de acudir a la autoridad de control competente (AEPD).<br \/>\n<b>INFORMACI\u00d3N ADICIONAL:<\/b> Puede consultar la informaci\u00f3n adicional sobre el tratamiento de sus datos personales <a href=\"\/politica-de-privacidad\/\">aqu\u00ed<\/a>.\n\t\t\t\t<\/p>\n\t\t\t<\/div>\n\t\t<\/div>\n\t<\/div>\n\t<div class=\"edgtf-grid-row pt-4\">\n\t\t<div class=\"edgtf-grid-col-4\">\n\t\t<\/div>\n\t\t<div class=\"edgtf-grid-col-8\">\n\t\t\t<p><span class=\"wpcf7-form-control-wrap\" data-name=\"news\"><span class=\"wpcf7-form-control wpcf7-checkbox mycheck2\"><span class=\"wpcf7-list-item first last\"><input type=\"checkbox\" name=\"news[]\" value=\"Quiero recibir informaci\u00f3n sobre actividades y formaciones.\" \/><span class=\"wpcf7-list-item-label\">Quiero recibir informaci\u00f3n sobre actividades y formaciones.<\/span><\/span><\/span><\/span><br \/>\n<span class=\"wpcf7-form-control-wrap\" data-name=\"politica\"><span class=\"wpcf7-form-control wpcf7-checkbox wpcf7-validates-as-required mycheck2\"><span class=\"wpcf7-list-item first last\"><input type=\"checkbox\" name=\"politica[]\" value=\"He le\u00eddo y acepto la Pol\u00edtica de Privacidad.\" \/><span class=\"wpcf7-list-item-label\">He le\u00eddo y acepto la Pol\u00edtica de Privacidad.<\/span><\/span><\/span><\/span>\n\t\t\t<\/p>\n\t\t<\/div>\n\t<\/div>\n\t<div class=\"edgtf-grid-row\">\n\t\t<div class=\"edgtf-grid-col-12 text-right\">\n\t\t\t<p><input class=\"wpcf7-form-control wpcf7-submit has-spinner\" type=\"submit\" value=\"Enviar\" \/>\n\t\t\t<\/p>\n\t\t<\/div>\n\t<\/div>\n<\/div><p style=\"display: none !important;\" class=\"akismet-fields-container\" data-prefix=\"_wpcf7_ak_\"><label>&#916;<textarea name=\"_wpcf7_ak_hp_textarea\" cols=\"45\" rows=\"8\" maxlength=\"100\"><\/textarea><\/label><input type=\"hidden\" id=\"ak_js_1\" name=\"_wpcf7_ak_js\" value=\"242\"\/><script type=\"text\/javascript\">\n\/* <![CDATA[ *\/\ndocument.getElementById( \"ak_js_1\" ).setAttribute( \"value\", ( new Date() ).getTime() );\n\/* ]]> *\/\n<\/script>\n<\/p><input type='hidden' class='wpcf7-pum' value='{\"closepopup\":false,\"closedelay\":0,\"openpopup\":false,\"openpopup_id\":0}' \/><div class=\"wpcf7-response-output\" aria-hidden=\"true\"><\/div>\n<\/form>\n<\/div>\n<div class=\"vc_empty_space\"   style=\"height: 50px\"><span class=\"vc_empty_space_inner\"><\/span><\/div><\/div><\/div><\/div><\/div><\/div><\/div>\n","protected":false},"excerpt":{"rendered":"En este espacio terap\u00e9utico te proponemos un encuentro contigo mismo y con otras personas interesadas en la escucha del cuerpo y en profundizar sobre el proceso de autoconocimiento desde un [...]","protected":false},"author":1,"featured_media":3000,"parent":0,"menu_order":0,"comment_status":"closed","ping_status":"closed","template":"full-width.php","meta":{"footnotes":""},"class_list":["post-2888","page","type-page","status-publish","has-post-thumbnail","hentry"],"yoast_head":"<!-- This site is optimized with the Yoast SEO plugin v27.4 - https:\/\/yoast.com\/product\/yoast-seo-wordpress\/ -->\n<title>Cercle de Conci\u00e8ncia Tarragona - Cercle de Consci\u00e8ncia<\/title>\n<meta name=\"description\" content=\"Explora las formaciones en Terapia Gestalt y Terapia Corporal Integrativa. Adem\u00e1s, talleres y cursos dise\u00f1ados para tu crecimiento y plenitud en Tarragona.\" \/>\n<meta name=\"robots\" content=\"index, follow, max-snippet:-1, max-image-preview:large, max-video-preview:-1\" \/>\n<link rel=\"canonical\" href=\"https:\/\/cercledeconsciencia.com\/ca\/tarragona\/\" \/>\n<meta property=\"og:locale\" content=\"ca_ES\" \/>\n<meta property=\"og:type\" content=\"article\" \/>\n<meta property=\"og:title\" content=\"Cercle de Conci\u00e8ncia Tarragona - Cercle de Consci\u00e8ncia\" \/>\n<meta property=\"og:description\" content=\"Explora las formaciones en Terapia Gestalt y Terapia Corporal Integrativa. Adem\u00e1s, talleres y cursos dise\u00f1ados para tu crecimiento y plenitud en Tarragona.\" \/>\n<meta property=\"og:url\" content=\"https:\/\/cercledeconsciencia.com\/ca\/tarragona\/\" \/>\n<meta property=\"og:site_name\" content=\"Cercle de Consci\u00e8ncia\" \/>\n<meta property=\"article:publisher\" content=\"https:\/\/www.facebook.com\/Cercledeconscienciabarcelona?_rdr\" \/>\n<meta property=\"article:modified_time\" content=\"2024-07-24T12:27:30+00:00\" \/>\n<meta property=\"og:image\" content=\"https:\/\/cercledeconsciencia.com\/wp-content\/uploads\/2024\/02\/cercle-gestalt-tarragona.png\" \/>\n\t<meta property=\"og:image:width\" content=\"1800\" \/>\n\t<meta property=\"og:image:height\" content=\"918\" \/>\n\t<meta property=\"og:image:type\" content=\"image\/png\" \/>\n<meta name=\"twitter:card\" content=\"summary_large_image\" \/>\n<meta name=\"twitter:label1\" content=\"Temps estimat de lectura\" \/>\n\t<meta name=\"twitter:data1\" content=\"4 minuts\" \/>\n<script type=\"application\/ld+json\" class=\"yoast-schema-graph\">{\"@context\":\"https:\\\/\\\/schema.org\",\"@graph\":[{\"@type\":\"WebPage\",\"@id\":\"https:\\\/\\\/cercledeconsciencia.com\\\/tarragona\\\/\",\"url\":\"https:\\\/\\\/cercledeconsciencia.com\\\/tarragona\\\/\",\"name\":\"Cercle de Conci\u00e8ncia Tarragona - Cercle de Consci\u00e8ncia\",\"isPartOf\":{\"@id\":\"https:\\\/\\\/cercledeconsciencia.com\\\/#website\"},\"primaryImageOfPage\":{\"@id\":\"https:\\\/\\\/cercledeconsciencia.com\\\/tarragona\\\/#primaryimage\"},\"image\":{\"@id\":\"https:\\\/\\\/cercledeconsciencia.com\\\/tarragona\\\/#primaryimage\"},\"thumbnailUrl\":\"https:\\\/\\\/cercledeconsciencia.com\\\/wp-content\\\/uploads\\\/2024\\\/02\\\/cercle-gestalt-tarragona.png\",\"datePublished\":\"2024-02-06T00:02:46+00:00\",\"dateModified\":\"2024-07-24T12:27:30+00:00\",\"description\":\"Explora las formaciones en Terapia Gestalt y Terapia Corporal Integrativa. Adem\u00e1s, talleres y cursos dise\u00f1ados para tu crecimiento y plenitud en Tarragona.\",\"breadcrumb\":{\"@id\":\"https:\\\/\\\/cercledeconsciencia.com\\\/tarragona\\\/#breadcrumb\"},\"inLanguage\":\"ca\",\"potentialAction\":[{\"@type\":\"ReadAction\",\"target\":[\"https:\\\/\\\/cercledeconsciencia.com\\\/tarragona\\\/\"]}]},{\"@type\":\"ImageObject\",\"inLanguage\":\"ca\",\"@id\":\"https:\\\/\\\/cercledeconsciencia.com\\\/tarragona\\\/#primaryimage\",\"url\":\"https:\\\/\\\/cercledeconsciencia.com\\\/wp-content\\\/uploads\\\/2024\\\/02\\\/cercle-gestalt-tarragona.png\",\"contentUrl\":\"https:\\\/\\\/cercledeconsciencia.com\\\/wp-content\\\/uploads\\\/2024\\\/02\\\/cercle-gestalt-tarragona.png\",\"width\":1800,\"height\":918,\"caption\":\"Cercle de Consciencia Tarragona Cercle Gestalt\"},{\"@type\":\"BreadcrumbList\",\"@id\":\"https:\\\/\\\/cercledeconsciencia.com\\\/tarragona\\\/#breadcrumb\",\"itemListElement\":[{\"@type\":\"ListItem\",\"position\":1,\"name\":\"Portada\",\"item\":\"https:\\\/\\\/cercledeconsciencia.com\\\/\"},{\"@type\":\"ListItem\",\"position\":2,\"name\":\"Cercle de Consciencia Tarragona\"}]},{\"@type\":\"WebSite\",\"@id\":\"https:\\\/\\\/cercledeconsciencia.com\\\/#website\",\"url\":\"https:\\\/\\\/cercledeconsciencia.com\\\/\",\"name\":\"Cercle de Consci\u00e8ncia\",\"description\":\"Centro de Formaci\u00f3n y Terapias\",\"publisher\":{\"@id\":\"https:\\\/\\\/cercledeconsciencia.com\\\/#organization\"},\"potentialAction\":[{\"@type\":\"SearchAction\",\"target\":{\"@type\":\"EntryPoint\",\"urlTemplate\":\"https:\\\/\\\/cercledeconsciencia.com\\\/?s={search_term_string}\"},\"query-input\":{\"@type\":\"PropertyValueSpecification\",\"valueRequired\":true,\"valueName\":\"search_term_string\"}}],\"inLanguage\":\"ca\"},{\"@type\":\"Organization\",\"@id\":\"https:\\\/\\\/cercledeconsciencia.com\\\/#organization\",\"name\":\"Cercle de Consci\u00e8ncia\",\"url\":\"https:\\\/\\\/cercledeconsciencia.com\\\/\",\"logo\":{\"@type\":\"ImageObject\",\"inLanguage\":\"ca\",\"@id\":\"https:\\\/\\\/cercledeconsciencia.com\\\/#\\\/schema\\\/logo\\\/image\\\/\",\"url\":\"https:\\\/\\\/cercledeconsciencia.com\\\/wp-content\\\/uploads\\\/2023\\\/07\\\/logo.png\",\"contentUrl\":\"https:\\\/\\\/cercledeconsciencia.com\\\/wp-content\\\/uploads\\\/2023\\\/07\\\/logo.png\",\"width\":239,\"height\":68,\"caption\":\"Cercle de Consci\u00e8ncia\"},\"image\":{\"@id\":\"https:\\\/\\\/cercledeconsciencia.com\\\/#\\\/schema\\\/logo\\\/image\\\/\"},\"sameAs\":[\"https:\\\/\\\/www.facebook.com\\\/Cercledeconscienciabarcelona?_rdr\",\"https:\\\/\\\/www.instagram.com\\\/cercledeconsciencia\\\/\",\"https:\\\/\\\/www.youtube.com\\\/c\\\/cercledeconsciencia\"]}]}<\/script>\n<!-- \/ Yoast SEO plugin. -->","yoast_head_json":{"title":"Cercle de Conci\u00e8ncia Tarragona - Cercle de Consci\u00e8ncia","description":"Explora les formacions a Ter\u00e0pia Gestalt i Ter\u00e0pia Corporal Integrativa. A m\u00e9s, tallers i cursos dissenyats pel teu creixement i plenitud a Tarragona.","robots":{"index":"index","follow":"follow","max-snippet":"max-snippet:-1","max-image-preview":"max-image-preview:large","max-video-preview":"max-video-preview:-1"},"canonical":"https:\/\/cercledeconsciencia.com\/ca\/tarragona\/","og_locale":"ca_ES","og_type":"article","og_title":"Cercle de Conci\u00e8ncia Tarragona - Cercle de Consci\u00e8ncia","og_description":"Explora las formaciones en Terapia Gestalt y Terapia Corporal Integrativa. Adem\u00e1s, talleres y cursos dise\u00f1ados para tu crecimiento y plenitud en Tarragona.","og_url":"https:\/\/cercledeconsciencia.com\/ca\/tarragona\/","og_site_name":"Cercle de Consci\u00e8ncia","article_publisher":"https:\/\/www.facebook.com\/Cercledeconscienciabarcelona?_rdr","article_modified_time":"2024-07-24T12:27:30+00:00","og_image":[{"width":1800,"height":918,"url":"https:\/\/cercledeconsciencia.com\/wp-content\/uploads\/2024\/02\/cercle-gestalt-tarragona.png","type":"image\/png"}],"twitter_card":"summary_large_image","twitter_misc":{"Temps estimat de lectura":"4 minuts"},"schema":{"@context":"https:\/\/schema.org","@graph":[{"@type":"WebPage","@id":"https:\/\/cercledeconsciencia.com\/tarragona\/","url":"https:\/\/cercledeconsciencia.com\/tarragona\/","name":"Cercle de Conci\u00e8ncia Tarragona - Cercle de Consci\u00e8ncia","isPartOf":{"@id":"https:\/\/cercledeconsciencia.com\/#website"},"primaryImageOfPage":{"@id":"https:\/\/cercledeconsciencia.com\/tarragona\/#primaryimage"},"image":{"@id":"https:\/\/cercledeconsciencia.com\/tarragona\/#primaryimage"},"thumbnailUrl":"https:\/\/cercledeconsciencia.com\/wp-content\/uploads\/2024\/02\/cercle-gestalt-tarragona.png","datePublished":"2024-02-06T00:02:46+00:00","dateModified":"2024-07-24T12:27:30+00:00","description":"Explora les formacions a Ter\u00e0pia Gestalt i Ter\u00e0pia Corporal Integrativa. A m\u00e9s, tallers i cursos dissenyats pel teu creixement i plenitud a Tarragona.","breadcrumb":{"@id":"https:\/\/cercledeconsciencia.com\/tarragona\/#breadcrumb"},"inLanguage":"ca","potentialAction":[{"@type":"ReadAction","target":["https:\/\/cercledeconsciencia.com\/tarragona\/"]}]},{"@type":"ImageObject","inLanguage":"ca","@id":"https:\/\/cercledeconsciencia.com\/tarragona\/#primaryimage","url":"https:\/\/cercledeconsciencia.com\/wp-content\/uploads\/2024\/02\/cercle-gestalt-tarragona.png","contentUrl":"https:\/\/cercledeconsciencia.com\/wp-content\/uploads\/2024\/02\/cercle-gestalt-tarragona.png","width":1800,"height":918,"caption":"Cercle de Consciencia Tarragona Cercle Gestalt"},{"@type":"BreadcrumbList","@id":"https:\/\/cercledeconsciencia.com\/tarragona\/#breadcrumb","itemListElement":[{"@type":"ListItem","position":1,"name":"Portada","item":"https:\/\/cercledeconsciencia.com\/"},{"@type":"ListItem","position":2,"name":"Cercle de Consciencia Tarragona"}]},{"@type":"WebSite","@id":"https:\/\/cercledeconsciencia.com\/#website","url":"https:\/\/cercledeconsciencia.com\/","name":"Cercle de Consci\u00e8ncia","description":"Centre de Formaci\u00f3 i Ter\u00e0pies","publisher":{"@id":"https:\/\/cercledeconsciencia.com\/#organization"},"potentialAction":[{"@type":"SearchAction","target":{"@type":"EntryPoint","urlTemplate":"https:\/\/cercledeconsciencia.com\/?s={search_term_string}"},"query-input":{"@type":"PropertyValueSpecification","valueRequired":true,"valueName":"search_term_string"}}],"inLanguage":"ca"},{"@type":"Organization","@id":"https:\/\/cercledeconsciencia.com\/#organization","name":"Cercle de Consci\u00e8ncia","url":"https:\/\/cercledeconsciencia.com\/","logo":{"@type":"ImageObject","inLanguage":"ca","@id":"https:\/\/cercledeconsciencia.com\/#\/schema\/logo\/image\/","url":"https:\/\/cercledeconsciencia.com\/wp-content\/uploads\/2023\/07\/logo.png","contentUrl":"https:\/\/cercledeconsciencia.com\/wp-content\/uploads\/2023\/07\/logo.png","width":239,"height":68,"caption":"Cercle de Consci\u00e8ncia"},"image":{"@id":"https:\/\/cercledeconsciencia.com\/#\/schema\/logo\/image\/"},"sameAs":["https:\/\/www.facebook.com\/Cercledeconscienciabarcelona?_rdr","https:\/\/www.instagram.com\/cercledeconsciencia\/","https:\/\/www.youtube.com\/c\/cercledeconsciencia"]}]}},"_links":{"self":[{"href":"https:\/\/cercledeconsciencia.com\/ca\/wp-json\/wp\/v2\/pages\/2888","targetHints":{"allow":["GET"]}}],"collection":[{"href":"https:\/\/cercledeconsciencia.com\/ca\/wp-json\/wp\/v2\/pages"}],"about":[{"href":"https:\/\/cercledeconsciencia.com\/ca\/wp-json\/wp\/v2\/types\/page"}],"author":[{"embeddable":true,"href":"https:\/\/cercledeconsciencia.com\/ca\/wp-json\/wp\/v2\/users\/1"}],"replies":[{"embeddable":true,"href":"https:\/\/cercledeconsciencia.com\/ca\/wp-json\/wp\/v2\/comments?post=2888"}],"version-history":[{"count":31,"href":"https:\/\/cercledeconsciencia.com\/ca\/wp-json\/wp\/v2\/pages\/2888\/revisions"}],"predecessor-version":[{"id":4590,"href":"https:\/\/cercledeconsciencia.com\/ca\/wp-json\/wp\/v2\/pages\/2888\/revisions\/4590"}],"wp:featuredmedia":[{"embeddable":true,"href":"https:\/\/cercledeconsciencia.com\/ca\/wp-json\/wp\/v2\/media\/3000"}],"wp:attachment":[{"href":"https:\/\/cercledeconsciencia.com\/ca\/wp-json\/wp\/v2\/media?parent=2888"}],"curies":[{"name":"wp","href":"https:\/\/api.w.org\/{rel}","templated":true}]}}