{"id":2906,"date":"2024-02-06T00:49:54","date_gmt":"2024-02-06T00:49:54","guid":{"rendered":"https:\/\/cercledeconsciencia.com\/?page_id=2906"},"modified":"2024-02-06T01:01:23","modified_gmt":"2024-02-06T01:01:23","slug":"avis-legal","status":"publish","type":"page","link":"https:\/\/cercledeconsciencia.com\/ca\/aviso-legal\/","title":{"rendered":"Av\u00eds legal"},"content":{"rendered":"<div class=\"vc_row wpb_row vc_row-fluid\" ><div class=\"wpb_column vc_column_container vc_col-sm-12\"><div class=\"vc_column-inner\"><div class=\"wpb_wrapper\">\n\t<div class=\"wpb_text_column wpb_content_element\" >\n\t\t<div class=\"wpb_wrapper\">\n\t\t\t<h1>Av\u00eds legal<\/h1>\n<p>&nbsp;<\/p>\n<p><span style=\"font-weight: 400;\">En compliment de la Llei 34\/2002, de 11 de juliol, de Serveis de la Societat de la Informaci\u00f3 i de Comer\u00e7 Electr\u00f2nic (LSSI-CE), l&#039;empresa us informa que \u00e9s titular del lloc web. D&#039;acord amb l&#039;exig\u00e8ncia de l&#039;article 10 de la Llei esmentada, informa de les dades seg\u00fcents:<\/span><\/p>\n<p>&nbsp;<\/p>\n<p><span style=\"font-weight: 400;\">El titular d&#039;aquest lloc web \u00e9s:<\/span><\/p>\n<table>\n<tbody>\n<tr>\n<td style=\"text-align: left;\"><strong>Nom de l&#039;empresa<\/strong><\/td>\n<td style=\"text-align: left;\"><span style=\"font-weight: 400;\">ESPAI TCI, SLU<\/span><\/td>\n<\/tr>\n<tr>\n<td style=\"text-align: left;\"><strong>B66100033<\/strong><\/td>\n<td style=\"text-align: left;\"><span style=\"font-weight: 400;\">B66100033<\/span><\/td>\n<\/tr>\n<tr>\n<td style=\"text-align: left;\"><strong>Carrer<\/strong><\/td>\n<td style=\"text-align: left;\"><span style=\"font-weight: 400;\">C\/ PAU ALSINA N 16<\/span><\/td>\n<\/tr>\n<tr>\n<td style=\"text-align: left;\"><strong>Codi postal<\/strong><\/td>\n<td style=\"text-align: left;\"><span style=\"font-weight: 400;\">08025<\/span><\/td>\n<\/tr>\n<tr>\n<td style=\"text-align: left;\"><strong>Localitat<\/strong><\/td>\n<td style=\"text-align: left;\"><span style=\"font-weight: 400;\">BARCELONA<\/span><\/td>\n<\/tr>\n<tr>\n<td style=\"text-align: left;\"><strong>Prov\u00edncia<\/strong><\/td>\n<td style=\"text-align: left;\"><span style=\"font-weight: 400;\">BARCELONA<\/span><\/td>\n<\/tr>\n<tr>\n<td style=\"text-align: left;\"><strong>Inscripci\u00f3 al registre mercantil<\/strong><\/td>\n<td style=\"text-align: left;\"><span style=\"font-weight: 400;\">La Societat ESPAI TCI, SLU, Figura inscrita al Registre Mercantil de Barcelona, tom 43943, foli <\/span><b>191<\/b><span style=\"font-weight: 400;\">, full 442401<\/span><\/td>\n<\/tr>\n<\/tbody>\n<\/table>\n<p>&nbsp;<\/p>\n<p><b>USUARIS<\/b><\/p>\n<p><span style=\"font-weight: 400;\">L&#039;acc\u00e9s i\/o \u00fas d&#039;aquest portal us atribueix la condici\u00f3 d&#039;USUARI, que accepta, des d&#039;aquest acc\u00e9s i\/o \u00fas, les Condicions Generals d&#039;\u00das reflectides aqu\u00ed. Les condicions esmentades s\u00f3n aplicables independentment de les condicions generals de contractaci\u00f3 que, si s&#039;escau, resultin de compliment obligat.<\/span><\/p>\n<p>&nbsp;<\/p>\n<p><b>\u00daS DEL PORTAL<\/b><\/p>\n<p><span style=\"font-weight: 400;\">La p\u00e0gina web proporciona l&#039;acc\u00e9s a multitud d&#039;informacions, serveis, programes o dades (d&#039;ara endavant, els continguts) a Internet pertanyents a ESPAI TCI, SLU o als seus llicenciants als quals l&#039;USUARI pugui tenir acc\u00e9s. L\u00b4USUARI assumeix la responsabilitat de l\u00b4\u00fas del portal. Aquesta responsabilitat s&#039;est\u00e9n al registre necessari per accedir a determinats serveis o continguts.<\/span><\/p>\n<p><span style=\"font-weight: 400;\">En aquest registre, l&#039;USUARI ser\u00e0 responsable d&#039;aportar informaci\u00f3 vera\u00e7 i l\u00edcita. Com a conseq\u00fc\u00e8ncia d&#039;aquest registre, a l&#039;USUARI se li pot proporcionar una contrasenya de la qual ser\u00e0 responsable, comprometent-se a fer-ne un \u00fas diligent i confidencial. L&#039;USUARI es compromet a fer un \u00fas adequat dels continguts i serveis que ESPAI TCI, SLU ofereix a trav\u00e9s del seu portal i amb car\u00e0cter enunciatiu, per\u00f2 no limitatiu, a no fer-los servir per:<\/span><\/p>\n<ol>\n<li style=\"font-weight: 400;\" aria-level=\"1\"><span style=\"font-weight: 400;\">inc\u00f3rrer en activitats il\u00b7l\u00edcites, il\u00b7legals o contr\u00e0ries a la bona fe ia l&#039;ordre p\u00fablic<\/span><\/li>\n<li style=\"font-weight: 400;\" aria-level=\"1\"><span style=\"font-weight: 400;\">difondre continguts o propaganda de car\u00e0cter racista, xen\u00f2fob, pornogr\u00e0fic-il\u00b7legal, d&#039;apologia del terrorisme o atemptatori contra els drets humans<\/span><\/li>\n<li style=\"font-weight: 400;\" aria-level=\"1\"><span style=\"font-weight: 400;\">provocar danys en els sistemes f\u00edsics i l\u00f2gics d&#039;ESPAI TCI, SLU, dels seus prove\u00efdors o de terceres persones, introduir o difondre a la xarxa virus inform\u00e0tics o qualssevol altres sistemes f\u00edsics o l\u00f2gics que siguin susceptibles de provocar els danys anteriorment esmentats;<\/span><\/li>\n<li style=\"font-weight: 400;\" aria-level=\"1\"><span style=\"font-weight: 400;\">intentar accedir i, si escau, utilitzar els comptes de correu electr\u00f2nic daltres usuaris i modificar manipular els seus missatges. ESPAI TCI, SLU es reserva el dret de retirar tots aquells comentaris i aportacions que vulnerin el respecte a la dignitat de la persona, que siguin discriminatoris, xen\u00f2fobs, racistes, pornogr\u00e0fics, que atemptin contra la joventut o la inf\u00e0ncia, l&#039;ordre o la seguretat p\u00fablica o que, a parer seu, no resultessin adequats per a la seva publicaci\u00f3. En qualsevol cas, ESPAI TCI, SLU no ser\u00e0 responsable de les opinions abocades pels usuaris a trav\u00e9s dels f\u00f2rums, xats o altres eines de participaci\u00f3.<\/span><\/li>\n<\/ol>\n<p>&nbsp;<\/p>\n<p><b>PROPIETAT INTEL\u00b7LECTUAL I INDUSTRIAL<\/b><\/p>\n<p><span style=\"font-weight: 400;\">ESPAI TCI, SLU ser\u00e0 titular de tots els drets de propietat intel\u00b7lectual i industrial de la seva p\u00e0gina web, aix\u00ed com dels elements continguts a la mateixa (a t\u00edtol enunciatiu, imatges, so, \u00e0udio, v\u00eddeo, programari o textos; marques o logotips, combinacions de colors, estructura i disseny, selecci\u00f3 de materials usats, programes dordinador necessaris per al seu funcionament, acc\u00e9s i \u00fas, etc.).<\/span><\/p>\n<p><span style=\"font-weight: 400;\">Tots els drets reservats. En virtut del que disposen els articles 8 i 32.1, par\u00e0graf segon, de la Llei de propietat intel\u00b7lectual, queden expressament prohibides la reproducci\u00f3, la distribuci\u00f3 i la comunicaci\u00f3 p\u00fablica, inclosa la seva modalitat de posada a disposici\u00f3, de la totalitat o part dels continguts d&#039;aquesta p\u00e0gina web, amb finalitats comercials, a qualsevol suport i per qualsevol mitj\u00e0 t\u00e8cnic, sense l&#039;autoritzaci\u00f3 d&#039;ESPAI TCI, SLU . L&#039;USUARI es compromet a respectar els drets de propietat intel\u00b7lectual i industrial titularitat d&#039;ESPAI TCI, SLU . Podreu visualitzar els elements del portal i fins i tot imprimir-los, copiar-los i emmagatzemar-los al disc dur del vostre ordinador o en qualsevol altre suport f\u00edsic sempre que sigui, \u00fanica i exclusivament, per al seu \u00fas personal i privat. L&#039;USUARI haur\u00e0 d&#039;abstenir-se de suprimir, alterar, eludir o manipular qualsevol dispositiu de protecci\u00f3 o sistema de seguretat que estigu\u00e9s instal\u00b7lat a les p\u00e0gines d&#039;ESPAI TCI, SLU .<\/span><\/p>\n<p>&nbsp;<\/p>\n<p><b>EXCLUSI\u00d3 DE GARANTIES I RESPONSABILITAT<\/b><\/p>\n<p><span style=\"font-weight: 400;\">ESPAI TCI, SLU no es fa responsable, en cap cas, dels danys i perjudicis de qualsevol naturalesa que poguessin ocasionar, a t\u00edtol enunciatiu: errors o omissions en els continguts, manca de disponibilitat del portal o la transmissi\u00f3 de virus o programes maliciosos o lesius en els continguts, tot i haver adoptat totes les mesures tecnol\u00f2giques necess\u00e0ries per evitar-ho.<\/span><\/p>\n<p>&nbsp;<\/p>\n<p><b>MODIFICACIONS<\/b><\/p>\n<p><span style=\"font-weight: 400;\">ESPAI TCI, SLU es reserva el dret d&#039;efectuar sense previ av\u00eds les modificacions que consideri oportunes al seu portal, podent canviar, suprimir o afegir tant els continguts i serveis que es prestin a trav\u00e9s d&#039;aquesta com la forma en qu\u00e8 aquests apareguin presentats o localitzats al vostre portal.<\/span><\/p>\n<p>&nbsp;<\/p>\n<p><b>ENLLA\u00c7OS<\/b><\/p>\n<p><span style=\"font-weight: 400;\">En el cas que a la p\u00e0gina web es disposessin enlla\u00e7os o hipervincles cap a altres llocs d&#039;Internet, ESPAI TCI, SLU no exercir\u00e0 cap mena de control sobre aquests llocs i continguts. En cap cas ESPAI TCI, SLU assumir\u00e0 cap responsabilitat pels continguts d&#039;algun enlla\u00e7 pertanyent a un lloc web ali\u00e8, ni garantir\u00e0 la disponibilitat t\u00e8cnica, qualitat, fiabilitat, exactitud, amplitud, veracitat, validesa i constitucionalitat de qualsevol material o informaci\u00f3 continguda en cap daquests hipervincles o altres llocs dInternet.<\/span><\/p>\n<p><span style=\"font-weight: 400;\">Igualment, la inclusi\u00f3 d&#039;aquestes connexions externes no implicar\u00e0 cap mena d&#039;associaci\u00f3, fusi\u00f3 o participaci\u00f3 amb les entitats connectades.<\/span><\/p>\n<p>&nbsp;<\/p>\n<p><b>DRET D&#039;EXCLUSI\u00d3<\/b><\/p>\n<p><span style=\"font-weight: 400;\">ESPAI TCI, SLU es reserva el dret a denegar o retirar l&#039;acc\u00e9s a portal i\/o als serveis oferts sense necessitat de preav\u00eds, a inst\u00e0ncia pr\u00f2pia o d&#039;un tercer, a aquells usuaris que incompleixin aquestes Condicions Generals d&#039;\u00das.<\/span><\/p>\n<p><b>\u00a0<\/b><\/p>\n<p><b>GENERALITATS<\/b><\/p>\n<p><span style=\"font-weight: 400;\">ESPAI TCI, SLU perseguir\u00e0 l&#039;incompliment de les presents condicions, aix\u00ed com qualsevol utilitzaci\u00f3 indeguda del portal exercint totes les accions civils i penals que li puguin correspondre en dret.<\/span><\/p>\n<p>&nbsp;<\/p>\n<p><b>MODIFICACI\u00d3 DE LES PRESENTS CONDICIONS I DURADA<\/b><\/p>\n<p><span style=\"font-weight: 400;\">ESPAI TCI, SLU podr\u00e0 modificar en qualsevol moment les condicions aqu\u00ed determinades, sent degudament publicades com apareixen aqu\u00ed.<\/span><\/p>\n<p><span style=\"font-weight: 400;\">La vig\u00e8ncia de les condicions esmentades anir\u00e0 en funci\u00f3 de la seva exposici\u00f3 i estaran vigents fins que siguin modificades per altres degudament publicades.<\/span><\/p>\n<p>&nbsp;<\/p>\n<p><b>LEGISLACI\u00d3 APLICABLE I JURISDICCI\u00d3<\/b><\/p>\n<p><span style=\"font-weight: 400;\">La relaci\u00f3 entre ESPAI TCI, SLU i l&#039;USUARI es regir\u00e0 per la normativa espanyola vigent i qualsevol controv\u00e8rsia se sotmetr\u00e0 als jutjats i tribunals de la ciutat anteriorment indicada.<\/span><\/p>\n\n\t\t<\/div>\n\t<\/div>\n<\/div><\/div><\/div><\/div><div class=\"vc_row wpb_row vc_row-fluid\" ><div class=\"wpb_column vc_column_container vc_col-sm-12\"><div class=\"vc_column-inner\"><div class=\"wpb_wrapper\"><div class=\"vc_empty_space\"   style=\"height: 50px\"><span class=\"vc_empty_space_inner\"><\/span><\/div><\/div><\/div><\/div><\/div>","protected":false},"excerpt":{"rendered":"Aviso legal &nbsp; En cumplimiento de la Ley 34\/2002, de 11 de julio, de Servicios de la Sociedad de la Informaci\u00f3n y de Comercio Electr\u00f3nico (LSSI-CE), la empresa le informa [...]","protected":false},"author":1,"featured_media":0,"parent":0,"menu_order":0,"comment_status":"closed","ping_status":"closed","template":"","meta":{"footnotes":""},"class_list":["post-2906","page","type-page","status-publish","hentry"],"yoast_head":"<!-- This site is optimized with the Yoast SEO plugin v27.4 - https:\/\/yoast.com\/product\/yoast-seo-wordpress\/ -->\n<title>Aviso legal - Cercle de Consci\u00e8ncia<\/title>\n<meta name=\"robots\" content=\"index, follow, max-snippet:-1, max-image-preview:large, max-video-preview:-1\" \/>\n<link rel=\"canonical\" href=\"https:\/\/cercledeconsciencia.com\/ca\/avis-legal\/\" \/>\n<meta property=\"og:locale\" content=\"ca_ES\" \/>\n<meta property=\"og:type\" content=\"article\" \/>\n<meta property=\"og:title\" content=\"Aviso legal - Cercle de Consci\u00e8ncia\" \/>\n<meta property=\"og:url\" content=\"https:\/\/cercledeconsciencia.com\/ca\/avis-legal\/\" \/>\n<meta property=\"og:site_name\" content=\"Cercle de Consci\u00e8ncia\" \/>\n<meta property=\"article:publisher\" content=\"https:\/\/www.facebook.com\/Cercledeconscienciabarcelona?_rdr\" \/>\n<meta property=\"article:modified_time\" content=\"2024-02-06T01:01:23+00:00\" \/>\n<meta name=\"twitter:card\" content=\"summary_large_image\" \/>\n<meta name=\"twitter:label1\" content=\"Temps estimat de lectura\" \/>\n\t<meta name=\"twitter:data1\" content=\"6 minuts\" \/>\n<script type=\"application\/ld+json\" class=\"yoast-schema-graph\">{\"@context\":\"https:\\\/\\\/schema.org\",\"@graph\":[{\"@type\":\"WebPage\",\"@id\":\"https:\\\/\\\/cercledeconsciencia.com\\\/es\\\/aviso-legal\\\/\",\"url\":\"https:\\\/\\\/cercledeconsciencia.com\\\/es\\\/aviso-legal\\\/\",\"name\":\"Aviso legal - Cercle de Consci\u00e8ncia\",\"isPartOf\":{\"@id\":\"https:\\\/\\\/cercledeconsciencia.com\\\/#website\"},\"datePublished\":\"2024-02-06T00:49:54+00:00\",\"dateModified\":\"2024-02-06T01:01:23+00:00\",\"breadcrumb\":{\"@id\":\"https:\\\/\\\/cercledeconsciencia.com\\\/es\\\/aviso-legal\\\/#breadcrumb\"},\"inLanguage\":\"ca\",\"potentialAction\":[{\"@type\":\"ReadAction\",\"target\":[\"https:\\\/\\\/cercledeconsciencia.com\\\/es\\\/aviso-legal\\\/\"]}]},{\"@type\":\"BreadcrumbList\",\"@id\":\"https:\\\/\\\/cercledeconsciencia.com\\\/es\\\/aviso-legal\\\/#breadcrumb\",\"itemListElement\":[{\"@type\":\"ListItem\",\"position\":1,\"name\":\"Portada\",\"item\":\"https:\\\/\\\/cercledeconsciencia.com\\\/\"},{\"@type\":\"ListItem\",\"position\":2,\"name\":\"Aviso legal\"}]},{\"@type\":\"WebSite\",\"@id\":\"https:\\\/\\\/cercledeconsciencia.com\\\/#website\",\"url\":\"https:\\\/\\\/cercledeconsciencia.com\\\/\",\"name\":\"Cercle de Consci\u00e8ncia\",\"description\":\"Centro de Formaci\u00f3n y Terapias\",\"publisher\":{\"@id\":\"https:\\\/\\\/cercledeconsciencia.com\\\/#organization\"},\"potentialAction\":[{\"@type\":\"SearchAction\",\"target\":{\"@type\":\"EntryPoint\",\"urlTemplate\":\"https:\\\/\\\/cercledeconsciencia.com\\\/?s={search_term_string}\"},\"query-input\":{\"@type\":\"PropertyValueSpecification\",\"valueRequired\":true,\"valueName\":\"search_term_string\"}}],\"inLanguage\":\"ca\"},{\"@type\":\"Organization\",\"@id\":\"https:\\\/\\\/cercledeconsciencia.com\\\/#organization\",\"name\":\"Cercle de Consci\u00e8ncia\",\"url\":\"https:\\\/\\\/cercledeconsciencia.com\\\/\",\"logo\":{\"@type\":\"ImageObject\",\"inLanguage\":\"ca\",\"@id\":\"https:\\\/\\\/cercledeconsciencia.com\\\/#\\\/schema\\\/logo\\\/image\\\/\",\"url\":\"https:\\\/\\\/cercledeconsciencia.com\\\/wp-content\\\/uploads\\\/2023\\\/07\\\/logo.png\",\"contentUrl\":\"https:\\\/\\\/cercledeconsciencia.com\\\/wp-content\\\/uploads\\\/2023\\\/07\\\/logo.png\",\"width\":239,\"height\":68,\"caption\":\"Cercle de Consci\u00e8ncia\"},\"image\":{\"@id\":\"https:\\\/\\\/cercledeconsciencia.com\\\/#\\\/schema\\\/logo\\\/image\\\/\"},\"sameAs\":[\"https:\\\/\\\/www.facebook.com\\\/Cercledeconscienciabarcelona?_rdr\",\"https:\\\/\\\/www.instagram.com\\\/cercledeconsciencia\\\/\",\"https:\\\/\\\/www.youtube.com\\\/c\\\/cercledeconsciencia\"]}]}<\/script>\n<!-- \/ Yoast SEO plugin. -->","yoast_head_json":{"title":"Av\u00eds legal - Cercle de Consci\u00e8ncia","robots":{"index":"index","follow":"follow","max-snippet":"max-snippet:-1","max-image-preview":"max-image-preview:large","max-video-preview":"max-video-preview:-1"},"canonical":"https:\/\/cercledeconsciencia.com\/ca\/avis-legal\/","og_locale":"ca_ES","og_type":"article","og_title":"Aviso legal - Cercle de Consci\u00e8ncia","og_url":"https:\/\/cercledeconsciencia.com\/ca\/avis-legal\/","og_site_name":"Cercle de Consci\u00e8ncia","article_publisher":"https:\/\/www.facebook.com\/Cercledeconscienciabarcelona?_rdr","article_modified_time":"2024-02-06T01:01:23+00:00","twitter_card":"summary_large_image","twitter_misc":{"Temps estimat de lectura":"6 minuts"},"schema":{"@context":"https:\/\/schema.org","@graph":[{"@type":"WebPage","@id":"https:\/\/cercledeconsciencia.com\/es\/aviso-legal\/","url":"https:\/\/cercledeconsciencia.com\/es\/aviso-legal\/","name":"Av\u00eds legal - Cercle de Consci\u00e8ncia","isPartOf":{"@id":"https:\/\/cercledeconsciencia.com\/#website"},"datePublished":"2024-02-06T00:49:54+00:00","dateModified":"2024-02-06T01:01:23+00:00","breadcrumb":{"@id":"https:\/\/cercledeconsciencia.com\/es\/aviso-legal\/#breadcrumb"},"inLanguage":"ca","potentialAction":[{"@type":"ReadAction","target":["https:\/\/cercledeconsciencia.com\/es\/aviso-legal\/"]}]},{"@type":"BreadcrumbList","@id":"https:\/\/cercledeconsciencia.com\/es\/aviso-legal\/#breadcrumb","itemListElement":[{"@type":"ListItem","position":1,"name":"Portada","item":"https:\/\/cercledeconsciencia.com\/"},{"@type":"ListItem","position":2,"name":"Aviso legal"}]},{"@type":"WebSite","@id":"https:\/\/cercledeconsciencia.com\/#website","url":"https:\/\/cercledeconsciencia.com\/","name":"Cercle de Consci\u00e8ncia","description":"Centre de Formaci\u00f3 i Ter\u00e0pies","publisher":{"@id":"https:\/\/cercledeconsciencia.com\/#organization"},"potentialAction":[{"@type":"SearchAction","target":{"@type":"EntryPoint","urlTemplate":"https:\/\/cercledeconsciencia.com\/?s={search_term_string}"},"query-input":{"@type":"PropertyValueSpecification","valueRequired":true,"valueName":"search_term_string"}}],"inLanguage":"ca"},{"@type":"Organization","@id":"https:\/\/cercledeconsciencia.com\/#organization","name":"Cercle de Consci\u00e8ncia","url":"https:\/\/cercledeconsciencia.com\/","logo":{"@type":"ImageObject","inLanguage":"ca","@id":"https:\/\/cercledeconsciencia.com\/#\/schema\/logo\/image\/","url":"https:\/\/cercledeconsciencia.com\/wp-content\/uploads\/2023\/07\/logo.png","contentUrl":"https:\/\/cercledeconsciencia.com\/wp-content\/uploads\/2023\/07\/logo.png","width":239,"height":68,"caption":"Cercle de Consci\u00e8ncia"},"image":{"@id":"https:\/\/cercledeconsciencia.com\/#\/schema\/logo\/image\/"},"sameAs":["https:\/\/www.facebook.com\/Cercledeconscienciabarcelona?_rdr","https:\/\/www.instagram.com\/cercledeconsciencia\/","https:\/\/www.youtube.com\/c\/cercledeconsciencia"]}]}},"_links":{"self":[{"href":"https:\/\/cercledeconsciencia.com\/ca\/wp-json\/wp\/v2\/pages\/2906","targetHints":{"allow":["GET"]}}],"collection":[{"href":"https:\/\/cercledeconsciencia.com\/ca\/wp-json\/wp\/v2\/pages"}],"about":[{"href":"https:\/\/cercledeconsciencia.com\/ca\/wp-json\/wp\/v2\/types\/page"}],"author":[{"embeddable":true,"href":"https:\/\/cercledeconsciencia.com\/ca\/wp-json\/wp\/v2\/users\/1"}],"replies":[{"embeddable":true,"href":"https:\/\/cercledeconsciencia.com\/ca\/wp-json\/wp\/v2\/comments?post=2906"}],"version-history":[{"count":6,"href":"https:\/\/cercledeconsciencia.com\/ca\/wp-json\/wp\/v2\/pages\/2906\/revisions"}],"predecessor-version":[{"id":2916,"href":"https:\/\/cercledeconsciencia.com\/ca\/wp-json\/wp\/v2\/pages\/2906\/revisions\/2916"}],"wp:attachment":[{"href":"https:\/\/cercledeconsciencia.com\/ca\/wp-json\/wp\/v2\/media?parent=2906"}],"curies":[{"name":"wp","href":"https:\/\/api.w.org\/{rel}","templated":true}]}}