{"id":3408,"date":"2024-03-15T01:43:58","date_gmt":"2024-03-15T01:43:58","guid":{"rendered":"https:\/\/cercledeconsciencia.com\/?page_id=3408"},"modified":"2024-08-01T12:01:27","modified_gmt":"2024-08-01T12:01:27","slug":"lloguer-sales-terapeutes-barcelona","status":"publish","type":"page","link":"https:\/\/cercledeconsciencia.com\/ca\/alquiler-salas-terapeutas-barcelona\/","title":{"rendered":"Lloguer d\u00b4espais - Barcelona"},"content":{"rendered":"<div data-vc-full-width=\"true\" data-vc-full-width-init=\"false\" data-vc-stretch-content=\"true\" class=\"vc_row wpb_row vc_row-fluid vc_custom_1707778016719 vc_column-gap-20 vc_row-no-padding vc_row-o-equal-height vc_row-o-content-top vc_row-flex\" ><div class=\"wpb_column vc_column_container vc_col-sm-12\"><div class=\"vc_column-inner\"><div class=\"wpb_wrapper\"><div class=\"vc_row wpb_row vc_inner vc_row-fluid vc_column-gap-35 vc_row-o-content-middle vc_row-flex\" ><div class=\"br-radius-br wpb_column vc_column_container vc_col-sm-2\"><div class=\"vc_column-inner\"><div class=\"wpb_wrapper\"><\/div><\/div><\/div><div class=\"br-radius-tl wpb_column vc_column_container vc_col-sm-4\"><div class=\"vc_column-inner vc_custom_1718840787883\"><div class=\"wpb_wrapper\">\n\t<div class=\"wpb_text_column wpb_content_element \" >\n\t\t<div class=\"wpb_wrapper\">\n\t\t\t<h1 class=\"title-salas\">Alquiler de espacios y salas para terapeutas en Barcelona<\/h1>\n<h5>Varias direcciones cerca de Gracia.<\/h5>\n\n\t\t<\/div>\n\t<\/div>\n<div class=\"vc_empty_space\"   style=\"height: 20px\"><span class=\"vc_empty_space_inner\"><\/span><\/div><div class=\"vc_btn3-container vc_btn3-inline\" ><button style=\"background-color:#088094; color:#ffffff;\" class=\"vc_general vc_btn3 vc_btn3-size-md vc_btn3-shape-rounded vc_btn3-style-custom\">M\u00e1s informaci\u00f3n<\/button><\/div><\/div><\/div><\/div><div class=\"wpb_column vc_column_container vc_col-sm-6\"><div class=\"vc_column-inner\"><div class=\"wpb_wrapper\">\n\t<div  class=\"wpb_single_image wpb_content_element vc_align_left   br-radius-bl\">\n\t\t\n\t\t<figure class=\"wpb_wrapper vc_figure\">\n\t\t\t<div class=\"vc_single_image-wrapper   vc_box_border_grey\"><img loading=\"lazy\" decoding=\"async\" width=\"1000\" height=\"820\" src=\"https:\/\/cercledeconsciencia.com\/wp-content\/uploads\/2024\/08\/DSC_3730_escogida-1.jpg\" class=\"vc_single_image-img attachment-full\" alt=\"\" title=\"DSC_3730_escogida (1)\" srcset=\"https:\/\/cercledeconsciencia.com\/wp-content\/uploads\/2024\/08\/DSC_3730_escogida-1.jpg 1000w, https:\/\/cercledeconsciencia.com\/wp-content\/uploads\/2024\/08\/DSC_3730_escogida-1-300x246.jpg 300w, https:\/\/cercledeconsciencia.com\/wp-content\/uploads\/2024\/08\/DSC_3730_escogida-1-768x630.jpg 768w\" sizes=\"auto, (max-width: 1000px) 100vw, 1000px\" \/><\/div>\n\t\t<\/figure>\n\t<\/div>\n<\/div><\/div><\/div><\/div><\/div><\/div><\/div><\/div><div class=\"vc_row-full-width vc_clearfix\"><\/div><div class=\"edgtf-row-grid-section-wrapper \"  ><div class=\"edgtf-row-grid-section\"><div class=\"vc_row wpb_row vc_row-fluid\" ><div class=\"wpb_column vc_column_container vc_col-sm-12\"><div class=\"vc_column-inner\"><div class=\"wpb_wrapper\"><div class=\"vc_empty_space\"   style=\"height: 100px\"><span class=\"vc_empty_space_inner\"><\/span><\/div><div class=\"edgtf-row-grid-section-wrapper \" ><div class=\"edgtf-row-grid-section\"><div class=\"vc_row wpb_row vc_inner vc_row-fluid\" ><div class=\"wpb_column vc_column_container vc_col-sm-12\"><div class=\"vc_column-inner\"><div class=\"wpb_wrapper\">\n\t<div class=\"wpb_text_column wpb_content_element \" >\n\t\t<div class=\"wpb_wrapper\">\n\t\t\t<h2 class=\"title-local\">\u00bfQu\u00e9 tipo de espacios y salas est\u00e1s buscando en Barcelona?<\/h2>\n<p style=\"text-align: justify;\">En nuestro centro, ofrecemos una amplia variedad de salas de alquiler en distintos tama\u00f1os y ubicaciones para terapeutas y psic\u00f3logos que buscan un entorno tranquilo y adecuado para sus sesiones terap\u00e9uticas en Barcelona.<\/p>\n<p style=\"text-align: justify;\">Disponemos desde espacios \u00edntimos como <b>salas y despachos para terapias<\/b> individuales hasta salas m\u00e1s amplias dise\u00f1adas para trabajos en grupos. Estamos seguros de que en nuestro centro encontrar\u00e1s el espacio perfecto para llevar a cabo tu pr\u00e1ctica terap\u00e9utica.<\/p>\n\n\t\t<\/div>\n\t<\/div>\n<div class=\"vc_empty_space\"   style=\"height: 50px\"><span class=\"vc_empty_space_inner\"><\/span><\/div>\n\t<div class=\"wpb_text_column wpb_content_element \" >\n\t\t<div class=\"wpb_wrapper\">\n\t\t\t<h2 class=\"title-local\">\u00bfDeseas alquilar una sala para terapias en Barcelona?<\/h2>\n<p style=\"text-align: justify;\">Contamos con seis salas para terapia ubicadas en el coraz\u00f3n de Barcelona, a solo unos pasos del animado Barrio de Gracia (metro Joanic). Con distintos tama\u00f1os, caracter\u00edsticas y tarifas, nuestras salas se adaptan a sesiones de terapia individual, de pareja, familiar o grupales.<\/p>\n<p style=\"text-align: justify;\">Cada sala ha sido meticulosamente amueblada y decorada para crear un ambiente acogedor y c\u00e1lido, donde los clientes se sientan seguros y relajados. Adem\u00e1s, todas nuestras salas est\u00e1n equipadas con las comodidades necesarias para garantizar una experiencia terap\u00e9utica \u00f3ptima, incluyendo mobiliario c\u00f3modo, iluminaci\u00f3n ajustable y climatizaci\u00f3n adecuada.<\/p>\n\n\t\t<\/div>\n\t<\/div>\n<\/div><\/div><\/div><\/div><\/div><\/div><div class=\"vc_empty_space\"   style=\"height: 50px\"><span class=\"vc_empty_space_inner\"><\/span><\/div><\/div><\/div><\/div><\/div><\/div><\/div><div class=\"edgtf-row-grid-section-wrapper \"  ><div class=\"edgtf-row-grid-section\"><div id=\"salas\" class=\"vc_row wpb_row vc_row-fluid vc_column-gap-30 vc_row-o-equal-height vc_row-flex\" ><div class=\"box-alquiler wpb_column vc_column_container vc_col-sm-4\"><div class=\"vc_column-inner vc_custom_1710469274633\"><div class=\"wpb_wrapper\"><div class=\"wpb_images_carousel wpb_content_element vc_clearfix vc_custom_1722512882288 border-radius-top\"><div class=\"wpb_wrapper\"><div id=\"vc_images-carousel-1-1777460759\" data-ride=\"vc_carousel\" data-wrap=\"false\" style=\"width: 100%;\" data-interval=\"4000\" data-auto-height=\"yes\" data-mode=\"horizontal\" data-partial=\"false\" data-per-view=\"1\" data-hide-on-end=\"false\" class=\"vc_slide vc_images_carousel\"><ol class=\"vc_carousel-indicators\"><li data-target=\"#vc_images-carousel-1-1777460759\" data-slide-to=\"0\"><\/li><\/ol><div class=\"vc_carousel-inner\"><div class=\"vc_carousel-slideline\"><div class=\"vc_carousel-slideline-inner\"><div class=\"vc_item\"><div class=\"vc_inner\"><img loading=\"lazy\" decoding=\"async\" width=\"1000\" height=\"800\" src=\"https:\/\/cercledeconsciencia.com\/wp-content\/uploads\/2024\/08\/DSC_3895_escogida.jpg\" class=\"attachment-full\" alt=\"\" title=\"DSC_3895_escogida\" srcset=\"https:\/\/cercledeconsciencia.com\/wp-content\/uploads\/2024\/08\/DSC_3895_escogida.jpg 1000w, https:\/\/cercledeconsciencia.com\/wp-content\/uploads\/2024\/08\/DSC_3895_escogida-300x240.jpg 300w, https:\/\/cercledeconsciencia.com\/wp-content\/uploads\/2024\/08\/DSC_3895_escogida-768x614.jpg 768w\" sizes=\"auto, (max-width: 1000px) 100vw, 1000px\" \/><\/div><\/div><\/div><\/div><\/div><\/div><\/div><\/div>\n\t<div class=\"wpb_text_column wpb_content_element  vc_custom_1722513089651\" >\n\t\t<div class=\"wpb_wrapper\">\n\t\t\t<p><strong>En Gracia: Sala para terapia, 10 m<sup>2<\/sup> 2 personas (Sala 1)<\/strong><\/p>\n<p style=\"font-size: 14px;\">Despacho\/sala para terapia individual, con decoraci\u00f3n sobria y funcional. Est\u00e1 equipado con dos butacas, una mesita de apoyo y cojines adicionales. Sus dimensiones lo hacen perfecto tambi\u00e9n para actividades de meditaci\u00f3n.<\/p>\n<p style=\"font-size: 14px;\"><strong>Tipo de actividad:<\/strong> Terapia individual, meditaci\u00f3n<br \/>\n<strong>Tama\u00f1o:<\/strong> 10 m<sup>2<\/sup><\/p>\n\n\t\t<\/div>\n\t<\/div>\n<div class=\"vc_empty_space\"   style=\"height: 25px\"><span class=\"vc_empty_space_inner\"><\/span><\/div><div class=\"vc_tta-container\" data-vc-action=\"collapseAll\"><div class=\"vc_general vc_tta vc_tta-accordion vc_tta-color-grey vc_tta-style-flat vc_tta-shape-square vc_tta-o-shape-group vc_tta-controls-align-left vc_tta-o-all-clickable\"><div class=\"vc_tta-panels-container\"><div class=\"vc_tta-panels\"><div class=\"vc_tta-panel\" id=\"2personas\" data-vc-content=\".vc_tta-panel-body\"><div class=\"vc_tta-panel-heading\"><h6 class=\"vc_tta-panel-title vc_tta-controls-icon-position-left\"><a href=\"#2personas\" data-vc-accordion data-vc-container=\".vc_tta-container\"><span class=\"vc_tta-title-text\">Ver detalles<\/span><i class=\"vc_tta-controls-icon vc_tta-controls-icon-plus\"><\/i><\/a><\/h6><\/div><div class=\"vc_tta-panel-body\">\n\t<div class=\"wpb_text_column wpb_content_element  vc_custom_1722512811581\" >\n\t\t<div class=\"wpb_wrapper\">\n\t\t\t<p style=\"font-size: 14px;\"><strong>Caracter\u00edsticas:<\/strong> suelo de madera y la luz natural<br \/>\n<strong>Capacidad total:<\/strong> 2 personas<br \/>\n<strong>Climatizaci\u00f3n:<\/strong> aire acondicionado \/ calefacci\u00f3n<br \/>\n<strong>Inclu\u00eddo bajo solicitud:<\/strong> colchonetas, esterillas, mantas y zafus.<\/p>\n<p>Espai TCI &#8211; C\/ Pau Alsina, 35, Barcelona<\/p>\n\n\t\t<\/div>\n\t<\/div>\n<div class=\"vc_btn3-container vc_btn3-inline vc_custom_1708683479438\" ><a style=\"background-color:#088094; color:#ffffff;\" class=\"vc_general vc_btn3 vc_btn3-size-md vc_btn3-shape-rounded vc_btn3-style-custom\" href=\"#contacto\" title=\"\">Consultar disponibilidad<\/a><\/div><\/div><\/div><\/div><\/div><\/div><\/div><div class=\"vc_empty_space\"   style=\"height: 5px\"><span class=\"vc_empty_space_inner\"><\/span><\/div><\/div><\/div><\/div><div class=\"box-alquiler wpb_column vc_column_container vc_col-sm-4\"><div class=\"vc_column-inner vc_custom_1708382129425\"><div class=\"wpb_wrapper\"><div class=\"wpb_images_carousel wpb_content_element vc_clearfix vc_custom_1722513034553 border-radius-top\"><div class=\"wpb_wrapper\"><div id=\"vc_images-carousel-2-1777460759\" data-ride=\"vc_carousel\" data-wrap=\"false\" style=\"width: 100%;\" data-interval=\"4000\" data-auto-height=\"yes\" data-mode=\"horizontal\" data-partial=\"false\" data-per-view=\"1\" data-hide-on-end=\"false\" class=\"vc_slide vc_images_carousel\"><ol class=\"vc_carousel-indicators\"><li data-target=\"#vc_images-carousel-2-1777460759\" data-slide-to=\"0\"><\/li><\/ol><div class=\"vc_carousel-inner\"><div class=\"vc_carousel-slideline\"><div class=\"vc_carousel-slideline-inner\"><div class=\"vc_item\"><div class=\"vc_inner\"><img loading=\"lazy\" decoding=\"async\" width=\"1000\" height=\"800\" src=\"https:\/\/cercledeconsciencia.com\/wp-content\/uploads\/2024\/08\/DSC_3909_escogida.jpg\" class=\"attachment-full\" alt=\"\" title=\"DSC_3909_escogida\" srcset=\"https:\/\/cercledeconsciencia.com\/wp-content\/uploads\/2024\/08\/DSC_3909_escogida.jpg 1000w, https:\/\/cercledeconsciencia.com\/wp-content\/uploads\/2024\/08\/DSC_3909_escogida-300x240.jpg 300w, https:\/\/cercledeconsciencia.com\/wp-content\/uploads\/2024\/08\/DSC_3909_escogida-768x614.jpg 768w\" sizes=\"auto, (max-width: 1000px) 100vw, 1000px\" \/><\/div><\/div><\/div><\/div><\/div><\/div><\/div><\/div>\n\t<div class=\"wpb_text_column wpb_content_element  vc_custom_1722513113872\" >\n\t\t<div class=\"wpb_wrapper\">\n\t\t\t<p><strong>Sala para terapia para hasta 3 personas en Gracia (Sala 2)<\/strong><\/p>\n<p style=\"font-size: 14px;\">Despacho \/sala para terapia individual o en pareja. Decoraci\u00f3n sobria, colores neutros y funcional sin distracciones. Est\u00e1 equipado con butaca individual, sof\u00e1 y mesita de apoyo. Sin distracciones. Muy silencioso.<\/p>\n<p style=\"font-size: 14px;\"><strong>Tipos de actividades: <\/strong>Terapia individual.<br \/>\n<strong>Tama\u00f1o:<\/strong> 12 m<sup>2<\/sup><\/p>\n\n\t\t<\/div>\n\t<\/div>\n<div class=\"vc_tta-container\" data-vc-action=\"collapseAll\"><div class=\"vc_general vc_tta vc_tta-accordion vc_tta-color-grey vc_tta-style-flat vc_tta-shape-square vc_tta-o-shape-group vc_tta-controls-align-left vc_tta-o-all-clickable\"><div class=\"vc_tta-panels-container\"><div class=\"vc_tta-panels\"><div class=\"vc_tta-panel\" id=\"3personas\" data-vc-content=\".vc_tta-panel-body\"><div class=\"vc_tta-panel-heading\"><h6 class=\"vc_tta-panel-title vc_tta-controls-icon-position-left\"><a href=\"#3personas\" data-vc-accordion data-vc-container=\".vc_tta-container\"><span class=\"vc_tta-title-text\">Ver detalles<\/span><i class=\"vc_tta-controls-icon vc_tta-controls-icon-plus\"><\/i><\/a><\/h6><\/div><div class=\"vc_tta-panel-body\">\n\t<div class=\"wpb_text_column wpb_content_element  vc_custom_1722512965700\" >\n\t\t<div class=\"wpb_wrapper\">\n\t\t\t<p style=\"font-size: 14px;\"><strong>Caracter\u00edsticas:<\/strong> suelo de madera<br \/>\n<strong>Capacidad total:<\/strong> 3 personas<br \/>\n<strong>Climatizaci\u00f3n:<\/strong> aire acondicionado \/ calefacci\u00f3n<br \/>\n<strong>Extra bajo solicitud:<\/strong> colchonetas, esterillas, mantas y zafus.<\/p>\n<p>Espai TCI &#8211; C\/ Pau Alsina, 35, Barcelona<\/p>\n\n\t\t<\/div>\n\t<\/div>\n<div class=\"vc_btn3-container vc_btn3-inline vc_custom_1708683471841\" ><a style=\"background-color:#088094; color:#ffffff;\" class=\"vc_general vc_btn3 vc_btn3-size-md vc_btn3-shape-rounded vc_btn3-style-custom\" href=\"#contacto\" title=\"\">Consultar disponibilidad<\/a><\/div><\/div><\/div><\/div><\/div><\/div><\/div><div class=\"vc_empty_space\"   style=\"height: 5px\"><span class=\"vc_empty_space_inner\"><\/span><\/div><\/div><\/div><\/div><div class=\"box-alquiler wpb_column vc_column_container vc_col-sm-4\"><div class=\"vc_column-inner vc_custom_1708382139093\"><div class=\"wpb_wrapper\"><div class=\"wpb_images_carousel wpb_content_element vc_clearfix vc_custom_1722513269690 border-radius-top\"><div class=\"wpb_wrapper\"><div id=\"vc_images-carousel-3-1777460759\" data-ride=\"vc_carousel\" data-wrap=\"false\" style=\"width: 100%;\" data-interval=\"4000\" data-auto-height=\"yes\" data-mode=\"horizontal\" data-partial=\"false\" data-per-view=\"1\" data-hide-on-end=\"false\" class=\"vc_slide vc_images_carousel\"><ol class=\"vc_carousel-indicators\"><li data-target=\"#vc_images-carousel-3-1777460759\" data-slide-to=\"0\"><\/li><\/ol><div class=\"vc_carousel-inner\"><div class=\"vc_carousel-slideline\"><div class=\"vc_carousel-slideline-inner\"><div class=\"vc_item\"><div class=\"vc_inner\"><img loading=\"lazy\" decoding=\"async\" width=\"1000\" height=\"800\" src=\"https:\/\/cercledeconsciencia.com\/wp-content\/uploads\/2024\/08\/DSC_3764_escogida.jpg\" class=\"attachment-full\" alt=\"\" title=\"DSC_3764_escogida\" srcset=\"https:\/\/cercledeconsciencia.com\/wp-content\/uploads\/2024\/08\/DSC_3764_escogida.jpg 1000w, https:\/\/cercledeconsciencia.com\/wp-content\/uploads\/2024\/08\/DSC_3764_escogida-300x240.jpg 300w, https:\/\/cercledeconsciencia.com\/wp-content\/uploads\/2024\/08\/DSC_3764_escogida-768x614.jpg 768w\" sizes=\"auto, (max-width: 1000px) 100vw, 1000px\" \/><\/div><\/div><\/div><\/div><\/div><\/div><\/div><\/div>\n\t<div class=\"wpb_text_column wpb_content_element  vc_custom_1722513154499\" >\n\t\t<div class=\"wpb_wrapper\">\n\t\t\t<p><strong>En Gracia: Sala para terapia, 10m<sup>2<\/sup> para 3 personas (Sala 6)<\/strong><\/p>\n<p style=\"font-size: 14px;\">Sala para terapia individual: Despacho con decoraci\u00f3n sobria, colores neutros y funcional, sin distracciones. Est\u00e1 equipado con dos butacas individuales, cojines y una mesita de apoyo. Muy silencioso.<\/p>\n<p style=\"font-size: 14px;\"><strong>Tipos de actividades:<\/strong> Terapia individual y meditaci\u00f3n.<br \/>\n<strong>Tama\u00f1o:<\/strong> 10 m<sup>2<\/sup><\/p>\n\n\t\t<\/div>\n\t<\/div>\n<div class=\"vc_tta-container\" data-vc-action=\"collapseAll\"><div class=\"vc_general vc_tta vc_tta-accordion vc_tta-color-grey vc_tta-style-flat vc_tta-shape-square vc_tta-o-shape-group vc_tta-controls-align-left vc_tta-o-all-clickable\"><div class=\"vc_tta-panels-container\"><div class=\"vc_tta-panels\"><div class=\"vc_tta-panel\" id=\"4personas\" data-vc-content=\".vc_tta-panel-body\"><div class=\"vc_tta-panel-heading\"><h6 class=\"vc_tta-panel-title vc_tta-controls-icon-position-left\"><a href=\"#4personas\" data-vc-accordion data-vc-container=\".vc_tta-container\"><span class=\"vc_tta-title-text\">Ver detalles<\/span><i class=\"vc_tta-controls-icon vc_tta-controls-icon-plus\"><\/i><\/a><\/h6><\/div><div class=\"vc_tta-panel-body\">\n\t<div class=\"wpb_text_column wpb_content_element  vc_custom_1722513198224\" >\n\t\t<div class=\"wpb_wrapper\">\n\t\t\t<p style=\"font-size: 14px;\"><strong>Capacidad total:<\/strong> 2 personas<br \/>\n<strong>Caracter\u00edsticas:<\/strong> suelo de madera y la luz natural<br \/>\n<strong>Climatizaci\u00f3n:<\/strong> aire acondicionado \/ calefacci\u00f3n<br \/>\n<strong>Inclu\u00eddo bajo solicitud:<\/strong> zafus, colchonetas, esterillas, y mantas.<\/p>\n<p>Cercle Gestalt Barcelona<br \/>\nCalle Pau Alsina, 16, Barcelona<\/p>\n\n\t\t<\/div>\n\t<\/div>\n<div class=\"vc_btn3-container vc_btn3-inline vc_custom_1708683465058\" ><a style=\"background-color:#088094; color:#ffffff;\" class=\"vc_general vc_btn3 vc_btn3-size-md vc_btn3-shape-rounded vc_btn3-style-custom\" href=\"#contacto\" title=\"\">Consultar disponibilidad<\/a><\/div><\/div><\/div><\/div><\/div><\/div><\/div><div class=\"vc_empty_space\"   style=\"height: 5px\"><span class=\"vc_empty_space_inner\"><\/span><\/div><\/div><\/div><\/div><\/div><\/div><\/div><div class=\"edgtf-row-grid-section-wrapper \"  ><div class=\"edgtf-row-grid-section\"><div class=\"vc_row wpb_row vc_row-fluid vc_column-gap-30 vc_row-o-equal-height vc_row-flex\" ><div class=\"box-alquiler wpb_column vc_column_container vc_col-sm-4\"><div class=\"vc_column-inner vc_custom_1710469274633\"><div class=\"wpb_wrapper\"><div class=\"wpb_images_carousel wpb_content_element vc_clearfix vc_custom_1722513428427 border-radius-top\"><div class=\"wpb_wrapper\"><div id=\"vc_images-carousel-4-1777460759\" data-ride=\"vc_carousel\" data-wrap=\"false\" style=\"width: 100%;\" data-interval=\"4000\" data-auto-height=\"yes\" data-mode=\"horizontal\" data-partial=\"false\" data-per-view=\"1\" data-hide-on-end=\"false\" class=\"vc_slide vc_images_carousel\"><ol class=\"vc_carousel-indicators\"><li data-target=\"#vc_images-carousel-4-1777460759\" data-slide-to=\"0\"><\/li><\/ol><div class=\"vc_carousel-inner\"><div class=\"vc_carousel-slideline\"><div class=\"vc_carousel-slideline-inner\"><div class=\"vc_item\"><div class=\"vc_inner\"><img loading=\"lazy\" decoding=\"async\" width=\"1000\" height=\"800\" src=\"https:\/\/cercledeconsciencia.com\/wp-content\/uploads\/2024\/08\/DSC_3815_escogida.jpg\" class=\"attachment-full\" alt=\"\" title=\"DSC_3815_escogida\" srcset=\"https:\/\/cercledeconsciencia.com\/wp-content\/uploads\/2024\/08\/DSC_3815_escogida.jpg 1000w, https:\/\/cercledeconsciencia.com\/wp-content\/uploads\/2024\/08\/DSC_3815_escogida-300x240.jpg 300w, https:\/\/cercledeconsciencia.com\/wp-content\/uploads\/2024\/08\/DSC_3815_escogida-768x614.jpg 768w\" sizes=\"auto, (max-width: 1000px) 100vw, 1000px\" \/><\/div><\/div><\/div><\/div><\/div><\/div><\/div><\/div>\n\t<div class=\"wpb_text_column wpb_content_element  vc_custom_1722513328836\" >\n\t\t<div class=\"wpb_wrapper\">\n\t\t\t<p><strong>En Gracia: Sala para terapia, 12m<sup>2<\/sup> para 3 personas (Sala 7)<br \/>\n<\/strong><\/p>\n<p style=\"font-size: 14px;\">Sala para terapia individual o en pareja: Despacho con decoraci\u00f3n sobria, colores neutros y funcional sin distracciones. Est\u00e1 equipado con dos butacas individuales y una mesita de apoyo. Sin distracciones. Muy silencioso.<\/p>\n<p style=\"font-size: 14px;\"><strong>Tipos de actividades:<\/strong> Terapia individual y meditaci\u00f3n.<br \/>\n<strong>Tama\u00f1o:<\/strong> 12m<sup>2<\/sup><\/p>\n\n\t\t<\/div>\n\t<\/div>\n<div class=\"vc_tta-container\" data-vc-action=\"collapseAll\"><div class=\"vc_general vc_tta vc_tta-accordion vc_tta-color-grey vc_tta-style-flat vc_tta-shape-square vc_tta-o-shape-group vc_tta-controls-align-left vc_tta-o-all-clickable\"><div class=\"vc_tta-panels-container\"><div class=\"vc_tta-panels\"><div class=\"vc_tta-panel\" id=\"1710472131700-2c90ab54-9392\" data-vc-content=\".vc_tta-panel-body\"><div class=\"vc_tta-panel-heading\"><h6 class=\"vc_tta-panel-title vc_tta-controls-icon-position-left\"><a href=\"#1710472131700-2c90ab54-9392\" data-vc-accordion data-vc-container=\".vc_tta-container\"><span class=\"vc_tta-title-text\">Ver detalles<\/span><i class=\"vc_tta-controls-icon vc_tta-controls-icon-plus\"><\/i><\/a><\/h6><\/div><div class=\"vc_tta-panel-body\">\n\t<div class=\"wpb_text_column wpb_content_element  vc_custom_1722513361507\" >\n\t\t<div class=\"wpb_wrapper\">\n\t\t\t<p style=\"font-size: 14px;\"><strong>Capacidad total:<\/strong> 3 personas<br \/>\n<strong>Caracter\u00edsticas:<\/strong> suelo de madera<br \/>\n<strong>Climatizaci\u00f3n: <\/strong>aire acondicionado \/ calefacci\u00f3n<br \/>\n<strong>Inclu\u00eddo bajo solicitud:<\/strong> colchonetas, esterillas, mantas y zafus.<\/p>\n<p>Cercle Gestalt Barcelona<br \/>\nCalle Pau Alsina, 16, Barcelona<\/p>\n\n\t\t<\/div>\n\t<\/div>\n<div class=\"vc_btn3-container vc_btn3-inline vc_custom_1708683479438\" ><a style=\"background-color:#088094; color:#ffffff;\" class=\"vc_general vc_btn3 vc_btn3-size-md vc_btn3-shape-rounded vc_btn3-style-custom\" href=\"#contacto\" title=\"\">Consultar disponibilidad<\/a><\/div><\/div><\/div><\/div><\/div><\/div><\/div><div class=\"vc_empty_space\"   style=\"height: 5px\"><span class=\"vc_empty_space_inner\"><\/span><\/div><\/div><\/div><\/div><div class=\"box-alquiler wpb_column vc_column_container vc_col-sm-4\"><div class=\"vc_column-inner vc_custom_1708382129425\"><div class=\"wpb_wrapper\"><div class=\"wpb_images_carousel wpb_content_element vc_clearfix vc_custom_1722513575966 border-radius-top\"><div class=\"wpb_wrapper\"><div id=\"vc_images-carousel-5-1777460759\" data-ride=\"vc_carousel\" data-wrap=\"false\" style=\"width: 100%;\" data-interval=\"4000\" data-auto-height=\"yes\" data-mode=\"horizontal\" data-partial=\"false\" data-per-view=\"1\" data-hide-on-end=\"false\" class=\"vc_slide vc_images_carousel\"><ol class=\"vc_carousel-indicators\"><li data-target=\"#vc_images-carousel-5-1777460759\" data-slide-to=\"0\"><\/li><\/ol><div class=\"vc_carousel-inner\"><div class=\"vc_carousel-slideline\"><div class=\"vc_carousel-slideline-inner\"><div class=\"vc_item\"><div class=\"vc_inner\"><img loading=\"lazy\" decoding=\"async\" width=\"1000\" height=\"800\" src=\"https:\/\/cercledeconsciencia.com\/wp-content\/uploads\/2024\/08\/DSC_3771-Pano_escogida.jpg\" class=\"attachment-full\" alt=\"\" title=\"DSC_3771-Pano_escogida\" srcset=\"https:\/\/cercledeconsciencia.com\/wp-content\/uploads\/2024\/08\/DSC_3771-Pano_escogida.jpg 1000w, https:\/\/cercledeconsciencia.com\/wp-content\/uploads\/2024\/08\/DSC_3771-Pano_escogida-300x240.jpg 300w, https:\/\/cercledeconsciencia.com\/wp-content\/uploads\/2024\/08\/DSC_3771-Pano_escogida-768x614.jpg 768w\" sizes=\"auto, (max-width: 1000px) 100vw, 1000px\" \/><\/div><\/div><\/div><\/div><\/div><\/div><\/div><\/div>\n\t<div class=\"wpb_text_column wpb_content_element  vc_custom_1722513466670\" >\n\t\t<div class=\"wpb_wrapper\">\n\t\t\t<p><strong>En Gracia: Sala para terapia, 12m<sup>2<\/sup> para 3 personas (Sala 8)<br \/>\n<\/strong><\/p>\n<p style=\"font-size: 14px;\">Sala para terapia individual: con decoraci\u00f3n sobria y funcional con dos butacas, una mesita de apoyo y cojines adicionales. Por sus dimensiones, tambi\u00e9n resulta ideal para actividades de meditaci\u00f3n y masaje terap\u00e9utico.<\/p>\n<p style=\"font-size: 14px;\"><strong>Tipos de actividades: <\/strong>Terapia individual, meditaci\u00f3n y masaje.<br \/>\n<strong>Tama\u00f1o:<\/strong> 12m<sup>2<\/sup><\/p>\n\n\t\t<\/div>\n\t<\/div>\n<div class=\"vc_tta-container\" data-vc-action=\"collapseAll\"><div class=\"vc_general vc_tta vc_tta-accordion vc_tta-color-grey vc_tta-style-flat vc_tta-shape-square vc_tta-o-shape-group vc_tta-controls-align-left vc_tta-o-all-clickable\"><div class=\"vc_tta-panels-container\"><div class=\"vc_tta-panels\"><div class=\"vc_tta-panel\" id=\"1710472131908-6cc9f4b4-d3e8\" data-vc-content=\".vc_tta-panel-body\"><div class=\"vc_tta-panel-heading\"><h6 class=\"vc_tta-panel-title vc_tta-controls-icon-position-left\"><a href=\"#1710472131908-6cc9f4b4-d3e8\" data-vc-accordion data-vc-container=\".vc_tta-container\"><span class=\"vc_tta-title-text\">Ver detalles<\/span><i class=\"vc_tta-controls-icon vc_tta-controls-icon-plus\"><\/i><\/a><\/h6><\/div><div class=\"vc_tta-panel-body\">\n\t<div class=\"wpb_text_column wpb_content_element  vc_custom_1722513494192\" >\n\t\t<div class=\"wpb_wrapper\">\n\t\t\t<p style=\"font-size: 14px;\"><strong>Capacidad total:<\/strong> 3 personas<br \/>\n<strong>Caracter\u00edsticas:<\/strong> suelo de madera<br \/>\n<strong>Climatizaci\u00f3n:<\/strong> aire acondicionado \/ calefacci\u00f3n<br \/>\n<strong>Inclu\u00eddo bajo solicitud:<\/strong> colchonetas, esterillas, mantas y zafus.<\/p>\n<p>Cercle Gestalt &#8211; C\/ Pau Alsina, 16, Barcelona<\/p>\n\n\t\t<\/div>\n\t<\/div>\n<div class=\"vc_btn3-container vc_btn3-inline vc_custom_1708683471841\" ><a style=\"background-color:#088094; color:#ffffff;\" class=\"vc_general vc_btn3 vc_btn3-size-md vc_btn3-shape-rounded vc_btn3-style-custom\" href=\"#contacto\" title=\"\">Consultar disponibilidad<\/a><\/div><\/div><\/div><\/div><\/div><\/div><\/div><div class=\"vc_empty_space\"   style=\"height: 5px\"><span class=\"vc_empty_space_inner\"><\/span><\/div><\/div><\/div><\/div><div class=\"box-alquiler wpb_column vc_column_container vc_col-sm-4\"><div class=\"vc_column-inner vc_custom_1708382139093\"><div class=\"wpb_wrapper\"><div class=\"wpb_images_carousel wpb_content_element vc_clearfix vc_custom_1722513683200 border-radius-top\"><div class=\"wpb_wrapper\"><div id=\"vc_images-carousel-6-1777460759\" data-ride=\"vc_carousel\" data-wrap=\"false\" style=\"width: 100%;\" data-interval=\"4000\" data-auto-height=\"yes\" data-mode=\"horizontal\" data-partial=\"false\" data-per-view=\"1\" data-hide-on-end=\"false\" class=\"vc_slide vc_images_carousel\"><ol class=\"vc_carousel-indicators\"><li data-target=\"#vc_images-carousel-6-1777460759\" data-slide-to=\"0\"><\/li><\/ol><div class=\"vc_carousel-inner\"><div class=\"vc_carousel-slideline\"><div class=\"vc_carousel-slideline-inner\"><div class=\"vc_item\"><div class=\"vc_inner\"><img loading=\"lazy\" decoding=\"async\" width=\"1000\" height=\"800\" src=\"https:\/\/cercledeconsciencia.com\/wp-content\/uploads\/2024\/08\/DSC_3856_escogida.jpg\" class=\"attachment-full\" alt=\"\" title=\"DSC_3856_escogida\" srcset=\"https:\/\/cercledeconsciencia.com\/wp-content\/uploads\/2024\/08\/DSC_3856_escogida.jpg 1000w, https:\/\/cercledeconsciencia.com\/wp-content\/uploads\/2024\/08\/DSC_3856_escogida-300x240.jpg 300w, https:\/\/cercledeconsciencia.com\/wp-content\/uploads\/2024\/08\/DSC_3856_escogida-768x614.jpg 768w\" sizes=\"auto, (max-width: 1000px) 100vw, 1000px\" \/><\/div><\/div><\/div><\/div><\/div><\/div><\/div><\/div>\n\t<div class=\"wpb_text_column wpb_content_element  vc_custom_1722513601194\" >\n\t\t<div class=\"wpb_wrapper\">\n\t\t\t<p><strong>En Gracia: Sala para terapia, 10m<sup>2<\/sup> para 2 personas (Sala 9)<br \/>\n<\/strong><\/p>\n<p style=\"font-size: 14px;\">Sala para terapia individual: Despacho con decoraci\u00f3n sobria, colores neutros y funcional sin distracciones. Est\u00e1 equipado con dos butacas individuales y una mesita de apoyo. Sin distracciones. Muy silencioso.<\/p>\n<p style=\"font-size: 14px;\"><strong>Tipos de actividades:<\/strong> Terapia individual y meditaci\u00f3n.<br \/>\n<strong>Tama\u00f1o:<\/strong> 10m<sup>2<\/sup><\/p>\n\n\t\t<\/div>\n\t<\/div>\n<div class=\"vc_empty_space\"   style=\"height: 25px\"><span class=\"vc_empty_space_inner\"><\/span><\/div><div class=\"vc_tta-container\" data-vc-action=\"collapseAll\"><div class=\"vc_general vc_tta vc_tta-accordion vc_tta-color-grey vc_tta-style-flat vc_tta-shape-square vc_tta-o-shape-group vc_tta-controls-align-left vc_tta-o-all-clickable\"><div class=\"vc_tta-panels-container\"><div class=\"vc_tta-panels\"><div class=\"vc_tta-panel\" id=\"1710472132055-bc7e30af-d6d8\" data-vc-content=\".vc_tta-panel-body\"><div class=\"vc_tta-panel-heading\"><h6 class=\"vc_tta-panel-title vc_tta-controls-icon-position-left\"><a href=\"#1710472132055-bc7e30af-d6d8\" data-vc-accordion data-vc-container=\".vc_tta-container\"><span class=\"vc_tta-title-text\">Ver detalles<\/span><i class=\"vc_tta-controls-icon vc_tta-controls-icon-plus\"><\/i><\/a><\/h6><\/div><div class=\"vc_tta-panel-body\">\n\t<div class=\"wpb_text_column wpb_content_element  vc_custom_1722513619073\" >\n\t\t<div class=\"wpb_wrapper\">\n\t\t\t<p style=\"font-size: 14px;\"><strong>Capacidad total:<\/strong> 2 personas<br \/>\n<strong>Caracter\u00edsticas:<\/strong> suelo de madera y la luz natural<br \/>\n<strong>Climatizaci\u00f3n:<\/strong> aire acondicionado \/ calefacci\u00f3n<br \/>\n<strong>Inclu\u00eddo bajo solicitud: <\/strong>zafus, colchonetas, esterillas, y mantas.<\/p>\n<p>Cercle Gestalt Barcelona<br \/>\nCalle Pau Alsina, 16, Barcelona<\/p>\n\n\t\t<\/div>\n\t<\/div>\n<div class=\"vc_btn3-container vc_btn3-inline vc_custom_1708683465058\" ><a style=\"background-color:#088094; color:#ffffff;\" class=\"vc_general vc_btn3 vc_btn3-size-md vc_btn3-shape-rounded vc_btn3-style-custom\" href=\"#contacto\" title=\"\">Consultar disponibilidad<\/a><\/div><\/div><\/div><\/div><\/div><\/div><\/div><div class=\"vc_empty_space\"   style=\"height: 5px\"><span class=\"vc_empty_space_inner\"><\/span><\/div><\/div><\/div><\/div><\/div><\/div><\/div><div class=\"edgtf-row-grid-section-wrapper \"  ><div class=\"edgtf-row-grid-section\"><div class=\"vc_row wpb_row vc_row-fluid\" ><div class=\"wpb_column vc_column_container vc_col-sm-12\"><div class=\"vc_column-inner\"><div class=\"wpb_wrapper\"><div class=\"vc_empty_space\"   style=\"height: 50px\"><span class=\"vc_empty_space_inner\"><\/span><\/div>\n\t<div class=\"wpb_text_column wpb_content_element \" >\n\t\t<div class=\"wpb_wrapper\">\n\t\t\t<h2 class=\"subtitle-local\">Facilidades incluidas en el alquiler<\/h2>\n\n\t\t<\/div>\n\t<\/div>\n<div class=\"vc_empty_space\"   style=\"height: 30px\"><span class=\"vc_empty_space_inner\"><\/span><\/div><div class=\"edgtf-row-grid-section-wrapper \" ><div class=\"edgtf-row-grid-section\"><div class=\"vc_row wpb_row vc_inner vc_row-fluid vc_custom_1702979848569\" ><div class=\"wpb_column vc_column_container vc_col-sm-6\"><div class=\"vc_column-inner vc_custom_1702333549031\"><div class=\"wpb_wrapper\">\n\t<div class=\"wpb_text_column wpb_content_element \" >\n\t\t<div class=\"wpb_wrapper\">\n\t\t\t<p style=\"color: #088094;\"><strong>\u00b7 Flexibilidad de pago<\/strong><\/p>\n<p style=\"color: #088094;\"><strong>\u00b7 Alquiler por horas<\/strong><\/p>\n<p style=\"color: #088094;\"><strong>\u00b7 Agua disponible<\/strong><\/p>\n<p style=\"color: #088094;\"><strong>\u00b7 Aire acondicionado \/ calefacci\u00f3n<\/strong><\/p>\n<p style=\"color: #088094;\"><strong>\u00b7 Suministros incluidos<\/strong><\/p>\n\n\t\t<\/div>\n\t<\/div>\n<\/div><\/div><\/div><div class=\"wpb_column vc_column_container vc_col-sm-6\"><div class=\"vc_column-inner vc_custom_1702333556029\"><div class=\"wpb_wrapper\">\n\t<div class=\"wpb_text_column wpb_content_element \" >\n\t\t<div class=\"wpb_wrapper\">\n\t\t\t<p style=\"color: #088094;\"><strong>\u00b7 Equipo de m\u00fasica y sonido<\/strong><\/p>\n<p style=\"color: #088094;\"><strong>\u00b7 Zafus y mantas<\/strong><\/p>\n<p style=\"color: #088094;\"><strong>\u00b7 Buena iluminaci\u00f3n<\/strong><\/p>\n<p style=\"color: #088094;\"><strong>\u00b7 \u00cdntimo y silencioso<\/strong><\/p>\n<p style=\"color: #088094;\"><strong>\u00b7 Proyector y pizarra<\/strong><\/p>\n\n\t\t<\/div>\n\t<\/div>\n<\/div><\/div><\/div><\/div><\/div><\/div><div class=\"vc_row wpb_row vc_inner vc_row-fluid\" ><div class=\"wpb_column vc_column_container vc_col-sm-12\"><div class=\"vc_column-inner\"><div class=\"wpb_wrapper\">\n\t<div class=\"wpb_text_column wpb_content_element \" >\n\t\t<div class=\"wpb_wrapper\">\n\t\t\t<h2 class=\"subtitle-local\">Espacios para:<br \/>\nyoga, talleres y actividades de expresi\u00f3n corporal.<\/h2>\n<p style=\"text-align: justify;\">Si lo que est\u00e1s buscando son espacios amplios, para trabajos o sesiones en grupo, en nuestro centro disponemos de 4 espacios di\u00e1fanos de entre 40 a 150 metros cuadrados, con todas las comodidades para realizar actividades grupales.<\/p>\n<p style=\"text-align: justify;\">Los espacios, seg\u00fan sus caracter\u00edsticas, permiten adaptarse a diversas actividades, como grupos terap\u00e9uticos, yoga, pilates, entrenamientos personales, reuniones, mindfulness, teatro terap\u00e9utico, meditaci\u00f3n, ensayos de danza, as\u00ed como actividades psicoeducativas, formaciones y de crecimiento personal.<\/p>\n<p style=\"text-align: justify;\">Todos nuestros espacios disponibles para alquiler est\u00e1n debidamente acondicionados para actividades de expresi\u00f3n corporal y terapias de movimiento. El alquiler incluye acceso a WIFI, aire acondicionado, altavoces, proyector, pizarra tr\u00edpode, pizarra de pared, colchonetas, esterillas, mantas y zafus.<\/p>\n<p>Consulta las caracter\u00edsticas de cada espacio y su ubicaci\u00f3n.<\/p>\n\n\t\t<\/div>\n\t<\/div>\n<\/div><\/div><\/div><\/div><div class=\"vc_empty_space\"   style=\"height: 100px\"><span class=\"vc_empty_space_inner\"><\/span><\/div><\/div><\/div><\/div><\/div><\/div><\/div><div class=\"vc_row wpb_row vc_row-fluid\" ><div class=\"wpb_column vc_column_container vc_col-sm-12\"><div class=\"vc_column-inner\"><div class=\"wpb_wrapper\"><div class=\"vc_tta-container\" data-vc-action=\"collapse\"><div class=\"vc_general vc_tta vc_tta-tabs vc_tta-color-white vc_tta-style-flat vc_tta-shape-square vc_tta-o-shape-group vc_tta-gap-20 vc_tta-tabs-position-top vc_tta-controls-align-center wpb_animate_when_almost_visible wpb_fadeInRight fadeInRight\"><div class=\"vc_tta-tabs-container\"><ul class=\"vc_tta-tabs-list\"><li class=\"vc_tta-tab vc_active\" data-vc-tab><a href=\"#sala-a-diafana\" data-vc-tabs data-vc-container=\".vc_tta\"><span class=\"vc_tta-title-text\">Sala A - Diafana<\/span><\/a><\/li><li class=\"vc_tta-tab\" data-vc-tab><a href=\"#sala-b-diafana\" data-vc-tabs data-vc-container=\".vc_tta\"><span class=\"vc_tta-title-text\">Sala B - Diafana<\/span><\/a><\/li><li class=\"vc_tta-tab\" data-vc-tab><a href=\"#sala-10-arrels\" data-vc-tabs data-vc-container=\".vc_tta\"><span class=\"vc_tta-title-text\">Sala 10 Arrels<\/span><\/a><\/li><\/ul><\/div><div class=\"vc_tta-panels-container\"><div class=\"vc_tta-panels\"><div class=\"vc_tta-panel vc_active\" id=\"sala-a-diafana\" data-vc-content=\".vc_tta-panel-body\"><div class=\"vc_tta-panel-heading\"><h4 class=\"vc_tta-panel-title\"><a href=\"#sala-a-diafana\" data-vc-accordion data-vc-container=\".vc_tta-container\"><span class=\"vc_tta-title-text\">Sala A - Diafana<\/span><\/a><\/h4><\/div><div class=\"vc_tta-panel-body\"><div class=\"vc_row wpb_row vc_inner vc_row-fluid vc_row-o-equal-height vc_row-o-content-middle vc_row-flex\" style=\"background-color:#ededed\"><div class=\"wpb_column vc_column_container vc_col-sm-6\"><div class=\"vc_column-inner vc_custom_1710468050014\"><div class=\"wpb_wrapper\"><div class=\"wpb_images_carousel wpb_content_element vc_clearfix vc_custom_1722015258404\"><div class=\"wpb_wrapper\"><div id=\"vc_images-carousel-7-1777460759\" data-ride=\"vc_carousel\" data-wrap=\"false\" style=\"width: 100%;\" data-interval=\"4000\" data-auto-height=\"yes\" data-mode=\"horizontal\" data-partial=\"false\" data-per-view=\"1\" data-hide-on-end=\"false\" class=\"vc_slide vc_images_carousel\"><ol class=\"vc_carousel-indicators\"><li data-target=\"#vc_images-carousel-7-1777460759\" data-slide-to=\"0\"><\/li><li data-target=\"#vc_images-carousel-7-1777460759\" data-slide-to=\"1\"><\/li><\/ol><div class=\"vc_carousel-inner\"><div class=\"vc_carousel-slideline\"><div class=\"vc_carousel-slideline-inner\"><div class=\"vc_item\"><div class=\"vc_inner\"><img loading=\"lazy\" decoding=\"async\" width=\"1000\" height=\"800\" src=\"https:\/\/cercledeconsciencia.com\/wp-content\/uploads\/2024\/07\/DSC_3857_escogida-1.jpg\" class=\"attachment-full\" alt=\"\" title=\"DSC_3857_escogida\" srcset=\"https:\/\/cercledeconsciencia.com\/wp-content\/uploads\/2024\/07\/DSC_3857_escogida-1.jpg 1000w, https:\/\/cercledeconsciencia.com\/wp-content\/uploads\/2024\/07\/DSC_3857_escogida-1-300x240.jpg 300w, https:\/\/cercledeconsciencia.com\/wp-content\/uploads\/2024\/07\/DSC_3857_escogida-1-768x614.jpg 768w\" sizes=\"auto, (max-width: 1000px) 100vw, 1000px\" \/><\/div><\/div><div class=\"vc_item\"><div class=\"vc_inner\"><img loading=\"lazy\" decoding=\"async\" width=\"1000\" height=\"800\" src=\"https:\/\/cercledeconsciencia.com\/wp-content\/uploads\/2024\/07\/DSC_3890_escogida-1.jpg\" class=\"attachment-full\" alt=\"\" title=\"DSC_3890_escogida\" srcset=\"https:\/\/cercledeconsciencia.com\/wp-content\/uploads\/2024\/07\/DSC_3890_escogida-1.jpg 1000w, https:\/\/cercledeconsciencia.com\/wp-content\/uploads\/2024\/07\/DSC_3890_escogida-1-300x240.jpg 300w, https:\/\/cercledeconsciencia.com\/wp-content\/uploads\/2024\/07\/DSC_3890_escogida-1-768x614.jpg 768w\" sizes=\"auto, (max-width: 1000px) 100vw, 1000px\" \/><\/div><\/div><\/div><\/div><\/div><\/div><\/div><\/div><\/div><\/div><\/div><div class=\"wpb_column vc_column_container vc_col-sm-6\"><div class=\"vc_column-inner vc_custom_1710468073467\"><div class=\"wpb_wrapper\">\n\t<div class=\"wpb_text_column wpb_content_element  vc_custom_1722014535283\" >\n\t\t<div class=\"wpb_wrapper\">\n\t\t\t<h3 class=\"subtitle-salas\">Sala A &#8211; Diafana, a dos pasos de Gracia (Joanic)<\/h3>\n<p>Con luz natural y amplia para trabajo en grupo<\/p>\n<p>Amplia sala para trabajo grupal, techos altos, suelo de madera. Ideal para entrenamientos personales, reuniones, teatro terap\u00e9utico, meditaci\u00f3n, actividades psicoeducativas, formaciones.<\/p>\n<p>En el <strong>alquiler de la sala<\/strong> est\u00e1 incluido el uso de equipos de audiovisual y material extra bajo solicitud. Situada a 5 minutos del metro Joanic.<\/p>\n<p><strong>Tipos de actividades:<\/strong> Yoga, Pilates, ensayos de danza.<br \/>\n<strong>Tama\u00f1o:<\/strong> 110m2<br \/>\n<strong>Capacidad total:<\/strong> 50 personas<br \/>\n<strong>Climatizaci\u00f3n:<\/strong> Aire acondicionado \/calefacci\u00f3n<br \/>\n<strong>Audiovisual:<\/strong> equipo de m\u00fasica y sonido, altavoces, proyector, pizarra tr\u00edpode<br \/>\n<strong>Inclu\u00eddo bajo solicitud:<\/strong> colchonetas, esterillas, mantas y zafus.<\/p>\n<p>Espai TCI &#8211; C\/ Pau Alsina, 35, Barcelona<\/p>\n\n\t\t<\/div>\n\t<\/div>\n<div class=\"vc_btn3-container vc_btn3-inline vc_custom_1710468214611\" ><a style=\"background-color:#088094; color:#ffffff;\" class=\"vc_general vc_btn3 vc_btn3-size-md vc_btn3-shape-rounded vc_btn3-style-custom\" href=\"#contacto\" title=\"\">Solicitar informaci\u00f3n<\/a><\/div><\/div><\/div><\/div><\/div><\/div><\/div><div class=\"vc_tta-panel\" id=\"sala-b-diafana\" data-vc-content=\".vc_tta-panel-body\"><div class=\"vc_tta-panel-heading\"><h4 class=\"vc_tta-panel-title\"><a href=\"#sala-b-diafana\" data-vc-accordion data-vc-container=\".vc_tta-container\"><span class=\"vc_tta-title-text\">Sala B - Diafana<\/span><\/a><\/h4><\/div><div class=\"vc_tta-panel-body\"><div class=\"vc_row wpb_row vc_inner vc_row-fluid vc_row-o-equal-height vc_row-o-content-middle vc_row-flex\" style=\"background-color:#ededed\"><div class=\"wpb_column vc_column_container vc_col-sm-6\"><div class=\"vc_column-inner vc_custom_1710468050014\"><div class=\"wpb_wrapper\"><div class=\"wpb_images_carousel wpb_content_element vc_clearfix vc_custom_1722015142635\"><div class=\"wpb_wrapper\"><div id=\"vc_images-carousel-8-1777460759\" data-ride=\"vc_carousel\" data-wrap=\"false\" style=\"width: 100%;\" data-interval=\"4000\" data-auto-height=\"yes\" data-mode=\"horizontal\" data-partial=\"false\" data-per-view=\"1\" data-hide-on-end=\"false\" class=\"vc_slide vc_images_carousel\"><ol class=\"vc_carousel-indicators\"><li data-target=\"#vc_images-carousel-8-1777460759\" data-slide-to=\"0\"><\/li><li data-target=\"#vc_images-carousel-8-1777460759\" data-slide-to=\"1\"><\/li><li data-target=\"#vc_images-carousel-8-1777460759\" data-slide-to=\"2\"><\/li><li data-target=\"#vc_images-carousel-8-1777460759\" data-slide-to=\"3\"><\/li><\/ol><div class=\"vc_carousel-inner\"><div class=\"vc_carousel-slideline\"><div class=\"vc_carousel-slideline-inner\"><div class=\"vc_item\"><div class=\"vc_inner\"><img loading=\"lazy\" decoding=\"async\" width=\"1000\" height=\"800\" src=\"https:\/\/cercledeconsciencia.com\/wp-content\/uploads\/2024\/07\/DSC_3730_escogida-1.jpg\" class=\"attachment-full\" alt=\"\" title=\"DSC_3730_escogida\" srcset=\"https:\/\/cercledeconsciencia.com\/wp-content\/uploads\/2024\/07\/DSC_3730_escogida-1.jpg 1000w, https:\/\/cercledeconsciencia.com\/wp-content\/uploads\/2024\/07\/DSC_3730_escogida-1-300x240.jpg 300w, https:\/\/cercledeconsciencia.com\/wp-content\/uploads\/2024\/07\/DSC_3730_escogida-1-768x614.jpg 768w\" sizes=\"auto, (max-width: 1000px) 100vw, 1000px\" \/><\/div><\/div><div class=\"vc_item\"><div class=\"vc_inner\"><img loading=\"lazy\" decoding=\"async\" width=\"1000\" height=\"800\" src=\"https:\/\/cercledeconsciencia.com\/wp-content\/uploads\/2024\/07\/DSC_3735_escogida-1.jpg\" class=\"attachment-full\" alt=\"\" title=\"DSC_3735_escogida\" srcset=\"https:\/\/cercledeconsciencia.com\/wp-content\/uploads\/2024\/07\/DSC_3735_escogida-1.jpg 1000w, https:\/\/cercledeconsciencia.com\/wp-content\/uploads\/2024\/07\/DSC_3735_escogida-1-300x240.jpg 300w, https:\/\/cercledeconsciencia.com\/wp-content\/uploads\/2024\/07\/DSC_3735_escogida-1-768x614.jpg 768w\" sizes=\"auto, (max-width: 1000px) 100vw, 1000px\" \/><\/div><\/div><div class=\"vc_item\"><div class=\"vc_inner\"><img loading=\"lazy\" decoding=\"async\" width=\"1000\" height=\"800\" src=\"https:\/\/cercledeconsciencia.com\/wp-content\/uploads\/2024\/07\/DSC_3746_escogida-1.jpg\" class=\"attachment-full\" alt=\"\" title=\"DSC_3746_escogida\" srcset=\"https:\/\/cercledeconsciencia.com\/wp-content\/uploads\/2024\/07\/DSC_3746_escogida-1.jpg 1000w, https:\/\/cercledeconsciencia.com\/wp-content\/uploads\/2024\/07\/DSC_3746_escogida-1-300x240.jpg 300w, https:\/\/cercledeconsciencia.com\/wp-content\/uploads\/2024\/07\/DSC_3746_escogida-1-768x614.jpg 768w\" sizes=\"auto, (max-width: 1000px) 100vw, 1000px\" \/><\/div><\/div><div class=\"vc_item\"><div class=\"vc_inner\"><img loading=\"lazy\" decoding=\"async\" width=\"1000\" height=\"800\" src=\"https:\/\/cercledeconsciencia.com\/wp-content\/uploads\/2024\/07\/DSC_3753_escogida-1.jpg\" class=\"attachment-full\" alt=\"\" title=\"DSC_3753_escogida\" srcset=\"https:\/\/cercledeconsciencia.com\/wp-content\/uploads\/2024\/07\/DSC_3753_escogida-1.jpg 1000w, https:\/\/cercledeconsciencia.com\/wp-content\/uploads\/2024\/07\/DSC_3753_escogida-1-300x240.jpg 300w, https:\/\/cercledeconsciencia.com\/wp-content\/uploads\/2024\/07\/DSC_3753_escogida-1-768x614.jpg 768w\" sizes=\"auto, (max-width: 1000px) 100vw, 1000px\" \/><\/div><\/div><\/div><\/div><\/div><\/div><\/div><\/div><\/div><\/div><\/div><div class=\"wpb_column vc_column_container vc_col-sm-6\"><div class=\"vc_column-inner vc_custom_1710468073467\"><div class=\"wpb_wrapper\">\n\t<div class=\"wpb_text_column wpb_content_element  vc_custom_1722014823191\" >\n\t\t<div class=\"wpb_wrapper\">\n\t\t\t<h3 class=\"subtitle-salas\">Sala B &#8211; Diafana, a dos pasos de Gracia (Joanic)<\/h3>\n<p>C\u00f3moda sala para trabajo en grupo reducido con hasta 20 personas, con luz natural, suelo de parqu\u00e9, ideal para impartir clases, terapia en grupo, yoga, pilates, actividades psicoeducativas y formaciones.<\/p>\n<p>En el <strong>alquiler de la sala<\/strong> est\u00e1 incluido el uso de equipos de audiovisual y material extra bajo solicitud. Situada a 5 minutos del metro Joanic.<\/p>\n<p><strong>Tipos de actividades:<\/strong> Yoga, Pilates, ensayos de danza.<br \/>\n<strong>Tama\u00f1o:<\/strong> 40m2<br \/>\n<strong>Capacidad total:<\/strong> 20 personas<br \/>\n<strong>Climatizaci\u00f3n:<\/strong> Aire acondicionado \/calefacci\u00f3n<br \/>\n<strong>Audiovisual:<\/strong> equipo de m\u00fasica y sonido, altavoces, proyector, pizarra tr\u00edpode<br \/>\n<strong>Inclu\u00eddo bajo solicitud:<\/strong> colchonetas, esterillas, mantas y zafus.<\/p>\n<p>Espai TCI &#8211; C\/ Pau Alsina, 35, Barcelona<\/p>\n\n\t\t<\/div>\n\t<\/div>\n<div class=\"vc_btn3-container vc_btn3-inline vc_custom_1710468214611\" ><a style=\"background-color:#088094; color:#ffffff;\" class=\"vc_general vc_btn3 vc_btn3-size-md vc_btn3-shape-rounded vc_btn3-style-custom\" href=\"#contacto\" title=\"\">Solicitar informaci\u00f3n<\/a><\/div><\/div><\/div><\/div><\/div><\/div><\/div><div class=\"vc_tta-panel\" id=\"sala-10-arrels\" data-vc-content=\".vc_tta-panel-body\"><div class=\"vc_tta-panel-heading\"><h4 class=\"vc_tta-panel-title\"><a href=\"#sala-10-arrels\" data-vc-accordion data-vc-container=\".vc_tta-container\"><span class=\"vc_tta-title-text\">Sala 10 Arrels<\/span><\/a><\/h4><\/div><div class=\"vc_tta-panel-body\"><div class=\"vc_row wpb_row vc_inner vc_row-fluid vc_row-o-equal-height vc_row-o-content-middle vc_row-flex\" style=\"background-color:#ededed\"><div class=\"wpb_column vc_column_container vc_col-sm-6\"><div class=\"vc_column-inner vc_custom_1710468050014\"><div class=\"wpb_wrapper\"><div class=\"wpb_images_carousel wpb_content_element vc_clearfix vc_custom_1722512677782\"><div class=\"wpb_wrapper\"><div id=\"vc_images-carousel-9-1777460759\" data-ride=\"vc_carousel\" data-wrap=\"false\" style=\"width: 100%;\" data-interval=\"4000\" data-auto-height=\"yes\" data-mode=\"horizontal\" data-partial=\"false\" data-per-view=\"1\" data-hide-on-end=\"false\" class=\"vc_slide vc_images_carousel\"><ol class=\"vc_carousel-indicators\"><li data-target=\"#vc_images-carousel-9-1777460759\" data-slide-to=\"0\"><\/li><li data-target=\"#vc_images-carousel-9-1777460759\" data-slide-to=\"1\"><\/li><li data-target=\"#vc_images-carousel-9-1777460759\" data-slide-to=\"2\"><\/li><\/ol><div class=\"vc_carousel-inner\"><div class=\"vc_carousel-slideline\"><div class=\"vc_carousel-slideline-inner\"><div class=\"vc_item\"><div class=\"vc_inner\"><img loading=\"lazy\" decoding=\"async\" width=\"1000\" height=\"800\" src=\"https:\/\/cercledeconsciencia.com\/wp-content\/uploads\/2024\/08\/DSC_3775_escogida.jpg\" class=\"attachment-full\" alt=\"\" title=\"DSC_3775_escogida\" srcset=\"https:\/\/cercledeconsciencia.com\/wp-content\/uploads\/2024\/08\/DSC_3775_escogida.jpg 1000w, https:\/\/cercledeconsciencia.com\/wp-content\/uploads\/2024\/08\/DSC_3775_escogida-300x240.jpg 300w, https:\/\/cercledeconsciencia.com\/wp-content\/uploads\/2024\/08\/DSC_3775_escogida-768x614.jpg 768w\" sizes=\"auto, (max-width: 1000px) 100vw, 1000px\" \/><\/div><\/div><div class=\"vc_item\"><div class=\"vc_inner\"><img loading=\"lazy\" decoding=\"async\" width=\"1000\" height=\"800\" src=\"https:\/\/cercledeconsciencia.com\/wp-content\/uploads\/2024\/08\/DSC_3791_escogida.jpg\" class=\"attachment-full\" alt=\"\" title=\"DSC_3791_escogida\" srcset=\"https:\/\/cercledeconsciencia.com\/wp-content\/uploads\/2024\/08\/DSC_3791_escogida.jpg 1000w, https:\/\/cercledeconsciencia.com\/wp-content\/uploads\/2024\/08\/DSC_3791_escogida-300x240.jpg 300w, https:\/\/cercledeconsciencia.com\/wp-content\/uploads\/2024\/08\/DSC_3791_escogida-768x614.jpg 768w\" sizes=\"auto, (max-width: 1000px) 100vw, 1000px\" \/><\/div><\/div><div class=\"vc_item\"><div class=\"vc_inner\"><img loading=\"lazy\" decoding=\"async\" width=\"1000\" height=\"800\" src=\"https:\/\/cercledeconsciencia.com\/wp-content\/uploads\/2024\/08\/DSC_3796_escogida.jpg\" class=\"attachment-full\" alt=\"\" title=\"DSC_3796_escogida\" srcset=\"https:\/\/cercledeconsciencia.com\/wp-content\/uploads\/2024\/08\/DSC_3796_escogida.jpg 1000w, https:\/\/cercledeconsciencia.com\/wp-content\/uploads\/2024\/08\/DSC_3796_escogida-300x240.jpg 300w, https:\/\/cercledeconsciencia.com\/wp-content\/uploads\/2024\/08\/DSC_3796_escogida-768x614.jpg 768w\" sizes=\"auto, (max-width: 1000px) 100vw, 1000px\" \/><\/div><\/div><\/div><\/div><\/div><\/div><\/div><\/div><\/div><\/div><\/div><div class=\"wpb_column vc_column_container vc_col-sm-6\"><div class=\"vc_column-inner vc_custom_1710468073467\"><div class=\"wpb_wrapper\">\n\t<div class=\"wpb_text_column wpb_content_element  vc_custom_1710468750665\" >\n\t\t<div class=\"wpb_wrapper\">\n\t\t\t<h3 class=\"subtitle-salas\">Sala 10 Arrels, con 50m2 a dos pasos de Gracia (Joanic)<\/h3>\n<p>La sala 10 Arrels es un espacio acogedor perfecto para actividades grupales como entrenamientos personales, reuniones, mindfulness, teatro terap\u00e9utico, meditaci\u00f3n, ensayos de danza, actividades psicoeducativas, formaciones y crecimiento personal.<\/p>\n<p>En el <strong>alquiler de la sala<\/strong> est\u00e1 incluido el uso de equipos de audiovisual y material extra bajo solicitud. Situada a 5 minutos del metro Joanic.<\/p>\n<p><strong>Tipos de actividades:<\/strong> yoga, pilates, ensayos de danza, meditaci\u00f3n etc.<br \/>\n<strong>Tama\u00f1o:<\/strong> 50m2<br \/>\n<strong>Capacidad total:<\/strong> 20 personas<br \/>\n<strong>Climatizaci\u00f3n:<\/strong> aire acondicionado \/ calefacci\u00f3n<br \/>\n<strong>Audiovisual:<\/strong> equipo de m\u00fasica y sonido, altavoces, proyector, pizarra y tr\u00edpode.<br \/>\n<strong>Inclu\u00eddo bajo solicitud:<\/strong> colchonetas, esterillas, mantas y zafus.<\/p>\n<p>Cercle Gestalt &#8211; C\/ Pau Alsina, 16, Barcelona<\/p>\n\n\t\t<\/div>\n\t<\/div>\n<div class=\"vc_btn3-container vc_btn3-inline vc_custom_1710468214611\" ><a style=\"background-color:#088094; color:#ffffff;\" class=\"vc_general vc_btn3 vc_btn3-size-md vc_btn3-shape-rounded vc_btn3-style-custom\" href=\"#contacto\" title=\"\">Solicitar informaci\u00f3n<\/a><\/div><\/div><\/div><\/div><\/div><\/div><\/div><\/div><\/div><\/div><\/div><\/div><\/div><\/div><\/div><div class=\"edgtf-row-grid-section-wrapper \"  ><div class=\"edgtf-row-grid-section\"><div class=\"vc_row wpb_row vc_row-fluid\" ><div class=\"wpb_column vc_column_container vc_col-sm-12\"><div class=\"vc_column-inner\"><div class=\"wpb_wrapper\"><div class=\"vc_empty_space\"   style=\"height: 80px\"><span class=\"vc_empty_space_inner\"><\/span><\/div><div class=\"edgtf-row-grid-section-wrapper \" ><div class=\"edgtf-row-grid-section\"><div class=\"vc_row wpb_row vc_inner vc_row-fluid\" ><div class=\"wpb_column vc_column_container vc_col-sm-12\"><div class=\"vc_column-inner\"><div class=\"wpb_wrapper\">\n\t<div class=\"wpb_text_column wpb_content_element \" >\n\t\t<div class=\"wpb_wrapper\">\n\t\t\t<h2 class=\"subtitle-local\">Alquiler espacio para terapias alternativas<\/h2>\n<p style=\"text-align: justify;\">Si eres facilitador, o terapeuta de las terapias alternativas complementarias, la mayor\u00eda de nuestras salas est\u00e1n preparadas para consultas terap\u00e9uticas, as\u00ed como para pr\u00e1cticas naturales manuales como: reflexolog\u00eda, reiki, acupuntura, terapia quiropr\u00e1ctica, masoterapia y hasta las consultas como terapia floral. Al visitar nuestro centro o comunicarte con nosotros, debes proporcionarnos informaci\u00f3n sobre el tipo de pr\u00e1ctica terap\u00e9utica que realizas para que podamos ofrecerte el espacio m\u00e1s adecuado para tus necesidades.<\/p>\n\n\t\t<\/div>\n\t<\/div>\n<div class=\"vc_empty_space\"   style=\"height: 50px\"><span class=\"vc_empty_space_inner\"><\/span><\/div>\n\t<div class=\"wpb_text_column wpb_content_element \" >\n\t\t<div class=\"wpb_wrapper\">\n\t\t\t<h2 class=\"subtitle-local\">\u00a1Salas para terapeutas por horas en Barcelona!<\/h2>\n<p style=\"text-align: justify;\">Entendemos que la flexibilidad es clave para los profesionales del bienestar, por lo que ofrecemos opciones de alquiler por horas, medio d\u00eda o d\u00eda completo. Esto te permite adaptar el tiempo de uso de las salas seg\u00fan tu agenda y la demanda de tus clientes, sin compromisos a largo plazo ni costos ocultos.<\/p>\n\n\t\t<\/div>\n\t<\/div>\n<\/div><\/div><\/div><\/div><\/div><\/div><\/div><\/div><\/div><\/div><\/div><\/div><div class=\"edgtf-row-grid-section-wrapper \"  ><div class=\"edgtf-row-grid-section\"><div id=\"contacto\" class=\"vc_row wpb_row vc_row-fluid\" ><div class=\"wpb_column vc_column_container vc_col-sm-12\"><div class=\"vc_column-inner\"><div class=\"wpb_wrapper\"><div class=\"vc_empty_space\"   style=\"height: 100px\"><span class=\"vc_empty_space_inner\"><\/span><\/div>\n\t<div class=\"wpb_text_column wpb_content_element \" >\n\t\t<div class=\"wpb_wrapper\">\n\t\t\t<h2 style=\"text-align: left;\">Contacta para m\u00e1s detalles de los espacios en Barcelona<\/h2>\n<p>Escr\u00edbenos y una persona de nuestro equipo se comunicar\u00e1 contigo para resolver cualquier consulta que puedas tener o para programar una visita.<\/p>\n\n\t\t<\/div>\n\t<\/div>\n<div class=\"vc_empty_space\"   style=\"height: 50px\"><span class=\"vc_empty_space_inner\"><\/span><\/div>\n<div class=\"wpcf7 no-js\" id=\"wpcf7-f4374-o1\" lang=\"es-ES\" dir=\"ltr\" data-wpcf7-id=\"4374\">\n<div class=\"screen-reader-response\"><p role=\"status\" aria-live=\"polite\" aria-atomic=\"true\"><\/p> <ul><\/ul><\/div>\n<form action=\"\/ca\/wp-json\/wp\/v2\/pages\/3408#wpcf7-f4374-o1\" method=\"post\" class=\"wpcf7-form init\" aria-label=\"Formulario de contacto\" novalidate=\"novalidate\" data-status=\"init\">\n<fieldset class=\"hidden-fields-container\"><input type=\"hidden\" name=\"_wpcf7\" value=\"4374\" \/><input type=\"hidden\" name=\"_wpcf7_version\" value=\"6.1.5\" \/><input type=\"hidden\" name=\"_wpcf7_locale\" value=\"es_ES\" \/><input type=\"hidden\" name=\"_wpcf7_unit_tag\" value=\"wpcf7-f4374-o1\" \/><input type=\"hidden\" name=\"_wpcf7_container_post\" value=\"0\" \/><input type=\"hidden\" name=\"_wpcf7_posted_data_hash\" value=\"\" \/>\n<\/fieldset>\n<div>\n\t<div class=\"edgtf-grid-row \">\n\t\t<div class=\"edgtf-grid-col-12\">\n\t\t\t<p><span id=\"wpcf7-69f1e61787a7d-wrapper\" class=\"wpcf7-form-control-wrap honeypot-field-wrap\" style=\"display:none !important; visibility:hidden !important;\"><label for=\"wpcf7-69f1e61787a7d-field\" class=\"hp-message\">Por favor, deja este campo vac\u00edo.<\/label><input id=\"wpcf7-69f1e61787a7d-field\"  class=\"wpcf7-form-control wpcf7-text\" type=\"text\" name=\"honeypot-field\" value=\"\" size=\"40\" tabindex=\"-1\" autocomplete=\"new-password\" \/><\/span>\n\t\t\t<\/p>\n\t\t<\/div>\n\t<\/div>\n\t<div class=\"edgtf-grid-row \">\n\t\t<div class=\"edgtf-grid-col-4\">\n\t\t\t<p><span id=\"wpcf7-69f1e61787b48-wrapper\" class=\"wpcf7-form-control-wrap honeypot-field-wrap\" style=\"display:none !important; visibility:hidden !important;\"><label for=\"wpcf7-69f1e61787b48-field\" class=\"hp-message\">Por favor, deja este campo vac\u00edo.<\/label><input id=\"wpcf7-69f1e61787b48-field\"  class=\"wpcf7-form-control wpcf7-text\" type=\"text\" name=\"honeypot-field\" value=\"\" size=\"40\" tabindex=\"-1\" autocomplete=\"new-password\" \/><\/span><br \/>\n<label> Nombre<br \/>\n<span class=\"wpcf7-form-control-wrap\" data-name=\"your-name\"><input size=\"40\" maxlength=\"400\" class=\"wpcf7-form-control wpcf7-text wpcf7-validates-as-required\" autocomplete=\"name\" aria-required=\"true\" aria-invalid=\"false\" value=\"\" type=\"text\" name=\"your-name\" \/><\/span> <\/label>\n\t\t\t<\/p>\n\t\t<\/div>\n\t\t<div class=\"edgtf-grid-col-4\">\n\t\t\t<p><label> Tel\u00e9fono<br \/>\n<span class=\"wpcf7-form-control-wrap\" data-name=\"your-phone\"><input size=\"40\" maxlength=\"400\" class=\"wpcf7-form-control wpcf7-text wpcf7-validates-as-required\" autocomplete=\"name\" aria-required=\"true\" aria-invalid=\"false\" value=\"\" type=\"text\" name=\"your-phone\" \/><\/span> <\/label>\n\t\t\t<\/p>\n\t\t<\/div>\n\t\t<div class=\"edgtf-grid-col-4\">\n\t\t\t<p><label> Mail<br \/>\n<span class=\"wpcf7-form-control-wrap\" data-name=\"your-email\"><input size=\"40\" maxlength=\"400\" class=\"wpcf7-form-control wpcf7-email wpcf7-validates-as-required wpcf7-text wpcf7-validates-as-email\" autocomplete=\"email\" aria-required=\"true\" aria-invalid=\"false\" value=\"\" type=\"email\" name=\"your-email\" \/><\/span> <\/label>\n\t\t\t<\/p>\n\t\t<\/div>\n\t<\/div>\n\t<div class=\"edgtf-grid-row\">\n\t\t<div class=\"edgtf-grid-col-4\">\n\t\t\t<p><span class=\"wpcf7-form-control-wrap\" data-name=\"ayuda\"><select class=\"wpcf7-form-control wpcf7-select\" aria-invalid=\"false\" name=\"ayuda\"><option value=\"\u00bfEn qu\u00e9 te podemos ayudar?\">\u00bfEn qu\u00e9 te podemos ayudar?<\/option><option value=\"Formaci\u00f3n Gestalt Integrativa\">Formaci\u00f3n Gestalt Integrativa<\/option><option value=\"Formaci\u00f3n Terapia Corporal Integrativa\">Formaci\u00f3n Terapia Corporal Integrativa<\/option><option value=\"Formaci\u00f3n Transpersonal Integrativa\">Formaci\u00f3n Transpersonal Integrativa<\/option><option value=\"Formacion Sexualidad Integrativa\">Formacion Sexualidad Integrativa<\/option><option value=\"Talleres\">Talleres<\/option><option value=\"Terapia\">Terapia<\/option><option value=\"Alquiler de espacios\">Alquiler de espacios<\/option><option value=\"Can Gensana\">Can Gensana<\/option><option value=\"Otros\">Otros<\/option><\/select><\/span>\n\t\t\t<\/p>\n\t\t\t<p><span class=\"wpcf7-form-control-wrap\" data-name=\"sede\"><select class=\"wpcf7-form-control wpcf7-select\" aria-invalid=\"false\" name=\"sede\"><option value=\"\u00bfEn qu\u00e9 sede tienes inter\u00e9s?\">\u00bfEn qu\u00e9 sede tienes inter\u00e9s?<\/option><option value=\"Barcelona\">Barcelona<\/option><\/select><\/span>\n\t\t\t<\/p>\n\t\t<\/div>\n\t\t<div class=\"edgtf-grid-col-8\">\n\t\t\t<p><label> Mensaje (opcional)<br \/>\n<span class=\"wpcf7-form-control-wrap\" data-name=\"your-message\"><textarea cols=\"40\" rows=\"4\" maxlength=\"2000\" class=\"wpcf7-form-control wpcf7-textarea\" aria-invalid=\"false\" name=\"your-message\"><\/textarea><\/span> <\/label>\n\t\t\t<\/p>\n\t\t<\/div>\n\t<\/div>\n\t<div class=\"edgtf-grid-row\">\n\t\t<div class=\"edgtf-grid-col-12\">\n\t\t\t<div class=\"txt-legal\">\n\t\t\t\t<p><b>INFORMACI\u00d3N B\u00c1SICA SOBRE PROTECCI\u00d3N DE DATOS<\/b>\n\t\t\t\t<\/p>\n\t\t\t\t<p><b>RESPONSABLE DEL TRATAMIENTO<\/b><br \/>\nResponsable: ESPAI TCI, S.L.U. - CIF: B66100033 Dir. Postal: C\/ PAU ALSINA N 16, CP: 08025 - BARCELONA (BARCELONA)<br \/>\n<b>FINALIDAD:<\/b> Gestionar su consulta\/petici\u00f3n y dar una respuesta a la misma.<br \/>\n<b>LEGITIMACI\u00d3N:<\/b> Su consentimiento<br \/>\n<b>DESTINATARIOS:<\/b> Los datos no se ceder\u00e1n a terceros salvo en los casos en los que exista una obligaci\u00f3n legal o comunicaci\u00f3n necesaria para dar contestaci\u00f3n a su consulta.<br \/>\n<b>DERECHOS:<\/b> Puede ejercer sus Derechos a acceder, rectificar, oponerse, limitar, portar y suprimir los datos ante el responsable del tratamiento; adem\u00e1s de acudir a la autoridad de control competente (AEPD).<br \/>\n<b>INFORMACI\u00d3N ADICIONAL:<\/b> Puede consultar la informaci\u00f3n adicional sobre el tratamiento de sus datos personales <a href=\"\/politica-de-privacidad\/\">aqu\u00ed<\/a>.\n\t\t\t\t<\/p>\n\t\t\t<\/div>\n\t\t<\/div>\n\t<\/div>\n\t<div class=\"edgtf-grid-row pt-4\">\n\t\t<div class=\"edgtf-grid-col-4\">\n\t\t<\/div>\n\t\t<div class=\"edgtf-grid-col-8\">\n\t\t\t<p><span class=\"wpcf7-form-control-wrap\" data-name=\"news\"><span class=\"wpcf7-form-control wpcf7-checkbox mycheck2\"><span class=\"wpcf7-list-item first last\"><input type=\"checkbox\" name=\"news[]\" value=\"Quiero recibir informaci\u00f3n sobre actividades y formaciones.\" \/><span class=\"wpcf7-list-item-label\">Quiero recibir informaci\u00f3n sobre actividades y formaciones.<\/span><\/span><\/span><\/span><br \/>\n<span class=\"wpcf7-form-control-wrap\" data-name=\"politica\"><span class=\"wpcf7-form-control wpcf7-checkbox wpcf7-validates-as-required mycheck2\"><span class=\"wpcf7-list-item first last\"><input type=\"checkbox\" name=\"politica[]\" value=\"He le\u00eddo y acepto la Pol\u00edtica de Privacidad.\" \/><span class=\"wpcf7-list-item-label\">He le\u00eddo y acepto la Pol\u00edtica de Privacidad.<\/span><\/span><\/span><\/span>\n\t\t\t<\/p>\n\t\t<\/div>\n\t<\/div>\n\t<div class=\"edgtf-grid-row\">\n\t\t<div class=\"edgtf-grid-col-12 text-right\">\n\t\t\t<p><input class=\"wpcf7-form-control wpcf7-submit has-spinner\" type=\"submit\" value=\"Enviar\" \/>\n\t\t\t<\/p>\n\t\t<\/div>\n\t<\/div>\n<\/div><p style=\"display: none !important;\" class=\"akismet-fields-container\" data-prefix=\"_wpcf7_ak_\"><label>&#916;<textarea name=\"_wpcf7_ak_hp_textarea\" cols=\"45\" rows=\"8\" maxlength=\"100\"><\/textarea><\/label><input type=\"hidden\" id=\"ak_js_1\" name=\"_wpcf7_ak_js\" value=\"48\"\/><script type=\"text\/javascript\">\n\/* <![CDATA[ *\/\ndocument.getElementById( \"ak_js_1\" ).setAttribute( \"value\", ( new Date() ).getTime() );\n\/* ]]> *\/\n<\/script>\n<\/p><input type='hidden' class='wpcf7-pum' value='{\"closepopup\":false,\"closedelay\":0,\"openpopup\":false,\"openpopup_id\":0}' \/><div class=\"wpcf7-response-output\" aria-hidden=\"true\"><\/div>\n<\/form>\n<\/div>\n<div class=\"vc_empty_space\"   style=\"height: 50px\"><span class=\"vc_empty_space_inner\"><\/span><\/div><\/div><\/div><\/div><\/div><\/div><\/div>\n","protected":false},"excerpt":{"rendered":"Alquiler de espacios y salas para terapeutas en Barcelona Varias direcciones cerca de Gracia. M\u00e1s informaci\u00f3n \u00bfQu\u00e9 tipo de espacios y salas est\u00e1s buscando en Barcelona? En nuestro centro, ofrecemos [...]","protected":false},"author":1,"featured_media":0,"parent":0,"menu_order":0,"comment_status":"closed","ping_status":"closed","template":"full-width.php","meta":{"footnotes":""},"class_list":["post-3408","page","type-page","status-publish","hentry"],"yoast_head":"<!-- This site is optimized with the Yoast SEO plugin v27.4 - https:\/\/yoast.com\/product\/yoast-seo-wordpress\/ -->\n<title>Alquiler de Salas y Espacios para Terapeutas en Barcelona - Cercle de Consci\u00e8ncia<\/title>\n<meta name=\"description\" content=\"Alquiler de salas en Barcelona: terapias, meditaci\u00f3n, masaje y m\u00e1s. Tambi\u00e9n espacios para conferencias, cursos, talleres, danza, teatro, yoga y pilates.\" \/>\n<meta name=\"robots\" content=\"index, follow, max-snippet:-1, max-image-preview:large, max-video-preview:-1\" \/>\n<link rel=\"canonical\" href=\"https:\/\/cercledeconsciencia.com\/ca\/lloguer-sales-terapeutes-barcelona\/\" \/>\n<meta property=\"og:locale\" content=\"ca_ES\" \/>\n<meta property=\"og:type\" content=\"article\" \/>\n<meta property=\"og:title\" content=\"Alquiler de Salas y Espacios para Terapeutas en Barcelona - Cercle de Consci\u00e8ncia\" \/>\n<meta property=\"og:description\" content=\"Alquiler de salas en Barcelona: terapias, meditaci\u00f3n, masaje y m\u00e1s. Tambi\u00e9n espacios para conferencias, cursos, talleres, danza, teatro, yoga y pilates.\" \/>\n<meta property=\"og:url\" content=\"https:\/\/cercledeconsciencia.com\/ca\/lloguer-sales-terapeutes-barcelona\/\" \/>\n<meta property=\"og:site_name\" content=\"Cercle de Consci\u00e8ncia\" \/>\n<meta property=\"article:publisher\" content=\"https:\/\/www.facebook.com\/Cercledeconscienciabarcelona?_rdr\" \/>\n<meta property=\"article:modified_time\" content=\"2024-08-01T12:01:27+00:00\" \/>\n<meta name=\"twitter:card\" content=\"summary_large_image\" \/>\n<meta name=\"twitter:label1\" content=\"Temps estimat de lectura\" \/>\n\t<meta name=\"twitter:data1\" content=\"14 minuts\" \/>\n<script type=\"application\/ld+json\" class=\"yoast-schema-graph\">{\"@context\":\"https:\\\/\\\/schema.org\",\"@graph\":[{\"@type\":\"WebPage\",\"@id\":\"https:\\\/\\\/cercledeconsciencia.com\\\/es\\\/alquiler-salas-terapeutas-barcelona\\\/\",\"url\":\"https:\\\/\\\/cercledeconsciencia.com\\\/es\\\/alquiler-salas-terapeutas-barcelona\\\/\",\"name\":\"Alquiler de Salas y Espacios para Terapeutas en Barcelona - Cercle de Consci\u00e8ncia\",\"isPartOf\":{\"@id\":\"https:\\\/\\\/cercledeconsciencia.com\\\/#website\"},\"datePublished\":\"2024-03-15T01:43:58+00:00\",\"dateModified\":\"2024-08-01T12:01:27+00:00\",\"description\":\"Alquiler de salas en Barcelona: terapias, meditaci\u00f3n, masaje y m\u00e1s. Tambi\u00e9n espacios para conferencias, cursos, talleres, danza, teatro, yoga y pilates.\",\"breadcrumb\":{\"@id\":\"https:\\\/\\\/cercledeconsciencia.com\\\/es\\\/alquiler-salas-terapeutas-barcelona\\\/#breadcrumb\"},\"inLanguage\":\"ca\",\"potentialAction\":[{\"@type\":\"ReadAction\",\"target\":[\"https:\\\/\\\/cercledeconsciencia.com\\\/es\\\/alquiler-salas-terapeutas-barcelona\\\/\"]}]},{\"@type\":\"BreadcrumbList\",\"@id\":\"https:\\\/\\\/cercledeconsciencia.com\\\/es\\\/alquiler-salas-terapeutas-barcelona\\\/#breadcrumb\",\"itemListElement\":[{\"@type\":\"ListItem\",\"position\":1,\"name\":\"Portada\",\"item\":\"https:\\\/\\\/cercledeconsciencia.com\\\/\"},{\"@type\":\"ListItem\",\"position\":2,\"name\":\"Alquiler de espacios &#8211; Barcelona\"}]},{\"@type\":\"WebSite\",\"@id\":\"https:\\\/\\\/cercledeconsciencia.com\\\/#website\",\"url\":\"https:\\\/\\\/cercledeconsciencia.com\\\/\",\"name\":\"Cercle de Consci\u00e8ncia\",\"description\":\"Centro de Formaci\u00f3n y Terapias\",\"publisher\":{\"@id\":\"https:\\\/\\\/cercledeconsciencia.com\\\/#organization\"},\"potentialAction\":[{\"@type\":\"SearchAction\",\"target\":{\"@type\":\"EntryPoint\",\"urlTemplate\":\"https:\\\/\\\/cercledeconsciencia.com\\\/?s={search_term_string}\"},\"query-input\":{\"@type\":\"PropertyValueSpecification\",\"valueRequired\":true,\"valueName\":\"search_term_string\"}}],\"inLanguage\":\"ca\"},{\"@type\":\"Organization\",\"@id\":\"https:\\\/\\\/cercledeconsciencia.com\\\/#organization\",\"name\":\"Cercle de Consci\u00e8ncia\",\"url\":\"https:\\\/\\\/cercledeconsciencia.com\\\/\",\"logo\":{\"@type\":\"ImageObject\",\"inLanguage\":\"ca\",\"@id\":\"https:\\\/\\\/cercledeconsciencia.com\\\/#\\\/schema\\\/logo\\\/image\\\/\",\"url\":\"https:\\\/\\\/cercledeconsciencia.com\\\/wp-content\\\/uploads\\\/2023\\\/07\\\/logo.png\",\"contentUrl\":\"https:\\\/\\\/cercledeconsciencia.com\\\/wp-content\\\/uploads\\\/2023\\\/07\\\/logo.png\",\"width\":239,\"height\":68,\"caption\":\"Cercle de Consci\u00e8ncia\"},\"image\":{\"@id\":\"https:\\\/\\\/cercledeconsciencia.com\\\/#\\\/schema\\\/logo\\\/image\\\/\"},\"sameAs\":[\"https:\\\/\\\/www.facebook.com\\\/Cercledeconscienciabarcelona?_rdr\",\"https:\\\/\\\/www.instagram.com\\\/cercledeconsciencia\\\/\",\"https:\\\/\\\/www.youtube.com\\\/c\\\/cercledeconsciencia\"]}]}<\/script>\n<!-- \/ Yoast SEO plugin. -->","yoast_head_json":{"title":"Lloguer de Sales i Espais per a Terapeutes a Barcelona - Cercle de Consci\u00e8ncia","description":"Lloguer de sales a Barcelona: ter\u00e0pies, meditaci\u00f3, massatge i m\u00e9s. Tamb\u00e9 espais per a confer\u00e8ncies, cursos, tallers, dansa, teatre, ioga i pilates.","robots":{"index":"index","follow":"follow","max-snippet":"max-snippet:-1","max-image-preview":"max-image-preview:large","max-video-preview":"max-video-preview:-1"},"canonical":"https:\/\/cercledeconsciencia.com\/ca\/lloguer-sales-terapeutes-barcelona\/","og_locale":"ca_ES","og_type":"article","og_title":"Alquiler de Salas y Espacios para Terapeutas en Barcelona - Cercle de Consci\u00e8ncia","og_description":"Alquiler de salas en Barcelona: terapias, meditaci\u00f3n, masaje y m\u00e1s. Tambi\u00e9n espacios para conferencias, cursos, talleres, danza, teatro, yoga y pilates.","og_url":"https:\/\/cercledeconsciencia.com\/ca\/lloguer-sales-terapeutes-barcelona\/","og_site_name":"Cercle de Consci\u00e8ncia","article_publisher":"https:\/\/www.facebook.com\/Cercledeconscienciabarcelona?_rdr","article_modified_time":"2024-08-01T12:01:27+00:00","twitter_card":"summary_large_image","twitter_misc":{"Temps estimat de lectura":"14 minuts"},"schema":{"@context":"https:\/\/schema.org","@graph":[{"@type":"WebPage","@id":"https:\/\/cercledeconsciencia.com\/es\/alquiler-salas-terapeutas-barcelona\/","url":"https:\/\/cercledeconsciencia.com\/es\/alquiler-salas-terapeutas-barcelona\/","name":"Lloguer de Sales i Espais per a Terapeutes a Barcelona - Cercle de Consci\u00e8ncia","isPartOf":{"@id":"https:\/\/cercledeconsciencia.com\/#website"},"datePublished":"2024-03-15T01:43:58+00:00","dateModified":"2024-08-01T12:01:27+00:00","description":"Lloguer de sales a Barcelona: ter\u00e0pies, meditaci\u00f3, massatge i m\u00e9s. Tamb\u00e9 espais per a confer\u00e8ncies, cursos, tallers, dansa, teatre, ioga i pilates.","breadcrumb":{"@id":"https:\/\/cercledeconsciencia.com\/es\/alquiler-salas-terapeutas-barcelona\/#breadcrumb"},"inLanguage":"ca","potentialAction":[{"@type":"ReadAction","target":["https:\/\/cercledeconsciencia.com\/es\/alquiler-salas-terapeutas-barcelona\/"]}]},{"@type":"BreadcrumbList","@id":"https:\/\/cercledeconsciencia.com\/es\/alquiler-salas-terapeutas-barcelona\/#breadcrumb","itemListElement":[{"@type":"ListItem","position":1,"name":"Portada","item":"https:\/\/cercledeconsciencia.com\/"},{"@type":"ListItem","position":2,"name":"Alquiler de espacios &#8211; Barcelona"}]},{"@type":"WebSite","@id":"https:\/\/cercledeconsciencia.com\/#website","url":"https:\/\/cercledeconsciencia.com\/","name":"Cercle de Consci\u00e8ncia","description":"Centre de Formaci\u00f3 i Ter\u00e0pies","publisher":{"@id":"https:\/\/cercledeconsciencia.com\/#organization"},"potentialAction":[{"@type":"SearchAction","target":{"@type":"EntryPoint","urlTemplate":"https:\/\/cercledeconsciencia.com\/?s={search_term_string}"},"query-input":{"@type":"PropertyValueSpecification","valueRequired":true,"valueName":"search_term_string"}}],"inLanguage":"ca"},{"@type":"Organization","@id":"https:\/\/cercledeconsciencia.com\/#organization","name":"Cercle de Consci\u00e8ncia","url":"https:\/\/cercledeconsciencia.com\/","logo":{"@type":"ImageObject","inLanguage":"ca","@id":"https:\/\/cercledeconsciencia.com\/#\/schema\/logo\/image\/","url":"https:\/\/cercledeconsciencia.com\/wp-content\/uploads\/2023\/07\/logo.png","contentUrl":"https:\/\/cercledeconsciencia.com\/wp-content\/uploads\/2023\/07\/logo.png","width":239,"height":68,"caption":"Cercle de Consci\u00e8ncia"},"image":{"@id":"https:\/\/cercledeconsciencia.com\/#\/schema\/logo\/image\/"},"sameAs":["https:\/\/www.facebook.com\/Cercledeconscienciabarcelona?_rdr","https:\/\/www.instagram.com\/cercledeconsciencia\/","https:\/\/www.youtube.com\/c\/cercledeconsciencia"]}]}},"_links":{"self":[{"href":"https:\/\/cercledeconsciencia.com\/ca\/wp-json\/wp\/v2\/pages\/3408","targetHints":{"allow":["GET"]}}],"collection":[{"href":"https:\/\/cercledeconsciencia.com\/ca\/wp-json\/wp\/v2\/pages"}],"about":[{"href":"https:\/\/cercledeconsciencia.com\/ca\/wp-json\/wp\/v2\/types\/page"}],"author":[{"embeddable":true,"href":"https:\/\/cercledeconsciencia.com\/ca\/wp-json\/wp\/v2\/users\/1"}],"replies":[{"embeddable":true,"href":"https:\/\/cercledeconsciencia.com\/ca\/wp-json\/wp\/v2\/comments?post=3408"}],"version-history":[{"count":69,"href":"https:\/\/cercledeconsciencia.com\/ca\/wp-json\/wp\/v2\/pages\/3408\/revisions"}],"predecessor-version":[{"id":4691,"href":"https:\/\/cercledeconsciencia.com\/ca\/wp-json\/wp\/v2\/pages\/3408\/revisions\/4691"}],"wp:attachment":[{"href":"https:\/\/cercledeconsciencia.com\/ca\/wp-json\/wp\/v2\/media?parent=3408"}],"curies":[{"name":"wp","href":"https:\/\/api.w.org\/{rel}","templated":true}]}}