{"id":4591,"date":"2024-07-24T12:33:17","date_gmt":"2024-07-24T12:33:17","guid":{"rendered":"https:\/\/cercledeconsciencia.com\/?page_id=4591"},"modified":"2025-05-29T21:00:15","modified_gmt":"2025-05-29T21:00:15","slug":"claudi-taronger","status":"publish","type":"page","link":"https:\/\/cercledeconsciencia.com\/ca\/claudio-naranjo\/","title":{"rendered":"Claudio Naranjo"},"content":{"rendered":"<div data-vc-full-width=\"true\" data-vc-full-width-init=\"false\" data-vc-stretch-content=\"true\" class=\"vc_row wpb_row vc_row-fluid hide-mobile vc_custom_1721824439212 vc_row-has-fill vc_row-no-padding\" ><div class=\"wpb_column vc_column_container vc_col-sm-12\"><div class=\"vc_column-inner\"><div class=\"wpb_wrapper\"><div class=\"vc_empty_space\"   style=\"height: 200px\"><span class=\"vc_empty_space_inner\"><\/span><\/div><div class=\"vc_row wpb_row vc_inner vc_row-fluid vc_custom_1699443329405\" ><div class=\"bg-title-terapias wpb_column vc_column_container vc_col-sm-6\"><div class=\"vc_column-inner\"><div class=\"wpb_wrapper\"><div class=\"vc_empty_space\"   style=\"height: 30px\"><span class=\"vc_empty_space_inner\"><\/span><\/div>\n\t<div class=\"wpb_text_column wpb_content_element\" >\n\t\t<div class=\"wpb_wrapper\">\n\t\t\t<h1><span style=\"color: #ffffff;\">Claudio Naranjo<br \/>\n<\/span><\/h1>\n<h2><span style=\"color: #ffffff;\">L&#039;art de la transformaci\u00f3 humana<\/span><\/h2>\n\n\t\t<\/div>\n\t<\/div>\n<div class=\"vc_empty_space\"   style=\"height: 30px\"><span class=\"vc_empty_space_inner\"><\/span><\/div><\/div><\/div><\/div><div class=\"wpb_column vc_column_container vc_col-sm-6\"><div class=\"vc_column-inner\"><div class=\"wpb_wrapper\"><\/div><\/div><\/div><\/div><div class=\"vc_empty_space\"   style=\"height: 260px\"><span class=\"vc_empty_space_inner\"><\/span><\/div><div class=\"vc_row wpb_row vc_inner vc_row-fluid vc_custom_1699304517452\" ><div class=\"borderr-white wpb_column vc_column_container vc_col-sm-12\"><div class=\"vc_column-inner vc_custom_1699304523827\"><div class=\"wpb_wrapper\"><div class=\"vc_empty_space\"   style=\"height: 100px\"><span class=\"vc_empty_space_inner\"><\/span><\/div><\/div><\/div><\/div><\/div><\/div><\/div><\/div><\/div><div class=\"vc_row-full-width vc_clearfix\"><\/div><div data-vc-full-width=\"true\" data-vc-full-width-init=\"false\" data-vc-stretch-content=\"true\" class=\"vc_row wpb_row vc_row-fluid show-mobile vc_custom_1721824730292 vc_row-has-fill vc_row-no-padding\" ><div class=\"wpb_column vc_column_container vc_col-sm-12\"><div class=\"vc_column-inner\"><div class=\"wpb_wrapper\"><div class=\"vc_empty_space\"   style=\"height: 30px\"><span class=\"vc_empty_space_inner\"><\/span><\/div><div class=\"vc_row wpb_row vc_inner vc_row-fluid vc_custom_1699443329405\" ><div class=\"bg-title-terapias wpb_column vc_column_container vc_col-sm-6\"><div class=\"vc_column-inner\"><div class=\"wpb_wrapper\"><div class=\"vc_empty_space\"   style=\"height: 20px\"><span class=\"vc_empty_space_inner\"><\/span><\/div>\n\t<div class=\"wpb_text_column wpb_content_element\" >\n\t\t<div class=\"wpb_wrapper\">\n\t\t\t<h1><span style=\"font-size: 46px;\"><span style=\"color: #ffffff;\">Claudio Naranjo<\/span><br \/>\n<\/span><\/h1>\n<h2><span style=\"color: #ffffff;\">L&#039;art de la transformaci\u00f3 humana<\/span><\/h2>\n\n\t\t<\/div>\n\t<\/div>\n<div class=\"vc_empty_space\"   style=\"height: 20px\"><span class=\"vc_empty_space_inner\"><\/span><\/div><\/div><\/div><\/div><div class=\"wpb_column vc_column_container vc_col-sm-6\"><div class=\"vc_column-inner\"><div class=\"wpb_wrapper\"><\/div><\/div><\/div><\/div><div class=\"vc_empty_space\"   style=\"height: 100px\"><span class=\"vc_empty_space_inner\"><\/span><\/div><div class=\"vc_row wpb_row vc_inner vc_row-fluid vc_custom_1699304517452\" ><div class=\"borderr-white wpb_column vc_column_container vc_col-sm-12\"><div class=\"vc_column-inner vc_custom_1699304523827\"><div class=\"wpb_wrapper\"><div class=\"vc_empty_space\"   style=\"height: 100px\"><span class=\"vc_empty_space_inner\"><\/span><\/div><\/div><\/div><\/div><\/div><\/div><\/div><\/div><\/div><div class=\"vc_row-full-width vc_clearfix\"><\/div><div class=\"vc_row wpb_row vc_row-fluid\" ><div class=\"wpb_column vc_column_container vc_col-sm-12\"><div class=\"vc_column-inner\"><div class=\"wpb_wrapper\"><div class=\"edgtf-row-grid-section-wrapper\" ><div class=\"edgtf-row-grid-section\"><div class=\"vc_row wpb_row vc_inner vc_row-fluid vc_row-o-content-middle vc_row-flex\" ><div class=\"wpb_column vc_column_container vc_col-sm-12\"><div class=\"vc_column-inner\"><div class=\"wpb_wrapper\">\n\t<div class=\"wpb_text_column wpb_content_element\" >\n\t\t<div class=\"wpb_wrapper\">\n\t\t\t<p style=\"text-align: justify;\">El Dr Claudi Naranjo, psiquiatre xil\u00e8 i mestre espiritual del nostre temps, \u00e9s c\u00e8lebre per les seves innombrables contribucions a la psicoter\u00e0pia del segle XXI. Deixeble directe de Fritz Perls, \u00e9s un referent mundial tant de la ter\u00e0pia Gestalt, com de la <a href=\"https:\/\/cercledeconsciencia.com\/ca\/formacio-transpersonal-integrativa\/\">Psicologia Transpersonal<\/a>. Investigador incansable, escriptor i conferenciant de renom internacional. Amb m\u00e9s de 30 t\u00edtols publicats, el seu coneixement ampli abasta diverses \u00e0rees d&#039;influ\u00e8ncia.<\/p>\n<p style=\"text-align: justify;\">Claudio Naranjo ha estat el divulgador m\u00e9s gran de la <a href=\"https:\/\/cercledeconsciencia.com\/ca\/formacio-gestalt-integrativa\/\"><strong>ter\u00e0pia Gestalt<\/strong><\/a> tant al m\u00f3n de parla hispana, com anglosaxona, constituint al llarg del temps un enfocament gest\u00e0ltic-transpersonal, una perspectiva personal amb aportacions noves, a banda de recollir l&#039;esperit lliure de Perls.<\/p>\n<p style=\"text-align: justify;\">Tamb\u00e9 ha estat un gran divulgador de la meditaci\u00f3 i els coneixements de les tradicions espirituals contemplatives tant d&#039;Orient com d&#039;Occident, estenent ponts i actualitzant aquestes savieses mil\u00b7len\u00e0ries per a la seva utilitzaci\u00f3 en psicoter\u00e0pia. Ha integrat la meditaci\u00f3 com una eina psicoterap\u00e8utica descobrint el potencial de la meditaci\u00f3 interpersonal, aix\u00ed com la utilitzaci\u00f3 de la m\u00fasica com a eina mobilitzadora i comunicativa a la ter\u00e0pia. Entenent la m\u00fasica com un aliment per a l&#039;\u00e0nima i l&#039;escolta musical com un acte meditatiu capa\u00e7 d&#039;acompanyar-te de les esferes m\u00e9s profundes del teu \u00e9sser.<\/p>\n\n\t\t<\/div>\n\t<\/div>\n<\/div><\/div><\/div><\/div><\/div><\/div><\/div><\/div><\/div><\/div><div class=\"edgtf-row-grid-section-wrapper\"  ><div class=\"edgtf-row-grid-section\"><div class=\"vc_row wpb_row vc_row-fluid\" ><div class=\"wpb_column vc_column_container vc_col-sm-12\"><div class=\"vc_column-inner\"><div class=\"wpb_wrapper\"><div class=\"vc_empty_space\"   style=\"height: 50px\"><span class=\"vc_empty_space_inner\"><\/span><\/div><div class=\"vc_row wpb_row vc_inner vc_row-fluid\" ><div class=\"wpb_column vc_column_container vc_col-sm-12\"><div class=\"vc_column-inner\"><div class=\"wpb_wrapper\">\n\t<div class=\"wpb_text_column wpb_content_element\" >\n\t\t<div class=\"wpb_wrapper\">\n\t\t\t<h2>Creador de la Psicologia dels Eneatips (Eneagrama)<\/h2>\n<p style=\"text-align: justify;\">Creador de la Psicologia dels Eneatips (Eneagrama), un profund i exhaustiu estudi dels diferents car\u00e0cters psicol\u00f2gics -descrits principalment al seu llibre \u201cCar\u00e0cter i neurosi\u201d i aprofundit en \u201c27 personatges a la recerca de l&#039;\u00e9sser\u201d- que el Dr. Naranjo ha convertit en una gran eina dautoconeixement.<\/p>\n<p style=\"text-align: justify;\">Tamb\u00e9 ha desenvolupat el SAT, un programa d&#039;autoconeixement i transformaci\u00f3 individual, basat en la Psicologia dels Eneatips, que ha beneficiat milers de persones, deixant la seva empremta en diverses generacions de gestaltistes tant a Espanya, com a It\u00e0lia, Alemanya, Fran\u00e7a, R\u00fassia, M\u00e8xic, Argentina, Col\u00f2mbia, Xile, Brasil i Uruguai, etc\u2026 L&#039;any 2007 va crear la Fundaci\u00f3 Claudio Naranjo amb l&#039;objectiu d&#039;abastar totes les propostes, tant educatives com terap\u00e8utiques i preservar el llegat del seu enfocament.<\/p>\n<p style=\"text-align: justify;\">\u00c9s tamb\u00e9 un referent de la Psicologia Transpersonal, essent \u201cL&#039;\u00fanica cerca\u201d un dels primers llibres del que es considera avui dia la 4a for\u00e7a de la Psicologia. Aix\u00ed mateix, ha estat pioner en la investigaci\u00f3 de la ter\u00e0pia assistida amb psicod\u00e8lics utilitzats com a catalitzador dels processos transformatius.<\/p>\n<p style=\"text-align: justify;\">Tots els coneixements han cristal\u00b7litzat en una proposta de canvi de l&#039;educaci\u00f3 per canviar el m\u00f3n. A finals dels anys 90 es va implicar a transformar l&#039;educaci\u00f3 mitjan\u00e7ant la utilitzaci\u00f3 de les compet\u00e8ncies existencials, una proposta que defensa com a trav\u00e9s de l&#039;autoconeixement i l&#039;amor s&#039;arriba a la transformaci\u00f3 individual; i des d&#039;aqu\u00ed a canviar els valors a les aules ia la societat.<\/p>\n<p style=\"text-align: justify;\">En definitiva, ha estat un gran integrador de Psicologia i Espiritualitat promovent la transformaci\u00f3 de l&#039;individu i la societat. Per la seva extensa traject\u00f2ria i l&#039;amplitud de la seva feina ha rebut tres doctorats honoris causa a universitats d&#039;It\u00e0lia i M\u00e8xic. Aix\u00ed com la nominaci\u00f3 el 2015 al premi Nobel de la pau, en reconeixement a la seva vida dedicada a la superaci\u00f3 de la persona i la millora de la societat.<\/p>\n\n\t\t<\/div>\n\t<\/div>\n<\/div><\/div><\/div><\/div><\/div><\/div><\/div><\/div><\/div><\/div><div class=\"edgtf-row-grid-section-wrapper\"  ><div class=\"edgtf-row-grid-section\"><div class=\"vc_row wpb_row vc_row-fluid\" ><div class=\"wpb_column vc_column_container vc_col-sm-12\"><div class=\"vc_column-inner\"><div class=\"wpb_wrapper\"><div class=\"vc_empty_space\"   style=\"height: 50px\"><span class=\"vc_empty_space_inner\"><\/span><\/div><div class=\"vc_row wpb_row vc_inner vc_row-fluid vc_row-o-content-middle vc_row-flex\" ><div class=\"wpb_column vc_column_container vc_col-sm-4\"><div class=\"vc_column-inner\"><div class=\"wpb_wrapper\">\n\t<div class=\"wpb_text_column wpb_content_element\" >\n\t\t<div class=\"wpb_wrapper\">\n\t\t\t<h3 class=\"p1\"><span style=\"color: #384a93;\">\u201cPer qu\u00e8 t\u00e9mer les ombres? On vegis ombra significa que en un lloc proper la llum resplendeix.\u201d<\/span><\/h3>\n<h3><\/h3>\n<h3 class=\"p2\"><span style=\"color: #384a93;\">~Claudio Naranjo.<\/span><\/h3>\n\n\t\t<\/div>\n\t<\/div>\n<\/div><\/div><\/div><div class=\"wpb_column vc_column_container vc_col-sm-8\"><div class=\"vc_column-inner\"><div class=\"wpb_wrapper\">\n\t<div  class=\"wpb_single_image wpb_content_element vc_align_center\">\n\t\t\n\t\t<figure class=\"wpb_wrapper vc_figure\">\n\t\t\t<div class=\"vc_single_image-wrapper   vc_box_border_grey\"><img loading=\"lazy\" decoding=\"async\" width=\"600\" height=\"467\" src=\"https:\/\/cercledeconsciencia.com\/wp-content\/uploads\/2024\/05\/ClaudioNaranjo.png\" class=\"vc_single_image-img attachment-full\" alt=\"\" title=\"ClaudioTaronger\" srcset=\"https:\/\/cercledeconsciencia.com\/wp-content\/uploads\/2024\/05\/ClaudioNaranjo.png 600w, https:\/\/cercledeconsciencia.com\/wp-content\/uploads\/2024\/05\/ClaudioNaranjo-300x234.png 300w\" sizes=\"auto, (max-width: 600px) 100vw, 600px\" \/><\/div>\n\t\t<\/figure>\n\t<\/div>\n<\/div><\/div><\/div><\/div><div class=\"vc_empty_space\"   style=\"height: 50px\"><span class=\"vc_empty_space_inner\"><\/span><\/div><\/div><\/div><\/div><\/div><\/div><\/div><div class=\"edgtf-row-grid-section-wrapper\"  ><div class=\"edgtf-row-grid-section\"><div class=\"vc_row wpb_row vc_row-fluid\" ><div class=\"wpb_column vc_column_container vc_col-sm-12\"><div class=\"vc_column-inner\"><div class=\"wpb_wrapper\"><div class=\"vc_row wpb_row vc_inner vc_row-fluid\" ><div class=\"wpb_column vc_column_container vc_col-sm-12\"><div class=\"vc_column-inner\"><div class=\"wpb_wrapper\">\n\t<div class=\"wpb_text_column wpb_content_element\" >\n\t\t<div class=\"wpb_wrapper\">\n\t\t\t<h2>El llegat de Claudio al Cercle Conci\u00e8ncia<\/h2>\n<p style=\"text-align: justify;\">La nostra relaci\u00f3 amb Claudio Naranjo \u00e9s una relaci\u00f3 d&#039;aprenentatge i col\u00b7laboraci\u00f3 estreta. Antoni Aguilar, director del Cercle de Consci\u00e8ncia va formar part del seu equip durant m\u00e9s de 20 anys, coordinant i participant com a didacta als programes SAT a diversos pa\u00efsos d&#039;Europa, M\u00e8xic, Uruguai i EUA. Montse Coll, cofundadora de Cercle de Consci\u00e8ncia, tamb\u00e9 ha format part com a coordinadora dels equips del programa SAT a Espanya diverses vegades.<\/p>\n<p style=\"text-align: justify;\">Tamb\u00e9 molts terapeutes del Cercle han format part dels equips docents dels programes SAT, bevent directament de la font de coneixement de Claudio Naranjo; i igualment contribuint a l&#039;estudi i la realitzaci\u00f3 dels car\u00e0cters descrits en aquesta gran enciclop\u00e8dia de refer\u00e8ncia en l&#039;estudi de la personalitat que \u00e9s la \u201cPsicologia dels Eneatips\u201d d&#039;Editorial La llave.<\/p>\n<p style=\"text-align: justify;\">A Cercle de Consci\u00e8ncia tenim l&#039;\u00fanica <a href=\"https:\/\/cercledeconsciencia.com\/ca\/formacio-transpersonal-integrativa\/\"><strong>formaci\u00f3 transpersonal integrativa <\/strong><\/a>avalada per Claudio Naranjo. Els docents i tem\u00e0tiques, aix\u00ed com la direcci\u00f3 i el professorat han estat escollits per Claudio Naranjo en col\u00b7laboraci\u00f3 amb Antoni Aguilar, sent el model Ego\/Ess\u00e8ncia la principal refer\u00e8ncia d&#039;aquesta formaci\u00f3.<\/p>\n\n\t\t<\/div>\n\t<\/div>\n<\/div><\/div><\/div><\/div><div class=\"vc_empty_space\"   style=\"height: 100px\"><span class=\"vc_empty_space_inner\"><\/span><\/div><\/div><\/div><\/div><\/div><\/div><\/div>","protected":false},"excerpt":{"rendered":"Claudio Naranjo El arte de la transformaci\u00f3n humana Claudio Naranjo El arte de la transformaci\u00f3n humana El Dr Claudio Naranjo, psiquiatra chileno y maestro espiritual de nuestro tiempo, es c\u00e9lebre [...]","protected":false},"author":1,"featured_media":3839,"parent":0,"menu_order":0,"comment_status":"closed","ping_status":"closed","template":"full-width.php","meta":{"footnotes":""},"class_list":["post-4591","page","type-page","status-publish","has-post-thumbnail","hentry"],"yoast_head":"<!-- This site is optimized with the Yoast SEO plugin v27.4 - https:\/\/yoast.com\/product\/yoast-seo-wordpress\/ -->\n<title>Claudio Naranjo - Cercle de Consci\u00e8ncia<\/title>\n<meta name=\"description\" content=\"Explora las formaciones en Terapia Gestalt y Terapia Corporal Integrativa. Adem\u00e1s, talleres y cursos dise\u00f1ados para tu crecimiento y plenitud en Tarragona.Claudio Naranjo ha sido el mayor divulgador de la terapia Gestalt tanto en el mundo de habla hispana, como anglosajona, constituyendo a lo largo del tiempo un enfoque gest\u00e1ltico-transpersonal, una perspectiva personal con aportaciones novedosas, aparte de recoger el esp\u00edritu libre de Perls.\" \/>\n<meta name=\"robots\" content=\"index, follow, max-snippet:-1, max-image-preview:large, max-video-preview:-1\" \/>\n<link rel=\"canonical\" href=\"https:\/\/cercledeconsciencia.com\/ca\/claudi-taronger\/\" \/>\n<meta property=\"og:locale\" content=\"ca_ES\" \/>\n<meta property=\"og:type\" content=\"article\" \/>\n<meta property=\"og:title\" content=\"Claudio Naranjo - Cercle de Consci\u00e8ncia\" \/>\n<meta property=\"og:description\" content=\"Explora las formaciones en Terapia Gestalt y Terapia Corporal Integrativa. Adem\u00e1s, talleres y cursos dise\u00f1ados para tu crecimiento y plenitud en Tarragona.Claudio Naranjo ha sido el mayor divulgador de la terapia Gestalt tanto en el mundo de habla hispana, como anglosajona, constituyendo a lo largo del tiempo un enfoque gest\u00e1ltico-transpersonal, una perspectiva personal con aportaciones novedosas, aparte de recoger el esp\u00edritu libre de Perls.\" \/>\n<meta property=\"og:url\" content=\"https:\/\/cercledeconsciencia.com\/ca\/claudi-taronger\/\" \/>\n<meta property=\"og:site_name\" content=\"Cercle de Consci\u00e8ncia\" \/>\n<meta property=\"article:publisher\" content=\"https:\/\/www.facebook.com\/Cercledeconscienciabarcelona?_rdr\" \/>\n<meta property=\"article:modified_time\" content=\"2025-05-29T21:00:15+00:00\" \/>\n<meta property=\"og:image\" content=\"https:\/\/cercledeconsciencia.com\/wp-content\/uploads\/2024\/05\/ClaudioNaranjo.png\" \/>\n\t<meta property=\"og:image:width\" content=\"600\" \/>\n\t<meta property=\"og:image:height\" content=\"467\" \/>\n\t<meta property=\"og:image:type\" content=\"image\/png\" \/>\n<meta name=\"twitter:card\" content=\"summary_large_image\" \/>\n<meta name=\"twitter:label1\" content=\"Temps estimat de lectura\" \/>\n\t<meta name=\"twitter:data1\" content=\"5 minuts\" \/>\n<script type=\"application\/ld+json\" class=\"yoast-schema-graph\">{\"@context\":\"https:\\\/\\\/schema.org\",\"@graph\":[{\"@type\":\"WebPage\",\"@id\":\"https:\\\/\\\/cercledeconsciencia.com\\\/claudio-naranjo\\\/\",\"url\":\"https:\\\/\\\/cercledeconsciencia.com\\\/claudio-naranjo\\\/\",\"name\":\"Claudio Naranjo - Cercle de Consci\u00e8ncia\",\"isPartOf\":{\"@id\":\"https:\\\/\\\/cercledeconsciencia.com\\\/#website\"},\"primaryImageOfPage\":{\"@id\":\"https:\\\/\\\/cercledeconsciencia.com\\\/claudio-naranjo\\\/#primaryimage\"},\"image\":{\"@id\":\"https:\\\/\\\/cercledeconsciencia.com\\\/claudio-naranjo\\\/#primaryimage\"},\"thumbnailUrl\":\"https:\\\/\\\/cercledeconsciencia.com\\\/wp-content\\\/uploads\\\/2024\\\/05\\\/ClaudioNaranjo.png\",\"datePublished\":\"2024-07-24T12:33:17+00:00\",\"dateModified\":\"2025-05-29T21:00:15+00:00\",\"description\":\"Explora las formaciones en Terapia Gestalt y Terapia Corporal Integrativa. Adem\u00e1s, talleres y cursos dise\u00f1ados para tu crecimiento y plenitud en Tarragona.Claudio Naranjo ha sido el mayor divulgador de la terapia Gestalt tanto en el mundo de habla hispana, como anglosajona, constituyendo a lo largo del tiempo un enfoque gest\u00e1ltico-transpersonal, una perspectiva personal con aportaciones novedosas, aparte de recoger el esp\u00edritu libre de Perls.\",\"breadcrumb\":{\"@id\":\"https:\\\/\\\/cercledeconsciencia.com\\\/claudio-naranjo\\\/#breadcrumb\"},\"inLanguage\":\"ca\",\"potentialAction\":[{\"@type\":\"ReadAction\",\"target\":[\"https:\\\/\\\/cercledeconsciencia.com\\\/claudio-naranjo\\\/\"]}]},{\"@type\":\"ImageObject\",\"inLanguage\":\"ca\",\"@id\":\"https:\\\/\\\/cercledeconsciencia.com\\\/claudio-naranjo\\\/#primaryimage\",\"url\":\"https:\\\/\\\/cercledeconsciencia.com\\\/wp-content\\\/uploads\\\/2024\\\/05\\\/ClaudioNaranjo.png\",\"contentUrl\":\"https:\\\/\\\/cercledeconsciencia.com\\\/wp-content\\\/uploads\\\/2024\\\/05\\\/ClaudioNaranjo.png\",\"width\":600,\"height\":467},{\"@type\":\"BreadcrumbList\",\"@id\":\"https:\\\/\\\/cercledeconsciencia.com\\\/claudio-naranjo\\\/#breadcrumb\",\"itemListElement\":[{\"@type\":\"ListItem\",\"position\":1,\"name\":\"Portada\",\"item\":\"https:\\\/\\\/cercledeconsciencia.com\\\/\"},{\"@type\":\"ListItem\",\"position\":2,\"name\":\"Claudio Naranjo\"}]},{\"@type\":\"WebSite\",\"@id\":\"https:\\\/\\\/cercledeconsciencia.com\\\/#website\",\"url\":\"https:\\\/\\\/cercledeconsciencia.com\\\/\",\"name\":\"Cercle de Consci\u00e8ncia\",\"description\":\"Centro de Formaci\u00f3n y Terapias\",\"publisher\":{\"@id\":\"https:\\\/\\\/cercledeconsciencia.com\\\/#organization\"},\"potentialAction\":[{\"@type\":\"SearchAction\",\"target\":{\"@type\":\"EntryPoint\",\"urlTemplate\":\"https:\\\/\\\/cercledeconsciencia.com\\\/?s={search_term_string}\"},\"query-input\":{\"@type\":\"PropertyValueSpecification\",\"valueRequired\":true,\"valueName\":\"search_term_string\"}}],\"inLanguage\":\"ca\"},{\"@type\":\"Organization\",\"@id\":\"https:\\\/\\\/cercledeconsciencia.com\\\/#organization\",\"name\":\"Cercle de Consci\u00e8ncia\",\"url\":\"https:\\\/\\\/cercledeconsciencia.com\\\/\",\"logo\":{\"@type\":\"ImageObject\",\"inLanguage\":\"ca\",\"@id\":\"https:\\\/\\\/cercledeconsciencia.com\\\/#\\\/schema\\\/logo\\\/image\\\/\",\"url\":\"https:\\\/\\\/cercledeconsciencia.com\\\/wp-content\\\/uploads\\\/2023\\\/07\\\/logo.png\",\"contentUrl\":\"https:\\\/\\\/cercledeconsciencia.com\\\/wp-content\\\/uploads\\\/2023\\\/07\\\/logo.png\",\"width\":239,\"height\":68,\"caption\":\"Cercle de Consci\u00e8ncia\"},\"image\":{\"@id\":\"https:\\\/\\\/cercledeconsciencia.com\\\/#\\\/schema\\\/logo\\\/image\\\/\"},\"sameAs\":[\"https:\\\/\\\/www.facebook.com\\\/Cercledeconscienciabarcelona?_rdr\",\"https:\\\/\\\/www.instagram.com\\\/cercledeconsciencia\\\/\",\"https:\\\/\\\/www.youtube.com\\\/c\\\/cercledeconsciencia\"]}]}<\/script>\n<!-- \/ Yoast SEO plugin. -->","yoast_head_json":{"title":"Claudi Naranjo - Cercle de Consci\u00e8ncia","description":"Explora les formacions a Ter\u00e0pia Gestalt i Ter\u00e0pia Corporal Integrativa. A m\u00e9s, tallers i cursos dissenyats per al teu creixement i plenitud a Tarragona. Claudio Naranjo ha estat el divulgador m\u00e9s gran de la ter\u00e0pia Gestalt tant en el m\u00f3n de parla hispana, com anglosaxona, constituint al llarg del temps un enfocament gest\u00e0ltic-transpersonal, una perspectiva personal amb aportacions noves, a banda de recollir l&#039;esperit lliure de Perls.","robots":{"index":"index","follow":"follow","max-snippet":"max-snippet:-1","max-image-preview":"max-image-preview:large","max-video-preview":"max-video-preview:-1"},"canonical":"https:\/\/cercledeconsciencia.com\/ca\/claudi-taronger\/","og_locale":"ca_ES","og_type":"article","og_title":"Claudio Naranjo - Cercle de Consci\u00e8ncia","og_description":"Explora las formaciones en Terapia Gestalt y Terapia Corporal Integrativa. Adem\u00e1s, talleres y cursos dise\u00f1ados para tu crecimiento y plenitud en Tarragona.Claudio Naranjo ha sido el mayor divulgador de la terapia Gestalt tanto en el mundo de habla hispana, como anglosajona, constituyendo a lo largo del tiempo un enfoque gest\u00e1ltico-transpersonal, una perspectiva personal con aportaciones novedosas, aparte de recoger el esp\u00edritu libre de Perls.","og_url":"https:\/\/cercledeconsciencia.com\/ca\/claudi-taronger\/","og_site_name":"Cercle de Consci\u00e8ncia","article_publisher":"https:\/\/www.facebook.com\/Cercledeconscienciabarcelona?_rdr","article_modified_time":"2025-05-29T21:00:15+00:00","og_image":[{"width":600,"height":467,"url":"https:\/\/cercledeconsciencia.com\/wp-content\/uploads\/2024\/05\/ClaudioNaranjo.png","type":"image\/png"}],"twitter_card":"summary_large_image","twitter_misc":{"Temps estimat de lectura":"5 minuts"},"schema":{"@context":"https:\/\/schema.org","@graph":[{"@type":"WebPage","@id":"https:\/\/cercledeconsciencia.com\/claudio-naranjo\/","url":"https:\/\/cercledeconsciencia.com\/claudio-naranjo\/","name":"Claudi Naranjo - Cercle de Consci\u00e8ncia","isPartOf":{"@id":"https:\/\/cercledeconsciencia.com\/#website"},"primaryImageOfPage":{"@id":"https:\/\/cercledeconsciencia.com\/claudio-naranjo\/#primaryimage"},"image":{"@id":"https:\/\/cercledeconsciencia.com\/claudio-naranjo\/#primaryimage"},"thumbnailUrl":"https:\/\/cercledeconsciencia.com\/wp-content\/uploads\/2024\/05\/ClaudioNaranjo.png","datePublished":"2024-07-24T12:33:17+00:00","dateModified":"2025-05-29T21:00:15+00:00","description":"Explora les formacions a Ter\u00e0pia Gestalt i Ter\u00e0pia Corporal Integrativa. A m\u00e9s, tallers i cursos dissenyats per al teu creixement i plenitud a Tarragona. Claudio Naranjo ha estat el divulgador m\u00e9s gran de la ter\u00e0pia Gestalt tant en el m\u00f3n de parla hispana, com anglosaxona, constituint al llarg del temps un enfocament gest\u00e0ltic-transpersonal, una perspectiva personal amb aportacions noves, a banda de recollir l&#039;esperit lliure de Perls.","breadcrumb":{"@id":"https:\/\/cercledeconsciencia.com\/claudio-naranjo\/#breadcrumb"},"inLanguage":"ca","potentialAction":[{"@type":"ReadAction","target":["https:\/\/cercledeconsciencia.com\/claudio-naranjo\/"]}]},{"@type":"ImageObject","inLanguage":"ca","@id":"https:\/\/cercledeconsciencia.com\/claudio-naranjo\/#primaryimage","url":"https:\/\/cercledeconsciencia.com\/wp-content\/uploads\/2024\/05\/ClaudioNaranjo.png","contentUrl":"https:\/\/cercledeconsciencia.com\/wp-content\/uploads\/2024\/05\/ClaudioNaranjo.png","width":600,"height":467},{"@type":"BreadcrumbList","@id":"https:\/\/cercledeconsciencia.com\/claudio-naranjo\/#breadcrumb","itemListElement":[{"@type":"ListItem","position":1,"name":"Portada","item":"https:\/\/cercledeconsciencia.com\/"},{"@type":"ListItem","position":2,"name":"Claudio Naranjo"}]},{"@type":"WebSite","@id":"https:\/\/cercledeconsciencia.com\/#website","url":"https:\/\/cercledeconsciencia.com\/","name":"Cercle de Consci\u00e8ncia","description":"Centre de Formaci\u00f3 i Ter\u00e0pies","publisher":{"@id":"https:\/\/cercledeconsciencia.com\/#organization"},"potentialAction":[{"@type":"SearchAction","target":{"@type":"EntryPoint","urlTemplate":"https:\/\/cercledeconsciencia.com\/?s={search_term_string}"},"query-input":{"@type":"PropertyValueSpecification","valueRequired":true,"valueName":"search_term_string"}}],"inLanguage":"ca"},{"@type":"Organization","@id":"https:\/\/cercledeconsciencia.com\/#organization","name":"Cercle de Consci\u00e8ncia","url":"https:\/\/cercledeconsciencia.com\/","logo":{"@type":"ImageObject","inLanguage":"ca","@id":"https:\/\/cercledeconsciencia.com\/#\/schema\/logo\/image\/","url":"https:\/\/cercledeconsciencia.com\/wp-content\/uploads\/2023\/07\/logo.png","contentUrl":"https:\/\/cercledeconsciencia.com\/wp-content\/uploads\/2023\/07\/logo.png","width":239,"height":68,"caption":"Cercle de Consci\u00e8ncia"},"image":{"@id":"https:\/\/cercledeconsciencia.com\/#\/schema\/logo\/image\/"},"sameAs":["https:\/\/www.facebook.com\/Cercledeconscienciabarcelona?_rdr","https:\/\/www.instagram.com\/cercledeconsciencia\/","https:\/\/www.youtube.com\/c\/cercledeconsciencia"]}]}},"_links":{"self":[{"href":"https:\/\/cercledeconsciencia.com\/ca\/wp-json\/wp\/v2\/pages\/4591","targetHints":{"allow":["GET"]}}],"collection":[{"href":"https:\/\/cercledeconsciencia.com\/ca\/wp-json\/wp\/v2\/pages"}],"about":[{"href":"https:\/\/cercledeconsciencia.com\/ca\/wp-json\/wp\/v2\/types\/page"}],"author":[{"embeddable":true,"href":"https:\/\/cercledeconsciencia.com\/ca\/wp-json\/wp\/v2\/users\/1"}],"replies":[{"embeddable":true,"href":"https:\/\/cercledeconsciencia.com\/ca\/wp-json\/wp\/v2\/comments?post=4591"}],"version-history":[{"count":15,"href":"https:\/\/cercledeconsciencia.com\/ca\/wp-json\/wp\/v2\/pages\/4591\/revisions"}],"predecessor-version":[{"id":5365,"href":"https:\/\/cercledeconsciencia.com\/ca\/wp-json\/wp\/v2\/pages\/4591\/revisions\/5365"}],"wp:featuredmedia":[{"embeddable":true,"href":"https:\/\/cercledeconsciencia.com\/ca\/wp-json\/wp\/v2\/media\/3839"}],"wp:attachment":[{"href":"https:\/\/cercledeconsciencia.com\/ca\/wp-json\/wp\/v2\/media?parent=4591"}],"curies":[{"name":"wp","href":"https:\/\/api.w.org\/{rel}","templated":true}]}}