{"id":4606,"date":"2024-07-24T13:00:58","date_gmt":"2024-07-24T13:00:58","guid":{"rendered":"https:\/\/cercledeconsciencia.com\/?page_id=4606"},"modified":"2024-07-26T17:10:47","modified_gmt":"2024-07-26T17:10:47","slug":"antoni-aguilar-director","status":"publish","type":"page","link":"https:\/\/cercledeconsciencia.com\/ca\/antoni-aguilar-director\/","title":{"rendered":"L'Antoni Aguilar"},"content":{"rendered":"<div data-vc-full-width=\"true\" data-vc-full-width-init=\"false\" data-vc-stretch-content=\"true\" class=\"vc_row wpb_row vc_row-fluid hide-mobile vc_custom_1721826030871 vc_row-has-fill vc_row-no-padding\" ><div class=\"wpb_column vc_column_container vc_col-sm-12\"><div class=\"vc_column-inner\"><div class=\"wpb_wrapper\"><div class=\"vc_empty_space\"   style=\"height: 200px\"><span class=\"vc_empty_space_inner\"><\/span><\/div><div class=\"vc_row wpb_row vc_inner vc_row-fluid vc_custom_1699443329405\" ><div class=\"bg-title-terapias wpb_column vc_column_container vc_col-sm-6\"><div class=\"vc_column-inner\"><div class=\"wpb_wrapper\"><div class=\"vc_empty_space\"   style=\"height: 30px\"><span class=\"vc_empty_space_inner\"><\/span><\/div>\n\t<div class=\"wpb_text_column wpb_content_element\" >\n\t\t<div class=\"wpb_wrapper\">\n\t\t\t<h1 class=\"font-open\"><span style=\"color: #ffffff;\">L'Antoni Aguilar<\/span><\/h1>\n\n\t\t<\/div>\n\t<\/div>\n<div class=\"vc_empty_space\"   style=\"height: 30px\"><span class=\"vc_empty_space_inner\"><\/span><\/div><\/div><\/div><\/div><div class=\"wpb_column vc_column_container vc_col-sm-6\"><div class=\"vc_column-inner\"><div class=\"wpb_wrapper\"><\/div><\/div><\/div><\/div><div class=\"vc_empty_space\"   style=\"height: 260px\"><span class=\"vc_empty_space_inner\"><\/span><\/div><div class=\"vc_row wpb_row vc_inner vc_row-fluid vc_custom_1699304517452\" ><div class=\"borderr-white wpb_column vc_column_container vc_col-sm-12\"><div class=\"vc_column-inner vc_custom_1699304523827\"><div class=\"wpb_wrapper\"><div class=\"vc_empty_space\"   style=\"height: 100px\"><span class=\"vc_empty_space_inner\"><\/span><\/div><\/div><\/div><\/div><\/div><\/div><\/div><\/div><\/div><div class=\"vc_row-full-width vc_clearfix\"><\/div><div data-vc-full-width=\"true\" data-vc-full-width-init=\"false\" data-vc-stretch-content=\"true\" class=\"vc_row wpb_row vc_row-fluid show-mobile vc_custom_1721826039295 vc_row-has-fill vc_row-no-padding\" ><div class=\"wpb_column vc_column_container vc_col-sm-12\"><div class=\"vc_column-inner\"><div class=\"wpb_wrapper\"><div class=\"vc_empty_space\"   style=\"height: 30px\"><span class=\"vc_empty_space_inner\"><\/span><\/div><div class=\"vc_row wpb_row vc_inner vc_row-fluid vc_custom_1699443329405\" ><div class=\"bg-title-terapias wpb_column vc_column_container vc_col-sm-6\"><div class=\"vc_column-inner\"><div class=\"wpb_wrapper\"><div class=\"vc_empty_space\"   style=\"height: 20px\"><span class=\"vc_empty_space_inner\"><\/span><\/div>\n\t<div class=\"wpb_text_column wpb_content_element\" >\n\t\t<div class=\"wpb_wrapper\">\n\t\t\t<h1 class=\"font-open\"><span style=\"font-size: 46px;\"><span style=\"color: #ffffff;\">L'Antoni Aguilar<\/span><br \/>\n<\/span><\/h1>\n\n\t\t<\/div>\n\t<\/div>\n<div class=\"vc_empty_space\"   style=\"height: 20px\"><span class=\"vc_empty_space_inner\"><\/span><\/div><\/div><\/div><\/div><div class=\"wpb_column vc_column_container vc_col-sm-6\"><div class=\"vc_column-inner\"><div class=\"wpb_wrapper\"><\/div><\/div><\/div><\/div><div class=\"vc_empty_space\"   style=\"height: 100px\"><span class=\"vc_empty_space_inner\"><\/span><\/div><div class=\"vc_row wpb_row vc_inner vc_row-fluid vc_custom_1699304517452\" ><div class=\"borderr-white wpb_column vc_column_container vc_col-sm-12\"><div class=\"vc_column-inner vc_custom_1699304523827\"><div class=\"wpb_wrapper\"><div class=\"vc_empty_space\"   style=\"height: 100px\"><span class=\"vc_empty_space_inner\"><\/span><\/div><\/div><\/div><\/div><\/div><\/div><\/div><\/div><\/div><div class=\"vc_row-full-width vc_clearfix\"><\/div><div class=\"vc_row wpb_row vc_row-fluid\" ><div class=\"wpb_column vc_column_container vc_col-sm-12\"><div class=\"vc_column-inner\"><div class=\"wpb_wrapper\"><div class=\"edgtf-row-grid-section-wrapper\" ><div class=\"edgtf-row-grid-section\"><div class=\"vc_row wpb_row vc_inner vc_row-fluid vc_row-o-content-middle vc_row-flex\" ><div class=\"wpb_column vc_column_container vc_col-sm-12\"><div class=\"vc_column-inner\"><div class=\"wpb_wrapper\">\n\t<div class=\"wpb_text_column wpb_content_element\" >\n\t\t<div class=\"wpb_wrapper\">\n\t\t\t<h2>L&#039;art de la transformaci\u00f3 humana: Antoni Aguilar i la seva contribuci\u00f3 a psicoter\u00e0pia<\/h2>\n<p style=\"text-align: justify;\">Antoni Aguilar \u00e9s Llicenciat en Medicina i cirurgia per la UAB, a m\u00e9s de terapeuta gest\u00e0ltic, corporal i transpersonal, amb m\u00e9s de 30 anys d&#039;experi\u00e8ncia al camp de la psicoter\u00e0pia. Deixeble de Claudio Naranjo i col\u00b7laborador al programa SAT internacional; est\u00e0 format en diferents enfocaments psicoterap\u00e8utics com TCI amb Antonio Pacheco, Restauraci\u00f3 de Relacions amb Susana Stroke, PNL, Ter\u00e0pia Breu Estrat\u00e8gica d&#039;A. Nardone, Psicoter\u00e0pia Cl\u00ednica amb Juanjo Albert\u2026 \u00c9s, aix\u00ed mateix, Formador i Supervisor de Ter\u00e0pia Gestalt, membre Didacta i Supervisor de l&#039;AETG, titulat a Ter\u00e0pia Corporal Integrativa, i expert en Eneagrama; aix\u00ed com Psicoterapeuta Transpersonal titulat, i Membre de la Societat Europea de Psicoter\u00e0pia Transpersonal (EUROTAS). La seva confian\u00e7a en la capacitat de transformaci\u00f3 de les persones a trav\u00e9s de l&#039;acompanyament terap\u00e8utic el va portar a fundar el Cercle de Consci\u00e8ncia, que abra\u00e7a els quatre cercles corresponents a les \u00e0rees on Antoni Aguilar s&#039;ha especialitzat: Gestalt, Corporal, Sexualidad i Transpersonal.<\/p>\n<p style=\"text-align: justify;\">Ha desenvolupat la seva orientaci\u00f3 espiritual aprofundint des de diverses tradicions m\u00edstiques i contemplatives, formant-se com a Instructor de Vipassana a l&#039;escola del mestre Dhiravamsa. L&#039;inter\u00e8s per la meditaci\u00f3 el va portar a especialitzar-se en la pr\u00e0ctica del Zen amb Anik Billard durant m\u00e9s de dos anys, per posteriorment seguir els ensenyaments Dzogch\u00e9n amb el mestre Namkhai Norbu. \u00daltimament el trobem centrat en la pr\u00e0ctica Kriya ioga de Paramahansa Yogananda.<\/p>\n\n\t\t<\/div>\n\t<\/div>\n<\/div><\/div><\/div><\/div><\/div><\/div><\/div><\/div><\/div><\/div><div class=\"edgtf-row-grid-section-wrapper\"  ><div class=\"edgtf-row-grid-section\"><div class=\"vc_row wpb_row vc_row-fluid\" ><div class=\"wpb_column vc_column_container vc_col-sm-12\"><div class=\"vc_column-inner\"><div class=\"wpb_wrapper\"><div class=\"vc_empty_space\"   style=\"height: 50px\"><span class=\"vc_empty_space_inner\"><\/span><\/div><div class=\"vc_row wpb_row vc_inner vc_row-fluid\" ><div class=\"wpb_column vc_column_container vc_col-sm-12\"><div class=\"vc_column-inner\"><div class=\"wpb_wrapper\">\n\t<div class=\"wpb_text_column wpb_content_element\" >\n\t\t<div class=\"wpb_wrapper\">\n\t\t\t<h2>Cercle de Consci\u00e8ncia: Un viatge de sanaci\u00f3 i autoconeixement<\/h2>\n<p style=\"text-align: justify;\">A Antoni Aguilar li mou principalment el seu esperit de cercador, i des de la seva \u00e0mplia pr\u00e0ctica cl\u00ednica, tant en ter\u00e0pia individual com en grupal, i la seva connexi\u00f3 intu\u00eftiva amb les necessitats emocionals de les persones, t\u00e9 la capacitat de detectar les pulsions socials del moment; aquestes habilitats, unides a la seva visi\u00f3 de futur, capacitat de lideratge i contagi\u00f3s entusiasme, li han perm\u00e8s dur a terme diversos projectes avantguardistes amb la creaci\u00f3 dels diferents cercles. L&#039;any 2000 obre el primer centre, dedicat a la Gestalt, a Barcelona, tenint l&#039;honor de ser apadrinats per Claudio Naranjo, obrint posteriorment Escoles i Formacions a Eivissa, Mallorca, Tarragona, Madrid, M\u00e8xic, Col\u00f2mbia i Per\u00fa. Formador i Supervisor, imparteix cursos a Espanya, aix\u00ed com a Llatinoam\u00e8rica. \u00daltimament ha desenvolupat una nova visi\u00f3 de la Gestalt, prenent com a refer\u00e8ncia l&#039;esperit de la Gestalt Viva de Claudio Naranjo, i subratllant la implementaci\u00f3 en all\u00f2 social dels\u00a0<strong><a href=\"https:\/\/cercledeconsciencia.com\/ca\/formacio-gestalt-integrativa\/\">valors gest\u00e0ltics<\/a><\/strong>, segons les seves pr\u00f2pies paraules \u201csi la Gestalt \u00e9s: aqu\u00ed, ara, i qu\u00e8 est\u00e0 passant; com no estarem ocupats i actius en el canvi social?\u201d.<\/p>\n<p style=\"text-align: justify;\">Posteriorment, percep la necessitat de fer una ter\u00e0pia que aprofundeixi a trav\u00e9s del treball amb el cos en alliberar tensions i millorar s\u00edmptomes som\u00e0tics i incorpora la <strong><a href=\"https:\/\/cercledeconsciencia.com\/ca\/formacio-en-terapia-corporal-integrativa\/\">Formaci\u00f3 TCI<\/a><\/strong>, fundada per Antonio Pacheco, d&#039;inspiraci\u00f3 neo-reichiana i bioenerg\u00e8tica; ampliant posteriorment la proposta a lestudi som\u00e0tic dels diferents eneatips.<\/p>\n<p style=\"text-align: justify;\">En el camp de la ter\u00e0pia corporal, tamb\u00e9 \u00e9s l&#039;introductor a Espanya del treball d&#039;Evania Reichert i Sergio Veleda, reconeguts mestres de l&#039;Escola neo-reichiana del Brasil que, des del seu enfocament de Prevenci\u00f3 de la neurosi ia trav\u00e9s de la Psicomorfologia estan formant tota una generaci\u00f3 de terapeutes som\u00e0tics espanyols.<\/p>\n<p style=\"text-align: justify;\">Anys despr\u00e9s, funda el <strong><a href=\"https:\/\/cercledeconsciencia.com\/ca\/formacio-en-sexualitat-integrativa\/\">\u00e0rea de Sexualitat<\/a><\/strong> que recull les tend\u00e8ncies actuals i les optimitza des d&#039;una mirada terap\u00e8utica i guaridora que permet gaudir de la sexualitat en plenitud; entenent la sexualitat com un cam\u00ed d&#039;autoconeixement capa\u00e7 de portar la viv\u00e8ncia transcendent.<\/p>\n\n\t\t<\/div>\n\t<\/div>\n<\/div><\/div><\/div><\/div><\/div><\/div><\/div><\/div><\/div><\/div><div class=\"edgtf-row-grid-section-wrapper\"  ><div class=\"edgtf-row-grid-section\"><div class=\"vc_row wpb_row vc_row-fluid\" ><div class=\"wpb_column vc_column_container vc_col-sm-12\"><div class=\"vc_column-inner\"><div class=\"wpb_wrapper\"><div class=\"vc_empty_space\"   style=\"height: 50px\"><span class=\"vc_empty_space_inner\"><\/span><\/div><div class=\"vc_row wpb_row vc_inner vc_row-fluid vc_row-o-content-middle vc_row-flex\" ><div class=\"wpb_column vc_column_container vc_col-sm-4\"><div class=\"vc_column-inner\"><div class=\"wpb_wrapper\">\n\t<div class=\"wpb_text_column wpb_content_element\" >\n\t\t<div class=\"wpb_wrapper\">\n\t\t\t<h3 class=\"p1\"><span style=\"color: #088094;\">&quot;L&#039;ampliaci\u00f3 de la consci\u00e8ncia i el cultiu del canvi social s\u00f3n els objectius finals del nostre treball terap\u00e8utic.&quot;<\/span><\/h3>\n<h3><\/h3>\n<h3 class=\"p2\"><span style=\"color: #088094;\">~Antoni Aguilar.<\/span><\/h3>\n\n\t\t<\/div>\n\t<\/div>\n<\/div><\/div><\/div><div class=\"wpb_column vc_column_container vc_col-sm-8\"><div class=\"vc_column-inner\"><div class=\"wpb_wrapper\">\n\t<div  class=\"wpb_single_image wpb_content_element vc_align_center\">\n\t\t\n\t\t<figure class=\"wpb_wrapper vc_figure\">\n\t\t\t<div class=\"vc_single_image-wrapper   vc_box_border_grey\"><img loading=\"lazy\" decoding=\"async\" width=\"600\" height=\"467\" src=\"https:\/\/cercledeconsciencia.com\/wp-content\/uploads\/2024\/07\/Antoni-Aguilar.png\" class=\"vc_single_image-img attachment-full\" alt=\"\" title=\"Antoni-Aguilar\" srcset=\"https:\/\/cercledeconsciencia.com\/wp-content\/uploads\/2024\/07\/Antoni-Aguilar.png 600w, https:\/\/cercledeconsciencia.com\/wp-content\/uploads\/2024\/07\/Antoni-Aguilar-300x234.png 300w\" sizes=\"auto, (max-width: 600px) 100vw, 600px\" \/><\/div>\n\t\t<\/figure>\n\t<\/div>\n<\/div><\/div><\/div><\/div><div class=\"vc_empty_space\"   style=\"height: 50px\"><span class=\"vc_empty_space_inner\"><\/span><\/div><\/div><\/div><\/div><\/div><\/div><\/div><div class=\"edgtf-row-grid-section-wrapper\"  ><div class=\"edgtf-row-grid-section\"><div class=\"vc_row wpb_row vc_row-fluid\" ><div class=\"wpb_column vc_column_container vc_col-sm-12\"><div class=\"vc_column-inner\"><div class=\"wpb_wrapper\"><div class=\"vc_row wpb_row vc_inner vc_row-fluid\" ><div class=\"wpb_column vc_column_container vc_col-sm-12\"><div class=\"vc_column-inner\"><div class=\"wpb_wrapper\">\n\t<div class=\"wpb_text_column wpb_content_element\" >\n\t\t<div class=\"wpb_wrapper\">\n\t\t\t<p style=\"text-align: justify;\">Finalment, la seva traject\u00f2ria vital el porta a observar el fons subjacent en qualsevol tipus de ter\u00e0pia, un anhel molt hum\u00e0 de connexi\u00f3 amb all\u00f2 div\u00ed, amb la qual cosa ens transcendeix; cosa que el porta a fundar el Cercle Transpersonal, que engloba totes les \u00e0rees anteriors, aix\u00ed com els aspectes meditatius de les grans tradicions de saviesa orientals.<\/p>\n<p style=\"text-align: justify;\">El seu propi proc\u00e9s de recerca el porta a con\u00e8ixer de primera m\u00e0 el treball xam\u00e0nic, primer amb els huicholes a M\u00e8xic, i posteriorment amb els ind\u00edgenes mazatecos, i amb els shipibo a la selva amaz\u00f2nica del Per\u00fa. En els darrers anys s&#039;ha dedicat a l&#039;estudi i la recerca de les <strong><a href=\"https:\/\/cercledeconsciencia.com\/ca\/formacio-transpersonal-integrativa\/\">t\u00e8cniques transpersonals<\/a>,<\/strong> cosa que l&#039;ha portat a ser un precursor i introductor a Espanya de l&#039;estudi i la implementaci\u00f3 de la Psicologia Transpersonal, seguint els passos del seu mestre Claudio Naranjo. Com a investigador s&#039;ha especialitzat en l&#039;estudi i la utilitzaci\u00f3 de diferents t\u00e8cniques per induir estats ampliats de consci\u00e8ncia i en la utilitzaci\u00f3 d&#039;agents potenciadors com a coadjuvants en la psicoter\u00e0pia, sent un dels principals especialistes en acompanyament en Psicologia i Psicoter\u00e0pia Transpersonal a Espanya i Europa, unint la saviesa i coneixement dels diferents car\u00e0cters psicol\u00f2gics, juntament amb la profunditat dels treballs transpersonals, especialitzant-se en la investigaci\u00f3 del potencial sanador dels estats ampliats de consci\u00e8ncia.<\/p>\n\n\t\t<\/div>\n\t<\/div>\n<\/div><\/div><\/div><\/div><div class=\"vc_row wpb_row vc_inner vc_row-fluid\" ><div class=\"wpb_column vc_column_container vc_col-sm-12\"><div class=\"vc_column-inner\"><div class=\"wpb_wrapper\">\n\t<div class=\"wpb_text_column wpb_content_element\" >\n\t\t<div class=\"wpb_wrapper\">\n\t\t\t<h2>Acompanyament terap\u00e8utic i estats ampliats de consci\u00e8ncia<\/h2>\n<p style=\"text-align: justify;\">La seva mirada actual, despr\u00e9s de m\u00e9s de 30 anys d&#039;experi\u00e8ncia professional, ha adquirit una perspectiva plenament transpersonal; aix\u00ed, Antoni Aguilar ent\u00e9n la ter\u00e0pia com l&#039;art de l&#039;acompanyament en la transformaci\u00f3 humana; un proc\u00e9s de coneixement de la part egoica, per despr\u00e9s, transcendir-la i arribar a sentir la connexi\u00f3 entre els \u00e9ssers humans, la natura i all\u00f2 Sagrat -l&#039;Univers\u2026 o sigui quin sigui el nom que cadasc\u00fa vulgui donar-li-. Des d&#039;aquest convenciment, els valors que promou la seva escola es basen en una trobada amb la part m\u00e9s essencial de l&#039;\u00e9sser hum\u00e0 i amb valors que fins ara no eren a primera fila, o han estat desvaloritzats, com l&#039;amor, l&#039;empatia, la compassi\u00f3, la col\u00b7laboraci\u00f3, la cura de la terra, l&#039;ecologia\u2026 Des d&#039;aquest enquadrament terap\u00e8utic transmet, en qualsevol dels 4 Cercles, els valors espirituals que transcendeixen l&#039;home obrint noves possibilitats per al creixement personal i espiritual, amb l&#039;objectiu de contribuir a la ampliaci\u00f3 de la consci\u00e8ncia i al cultiu del canvi social.<\/p>\n\n\t\t<\/div>\n\t<\/div>\n<\/div><\/div><\/div><\/div><div class=\"vc_empty_space\"   style=\"height: 100px\"><span class=\"vc_empty_space_inner\"><\/span><\/div><\/div><\/div><\/div><\/div><\/div><\/div>","protected":false},"excerpt":{"rendered":"Antoni Aguilar Antoni Aguilar El arte de la transformaci\u00f3n humana: Antoni Aguilar y su contribuci\u00f3n en psicoterapia Antoni Aguilar es Licenciado en Medicina y cirug\u00eda por la UAB, adem\u00e1s de [...]","protected":false},"author":1,"featured_media":4607,"parent":0,"menu_order":0,"comment_status":"closed","ping_status":"closed","template":"full-width.php","meta":{"footnotes":""},"class_list":["post-4606","page","type-page","status-publish","has-post-thumbnail","hentry"],"yoast_head":"<!-- This site is optimized with the Yoast SEO plugin v27.4 - https:\/\/yoast.com\/product\/yoast-seo-wordpress\/ -->\n<title>Antoni Aguilar: Pionero en Psicoterapia y Espiritualidad - Cercle de Consci\u00e8ncia<\/title>\n<meta name=\"description\" content=\"Descubre la trayectoria de Antoni Aguilar, pionero en terapia transpersonal en Espa\u00f1a y director del Cercle de Consci\u00e8ncia, con m\u00e1s de 30 a\u00f1os de experiencia.\" \/>\n<meta name=\"robots\" content=\"index, follow, max-snippet:-1, max-image-preview:large, max-video-preview:-1\" \/>\n<link rel=\"canonical\" href=\"https:\/\/cercledeconsciencia.com\/ca\/antoni-aguilar-director\/\" \/>\n<meta property=\"og:locale\" content=\"ca_ES\" \/>\n<meta property=\"og:type\" content=\"article\" \/>\n<meta property=\"og:title\" content=\"Antoni Aguilar: Pionero en Psicoterapia y Espiritualidad - Cercle de Consci\u00e8ncia\" \/>\n<meta property=\"og:description\" content=\"Descubre la trayectoria de Antoni Aguilar, pionero en terapia transpersonal en Espa\u00f1a y director del Cercle de Consci\u00e8ncia, con m\u00e1s de 30 a\u00f1os de experiencia.\" \/>\n<meta property=\"og:url\" content=\"https:\/\/cercledeconsciencia.com\/ca\/antoni-aguilar-director\/\" \/>\n<meta property=\"og:site_name\" content=\"Cercle de Consci\u00e8ncia\" \/>\n<meta property=\"article:publisher\" content=\"https:\/\/www.facebook.com\/Cercledeconscienciabarcelona?_rdr\" \/>\n<meta property=\"article:modified_time\" content=\"2024-07-26T17:10:47+00:00\" \/>\n<meta property=\"og:image\" content=\"https:\/\/cercledeconsciencia.com\/wp-content\/uploads\/2024\/07\/TONI-AGUILAR_1.jpg\" \/>\n\t<meta property=\"og:image:width\" content=\"1003\" \/>\n\t<meta property=\"og:image:height\" content=\"720\" \/>\n\t<meta property=\"og:image:type\" content=\"image\/jpeg\" \/>\n<meta name=\"twitter:card\" content=\"summary_large_image\" \/>\n<meta name=\"twitter:label1\" content=\"Temps estimat de lectura\" \/>\n\t<meta name=\"twitter:data1\" content=\"6 minuts\" \/>\n<script type=\"application\/ld+json\" class=\"yoast-schema-graph\">{\"@context\":\"https:\\\/\\\/schema.org\",\"@graph\":[{\"@type\":\"WebPage\",\"@id\":\"https:\\\/\\\/cercledeconsciencia.com\\\/antoni-aguilar-director\\\/\",\"url\":\"https:\\\/\\\/cercledeconsciencia.com\\\/antoni-aguilar-director\\\/\",\"name\":\"Antoni Aguilar: Pionero en Psicoterapia y Espiritualidad - Cercle de Consci\u00e8ncia\",\"isPartOf\":{\"@id\":\"https:\\\/\\\/cercledeconsciencia.com\\\/#website\"},\"primaryImageOfPage\":{\"@id\":\"https:\\\/\\\/cercledeconsciencia.com\\\/antoni-aguilar-director\\\/#primaryimage\"},\"image\":{\"@id\":\"https:\\\/\\\/cercledeconsciencia.com\\\/antoni-aguilar-director\\\/#primaryimage\"},\"thumbnailUrl\":\"https:\\\/\\\/cercledeconsciencia.com\\\/wp-content\\\/uploads\\\/2024\\\/07\\\/TONI-AGUILAR_1.jpg\",\"datePublished\":\"2024-07-24T13:00:58+00:00\",\"dateModified\":\"2024-07-26T17:10:47+00:00\",\"description\":\"Descubre la trayectoria de Antoni Aguilar, pionero en terapia transpersonal en Espa\u00f1a y director del Cercle de Consci\u00e8ncia, con m\u00e1s de 30 a\u00f1os de experiencia.\",\"breadcrumb\":{\"@id\":\"https:\\\/\\\/cercledeconsciencia.com\\\/antoni-aguilar-director\\\/#breadcrumb\"},\"inLanguage\":\"ca\",\"potentialAction\":[{\"@type\":\"ReadAction\",\"target\":[\"https:\\\/\\\/cercledeconsciencia.com\\\/antoni-aguilar-director\\\/\"]}]},{\"@type\":\"ImageObject\",\"inLanguage\":\"ca\",\"@id\":\"https:\\\/\\\/cercledeconsciencia.com\\\/antoni-aguilar-director\\\/#primaryimage\",\"url\":\"https:\\\/\\\/cercledeconsciencia.com\\\/wp-content\\\/uploads\\\/2024\\\/07\\\/TONI-AGUILAR_1.jpg\",\"contentUrl\":\"https:\\\/\\\/cercledeconsciencia.com\\\/wp-content\\\/uploads\\\/2024\\\/07\\\/TONI-AGUILAR_1.jpg\",\"width\":1003,\"height\":720,\"caption\":\"Antoni Aguilar\"},{\"@type\":\"BreadcrumbList\",\"@id\":\"https:\\\/\\\/cercledeconsciencia.com\\\/antoni-aguilar-director\\\/#breadcrumb\",\"itemListElement\":[{\"@type\":\"ListItem\",\"position\":1,\"name\":\"Portada\",\"item\":\"https:\\\/\\\/cercledeconsciencia.com\\\/\"},{\"@type\":\"ListItem\",\"position\":2,\"name\":\"Antoni Aguilar\"}]},{\"@type\":\"WebSite\",\"@id\":\"https:\\\/\\\/cercledeconsciencia.com\\\/#website\",\"url\":\"https:\\\/\\\/cercledeconsciencia.com\\\/\",\"name\":\"Cercle de Consci\u00e8ncia\",\"description\":\"Centro de Formaci\u00f3n y Terapias\",\"publisher\":{\"@id\":\"https:\\\/\\\/cercledeconsciencia.com\\\/#organization\"},\"potentialAction\":[{\"@type\":\"SearchAction\",\"target\":{\"@type\":\"EntryPoint\",\"urlTemplate\":\"https:\\\/\\\/cercledeconsciencia.com\\\/?s={search_term_string}\"},\"query-input\":{\"@type\":\"PropertyValueSpecification\",\"valueRequired\":true,\"valueName\":\"search_term_string\"}}],\"inLanguage\":\"ca\"},{\"@type\":\"Organization\",\"@id\":\"https:\\\/\\\/cercledeconsciencia.com\\\/#organization\",\"name\":\"Cercle de Consci\u00e8ncia\",\"url\":\"https:\\\/\\\/cercledeconsciencia.com\\\/\",\"logo\":{\"@type\":\"ImageObject\",\"inLanguage\":\"ca\",\"@id\":\"https:\\\/\\\/cercledeconsciencia.com\\\/#\\\/schema\\\/logo\\\/image\\\/\",\"url\":\"https:\\\/\\\/cercledeconsciencia.com\\\/wp-content\\\/uploads\\\/2023\\\/07\\\/logo.png\",\"contentUrl\":\"https:\\\/\\\/cercledeconsciencia.com\\\/wp-content\\\/uploads\\\/2023\\\/07\\\/logo.png\",\"width\":239,\"height\":68,\"caption\":\"Cercle de Consci\u00e8ncia\"},\"image\":{\"@id\":\"https:\\\/\\\/cercledeconsciencia.com\\\/#\\\/schema\\\/logo\\\/image\\\/\"},\"sameAs\":[\"https:\\\/\\\/www.facebook.com\\\/Cercledeconscienciabarcelona?_rdr\",\"https:\\\/\\\/www.instagram.com\\\/cercledeconsciencia\\\/\",\"https:\\\/\\\/www.youtube.com\\\/c\\\/cercledeconsciencia\"]}]}<\/script>\n<!-- \/ Yoast SEO plugin. -->","yoast_head_json":{"title":"Antoni Aguilar: Pioner en Psicoter\u00e0pia i Espiritualitat - Cercle de Consci\u00e8ncia","description":"Descobriu la traject\u00f2ria d&#039;Antoni Aguilar, pioner en ter\u00e0pia transpersonal a Espanya i director del Cercle de Consci\u00e8ncia, amb m\u00e9s de 30 anys d&#039;experi\u00e8ncia.","robots":{"index":"index","follow":"follow","max-snippet":"max-snippet:-1","max-image-preview":"max-image-preview:large","max-video-preview":"max-video-preview:-1"},"canonical":"https:\/\/cercledeconsciencia.com\/ca\/antoni-aguilar-director\/","og_locale":"ca_ES","og_type":"article","og_title":"Antoni Aguilar: Pionero en Psicoterapia y Espiritualidad - Cercle de Consci\u00e8ncia","og_description":"Descubre la trayectoria de Antoni Aguilar, pionero en terapia transpersonal en Espa\u00f1a y director del Cercle de Consci\u00e8ncia, con m\u00e1s de 30 a\u00f1os de experiencia.","og_url":"https:\/\/cercledeconsciencia.com\/ca\/antoni-aguilar-director\/","og_site_name":"Cercle de Consci\u00e8ncia","article_publisher":"https:\/\/www.facebook.com\/Cercledeconscienciabarcelona?_rdr","article_modified_time":"2024-07-26T17:10:47+00:00","og_image":[{"width":1003,"height":720,"url":"https:\/\/cercledeconsciencia.com\/wp-content\/uploads\/2024\/07\/TONI-AGUILAR_1.jpg","type":"image\/jpeg"}],"twitter_card":"summary_large_image","twitter_misc":{"Temps estimat de lectura":"6 minuts"},"schema":{"@context":"https:\/\/schema.org","@graph":[{"@type":"WebPage","@id":"https:\/\/cercledeconsciencia.com\/antoni-aguilar-director\/","url":"https:\/\/cercledeconsciencia.com\/antoni-aguilar-director\/","name":"Antoni Aguilar: Pioner en Psicoter\u00e0pia i Espiritualitat - Cercle de Consci\u00e8ncia","isPartOf":{"@id":"https:\/\/cercledeconsciencia.com\/#website"},"primaryImageOfPage":{"@id":"https:\/\/cercledeconsciencia.com\/antoni-aguilar-director\/#primaryimage"},"image":{"@id":"https:\/\/cercledeconsciencia.com\/antoni-aguilar-director\/#primaryimage"},"thumbnailUrl":"https:\/\/cercledeconsciencia.com\/wp-content\/uploads\/2024\/07\/TONI-AGUILAR_1.jpg","datePublished":"2024-07-24T13:00:58+00:00","dateModified":"2024-07-26T17:10:47+00:00","description":"Descobriu la traject\u00f2ria d&#039;Antoni Aguilar, pioner en ter\u00e0pia transpersonal a Espanya i director del Cercle de Consci\u00e8ncia, amb m\u00e9s de 30 anys d&#039;experi\u00e8ncia.","breadcrumb":{"@id":"https:\/\/cercledeconsciencia.com\/antoni-aguilar-director\/#breadcrumb"},"inLanguage":"ca","potentialAction":[{"@type":"ReadAction","target":["https:\/\/cercledeconsciencia.com\/antoni-aguilar-director\/"]}]},{"@type":"ImageObject","inLanguage":"ca","@id":"https:\/\/cercledeconsciencia.com\/antoni-aguilar-director\/#primaryimage","url":"https:\/\/cercledeconsciencia.com\/wp-content\/uploads\/2024\/07\/TONI-AGUILAR_1.jpg","contentUrl":"https:\/\/cercledeconsciencia.com\/wp-content\/uploads\/2024\/07\/TONI-AGUILAR_1.jpg","width":1003,"height":720,"caption":"Antoni Aguilar"},{"@type":"BreadcrumbList","@id":"https:\/\/cercledeconsciencia.com\/antoni-aguilar-director\/#breadcrumb","itemListElement":[{"@type":"ListItem","position":1,"name":"Portada","item":"https:\/\/cercledeconsciencia.com\/"},{"@type":"ListItem","position":2,"name":"Antoni Aguilar"}]},{"@type":"WebSite","@id":"https:\/\/cercledeconsciencia.com\/#website","url":"https:\/\/cercledeconsciencia.com\/","name":"Cercle de Consci\u00e8ncia","description":"Centre de Formaci\u00f3 i Ter\u00e0pies","publisher":{"@id":"https:\/\/cercledeconsciencia.com\/#organization"},"potentialAction":[{"@type":"SearchAction","target":{"@type":"EntryPoint","urlTemplate":"https:\/\/cercledeconsciencia.com\/?s={search_term_string}"},"query-input":{"@type":"PropertyValueSpecification","valueRequired":true,"valueName":"search_term_string"}}],"inLanguage":"ca"},{"@type":"Organization","@id":"https:\/\/cercledeconsciencia.com\/#organization","name":"Cercle de Consci\u00e8ncia","url":"https:\/\/cercledeconsciencia.com\/","logo":{"@type":"ImageObject","inLanguage":"ca","@id":"https:\/\/cercledeconsciencia.com\/#\/schema\/logo\/image\/","url":"https:\/\/cercledeconsciencia.com\/wp-content\/uploads\/2023\/07\/logo.png","contentUrl":"https:\/\/cercledeconsciencia.com\/wp-content\/uploads\/2023\/07\/logo.png","width":239,"height":68,"caption":"Cercle de Consci\u00e8ncia"},"image":{"@id":"https:\/\/cercledeconsciencia.com\/#\/schema\/logo\/image\/"},"sameAs":["https:\/\/www.facebook.com\/Cercledeconscienciabarcelona?_rdr","https:\/\/www.instagram.com\/cercledeconsciencia\/","https:\/\/www.youtube.com\/c\/cercledeconsciencia"]}]}},"_links":{"self":[{"href":"https:\/\/cercledeconsciencia.com\/ca\/wp-json\/wp\/v2\/pages\/4606","targetHints":{"allow":["GET"]}}],"collection":[{"href":"https:\/\/cercledeconsciencia.com\/ca\/wp-json\/wp\/v2\/pages"}],"about":[{"href":"https:\/\/cercledeconsciencia.com\/ca\/wp-json\/wp\/v2\/types\/page"}],"author":[{"embeddable":true,"href":"https:\/\/cercledeconsciencia.com\/ca\/wp-json\/wp\/v2\/users\/1"}],"replies":[{"embeddable":true,"href":"https:\/\/cercledeconsciencia.com\/ca\/wp-json\/wp\/v2\/comments?post=4606"}],"version-history":[{"count":8,"href":"https:\/\/cercledeconsciencia.com\/ca\/wp-json\/wp\/v2\/pages\/4606\/revisions"}],"predecessor-version":[{"id":4630,"href":"https:\/\/cercledeconsciencia.com\/ca\/wp-json\/wp\/v2\/pages\/4606\/revisions\/4630"}],"wp:featuredmedia":[{"embeddable":true,"href":"https:\/\/cercledeconsciencia.com\/ca\/wp-json\/wp\/v2\/media\/4607"}],"wp:attachment":[{"href":"https:\/\/cercledeconsciencia.com\/ca\/wp-json\/wp\/v2\/media?parent=4606"}],"curies":[{"name":"wp","href":"https:\/\/api.w.org\/{rel}","templated":true}]}}