{"id":2273,"date":"2023-11-28T10:28:39","date_gmt":"2023-11-28T10:28:39","guid":{"rendered":"https:\/\/cercledeconsciencia.com\/actividades\/terapia-con-la-respiracion-y-el-cuerpo\/"},"modified":"2026-02-25T11:32:33","modified_gmt":"2026-02-25T11:32:33","slug":"body-and-respiratory-therapy","status":"publish","type":"mec-events","link":"https:\/\/cercledeconsciencia.com\/en\/actividades\/terapia-corporal-y-respiratoria\/","title":{"rendered":"Body and Respiratory Therapy"},"content":{"rendered":"<h5>A space to inhabit your body, release tension, let go of emotional burdens and recover your vital breath.<\/h5>\n<p><strong>Explore your body as a way of self-knowledge and personal transformation.<\/strong><\/p>\n<p><strong>\ud83c\udf81 Sesi\u00f3n introductoria gratuita: 22 de abril de 18:30 a 21h.<\/strong><\/p>\n<p>An experiential journey to reconnect with yourself through the body, breathing and mindfulness.<\/p>\n<p>Este ciclo de 6 encuentros semanales te ofrece un espacio seguro para habitarte con m\u00e1s presencia, liberar tensiones, gestionar tus emociones y recuperar tu energ\u00eda vital.<\/p>\n<p>From an integrative approach of Body Therapy, Gestalt and respiratory psychotherapy, each workshop proposes a deep experience on key aspects such as character structure, emotional expression, defence mechanisms, massage or body intervention, contact, aggressiveness or vital impulse.<\/p>\n<p>Throughout the process you will discover how your history is inscribed in your body, and how you can rewrite and integrate it into yourself, and transform it from direct experience in each encounter.<\/p>\n<p>Through tension release, touch and contact, emotional expression and conscious breathing, you will cultivate your health, self-awareness and presence.<\/p>\n<p>\u2714 No es necesaria experiencia previa.<br \/>\n\u2714 Ideal para iniciarte en un proceso de transformaci\u00f3n corporal y emocional.<br \/>\n\u2714 Una oportunidad para aprender a respirar con libertad, recuperar la alegr\u00eda, la vitalidad y la ilusi\u00f3n de sentirte m\u00e1s presente en tu vida.<\/p>\n<p>\ud83c\udf3f \u00a1\u00a1Respira, siente, despierta!! \ud83c\udf3f<\/p>\n<p><strong>\ud83c\udf81 Sesi\u00f3n introductoria gratuita: 22 de abril de 18:30 a 21h.<\/strong><\/p>\n<hr \/>\n<h5 style=\"text-align: center;\"><a href=\"https:\/\/drive.google.com\/file\/d\/15fvjM7_dBxKe0Sy84hDtC5Pu0ADT2yDr\/view?usp=drive_link\"><strong>DOWNLOAD THE INFORMATION PACK HERE<\/strong><\/a><\/h5>\n<hr \/>\n<h4>PROGRAMME: \"BODY AND RESPIRATORY THERAPY\".<\/h4>\n<p><strong>Calendar<\/strong>: Abril, Mayo y Junio 2026. <strong>Todos los mi\u00e9rcoles de 18:30h a 21h.<\/strong><\/p>\n<p><strong>WORKSHOP 0 - Free introductory session<\/strong> \u2014 \ud83d\uddd3 <strong>Mi\u00e9rcoles 22 de abril<\/strong> 2026 de 18:30h a 21h<br \/>\nA first meeting to get to know each other and experience in the body what this cycle can offer you. Feeling, more than understanding.<\/p>\n<p><strong>WORKSHOP 1 - Breathing, body and contact<\/strong> - <strong>Mi\u00e9rcoles 29 de abril<\/strong>\u00a02026 de de 18:30h a 21h<br \/>\nPowerPoint, teor\u00eda y pr\u00e1ctica, de c\u00f3mo es una forma apropiada de respirar. Y c\u00f3mo influye el patr\u00f3n respiratorio en el sistema nervioso, en el cerebro y el coraz\u00f3n.<\/p>\n<p><strong>TALLER 2 \u2013 Desbloqueo corporal y los 3 centros<\/strong>\u00a0\u2014 \ud83d\uddd3 <strong>Mi\u00e9rcoles 6 de mayo 2026<\/strong> de 18:30h a 21h<br \/>\nA trav\u00e9s de diferentes ejercicios, podremos soltar las tensiones que nos bloquean. As\u00ed facilitar la integraci\u00f3n de los 3 centros de percepci\u00f3n: mente, emoci\u00f3n e instinto.<\/p>\n<p><strong>WORKSHOP 3 - Personality and muscle armour<\/strong> \u2014 \ud83d\uddd3 <strong>Mi\u00e9rcoles 13 de mayo 2026<\/strong> de 18:30h a 21h<br \/>\nWe discover how the body stores personal history. You will recognise your defences and begin to release tensions you no longer need.<\/p>\n<p><strong>WORKSHOP 4 - Basic Emotions and Authentic Expression<\/strong> \u2014 \ud83d\uddd3 <strong>Mi\u00e9rcoles 20 de mayo 2026<\/strong>\u00a0de 18:30h a 21h<br \/>\nWe give space to joy, sadness, anger, fear, disgust, surprise and contempt. You will learn to inhabit them, express them and manage them with security and presence.<\/p>\n<p><strong>TALLER 5 \u2013 Agresividad e instinto vital<\/strong> \u2014 \ud83d\uddd3 <strong>Mi\u00e9rcoles 27 de mayo 2026<\/strong> de 18:30h a 21h<br \/>\nWe reconnect with the strength, the impulse, the desire and the power to set limits from a healthy and conscious place.<\/p>\n<p><strong>TALLER 6 \u2013 Masaje PSI y contacto terap\u00e9utico<\/strong> \u2014 \ud83d\uddd3 <strong>Mi\u00e9rcoles 3 de junio 2026<\/strong> de 18:30h a 21h<br \/>\nWe explore contact and conscious intervention as a way of connection, care and presence. PSI (Psychosomatic Integrative) massage allows us to reach out to others through respect and body listening.<\/p>\n<hr \/>\n<p><strong>Taught by:<\/strong><\/p>\n<p>\ud83d\udde3 <strong>Raquel Gonz\u00e1lez.<\/strong> Integrative Body Therapist, Gestalt Therapist, Respiratory Psychotherapy, Integrative Psychotherapy in the SAT programme. Psychocorporal Postgraduate with Cherif Chalakani.<\/p>\n<p>\ud83d\udde3 <strong>Guillermo Mazariegos.<\/strong> Integrative Body Therapist, Gestalt Therapist, Respiratory Psychotherapy, Psychomorphology (body intervention), Integrative Psychotherapy in the SAT programme. Psychocorporal Postgraduate with Cherif Chalakani.<\/p>\n<hr \/>\n<p>\ud83d\udcc5 <strong>Available dates: Wednesday weekly<\/strong> de 18:30 a 21h del 29 de abril al 3 de junio 2026.<\/p>\n<p><strong>\ud83c\udf81 Sesi\u00f3n introductoria gratuita: 22 de abril de 18:30 a 21h.<\/strong><\/p>\n<p>\ud83d\udccd Espai TCI \u2013 Pau Alsina,35 (Barcelona)<br \/>\n\ud83d\udcb6 Precio: 225\u20ac\u2028 \ud83d\udd16Precio anticipado: 205\u202f\u20ac si reservas antes del 24 de abril a las 23h.<br \/>\n\ud83d\udce9 <strong>More information and registration<\/strong>:\u2028 \ud83d\udce7 guille.maza10@gmail.com\u2028 \ud83d\udcde Guillermo: 625 75 94 25<\/p>\n<p>\ud83c\udf3f \u00a1\u00a1Respira, siente, despierta!! \ud83c\udf3f<\/p>\n<p><strong><em>Come to the introductory course and book your place for the regular cycle!<\/em><\/strong><\/p>\n<hr \/>\n<h5 style=\"text-align: center;\"><a href=\"https:\/\/drive.google.com\/file\/d\/15fvjM7_dBxKe0Sy84hDtC5Pu0ADT2yDr\/view?usp=drive_link\"><strong>TO KNOW MORE ABOUT THE OBJECTIVES AND BENEFITS OF THE COURSE - CLICK HERE\u00a0<\/strong><\/a><\/h5>","protected":false},"excerpt":{"rendered":"<p>Un espacio para habitar tu cuerpo, liberar tensiones, soltar cargas emocionales y recuperar tu aliento vital. Explora tu cuerpo como v\u00eda de autoconocimiento y transformaci\u00f3n personal. \ud83c\udf81 Sesi\u00f3n introductoria gratuita: [&hellip;]<\/p>\n","protected":false},"author":1,"featured_media":5461,"comment_status":"closed","ping_status":"closed","template":"","tags":[96],"mec_category":[71,70,57],"mec_speaker":[67,68],"class_list":["post-2273","mec-events","type-mec-events","status-publish","has-post-thumbnail","hentry","tag-modalidad-presencial","mec_category-cuerpo","mec_category-respiracion","mec_category-taller-regular"],"yoast_head":"<!-- This site is optimized with the Yoast SEO plugin v27.4 - https:\/\/yoast.com\/product\/yoast-seo-wordpress\/ -->\n<title>Terapia Corporal y Respiratoria - Cercle de Consci\u00e8ncia<\/title>\n<meta name=\"robots\" content=\"index, follow, max-snippet:-1, max-image-preview:large, max-video-preview:-1\" \/>\n<link rel=\"canonical\" href=\"https:\/\/cercledeconsciencia.com\/en\/activities\/body-and-respiratory-therapy\/\" \/>\n<meta property=\"og:locale\" content=\"en_GB\" \/>\n<meta property=\"og:type\" content=\"article\" \/>\n<meta property=\"og:title\" content=\"Terapia Corporal y Respiratoria - Cercle de Consci\u00e8ncia\" \/>\n<meta property=\"og:description\" content=\"Un espacio para habitar tu cuerpo, liberar tensiones, soltar cargas emocionales y recuperar tu aliento vital. Explora tu cuerpo como v\u00eda de autoconocimiento y transformaci\u00f3n personal. \ud83c\udf81 Sesi\u00f3n introductoria gratuita: [&hellip;]\" \/>\n<meta property=\"og:url\" content=\"https:\/\/cercledeconsciencia.com\/en\/activities\/body-and-respiratory-therapy\/\" \/>\n<meta property=\"og:site_name\" content=\"Cercle de Consci\u00e8ncia\" \/>\n<meta property=\"article:publisher\" content=\"https:\/\/www.facebook.com\/Cercledeconscienciabarcelona?_rdr\" \/>\n<meta property=\"article:modified_time\" content=\"2026-02-25T11:32:33+00:00\" \/>\n<meta property=\"og:image\" content=\"https:\/\/cercledeconsciencia.com\/wp-content\/uploads\/2023\/11\/IMG_TERAPIA-CORPORAL-y-RESPIRATORIA-scaled.jpg\" \/>\n\t<meta property=\"og:image:width\" content=\"2560\" \/>\n\t<meta property=\"og:image:height\" content=\"1707\" \/>\n\t<meta property=\"og:image:type\" content=\"image\/jpeg\" \/>\n<meta name=\"twitter:card\" content=\"summary_large_image\" \/>\n<meta name=\"twitter:label1\" content=\"Estimated reading time\" \/>\n\t<meta name=\"twitter:data1\" content=\"4 minutes\" \/>\n<script type=\"application\/ld+json\" class=\"yoast-schema-graph\">{\"@context\":\"https:\\\/\\\/schema.org\",\"@graph\":[{\"@type\":\"WebPage\",\"@id\":\"https:\\\/\\\/cercledeconsciencia.com\\\/actividades\\\/terapia-corporal-y-respiratoria\\\/\",\"url\":\"https:\\\/\\\/cercledeconsciencia.com\\\/actividades\\\/terapia-corporal-y-respiratoria\\\/\",\"name\":\"Terapia Corporal y Respiratoria - Cercle de Consci\u00e8ncia\",\"isPartOf\":{\"@id\":\"https:\\\/\\\/cercledeconsciencia.com\\\/#website\"},\"primaryImageOfPage\":{\"@id\":\"https:\\\/\\\/cercledeconsciencia.com\\\/actividades\\\/terapia-corporal-y-respiratoria\\\/#primaryimage\"},\"image\":{\"@id\":\"https:\\\/\\\/cercledeconsciencia.com\\\/actividades\\\/terapia-corporal-y-respiratoria\\\/#primaryimage\"},\"thumbnailUrl\":\"https:\\\/\\\/cercledeconsciencia.com\\\/wp-content\\\/uploads\\\/2023\\\/11\\\/IMG_TERAPIA-CORPORAL-y-RESPIRATORIA-scaled.jpg\",\"datePublished\":\"2023-11-28T10:28:39+00:00\",\"dateModified\":\"2026-02-25T11:32:33+00:00\",\"breadcrumb\":{\"@id\":\"https:\\\/\\\/cercledeconsciencia.com\\\/actividades\\\/terapia-corporal-y-respiratoria\\\/#breadcrumb\"},\"inLanguage\":\"en-GB\",\"potentialAction\":[{\"@type\":\"ReadAction\",\"target\":[\"https:\\\/\\\/cercledeconsciencia.com\\\/actividades\\\/terapia-corporal-y-respiratoria\\\/\"]}]},{\"@type\":\"ImageObject\",\"inLanguage\":\"en-GB\",\"@id\":\"https:\\\/\\\/cercledeconsciencia.com\\\/actividades\\\/terapia-corporal-y-respiratoria\\\/#primaryimage\",\"url\":\"https:\\\/\\\/cercledeconsciencia.com\\\/wp-content\\\/uploads\\\/2023\\\/11\\\/IMG_TERAPIA-CORPORAL-y-RESPIRATORIA-scaled.jpg\",\"contentUrl\":\"https:\\\/\\\/cercledeconsciencia.com\\\/wp-content\\\/uploads\\\/2023\\\/11\\\/IMG_TERAPIA-CORPORAL-y-RESPIRATORIA-scaled.jpg\",\"width\":2560,\"height\":1707},{\"@type\":\"BreadcrumbList\",\"@id\":\"https:\\\/\\\/cercledeconsciencia.com\\\/actividades\\\/terapia-corporal-y-respiratoria\\\/#breadcrumb\",\"itemListElement\":[{\"@type\":\"ListItem\",\"position\":1,\"name\":\"Portada\",\"item\":\"https:\\\/\\\/cercledeconsciencia.com\\\/\"},{\"@type\":\"ListItem\",\"position\":2,\"name\":\"Eventos\",\"item\":\"https:\\\/\\\/cercledeconsciencia.com\\\/actividades\\\/\"},{\"@type\":\"ListItem\",\"position\":3,\"name\":\"Terapia Corporal y Respiratoria\"}]},{\"@type\":\"WebSite\",\"@id\":\"https:\\\/\\\/cercledeconsciencia.com\\\/#website\",\"url\":\"https:\\\/\\\/cercledeconsciencia.com\\\/\",\"name\":\"Cercle de Consci\u00e8ncia\",\"description\":\"Centro de Formaci\u00f3n y Terapias\",\"publisher\":{\"@id\":\"https:\\\/\\\/cercledeconsciencia.com\\\/#organization\"},\"potentialAction\":[{\"@type\":\"SearchAction\",\"target\":{\"@type\":\"EntryPoint\",\"urlTemplate\":\"https:\\\/\\\/cercledeconsciencia.com\\\/?s={search_term_string}\"},\"query-input\":{\"@type\":\"PropertyValueSpecification\",\"valueRequired\":true,\"valueName\":\"search_term_string\"}}],\"inLanguage\":\"en-GB\"},{\"@type\":\"Organization\",\"@id\":\"https:\\\/\\\/cercledeconsciencia.com\\\/#organization\",\"name\":\"Cercle de Consci\u00e8ncia\",\"url\":\"https:\\\/\\\/cercledeconsciencia.com\\\/\",\"logo\":{\"@type\":\"ImageObject\",\"inLanguage\":\"en-GB\",\"@id\":\"https:\\\/\\\/cercledeconsciencia.com\\\/#\\\/schema\\\/logo\\\/image\\\/\",\"url\":\"https:\\\/\\\/cercledeconsciencia.com\\\/wp-content\\\/uploads\\\/2023\\\/07\\\/logo.png\",\"contentUrl\":\"https:\\\/\\\/cercledeconsciencia.com\\\/wp-content\\\/uploads\\\/2023\\\/07\\\/logo.png\",\"width\":239,\"height\":68,\"caption\":\"Cercle de Consci\u00e8ncia\"},\"image\":{\"@id\":\"https:\\\/\\\/cercledeconsciencia.com\\\/#\\\/schema\\\/logo\\\/image\\\/\"},\"sameAs\":[\"https:\\\/\\\/www.facebook.com\\\/Cercledeconscienciabarcelona?_rdr\",\"https:\\\/\\\/www.instagram.com\\\/cercledeconsciencia\\\/\",\"https:\\\/\\\/www.youtube.com\\\/c\\\/cercledeconsciencia\"]}]}<\/script>\n<!-- \/ Yoast SEO plugin. -->","yoast_head_json":{"title":"Terapia Corporal y Respiratoria - Cercle de Consci\u00e8ncia","robots":{"index":"index","follow":"follow","max-snippet":"max-snippet:-1","max-image-preview":"max-image-preview:large","max-video-preview":"max-video-preview:-1"},"canonical":"https:\/\/cercledeconsciencia.com\/en\/activities\/body-and-respiratory-therapy\/","og_locale":"en_GB","og_type":"article","og_title":"Terapia Corporal y Respiratoria - Cercle de Consci\u00e8ncia","og_description":"Un espacio para habitar tu cuerpo, liberar tensiones, soltar cargas emocionales y recuperar tu aliento vital. Explora tu cuerpo como v\u00eda de autoconocimiento y transformaci\u00f3n personal. \ud83c\udf81 Sesi\u00f3n introductoria gratuita: [&hellip;]","og_url":"https:\/\/cercledeconsciencia.com\/en\/activities\/body-and-respiratory-therapy\/","og_site_name":"Cercle de Consci\u00e8ncia","article_publisher":"https:\/\/www.facebook.com\/Cercledeconscienciabarcelona?_rdr","article_modified_time":"2026-02-25T11:32:33+00:00","og_image":[{"width":2560,"height":1707,"url":"https:\/\/cercledeconsciencia.com\/wp-content\/uploads\/2023\/11\/IMG_TERAPIA-CORPORAL-y-RESPIRATORIA-scaled.jpg","type":"image\/jpeg"}],"twitter_card":"summary_large_image","twitter_misc":{"Estimated reading time":"4 minutes"},"schema":{"@context":"https:\/\/schema.org","@graph":[{"@type":"WebPage","@id":"https:\/\/cercledeconsciencia.com\/actividades\/terapia-corporal-y-respiratoria\/","url":"https:\/\/cercledeconsciencia.com\/actividades\/terapia-corporal-y-respiratoria\/","name":"Terapia Corporal y Respiratoria - Cercle de Consci\u00e8ncia","isPartOf":{"@id":"https:\/\/cercledeconsciencia.com\/#website"},"primaryImageOfPage":{"@id":"https:\/\/cercledeconsciencia.com\/actividades\/terapia-corporal-y-respiratoria\/#primaryimage"},"image":{"@id":"https:\/\/cercledeconsciencia.com\/actividades\/terapia-corporal-y-respiratoria\/#primaryimage"},"thumbnailUrl":"https:\/\/cercledeconsciencia.com\/wp-content\/uploads\/2023\/11\/IMG_TERAPIA-CORPORAL-y-RESPIRATORIA-scaled.jpg","datePublished":"2023-11-28T10:28:39+00:00","dateModified":"2026-02-25T11:32:33+00:00","breadcrumb":{"@id":"https:\/\/cercledeconsciencia.com\/actividades\/terapia-corporal-y-respiratoria\/#breadcrumb"},"inLanguage":"en-GB","potentialAction":[{"@type":"ReadAction","target":["https:\/\/cercledeconsciencia.com\/actividades\/terapia-corporal-y-respiratoria\/"]}]},{"@type":"ImageObject","inLanguage":"en-GB","@id":"https:\/\/cercledeconsciencia.com\/actividades\/terapia-corporal-y-respiratoria\/#primaryimage","url":"https:\/\/cercledeconsciencia.com\/wp-content\/uploads\/2023\/11\/IMG_TERAPIA-CORPORAL-y-RESPIRATORIA-scaled.jpg","contentUrl":"https:\/\/cercledeconsciencia.com\/wp-content\/uploads\/2023\/11\/IMG_TERAPIA-CORPORAL-y-RESPIRATORIA-scaled.jpg","width":2560,"height":1707},{"@type":"BreadcrumbList","@id":"https:\/\/cercledeconsciencia.com\/actividades\/terapia-corporal-y-respiratoria\/#breadcrumb","itemListElement":[{"@type":"ListItem","position":1,"name":"Portada","item":"https:\/\/cercledeconsciencia.com\/"},{"@type":"ListItem","position":2,"name":"Eventos","item":"https:\/\/cercledeconsciencia.com\/actividades\/"},{"@type":"ListItem","position":3,"name":"Terapia Corporal y Respiratoria"}]},{"@type":"WebSite","@id":"https:\/\/cercledeconsciencia.com\/#website","url":"https:\/\/cercledeconsciencia.com\/","name":"Circle of Conscience","description":"Training and Therapy Centre","publisher":{"@id":"https:\/\/cercledeconsciencia.com\/#organization"},"potentialAction":[{"@type":"SearchAction","target":{"@type":"EntryPoint","urlTemplate":"https:\/\/cercledeconsciencia.com\/?s={search_term_string}"},"query-input":{"@type":"PropertyValueSpecification","valueRequired":true,"valueName":"search_term_string"}}],"inLanguage":"en-GB"},{"@type":"Organization","@id":"https:\/\/cercledeconsciencia.com\/#organization","name":"Circle of Conscience","url":"https:\/\/cercledeconsciencia.com\/","logo":{"@type":"ImageObject","inLanguage":"en-GB","@id":"https:\/\/cercledeconsciencia.com\/#\/schema\/logo\/image\/","url":"https:\/\/cercledeconsciencia.com\/wp-content\/uploads\/2023\/07\/logo.png","contentUrl":"https:\/\/cercledeconsciencia.com\/wp-content\/uploads\/2023\/07\/logo.png","width":239,"height":68,"caption":"Cercle de Consci\u00e8ncia"},"image":{"@id":"https:\/\/cercledeconsciencia.com\/#\/schema\/logo\/image\/"},"sameAs":["https:\/\/www.facebook.com\/Cercledeconscienciabarcelona?_rdr","https:\/\/www.instagram.com\/cercledeconsciencia\/","https:\/\/www.youtube.com\/c\/cercledeconsciencia"]}]}},"_links":{"self":[{"href":"https:\/\/cercledeconsciencia.com\/en\/wp-json\/wp\/v2\/mec-events\/2273","targetHints":{"allow":["GET"]}}],"collection":[{"href":"https:\/\/cercledeconsciencia.com\/en\/wp-json\/wp\/v2\/mec-events"}],"about":[{"href":"https:\/\/cercledeconsciencia.com\/en\/wp-json\/wp\/v2\/types\/mec-events"}],"author":[{"embeddable":true,"href":"https:\/\/cercledeconsciencia.com\/en\/wp-json\/wp\/v2\/users\/1"}],"replies":[{"embeddable":true,"href":"https:\/\/cercledeconsciencia.com\/en\/wp-json\/wp\/v2\/comments?post=2273"}],"wp:featuredmedia":[{"embeddable":true,"href":"https:\/\/cercledeconsciencia.com\/en\/wp-json\/wp\/v2\/media\/5461"}],"wp:attachment":[{"href":"https:\/\/cercledeconsciencia.com\/en\/wp-json\/wp\/v2\/media?parent=2273"}],"wp:term":[{"taxonomy":"post_tag","embeddable":true,"href":"https:\/\/cercledeconsciencia.com\/en\/wp-json\/wp\/v2\/tags?post=2273"},{"taxonomy":"mec_category","embeddable":true,"href":"https:\/\/cercledeconsciencia.com\/en\/wp-json\/wp\/v2\/mec_category?post=2273"},{"taxonomy":"mec_speaker","embeddable":true,"href":"https:\/\/cercledeconsciencia.com\/en\/wp-json\/wp\/v2\/mec_speaker?post=2273"}],"curies":[{"name":"wp","href":"https:\/\/api.w.org\/{rel}","templated":true}]}}