{"id":2286,"date":"2023-11-28T11:57:36","date_gmt":"2023-11-28T11:57:36","guid":{"rendered":"https:\/\/cercledeconsciencia.com\/?post_type=mec-events&#038;p=2286"},"modified":"2024-08-16T20:50:22","modified_gmt":"2024-08-16T20:50:22","slug":"at-the-heart-of-trauma","status":"publish","type":"mec-events","link":"https:\/\/cercledeconsciencia.com\/en\/actividades\/en-el-corazon-del-trauma\/","title":{"rendered":"At the heart of trauma"},"content":{"rendered":"<p><b>From survival strategies to experiences of connection.<\/b><br \/>\nThe contributions of neuroscience and the knowledge of physiology in traumatic experiences clarify and give a closer understanding of what happens in people's bodies, of the needs that arise from these experiences and allow a much more precise framework for the processes of affective dysregulation and survival defences.<br \/>\nThese meetings provide a theoretical and experiential space in which to delve into the somatic reality of trauma and provide resources for the repair, re-signification and integration of attachment wounds experienced in childhood. A necessary perspective for helping professionals and a space for self-care to attend to what at the time did not have the necessary time and support.<\/p>\n<p>10 MODULES - Including a residential weekend job<\/p>\n<p>\u25aa Theoretical capsule to be viewed before the meeting<br \/>\n\u25aa Pre- and post-meeting orientation recordings<br \/>\n\u25aa Proposal for monitoring and mentoring by the team between meetings.<\/p>\n<p><b>Dates:<\/b> From 26 September 2023 to 4 June 2024 \/ Mornings from 10am to 1pm and afternoons from 6pm to 9pm.<\/p>\n<p>26 September - The Nervous System and Trauma.<br \/>\n3 October - Somatic Exploration Model.<br \/>\n7 November - Principles of regulation.<br \/>\n12 December - Regulation of survival patterns.<br \/>\n9 January - Security and presence.<br \/>\n6 February - Natural rhythms and tremor.<br \/>\n5 March - Techniques and strategies for therapists.<br \/>\n2 April - The Intelligence and Wisdom of Trauma.<br \/>\n10-12 May - Rebirth and Trauma (residential Can Gensana).<br \/>\n4 June - Integration and closure.<\/p>\n<p><b>Imparts:<\/b> Jes\u00fas Oliva.<\/p>\n<p><b>Location:<\/b> Espai TCI Barcelona<br \/>\n<b>Price: <\/b>75 euros per month \/ 160 euros residential (Does not include stay at Can Gensana)<br \/>\n<b>Contact: <\/b>660 260 402 - <a style=\"color: #00806a;\" href=\"\/en\/jesusoliva@hotmail.com\/\">jesusoliva@hotmail.com<\/a><\/span><br \/>\n<b>Face-to-face activity in Barcelona that also includes a masterclass.<\/b><br \/>\n<b>Masterclass:<\/b><br \/>\n<b>8 to 10 November 2024<\/b><br \/>\n<b>7 to 9 March 2025<\/b><br \/>\n<b>Timetable<\/b><br \/>\n<b>Friday 18h to 21h<\/b><br \/>\n<b>Saturday 10h to 20h (lunch break)<\/b><br \/>\n<b>Sunday 10h to 14h<\/b><\/p>","protected":false},"excerpt":{"rendered":"<p>De las estrategias de supervivencia a las experiencias de conexi\u00f3n. Los aportes de la neurociencia y el conocimiento de la fisiolog\u00eda en las experiencias traum\u00e1ticas, clarifican y dan una comprensi\u00f3n [&hellip;]<\/p>\n","protected":false},"author":1,"featured_media":2657,"comment_status":"closed","ping_status":"closed","template":"","tags":[96],"mec_category":[48,57],"mec_speaker":[110],"class_list":["post-2286","mec-events","type-mec-events","status-publish","has-post-thumbnail","hentry","tag-modalidad-presencial","mec_category-masterclass","mec_category-taller-regular"],"yoast_head":"<!-- This site is optimized with the Yoast SEO plugin v27.4 - https:\/\/yoast.com\/product\/yoast-seo-wordpress\/ -->\n<title>En el coraz\u00f3n del trauma - Cercle de Consci\u00e8ncia<\/title>\n<meta name=\"robots\" content=\"index, follow, max-snippet:-1, max-image-preview:large, max-video-preview:-1\" \/>\n<link rel=\"canonical\" href=\"https:\/\/cercledeconsciencia.com\/en\/activities\/at-the-heart-of-trauma\/\" \/>\n<meta property=\"og:locale\" content=\"en_GB\" \/>\n<meta property=\"og:type\" content=\"article\" \/>\n<meta property=\"og:title\" content=\"En el coraz\u00f3n del trauma - Cercle de Consci\u00e8ncia\" \/>\n<meta property=\"og:description\" content=\"De las estrategias de supervivencia a las experiencias de conexi\u00f3n. Los aportes de la neurociencia y el conocimiento de la fisiolog\u00eda en las experiencias traum\u00e1ticas, clarifican y dan una comprensi\u00f3n [&hellip;]\" \/>\n<meta property=\"og:url\" content=\"https:\/\/cercledeconsciencia.com\/en\/activities\/at-the-heart-of-trauma\/\" \/>\n<meta property=\"og:site_name\" content=\"Cercle de Consci\u00e8ncia\" \/>\n<meta property=\"article:publisher\" content=\"https:\/\/www.facebook.com\/Cercledeconscienciabarcelona?_rdr\" \/>\n<meta property=\"article:modified_time\" content=\"2024-08-16T20:50:22+00:00\" \/>\n<meta property=\"og:image\" content=\"https:\/\/cercledeconsciencia.com\/wp-content\/uploads\/2023\/11\/en-el-corazon-del-trauma.png\" \/>\n\t<meta property=\"og:image:width\" content=\"1000\" \/>\n\t<meta property=\"og:image:height\" content=\"623\" \/>\n\t<meta property=\"og:image:type\" content=\"image\/png\" \/>\n<meta name=\"twitter:card\" content=\"summary_large_image\" \/>\n<meta name=\"twitter:label1\" content=\"Estimated reading time\" \/>\n\t<meta name=\"twitter:data1\" content=\"2 minutes\" \/>\n<script type=\"application\/ld+json\" class=\"yoast-schema-graph\">{\"@context\":\"https:\\\/\\\/schema.org\",\"@graph\":[{\"@type\":\"WebPage\",\"@id\":\"https:\\\/\\\/cercledeconsciencia.com\\\/actividades\\\/en-el-corazon-del-trauma\\\/\",\"url\":\"https:\\\/\\\/cercledeconsciencia.com\\\/actividades\\\/en-el-corazon-del-trauma\\\/\",\"name\":\"En el coraz\u00f3n del trauma - Cercle de Consci\u00e8ncia\",\"isPartOf\":{\"@id\":\"https:\\\/\\\/cercledeconsciencia.com\\\/#website\"},\"primaryImageOfPage\":{\"@id\":\"https:\\\/\\\/cercledeconsciencia.com\\\/actividades\\\/en-el-corazon-del-trauma\\\/#primaryimage\"},\"image\":{\"@id\":\"https:\\\/\\\/cercledeconsciencia.com\\\/actividades\\\/en-el-corazon-del-trauma\\\/#primaryimage\"},\"thumbnailUrl\":\"https:\\\/\\\/cercledeconsciencia.com\\\/wp-content\\\/uploads\\\/2023\\\/11\\\/en-el-corazon-del-trauma.png\",\"datePublished\":\"2023-11-28T11:57:36+00:00\",\"dateModified\":\"2024-08-16T20:50:22+00:00\",\"breadcrumb\":{\"@id\":\"https:\\\/\\\/cercledeconsciencia.com\\\/actividades\\\/en-el-corazon-del-trauma\\\/#breadcrumb\"},\"inLanguage\":\"en-GB\",\"potentialAction\":[{\"@type\":\"ReadAction\",\"target\":[\"https:\\\/\\\/cercledeconsciencia.com\\\/actividades\\\/en-el-corazon-del-trauma\\\/\"]}]},{\"@type\":\"ImageObject\",\"inLanguage\":\"en-GB\",\"@id\":\"https:\\\/\\\/cercledeconsciencia.com\\\/actividades\\\/en-el-corazon-del-trauma\\\/#primaryimage\",\"url\":\"https:\\\/\\\/cercledeconsciencia.com\\\/wp-content\\\/uploads\\\/2023\\\/11\\\/en-el-corazon-del-trauma.png\",\"contentUrl\":\"https:\\\/\\\/cercledeconsciencia.com\\\/wp-content\\\/uploads\\\/2023\\\/11\\\/en-el-corazon-del-trauma.png\",\"width\":1000,\"height\":623},{\"@type\":\"BreadcrumbList\",\"@id\":\"https:\\\/\\\/cercledeconsciencia.com\\\/actividades\\\/en-el-corazon-del-trauma\\\/#breadcrumb\",\"itemListElement\":[{\"@type\":\"ListItem\",\"position\":1,\"name\":\"Portada\",\"item\":\"https:\\\/\\\/cercledeconsciencia.com\\\/\"},{\"@type\":\"ListItem\",\"position\":2,\"name\":\"Eventos\",\"item\":\"https:\\\/\\\/cercledeconsciencia.com\\\/actividades\\\/\"},{\"@type\":\"ListItem\",\"position\":3,\"name\":\"En el coraz\u00f3n del trauma\"}]},{\"@type\":\"WebSite\",\"@id\":\"https:\\\/\\\/cercledeconsciencia.com\\\/#website\",\"url\":\"https:\\\/\\\/cercledeconsciencia.com\\\/\",\"name\":\"Cercle de Consci\u00e8ncia\",\"description\":\"Centro de Formaci\u00f3n y Terapias\",\"publisher\":{\"@id\":\"https:\\\/\\\/cercledeconsciencia.com\\\/#organization\"},\"potentialAction\":[{\"@type\":\"SearchAction\",\"target\":{\"@type\":\"EntryPoint\",\"urlTemplate\":\"https:\\\/\\\/cercledeconsciencia.com\\\/?s={search_term_string}\"},\"query-input\":{\"@type\":\"PropertyValueSpecification\",\"valueRequired\":true,\"valueName\":\"search_term_string\"}}],\"inLanguage\":\"en-GB\"},{\"@type\":\"Organization\",\"@id\":\"https:\\\/\\\/cercledeconsciencia.com\\\/#organization\",\"name\":\"Cercle de Consci\u00e8ncia\",\"url\":\"https:\\\/\\\/cercledeconsciencia.com\\\/\",\"logo\":{\"@type\":\"ImageObject\",\"inLanguage\":\"en-GB\",\"@id\":\"https:\\\/\\\/cercledeconsciencia.com\\\/#\\\/schema\\\/logo\\\/image\\\/\",\"url\":\"https:\\\/\\\/cercledeconsciencia.com\\\/wp-content\\\/uploads\\\/2023\\\/07\\\/logo.png\",\"contentUrl\":\"https:\\\/\\\/cercledeconsciencia.com\\\/wp-content\\\/uploads\\\/2023\\\/07\\\/logo.png\",\"width\":239,\"height\":68,\"caption\":\"Cercle de Consci\u00e8ncia\"},\"image\":{\"@id\":\"https:\\\/\\\/cercledeconsciencia.com\\\/#\\\/schema\\\/logo\\\/image\\\/\"},\"sameAs\":[\"https:\\\/\\\/www.facebook.com\\\/Cercledeconscienciabarcelona?_rdr\",\"https:\\\/\\\/www.instagram.com\\\/cercledeconsciencia\\\/\",\"https:\\\/\\\/www.youtube.com\\\/c\\\/cercledeconsciencia\"]}]}<\/script>\n<!-- \/ Yoast SEO plugin. -->","yoast_head_json":{"title":"At the heart of trauma - Cercle de Consci\u00e8ncia","robots":{"index":"index","follow":"follow","max-snippet":"max-snippet:-1","max-image-preview":"max-image-preview:large","max-video-preview":"max-video-preview:-1"},"canonical":"https:\/\/cercledeconsciencia.com\/en\/activities\/at-the-heart-of-trauma\/","og_locale":"en_GB","og_type":"article","og_title":"En el coraz\u00f3n del trauma - Cercle de Consci\u00e8ncia","og_description":"De las estrategias de supervivencia a las experiencias de conexi\u00f3n. Los aportes de la neurociencia y el conocimiento de la fisiolog\u00eda en las experiencias traum\u00e1ticas, clarifican y dan una comprensi\u00f3n [&hellip;]","og_url":"https:\/\/cercledeconsciencia.com\/en\/activities\/at-the-heart-of-trauma\/","og_site_name":"Cercle de Consci\u00e8ncia","article_publisher":"https:\/\/www.facebook.com\/Cercledeconscienciabarcelona?_rdr","article_modified_time":"2024-08-16T20:50:22+00:00","og_image":[{"width":1000,"height":623,"url":"https:\/\/cercledeconsciencia.com\/wp-content\/uploads\/2023\/11\/en-el-corazon-del-trauma.png","type":"image\/png"}],"twitter_card":"summary_large_image","twitter_misc":{"Estimated reading time":"2 minutes"},"schema":{"@context":"https:\/\/schema.org","@graph":[{"@type":"WebPage","@id":"https:\/\/cercledeconsciencia.com\/actividades\/en-el-corazon-del-trauma\/","url":"https:\/\/cercledeconsciencia.com\/actividades\/en-el-corazon-del-trauma\/","name":"At the heart of trauma - Cercle de Consci\u00e8ncia","isPartOf":{"@id":"https:\/\/cercledeconsciencia.com\/#website"},"primaryImageOfPage":{"@id":"https:\/\/cercledeconsciencia.com\/actividades\/en-el-corazon-del-trauma\/#primaryimage"},"image":{"@id":"https:\/\/cercledeconsciencia.com\/actividades\/en-el-corazon-del-trauma\/#primaryimage"},"thumbnailUrl":"https:\/\/cercledeconsciencia.com\/wp-content\/uploads\/2023\/11\/en-el-corazon-del-trauma.png","datePublished":"2023-11-28T11:57:36+00:00","dateModified":"2024-08-16T20:50:22+00:00","breadcrumb":{"@id":"https:\/\/cercledeconsciencia.com\/actividades\/en-el-corazon-del-trauma\/#breadcrumb"},"inLanguage":"en-GB","potentialAction":[{"@type":"ReadAction","target":["https:\/\/cercledeconsciencia.com\/actividades\/en-el-corazon-del-trauma\/"]}]},{"@type":"ImageObject","inLanguage":"en-GB","@id":"https:\/\/cercledeconsciencia.com\/actividades\/en-el-corazon-del-trauma\/#primaryimage","url":"https:\/\/cercledeconsciencia.com\/wp-content\/uploads\/2023\/11\/en-el-corazon-del-trauma.png","contentUrl":"https:\/\/cercledeconsciencia.com\/wp-content\/uploads\/2023\/11\/en-el-corazon-del-trauma.png","width":1000,"height":623},{"@type":"BreadcrumbList","@id":"https:\/\/cercledeconsciencia.com\/actividades\/en-el-corazon-del-trauma\/#breadcrumb","itemListElement":[{"@type":"ListItem","position":1,"name":"Portada","item":"https:\/\/cercledeconsciencia.com\/"},{"@type":"ListItem","position":2,"name":"Eventos","item":"https:\/\/cercledeconsciencia.com\/actividades\/"},{"@type":"ListItem","position":3,"name":"En el coraz\u00f3n del trauma"}]},{"@type":"WebSite","@id":"https:\/\/cercledeconsciencia.com\/#website","url":"https:\/\/cercledeconsciencia.com\/","name":"Circle of Conscience","description":"Training and Therapy Centre","publisher":{"@id":"https:\/\/cercledeconsciencia.com\/#organization"},"potentialAction":[{"@type":"SearchAction","target":{"@type":"EntryPoint","urlTemplate":"https:\/\/cercledeconsciencia.com\/?s={search_term_string}"},"query-input":{"@type":"PropertyValueSpecification","valueRequired":true,"valueName":"search_term_string"}}],"inLanguage":"en-GB"},{"@type":"Organization","@id":"https:\/\/cercledeconsciencia.com\/#organization","name":"Circle of Conscience","url":"https:\/\/cercledeconsciencia.com\/","logo":{"@type":"ImageObject","inLanguage":"en-GB","@id":"https:\/\/cercledeconsciencia.com\/#\/schema\/logo\/image\/","url":"https:\/\/cercledeconsciencia.com\/wp-content\/uploads\/2023\/07\/logo.png","contentUrl":"https:\/\/cercledeconsciencia.com\/wp-content\/uploads\/2023\/07\/logo.png","width":239,"height":68,"caption":"Cercle de Consci\u00e8ncia"},"image":{"@id":"https:\/\/cercledeconsciencia.com\/#\/schema\/logo\/image\/"},"sameAs":["https:\/\/www.facebook.com\/Cercledeconscienciabarcelona?_rdr","https:\/\/www.instagram.com\/cercledeconsciencia\/","https:\/\/www.youtube.com\/c\/cercledeconsciencia"]}]}},"_links":{"self":[{"href":"https:\/\/cercledeconsciencia.com\/en\/wp-json\/wp\/v2\/mec-events\/2286","targetHints":{"allow":["GET"]}}],"collection":[{"href":"https:\/\/cercledeconsciencia.com\/en\/wp-json\/wp\/v2\/mec-events"}],"about":[{"href":"https:\/\/cercledeconsciencia.com\/en\/wp-json\/wp\/v2\/types\/mec-events"}],"author":[{"embeddable":true,"href":"https:\/\/cercledeconsciencia.com\/en\/wp-json\/wp\/v2\/users\/1"}],"replies":[{"embeddable":true,"href":"https:\/\/cercledeconsciencia.com\/en\/wp-json\/wp\/v2\/comments?post=2286"}],"wp:featuredmedia":[{"embeddable":true,"href":"https:\/\/cercledeconsciencia.com\/en\/wp-json\/wp\/v2\/media\/2657"}],"wp:attachment":[{"href":"https:\/\/cercledeconsciencia.com\/en\/wp-json\/wp\/v2\/media?parent=2286"}],"wp:term":[{"taxonomy":"post_tag","embeddable":true,"href":"https:\/\/cercledeconsciencia.com\/en\/wp-json\/wp\/v2\/tags?post=2286"},{"taxonomy":"mec_category","embeddable":true,"href":"https:\/\/cercledeconsciencia.com\/en\/wp-json\/wp\/v2\/mec_category?post=2286"},{"taxonomy":"mec_speaker","embeddable":true,"href":"https:\/\/cercledeconsciencia.com\/en\/wp-json\/wp\/v2\/mec_speaker?post=2286"}],"curies":[{"name":"wp","href":"https:\/\/api.w.org\/{rel}","templated":true}]}}