{"id":2294,"date":"2023-11-28T12:16:20","date_gmt":"2023-11-28T12:16:20","guid":{"rendered":"https:\/\/cercledeconsciencia.com\/?post_type=mec-events&#038;p=2294"},"modified":"2025-02-25T15:04:58","modified_gmt":"2025-02-25T15:04:58","slug":"lo-que-esta-por-nacer","status":"publish","type":"mec-events","link":"https:\/\/cercledeconsciencia.com\/en\/actividades\/lo-que-esta-por-nacer\/","title":{"rendered":"Retiro Lo que est\u00e1 por nacer"},"content":{"rendered":"<p><b>Darte a luz en una experiencia sensible al Trauma<\/b><\/p>\n<p><span style=\"font-weight: 400;\">Este retiro quiere traer las condiciones y la seguridad que nos permitan ofrecer un campo donde <strong>explorar el nacer desde una propuesta sensible al Trauma<\/strong>. <\/span><\/p>\n<p><span style=\"font-weight: 400;\">Una experiencia con el espacio, la lentitud y el tiempo necesarios, la compa\u00f1\u00eda y, sobre todo, con las capas de apoyo y la presencia que nos hagan sentir la bienvenida y el ser recibidxs como hubi\u00e9semos necesitado. <\/span><\/p>\n<p><span style=\"font-weight: 400;\"><strong>\u00danico retiro de renacimiento que se har\u00e1 en 2025<\/strong>. Una propuesta que contiene la Esencia del curso formativo En el Coraz\u00f3n del Trauma. <\/span><\/p>\n<p><strong>Eres bienvenidx a vivir la experiencia y a re-conectar con el lugar del que venimos.<\/strong><\/p>\n<p><span style=\"font-weight: 400;\">Imparts: <b>Jes\u00fas Oliva Chaves<\/b> Especialista en trabajo corporal y escucha som\u00e1tica. Los \u00faltimos a\u00f1os ha centrado su inter\u00e9s en la fisiolog\u00eda del trauma y en proporcionar recursos para la regulaci\u00f3n del mismo.<\/span><\/p>\n<p><span style=\"font-weight: 400;\"><b>Dates:<\/b> 2 al 8 de agosto 2025<\/span><\/p>\n<p><span style=\"font-weight: 400;\"><b>Location: <\/b> Can Gensana<\/span><\/p>\n<p><span style=\"font-weight: 400;\"><b>Price:<\/b> 1200\u20ac <\/span><\/p>\n<p><span style=\"font-weight: 400;\">Reserva de plaza: 150\u20ac\u00a0<\/span><\/p>\n<p><b>Contact:<\/b><span style=\"font-weight: 400;\"> <span style=\"color: #00806a;\"><a style=\"color: #00806a;\" href=\"\/en\/jesusoliva@hotmail.com\/\">jesusoliva@hotmail.com<\/a><\/span> &#8211; Jes\u00fas Oliva &#8211; 660260402 <\/span><\/p>","protected":false},"excerpt":{"rendered":"<p>Darte a luz en una experiencia sensible al Trauma Este retiro quiere traer las condiciones y la seguridad que nos permitan ofrecer un campo donde explorar el nacer desde una [&hellip;]<\/p>\n","protected":false},"author":1,"featured_media":5195,"comment_status":"open","ping_status":"closed","template":"","tags":[],"mec_category":[55],"mec_speaker":[110],"class_list":["post-2294","mec-events","type-mec-events","status-publish","has-post-thumbnail","hentry","mec_category-retiros"],"yoast_head":"<!-- This site is optimized with the Yoast SEO plugin v27.4 - https:\/\/yoast.com\/product\/yoast-seo-wordpress\/ -->\n<title>Retiro Lo que est\u00e1 por nacer - Cercle de Consci\u00e8ncia<\/title>\n<meta name=\"description\" content=\"Este retiro quiere traer las condiciones y la seguridad que nos permitan ofrecer un campo donde explorar el nacer desde una propuesta sensible al Trauma. Una experiencia con el espacio, la lentitud y el tiempo necesarios, la compa\u00f1\u00eda y; sobre todo con las capas de apoyo y la presencia que nos hagan sentir la bienvenida y el ser recibidas como hubi\u00e9semos necesitado.\" \/>\n<meta name=\"robots\" content=\"index, follow, max-snippet:-1, max-image-preview:large, max-video-preview:-1\" \/>\n<link rel=\"canonical\" href=\"https:\/\/cercledeconsciencia.com\/en\/activities\/lo-que-esta-por-nacer\/\" \/>\n<meta property=\"og:locale\" content=\"en_GB\" \/>\n<meta property=\"og:type\" content=\"article\" \/>\n<meta property=\"og:title\" content=\"Retiro Lo que est\u00e1 por nacer - Cercle de Consci\u00e8ncia\" \/>\n<meta property=\"og:description\" content=\"Este retiro quiere traer las condiciones y la seguridad que nos permitan ofrecer un campo donde explorar el nacer desde una propuesta sensible al Trauma. Una experiencia con el espacio, la lentitud y el tiempo necesarios, la compa\u00f1\u00eda y; sobre todo con las capas de apoyo y la presencia que nos hagan sentir la bienvenida y el ser recibidas como hubi\u00e9semos necesitado.\" \/>\n<meta property=\"og:url\" content=\"https:\/\/cercledeconsciencia.com\/en\/activities\/lo-que-esta-por-nacer\/\" \/>\n<meta property=\"og:site_name\" content=\"Cercle de Consci\u00e8ncia\" \/>\n<meta property=\"article:publisher\" content=\"https:\/\/www.facebook.com\/Cercledeconscienciabarcelona?_rdr\" \/>\n<meta property=\"article:modified_time\" content=\"2025-02-25T15:04:58+00:00\" \/>\n<meta property=\"og:image\" content=\"https:\/\/cercledeconsciencia.com\/wp-content\/uploads\/2023\/11\/Captura-de-pantalla-2025-02-05-a-las-14.04.53.png\" \/>\n\t<meta property=\"og:image:width\" content=\"597\" \/>\n\t<meta property=\"og:image:height\" content=\"400\" \/>\n\t<meta property=\"og:image:type\" content=\"image\/png\" \/>\n<meta name=\"twitter:card\" content=\"summary_large_image\" \/>\n<meta name=\"twitter:label1\" content=\"Estimated reading time\" \/>\n\t<meta name=\"twitter:data1\" content=\"1 minute\" \/>\n<script type=\"application\/ld+json\" class=\"yoast-schema-graph\">{\"@context\":\"https:\\\/\\\/schema.org\",\"@graph\":[{\"@type\":\"WebPage\",\"@id\":\"https:\\\/\\\/cercledeconsciencia.com\\\/actividades\\\/lo-que-esta-por-nacer\\\/\",\"url\":\"https:\\\/\\\/cercledeconsciencia.com\\\/actividades\\\/lo-que-esta-por-nacer\\\/\",\"name\":\"Retiro Lo que est\u00e1 por nacer - Cercle de Consci\u00e8ncia\",\"isPartOf\":{\"@id\":\"https:\\\/\\\/cercledeconsciencia.com\\\/#website\"},\"primaryImageOfPage\":{\"@id\":\"https:\\\/\\\/cercledeconsciencia.com\\\/actividades\\\/lo-que-esta-por-nacer\\\/#primaryimage\"},\"image\":{\"@id\":\"https:\\\/\\\/cercledeconsciencia.com\\\/actividades\\\/lo-que-esta-por-nacer\\\/#primaryimage\"},\"thumbnailUrl\":\"https:\\\/\\\/cercledeconsciencia.com\\\/wp-content\\\/uploads\\\/2023\\\/11\\\/Captura-de-pantalla-2025-02-05-a-las-14.04.53.png\",\"datePublished\":\"2023-11-28T12:16:20+00:00\",\"dateModified\":\"2025-02-25T15:04:58+00:00\",\"description\":\"Este retiro quiere traer las condiciones y la seguridad que nos permitan ofrecer un campo donde explorar el nacer desde una propuesta sensible al Trauma. Una experiencia con el espacio, la lentitud y el tiempo necesarios, la compa\u00f1\u00eda y; sobre todo con las capas de apoyo y la presencia que nos hagan sentir la bienvenida y el ser recibidas como hubi\u00e9semos necesitado.\",\"breadcrumb\":{\"@id\":\"https:\\\/\\\/cercledeconsciencia.com\\\/actividades\\\/lo-que-esta-por-nacer\\\/#breadcrumb\"},\"inLanguage\":\"en-GB\",\"potentialAction\":[{\"@type\":\"ReadAction\",\"target\":[\"https:\\\/\\\/cercledeconsciencia.com\\\/actividades\\\/lo-que-esta-por-nacer\\\/\"]}]},{\"@type\":\"ImageObject\",\"inLanguage\":\"en-GB\",\"@id\":\"https:\\\/\\\/cercledeconsciencia.com\\\/actividades\\\/lo-que-esta-por-nacer\\\/#primaryimage\",\"url\":\"https:\\\/\\\/cercledeconsciencia.com\\\/wp-content\\\/uploads\\\/2023\\\/11\\\/Captura-de-pantalla-2025-02-05-a-las-14.04.53.png\",\"contentUrl\":\"https:\\\/\\\/cercledeconsciencia.com\\\/wp-content\\\/uploads\\\/2023\\\/11\\\/Captura-de-pantalla-2025-02-05-a-las-14.04.53.png\",\"width\":597,\"height\":400},{\"@type\":\"BreadcrumbList\",\"@id\":\"https:\\\/\\\/cercledeconsciencia.com\\\/actividades\\\/lo-que-esta-por-nacer\\\/#breadcrumb\",\"itemListElement\":[{\"@type\":\"ListItem\",\"position\":1,\"name\":\"Portada\",\"item\":\"https:\\\/\\\/cercledeconsciencia.com\\\/\"},{\"@type\":\"ListItem\",\"position\":2,\"name\":\"Eventos\",\"item\":\"https:\\\/\\\/cercledeconsciencia.com\\\/actividades\\\/\"},{\"@type\":\"ListItem\",\"position\":3,\"name\":\"Retiro Lo que est\u00e1 por nacer\"}]},{\"@type\":\"WebSite\",\"@id\":\"https:\\\/\\\/cercledeconsciencia.com\\\/#website\",\"url\":\"https:\\\/\\\/cercledeconsciencia.com\\\/\",\"name\":\"Cercle de Consci\u00e8ncia\",\"description\":\"Centro de Formaci\u00f3n y Terapias\",\"publisher\":{\"@id\":\"https:\\\/\\\/cercledeconsciencia.com\\\/#organization\"},\"potentialAction\":[{\"@type\":\"SearchAction\",\"target\":{\"@type\":\"EntryPoint\",\"urlTemplate\":\"https:\\\/\\\/cercledeconsciencia.com\\\/?s={search_term_string}\"},\"query-input\":{\"@type\":\"PropertyValueSpecification\",\"valueRequired\":true,\"valueName\":\"search_term_string\"}}],\"inLanguage\":\"en-GB\"},{\"@type\":\"Organization\",\"@id\":\"https:\\\/\\\/cercledeconsciencia.com\\\/#organization\",\"name\":\"Cercle de Consci\u00e8ncia\",\"url\":\"https:\\\/\\\/cercledeconsciencia.com\\\/\",\"logo\":{\"@type\":\"ImageObject\",\"inLanguage\":\"en-GB\",\"@id\":\"https:\\\/\\\/cercledeconsciencia.com\\\/#\\\/schema\\\/logo\\\/image\\\/\",\"url\":\"https:\\\/\\\/cercledeconsciencia.com\\\/wp-content\\\/uploads\\\/2023\\\/07\\\/logo.png\",\"contentUrl\":\"https:\\\/\\\/cercledeconsciencia.com\\\/wp-content\\\/uploads\\\/2023\\\/07\\\/logo.png\",\"width\":239,\"height\":68,\"caption\":\"Cercle de Consci\u00e8ncia\"},\"image\":{\"@id\":\"https:\\\/\\\/cercledeconsciencia.com\\\/#\\\/schema\\\/logo\\\/image\\\/\"},\"sameAs\":[\"https:\\\/\\\/www.facebook.com\\\/Cercledeconscienciabarcelona?_rdr\",\"https:\\\/\\\/www.instagram.com\\\/cercledeconsciencia\\\/\",\"https:\\\/\\\/www.youtube.com\\\/c\\\/cercledeconsciencia\"]}]}<\/script>\n<!-- \/ Yoast SEO plugin. -->","yoast_head_json":{"title":"Retiro Lo que est\u00e1 por nacer - Cercle de Consci\u00e8ncia","description":"Este retiro quiere traer las condiciones y la seguridad que nos permitan ofrecer un campo donde explorar el nacer desde una propuesta sensible al Trauma. Una experiencia con el espacio, la lentitud y el tiempo necesarios, la compa\u00f1\u00eda y; sobre todo con las capas de apoyo y la presencia que nos hagan sentir la bienvenida y el ser recibidas como hubi\u00e9semos necesitado.","robots":{"index":"index","follow":"follow","max-snippet":"max-snippet:-1","max-image-preview":"max-image-preview:large","max-video-preview":"max-video-preview:-1"},"canonical":"https:\/\/cercledeconsciencia.com\/en\/activities\/lo-que-esta-por-nacer\/","og_locale":"en_GB","og_type":"article","og_title":"Retiro Lo que est\u00e1 por nacer - Cercle de Consci\u00e8ncia","og_description":"Este retiro quiere traer las condiciones y la seguridad que nos permitan ofrecer un campo donde explorar el nacer desde una propuesta sensible al Trauma. Una experiencia con el espacio, la lentitud y el tiempo necesarios, la compa\u00f1\u00eda y; sobre todo con las capas de apoyo y la presencia que nos hagan sentir la bienvenida y el ser recibidas como hubi\u00e9semos necesitado.","og_url":"https:\/\/cercledeconsciencia.com\/en\/activities\/lo-que-esta-por-nacer\/","og_site_name":"Cercle de Consci\u00e8ncia","article_publisher":"https:\/\/www.facebook.com\/Cercledeconscienciabarcelona?_rdr","article_modified_time":"2025-02-25T15:04:58+00:00","og_image":[{"width":597,"height":400,"url":"https:\/\/cercledeconsciencia.com\/wp-content\/uploads\/2023\/11\/Captura-de-pantalla-2025-02-05-a-las-14.04.53.png","type":"image\/png"}],"twitter_card":"summary_large_image","twitter_misc":{"Estimated reading time":"1 minute"},"schema":{"@context":"https:\/\/schema.org","@graph":[{"@type":"WebPage","@id":"https:\/\/cercledeconsciencia.com\/actividades\/lo-que-esta-por-nacer\/","url":"https:\/\/cercledeconsciencia.com\/actividades\/lo-que-esta-por-nacer\/","name":"Retiro Lo que est\u00e1 por nacer - Cercle de Consci\u00e8ncia","isPartOf":{"@id":"https:\/\/cercledeconsciencia.com\/#website"},"primaryImageOfPage":{"@id":"https:\/\/cercledeconsciencia.com\/actividades\/lo-que-esta-por-nacer\/#primaryimage"},"image":{"@id":"https:\/\/cercledeconsciencia.com\/actividades\/lo-que-esta-por-nacer\/#primaryimage"},"thumbnailUrl":"https:\/\/cercledeconsciencia.com\/wp-content\/uploads\/2023\/11\/Captura-de-pantalla-2025-02-05-a-las-14.04.53.png","datePublished":"2023-11-28T12:16:20+00:00","dateModified":"2025-02-25T15:04:58+00:00","description":"Este retiro quiere traer las condiciones y la seguridad que nos permitan ofrecer un campo donde explorar el nacer desde una propuesta sensible al Trauma. Una experiencia con el espacio, la lentitud y el tiempo necesarios, la compa\u00f1\u00eda y; sobre todo con las capas de apoyo y la presencia que nos hagan sentir la bienvenida y el ser recibidas como hubi\u00e9semos necesitado.","breadcrumb":{"@id":"https:\/\/cercledeconsciencia.com\/actividades\/lo-que-esta-por-nacer\/#breadcrumb"},"inLanguage":"en-GB","potentialAction":[{"@type":"ReadAction","target":["https:\/\/cercledeconsciencia.com\/actividades\/lo-que-esta-por-nacer\/"]}]},{"@type":"ImageObject","inLanguage":"en-GB","@id":"https:\/\/cercledeconsciencia.com\/actividades\/lo-que-esta-por-nacer\/#primaryimage","url":"https:\/\/cercledeconsciencia.com\/wp-content\/uploads\/2023\/11\/Captura-de-pantalla-2025-02-05-a-las-14.04.53.png","contentUrl":"https:\/\/cercledeconsciencia.com\/wp-content\/uploads\/2023\/11\/Captura-de-pantalla-2025-02-05-a-las-14.04.53.png","width":597,"height":400},{"@type":"BreadcrumbList","@id":"https:\/\/cercledeconsciencia.com\/actividades\/lo-que-esta-por-nacer\/#breadcrumb","itemListElement":[{"@type":"ListItem","position":1,"name":"Portada","item":"https:\/\/cercledeconsciencia.com\/"},{"@type":"ListItem","position":2,"name":"Eventos","item":"https:\/\/cercledeconsciencia.com\/actividades\/"},{"@type":"ListItem","position":3,"name":"Retiro Lo que est\u00e1 por nacer"}]},{"@type":"WebSite","@id":"https:\/\/cercledeconsciencia.com\/#website","url":"https:\/\/cercledeconsciencia.com\/","name":"Circle of Conscience","description":"Training and Therapy Centre","publisher":{"@id":"https:\/\/cercledeconsciencia.com\/#organization"},"potentialAction":[{"@type":"SearchAction","target":{"@type":"EntryPoint","urlTemplate":"https:\/\/cercledeconsciencia.com\/?s={search_term_string}"},"query-input":{"@type":"PropertyValueSpecification","valueRequired":true,"valueName":"search_term_string"}}],"inLanguage":"en-GB"},{"@type":"Organization","@id":"https:\/\/cercledeconsciencia.com\/#organization","name":"Circle of Conscience","url":"https:\/\/cercledeconsciencia.com\/","logo":{"@type":"ImageObject","inLanguage":"en-GB","@id":"https:\/\/cercledeconsciencia.com\/#\/schema\/logo\/image\/","url":"https:\/\/cercledeconsciencia.com\/wp-content\/uploads\/2023\/07\/logo.png","contentUrl":"https:\/\/cercledeconsciencia.com\/wp-content\/uploads\/2023\/07\/logo.png","width":239,"height":68,"caption":"Cercle de Consci\u00e8ncia"},"image":{"@id":"https:\/\/cercledeconsciencia.com\/#\/schema\/logo\/image\/"},"sameAs":["https:\/\/www.facebook.com\/Cercledeconscienciabarcelona?_rdr","https:\/\/www.instagram.com\/cercledeconsciencia\/","https:\/\/www.youtube.com\/c\/cercledeconsciencia"]}]}},"_links":{"self":[{"href":"https:\/\/cercledeconsciencia.com\/en\/wp-json\/wp\/v2\/mec-events\/2294","targetHints":{"allow":["GET"]}}],"collection":[{"href":"https:\/\/cercledeconsciencia.com\/en\/wp-json\/wp\/v2\/mec-events"}],"about":[{"href":"https:\/\/cercledeconsciencia.com\/en\/wp-json\/wp\/v2\/types\/mec-events"}],"author":[{"embeddable":true,"href":"https:\/\/cercledeconsciencia.com\/en\/wp-json\/wp\/v2\/users\/1"}],"replies":[{"embeddable":true,"href":"https:\/\/cercledeconsciencia.com\/en\/wp-json\/wp\/v2\/comments?post=2294"}],"wp:featuredmedia":[{"embeddable":true,"href":"https:\/\/cercledeconsciencia.com\/en\/wp-json\/wp\/v2\/media\/5195"}],"wp:attachment":[{"href":"https:\/\/cercledeconsciencia.com\/en\/wp-json\/wp\/v2\/media?parent=2294"}],"wp:term":[{"taxonomy":"post_tag","embeddable":true,"href":"https:\/\/cercledeconsciencia.com\/en\/wp-json\/wp\/v2\/tags?post=2294"},{"taxonomy":"mec_category","embeddable":true,"href":"https:\/\/cercledeconsciencia.com\/en\/wp-json\/wp\/v2\/mec_category?post=2294"},{"taxonomy":"mec_speaker","embeddable":true,"href":"https:\/\/cercledeconsciencia.com\/en\/wp-json\/wp\/v2\/mec_speaker?post=2294"}],"curies":[{"name":"wp","href":"https:\/\/api.w.org\/{rel}","templated":true}]}}