{"id":3275,"date":"2024-02-20T00:09:47","date_gmt":"2024-02-20T00:09:47","guid":{"rendered":"https:\/\/cercledeconsciencia.com\/?post_type=mec-events&#038;p=3275"},"modified":"2024-03-05T22:29:18","modified_gmt":"2024-03-05T22:29:18","slug":"cycle-of-tci-workshops","status":"publish","type":"mec-events","link":"https:\/\/cercledeconsciencia.com\/en\/actividades\/ciclo-de-talleres-tci\/","title":{"rendered":"TCI Workshop Cycle"},"content":{"rendered":"<p><span style=\"font-weight: 400;\"> With this proposal we offer a series of workshops in which we will address topics that will enrich our personal process with ICT tools.<br \/>\nIntegrative Body Therapy helps us to strengthen body listening and facilitate the organic processes of self-regulation that favour energetic balance and revitalise us, resolving deep-rooted tensions from childhood.<\/span><\/p>\n<p>&nbsp;<\/p>\n<h4><b>THE WISDOM OF OUR BODY<\/b><\/h4>\n<h6><i class=\"mec-sl-calendar\" style=\"color: #088195;\"><\/i> <strong>Date: 25-26 January<\/strong><\/h6>\n<p>This workshop is a proposal to inhabit our body, recognise it, feel it, breathe with awareness, accompany our emotions and attend to our real needs. A space for self-knowledge and personal transformation that invites us to recover the innate wisdom that resides in our body. An invitation to return home.<\/p>\n<p><b>Teacher:<\/b> Gabriela Fab\u00f3n<\/p>\n<hr \/>\n<h4><b>TRAUMA AND THE BODY<\/b><\/h4>\n<h6><i class=\"mec-sl-calendar\" style=\"color: #088195;\"><\/i> <strong>Date: 13-14 April<\/strong><\/h6>\n<p>&nbsp;<\/p>\n<p><img decoding=\"async\" src=\"https:\/\/cercledeconsciencia.com\/wp-content\/uploads\/2024\/02\/Trauma-y-cuerpo.jpg\" alt=\"\" width=\"100%\" \/><\/p>\n<p>This workshop is a proposal to return to ourselves and our bodies, to the place where nothing was damaged and to reconnect deeply with our essential being. To approach Trauma from the Health and wisdom of our own body, and to regulate the Nervous System through different bodily and somatic tools. An invitation for the Love and Health that are already within, to find the way to unfold.<\/p>\n<p><b>Teacher:<\/b> Jesus Oliva<\/p>\n<hr \/>\n<h4><b>CHARACTERS AND ARMOUR<\/b><\/h4>\n<h6><i class=\"mec-sl-calendar\" style=\"color: #088195;\"><\/i> <strong>Date: 1-2 June<\/strong><\/h6>\n<p>&nbsp;<\/p>\n<p><img decoding=\"async\" src=\"https:\/\/cercledeconsciencia.com\/wp-content\/uploads\/2024\/02\/corazas-y-personajes.jpg\" alt=\"\" width=\"100%\" \/><\/p>\n<p>This workshop is a proposal to get to know and accept the characters through which we have adapted as part of our character and to soften the muscular tensions that make up our muscular armour. A space to attend to ourselves and get to know ourselves from the body and the group, exploring other, freer and more spontaneous facets of the person I am.<\/p>\n<p><b>Teacher:<\/b> Rocio Burgos<\/p>\n<hr \/>\n<p>&nbsp;<\/p>\n<p><b>Prices:<\/b><span style=\"font-weight: 400;\">185 \/ workshop \/ 10% discount with one-off payment for all three workshops: 499,50\u20ac. <\/span><br \/>\n<b>Timetable:<\/b><br \/>\nSaturday 10-14h and 16-20h<br \/>\nSunday 10-14h<\/p>\n<p><strong>Location:<\/strong> Sala Asha-kiran, Avda. de C\u00f3rdoba, 21, 2\u00b0, 28026, Madrid.<br \/>\n<strong>More information and registration: <\/strong><a style=\"color: #00806a;\" href=\"mailto:info@elolivopsicoterapia.es\">info@elolivopsicoterapia.esm <\/a> &#8211; 648 485 416<\/p>","protected":false},"excerpt":{"rendered":"<p>Con esta propuesta ofrecemos una serie de talleres en los que se abordar\u00e1n temas que enriquecer\u00e1n nuestro proceso personal con herramientas de la TCI. La Terapia Corporal Integrativa nos ayuda [&hellip;]<\/p>\n","protected":false},"author":1,"featured_media":3279,"comment_status":"closed","ping_status":"closed","template":"","tags":[],"mec_category":[49,57],"mec_speaker":[131,110,132],"class_list":["post-3275","mec-events","type-mec-events","status-publish","has-post-thumbnail","hentry","mec_category-ciclos","mec_category-taller-regular"],"yoast_head":"<!-- This site is optimized with the Yoast SEO plugin v27.4 - https:\/\/yoast.com\/product\/yoast-seo-wordpress\/ -->\n<title>Ciclo de talleres TCI - Cercle de Consci\u00e8ncia<\/title>\n<meta name=\"robots\" content=\"index, follow, max-snippet:-1, max-image-preview:large, max-video-preview:-1\" \/>\n<link rel=\"canonical\" href=\"https:\/\/cercledeconsciencia.com\/en\/activities\/cycle-of-tci-workshops\/\" \/>\n<meta property=\"og:locale\" content=\"en_GB\" \/>\n<meta property=\"og:type\" content=\"article\" \/>\n<meta property=\"og:title\" content=\"Ciclo de talleres TCI - Cercle de Consci\u00e8ncia\" \/>\n<meta property=\"og:description\" content=\"Con esta propuesta ofrecemos una serie de talleres en los que se abordar\u00e1n temas que enriquecer\u00e1n nuestro proceso personal con herramientas de la TCI. La Terapia Corporal Integrativa nos ayuda [&hellip;]\" \/>\n<meta property=\"og:url\" content=\"https:\/\/cercledeconsciencia.com\/en\/activities\/cycle-of-tci-workshops\/\" \/>\n<meta property=\"og:site_name\" content=\"Cercle de Consci\u00e8ncia\" \/>\n<meta property=\"article:publisher\" content=\"https:\/\/www.facebook.com\/Cercledeconscienciabarcelona?_rdr\" \/>\n<meta property=\"article:modified_time\" content=\"2024-03-05T22:29:18+00:00\" \/>\n<meta property=\"og:image\" content=\"https:\/\/cercledeconsciencia.com\/wp-content\/uploads\/2024\/02\/madrid.jpg\" \/>\n\t<meta property=\"og:image:width\" content=\"2132\" \/>\n\t<meta property=\"og:image:height\" content=\"1421\" \/>\n\t<meta property=\"og:image:type\" content=\"image\/jpeg\" \/>\n<meta name=\"twitter:card\" content=\"summary_large_image\" \/>\n<meta name=\"twitter:label1\" content=\"Estimated reading time\" \/>\n\t<meta name=\"twitter:data1\" content=\"3 minutes\" \/>\n<script type=\"application\/ld+json\" class=\"yoast-schema-graph\">{\"@context\":\"https:\\\/\\\/schema.org\",\"@graph\":[{\"@type\":\"WebPage\",\"@id\":\"https:\\\/\\\/cercledeconsciencia.com\\\/es\\\/actividades\\\/ciclo-de-talleres-tci\\\/\",\"url\":\"https:\\\/\\\/cercledeconsciencia.com\\\/es\\\/actividades\\\/ciclo-de-talleres-tci\\\/\",\"name\":\"Ciclo de talleres TCI - Cercle de Consci\u00e8ncia\",\"isPartOf\":{\"@id\":\"https:\\\/\\\/cercledeconsciencia.com\\\/#website\"},\"primaryImageOfPage\":{\"@id\":\"https:\\\/\\\/cercledeconsciencia.com\\\/es\\\/actividades\\\/ciclo-de-talleres-tci\\\/#primaryimage\"},\"image\":{\"@id\":\"https:\\\/\\\/cercledeconsciencia.com\\\/es\\\/actividades\\\/ciclo-de-talleres-tci\\\/#primaryimage\"},\"thumbnailUrl\":\"https:\\\/\\\/cercledeconsciencia.com\\\/wp-content\\\/uploads\\\/2024\\\/02\\\/madrid.jpg\",\"datePublished\":\"2024-02-20T00:09:47+00:00\",\"dateModified\":\"2024-03-05T22:29:18+00:00\",\"breadcrumb\":{\"@id\":\"https:\\\/\\\/cercledeconsciencia.com\\\/es\\\/actividades\\\/ciclo-de-talleres-tci\\\/#breadcrumb\"},\"inLanguage\":\"en-GB\",\"potentialAction\":[{\"@type\":\"ReadAction\",\"target\":[\"https:\\\/\\\/cercledeconsciencia.com\\\/es\\\/actividades\\\/ciclo-de-talleres-tci\\\/\"]}]},{\"@type\":\"ImageObject\",\"inLanguage\":\"en-GB\",\"@id\":\"https:\\\/\\\/cercledeconsciencia.com\\\/es\\\/actividades\\\/ciclo-de-talleres-tci\\\/#primaryimage\",\"url\":\"https:\\\/\\\/cercledeconsciencia.com\\\/wp-content\\\/uploads\\\/2024\\\/02\\\/madrid.jpg\",\"contentUrl\":\"https:\\\/\\\/cercledeconsciencia.com\\\/wp-content\\\/uploads\\\/2024\\\/02\\\/madrid.jpg\",\"width\":2132,\"height\":1421},{\"@type\":\"BreadcrumbList\",\"@id\":\"https:\\\/\\\/cercledeconsciencia.com\\\/es\\\/actividades\\\/ciclo-de-talleres-tci\\\/#breadcrumb\",\"itemListElement\":[{\"@type\":\"ListItem\",\"position\":1,\"name\":\"Portada\",\"item\":\"https:\\\/\\\/cercledeconsciencia.com\\\/\"},{\"@type\":\"ListItem\",\"position\":2,\"name\":\"Eventos\",\"item\":\"https:\\\/\\\/cercledeconsciencia.com\\\/actividades\\\/\"},{\"@type\":\"ListItem\",\"position\":3,\"name\":\"Ciclo de talleres TCI\"}]},{\"@type\":\"WebSite\",\"@id\":\"https:\\\/\\\/cercledeconsciencia.com\\\/#website\",\"url\":\"https:\\\/\\\/cercledeconsciencia.com\\\/\",\"name\":\"Cercle de Consci\u00e8ncia\",\"description\":\"Centro de Formaci\u00f3n y Terapias\",\"publisher\":{\"@id\":\"https:\\\/\\\/cercledeconsciencia.com\\\/#organization\"},\"potentialAction\":[{\"@type\":\"SearchAction\",\"target\":{\"@type\":\"EntryPoint\",\"urlTemplate\":\"https:\\\/\\\/cercledeconsciencia.com\\\/?s={search_term_string}\"},\"query-input\":{\"@type\":\"PropertyValueSpecification\",\"valueRequired\":true,\"valueName\":\"search_term_string\"}}],\"inLanguage\":\"en-GB\"},{\"@type\":\"Organization\",\"@id\":\"https:\\\/\\\/cercledeconsciencia.com\\\/#organization\",\"name\":\"Cercle de Consci\u00e8ncia\",\"url\":\"https:\\\/\\\/cercledeconsciencia.com\\\/\",\"logo\":{\"@type\":\"ImageObject\",\"inLanguage\":\"en-GB\",\"@id\":\"https:\\\/\\\/cercledeconsciencia.com\\\/#\\\/schema\\\/logo\\\/image\\\/\",\"url\":\"https:\\\/\\\/cercledeconsciencia.com\\\/wp-content\\\/uploads\\\/2023\\\/07\\\/logo.png\",\"contentUrl\":\"https:\\\/\\\/cercledeconsciencia.com\\\/wp-content\\\/uploads\\\/2023\\\/07\\\/logo.png\",\"width\":239,\"height\":68,\"caption\":\"Cercle de Consci\u00e8ncia\"},\"image\":{\"@id\":\"https:\\\/\\\/cercledeconsciencia.com\\\/#\\\/schema\\\/logo\\\/image\\\/\"},\"sameAs\":[\"https:\\\/\\\/www.facebook.com\\\/Cercledeconscienciabarcelona?_rdr\",\"https:\\\/\\\/www.instagram.com\\\/cercledeconsciencia\\\/\",\"https:\\\/\\\/www.youtube.com\\\/c\\\/cercledeconsciencia\"]}]}<\/script>\n<!-- \/ Yoast SEO plugin. -->","yoast_head_json":{"title":"Cycle of workshops TCI - Conscience Circle","robots":{"index":"index","follow":"follow","max-snippet":"max-snippet:-1","max-image-preview":"max-image-preview:large","max-video-preview":"max-video-preview:-1"},"canonical":"https:\/\/cercledeconsciencia.com\/en\/activities\/cycle-of-tci-workshops\/","og_locale":"en_GB","og_type":"article","og_title":"Ciclo de talleres TCI - Cercle de Consci\u00e8ncia","og_description":"Con esta propuesta ofrecemos una serie de talleres en los que se abordar\u00e1n temas que enriquecer\u00e1n nuestro proceso personal con herramientas de la TCI. La Terapia Corporal Integrativa nos ayuda [&hellip;]","og_url":"https:\/\/cercledeconsciencia.com\/en\/activities\/cycle-of-tci-workshops\/","og_site_name":"Cercle de Consci\u00e8ncia","article_publisher":"https:\/\/www.facebook.com\/Cercledeconscienciabarcelona?_rdr","article_modified_time":"2024-03-05T22:29:18+00:00","og_image":[{"width":2132,"height":1421,"url":"https:\/\/cercledeconsciencia.com\/wp-content\/uploads\/2024\/02\/madrid.jpg","type":"image\/jpeg"}],"twitter_card":"summary_large_image","twitter_misc":{"Estimated reading time":"3 minutes"},"schema":{"@context":"https:\/\/schema.org","@graph":[{"@type":"WebPage","@id":"https:\/\/cercledeconsciencia.com\/es\/actividades\/ciclo-de-talleres-tci\/","url":"https:\/\/cercledeconsciencia.com\/es\/actividades\/ciclo-de-talleres-tci\/","name":"Cycle of workshops TCI - Conscience Circle","isPartOf":{"@id":"https:\/\/cercledeconsciencia.com\/#website"},"primaryImageOfPage":{"@id":"https:\/\/cercledeconsciencia.com\/es\/actividades\/ciclo-de-talleres-tci\/#primaryimage"},"image":{"@id":"https:\/\/cercledeconsciencia.com\/es\/actividades\/ciclo-de-talleres-tci\/#primaryimage"},"thumbnailUrl":"https:\/\/cercledeconsciencia.com\/wp-content\/uploads\/2024\/02\/madrid.jpg","datePublished":"2024-02-20T00:09:47+00:00","dateModified":"2024-03-05T22:29:18+00:00","breadcrumb":{"@id":"https:\/\/cercledeconsciencia.com\/es\/actividades\/ciclo-de-talleres-tci\/#breadcrumb"},"inLanguage":"en-GB","potentialAction":[{"@type":"ReadAction","target":["https:\/\/cercledeconsciencia.com\/es\/actividades\/ciclo-de-talleres-tci\/"]}]},{"@type":"ImageObject","inLanguage":"en-GB","@id":"https:\/\/cercledeconsciencia.com\/es\/actividades\/ciclo-de-talleres-tci\/#primaryimage","url":"https:\/\/cercledeconsciencia.com\/wp-content\/uploads\/2024\/02\/madrid.jpg","contentUrl":"https:\/\/cercledeconsciencia.com\/wp-content\/uploads\/2024\/02\/madrid.jpg","width":2132,"height":1421},{"@type":"BreadcrumbList","@id":"https:\/\/cercledeconsciencia.com\/es\/actividades\/ciclo-de-talleres-tci\/#breadcrumb","itemListElement":[{"@type":"ListItem","position":1,"name":"Portada","item":"https:\/\/cercledeconsciencia.com\/"},{"@type":"ListItem","position":2,"name":"Eventos","item":"https:\/\/cercledeconsciencia.com\/actividades\/"},{"@type":"ListItem","position":3,"name":"Ciclo de talleres TCI"}]},{"@type":"WebSite","@id":"https:\/\/cercledeconsciencia.com\/#website","url":"https:\/\/cercledeconsciencia.com\/","name":"Circle of Conscience","description":"Training and Therapy Centre","publisher":{"@id":"https:\/\/cercledeconsciencia.com\/#organization"},"potentialAction":[{"@type":"SearchAction","target":{"@type":"EntryPoint","urlTemplate":"https:\/\/cercledeconsciencia.com\/?s={search_term_string}"},"query-input":{"@type":"PropertyValueSpecification","valueRequired":true,"valueName":"search_term_string"}}],"inLanguage":"en-GB"},{"@type":"Organization","@id":"https:\/\/cercledeconsciencia.com\/#organization","name":"Circle of Conscience","url":"https:\/\/cercledeconsciencia.com\/","logo":{"@type":"ImageObject","inLanguage":"en-GB","@id":"https:\/\/cercledeconsciencia.com\/#\/schema\/logo\/image\/","url":"https:\/\/cercledeconsciencia.com\/wp-content\/uploads\/2023\/07\/logo.png","contentUrl":"https:\/\/cercledeconsciencia.com\/wp-content\/uploads\/2023\/07\/logo.png","width":239,"height":68,"caption":"Cercle de Consci\u00e8ncia"},"image":{"@id":"https:\/\/cercledeconsciencia.com\/#\/schema\/logo\/image\/"},"sameAs":["https:\/\/www.facebook.com\/Cercledeconscienciabarcelona?_rdr","https:\/\/www.instagram.com\/cercledeconsciencia\/","https:\/\/www.youtube.com\/c\/cercledeconsciencia"]}]}},"_links":{"self":[{"href":"https:\/\/cercledeconsciencia.com\/en\/wp-json\/wp\/v2\/mec-events\/3275","targetHints":{"allow":["GET"]}}],"collection":[{"href":"https:\/\/cercledeconsciencia.com\/en\/wp-json\/wp\/v2\/mec-events"}],"about":[{"href":"https:\/\/cercledeconsciencia.com\/en\/wp-json\/wp\/v2\/types\/mec-events"}],"author":[{"embeddable":true,"href":"https:\/\/cercledeconsciencia.com\/en\/wp-json\/wp\/v2\/users\/1"}],"replies":[{"embeddable":true,"href":"https:\/\/cercledeconsciencia.com\/en\/wp-json\/wp\/v2\/comments?post=3275"}],"wp:featuredmedia":[{"embeddable":true,"href":"https:\/\/cercledeconsciencia.com\/en\/wp-json\/wp\/v2\/media\/3279"}],"wp:attachment":[{"href":"https:\/\/cercledeconsciencia.com\/en\/wp-json\/wp\/v2\/media?parent=3275"}],"wp:term":[{"taxonomy":"post_tag","embeddable":true,"href":"https:\/\/cercledeconsciencia.com\/en\/wp-json\/wp\/v2\/tags?post=3275"},{"taxonomy":"mec_category","embeddable":true,"href":"https:\/\/cercledeconsciencia.com\/en\/wp-json\/wp\/v2\/mec_category?post=3275"},{"taxonomy":"mec_speaker","embeddable":true,"href":"https:\/\/cercledeconsciencia.com\/en\/wp-json\/wp\/v2\/mec_speaker?post=3275"}],"curies":[{"name":"wp","href":"https:\/\/api.w.org\/{rel}","templated":true}]}}