{"id":4654,"date":"2024-07-31T12:16:08","date_gmt":"2024-07-31T12:16:08","guid":{"rendered":"https:\/\/cercledeconsciencia.com\/?post_type=mec-events&#038;p=4654"},"modified":"2025-09-23T10:13:44","modified_gmt":"2025-09-23T10:13:44","slug":"between-women-group-mallorca","status":"publish","type":"mec-events","link":"https:\/\/cercledeconsciencia.com\/en\/actividades\/entre-mujeres-grupo-mallorca\/","title":{"rendered":"Entre Mujeres - Therapeutic Group Mallorca"},"content":{"rendered":"<p><span style=\"font-weight: 400;\">Entre Mujeres - Therapeutic Group - 7th edition -\u00a0<\/span><\/p>\n<p><span style=\"font-weight: 400;\">\ud83d\udcc5 Mi\u00e9rcoles quincenales de 18:30 a 20:30h.\u00a0<\/span><\/p>\n<p>I offer an intimate and welcoming space between women, where the body guides and becomes a channel for inner listening, clarity and transformation. You will become aware of truths that live in you.<\/p>\n<p>Different resources such as bioenergetics, breathing, play, laughter, pleasure, psychodance and the group as a mirror, support and containment, will facilitate the integration of body, mind, emotions and energy in the same heartbeat in you.<\/p>\n<p><strong>A path of reconnection to caress your soul. Together we embrace what hurts, honour what was and inhabit what we are.<\/strong><\/p>\n<h4><span style=\"font-weight: 400;\">Dates:<\/span><\/h4>\n<p>September: 10 and 24<br \/>\n<span style=\"font-weight: 400;\">October: 8 and 22<\/span><br \/>\n<span style=\"font-weight: 400;\">November: 12 and 26<\/span><br \/>\n<span style=\"font-weight: 400;\">December: 3 and 17<\/span><\/p>\n<h4><span style=\"font-weight: 400;\">2026<\/span><\/h4>\n<p><span style=\"font-weight: 400;\">January 2026: 7 and 21<\/span><br \/>\n<span style=\"font-weight: 400;\">February: 4 and 18<\/span><br \/>\n<span style=\"font-weight: 400;\">March: 4 and 18<\/span><br \/>\n<span style=\"font-weight: 400;\">April: 15 and 29<\/span><br \/>\n<span style=\"font-weight: 400;\">May: 13 and 27<\/span><br \/>\n<span style=\"font-weight: 400;\">June: 10 and 24<\/span><\/p>\n<p><span style=\"font-weight: 400;\">\ud83d\udde3 <b>Taught by: Nadia Gloria, Gestalt, Body, Systemic and Integrative Psychodance Therapist.<\/b><\/span><\/p>\n<p><span style=\"font-weight: 400;\"><strong>Further information<\/strong>: 637 157 815 \/ <a style=\"color: #00806a;\" href=\"mailto:nadiagloriaterapeuta@gmail.com.\">nadiagloriaterapeuta@gmail.com.<\/a><\/span><br \/>\n<span style=\"font-weight: 400;\"><b>Price:<\/b> 50 euros\/month | Complete cycle: 400\u20ac.<br \/>\n<\/span><span style=\"font-weight: 400;\">\ud83d\udcc5 Mi\u00e9rcoles quincenales de 18:30 a 20:30h.\u00a0<\/span><br \/>\n<span style=\"font-weight: 400;\">\ud83c\udf0d Cercle de Consci\u00e8ncia Mallorca - Carrer Ciutat de Quer\u00e9taro, 6, 2\u00ba 1\u00aa, 07006.<\/span><\/p>","protected":false},"excerpt":{"rendered":"<p>Ofrecemos un espacio de intimidad y de sabidur\u00eda compartida, donde amplificar\u00e1s tu escucha interna a trav\u00e9s del cuerpo, reconociendo tus necesidades reales. <\/p>","protected":false},"author":2,"featured_media":5446,"comment_status":"open","ping_status":"closed","template":"","tags":[],"mec_category":[49,73],"mec_speaker":[117],"class_list":["post-4654","mec-events","type-mec-events","status-publish","has-post-thumbnail","hentry","mec_category-ciclos","mec_category-mujer"],"yoast_head":"<!-- This site is optimized with the Yoast SEO plugin v27.4 - https:\/\/yoast.com\/product\/yoast-seo-wordpress\/ -->\n<title>Entre Mujeres - Grupo Terap\u00e9utico Mallorca - Cercle de Consci\u00e8ncia<\/title>\n<meta name=\"description\" content=\"Ofrecemos un espacio de intimidad y de sabidur\u00eda compartida, donde amplificar\u00e1s tu escucha interna a trav\u00e9s del cuerpo, reconociendo tus necesidades reales. TCI Mallorca.\" \/>\n<meta name=\"robots\" content=\"index, follow, max-snippet:-1, max-image-preview:large, max-video-preview:-1\" \/>\n<link rel=\"canonical\" href=\"https:\/\/cercledeconsciencia.com\/en\/activities\/between-women-group-mallorca\/\" \/>\n<meta property=\"og:locale\" content=\"en_GB\" \/>\n<meta property=\"og:type\" content=\"article\" \/>\n<meta property=\"og:title\" content=\"Entre Mujeres - Grupo Terap\u00e9utico Mallorca - Cercle de Consci\u00e8ncia\" \/>\n<meta property=\"og:description\" content=\"Ofrecemos un espacio de intimidad y de sabidur\u00eda compartida, donde amplificar\u00e1s tu escucha interna a trav\u00e9s del cuerpo, reconociendo tus necesidades reales. TCI Mallorca.\" \/>\n<meta property=\"og:url\" content=\"https:\/\/cercledeconsciencia.com\/en\/activities\/between-women-group-mallorca\/\" \/>\n<meta property=\"og:site_name\" content=\"Cercle de Consci\u00e8ncia\" \/>\n<meta property=\"article:publisher\" content=\"https:\/\/www.facebook.com\/Cercledeconscienciabarcelona?_rdr\" \/>\n<meta property=\"article:modified_time\" content=\"2025-09-23T10:13:44+00:00\" \/>\n<meta property=\"og:image\" content=\"https:\/\/cercledeconsciencia.com\/wp-content\/uploads\/2024\/07\/Captura-de-pantalla-2025-09-23-a-las-11.55.27.png\" \/>\n\t<meta property=\"og:image:width\" content=\"701\" \/>\n\t<meta property=\"og:image:height\" content=\"694\" \/>\n\t<meta property=\"og:image:type\" content=\"image\/png\" \/>\n<meta name=\"twitter:card\" content=\"summary_large_image\" \/>\n<meta name=\"twitter:label1\" content=\"Estimated reading time\" \/>\n\t<meta name=\"twitter:data1\" content=\"2 minutes\" \/>\n<script type=\"application\/ld+json\" class=\"yoast-schema-graph\">{\"@context\":\"https:\\\/\\\/schema.org\",\"@graph\":[{\"@type\":\"WebPage\",\"@id\":\"https:\\\/\\\/cercledeconsciencia.com\\\/actividades\\\/entre-mujeres-grupo-mallorca\\\/\",\"url\":\"https:\\\/\\\/cercledeconsciencia.com\\\/actividades\\\/entre-mujeres-grupo-mallorca\\\/\",\"name\":\"Entre Mujeres - Grupo Terap\u00e9utico Mallorca - Cercle de Consci\u00e8ncia\",\"isPartOf\":{\"@id\":\"https:\\\/\\\/cercledeconsciencia.com\\\/#website\"},\"primaryImageOfPage\":{\"@id\":\"https:\\\/\\\/cercledeconsciencia.com\\\/actividades\\\/entre-mujeres-grupo-mallorca\\\/#primaryimage\"},\"image\":{\"@id\":\"https:\\\/\\\/cercledeconsciencia.com\\\/actividades\\\/entre-mujeres-grupo-mallorca\\\/#primaryimage\"},\"thumbnailUrl\":\"https:\\\/\\\/cercledeconsciencia.com\\\/wp-content\\\/uploads\\\/2024\\\/07\\\/Captura-de-pantalla-2025-09-23-a-las-11.55.27.png\",\"datePublished\":\"2024-07-31T12:16:08+00:00\",\"dateModified\":\"2025-09-23T10:13:44+00:00\",\"description\":\"Ofrecemos un espacio de intimidad y de sabidur\u00eda compartida, donde amplificar\u00e1s tu escucha interna a trav\u00e9s del cuerpo, reconociendo tus necesidades reales. TCI Mallorca.\",\"breadcrumb\":{\"@id\":\"https:\\\/\\\/cercledeconsciencia.com\\\/actividades\\\/entre-mujeres-grupo-mallorca\\\/#breadcrumb\"},\"inLanguage\":\"en-GB\",\"potentialAction\":[{\"@type\":\"ReadAction\",\"target\":[\"https:\\\/\\\/cercledeconsciencia.com\\\/actividades\\\/entre-mujeres-grupo-mallorca\\\/\"]}]},{\"@type\":\"ImageObject\",\"inLanguage\":\"en-GB\",\"@id\":\"https:\\\/\\\/cercledeconsciencia.com\\\/actividades\\\/entre-mujeres-grupo-mallorca\\\/#primaryimage\",\"url\":\"https:\\\/\\\/cercledeconsciencia.com\\\/wp-content\\\/uploads\\\/2024\\\/07\\\/Captura-de-pantalla-2025-09-23-a-las-11.55.27.png\",\"contentUrl\":\"https:\\\/\\\/cercledeconsciencia.com\\\/wp-content\\\/uploads\\\/2024\\\/07\\\/Captura-de-pantalla-2025-09-23-a-las-11.55.27.png\",\"width\":701,\"height\":694},{\"@type\":\"BreadcrumbList\",\"@id\":\"https:\\\/\\\/cercledeconsciencia.com\\\/actividades\\\/entre-mujeres-grupo-mallorca\\\/#breadcrumb\",\"itemListElement\":[{\"@type\":\"ListItem\",\"position\":1,\"name\":\"Portada\",\"item\":\"https:\\\/\\\/cercledeconsciencia.com\\\/\"},{\"@type\":\"ListItem\",\"position\":2,\"name\":\"Eventos\",\"item\":\"https:\\\/\\\/cercledeconsciencia.com\\\/actividades\\\/\"},{\"@type\":\"ListItem\",\"position\":3,\"name\":\"Entre Mujeres &#8211; Grupo Terap\u00e9utico Mallorca\"}]},{\"@type\":\"WebSite\",\"@id\":\"https:\\\/\\\/cercledeconsciencia.com\\\/#website\",\"url\":\"https:\\\/\\\/cercledeconsciencia.com\\\/\",\"name\":\"Cercle de Consci\u00e8ncia\",\"description\":\"Centro de Formaci\u00f3n y Terapias\",\"publisher\":{\"@id\":\"https:\\\/\\\/cercledeconsciencia.com\\\/#organization\"},\"potentialAction\":[{\"@type\":\"SearchAction\",\"target\":{\"@type\":\"EntryPoint\",\"urlTemplate\":\"https:\\\/\\\/cercledeconsciencia.com\\\/?s={search_term_string}\"},\"query-input\":{\"@type\":\"PropertyValueSpecification\",\"valueRequired\":true,\"valueName\":\"search_term_string\"}}],\"inLanguage\":\"en-GB\"},{\"@type\":\"Organization\",\"@id\":\"https:\\\/\\\/cercledeconsciencia.com\\\/#organization\",\"name\":\"Cercle de Consci\u00e8ncia\",\"url\":\"https:\\\/\\\/cercledeconsciencia.com\\\/\",\"logo\":{\"@type\":\"ImageObject\",\"inLanguage\":\"en-GB\",\"@id\":\"https:\\\/\\\/cercledeconsciencia.com\\\/#\\\/schema\\\/logo\\\/image\\\/\",\"url\":\"https:\\\/\\\/cercledeconsciencia.com\\\/wp-content\\\/uploads\\\/2023\\\/07\\\/logo.png\",\"contentUrl\":\"https:\\\/\\\/cercledeconsciencia.com\\\/wp-content\\\/uploads\\\/2023\\\/07\\\/logo.png\",\"width\":239,\"height\":68,\"caption\":\"Cercle de Consci\u00e8ncia\"},\"image\":{\"@id\":\"https:\\\/\\\/cercledeconsciencia.com\\\/#\\\/schema\\\/logo\\\/image\\\/\"},\"sameAs\":[\"https:\\\/\\\/www.facebook.com\\\/Cercledeconscienciabarcelona?_rdr\",\"https:\\\/\\\/www.instagram.com\\\/cercledeconsciencia\\\/\",\"https:\\\/\\\/www.youtube.com\\\/c\\\/cercledeconsciencia\"]}]}<\/script>\n<!-- \/ Yoast SEO plugin. -->","yoast_head_json":{"title":"Entre Mujeres - Therapeutic Group Mallorca - Cercle de Consci\u00e8ncia","description":"We offer a space of intimacy and shared wisdom, where you will amplify your inner listening through the body, recognising your real needs. TCI Mallorca.","robots":{"index":"index","follow":"follow","max-snippet":"max-snippet:-1","max-image-preview":"max-image-preview:large","max-video-preview":"max-video-preview:-1"},"canonical":"https:\/\/cercledeconsciencia.com\/en\/activities\/between-women-group-mallorca\/","og_locale":"en_GB","og_type":"article","og_title":"Entre Mujeres - Grupo Terap\u00e9utico Mallorca - Cercle de Consci\u00e8ncia","og_description":"Ofrecemos un espacio de intimidad y de sabidur\u00eda compartida, donde amplificar\u00e1s tu escucha interna a trav\u00e9s del cuerpo, reconociendo tus necesidades reales. TCI Mallorca.","og_url":"https:\/\/cercledeconsciencia.com\/en\/activities\/between-women-group-mallorca\/","og_site_name":"Cercle de Consci\u00e8ncia","article_publisher":"https:\/\/www.facebook.com\/Cercledeconscienciabarcelona?_rdr","article_modified_time":"2025-09-23T10:13:44+00:00","og_image":[{"width":701,"height":694,"url":"https:\/\/cercledeconsciencia.com\/wp-content\/uploads\/2024\/07\/Captura-de-pantalla-2025-09-23-a-las-11.55.27.png","type":"image\/png"}],"twitter_card":"summary_large_image","twitter_misc":{"Estimated reading time":"2 minutes"},"schema":{"@context":"https:\/\/schema.org","@graph":[{"@type":"WebPage","@id":"https:\/\/cercledeconsciencia.com\/actividades\/entre-mujeres-grupo-mallorca\/","url":"https:\/\/cercledeconsciencia.com\/actividades\/entre-mujeres-grupo-mallorca\/","name":"Entre Mujeres - Therapeutic Group Mallorca - Cercle de Consci\u00e8ncia","isPartOf":{"@id":"https:\/\/cercledeconsciencia.com\/#website"},"primaryImageOfPage":{"@id":"https:\/\/cercledeconsciencia.com\/actividades\/entre-mujeres-grupo-mallorca\/#primaryimage"},"image":{"@id":"https:\/\/cercledeconsciencia.com\/actividades\/entre-mujeres-grupo-mallorca\/#primaryimage"},"thumbnailUrl":"https:\/\/cercledeconsciencia.com\/wp-content\/uploads\/2024\/07\/Captura-de-pantalla-2025-09-23-a-las-11.55.27.png","datePublished":"2024-07-31T12:16:08+00:00","dateModified":"2025-09-23T10:13:44+00:00","description":"We offer a space of intimacy and shared wisdom, where you will amplify your inner listening through the body, recognising your real needs. TCI Mallorca.","breadcrumb":{"@id":"https:\/\/cercledeconsciencia.com\/actividades\/entre-mujeres-grupo-mallorca\/#breadcrumb"},"inLanguage":"en-GB","potentialAction":[{"@type":"ReadAction","target":["https:\/\/cercledeconsciencia.com\/actividades\/entre-mujeres-grupo-mallorca\/"]}]},{"@type":"ImageObject","inLanguage":"en-GB","@id":"https:\/\/cercledeconsciencia.com\/actividades\/entre-mujeres-grupo-mallorca\/#primaryimage","url":"https:\/\/cercledeconsciencia.com\/wp-content\/uploads\/2024\/07\/Captura-de-pantalla-2025-09-23-a-las-11.55.27.png","contentUrl":"https:\/\/cercledeconsciencia.com\/wp-content\/uploads\/2024\/07\/Captura-de-pantalla-2025-09-23-a-las-11.55.27.png","width":701,"height":694},{"@type":"BreadcrumbList","@id":"https:\/\/cercledeconsciencia.com\/actividades\/entre-mujeres-grupo-mallorca\/#breadcrumb","itemListElement":[{"@type":"ListItem","position":1,"name":"Portada","item":"https:\/\/cercledeconsciencia.com\/"},{"@type":"ListItem","position":2,"name":"Eventos","item":"https:\/\/cercledeconsciencia.com\/actividades\/"},{"@type":"ListItem","position":3,"name":"Entre Mujeres &#8211; Grupo Terap\u00e9utico Mallorca"}]},{"@type":"WebSite","@id":"https:\/\/cercledeconsciencia.com\/#website","url":"https:\/\/cercledeconsciencia.com\/","name":"Circle of Conscience","description":"Training and Therapy Centre","publisher":{"@id":"https:\/\/cercledeconsciencia.com\/#organization"},"potentialAction":[{"@type":"SearchAction","target":{"@type":"EntryPoint","urlTemplate":"https:\/\/cercledeconsciencia.com\/?s={search_term_string}"},"query-input":{"@type":"PropertyValueSpecification","valueRequired":true,"valueName":"search_term_string"}}],"inLanguage":"en-GB"},{"@type":"Organization","@id":"https:\/\/cercledeconsciencia.com\/#organization","name":"Circle of Conscience","url":"https:\/\/cercledeconsciencia.com\/","logo":{"@type":"ImageObject","inLanguage":"en-GB","@id":"https:\/\/cercledeconsciencia.com\/#\/schema\/logo\/image\/","url":"https:\/\/cercledeconsciencia.com\/wp-content\/uploads\/2023\/07\/logo.png","contentUrl":"https:\/\/cercledeconsciencia.com\/wp-content\/uploads\/2023\/07\/logo.png","width":239,"height":68,"caption":"Cercle de Consci\u00e8ncia"},"image":{"@id":"https:\/\/cercledeconsciencia.com\/#\/schema\/logo\/image\/"},"sameAs":["https:\/\/www.facebook.com\/Cercledeconscienciabarcelona?_rdr","https:\/\/www.instagram.com\/cercledeconsciencia\/","https:\/\/www.youtube.com\/c\/cercledeconsciencia"]}]}},"_links":{"self":[{"href":"https:\/\/cercledeconsciencia.com\/en\/wp-json\/wp\/v2\/mec-events\/4654","targetHints":{"allow":["GET"]}}],"collection":[{"href":"https:\/\/cercledeconsciencia.com\/en\/wp-json\/wp\/v2\/mec-events"}],"about":[{"href":"https:\/\/cercledeconsciencia.com\/en\/wp-json\/wp\/v2\/types\/mec-events"}],"author":[{"embeddable":true,"href":"https:\/\/cercledeconsciencia.com\/en\/wp-json\/wp\/v2\/users\/2"}],"replies":[{"embeddable":true,"href":"https:\/\/cercledeconsciencia.com\/en\/wp-json\/wp\/v2\/comments?post=4654"}],"wp:featuredmedia":[{"embeddable":true,"href":"https:\/\/cercledeconsciencia.com\/en\/wp-json\/wp\/v2\/media\/5446"}],"wp:attachment":[{"href":"https:\/\/cercledeconsciencia.com\/en\/wp-json\/wp\/v2\/media?parent=4654"}],"wp:term":[{"taxonomy":"post_tag","embeddable":true,"href":"https:\/\/cercledeconsciencia.com\/en\/wp-json\/wp\/v2\/tags?post=4654"},{"taxonomy":"mec_category","embeddable":true,"href":"https:\/\/cercledeconsciencia.com\/en\/wp-json\/wp\/v2\/mec_category?post=4654"},{"taxonomy":"mec_speaker","embeddable":true,"href":"https:\/\/cercledeconsciencia.com\/en\/wp-json\/wp\/v2\/mec_speaker?post=4654"}],"curies":[{"name":"wp","href":"https:\/\/api.w.org\/{rel}","templated":true}]}}