{"id":4661,"date":"2024-07-31T13:50:21","date_gmt":"2024-07-31T13:50:21","guid":{"rendered":"https:\/\/cercledeconsciencia.com\/?post_type=mec-events&#038;p=4661"},"modified":"2025-09-26T07:57:51","modified_gmt":"2025-09-26T07:57:51","slug":"regular-integrative-body-therapy-groups-evenings","status":"publish","type":"mec-events","link":"https:\/\/cercledeconsciencia.com\/en\/actividades\/grupos-regulares-de-terapia-corporal-integrativa-tardes\/","title":{"rendered":"Regular Integrative Body Therapy Group Mallorca"},"content":{"rendered":"<p>This is a therapeutic space aimed at people who are interested in deepening their self-knowledge from a corporal approach.<\/p>\n<p>Music and movement, breathing and unblocking the body will be some of the techniques we will use to become aware of the automatisms that make it difficult for us to live the present fully.<\/p>\n<p>By listening to the body, we will regain sensitivity and a more real contact with our needs, gaining expressiveness and spontaneity, and a greater openness to enjoyment and pleasure.<\/p>\n<p>\ud83d\udcc5 Martes quincenales de 18:30h a 21h :<\/p>\n<p><b>Taught by: Alejandro P\u00e9rez.<\/b><\/p>\n<p><strong>\ud83d\udc49 Information and registration : <\/strong><span style=\"font-weight: 400;\">Alejandro 619 979 566 (WhatsApp)<\/span> | <a style=\"color: #00806a;\" href=\"mailto:alejandro.pcueto@gmail.com\">alejandro.pcueto@gmail.com<\/a><br \/>\n<strong><br \/>\nPrice: 50\u20ac\/month on Tuesdays<br \/>\n<\/strong><\/p>\n<p><strong>Space<\/strong>Cercle de Consci\u00e8ncia - C\/ Ciutat de Quer\u00e9taro, 6, 2\u00ba 1\u00aa (Nou Llevant area), Palma.<\/p>\n<p>*It is essential to have an interview beforehand.<\/p>\n<p>&nbsp;<\/p>","protected":false},"excerpt":{"rendered":"<p>Este es un espacio terap\u00e9utico dirigido a personas que est\u00e9n interesadas en profundizar en su autoconocimiento desde un abordaje corporal. La m\u00fasica y el movimiento, la respiraci\u00f3n y el desbloqueo [&hellip;]<\/p>\n","protected":false},"author":2,"featured_media":5448,"comment_status":"open","ping_status":"closed","template":"","tags":[],"mec_category":[71,145,57],"mec_speaker":[115],"class_list":["post-4661","mec-events","type-mec-events","status-publish","has-post-thumbnail","hentry","mec_category-cuerpo","mec_category-grupos-regulares","mec_category-taller-regular"],"yoast_head":"<!-- This site is optimized with the Yoast SEO plugin v27.4 - https:\/\/yoast.com\/product\/yoast-seo-wordpress\/ -->\n<title>Grupo regular de Terapia Corporal Integrativa Mallorca - Cercle de Consci\u00e8ncia<\/title>\n<meta name=\"description\" content=\"Grupos regulares de Terapia Corporal Integrativa - Ma\u00f1anas. Un espacio terap\u00e9utico dirigido a personas que est\u00e9n interesadas en profundizar en su autoconocimiento desde un abordaje corporal.\" \/>\n<meta name=\"robots\" content=\"index, follow, max-snippet:-1, max-image-preview:large, max-video-preview:-1\" \/>\n<link rel=\"canonical\" href=\"https:\/\/cercledeconsciencia.com\/en\/activities\/regular-integrative-body-therapy-groups-evenings\/\" \/>\n<meta property=\"og:locale\" content=\"en_GB\" \/>\n<meta property=\"og:type\" content=\"article\" \/>\n<meta property=\"og:title\" content=\"Grupo regular de Terapia Corporal Integrativa Mallorca - Cercle de Consci\u00e8ncia\" \/>\n<meta property=\"og:description\" content=\"Grupos regulares de Terapia Corporal Integrativa - Ma\u00f1anas. Un espacio terap\u00e9utico dirigido a personas que est\u00e9n interesadas en profundizar en su autoconocimiento desde un abordaje corporal.\" \/>\n<meta property=\"og:url\" content=\"https:\/\/cercledeconsciencia.com\/en\/activities\/regular-integrative-body-therapy-groups-evenings\/\" \/>\n<meta property=\"og:site_name\" content=\"Cercle de Consci\u00e8ncia\" \/>\n<meta property=\"article:publisher\" content=\"https:\/\/www.facebook.com\/Cercledeconscienciabarcelona?_rdr\" \/>\n<meta property=\"article:modified_time\" content=\"2025-09-26T07:57:51+00:00\" \/>\n<meta property=\"og:image\" content=\"https:\/\/cercledeconsciencia.com\/wp-content\/uploads\/2024\/07\/MG_4852-con-fondo-scaled.jpg\" \/>\n\t<meta property=\"og:image:width\" content=\"2133\" \/>\n\t<meta property=\"og:image:height\" content=\"2560\" \/>\n\t<meta property=\"og:image:type\" content=\"image\/jpeg\" \/>\n<meta name=\"twitter:card\" content=\"summary_large_image\" \/>\n<meta name=\"twitter:label1\" content=\"Estimated reading time\" \/>\n\t<meta name=\"twitter:data1\" content=\"1 minute\" \/>\n<script type=\"application\/ld+json\" class=\"yoast-schema-graph\">{\"@context\":\"https:\\\/\\\/schema.org\",\"@graph\":[{\"@type\":\"WebPage\",\"@id\":\"https:\\\/\\\/cercledeconsciencia.com\\\/actividades\\\/grupos-regulares-de-terapia-corporal-integrativa-tardes\\\/\",\"url\":\"https:\\\/\\\/cercledeconsciencia.com\\\/actividades\\\/grupos-regulares-de-terapia-corporal-integrativa-tardes\\\/\",\"name\":\"Grupo regular de Terapia Corporal Integrativa Mallorca - Cercle de Consci\u00e8ncia\",\"isPartOf\":{\"@id\":\"https:\\\/\\\/cercledeconsciencia.com\\\/#website\"},\"primaryImageOfPage\":{\"@id\":\"https:\\\/\\\/cercledeconsciencia.com\\\/actividades\\\/grupos-regulares-de-terapia-corporal-integrativa-tardes\\\/#primaryimage\"},\"image\":{\"@id\":\"https:\\\/\\\/cercledeconsciencia.com\\\/actividades\\\/grupos-regulares-de-terapia-corporal-integrativa-tardes\\\/#primaryimage\"},\"thumbnailUrl\":\"https:\\\/\\\/cercledeconsciencia.com\\\/wp-content\\\/uploads\\\/2024\\\/07\\\/MG_4852-con-fondo-scaled.jpg\",\"datePublished\":\"2024-07-31T13:50:21+00:00\",\"dateModified\":\"2025-09-26T07:57:51+00:00\",\"description\":\"Grupos regulares de Terapia Corporal Integrativa - Ma\u00f1anas. Un espacio terap\u00e9utico dirigido a personas que est\u00e9n interesadas en profundizar en su autoconocimiento desde un abordaje corporal.\",\"breadcrumb\":{\"@id\":\"https:\\\/\\\/cercledeconsciencia.com\\\/actividades\\\/grupos-regulares-de-terapia-corporal-integrativa-tardes\\\/#breadcrumb\"},\"inLanguage\":\"en-GB\",\"potentialAction\":[{\"@type\":\"ReadAction\",\"target\":[\"https:\\\/\\\/cercledeconsciencia.com\\\/actividades\\\/grupos-regulares-de-terapia-corporal-integrativa-tardes\\\/\"]}]},{\"@type\":\"ImageObject\",\"inLanguage\":\"en-GB\",\"@id\":\"https:\\\/\\\/cercledeconsciencia.com\\\/actividades\\\/grupos-regulares-de-terapia-corporal-integrativa-tardes\\\/#primaryimage\",\"url\":\"https:\\\/\\\/cercledeconsciencia.com\\\/wp-content\\\/uploads\\\/2024\\\/07\\\/MG_4852-con-fondo-scaled.jpg\",\"contentUrl\":\"https:\\\/\\\/cercledeconsciencia.com\\\/wp-content\\\/uploads\\\/2024\\\/07\\\/MG_4852-con-fondo-scaled.jpg\",\"width\":2133,\"height\":2560},{\"@type\":\"BreadcrumbList\",\"@id\":\"https:\\\/\\\/cercledeconsciencia.com\\\/actividades\\\/grupos-regulares-de-terapia-corporal-integrativa-tardes\\\/#breadcrumb\",\"itemListElement\":[{\"@type\":\"ListItem\",\"position\":1,\"name\":\"Portada\",\"item\":\"https:\\\/\\\/cercledeconsciencia.com\\\/\"},{\"@type\":\"ListItem\",\"position\":2,\"name\":\"Eventos\",\"item\":\"https:\\\/\\\/cercledeconsciencia.com\\\/actividades\\\/\"},{\"@type\":\"ListItem\",\"position\":3,\"name\":\"Grupo regular de Terapia Corporal Integrativa Mallorca\"}]},{\"@type\":\"WebSite\",\"@id\":\"https:\\\/\\\/cercledeconsciencia.com\\\/#website\",\"url\":\"https:\\\/\\\/cercledeconsciencia.com\\\/\",\"name\":\"Cercle de Consci\u00e8ncia\",\"description\":\"Centro de Formaci\u00f3n y Terapias\",\"publisher\":{\"@id\":\"https:\\\/\\\/cercledeconsciencia.com\\\/#organization\"},\"potentialAction\":[{\"@type\":\"SearchAction\",\"target\":{\"@type\":\"EntryPoint\",\"urlTemplate\":\"https:\\\/\\\/cercledeconsciencia.com\\\/?s={search_term_string}\"},\"query-input\":{\"@type\":\"PropertyValueSpecification\",\"valueRequired\":true,\"valueName\":\"search_term_string\"}}],\"inLanguage\":\"en-GB\"},{\"@type\":\"Organization\",\"@id\":\"https:\\\/\\\/cercledeconsciencia.com\\\/#organization\",\"name\":\"Cercle de Consci\u00e8ncia\",\"url\":\"https:\\\/\\\/cercledeconsciencia.com\\\/\",\"logo\":{\"@type\":\"ImageObject\",\"inLanguage\":\"en-GB\",\"@id\":\"https:\\\/\\\/cercledeconsciencia.com\\\/#\\\/schema\\\/logo\\\/image\\\/\",\"url\":\"https:\\\/\\\/cercledeconsciencia.com\\\/wp-content\\\/uploads\\\/2023\\\/07\\\/logo.png\",\"contentUrl\":\"https:\\\/\\\/cercledeconsciencia.com\\\/wp-content\\\/uploads\\\/2023\\\/07\\\/logo.png\",\"width\":239,\"height\":68,\"caption\":\"Cercle de Consci\u00e8ncia\"},\"image\":{\"@id\":\"https:\\\/\\\/cercledeconsciencia.com\\\/#\\\/schema\\\/logo\\\/image\\\/\"},\"sameAs\":[\"https:\\\/\\\/www.facebook.com\\\/Cercledeconscienciabarcelona?_rdr\",\"https:\\\/\\\/www.instagram.com\\\/cercledeconsciencia\\\/\",\"https:\\\/\\\/www.youtube.com\\\/c\\\/cercledeconsciencia\"]}]}<\/script>\n<!-- \/ Yoast SEO plugin. -->","yoast_head_json":{"title":"Grupo regular de Terapia Corporal Integrativa Mallorca - Cercle de Consci\u00e8ncia","description":"Grupos regulares de Terapia Corporal Integrativa - Ma\u00f1anas. Un espacio terap\u00e9utico dirigido a personas que est\u00e9n interesadas en profundizar en su autoconocimiento desde un abordaje corporal.","robots":{"index":"index","follow":"follow","max-snippet":"max-snippet:-1","max-image-preview":"max-image-preview:large","max-video-preview":"max-video-preview:-1"},"canonical":"https:\/\/cercledeconsciencia.com\/en\/activities\/regular-integrative-body-therapy-groups-evenings\/","og_locale":"en_GB","og_type":"article","og_title":"Grupo regular de Terapia Corporal Integrativa Mallorca - Cercle de Consci\u00e8ncia","og_description":"Grupos regulares de Terapia Corporal Integrativa - Ma\u00f1anas. Un espacio terap\u00e9utico dirigido a personas que est\u00e9n interesadas en profundizar en su autoconocimiento desde un abordaje corporal.","og_url":"https:\/\/cercledeconsciencia.com\/en\/activities\/regular-integrative-body-therapy-groups-evenings\/","og_site_name":"Cercle de Consci\u00e8ncia","article_publisher":"https:\/\/www.facebook.com\/Cercledeconscienciabarcelona?_rdr","article_modified_time":"2025-09-26T07:57:51+00:00","og_image":[{"width":2133,"height":2560,"url":"https:\/\/cercledeconsciencia.com\/wp-content\/uploads\/2024\/07\/MG_4852-con-fondo-scaled.jpg","type":"image\/jpeg"}],"twitter_card":"summary_large_image","twitter_misc":{"Estimated reading time":"1 minute"},"schema":{"@context":"https:\/\/schema.org","@graph":[{"@type":"WebPage","@id":"https:\/\/cercledeconsciencia.com\/actividades\/grupos-regulares-de-terapia-corporal-integrativa-tardes\/","url":"https:\/\/cercledeconsciencia.com\/actividades\/grupos-regulares-de-terapia-corporal-integrativa-tardes\/","name":"Grupo regular de Terapia Corporal Integrativa Mallorca - Cercle de Consci\u00e8ncia","isPartOf":{"@id":"https:\/\/cercledeconsciencia.com\/#website"},"primaryImageOfPage":{"@id":"https:\/\/cercledeconsciencia.com\/actividades\/grupos-regulares-de-terapia-corporal-integrativa-tardes\/#primaryimage"},"image":{"@id":"https:\/\/cercledeconsciencia.com\/actividades\/grupos-regulares-de-terapia-corporal-integrativa-tardes\/#primaryimage"},"thumbnailUrl":"https:\/\/cercledeconsciencia.com\/wp-content\/uploads\/2024\/07\/MG_4852-con-fondo-scaled.jpg","datePublished":"2024-07-31T13:50:21+00:00","dateModified":"2025-09-26T07:57:51+00:00","description":"Grupos regulares de Terapia Corporal Integrativa - Ma\u00f1anas. Un espacio terap\u00e9utico dirigido a personas que est\u00e9n interesadas en profundizar en su autoconocimiento desde un abordaje corporal.","breadcrumb":{"@id":"https:\/\/cercledeconsciencia.com\/actividades\/grupos-regulares-de-terapia-corporal-integrativa-tardes\/#breadcrumb"},"inLanguage":"en-GB","potentialAction":[{"@type":"ReadAction","target":["https:\/\/cercledeconsciencia.com\/actividades\/grupos-regulares-de-terapia-corporal-integrativa-tardes\/"]}]},{"@type":"ImageObject","inLanguage":"en-GB","@id":"https:\/\/cercledeconsciencia.com\/actividades\/grupos-regulares-de-terapia-corporal-integrativa-tardes\/#primaryimage","url":"https:\/\/cercledeconsciencia.com\/wp-content\/uploads\/2024\/07\/MG_4852-con-fondo-scaled.jpg","contentUrl":"https:\/\/cercledeconsciencia.com\/wp-content\/uploads\/2024\/07\/MG_4852-con-fondo-scaled.jpg","width":2133,"height":2560},{"@type":"BreadcrumbList","@id":"https:\/\/cercledeconsciencia.com\/actividades\/grupos-regulares-de-terapia-corporal-integrativa-tardes\/#breadcrumb","itemListElement":[{"@type":"ListItem","position":1,"name":"Portada","item":"https:\/\/cercledeconsciencia.com\/"},{"@type":"ListItem","position":2,"name":"Eventos","item":"https:\/\/cercledeconsciencia.com\/actividades\/"},{"@type":"ListItem","position":3,"name":"Grupo regular de Terapia Corporal Integrativa Mallorca"}]},{"@type":"WebSite","@id":"https:\/\/cercledeconsciencia.com\/#website","url":"https:\/\/cercledeconsciencia.com\/","name":"Circle of Conscience","description":"Training and Therapy Centre","publisher":{"@id":"https:\/\/cercledeconsciencia.com\/#organization"},"potentialAction":[{"@type":"SearchAction","target":{"@type":"EntryPoint","urlTemplate":"https:\/\/cercledeconsciencia.com\/?s={search_term_string}"},"query-input":{"@type":"PropertyValueSpecification","valueRequired":true,"valueName":"search_term_string"}}],"inLanguage":"en-GB"},{"@type":"Organization","@id":"https:\/\/cercledeconsciencia.com\/#organization","name":"Circle of Conscience","url":"https:\/\/cercledeconsciencia.com\/","logo":{"@type":"ImageObject","inLanguage":"en-GB","@id":"https:\/\/cercledeconsciencia.com\/#\/schema\/logo\/image\/","url":"https:\/\/cercledeconsciencia.com\/wp-content\/uploads\/2023\/07\/logo.png","contentUrl":"https:\/\/cercledeconsciencia.com\/wp-content\/uploads\/2023\/07\/logo.png","width":239,"height":68,"caption":"Cercle de Consci\u00e8ncia"},"image":{"@id":"https:\/\/cercledeconsciencia.com\/#\/schema\/logo\/image\/"},"sameAs":["https:\/\/www.facebook.com\/Cercledeconscienciabarcelona?_rdr","https:\/\/www.instagram.com\/cercledeconsciencia\/","https:\/\/www.youtube.com\/c\/cercledeconsciencia"]}]}},"_links":{"self":[{"href":"https:\/\/cercledeconsciencia.com\/en\/wp-json\/wp\/v2\/mec-events\/4661","targetHints":{"allow":["GET"]}}],"collection":[{"href":"https:\/\/cercledeconsciencia.com\/en\/wp-json\/wp\/v2\/mec-events"}],"about":[{"href":"https:\/\/cercledeconsciencia.com\/en\/wp-json\/wp\/v2\/types\/mec-events"}],"author":[{"embeddable":true,"href":"https:\/\/cercledeconsciencia.com\/en\/wp-json\/wp\/v2\/users\/2"}],"replies":[{"embeddable":true,"href":"https:\/\/cercledeconsciencia.com\/en\/wp-json\/wp\/v2\/comments?post=4661"}],"wp:featuredmedia":[{"embeddable":true,"href":"https:\/\/cercledeconsciencia.com\/en\/wp-json\/wp\/v2\/media\/5448"}],"wp:attachment":[{"href":"https:\/\/cercledeconsciencia.com\/en\/wp-json\/wp\/v2\/media?parent=4661"}],"wp:term":[{"taxonomy":"post_tag","embeddable":true,"href":"https:\/\/cercledeconsciencia.com\/en\/wp-json\/wp\/v2\/tags?post=4661"},{"taxonomy":"mec_category","embeddable":true,"href":"https:\/\/cercledeconsciencia.com\/en\/wp-json\/wp\/v2\/mec_category?post=4661"},{"taxonomy":"mec_speaker","embeddable":true,"href":"https:\/\/cercledeconsciencia.com\/en\/wp-json\/wp\/v2\/mec_speaker?post=4661"}],"curies":[{"name":"wp","href":"https:\/\/api.w.org\/{rel}","templated":true}]}}