{"id":5085,"date":"2024-10-15T13:48:24","date_gmt":"2024-10-15T13:48:24","guid":{"rendered":"https:\/\/cercledeconsciencia.com\/?post_type=mec-events&#038;p=5085"},"modified":"2025-04-09T10:11:21","modified_gmt":"2025-04-09T10:11:21","slug":"circle-of-young-people-personal-growth-group-for-teenagers-and-young-adults","status":"publish","type":"mec-events","link":"https:\/\/cercledeconsciencia.com\/en\/actividades\/circulo-de-jovenes-grupo-de-crecimiento-personal-para-adolescentes-y-jovenes\/","title":{"rendered":"C\u00edrculo de J\u00f3venes: personal growth group for adolescents and young people"},"content":{"rendered":"<p>If you are between 14 and 17 years old, I offer you a space where you can share your experiences, worries and concerns and listen to those of other young people.<br \/>\nWe will do this through movement, play, word circles and creative spaces, which will foster confidence in you and in the group.<\/p>\n<p>The aim is to get to know yourself and explore how you relate to yourself and the world around you in order to deal with your daily dilemmas, more authentically and in touch with what you want and need.<\/p>\n<p><strong>Se imparte los lunes quincenales, del 7 de abril al 16 de junio 2025.<\/strong><\/p>\n<p>Calendario: 7 y 28 de abril | 5 y 19 de mayo | 2 y 16 de junio<\/p>\n<p><strong>Taught by Adriana Palau<\/strong>Integrative Body Therapist. Accompanying adolescents at El Planter (living education). SAT Programme (Claudio Naranjo). Team Creating Bridges to the FCN Adolescent Encounter. Graduate in CAFE and Master in Secondary Education.<\/p>\n<p>Regular Group Price: 65\u20ac\/month<\/p>\n<p><strong>REGISTRATIONS AT<\/strong>: 619888899 or adrianaelplanter@gmail.com<\/p>","protected":false},"excerpt":{"rendered":"<p>Si tienes entre 14 y 17 a\u00f1os te ofrezco un espacio donde podr\u00e1s compartir tus vivencias, preocupaciones e inquietudes y escuchar las de otros j\u00f3venes. Lo haremos a trav\u00e9s de [&hellip;]<\/p>\n","protected":false},"author":2,"featured_media":5086,"comment_status":"open","ping_status":"closed","template":"","tags":[96],"mec_category":[77,145,57],"mec_speaker":[],"class_list":["post-5085","mec-events","type-mec-events","status-publish","has-post-thumbnail","hentry","tag-modalidad-presencial","mec_category-crecimiento-personal","mec_category-grupos-regulares","mec_category-taller-regular"],"yoast_head":"<!-- This site is optimized with the Yoast SEO plugin v27.4 - https:\/\/yoast.com\/product\/yoast-seo-wordpress\/ -->\n<title>C\u00edrculo de J\u00f3venes: grupo de crecimiento personal para adolescentes y j\u00f3venes - Cercle de Consci\u00e8ncia<\/title>\n<meta name=\"robots\" content=\"index, follow, max-snippet:-1, max-image-preview:large, max-video-preview:-1\" \/>\n<link rel=\"canonical\" href=\"https:\/\/cercledeconsciencia.com\/en\/activities\/circle-of-young-people-personal-growth-group-for-teenagers-and-young-adults\/\" \/>\n<meta property=\"og:locale\" content=\"en_GB\" \/>\n<meta property=\"og:type\" content=\"article\" \/>\n<meta property=\"og:title\" content=\"C\u00edrculo de J\u00f3venes: grupo de crecimiento personal para adolescentes y j\u00f3venes - Cercle de Consci\u00e8ncia\" \/>\n<meta property=\"og:description\" content=\"Si tienes entre 14 y 17 a\u00f1os te ofrezco un espacio donde podr\u00e1s compartir tus vivencias, preocupaciones e inquietudes y escuchar las de otros j\u00f3venes. Lo haremos a trav\u00e9s de [&hellip;]\" \/>\n<meta property=\"og:url\" content=\"https:\/\/cercledeconsciencia.com\/en\/activities\/circle-of-young-people-personal-growth-group-for-teenagers-and-young-adults\/\" \/>\n<meta property=\"og:site_name\" content=\"Cercle de Consci\u00e8ncia\" \/>\n<meta property=\"article:publisher\" content=\"https:\/\/www.facebook.com\/Cercledeconscienciabarcelona?_rdr\" \/>\n<meta property=\"article:modified_time\" content=\"2025-04-09T10:11:21+00:00\" \/>\n<meta property=\"og:image\" content=\"https:\/\/cercledeconsciencia.com\/wp-content\/uploads\/2024\/10\/shutterstock_2090358367-copia.jpg\" \/>\n\t<meta property=\"og:image:width\" content=\"1000\" \/>\n\t<meta property=\"og:image:height\" content=\"667\" \/>\n\t<meta property=\"og:image:type\" content=\"image\/jpeg\" \/>\n<meta name=\"twitter:card\" content=\"summary_large_image\" \/>\n<meta name=\"twitter:label1\" content=\"Estimated reading time\" \/>\n\t<meta name=\"twitter:data1\" content=\"1 minute\" \/>\n<script type=\"application\/ld+json\" class=\"yoast-schema-graph\">{\"@context\":\"https:\\\/\\\/schema.org\",\"@graph\":[{\"@type\":\"WebPage\",\"@id\":\"https:\\\/\\\/cercledeconsciencia.com\\\/actividades\\\/circulo-de-jovenes-grupo-de-crecimiento-personal-para-adolescentes-y-jovenes\\\/\",\"url\":\"https:\\\/\\\/cercledeconsciencia.com\\\/actividades\\\/circulo-de-jovenes-grupo-de-crecimiento-personal-para-adolescentes-y-jovenes\\\/\",\"name\":\"C\u00edrculo de J\u00f3venes: grupo de crecimiento personal para adolescentes y j\u00f3venes - Cercle de Consci\u00e8ncia\",\"isPartOf\":{\"@id\":\"https:\\\/\\\/cercledeconsciencia.com\\\/#website\"},\"primaryImageOfPage\":{\"@id\":\"https:\\\/\\\/cercledeconsciencia.com\\\/actividades\\\/circulo-de-jovenes-grupo-de-crecimiento-personal-para-adolescentes-y-jovenes\\\/#primaryimage\"},\"image\":{\"@id\":\"https:\\\/\\\/cercledeconsciencia.com\\\/actividades\\\/circulo-de-jovenes-grupo-de-crecimiento-personal-para-adolescentes-y-jovenes\\\/#primaryimage\"},\"thumbnailUrl\":\"https:\\\/\\\/cercledeconsciencia.com\\\/wp-content\\\/uploads\\\/2024\\\/10\\\/shutterstock_2090358367-copia.jpg\",\"datePublished\":\"2024-10-15T13:48:24+00:00\",\"dateModified\":\"2025-04-09T10:11:21+00:00\",\"breadcrumb\":{\"@id\":\"https:\\\/\\\/cercledeconsciencia.com\\\/actividades\\\/circulo-de-jovenes-grupo-de-crecimiento-personal-para-adolescentes-y-jovenes\\\/#breadcrumb\"},\"inLanguage\":\"en-GB\",\"potentialAction\":[{\"@type\":\"ReadAction\",\"target\":[\"https:\\\/\\\/cercledeconsciencia.com\\\/actividades\\\/circulo-de-jovenes-grupo-de-crecimiento-personal-para-adolescentes-y-jovenes\\\/\"]}]},{\"@type\":\"ImageObject\",\"inLanguage\":\"en-GB\",\"@id\":\"https:\\\/\\\/cercledeconsciencia.com\\\/actividades\\\/circulo-de-jovenes-grupo-de-crecimiento-personal-para-adolescentes-y-jovenes\\\/#primaryimage\",\"url\":\"https:\\\/\\\/cercledeconsciencia.com\\\/wp-content\\\/uploads\\\/2024\\\/10\\\/shutterstock_2090358367-copia.jpg\",\"contentUrl\":\"https:\\\/\\\/cercledeconsciencia.com\\\/wp-content\\\/uploads\\\/2024\\\/10\\\/shutterstock_2090358367-copia.jpg\",\"width\":1000,\"height\":667},{\"@type\":\"BreadcrumbList\",\"@id\":\"https:\\\/\\\/cercledeconsciencia.com\\\/actividades\\\/circulo-de-jovenes-grupo-de-crecimiento-personal-para-adolescentes-y-jovenes\\\/#breadcrumb\",\"itemListElement\":[{\"@type\":\"ListItem\",\"position\":1,\"name\":\"Portada\",\"item\":\"https:\\\/\\\/cercledeconsciencia.com\\\/\"},{\"@type\":\"ListItem\",\"position\":2,\"name\":\"Eventos\",\"item\":\"https:\\\/\\\/cercledeconsciencia.com\\\/actividades\\\/\"},{\"@type\":\"ListItem\",\"position\":3,\"name\":\"C\u00edrculo de J\u00f3venes: grupo de crecimiento personal para adolescentes y j\u00f3venes\"}]},{\"@type\":\"WebSite\",\"@id\":\"https:\\\/\\\/cercledeconsciencia.com\\\/#website\",\"url\":\"https:\\\/\\\/cercledeconsciencia.com\\\/\",\"name\":\"Cercle de Consci\u00e8ncia\",\"description\":\"Centro de Formaci\u00f3n y Terapias\",\"publisher\":{\"@id\":\"https:\\\/\\\/cercledeconsciencia.com\\\/#organization\"},\"potentialAction\":[{\"@type\":\"SearchAction\",\"target\":{\"@type\":\"EntryPoint\",\"urlTemplate\":\"https:\\\/\\\/cercledeconsciencia.com\\\/?s={search_term_string}\"},\"query-input\":{\"@type\":\"PropertyValueSpecification\",\"valueRequired\":true,\"valueName\":\"search_term_string\"}}],\"inLanguage\":\"en-GB\"},{\"@type\":\"Organization\",\"@id\":\"https:\\\/\\\/cercledeconsciencia.com\\\/#organization\",\"name\":\"Cercle de Consci\u00e8ncia\",\"url\":\"https:\\\/\\\/cercledeconsciencia.com\\\/\",\"logo\":{\"@type\":\"ImageObject\",\"inLanguage\":\"en-GB\",\"@id\":\"https:\\\/\\\/cercledeconsciencia.com\\\/#\\\/schema\\\/logo\\\/image\\\/\",\"url\":\"https:\\\/\\\/cercledeconsciencia.com\\\/wp-content\\\/uploads\\\/2023\\\/07\\\/logo.png\",\"contentUrl\":\"https:\\\/\\\/cercledeconsciencia.com\\\/wp-content\\\/uploads\\\/2023\\\/07\\\/logo.png\",\"width\":239,\"height\":68,\"caption\":\"Cercle de Consci\u00e8ncia\"},\"image\":{\"@id\":\"https:\\\/\\\/cercledeconsciencia.com\\\/#\\\/schema\\\/logo\\\/image\\\/\"},\"sameAs\":[\"https:\\\/\\\/www.facebook.com\\\/Cercledeconscienciabarcelona?_rdr\",\"https:\\\/\\\/www.instagram.com\\\/cercledeconsciencia\\\/\",\"https:\\\/\\\/www.youtube.com\\\/c\\\/cercledeconsciencia\"]}]}<\/script>\n<!-- \/ Yoast SEO plugin. -->","yoast_head_json":{"title":"Youth Circle: personal growth group for teenagers and young people - Cercle de Consci\u00e8ncia","robots":{"index":"index","follow":"follow","max-snippet":"max-snippet:-1","max-image-preview":"max-image-preview:large","max-video-preview":"max-video-preview:-1"},"canonical":"https:\/\/cercledeconsciencia.com\/en\/activities\/circle-of-young-people-personal-growth-group-for-teenagers-and-young-adults\/","og_locale":"en_GB","og_type":"article","og_title":"C\u00edrculo de J\u00f3venes: grupo de crecimiento personal para adolescentes y j\u00f3venes - Cercle de Consci\u00e8ncia","og_description":"Si tienes entre 14 y 17 a\u00f1os te ofrezco un espacio donde podr\u00e1s compartir tus vivencias, preocupaciones e inquietudes y escuchar las de otros j\u00f3venes. Lo haremos a trav\u00e9s de [&hellip;]","og_url":"https:\/\/cercledeconsciencia.com\/en\/activities\/circle-of-young-people-personal-growth-group-for-teenagers-and-young-adults\/","og_site_name":"Cercle de Consci\u00e8ncia","article_publisher":"https:\/\/www.facebook.com\/Cercledeconscienciabarcelona?_rdr","article_modified_time":"2025-04-09T10:11:21+00:00","og_image":[{"width":1000,"height":667,"url":"https:\/\/cercledeconsciencia.com\/wp-content\/uploads\/2024\/10\/shutterstock_2090358367-copia.jpg","type":"image\/jpeg"}],"twitter_card":"summary_large_image","twitter_misc":{"Estimated reading time":"1 minute"},"schema":{"@context":"https:\/\/schema.org","@graph":[{"@type":"WebPage","@id":"https:\/\/cercledeconsciencia.com\/actividades\/circulo-de-jovenes-grupo-de-crecimiento-personal-para-adolescentes-y-jovenes\/","url":"https:\/\/cercledeconsciencia.com\/actividades\/circulo-de-jovenes-grupo-de-crecimiento-personal-para-adolescentes-y-jovenes\/","name":"Youth Circle: personal growth group for teenagers and young people - Cercle de Consci\u00e8ncia","isPartOf":{"@id":"https:\/\/cercledeconsciencia.com\/#website"},"primaryImageOfPage":{"@id":"https:\/\/cercledeconsciencia.com\/actividades\/circulo-de-jovenes-grupo-de-crecimiento-personal-para-adolescentes-y-jovenes\/#primaryimage"},"image":{"@id":"https:\/\/cercledeconsciencia.com\/actividades\/circulo-de-jovenes-grupo-de-crecimiento-personal-para-adolescentes-y-jovenes\/#primaryimage"},"thumbnailUrl":"https:\/\/cercledeconsciencia.com\/wp-content\/uploads\/2024\/10\/shutterstock_2090358367-copia.jpg","datePublished":"2024-10-15T13:48:24+00:00","dateModified":"2025-04-09T10:11:21+00:00","breadcrumb":{"@id":"https:\/\/cercledeconsciencia.com\/actividades\/circulo-de-jovenes-grupo-de-crecimiento-personal-para-adolescentes-y-jovenes\/#breadcrumb"},"inLanguage":"en-GB","potentialAction":[{"@type":"ReadAction","target":["https:\/\/cercledeconsciencia.com\/actividades\/circulo-de-jovenes-grupo-de-crecimiento-personal-para-adolescentes-y-jovenes\/"]}]},{"@type":"ImageObject","inLanguage":"en-GB","@id":"https:\/\/cercledeconsciencia.com\/actividades\/circulo-de-jovenes-grupo-de-crecimiento-personal-para-adolescentes-y-jovenes\/#primaryimage","url":"https:\/\/cercledeconsciencia.com\/wp-content\/uploads\/2024\/10\/shutterstock_2090358367-copia.jpg","contentUrl":"https:\/\/cercledeconsciencia.com\/wp-content\/uploads\/2024\/10\/shutterstock_2090358367-copia.jpg","width":1000,"height":667},{"@type":"BreadcrumbList","@id":"https:\/\/cercledeconsciencia.com\/actividades\/circulo-de-jovenes-grupo-de-crecimiento-personal-para-adolescentes-y-jovenes\/#breadcrumb","itemListElement":[{"@type":"ListItem","position":1,"name":"Portada","item":"https:\/\/cercledeconsciencia.com\/"},{"@type":"ListItem","position":2,"name":"Eventos","item":"https:\/\/cercledeconsciencia.com\/actividades\/"},{"@type":"ListItem","position":3,"name":"C\u00edrculo de J\u00f3venes: grupo de crecimiento personal para adolescentes y j\u00f3venes"}]},{"@type":"WebSite","@id":"https:\/\/cercledeconsciencia.com\/#website","url":"https:\/\/cercledeconsciencia.com\/","name":"Circle of Conscience","description":"Training and Therapy Centre","publisher":{"@id":"https:\/\/cercledeconsciencia.com\/#organization"},"potentialAction":[{"@type":"SearchAction","target":{"@type":"EntryPoint","urlTemplate":"https:\/\/cercledeconsciencia.com\/?s={search_term_string}"},"query-input":{"@type":"PropertyValueSpecification","valueRequired":true,"valueName":"search_term_string"}}],"inLanguage":"en-GB"},{"@type":"Organization","@id":"https:\/\/cercledeconsciencia.com\/#organization","name":"Circle of Conscience","url":"https:\/\/cercledeconsciencia.com\/","logo":{"@type":"ImageObject","inLanguage":"en-GB","@id":"https:\/\/cercledeconsciencia.com\/#\/schema\/logo\/image\/","url":"https:\/\/cercledeconsciencia.com\/wp-content\/uploads\/2023\/07\/logo.png","contentUrl":"https:\/\/cercledeconsciencia.com\/wp-content\/uploads\/2023\/07\/logo.png","width":239,"height":68,"caption":"Cercle de Consci\u00e8ncia"},"image":{"@id":"https:\/\/cercledeconsciencia.com\/#\/schema\/logo\/image\/"},"sameAs":["https:\/\/www.facebook.com\/Cercledeconscienciabarcelona?_rdr","https:\/\/www.instagram.com\/cercledeconsciencia\/","https:\/\/www.youtube.com\/c\/cercledeconsciencia"]}]}},"_links":{"self":[{"href":"https:\/\/cercledeconsciencia.com\/en\/wp-json\/wp\/v2\/mec-events\/5085","targetHints":{"allow":["GET"]}}],"collection":[{"href":"https:\/\/cercledeconsciencia.com\/en\/wp-json\/wp\/v2\/mec-events"}],"about":[{"href":"https:\/\/cercledeconsciencia.com\/en\/wp-json\/wp\/v2\/types\/mec-events"}],"author":[{"embeddable":true,"href":"https:\/\/cercledeconsciencia.com\/en\/wp-json\/wp\/v2\/users\/2"}],"replies":[{"embeddable":true,"href":"https:\/\/cercledeconsciencia.com\/en\/wp-json\/wp\/v2\/comments?post=5085"}],"wp:featuredmedia":[{"embeddable":true,"href":"https:\/\/cercledeconsciencia.com\/en\/wp-json\/wp\/v2\/media\/5086"}],"wp:attachment":[{"href":"https:\/\/cercledeconsciencia.com\/en\/wp-json\/wp\/v2\/media?parent=5085"}],"wp:term":[{"taxonomy":"post_tag","embeddable":true,"href":"https:\/\/cercledeconsciencia.com\/en\/wp-json\/wp\/v2\/tags?post=5085"},{"taxonomy":"mec_category","embeddable":true,"href":"https:\/\/cercledeconsciencia.com\/en\/wp-json\/wp\/v2\/mec_category?post=5085"},{"taxonomy":"mec_speaker","embeddable":true,"href":"https:\/\/cercledeconsciencia.com\/en\/wp-json\/wp\/v2\/mec_speaker?post=5085"}],"curies":[{"name":"wp","href":"https:\/\/api.w.org\/{rel}","templated":true}]}}