{"id":5161,"date":"2024-11-25T14:33:47","date_gmt":"2024-11-25T14:33:47","guid":{"rendered":"https:\/\/cercledeconsciencia.com\/?post_type=mec-events&#038;p=5161"},"modified":"2024-12-23T09:35:32","modified_gmt":"2024-12-23T09:35:32","slug":"introductorio-a-la-formacion-en-sexualidad-integrativa-sentidos-y-placer","status":"publish","type":"mec-events","link":"https:\/\/cercledeconsciencia.com\/en\/actividades\/introductorio-a-la-formacion-en-sexualidad-integrativa-sentidos-y-placer\/","title":{"rendered":"Introductory to Integrative Sexuality Training: Senses and Pleasure"},"content":{"rendered":"<table>\n<tbody>\n<tr>\n<td><\/td>\n<\/tr>\n<\/tbody>\n<\/table>\n<p>En este taller de 4 horas, <strong>exploraremos la relaci\u00f3n entre nuestros sentidos y el placer<\/strong>, <strong>y c\u00f3mo<\/strong> el poner atenci\u00f3n plena en ellos puede <strong>ampliar nuestra conciencia m\u00e1s all\u00e1 de lo ordinario<\/strong>.<\/p>\n<p>Al dirigir nuestra atenci\u00f3n a cada sensaci\u00f3n, <strong>abrimos la puerta a una percepci\u00f3n m\u00e1s profunda<\/strong> de nosotrxs mismxs y del mundo que nos rodea, <strong>transformando nuestra experiencia cotidiana<\/strong>.<\/p>\n<p>A trav\u00e9s de pr\u00e1cticas individuales y de grupo, haremos experiencia de <strong>sensibilizarnos y as\u00ed despertar nuestro bienestar a trav\u00e9s de nuestra energ\u00eda sexual<\/strong>.<\/p>\n<p>Este espacio quiere ser un lugar seguro y respetuoso y lo vamos a dise\u00f1ar juntxs.<\/p>\n<p>IMPARTED:<\/p>\n<p><strong>Mario Sanchez<\/strong>. Director pedag\u00f3gico y docente de la formaci\u00f3n FSI, Terapeuta corporal, shiatsu, gestalt, Sexological Bodywork, Sexualidad Som\u00e1tica, Tao Sexual, Hipnosis Ericksoniana, Abhianga Yoga y Masaje.<br \/>\n<strong>Irene Forza<\/strong>. Miembra del equipo de coordinaci\u00f3n de la Formaci\u00f3n en Sexualidad Integrativa y docente, Terapeuta Gestalt y Sist\u00e9mica. Cl\u00ednica en rehabilitaci\u00f3n del suelo p\u00e9lvico sensitivo.<\/p>\n<p><strong>D\u00eda<\/strong>: viernes 17 de enero de 18 a 22h.<\/p>\n<p><strong>Place<\/strong>: SALA A en Espai TCI (C\/ Pau Alsina, 35, Barcelona)<\/p>\n<p><strong>Price<\/strong>:<\/p>\n<p><strong>Opci\u00f3n 1<\/strong>: Participaci\u00f3n Individual 20\u20ac<\/p>\n<p><strong>Opci\u00f3n 2<\/strong>: Comparte la experiencia con alguien especial 35\u20ac (para 2)<\/p>\n<p>Matr\u00edcula abierta Formaci\u00f3n FSI &#8211; Enero 2025<\/p>\n<h5><a href=\"https:\/\/forms.gle\/qD5BcfCyvGEHW2dG9\"><strong>INSCR\u00cdBETE AQU\u00cd<\/strong><\/a><\/h5>\n<p>\u00a1Ven y descubre todo lo que tus sentidos pueden revelarte!<\/p>\n<table>\n<tbody>\n<tr>\n<td><\/td>\n<\/tr>\n<\/tbody>\n<\/table>\n<p>&nbsp;<\/p>","protected":false},"excerpt":{"rendered":"<p>En este taller de 4 horas, exploraremos la relaci\u00f3n entre nuestros sentidos y el placer, y c\u00f3mo el poner atenci\u00f3n plena en ellos puede ampliar nuestra conciencia m\u00e1s all\u00e1 de [&hellip;]<\/p>\n","protected":false},"author":2,"featured_media":5162,"comment_status":"open","ping_status":"closed","template":"","tags":[],"mec_category":[75,105],"mec_speaker":[112,111],"class_list":["post-5161","mec-events","type-mec-events","status-publish","has-post-thumbnail","hentry","mec_category-sexualidad-placer","mec_category-taller-puntual"],"yoast_head":"<!-- This site is optimized with the Yoast SEO plugin v27.4 - https:\/\/yoast.com\/product\/yoast-seo-wordpress\/ -->\n<title>Introductorio a la Formaci\u00f3n en Sexualidad Integrativa: Sentidos y Placer - Cercle de Consci\u00e8ncia<\/title>\n<meta name=\"robots\" content=\"index, follow, max-snippet:-1, max-image-preview:large, max-video-preview:-1\" \/>\n<link rel=\"canonical\" href=\"https:\/\/cercledeconsciencia.com\/en\/activities\/introductorio-a-la-formacion-en-sexualidad-integrativa-sentidos-y-placer\/\" \/>\n<meta property=\"og:locale\" content=\"en_GB\" \/>\n<meta property=\"og:type\" content=\"article\" \/>\n<meta property=\"og:title\" content=\"Introductorio a la Formaci\u00f3n en Sexualidad Integrativa: Sentidos y Placer - Cercle de Consci\u00e8ncia\" \/>\n<meta property=\"og:description\" content=\"En este taller de 4 horas, exploraremos la relaci\u00f3n entre nuestros sentidos y el placer, y c\u00f3mo el poner atenci\u00f3n plena en ellos puede ampliar nuestra conciencia m\u00e1s all\u00e1 de [&hellip;]\" \/>\n<meta property=\"og:url\" content=\"https:\/\/cercledeconsciencia.com\/en\/activities\/introductorio-a-la-formacion-en-sexualidad-integrativa-sentidos-y-placer\/\" \/>\n<meta property=\"og:site_name\" content=\"Cercle de Consci\u00e8ncia\" \/>\n<meta property=\"article:publisher\" content=\"https:\/\/www.facebook.com\/Cercledeconscienciabarcelona?_rdr\" \/>\n<meta property=\"article:modified_time\" content=\"2024-12-23T09:35:32+00:00\" \/>\n<meta property=\"og:image\" content=\"https:\/\/cercledeconsciencia.com\/wp-content\/uploads\/2024\/11\/Captura-de-pantalla-2024-11-25-a-las-15.22.24.png\" \/>\n\t<meta property=\"og:image:width\" content=\"484\" \/>\n\t<meta property=\"og:image:height\" content=\"664\" \/>\n\t<meta property=\"og:image:type\" content=\"image\/png\" \/>\n<meta name=\"twitter:card\" content=\"summary_large_image\" \/>\n<meta name=\"twitter:label1\" content=\"Estimated reading time\" \/>\n\t<meta name=\"twitter:data1\" content=\"2 minutes\" \/>\n<script type=\"application\/ld+json\" class=\"yoast-schema-graph\">{\"@context\":\"https:\\\/\\\/schema.org\",\"@graph\":[{\"@type\":\"WebPage\",\"@id\":\"https:\\\/\\\/cercledeconsciencia.com\\\/actividades\\\/introductorio-a-la-formacion-en-sexualidad-integrativa-sentidos-y-placer\\\/\",\"url\":\"https:\\\/\\\/cercledeconsciencia.com\\\/actividades\\\/introductorio-a-la-formacion-en-sexualidad-integrativa-sentidos-y-placer\\\/\",\"name\":\"Introductorio a la Formaci\u00f3n en Sexualidad Integrativa: Sentidos y Placer - Cercle de Consci\u00e8ncia\",\"isPartOf\":{\"@id\":\"https:\\\/\\\/cercledeconsciencia.com\\\/#website\"},\"primaryImageOfPage\":{\"@id\":\"https:\\\/\\\/cercledeconsciencia.com\\\/actividades\\\/introductorio-a-la-formacion-en-sexualidad-integrativa-sentidos-y-placer\\\/#primaryimage\"},\"image\":{\"@id\":\"https:\\\/\\\/cercledeconsciencia.com\\\/actividades\\\/introductorio-a-la-formacion-en-sexualidad-integrativa-sentidos-y-placer\\\/#primaryimage\"},\"thumbnailUrl\":\"https:\\\/\\\/cercledeconsciencia.com\\\/wp-content\\\/uploads\\\/2024\\\/11\\\/Captura-de-pantalla-2024-11-25-a-las-15.22.24.png\",\"datePublished\":\"2024-11-25T14:33:47+00:00\",\"dateModified\":\"2024-12-23T09:35:32+00:00\",\"breadcrumb\":{\"@id\":\"https:\\\/\\\/cercledeconsciencia.com\\\/actividades\\\/introductorio-a-la-formacion-en-sexualidad-integrativa-sentidos-y-placer\\\/#breadcrumb\"},\"inLanguage\":\"en-GB\",\"potentialAction\":[{\"@type\":\"ReadAction\",\"target\":[\"https:\\\/\\\/cercledeconsciencia.com\\\/actividades\\\/introductorio-a-la-formacion-en-sexualidad-integrativa-sentidos-y-placer\\\/\"]}]},{\"@type\":\"ImageObject\",\"inLanguage\":\"en-GB\",\"@id\":\"https:\\\/\\\/cercledeconsciencia.com\\\/actividades\\\/introductorio-a-la-formacion-en-sexualidad-integrativa-sentidos-y-placer\\\/#primaryimage\",\"url\":\"https:\\\/\\\/cercledeconsciencia.com\\\/wp-content\\\/uploads\\\/2024\\\/11\\\/Captura-de-pantalla-2024-11-25-a-las-15.22.24.png\",\"contentUrl\":\"https:\\\/\\\/cercledeconsciencia.com\\\/wp-content\\\/uploads\\\/2024\\\/11\\\/Captura-de-pantalla-2024-11-25-a-las-15.22.24.png\",\"width\":484,\"height\":664},{\"@type\":\"BreadcrumbList\",\"@id\":\"https:\\\/\\\/cercledeconsciencia.com\\\/actividades\\\/introductorio-a-la-formacion-en-sexualidad-integrativa-sentidos-y-placer\\\/#breadcrumb\",\"itemListElement\":[{\"@type\":\"ListItem\",\"position\":1,\"name\":\"Portada\",\"item\":\"https:\\\/\\\/cercledeconsciencia.com\\\/\"},{\"@type\":\"ListItem\",\"position\":2,\"name\":\"Eventos\",\"item\":\"https:\\\/\\\/cercledeconsciencia.com\\\/actividades\\\/\"},{\"@type\":\"ListItem\",\"position\":3,\"name\":\"Introductorio a la Formaci\u00f3n en Sexualidad Integrativa: Sentidos y Placer\"}]},{\"@type\":\"WebSite\",\"@id\":\"https:\\\/\\\/cercledeconsciencia.com\\\/#website\",\"url\":\"https:\\\/\\\/cercledeconsciencia.com\\\/\",\"name\":\"Cercle de Consci\u00e8ncia\",\"description\":\"Centro de Formaci\u00f3n y Terapias\",\"publisher\":{\"@id\":\"https:\\\/\\\/cercledeconsciencia.com\\\/#organization\"},\"potentialAction\":[{\"@type\":\"SearchAction\",\"target\":{\"@type\":\"EntryPoint\",\"urlTemplate\":\"https:\\\/\\\/cercledeconsciencia.com\\\/?s={search_term_string}\"},\"query-input\":{\"@type\":\"PropertyValueSpecification\",\"valueRequired\":true,\"valueName\":\"search_term_string\"}}],\"inLanguage\":\"en-GB\"},{\"@type\":\"Organization\",\"@id\":\"https:\\\/\\\/cercledeconsciencia.com\\\/#organization\",\"name\":\"Cercle de Consci\u00e8ncia\",\"url\":\"https:\\\/\\\/cercledeconsciencia.com\\\/\",\"logo\":{\"@type\":\"ImageObject\",\"inLanguage\":\"en-GB\",\"@id\":\"https:\\\/\\\/cercledeconsciencia.com\\\/#\\\/schema\\\/logo\\\/image\\\/\",\"url\":\"https:\\\/\\\/cercledeconsciencia.com\\\/wp-content\\\/uploads\\\/2023\\\/07\\\/logo.png\",\"contentUrl\":\"https:\\\/\\\/cercledeconsciencia.com\\\/wp-content\\\/uploads\\\/2023\\\/07\\\/logo.png\",\"width\":239,\"height\":68,\"caption\":\"Cercle de Consci\u00e8ncia\"},\"image\":{\"@id\":\"https:\\\/\\\/cercledeconsciencia.com\\\/#\\\/schema\\\/logo\\\/image\\\/\"},\"sameAs\":[\"https:\\\/\\\/www.facebook.com\\\/Cercledeconscienciabarcelona?_rdr\",\"https:\\\/\\\/www.instagram.com\\\/cercledeconsciencia\\\/\",\"https:\\\/\\\/www.youtube.com\\\/c\\\/cercledeconsciencia\"]}]}<\/script>\n<!-- \/ Yoast SEO plugin. -->","yoast_head_json":{"title":"Introductorio a la Formaci\u00f3n en Sexualidad Integrativa: Sentidos y Placer - Cercle de Consci\u00e8ncia","robots":{"index":"index","follow":"follow","max-snippet":"max-snippet:-1","max-image-preview":"max-image-preview:large","max-video-preview":"max-video-preview:-1"},"canonical":"https:\/\/cercledeconsciencia.com\/en\/activities\/introductorio-a-la-formacion-en-sexualidad-integrativa-sentidos-y-placer\/","og_locale":"en_GB","og_type":"article","og_title":"Introductorio a la Formaci\u00f3n en Sexualidad Integrativa: Sentidos y Placer - Cercle de Consci\u00e8ncia","og_description":"En este taller de 4 horas, exploraremos la relaci\u00f3n entre nuestros sentidos y el placer, y c\u00f3mo el poner atenci\u00f3n plena en ellos puede ampliar nuestra conciencia m\u00e1s all\u00e1 de [&hellip;]","og_url":"https:\/\/cercledeconsciencia.com\/en\/activities\/introductorio-a-la-formacion-en-sexualidad-integrativa-sentidos-y-placer\/","og_site_name":"Cercle de Consci\u00e8ncia","article_publisher":"https:\/\/www.facebook.com\/Cercledeconscienciabarcelona?_rdr","article_modified_time":"2024-12-23T09:35:32+00:00","og_image":[{"width":484,"height":664,"url":"https:\/\/cercledeconsciencia.com\/wp-content\/uploads\/2024\/11\/Captura-de-pantalla-2024-11-25-a-las-15.22.24.png","type":"image\/png"}],"twitter_card":"summary_large_image","twitter_misc":{"Estimated reading time":"2 minutes"},"schema":{"@context":"https:\/\/schema.org","@graph":[{"@type":"WebPage","@id":"https:\/\/cercledeconsciencia.com\/actividades\/introductorio-a-la-formacion-en-sexualidad-integrativa-sentidos-y-placer\/","url":"https:\/\/cercledeconsciencia.com\/actividades\/introductorio-a-la-formacion-en-sexualidad-integrativa-sentidos-y-placer\/","name":"Introductorio a la Formaci\u00f3n en Sexualidad Integrativa: Sentidos y Placer - Cercle de Consci\u00e8ncia","isPartOf":{"@id":"https:\/\/cercledeconsciencia.com\/#website"},"primaryImageOfPage":{"@id":"https:\/\/cercledeconsciencia.com\/actividades\/introductorio-a-la-formacion-en-sexualidad-integrativa-sentidos-y-placer\/#primaryimage"},"image":{"@id":"https:\/\/cercledeconsciencia.com\/actividades\/introductorio-a-la-formacion-en-sexualidad-integrativa-sentidos-y-placer\/#primaryimage"},"thumbnailUrl":"https:\/\/cercledeconsciencia.com\/wp-content\/uploads\/2024\/11\/Captura-de-pantalla-2024-11-25-a-las-15.22.24.png","datePublished":"2024-11-25T14:33:47+00:00","dateModified":"2024-12-23T09:35:32+00:00","breadcrumb":{"@id":"https:\/\/cercledeconsciencia.com\/actividades\/introductorio-a-la-formacion-en-sexualidad-integrativa-sentidos-y-placer\/#breadcrumb"},"inLanguage":"en-GB","potentialAction":[{"@type":"ReadAction","target":["https:\/\/cercledeconsciencia.com\/actividades\/introductorio-a-la-formacion-en-sexualidad-integrativa-sentidos-y-placer\/"]}]},{"@type":"ImageObject","inLanguage":"en-GB","@id":"https:\/\/cercledeconsciencia.com\/actividades\/introductorio-a-la-formacion-en-sexualidad-integrativa-sentidos-y-placer\/#primaryimage","url":"https:\/\/cercledeconsciencia.com\/wp-content\/uploads\/2024\/11\/Captura-de-pantalla-2024-11-25-a-las-15.22.24.png","contentUrl":"https:\/\/cercledeconsciencia.com\/wp-content\/uploads\/2024\/11\/Captura-de-pantalla-2024-11-25-a-las-15.22.24.png","width":484,"height":664},{"@type":"BreadcrumbList","@id":"https:\/\/cercledeconsciencia.com\/actividades\/introductorio-a-la-formacion-en-sexualidad-integrativa-sentidos-y-placer\/#breadcrumb","itemListElement":[{"@type":"ListItem","position":1,"name":"Portada","item":"https:\/\/cercledeconsciencia.com\/"},{"@type":"ListItem","position":2,"name":"Eventos","item":"https:\/\/cercledeconsciencia.com\/actividades\/"},{"@type":"ListItem","position":3,"name":"Introductorio a la Formaci\u00f3n en Sexualidad Integrativa: Sentidos y Placer"}]},{"@type":"WebSite","@id":"https:\/\/cercledeconsciencia.com\/#website","url":"https:\/\/cercledeconsciencia.com\/","name":"Circle of Conscience","description":"Training and Therapy Centre","publisher":{"@id":"https:\/\/cercledeconsciencia.com\/#organization"},"potentialAction":[{"@type":"SearchAction","target":{"@type":"EntryPoint","urlTemplate":"https:\/\/cercledeconsciencia.com\/?s={search_term_string}"},"query-input":{"@type":"PropertyValueSpecification","valueRequired":true,"valueName":"search_term_string"}}],"inLanguage":"en-GB"},{"@type":"Organization","@id":"https:\/\/cercledeconsciencia.com\/#organization","name":"Circle of Conscience","url":"https:\/\/cercledeconsciencia.com\/","logo":{"@type":"ImageObject","inLanguage":"en-GB","@id":"https:\/\/cercledeconsciencia.com\/#\/schema\/logo\/image\/","url":"https:\/\/cercledeconsciencia.com\/wp-content\/uploads\/2023\/07\/logo.png","contentUrl":"https:\/\/cercledeconsciencia.com\/wp-content\/uploads\/2023\/07\/logo.png","width":239,"height":68,"caption":"Cercle de Consci\u00e8ncia"},"image":{"@id":"https:\/\/cercledeconsciencia.com\/#\/schema\/logo\/image\/"},"sameAs":["https:\/\/www.facebook.com\/Cercledeconscienciabarcelona?_rdr","https:\/\/www.instagram.com\/cercledeconsciencia\/","https:\/\/www.youtube.com\/c\/cercledeconsciencia"]}]}},"_links":{"self":[{"href":"https:\/\/cercledeconsciencia.com\/en\/wp-json\/wp\/v2\/mec-events\/5161","targetHints":{"allow":["GET"]}}],"collection":[{"href":"https:\/\/cercledeconsciencia.com\/en\/wp-json\/wp\/v2\/mec-events"}],"about":[{"href":"https:\/\/cercledeconsciencia.com\/en\/wp-json\/wp\/v2\/types\/mec-events"}],"author":[{"embeddable":true,"href":"https:\/\/cercledeconsciencia.com\/en\/wp-json\/wp\/v2\/users\/2"}],"replies":[{"embeddable":true,"href":"https:\/\/cercledeconsciencia.com\/en\/wp-json\/wp\/v2\/comments?post=5161"}],"wp:featuredmedia":[{"embeddable":true,"href":"https:\/\/cercledeconsciencia.com\/en\/wp-json\/wp\/v2\/media\/5162"}],"wp:attachment":[{"href":"https:\/\/cercledeconsciencia.com\/en\/wp-json\/wp\/v2\/media?parent=5161"}],"wp:term":[{"taxonomy":"post_tag","embeddable":true,"href":"https:\/\/cercledeconsciencia.com\/en\/wp-json\/wp\/v2\/tags?post=5161"},{"taxonomy":"mec_category","embeddable":true,"href":"https:\/\/cercledeconsciencia.com\/en\/wp-json\/wp\/v2\/mec_category?post=5161"},{"taxonomy":"mec_speaker","embeddable":true,"href":"https:\/\/cercledeconsciencia.com\/en\/wp-json\/wp\/v2\/mec_speaker?post=5161"}],"curies":[{"name":"wp","href":"https:\/\/api.w.org\/{rel}","templated":true}]}}