{"id":5177,"date":"2025-01-09T12:55:55","date_gmt":"2025-01-09T12:55:55","guid":{"rendered":"https:\/\/cercledeconsciencia.com\/?post_type=mec-events&#038;p=5177"},"modified":"2025-10-14T07:41:53","modified_gmt":"2025-10-14T07:41:53","slug":"group-growth-space-for-adolescents-from-14-to-17-years-old-in-ibiza","status":"publish","type":"mec-events","link":"https:\/\/cercledeconsciencia.com\/en\/actividades\/espacio-de-crecimiento-grupal-para-adolescentes-de-14-a-17-anos-en-ibiza\/","title":{"rendered":"Group growth space for teenagers from 14 to 17 years old in Ibiza."},"content":{"rendered":"<p><a href=\"https:\/\/forms.gle\/EcybNAnq7G8GmCE5A\"><strong>REGISTER FOR THE INFORMATIVE TALK HERE<\/strong><\/a><\/p>\n<p><strong>Fortnightly group on Mondays from 16 to 18h in IBIZA.<\/strong><\/p>\n<p>This programme offers a safe environment to develop emotional, social and self-awareness skills through dynamic and participative fortnightly sessions on Mondays from 16:00 to 18:00.<\/p>\n<p>Designed by a multidisciplinary team specialising in Gestalt therapy, educational coaching, neuroscience and integrative body therapy, the space addresses the needs of young people in a holistic way, strengthening their resilience and emotional well-being.<\/p>\n<p>This programme helps adolescents face today's challenges, improving their self-esteem and building healthier relationships, essential for their personal development.<\/p>\n<p><strong>Regular sessions will be held from 16 to 18h on the following dates:<\/strong><\/p>\n<p>October: 6, 20 | November: 3, 17 | December: 1, 15 | January 2026: 12, 26 | February: 9, 23 | March: 9, 23 | April: 20 | May: 4, 18 | June: 1<\/p>\n<p>Price\/month: 70\u20ac (2 sessions\/month)<\/p>\n<p>For more information and registration: <a href=\"mailto:espaciocrecimientogrupal@gmail.com\">espaciocrecimientogrupal@gmail.com<\/a><\/p>\n<p>Chus Cabello: 678.61.56.79<br \/>\nSalva Egea: 619.90.94.57<br \/>\nCarolina Vorburger: 617.12.39.55<\/p>\n<p>&nbsp;<\/p>","protected":false},"excerpt":{"rendered":"<p>INSCR\u00cdBETE A LA CHARLA INFORMATIVA AQU\u00cd Grupo quincenal los lunes de 16 a 18h en IBIZA. Este programa ofrece un entorno seguro para desarrollar habilidades emocionales, sociales y de autoconocimiento [&hellip;]<\/p>\n","protected":false},"author":2,"featured_media":5178,"comment_status":"open","ping_status":"closed","template":"","tags":[],"mec_category":[77,145,57],"mec_speaker":[],"class_list":["post-5177","mec-events","type-mec-events","status-publish","has-post-thumbnail","hentry","mec_category-crecimiento-personal","mec_category-grupos-regulares","mec_category-taller-regular"],"yoast_head":"<!-- This site is optimized with the Yoast SEO plugin v27.4 - https:\/\/yoast.com\/product\/yoast-seo-wordpress\/ -->\n<title>Espacio de crecimiento grupal para adolescentes de 14 a 17 a\u00f1os en Ibiza. - Cercle de Consci\u00e8ncia<\/title>\n<meta name=\"robots\" content=\"index, follow, max-snippet:-1, max-image-preview:large, max-video-preview:-1\" \/>\n<link rel=\"canonical\" href=\"https:\/\/cercledeconsciencia.com\/en\/activities\/group-growth-space-for-adolescents-from-14-to-17-years-old-in-ibiza\/\" \/>\n<meta property=\"og:locale\" content=\"en_GB\" \/>\n<meta property=\"og:type\" content=\"article\" \/>\n<meta property=\"og:title\" content=\"Espacio de crecimiento grupal para adolescentes de 14 a 17 a\u00f1os en Ibiza. - Cercle de Consci\u00e8ncia\" \/>\n<meta property=\"og:description\" content=\"INSCR\u00cdBETE A LA CHARLA INFORMATIVA AQU\u00cd Grupo quincenal los lunes de 16 a 18h en IBIZA. Este programa ofrece un entorno seguro para desarrollar habilidades emocionales, sociales y de autoconocimiento [&hellip;]\" \/>\n<meta property=\"og:url\" content=\"https:\/\/cercledeconsciencia.com\/en\/activities\/group-growth-space-for-adolescents-from-14-to-17-years-old-in-ibiza\/\" \/>\n<meta property=\"og:site_name\" content=\"Cercle de Consci\u00e8ncia\" \/>\n<meta property=\"article:publisher\" content=\"https:\/\/www.facebook.com\/Cercledeconscienciabarcelona?_rdr\" \/>\n<meta property=\"article:modified_time\" content=\"2025-10-14T07:41:53+00:00\" \/>\n<meta property=\"og:image\" content=\"https:\/\/cercledeconsciencia.com\/wp-content\/uploads\/2025\/01\/Captura-de-pantalla-2025-01-09-a-las-13.54.16.png\" \/>\n\t<meta property=\"og:image:width\" content=\"820\" \/>\n\t<meta property=\"og:image:height\" content=\"662\" \/>\n\t<meta property=\"og:image:type\" content=\"image\/png\" \/>\n<meta name=\"twitter:card\" content=\"summary_large_image\" \/>\n<meta name=\"twitter:label1\" content=\"Estimated reading time\" \/>\n\t<meta name=\"twitter:data1\" content=\"1 minute\" \/>\n<script type=\"application\/ld+json\" class=\"yoast-schema-graph\">{\"@context\":\"https:\\\/\\\/schema.org\",\"@graph\":[{\"@type\":\"WebPage\",\"@id\":\"https:\\\/\\\/cercledeconsciencia.com\\\/actividades\\\/espacio-de-crecimiento-grupal-para-adolescentes-de-14-a-17-anos-en-ibiza\\\/\",\"url\":\"https:\\\/\\\/cercledeconsciencia.com\\\/actividades\\\/espacio-de-crecimiento-grupal-para-adolescentes-de-14-a-17-anos-en-ibiza\\\/\",\"name\":\"Espacio de crecimiento grupal para adolescentes de 14 a 17 a\u00f1os en Ibiza. - Cercle de Consci\u00e8ncia\",\"isPartOf\":{\"@id\":\"https:\\\/\\\/cercledeconsciencia.com\\\/#website\"},\"primaryImageOfPage\":{\"@id\":\"https:\\\/\\\/cercledeconsciencia.com\\\/actividades\\\/espacio-de-crecimiento-grupal-para-adolescentes-de-14-a-17-anos-en-ibiza\\\/#primaryimage\"},\"image\":{\"@id\":\"https:\\\/\\\/cercledeconsciencia.com\\\/actividades\\\/espacio-de-crecimiento-grupal-para-adolescentes-de-14-a-17-anos-en-ibiza\\\/#primaryimage\"},\"thumbnailUrl\":\"https:\\\/\\\/cercledeconsciencia.com\\\/wp-content\\\/uploads\\\/2025\\\/01\\\/Captura-de-pantalla-2025-01-09-a-las-13.54.16.png\",\"datePublished\":\"2025-01-09T12:55:55+00:00\",\"dateModified\":\"2025-10-14T07:41:53+00:00\",\"breadcrumb\":{\"@id\":\"https:\\\/\\\/cercledeconsciencia.com\\\/actividades\\\/espacio-de-crecimiento-grupal-para-adolescentes-de-14-a-17-anos-en-ibiza\\\/#breadcrumb\"},\"inLanguage\":\"en-GB\",\"potentialAction\":[{\"@type\":\"ReadAction\",\"target\":[\"https:\\\/\\\/cercledeconsciencia.com\\\/actividades\\\/espacio-de-crecimiento-grupal-para-adolescentes-de-14-a-17-anos-en-ibiza\\\/\"]}]},{\"@type\":\"ImageObject\",\"inLanguage\":\"en-GB\",\"@id\":\"https:\\\/\\\/cercledeconsciencia.com\\\/actividades\\\/espacio-de-crecimiento-grupal-para-adolescentes-de-14-a-17-anos-en-ibiza\\\/#primaryimage\",\"url\":\"https:\\\/\\\/cercledeconsciencia.com\\\/wp-content\\\/uploads\\\/2025\\\/01\\\/Captura-de-pantalla-2025-01-09-a-las-13.54.16.png\",\"contentUrl\":\"https:\\\/\\\/cercledeconsciencia.com\\\/wp-content\\\/uploads\\\/2025\\\/01\\\/Captura-de-pantalla-2025-01-09-a-las-13.54.16.png\",\"width\":820,\"height\":662},{\"@type\":\"BreadcrumbList\",\"@id\":\"https:\\\/\\\/cercledeconsciencia.com\\\/actividades\\\/espacio-de-crecimiento-grupal-para-adolescentes-de-14-a-17-anos-en-ibiza\\\/#breadcrumb\",\"itemListElement\":[{\"@type\":\"ListItem\",\"position\":1,\"name\":\"Portada\",\"item\":\"https:\\\/\\\/cercledeconsciencia.com\\\/\"},{\"@type\":\"ListItem\",\"position\":2,\"name\":\"Eventos\",\"item\":\"https:\\\/\\\/cercledeconsciencia.com\\\/actividades\\\/\"},{\"@type\":\"ListItem\",\"position\":3,\"name\":\"Espacio de crecimiento grupal para adolescentes de 14 a 17 a\u00f1os en Ibiza.\"}]},{\"@type\":\"WebSite\",\"@id\":\"https:\\\/\\\/cercledeconsciencia.com\\\/#website\",\"url\":\"https:\\\/\\\/cercledeconsciencia.com\\\/\",\"name\":\"Cercle de Consci\u00e8ncia\",\"description\":\"Centro de Formaci\u00f3n y Terapias\",\"publisher\":{\"@id\":\"https:\\\/\\\/cercledeconsciencia.com\\\/#organization\"},\"potentialAction\":[{\"@type\":\"SearchAction\",\"target\":{\"@type\":\"EntryPoint\",\"urlTemplate\":\"https:\\\/\\\/cercledeconsciencia.com\\\/?s={search_term_string}\"},\"query-input\":{\"@type\":\"PropertyValueSpecification\",\"valueRequired\":true,\"valueName\":\"search_term_string\"}}],\"inLanguage\":\"en-GB\"},{\"@type\":\"Organization\",\"@id\":\"https:\\\/\\\/cercledeconsciencia.com\\\/#organization\",\"name\":\"Cercle de Consci\u00e8ncia\",\"url\":\"https:\\\/\\\/cercledeconsciencia.com\\\/\",\"logo\":{\"@type\":\"ImageObject\",\"inLanguage\":\"en-GB\",\"@id\":\"https:\\\/\\\/cercledeconsciencia.com\\\/#\\\/schema\\\/logo\\\/image\\\/\",\"url\":\"https:\\\/\\\/cercledeconsciencia.com\\\/wp-content\\\/uploads\\\/2023\\\/07\\\/logo.png\",\"contentUrl\":\"https:\\\/\\\/cercledeconsciencia.com\\\/wp-content\\\/uploads\\\/2023\\\/07\\\/logo.png\",\"width\":239,\"height\":68,\"caption\":\"Cercle de Consci\u00e8ncia\"},\"image\":{\"@id\":\"https:\\\/\\\/cercledeconsciencia.com\\\/#\\\/schema\\\/logo\\\/image\\\/\"},\"sameAs\":[\"https:\\\/\\\/www.facebook.com\\\/Cercledeconscienciabarcelona?_rdr\",\"https:\\\/\\\/www.instagram.com\\\/cercledeconsciencia\\\/\",\"https:\\\/\\\/www.youtube.com\\\/c\\\/cercledeconsciencia\"]}]}<\/script>\n<!-- \/ Yoast SEO plugin. -->","yoast_head_json":{"title":"Espacio de crecimiento grupal para adolescentes de 14 a 17 a\u00f1os en Ibiza. - Cercle de Consci\u00e8ncia","robots":{"index":"index","follow":"follow","max-snippet":"max-snippet:-1","max-image-preview":"max-image-preview:large","max-video-preview":"max-video-preview:-1"},"canonical":"https:\/\/cercledeconsciencia.com\/en\/activities\/group-growth-space-for-adolescents-from-14-to-17-years-old-in-ibiza\/","og_locale":"en_GB","og_type":"article","og_title":"Espacio de crecimiento grupal para adolescentes de 14 a 17 a\u00f1os en Ibiza. - Cercle de Consci\u00e8ncia","og_description":"INSCR\u00cdBETE A LA CHARLA INFORMATIVA AQU\u00cd Grupo quincenal los lunes de 16 a 18h en IBIZA. Este programa ofrece un entorno seguro para desarrollar habilidades emocionales, sociales y de autoconocimiento [&hellip;]","og_url":"https:\/\/cercledeconsciencia.com\/en\/activities\/group-growth-space-for-adolescents-from-14-to-17-years-old-in-ibiza\/","og_site_name":"Cercle de Consci\u00e8ncia","article_publisher":"https:\/\/www.facebook.com\/Cercledeconscienciabarcelona?_rdr","article_modified_time":"2025-10-14T07:41:53+00:00","og_image":[{"width":820,"height":662,"url":"https:\/\/cercledeconsciencia.com\/wp-content\/uploads\/2025\/01\/Captura-de-pantalla-2025-01-09-a-las-13.54.16.png","type":"image\/png"}],"twitter_card":"summary_large_image","twitter_misc":{"Estimated reading time":"1 minute"},"schema":{"@context":"https:\/\/schema.org","@graph":[{"@type":"WebPage","@id":"https:\/\/cercledeconsciencia.com\/actividades\/espacio-de-crecimiento-grupal-para-adolescentes-de-14-a-17-anos-en-ibiza\/","url":"https:\/\/cercledeconsciencia.com\/actividades\/espacio-de-crecimiento-grupal-para-adolescentes-de-14-a-17-anos-en-ibiza\/","name":"Espacio de crecimiento grupal para adolescentes de 14 a 17 a\u00f1os en Ibiza. - Cercle de Consci\u00e8ncia","isPartOf":{"@id":"https:\/\/cercledeconsciencia.com\/#website"},"primaryImageOfPage":{"@id":"https:\/\/cercledeconsciencia.com\/actividades\/espacio-de-crecimiento-grupal-para-adolescentes-de-14-a-17-anos-en-ibiza\/#primaryimage"},"image":{"@id":"https:\/\/cercledeconsciencia.com\/actividades\/espacio-de-crecimiento-grupal-para-adolescentes-de-14-a-17-anos-en-ibiza\/#primaryimage"},"thumbnailUrl":"https:\/\/cercledeconsciencia.com\/wp-content\/uploads\/2025\/01\/Captura-de-pantalla-2025-01-09-a-las-13.54.16.png","datePublished":"2025-01-09T12:55:55+00:00","dateModified":"2025-10-14T07:41:53+00:00","breadcrumb":{"@id":"https:\/\/cercledeconsciencia.com\/actividades\/espacio-de-crecimiento-grupal-para-adolescentes-de-14-a-17-anos-en-ibiza\/#breadcrumb"},"inLanguage":"en-GB","potentialAction":[{"@type":"ReadAction","target":["https:\/\/cercledeconsciencia.com\/actividades\/espacio-de-crecimiento-grupal-para-adolescentes-de-14-a-17-anos-en-ibiza\/"]}]},{"@type":"ImageObject","inLanguage":"en-GB","@id":"https:\/\/cercledeconsciencia.com\/actividades\/espacio-de-crecimiento-grupal-para-adolescentes-de-14-a-17-anos-en-ibiza\/#primaryimage","url":"https:\/\/cercledeconsciencia.com\/wp-content\/uploads\/2025\/01\/Captura-de-pantalla-2025-01-09-a-las-13.54.16.png","contentUrl":"https:\/\/cercledeconsciencia.com\/wp-content\/uploads\/2025\/01\/Captura-de-pantalla-2025-01-09-a-las-13.54.16.png","width":820,"height":662},{"@type":"BreadcrumbList","@id":"https:\/\/cercledeconsciencia.com\/actividades\/espacio-de-crecimiento-grupal-para-adolescentes-de-14-a-17-anos-en-ibiza\/#breadcrumb","itemListElement":[{"@type":"ListItem","position":1,"name":"Portada","item":"https:\/\/cercledeconsciencia.com\/"},{"@type":"ListItem","position":2,"name":"Eventos","item":"https:\/\/cercledeconsciencia.com\/actividades\/"},{"@type":"ListItem","position":3,"name":"Espacio de crecimiento grupal para adolescentes de 14 a 17 a\u00f1os en Ibiza."}]},{"@type":"WebSite","@id":"https:\/\/cercledeconsciencia.com\/#website","url":"https:\/\/cercledeconsciencia.com\/","name":"Circle of Conscience","description":"Training and Therapy Centre","publisher":{"@id":"https:\/\/cercledeconsciencia.com\/#organization"},"potentialAction":[{"@type":"SearchAction","target":{"@type":"EntryPoint","urlTemplate":"https:\/\/cercledeconsciencia.com\/?s={search_term_string}"},"query-input":{"@type":"PropertyValueSpecification","valueRequired":true,"valueName":"search_term_string"}}],"inLanguage":"en-GB"},{"@type":"Organization","@id":"https:\/\/cercledeconsciencia.com\/#organization","name":"Circle of Conscience","url":"https:\/\/cercledeconsciencia.com\/","logo":{"@type":"ImageObject","inLanguage":"en-GB","@id":"https:\/\/cercledeconsciencia.com\/#\/schema\/logo\/image\/","url":"https:\/\/cercledeconsciencia.com\/wp-content\/uploads\/2023\/07\/logo.png","contentUrl":"https:\/\/cercledeconsciencia.com\/wp-content\/uploads\/2023\/07\/logo.png","width":239,"height":68,"caption":"Cercle de Consci\u00e8ncia"},"image":{"@id":"https:\/\/cercledeconsciencia.com\/#\/schema\/logo\/image\/"},"sameAs":["https:\/\/www.facebook.com\/Cercledeconscienciabarcelona?_rdr","https:\/\/www.instagram.com\/cercledeconsciencia\/","https:\/\/www.youtube.com\/c\/cercledeconsciencia"]}]}},"_links":{"self":[{"href":"https:\/\/cercledeconsciencia.com\/en\/wp-json\/wp\/v2\/mec-events\/5177","targetHints":{"allow":["GET"]}}],"collection":[{"href":"https:\/\/cercledeconsciencia.com\/en\/wp-json\/wp\/v2\/mec-events"}],"about":[{"href":"https:\/\/cercledeconsciencia.com\/en\/wp-json\/wp\/v2\/types\/mec-events"}],"author":[{"embeddable":true,"href":"https:\/\/cercledeconsciencia.com\/en\/wp-json\/wp\/v2\/users\/2"}],"replies":[{"embeddable":true,"href":"https:\/\/cercledeconsciencia.com\/en\/wp-json\/wp\/v2\/comments?post=5177"}],"wp:featuredmedia":[{"embeddable":true,"href":"https:\/\/cercledeconsciencia.com\/en\/wp-json\/wp\/v2\/media\/5178"}],"wp:attachment":[{"href":"https:\/\/cercledeconsciencia.com\/en\/wp-json\/wp\/v2\/media?parent=5177"}],"wp:term":[{"taxonomy":"post_tag","embeddable":true,"href":"https:\/\/cercledeconsciencia.com\/en\/wp-json\/wp\/v2\/tags?post=5177"},{"taxonomy":"mec_category","embeddable":true,"href":"https:\/\/cercledeconsciencia.com\/en\/wp-json\/wp\/v2\/mec_category?post=5177"},{"taxonomy":"mec_speaker","embeddable":true,"href":"https:\/\/cercledeconsciencia.com\/en\/wp-json\/wp\/v2\/mec_speaker?post=5177"}],"curies":[{"name":"wp","href":"https:\/\/api.w.org\/{rel}","templated":true}]}}