{"id":5203,"date":"2025-02-18T08:46:26","date_gmt":"2025-02-18T08:46:26","guid":{"rendered":"https:\/\/cercledeconsciencia.com\/?post_type=mec-events&#038;p=5203"},"modified":"2025-10-14T08:01:46","modified_gmt":"2025-10-14T08:01:46","slug":"somatic-experiences-of-repair","status":"publish","type":"mec-events","link":"https:\/\/cercledeconsciencia.com\/en\/actividades\/experiencias-somaticas-de-reparacion\/","title":{"rendered":"Somatic Experiences of Repair"},"content":{"rendered":"<h5>Body therapy from the point of view of reparation.<\/h5>\n<p><strong>Cultivating from the body a way of accompanying myself where health unfolds<\/strong>. It is a space where, through body work, we will experience different proposals that allow all my abilities and potential to unfold.<\/p>\n<p>A place to open up new ways of exploring health. To recover aspects of myself that were interrupted.<\/p>\n<p>From the accompaniment we experienced in childhood, many aspects had no space. <strong>The<\/strong> <strong>experiences of reparation allow me to have a somatic register of a different way of accompanying myself.<\/strong><\/p>\n<h5>A space to recover. To be you with all your possibilities. Establish new connections to generate new anchors.<\/h5>\n<p>Who is it aimed at?<\/p>\n<p class=\"cvGsUA direction-ltr align-start para-style-body\"><span class=\"OYPEnA font-feature-liga-off font-feature-clig-off font-feature-calt-off text-decoration-none text-strikethrough-none\">A <\/span><strong><span class=\"OYPEnA font-feature-liga-off font-feature-clig-off font-feature-calt-off text-decoration-none text-strikethrough-none\">Therapists<\/span><\/strong> <span class=\"OYPEnA font-feature-liga-off font-feature-clig-off font-feature-calt-off text-decoration-none text-strikethrough-none\">who want to accompany from the perspective of reparation in order to recover health and incorporate tools to be able to create spaces for reparation.<\/span><\/p>\n<p class=\"cvGsUA direction-ltr align-start para-style-body\"><span class=\"OYPEnA font-feature-liga-off font-feature-clig-off font-feature-calt-off text-decoration-none text-strikethrough-none\">A <strong>Persons<\/strong><\/span> <span class=\"OYPEnA font-feature-liga-off font-feature-clig-off font-feature-calt-off text-decoration-none text-strikethrough-none\">who want to work on themselves from the point of view of the possibility of repairing in order to recover their health. Accompany me in a healthy way.<\/span><\/p>\n<p>There are two FORMATS of cycles available:<\/p>\n<ul>\n<li>Group of <strong>Wednesday fortnightly<\/strong> from 18 to 21:30h - from September 2025 to June 2026<br \/>\nCALENDAR: <span class=\"OYPEnA font-feature-liga-off font-feature-clig-off font-feature-calt-off text-decoration-none text-strikethrough-none\">17 Sep | 15 &amp; 29 Oct | 12 &amp; 26 Nov | 12 &amp; 26 Nov | 17 Sep | 15 &amp; 29 Oct | 12 &amp; 26 Nov | 12 &amp; 26 Nov | 12 &amp; 26 Nov <\/span><span class=\"OYPEnA font-feature-liga-off font-feature-clig-off font-feature-calt-off text-decoration-none text-strikethrough-none\">10 and 17 Dec | 7 and 21 Jan | 4 and 18 Feb | 4 and 18 Feb | 7 and 21 Jan | 4 and 18 Feb | 4 and 18 Feb <\/span><span class=\"OYPEnA font-feature-liga-off font-feature-clig-off font-feature-calt-off text-decoration-none text-strikethrough-none\">4 and 18 Mar | 8 and 22 Apr | 6 and 20 May | 3 June<\/span><\/li>\n<li>Group of <strong>Weekends<\/strong> from September to January 2026<br \/>\nCALENDAR: <span class=\"OYPEnA font-feature-liga-off font-feature-clig-off font-feature-calt-off text-decoration-none text-strikethrough-none\">27 &amp; 28 Sep | 25 &amp; 26 Oct | 15 &amp; 16 Nov | 20 &amp; 21 Dec | 24 &amp; 25 Jan 26<\/span><\/li>\n<\/ul>\n<p><strong>Imparte<\/strong>: <strong>Maria Saura<\/strong>. Specialist in Body Therapy from the point of view of reparation. Teacher in the training of T.C.I. and Gestalt therapist. Postgraduate with Cherif Chalakani and in \"Prevention of neurosis\" with Evania Reichert and Sergio Veleda.<\/p>\n<p><strong>Place<\/strong>: Espai TCI<\/p>\n<p><strong>More information and registration<\/strong>: 661286503 : maria.saura260380@gmail.com<\/p>\n<p>*Prior registration is required<\/p>","protected":false},"excerpt":{"rendered":"<p>Terapia Corporal desde la mirada de la reparaci\u00f3n. Cultivar desde el cuerpo una manera de acompa\u00f1arme donde la salud se despliega. Se trata de un espacio d\u00f3nde a trav\u00e9s del [&hellip;]<\/p>\n","protected":false},"author":2,"featured_media":5204,"comment_status":"open","ping_status":"closed","template":"","tags":[],"mec_category":[49,57],"mec_speaker":[99],"class_list":["post-5203","mec-events","type-mec-events","status-publish","has-post-thumbnail","hentry","mec_category-ciclos","mec_category-taller-regular"],"yoast_head":"<!-- This site is optimized with the Yoast SEO plugin v27.4 - https:\/\/yoast.com\/product\/yoast-seo-wordpress\/ -->\n<title>Experiencias Som\u00e1ticas de Reparaci\u00f3n - Cercle de Consci\u00e8ncia<\/title>\n<meta name=\"robots\" content=\"index, follow, max-snippet:-1, max-image-preview:large, max-video-preview:-1\" \/>\n<link rel=\"canonical\" href=\"https:\/\/cercledeconsciencia.com\/en\/activities\/somatic-experiences-of-repair\/\" \/>\n<meta property=\"og:locale\" content=\"en_GB\" \/>\n<meta property=\"og:type\" content=\"article\" \/>\n<meta property=\"og:title\" content=\"Experiencias Som\u00e1ticas de Reparaci\u00f3n - Cercle de Consci\u00e8ncia\" \/>\n<meta property=\"og:description\" content=\"Terapia Corporal desde la mirada de la reparaci\u00f3n. Cultivar desde el cuerpo una manera de acompa\u00f1arme donde la salud se despliega. Se trata de un espacio d\u00f3nde a trav\u00e9s del [&hellip;]\" \/>\n<meta property=\"og:url\" content=\"https:\/\/cercledeconsciencia.com\/en\/activities\/somatic-experiences-of-repair\/\" \/>\n<meta property=\"og:site_name\" content=\"Cercle de Consci\u00e8ncia\" \/>\n<meta property=\"article:publisher\" content=\"https:\/\/www.facebook.com\/Cercledeconscienciabarcelona?_rdr\" \/>\n<meta property=\"article:modified_time\" content=\"2025-10-14T08:01:46+00:00\" \/>\n<meta property=\"og:image\" content=\"https:\/\/cercledeconsciencia.com\/wp-content\/uploads\/2025\/02\/Captura-de-pantalla-2025-02-18-a-las-9.42.10.png\" \/>\n\t<meta property=\"og:image:width\" content=\"569\" \/>\n\t<meta property=\"og:image:height\" content=\"458\" \/>\n\t<meta property=\"og:image:type\" content=\"image\/png\" \/>\n<meta name=\"twitter:card\" content=\"summary_large_image\" \/>\n<meta name=\"twitter:label1\" content=\"Estimated reading time\" \/>\n\t<meta name=\"twitter:data1\" content=\"2 minutes\" \/>\n<script type=\"application\/ld+json\" class=\"yoast-schema-graph\">{\"@context\":\"https:\\\/\\\/schema.org\",\"@graph\":[{\"@type\":\"WebPage\",\"@id\":\"https:\\\/\\\/cercledeconsciencia.com\\\/actividades\\\/experiencias-somaticas-de-reparacion\\\/\",\"url\":\"https:\\\/\\\/cercledeconsciencia.com\\\/actividades\\\/experiencias-somaticas-de-reparacion\\\/\",\"name\":\"Experiencias Som\u00e1ticas de Reparaci\u00f3n - Cercle de Consci\u00e8ncia\",\"isPartOf\":{\"@id\":\"https:\\\/\\\/cercledeconsciencia.com\\\/#website\"},\"primaryImageOfPage\":{\"@id\":\"https:\\\/\\\/cercledeconsciencia.com\\\/actividades\\\/experiencias-somaticas-de-reparacion\\\/#primaryimage\"},\"image\":{\"@id\":\"https:\\\/\\\/cercledeconsciencia.com\\\/actividades\\\/experiencias-somaticas-de-reparacion\\\/#primaryimage\"},\"thumbnailUrl\":\"https:\\\/\\\/cercledeconsciencia.com\\\/wp-content\\\/uploads\\\/2025\\\/02\\\/Captura-de-pantalla-2025-02-18-a-las-9.42.10.png\",\"datePublished\":\"2025-02-18T08:46:26+00:00\",\"dateModified\":\"2025-10-14T08:01:46+00:00\",\"breadcrumb\":{\"@id\":\"https:\\\/\\\/cercledeconsciencia.com\\\/actividades\\\/experiencias-somaticas-de-reparacion\\\/#breadcrumb\"},\"inLanguage\":\"en-GB\",\"potentialAction\":[{\"@type\":\"ReadAction\",\"target\":[\"https:\\\/\\\/cercledeconsciencia.com\\\/actividades\\\/experiencias-somaticas-de-reparacion\\\/\"]}]},{\"@type\":\"ImageObject\",\"inLanguage\":\"en-GB\",\"@id\":\"https:\\\/\\\/cercledeconsciencia.com\\\/actividades\\\/experiencias-somaticas-de-reparacion\\\/#primaryimage\",\"url\":\"https:\\\/\\\/cercledeconsciencia.com\\\/wp-content\\\/uploads\\\/2025\\\/02\\\/Captura-de-pantalla-2025-02-18-a-las-9.42.10.png\",\"contentUrl\":\"https:\\\/\\\/cercledeconsciencia.com\\\/wp-content\\\/uploads\\\/2025\\\/02\\\/Captura-de-pantalla-2025-02-18-a-las-9.42.10.png\",\"width\":569,\"height\":458},{\"@type\":\"BreadcrumbList\",\"@id\":\"https:\\\/\\\/cercledeconsciencia.com\\\/actividades\\\/experiencias-somaticas-de-reparacion\\\/#breadcrumb\",\"itemListElement\":[{\"@type\":\"ListItem\",\"position\":1,\"name\":\"Portada\",\"item\":\"https:\\\/\\\/cercledeconsciencia.com\\\/\"},{\"@type\":\"ListItem\",\"position\":2,\"name\":\"Eventos\",\"item\":\"https:\\\/\\\/cercledeconsciencia.com\\\/actividades\\\/\"},{\"@type\":\"ListItem\",\"position\":3,\"name\":\"Experiencias Som\u00e1ticas de Reparaci\u00f3n\"}]},{\"@type\":\"WebSite\",\"@id\":\"https:\\\/\\\/cercledeconsciencia.com\\\/#website\",\"url\":\"https:\\\/\\\/cercledeconsciencia.com\\\/\",\"name\":\"Cercle de Consci\u00e8ncia\",\"description\":\"Centro de Formaci\u00f3n y Terapias\",\"publisher\":{\"@id\":\"https:\\\/\\\/cercledeconsciencia.com\\\/#organization\"},\"potentialAction\":[{\"@type\":\"SearchAction\",\"target\":{\"@type\":\"EntryPoint\",\"urlTemplate\":\"https:\\\/\\\/cercledeconsciencia.com\\\/?s={search_term_string}\"},\"query-input\":{\"@type\":\"PropertyValueSpecification\",\"valueRequired\":true,\"valueName\":\"search_term_string\"}}],\"inLanguage\":\"en-GB\"},{\"@type\":\"Organization\",\"@id\":\"https:\\\/\\\/cercledeconsciencia.com\\\/#organization\",\"name\":\"Cercle de Consci\u00e8ncia\",\"url\":\"https:\\\/\\\/cercledeconsciencia.com\\\/\",\"logo\":{\"@type\":\"ImageObject\",\"inLanguage\":\"en-GB\",\"@id\":\"https:\\\/\\\/cercledeconsciencia.com\\\/#\\\/schema\\\/logo\\\/image\\\/\",\"url\":\"https:\\\/\\\/cercledeconsciencia.com\\\/wp-content\\\/uploads\\\/2023\\\/07\\\/logo.png\",\"contentUrl\":\"https:\\\/\\\/cercledeconsciencia.com\\\/wp-content\\\/uploads\\\/2023\\\/07\\\/logo.png\",\"width\":239,\"height\":68,\"caption\":\"Cercle de Consci\u00e8ncia\"},\"image\":{\"@id\":\"https:\\\/\\\/cercledeconsciencia.com\\\/#\\\/schema\\\/logo\\\/image\\\/\"},\"sameAs\":[\"https:\\\/\\\/www.facebook.com\\\/Cercledeconscienciabarcelona?_rdr\",\"https:\\\/\\\/www.instagram.com\\\/cercledeconsciencia\\\/\",\"https:\\\/\\\/www.youtube.com\\\/c\\\/cercledeconsciencia\"]}]}<\/script>\n<!-- \/ Yoast SEO plugin. -->","yoast_head_json":{"title":"Experiencias Som\u00e1ticas de Reparaci\u00f3n - Cercle de Consci\u00e8ncia","robots":{"index":"index","follow":"follow","max-snippet":"max-snippet:-1","max-image-preview":"max-image-preview:large","max-video-preview":"max-video-preview:-1"},"canonical":"https:\/\/cercledeconsciencia.com\/en\/activities\/somatic-experiences-of-repair\/","og_locale":"en_GB","og_type":"article","og_title":"Experiencias Som\u00e1ticas de Reparaci\u00f3n - Cercle de Consci\u00e8ncia","og_description":"Terapia Corporal desde la mirada de la reparaci\u00f3n. Cultivar desde el cuerpo una manera de acompa\u00f1arme donde la salud se despliega. Se trata de un espacio d\u00f3nde a trav\u00e9s del [&hellip;]","og_url":"https:\/\/cercledeconsciencia.com\/en\/activities\/somatic-experiences-of-repair\/","og_site_name":"Cercle de Consci\u00e8ncia","article_publisher":"https:\/\/www.facebook.com\/Cercledeconscienciabarcelona?_rdr","article_modified_time":"2025-10-14T08:01:46+00:00","og_image":[{"width":569,"height":458,"url":"https:\/\/cercledeconsciencia.com\/wp-content\/uploads\/2025\/02\/Captura-de-pantalla-2025-02-18-a-las-9.42.10.png","type":"image\/png"}],"twitter_card":"summary_large_image","twitter_misc":{"Estimated reading time":"2 minutes"},"schema":{"@context":"https:\/\/schema.org","@graph":[{"@type":"WebPage","@id":"https:\/\/cercledeconsciencia.com\/actividades\/experiencias-somaticas-de-reparacion\/","url":"https:\/\/cercledeconsciencia.com\/actividades\/experiencias-somaticas-de-reparacion\/","name":"Experiencias Som\u00e1ticas de Reparaci\u00f3n - Cercle de Consci\u00e8ncia","isPartOf":{"@id":"https:\/\/cercledeconsciencia.com\/#website"},"primaryImageOfPage":{"@id":"https:\/\/cercledeconsciencia.com\/actividades\/experiencias-somaticas-de-reparacion\/#primaryimage"},"image":{"@id":"https:\/\/cercledeconsciencia.com\/actividades\/experiencias-somaticas-de-reparacion\/#primaryimage"},"thumbnailUrl":"https:\/\/cercledeconsciencia.com\/wp-content\/uploads\/2025\/02\/Captura-de-pantalla-2025-02-18-a-las-9.42.10.png","datePublished":"2025-02-18T08:46:26+00:00","dateModified":"2025-10-14T08:01:46+00:00","breadcrumb":{"@id":"https:\/\/cercledeconsciencia.com\/actividades\/experiencias-somaticas-de-reparacion\/#breadcrumb"},"inLanguage":"en-GB","potentialAction":[{"@type":"ReadAction","target":["https:\/\/cercledeconsciencia.com\/actividades\/experiencias-somaticas-de-reparacion\/"]}]},{"@type":"ImageObject","inLanguage":"en-GB","@id":"https:\/\/cercledeconsciencia.com\/actividades\/experiencias-somaticas-de-reparacion\/#primaryimage","url":"https:\/\/cercledeconsciencia.com\/wp-content\/uploads\/2025\/02\/Captura-de-pantalla-2025-02-18-a-las-9.42.10.png","contentUrl":"https:\/\/cercledeconsciencia.com\/wp-content\/uploads\/2025\/02\/Captura-de-pantalla-2025-02-18-a-las-9.42.10.png","width":569,"height":458},{"@type":"BreadcrumbList","@id":"https:\/\/cercledeconsciencia.com\/actividades\/experiencias-somaticas-de-reparacion\/#breadcrumb","itemListElement":[{"@type":"ListItem","position":1,"name":"Portada","item":"https:\/\/cercledeconsciencia.com\/"},{"@type":"ListItem","position":2,"name":"Eventos","item":"https:\/\/cercledeconsciencia.com\/actividades\/"},{"@type":"ListItem","position":3,"name":"Experiencias Som\u00e1ticas de Reparaci\u00f3n"}]},{"@type":"WebSite","@id":"https:\/\/cercledeconsciencia.com\/#website","url":"https:\/\/cercledeconsciencia.com\/","name":"Circle of Conscience","description":"Training and Therapy Centre","publisher":{"@id":"https:\/\/cercledeconsciencia.com\/#organization"},"potentialAction":[{"@type":"SearchAction","target":{"@type":"EntryPoint","urlTemplate":"https:\/\/cercledeconsciencia.com\/?s={search_term_string}"},"query-input":{"@type":"PropertyValueSpecification","valueRequired":true,"valueName":"search_term_string"}}],"inLanguage":"en-GB"},{"@type":"Organization","@id":"https:\/\/cercledeconsciencia.com\/#organization","name":"Circle of Conscience","url":"https:\/\/cercledeconsciencia.com\/","logo":{"@type":"ImageObject","inLanguage":"en-GB","@id":"https:\/\/cercledeconsciencia.com\/#\/schema\/logo\/image\/","url":"https:\/\/cercledeconsciencia.com\/wp-content\/uploads\/2023\/07\/logo.png","contentUrl":"https:\/\/cercledeconsciencia.com\/wp-content\/uploads\/2023\/07\/logo.png","width":239,"height":68,"caption":"Cercle de Consci\u00e8ncia"},"image":{"@id":"https:\/\/cercledeconsciencia.com\/#\/schema\/logo\/image\/"},"sameAs":["https:\/\/www.facebook.com\/Cercledeconscienciabarcelona?_rdr","https:\/\/www.instagram.com\/cercledeconsciencia\/","https:\/\/www.youtube.com\/c\/cercledeconsciencia"]}]}},"_links":{"self":[{"href":"https:\/\/cercledeconsciencia.com\/en\/wp-json\/wp\/v2\/mec-events\/5203","targetHints":{"allow":["GET"]}}],"collection":[{"href":"https:\/\/cercledeconsciencia.com\/en\/wp-json\/wp\/v2\/mec-events"}],"about":[{"href":"https:\/\/cercledeconsciencia.com\/en\/wp-json\/wp\/v2\/types\/mec-events"}],"author":[{"embeddable":true,"href":"https:\/\/cercledeconsciencia.com\/en\/wp-json\/wp\/v2\/users\/2"}],"replies":[{"embeddable":true,"href":"https:\/\/cercledeconsciencia.com\/en\/wp-json\/wp\/v2\/comments?post=5203"}],"wp:featuredmedia":[{"embeddable":true,"href":"https:\/\/cercledeconsciencia.com\/en\/wp-json\/wp\/v2\/media\/5204"}],"wp:attachment":[{"href":"https:\/\/cercledeconsciencia.com\/en\/wp-json\/wp\/v2\/media?parent=5203"}],"wp:term":[{"taxonomy":"post_tag","embeddable":true,"href":"https:\/\/cercledeconsciencia.com\/en\/wp-json\/wp\/v2\/tags?post=5203"},{"taxonomy":"mec_category","embeddable":true,"href":"https:\/\/cercledeconsciencia.com\/en\/wp-json\/wp\/v2\/mec_category?post=5203"},{"taxonomy":"mec_speaker","embeddable":true,"href":"https:\/\/cercledeconsciencia.com\/en\/wp-json\/wp\/v2\/mec_speaker?post=5203"}],"curies":[{"name":"wp","href":"https:\/\/api.w.org\/{rel}","templated":true}]}}