{"id":5266,"date":"2025-04-24T11:56:47","date_gmt":"2025-04-24T11:56:47","guid":{"rendered":"https:\/\/cercledeconsciencia.com\/?post_type=mec-events&#038;p=5266"},"modified":"2025-10-14T11:37:37","modified_gmt":"2025-10-14T11:37:37","slug":"taller-de-masaje-psi-profundizacion-en-el-masaje-psico-somatico-integrativo","status":"publish","type":"mec-events","link":"https:\/\/cercledeconsciencia.com\/en\/actividades\/taller-de-masaje-psi-profundizacion-en-el-masaje-psico-somatico-integrativo\/","title":{"rendered":"PSI Massage Workshop: deepening in Integrative Psycho-Somatic Massage"},"content":{"rendered":"<div>\n<p>This workshop is aimed at TCI students and alumni who wish to deepen their knowledge of PSI massage and also for those who want to learn about this valuable tool of integrative body therapy.<\/p>\n<\/div>\n<div>Space dedicated to:<br \/>\n- Learn how to use P.S.I. massage to unblock the muscular armour.<br \/>\n- To deepen body reading.<br \/>\n- Recognise tensions and pressure points or trigger points.<br \/>\n- Work from the observation of breathing and the energy currents that arise during the session.<\/div>\n<div>The work will be experiential, allowing you to learn how to apply P.S.I. massage as a therapist and experience the work as a patient.<\/div>\n<div>\n<hr \/>\n<\/div>\n<div><\/div>\n<div><strong>Date<\/strong>: <strong>Saturday<\/strong>, <strong>25 October 2025\u00a0<\/strong>from 9.30 to 14hs and from 16hs to 20.30hs.<\/p>\n<\/div>\n<div><strong>Space<\/strong>Not in the usual room of Cercle de Consci\u00e8ncia Mallorca. It will be held at the Sala NIRODHA in C\/ d'Antoni Lliteres, 4, Ponent, Palma.<\/p>\n<\/div>\n<div><strong>Price<\/strong>: 120\u20ac<\/p>\n<\/div>\n<div><strong>More information and registration<\/strong>: 669 557841 |\u00a0 <a href=\"mailto:gastonarzuaga@hotmail.com\" target=\"_blank\" rel=\"noopener\">gastonarzuaga@hotmail.com<\/a><\/div>\n<div><\/div>\n<div><strong>Teacher: Gast\u00f3n Arzuaga<\/strong>. Osteopath, Integrative Body Therapist and teacher of TCI training. Trained in Psychomorphology with Sergio Veleda and Ev\u00e2nia Reichert.<\/div>","protected":false},"excerpt":{"rendered":"<p>Este taller va dirigido a alumnxs y exalumnxs de TCI que deseen profundizar en el masaje PSI y tambi\u00e9n para aquellas personas que quieran conocer esta valiosa herramienta de la [&hellip;]<\/p>\n","protected":false},"author":2,"featured_media":5267,"comment_status":"closed","ping_status":"closed","template":"","tags":[],"mec_category":[71,83,105],"mec_speaker":[],"class_list":["post-5266","mec-events","type-mec-events","status-publish","has-post-thumbnail","hentry","mec_category-cuerpo","mec_category-masaje","mec_category-taller-puntual"],"yoast_head":"<!-- This site is optimized with the Yoast SEO plugin v27.4 - https:\/\/yoast.com\/product\/yoast-seo-wordpress\/ -->\n<title>Taller de Masaje PSI: profundizaci\u00f3n en el masaje Psico Som\u00e1tico Integrativo - Cercle de Consci\u00e8ncia<\/title>\n<meta name=\"robots\" content=\"index, follow, max-snippet:-1, max-image-preview:large, max-video-preview:-1\" \/>\n<link rel=\"canonical\" href=\"https:\/\/cercledeconsciencia.com\/en\/activities\/taller-de-masaje-psi-profundizacion-en-el-masaje-psico-somatico-integrativo\/\" \/>\n<meta property=\"og:locale\" content=\"en_GB\" \/>\n<meta property=\"og:type\" content=\"article\" \/>\n<meta property=\"og:title\" content=\"Taller de Masaje PSI: profundizaci\u00f3n en el masaje Psico Som\u00e1tico Integrativo - Cercle de Consci\u00e8ncia\" \/>\n<meta property=\"og:description\" content=\"Este taller va dirigido a alumnxs y exalumnxs de TCI que deseen profundizar en el masaje PSI y tambi\u00e9n para aquellas personas que quieran conocer esta valiosa herramienta de la [&hellip;]\" \/>\n<meta property=\"og:url\" content=\"https:\/\/cercledeconsciencia.com\/en\/activities\/taller-de-masaje-psi-profundizacion-en-el-masaje-psico-somatico-integrativo\/\" \/>\n<meta property=\"og:site_name\" content=\"Cercle de Consci\u00e8ncia\" \/>\n<meta property=\"article:publisher\" content=\"https:\/\/www.facebook.com\/Cercledeconscienciabarcelona?_rdr\" \/>\n<meta property=\"article:modified_time\" content=\"2025-10-14T11:37:37+00:00\" \/>\n<meta property=\"og:image\" content=\"https:\/\/cercledeconsciencia.com\/wp-content\/uploads\/2025\/04\/Captura-de-pantalla-2025-04-24-a-las-13.48.27.png\" \/>\n\t<meta property=\"og:image:width\" content=\"862\" \/>\n\t<meta property=\"og:image:height\" content=\"631\" \/>\n\t<meta property=\"og:image:type\" content=\"image\/png\" \/>\n<meta name=\"twitter:card\" content=\"summary_large_image\" \/>\n<meta name=\"twitter:label1\" content=\"Estimated reading time\" \/>\n\t<meta name=\"twitter:data1\" content=\"1 minute\" \/>\n<script type=\"application\/ld+json\" class=\"yoast-schema-graph\">{\"@context\":\"https:\\\/\\\/schema.org\",\"@graph\":[{\"@type\":\"WebPage\",\"@id\":\"https:\\\/\\\/cercledeconsciencia.com\\\/actividades\\\/taller-de-masaje-psi-profundizacion-en-el-masaje-psico-somatico-integrativo\\\/\",\"url\":\"https:\\\/\\\/cercledeconsciencia.com\\\/actividades\\\/taller-de-masaje-psi-profundizacion-en-el-masaje-psico-somatico-integrativo\\\/\",\"name\":\"Taller de Masaje PSI: profundizaci\u00f3n en el masaje Psico Som\u00e1tico Integrativo - Cercle de Consci\u00e8ncia\",\"isPartOf\":{\"@id\":\"https:\\\/\\\/cercledeconsciencia.com\\\/#website\"},\"primaryImageOfPage\":{\"@id\":\"https:\\\/\\\/cercledeconsciencia.com\\\/actividades\\\/taller-de-masaje-psi-profundizacion-en-el-masaje-psico-somatico-integrativo\\\/#primaryimage\"},\"image\":{\"@id\":\"https:\\\/\\\/cercledeconsciencia.com\\\/actividades\\\/taller-de-masaje-psi-profundizacion-en-el-masaje-psico-somatico-integrativo\\\/#primaryimage\"},\"thumbnailUrl\":\"https:\\\/\\\/cercledeconsciencia.com\\\/wp-content\\\/uploads\\\/2025\\\/04\\\/Captura-de-pantalla-2025-04-24-a-las-13.48.27.png\",\"datePublished\":\"2025-04-24T11:56:47+00:00\",\"dateModified\":\"2025-10-14T11:37:37+00:00\",\"breadcrumb\":{\"@id\":\"https:\\\/\\\/cercledeconsciencia.com\\\/actividades\\\/taller-de-masaje-psi-profundizacion-en-el-masaje-psico-somatico-integrativo\\\/#breadcrumb\"},\"inLanguage\":\"en-GB\",\"potentialAction\":[{\"@type\":\"ReadAction\",\"target\":[\"https:\\\/\\\/cercledeconsciencia.com\\\/actividades\\\/taller-de-masaje-psi-profundizacion-en-el-masaje-psico-somatico-integrativo\\\/\"]}]},{\"@type\":\"ImageObject\",\"inLanguage\":\"en-GB\",\"@id\":\"https:\\\/\\\/cercledeconsciencia.com\\\/actividades\\\/taller-de-masaje-psi-profundizacion-en-el-masaje-psico-somatico-integrativo\\\/#primaryimage\",\"url\":\"https:\\\/\\\/cercledeconsciencia.com\\\/wp-content\\\/uploads\\\/2025\\\/04\\\/Captura-de-pantalla-2025-04-24-a-las-13.48.27.png\",\"contentUrl\":\"https:\\\/\\\/cercledeconsciencia.com\\\/wp-content\\\/uploads\\\/2025\\\/04\\\/Captura-de-pantalla-2025-04-24-a-las-13.48.27.png\",\"width\":862,\"height\":631},{\"@type\":\"BreadcrumbList\",\"@id\":\"https:\\\/\\\/cercledeconsciencia.com\\\/actividades\\\/taller-de-masaje-psi-profundizacion-en-el-masaje-psico-somatico-integrativo\\\/#breadcrumb\",\"itemListElement\":[{\"@type\":\"ListItem\",\"position\":1,\"name\":\"Portada\",\"item\":\"https:\\\/\\\/cercledeconsciencia.com\\\/\"},{\"@type\":\"ListItem\",\"position\":2,\"name\":\"Eventos\",\"item\":\"https:\\\/\\\/cercledeconsciencia.com\\\/actividades\\\/\"},{\"@type\":\"ListItem\",\"position\":3,\"name\":\"Taller de Masaje PSI: profundizaci\u00f3n en el masaje Psico Som\u00e1tico Integrativo\"}]},{\"@type\":\"WebSite\",\"@id\":\"https:\\\/\\\/cercledeconsciencia.com\\\/#website\",\"url\":\"https:\\\/\\\/cercledeconsciencia.com\\\/\",\"name\":\"Cercle de Consci\u00e8ncia\",\"description\":\"Centro de Formaci\u00f3n y Terapias\",\"publisher\":{\"@id\":\"https:\\\/\\\/cercledeconsciencia.com\\\/#organization\"},\"potentialAction\":[{\"@type\":\"SearchAction\",\"target\":{\"@type\":\"EntryPoint\",\"urlTemplate\":\"https:\\\/\\\/cercledeconsciencia.com\\\/?s={search_term_string}\"},\"query-input\":{\"@type\":\"PropertyValueSpecification\",\"valueRequired\":true,\"valueName\":\"search_term_string\"}}],\"inLanguage\":\"en-GB\"},{\"@type\":\"Organization\",\"@id\":\"https:\\\/\\\/cercledeconsciencia.com\\\/#organization\",\"name\":\"Cercle de Consci\u00e8ncia\",\"url\":\"https:\\\/\\\/cercledeconsciencia.com\\\/\",\"logo\":{\"@type\":\"ImageObject\",\"inLanguage\":\"en-GB\",\"@id\":\"https:\\\/\\\/cercledeconsciencia.com\\\/#\\\/schema\\\/logo\\\/image\\\/\",\"url\":\"https:\\\/\\\/cercledeconsciencia.com\\\/wp-content\\\/uploads\\\/2023\\\/07\\\/logo.png\",\"contentUrl\":\"https:\\\/\\\/cercledeconsciencia.com\\\/wp-content\\\/uploads\\\/2023\\\/07\\\/logo.png\",\"width\":239,\"height\":68,\"caption\":\"Cercle de Consci\u00e8ncia\"},\"image\":{\"@id\":\"https:\\\/\\\/cercledeconsciencia.com\\\/#\\\/schema\\\/logo\\\/image\\\/\"},\"sameAs\":[\"https:\\\/\\\/www.facebook.com\\\/Cercledeconscienciabarcelona?_rdr\",\"https:\\\/\\\/www.instagram.com\\\/cercledeconsciencia\\\/\",\"https:\\\/\\\/www.youtube.com\\\/c\\\/cercledeconsciencia\"]}]}<\/script>\n<!-- \/ Yoast SEO plugin. -->","yoast_head_json":{"title":"Taller de Masaje PSI: profundizaci\u00f3n en el masaje Psico Som\u00e1tico Integrativo - Cercle de Consci\u00e8ncia","robots":{"index":"index","follow":"follow","max-snippet":"max-snippet:-1","max-image-preview":"max-image-preview:large","max-video-preview":"max-video-preview:-1"},"canonical":"https:\/\/cercledeconsciencia.com\/en\/activities\/taller-de-masaje-psi-profundizacion-en-el-masaje-psico-somatico-integrativo\/","og_locale":"en_GB","og_type":"article","og_title":"Taller de Masaje PSI: profundizaci\u00f3n en el masaje Psico Som\u00e1tico Integrativo - Cercle de Consci\u00e8ncia","og_description":"Este taller va dirigido a alumnxs y exalumnxs de TCI que deseen profundizar en el masaje PSI y tambi\u00e9n para aquellas personas que quieran conocer esta valiosa herramienta de la [&hellip;]","og_url":"https:\/\/cercledeconsciencia.com\/en\/activities\/taller-de-masaje-psi-profundizacion-en-el-masaje-psico-somatico-integrativo\/","og_site_name":"Cercle de Consci\u00e8ncia","article_publisher":"https:\/\/www.facebook.com\/Cercledeconscienciabarcelona?_rdr","article_modified_time":"2025-10-14T11:37:37+00:00","og_image":[{"width":862,"height":631,"url":"https:\/\/cercledeconsciencia.com\/wp-content\/uploads\/2025\/04\/Captura-de-pantalla-2025-04-24-a-las-13.48.27.png","type":"image\/png"}],"twitter_card":"summary_large_image","twitter_misc":{"Estimated reading time":"1 minute"},"schema":{"@context":"https:\/\/schema.org","@graph":[{"@type":"WebPage","@id":"https:\/\/cercledeconsciencia.com\/actividades\/taller-de-masaje-psi-profundizacion-en-el-masaje-psico-somatico-integrativo\/","url":"https:\/\/cercledeconsciencia.com\/actividades\/taller-de-masaje-psi-profundizacion-en-el-masaje-psico-somatico-integrativo\/","name":"Taller de Masaje PSI: profundizaci\u00f3n en el masaje Psico Som\u00e1tico Integrativo - Cercle de Consci\u00e8ncia","isPartOf":{"@id":"https:\/\/cercledeconsciencia.com\/#website"},"primaryImageOfPage":{"@id":"https:\/\/cercledeconsciencia.com\/actividades\/taller-de-masaje-psi-profundizacion-en-el-masaje-psico-somatico-integrativo\/#primaryimage"},"image":{"@id":"https:\/\/cercledeconsciencia.com\/actividades\/taller-de-masaje-psi-profundizacion-en-el-masaje-psico-somatico-integrativo\/#primaryimage"},"thumbnailUrl":"https:\/\/cercledeconsciencia.com\/wp-content\/uploads\/2025\/04\/Captura-de-pantalla-2025-04-24-a-las-13.48.27.png","datePublished":"2025-04-24T11:56:47+00:00","dateModified":"2025-10-14T11:37:37+00:00","breadcrumb":{"@id":"https:\/\/cercledeconsciencia.com\/actividades\/taller-de-masaje-psi-profundizacion-en-el-masaje-psico-somatico-integrativo\/#breadcrumb"},"inLanguage":"en-GB","potentialAction":[{"@type":"ReadAction","target":["https:\/\/cercledeconsciencia.com\/actividades\/taller-de-masaje-psi-profundizacion-en-el-masaje-psico-somatico-integrativo\/"]}]},{"@type":"ImageObject","inLanguage":"en-GB","@id":"https:\/\/cercledeconsciencia.com\/actividades\/taller-de-masaje-psi-profundizacion-en-el-masaje-psico-somatico-integrativo\/#primaryimage","url":"https:\/\/cercledeconsciencia.com\/wp-content\/uploads\/2025\/04\/Captura-de-pantalla-2025-04-24-a-las-13.48.27.png","contentUrl":"https:\/\/cercledeconsciencia.com\/wp-content\/uploads\/2025\/04\/Captura-de-pantalla-2025-04-24-a-las-13.48.27.png","width":862,"height":631},{"@type":"BreadcrumbList","@id":"https:\/\/cercledeconsciencia.com\/actividades\/taller-de-masaje-psi-profundizacion-en-el-masaje-psico-somatico-integrativo\/#breadcrumb","itemListElement":[{"@type":"ListItem","position":1,"name":"Portada","item":"https:\/\/cercledeconsciencia.com\/"},{"@type":"ListItem","position":2,"name":"Eventos","item":"https:\/\/cercledeconsciencia.com\/actividades\/"},{"@type":"ListItem","position":3,"name":"Taller de Masaje PSI: profundizaci\u00f3n en el masaje Psico Som\u00e1tico Integrativo"}]},{"@type":"WebSite","@id":"https:\/\/cercledeconsciencia.com\/#website","url":"https:\/\/cercledeconsciencia.com\/","name":"Circle of Conscience","description":"Training and Therapy Centre","publisher":{"@id":"https:\/\/cercledeconsciencia.com\/#organization"},"potentialAction":[{"@type":"SearchAction","target":{"@type":"EntryPoint","urlTemplate":"https:\/\/cercledeconsciencia.com\/?s={search_term_string}"},"query-input":{"@type":"PropertyValueSpecification","valueRequired":true,"valueName":"search_term_string"}}],"inLanguage":"en-GB"},{"@type":"Organization","@id":"https:\/\/cercledeconsciencia.com\/#organization","name":"Circle of Conscience","url":"https:\/\/cercledeconsciencia.com\/","logo":{"@type":"ImageObject","inLanguage":"en-GB","@id":"https:\/\/cercledeconsciencia.com\/#\/schema\/logo\/image\/","url":"https:\/\/cercledeconsciencia.com\/wp-content\/uploads\/2023\/07\/logo.png","contentUrl":"https:\/\/cercledeconsciencia.com\/wp-content\/uploads\/2023\/07\/logo.png","width":239,"height":68,"caption":"Cercle de Consci\u00e8ncia"},"image":{"@id":"https:\/\/cercledeconsciencia.com\/#\/schema\/logo\/image\/"},"sameAs":["https:\/\/www.facebook.com\/Cercledeconscienciabarcelona?_rdr","https:\/\/www.instagram.com\/cercledeconsciencia\/","https:\/\/www.youtube.com\/c\/cercledeconsciencia"]}]}},"_links":{"self":[{"href":"https:\/\/cercledeconsciencia.com\/en\/wp-json\/wp\/v2\/mec-events\/5266","targetHints":{"allow":["GET"]}}],"collection":[{"href":"https:\/\/cercledeconsciencia.com\/en\/wp-json\/wp\/v2\/mec-events"}],"about":[{"href":"https:\/\/cercledeconsciencia.com\/en\/wp-json\/wp\/v2\/types\/mec-events"}],"author":[{"embeddable":true,"href":"https:\/\/cercledeconsciencia.com\/en\/wp-json\/wp\/v2\/users\/2"}],"replies":[{"embeddable":true,"href":"https:\/\/cercledeconsciencia.com\/en\/wp-json\/wp\/v2\/comments?post=5266"}],"wp:featuredmedia":[{"embeddable":true,"href":"https:\/\/cercledeconsciencia.com\/en\/wp-json\/wp\/v2\/media\/5267"}],"wp:attachment":[{"href":"https:\/\/cercledeconsciencia.com\/en\/wp-json\/wp\/v2\/media?parent=5266"}],"wp:term":[{"taxonomy":"post_tag","embeddable":true,"href":"https:\/\/cercledeconsciencia.com\/en\/wp-json\/wp\/v2\/tags?post=5266"},{"taxonomy":"mec_category","embeddable":true,"href":"https:\/\/cercledeconsciencia.com\/en\/wp-json\/wp\/v2\/mec_category?post=5266"},{"taxonomy":"mec_speaker","embeddable":true,"href":"https:\/\/cercledeconsciencia.com\/en\/wp-json\/wp\/v2\/mec_speaker?post=5266"}],"curies":[{"name":"wp","href":"https:\/\/api.w.org\/{rel}","templated":true}]}}