{"id":5394,"date":"2025-06-18T10:33:29","date_gmt":"2025-06-18T10:33:29","guid":{"rendered":"https:\/\/cercledeconsciencia.com\/?post_type=mec-events&#038;p=5394"},"modified":"2025-10-06T12:22:17","modified_gmt":"2025-10-06T12:22:17","slug":"free-your-characters-therapeutic-theatre","status":"publish","type":"mec-events","link":"https:\/\/cercledeconsciencia.com\/en\/actividades\/libera-tus-personajes-teatro-terapeutico\/","title":{"rendered":"Free your Characters. Therapeutic Theatre."},"content":{"rendered":"<p><strong>Theatre deals with what happens here and now, it is experiential and has a direct relationship with emotions.<\/strong><\/p>\n<p>We will inhabit the space by learning to observe our own character and inner abilities. We will explore our creativity, giving ourselves permission to BE, to be present with all our characters.<\/p>\n<p>A workshop in which we dive into the adventure of playing, where error is our ally, where we show and find ourselves, complete people, feeling the freedom of spontaneous expression, approaching our essence from the honesty of the present moment and the organic response, creating an enriching experience of group energy.<\/p>\n<p><strong>Imparte<\/strong>: <strong>Kika Aguil\u00f3 Moll<\/strong>Integrative Body Therapist, trained in performing arts applied to teaching. Dr. Claudio Naranjo's SAT programme and training courses with Alain Vigneau and Catalina Llad\u00f3.<\/p>\n<p><strong>CALENDAR<\/strong>: Wednesday fortnightly from 18.30 to 20.30h<\/p>\n<p>1 and 15 October : 5 and 19 November : 3 and 10 December : 14 and 28 January<br \/>\n11 and 25 February : 11 and 25 March : 8 and 22 April : 6 and 20 May : 3 and 17 June<\/p>\n<p><strong>More information and registration<\/strong>: somnakika@gmail.com | 645 33 94 14<\/p>\n<p><strong>Price<\/strong>Monthly: 45\u20ac | Quarterly: 120\u20ac.<\/p>\n<p>At Cercle de Consci\u00e8ncia Mallorca (C\/ Ciutat de Quer\u00e9taro, 6 2\u00ba 1\u00aa)<\/p>\n<p>*Prior registration is compulsory.<\/p>","protected":false},"excerpt":{"rendered":"<p>El teatro se ocupa de lo que sucede aqu\u00ed y ahora, es vivencial y tiene una relaci\u00f3n directa con las emociones. Habitaremos el espacio aprendiendo a observar nuestro propio car\u00e1cter [&hellip;]<\/p>\n","protected":false},"author":2,"featured_media":5395,"comment_status":"closed","ping_status":"closed","template":"","tags":[],"mec_category":[145,57,69],"mec_speaker":[118],"class_list":["post-5394","mec-events","type-mec-events","status-publish","has-post-thumbnail","hentry","mec_category-grupos-regulares","mec_category-taller-regular","mec_category-teatro"],"yoast_head":"<!-- This site is optimized with the Yoast SEO plugin v27.4 - https:\/\/yoast.com\/product\/yoast-seo-wordpress\/ -->\n<title>Libera tus Personajes. Teatro Terap\u00e9utico. - Cercle de Consci\u00e8ncia<\/title>\n<meta name=\"robots\" content=\"index, follow, max-snippet:-1, max-image-preview:large, max-video-preview:-1\" \/>\n<link rel=\"canonical\" href=\"https:\/\/cercledeconsciencia.com\/en\/activities\/free-your-characters-therapeutic-theatre\/\" \/>\n<meta property=\"og:locale\" content=\"en_GB\" \/>\n<meta property=\"og:type\" content=\"article\" \/>\n<meta property=\"og:title\" content=\"Libera tus Personajes. Teatro Terap\u00e9utico. - Cercle de Consci\u00e8ncia\" \/>\n<meta property=\"og:description\" content=\"El teatro se ocupa de lo que sucede aqu\u00ed y ahora, es vivencial y tiene una relaci\u00f3n directa con las emociones. Habitaremos el espacio aprendiendo a observar nuestro propio car\u00e1cter [&hellip;]\" \/>\n<meta property=\"og:url\" content=\"https:\/\/cercledeconsciencia.com\/en\/activities\/free-your-characters-therapeutic-theatre\/\" \/>\n<meta property=\"og:site_name\" content=\"Cercle de Consci\u00e8ncia\" \/>\n<meta property=\"article:publisher\" content=\"https:\/\/www.facebook.com\/Cercledeconscienciabarcelona?_rdr\" \/>\n<meta property=\"article:modified_time\" content=\"2025-10-06T12:22:17+00:00\" \/>\n<meta property=\"og:image\" content=\"https:\/\/cercledeconsciencia.com\/wp-content\/uploads\/2025\/06\/nube-blanca-abstracta-piernas-maniqui-metafora-alma_204298-2517.jpg\" \/>\n\t<meta property=\"og:image:width\" content=\"740\" \/>\n\t<meta property=\"og:image:height\" content=\"555\" \/>\n\t<meta property=\"og:image:type\" content=\"image\/jpeg\" \/>\n<meta name=\"twitter:card\" content=\"summary_large_image\" \/>\n<meta name=\"twitter:label1\" content=\"Estimated reading time\" \/>\n\t<meta name=\"twitter:data1\" content=\"2 minutes\" \/>\n<script type=\"application\/ld+json\" class=\"yoast-schema-graph\">{\"@context\":\"https:\\\/\\\/schema.org\",\"@graph\":[{\"@type\":\"WebPage\",\"@id\":\"https:\\\/\\\/cercledeconsciencia.com\\\/actividades\\\/libera-tus-personajes-teatro-terapeutico\\\/\",\"url\":\"https:\\\/\\\/cercledeconsciencia.com\\\/actividades\\\/libera-tus-personajes-teatro-terapeutico\\\/\",\"name\":\"Libera tus Personajes. Teatro Terap\u00e9utico. - Cercle de Consci\u00e8ncia\",\"isPartOf\":{\"@id\":\"https:\\\/\\\/cercledeconsciencia.com\\\/#website\"},\"primaryImageOfPage\":{\"@id\":\"https:\\\/\\\/cercledeconsciencia.com\\\/actividades\\\/libera-tus-personajes-teatro-terapeutico\\\/#primaryimage\"},\"image\":{\"@id\":\"https:\\\/\\\/cercledeconsciencia.com\\\/actividades\\\/libera-tus-personajes-teatro-terapeutico\\\/#primaryimage\"},\"thumbnailUrl\":\"https:\\\/\\\/cercledeconsciencia.com\\\/wp-content\\\/uploads\\\/2025\\\/06\\\/nube-blanca-abstracta-piernas-maniqui-metafora-alma_204298-2517.jpg\",\"datePublished\":\"2025-06-18T10:33:29+00:00\",\"dateModified\":\"2025-10-06T12:22:17+00:00\",\"breadcrumb\":{\"@id\":\"https:\\\/\\\/cercledeconsciencia.com\\\/actividades\\\/libera-tus-personajes-teatro-terapeutico\\\/#breadcrumb\"},\"inLanguage\":\"en-GB\",\"potentialAction\":[{\"@type\":\"ReadAction\",\"target\":[\"https:\\\/\\\/cercledeconsciencia.com\\\/actividades\\\/libera-tus-personajes-teatro-terapeutico\\\/\"]}]},{\"@type\":\"ImageObject\",\"inLanguage\":\"en-GB\",\"@id\":\"https:\\\/\\\/cercledeconsciencia.com\\\/actividades\\\/libera-tus-personajes-teatro-terapeutico\\\/#primaryimage\",\"url\":\"https:\\\/\\\/cercledeconsciencia.com\\\/wp-content\\\/uploads\\\/2025\\\/06\\\/nube-blanca-abstracta-piernas-maniqui-metafora-alma_204298-2517.jpg\",\"contentUrl\":\"https:\\\/\\\/cercledeconsciencia.com\\\/wp-content\\\/uploads\\\/2025\\\/06\\\/nube-blanca-abstracta-piernas-maniqui-metafora-alma_204298-2517.jpg\",\"width\":740,\"height\":555},{\"@type\":\"BreadcrumbList\",\"@id\":\"https:\\\/\\\/cercledeconsciencia.com\\\/actividades\\\/libera-tus-personajes-teatro-terapeutico\\\/#breadcrumb\",\"itemListElement\":[{\"@type\":\"ListItem\",\"position\":1,\"name\":\"Portada\",\"item\":\"https:\\\/\\\/cercledeconsciencia.com\\\/\"},{\"@type\":\"ListItem\",\"position\":2,\"name\":\"Eventos\",\"item\":\"https:\\\/\\\/cercledeconsciencia.com\\\/actividades\\\/\"},{\"@type\":\"ListItem\",\"position\":3,\"name\":\"Libera tus Personajes. Teatro Terap\u00e9utico.\"}]},{\"@type\":\"WebSite\",\"@id\":\"https:\\\/\\\/cercledeconsciencia.com\\\/#website\",\"url\":\"https:\\\/\\\/cercledeconsciencia.com\\\/\",\"name\":\"Cercle de Consci\u00e8ncia\",\"description\":\"Centro de Formaci\u00f3n y Terapias\",\"publisher\":{\"@id\":\"https:\\\/\\\/cercledeconsciencia.com\\\/#organization\"},\"potentialAction\":[{\"@type\":\"SearchAction\",\"target\":{\"@type\":\"EntryPoint\",\"urlTemplate\":\"https:\\\/\\\/cercledeconsciencia.com\\\/?s={search_term_string}\"},\"query-input\":{\"@type\":\"PropertyValueSpecification\",\"valueRequired\":true,\"valueName\":\"search_term_string\"}}],\"inLanguage\":\"en-GB\"},{\"@type\":\"Organization\",\"@id\":\"https:\\\/\\\/cercledeconsciencia.com\\\/#organization\",\"name\":\"Cercle de Consci\u00e8ncia\",\"url\":\"https:\\\/\\\/cercledeconsciencia.com\\\/\",\"logo\":{\"@type\":\"ImageObject\",\"inLanguage\":\"en-GB\",\"@id\":\"https:\\\/\\\/cercledeconsciencia.com\\\/#\\\/schema\\\/logo\\\/image\\\/\",\"url\":\"https:\\\/\\\/cercledeconsciencia.com\\\/wp-content\\\/uploads\\\/2023\\\/07\\\/logo.png\",\"contentUrl\":\"https:\\\/\\\/cercledeconsciencia.com\\\/wp-content\\\/uploads\\\/2023\\\/07\\\/logo.png\",\"width\":239,\"height\":68,\"caption\":\"Cercle de Consci\u00e8ncia\"},\"image\":{\"@id\":\"https:\\\/\\\/cercledeconsciencia.com\\\/#\\\/schema\\\/logo\\\/image\\\/\"},\"sameAs\":[\"https:\\\/\\\/www.facebook.com\\\/Cercledeconscienciabarcelona?_rdr\",\"https:\\\/\\\/www.instagram.com\\\/cercledeconsciencia\\\/\",\"https:\\\/\\\/www.youtube.com\\\/c\\\/cercledeconsciencia\"]}]}<\/script>\n<!-- \/ Yoast SEO plugin. -->","yoast_head_json":{"title":"Libera tus Personajes. Teatro Terap\u00e9utico. - Cercle de Consci\u00e8ncia","robots":{"index":"index","follow":"follow","max-snippet":"max-snippet:-1","max-image-preview":"max-image-preview:large","max-video-preview":"max-video-preview:-1"},"canonical":"https:\/\/cercledeconsciencia.com\/en\/activities\/free-your-characters-therapeutic-theatre\/","og_locale":"en_GB","og_type":"article","og_title":"Libera tus Personajes. Teatro Terap\u00e9utico. - Cercle de Consci\u00e8ncia","og_description":"El teatro se ocupa de lo que sucede aqu\u00ed y ahora, es vivencial y tiene una relaci\u00f3n directa con las emociones. Habitaremos el espacio aprendiendo a observar nuestro propio car\u00e1cter [&hellip;]","og_url":"https:\/\/cercledeconsciencia.com\/en\/activities\/free-your-characters-therapeutic-theatre\/","og_site_name":"Cercle de Consci\u00e8ncia","article_publisher":"https:\/\/www.facebook.com\/Cercledeconscienciabarcelona?_rdr","article_modified_time":"2025-10-06T12:22:17+00:00","og_image":[{"width":740,"height":555,"url":"https:\/\/cercledeconsciencia.com\/wp-content\/uploads\/2025\/06\/nube-blanca-abstracta-piernas-maniqui-metafora-alma_204298-2517.jpg","type":"image\/jpeg"}],"twitter_card":"summary_large_image","twitter_misc":{"Estimated reading time":"2 minutes"},"schema":{"@context":"https:\/\/schema.org","@graph":[{"@type":"WebPage","@id":"https:\/\/cercledeconsciencia.com\/actividades\/libera-tus-personajes-teatro-terapeutico\/","url":"https:\/\/cercledeconsciencia.com\/actividades\/libera-tus-personajes-teatro-terapeutico\/","name":"Libera tus Personajes. Teatro Terap\u00e9utico. - Cercle de Consci\u00e8ncia","isPartOf":{"@id":"https:\/\/cercledeconsciencia.com\/#website"},"primaryImageOfPage":{"@id":"https:\/\/cercledeconsciencia.com\/actividades\/libera-tus-personajes-teatro-terapeutico\/#primaryimage"},"image":{"@id":"https:\/\/cercledeconsciencia.com\/actividades\/libera-tus-personajes-teatro-terapeutico\/#primaryimage"},"thumbnailUrl":"https:\/\/cercledeconsciencia.com\/wp-content\/uploads\/2025\/06\/nube-blanca-abstracta-piernas-maniqui-metafora-alma_204298-2517.jpg","datePublished":"2025-06-18T10:33:29+00:00","dateModified":"2025-10-06T12:22:17+00:00","breadcrumb":{"@id":"https:\/\/cercledeconsciencia.com\/actividades\/libera-tus-personajes-teatro-terapeutico\/#breadcrumb"},"inLanguage":"en-GB","potentialAction":[{"@type":"ReadAction","target":["https:\/\/cercledeconsciencia.com\/actividades\/libera-tus-personajes-teatro-terapeutico\/"]}]},{"@type":"ImageObject","inLanguage":"en-GB","@id":"https:\/\/cercledeconsciencia.com\/actividades\/libera-tus-personajes-teatro-terapeutico\/#primaryimage","url":"https:\/\/cercledeconsciencia.com\/wp-content\/uploads\/2025\/06\/nube-blanca-abstracta-piernas-maniqui-metafora-alma_204298-2517.jpg","contentUrl":"https:\/\/cercledeconsciencia.com\/wp-content\/uploads\/2025\/06\/nube-blanca-abstracta-piernas-maniqui-metafora-alma_204298-2517.jpg","width":740,"height":555},{"@type":"BreadcrumbList","@id":"https:\/\/cercledeconsciencia.com\/actividades\/libera-tus-personajes-teatro-terapeutico\/#breadcrumb","itemListElement":[{"@type":"ListItem","position":1,"name":"Portada","item":"https:\/\/cercledeconsciencia.com\/"},{"@type":"ListItem","position":2,"name":"Eventos","item":"https:\/\/cercledeconsciencia.com\/actividades\/"},{"@type":"ListItem","position":3,"name":"Libera tus Personajes. Teatro Terap\u00e9utico."}]},{"@type":"WebSite","@id":"https:\/\/cercledeconsciencia.com\/#website","url":"https:\/\/cercledeconsciencia.com\/","name":"Circle of Conscience","description":"Training and Therapy Centre","publisher":{"@id":"https:\/\/cercledeconsciencia.com\/#organization"},"potentialAction":[{"@type":"SearchAction","target":{"@type":"EntryPoint","urlTemplate":"https:\/\/cercledeconsciencia.com\/?s={search_term_string}"},"query-input":{"@type":"PropertyValueSpecification","valueRequired":true,"valueName":"search_term_string"}}],"inLanguage":"en-GB"},{"@type":"Organization","@id":"https:\/\/cercledeconsciencia.com\/#organization","name":"Circle of Conscience","url":"https:\/\/cercledeconsciencia.com\/","logo":{"@type":"ImageObject","inLanguage":"en-GB","@id":"https:\/\/cercledeconsciencia.com\/#\/schema\/logo\/image\/","url":"https:\/\/cercledeconsciencia.com\/wp-content\/uploads\/2023\/07\/logo.png","contentUrl":"https:\/\/cercledeconsciencia.com\/wp-content\/uploads\/2023\/07\/logo.png","width":239,"height":68,"caption":"Cercle de Consci\u00e8ncia"},"image":{"@id":"https:\/\/cercledeconsciencia.com\/#\/schema\/logo\/image\/"},"sameAs":["https:\/\/www.facebook.com\/Cercledeconscienciabarcelona?_rdr","https:\/\/www.instagram.com\/cercledeconsciencia\/","https:\/\/www.youtube.com\/c\/cercledeconsciencia"]}]}},"_links":{"self":[{"href":"https:\/\/cercledeconsciencia.com\/en\/wp-json\/wp\/v2\/mec-events\/5394","targetHints":{"allow":["GET"]}}],"collection":[{"href":"https:\/\/cercledeconsciencia.com\/en\/wp-json\/wp\/v2\/mec-events"}],"about":[{"href":"https:\/\/cercledeconsciencia.com\/en\/wp-json\/wp\/v2\/types\/mec-events"}],"author":[{"embeddable":true,"href":"https:\/\/cercledeconsciencia.com\/en\/wp-json\/wp\/v2\/users\/2"}],"replies":[{"embeddable":true,"href":"https:\/\/cercledeconsciencia.com\/en\/wp-json\/wp\/v2\/comments?post=5394"}],"wp:featuredmedia":[{"embeddable":true,"href":"https:\/\/cercledeconsciencia.com\/en\/wp-json\/wp\/v2\/media\/5395"}],"wp:attachment":[{"href":"https:\/\/cercledeconsciencia.com\/en\/wp-json\/wp\/v2\/media?parent=5394"}],"wp:term":[{"taxonomy":"post_tag","embeddable":true,"href":"https:\/\/cercledeconsciencia.com\/en\/wp-json\/wp\/v2\/tags?post=5394"},{"taxonomy":"mec_category","embeddable":true,"href":"https:\/\/cercledeconsciencia.com\/en\/wp-json\/wp\/v2\/mec_category?post=5394"},{"taxonomy":"mec_speaker","embeddable":true,"href":"https:\/\/cercledeconsciencia.com\/en\/wp-json\/wp\/v2\/mec_speaker?post=5394"}],"curies":[{"name":"wp","href":"https:\/\/api.w.org\/{rel}","templated":true}]}}