{"id":5431,"date":"2025-09-09T13:22:55","date_gmt":"2025-09-09T13:22:55","guid":{"rendered":"https:\/\/cercledeconsciencia.com\/?post_type=mec-events&#038;p=5431"},"modified":"2025-12-10T10:35:19","modified_gmt":"2025-12-10T10:35:19","slug":"circulo-de-danzaterapia-transpersonal-y-vincular","status":"publish","type":"mec-events","link":"https:\/\/cercledeconsciencia.com\/en\/actividades\/circulo-de-danzaterapia-transpersonal-y-vincular\/","title":{"rendered":"Transpersonal and Linking Dance Therapy Circle"},"content":{"rendered":"<h5>A journey of transformation through the body, expressive movement and meaning.<\/h5>\n<p>Group psychotherapeutic journey based on transpersonal dance therapy, deep psychology (Jungian) in movement and psycho-corporal therapy.<\/p>\n<p>Transpersonal dance therapy belongs to the group of creative arts in psychotherapy and is characterised by the use of creative and meaningful movement to integrate emotional, psychological or psychosomatic and spiritual processes.<\/p>\n<p>Also included are tools on nervous system regulation and the biology of trauma, conscious touch and non-violent communication.<\/p>\n<p>This proposal is created as a safe and respectful space to explore who we are and how we relate beyond our defence mechanisms and verbal language.<\/p>\n<p><em>No dance or movement experience is necessary.<\/em><\/p>\n<p>If you have any difficulty in movement - due to illness, poor mobility or any other reason - you are also welcome. The body communicates and expresses itself beyond your circumstances.<\/p>\n<p><strong>Who is it for?<\/strong><br \/>\nFor all those who wish to find in the way of the body, dance and the development of creativity in movement the desire to:<\/p>\n<ul>\n<li>Give space to sensations and emotions so that they can learn to recognise what they need.<\/li>\n<li>Getting closer to intuition.<\/li>\n<li>The desire to expand the capacity to feel and enjoy.<\/li>\n<\/ul>\n<p><strong>IMPARTE<\/strong>: <strong>Lorena Escribano<\/strong>. Psycho-corporal therapist trained in trauma and the nervous system, and transpersonal dance therapist. I accompany individual and group processes, carry out trainings and collaborate with private institutions, companies, universities, educational centres and hospitals.<\/p>\n<p><strong>CALENDAR:<\/strong><br \/>\nFirst cycle: 7 October, 11 November, 9 December<br \/>\nSecond cycle: 20 January, 17 February, 17 March<br \/>\nThird cycle: 21 April, 19 May, 9 June<\/p>\n<p>Timetable: from 6 p.m. to 9 p.m. Tuesdays monthly.<\/p>\n<p>Payment methods: Quarterly: \u20ac130 (last quarter: \u20ac173).<\/p>\n<p>*Prior registration is required. Limited places.<\/p>\n<p>\ud83d\udcde 651 112 315<br \/>\n\ud83d\udce9 info@dancingwaters.love<br \/>\n\ud83d\udccd Espai Tci \u2014 C\/ Pau Alsina, 35, Barcelona<\/p>\n<p>&nbsp;<\/p>","protected":false},"excerpt":{"rendered":"<p>Un viaje de transformaci\u00f3n a trav\u00e9s del cuerpo, el movimiento expresivo y sentido. Recorrido psicoterap\u00e9utico de \u00edndole grupal basado en la danzaterapia transpersonal, la psicologia profunda (junguiana) en movimiento y [&hellip;]<\/p>\n","protected":false},"author":2,"featured_media":5432,"comment_status":"closed","ping_status":"closed","template":"","tags":[],"mec_category":[49,71,80],"mec_speaker":[],"class_list":["post-5431","mec-events","type-mec-events","status-publish","has-post-thumbnail","hentry","mec_category-ciclos","mec_category-cuerpo","mec_category-enfoque-transpersonal"],"yoast_head":"<!-- This site is optimized with the Yoast SEO plugin v27.4 - https:\/\/yoast.com\/product\/yoast-seo-wordpress\/ -->\n<title>C\u00edrculo de Danzaterapia Transpersonal y Vincular - Cercle de Consci\u00e8ncia<\/title>\n<meta name=\"robots\" content=\"index, follow, max-snippet:-1, max-image-preview:large, max-video-preview:-1\" \/>\n<link rel=\"canonical\" href=\"https:\/\/cercledeconsciencia.com\/en\/activities\/circulo-de-danzaterapia-transpersonal-y-vincular\/\" \/>\n<meta property=\"og:locale\" content=\"en_GB\" \/>\n<meta property=\"og:type\" content=\"article\" \/>\n<meta property=\"og:title\" content=\"C\u00edrculo de Danzaterapia Transpersonal y Vincular - Cercle de Consci\u00e8ncia\" \/>\n<meta property=\"og:description\" content=\"Un viaje de transformaci\u00f3n a trav\u00e9s del cuerpo, el movimiento expresivo y sentido. Recorrido psicoterap\u00e9utico de \u00edndole grupal basado en la danzaterapia transpersonal, la psicologia profunda (junguiana) en movimiento y [&hellip;]\" \/>\n<meta property=\"og:url\" content=\"https:\/\/cercledeconsciencia.com\/en\/activities\/circulo-de-danzaterapia-transpersonal-y-vincular\/\" \/>\n<meta property=\"og:site_name\" content=\"Cercle de Consci\u00e8ncia\" \/>\n<meta property=\"article:publisher\" content=\"https:\/\/www.facebook.com\/Cercledeconscienciabarcelona?_rdr\" \/>\n<meta property=\"article:modified_time\" content=\"2025-12-10T10:35:19+00:00\" \/>\n<meta property=\"og:image\" content=\"https:\/\/cercledeconsciencia.com\/wp-content\/uploads\/2025\/09\/Captura-de-pantalla-2025-09-09-a-las-15.12.47.png\" \/>\n\t<meta property=\"og:image:width\" content=\"955\" \/>\n\t<meta property=\"og:image:height\" content=\"643\" \/>\n\t<meta property=\"og:image:type\" content=\"image\/png\" \/>\n<meta name=\"twitter:card\" content=\"summary_large_image\" \/>\n<meta name=\"twitter:label1\" content=\"Estimated reading time\" \/>\n\t<meta name=\"twitter:data1\" content=\"2 minutes\" \/>\n<script type=\"application\/ld+json\" class=\"yoast-schema-graph\">{\"@context\":\"https:\\\/\\\/schema.org\",\"@graph\":[{\"@type\":\"WebPage\",\"@id\":\"https:\\\/\\\/cercledeconsciencia.com\\\/actividades\\\/circulo-de-danzaterapia-transpersonal-y-vincular\\\/\",\"url\":\"https:\\\/\\\/cercledeconsciencia.com\\\/actividades\\\/circulo-de-danzaterapia-transpersonal-y-vincular\\\/\",\"name\":\"C\u00edrculo de Danzaterapia Transpersonal y Vincular - Cercle de Consci\u00e8ncia\",\"isPartOf\":{\"@id\":\"https:\\\/\\\/cercledeconsciencia.com\\\/#website\"},\"primaryImageOfPage\":{\"@id\":\"https:\\\/\\\/cercledeconsciencia.com\\\/actividades\\\/circulo-de-danzaterapia-transpersonal-y-vincular\\\/#primaryimage\"},\"image\":{\"@id\":\"https:\\\/\\\/cercledeconsciencia.com\\\/actividades\\\/circulo-de-danzaterapia-transpersonal-y-vincular\\\/#primaryimage\"},\"thumbnailUrl\":\"https:\\\/\\\/cercledeconsciencia.com\\\/wp-content\\\/uploads\\\/2025\\\/09\\\/Captura-de-pantalla-2025-09-09-a-las-15.12.47.png\",\"datePublished\":\"2025-09-09T13:22:55+00:00\",\"dateModified\":\"2025-12-10T10:35:19+00:00\",\"breadcrumb\":{\"@id\":\"https:\\\/\\\/cercledeconsciencia.com\\\/actividades\\\/circulo-de-danzaterapia-transpersonal-y-vincular\\\/#breadcrumb\"},\"inLanguage\":\"en-GB\",\"potentialAction\":[{\"@type\":\"ReadAction\",\"target\":[\"https:\\\/\\\/cercledeconsciencia.com\\\/actividades\\\/circulo-de-danzaterapia-transpersonal-y-vincular\\\/\"]}]},{\"@type\":\"ImageObject\",\"inLanguage\":\"en-GB\",\"@id\":\"https:\\\/\\\/cercledeconsciencia.com\\\/actividades\\\/circulo-de-danzaterapia-transpersonal-y-vincular\\\/#primaryimage\",\"url\":\"https:\\\/\\\/cercledeconsciencia.com\\\/wp-content\\\/uploads\\\/2025\\\/09\\\/Captura-de-pantalla-2025-09-09-a-las-15.12.47.png\",\"contentUrl\":\"https:\\\/\\\/cercledeconsciencia.com\\\/wp-content\\\/uploads\\\/2025\\\/09\\\/Captura-de-pantalla-2025-09-09-a-las-15.12.47.png\",\"width\":955,\"height\":643},{\"@type\":\"BreadcrumbList\",\"@id\":\"https:\\\/\\\/cercledeconsciencia.com\\\/actividades\\\/circulo-de-danzaterapia-transpersonal-y-vincular\\\/#breadcrumb\",\"itemListElement\":[{\"@type\":\"ListItem\",\"position\":1,\"name\":\"Portada\",\"item\":\"https:\\\/\\\/cercledeconsciencia.com\\\/\"},{\"@type\":\"ListItem\",\"position\":2,\"name\":\"Eventos\",\"item\":\"https:\\\/\\\/cercledeconsciencia.com\\\/actividades\\\/\"},{\"@type\":\"ListItem\",\"position\":3,\"name\":\"C\u00edrculo de Danzaterapia Transpersonal y Vincular\"}]},{\"@type\":\"WebSite\",\"@id\":\"https:\\\/\\\/cercledeconsciencia.com\\\/#website\",\"url\":\"https:\\\/\\\/cercledeconsciencia.com\\\/\",\"name\":\"Cercle de Consci\u00e8ncia\",\"description\":\"Centro de Formaci\u00f3n y Terapias\",\"publisher\":{\"@id\":\"https:\\\/\\\/cercledeconsciencia.com\\\/#organization\"},\"potentialAction\":[{\"@type\":\"SearchAction\",\"target\":{\"@type\":\"EntryPoint\",\"urlTemplate\":\"https:\\\/\\\/cercledeconsciencia.com\\\/?s={search_term_string}\"},\"query-input\":{\"@type\":\"PropertyValueSpecification\",\"valueRequired\":true,\"valueName\":\"search_term_string\"}}],\"inLanguage\":\"en-GB\"},{\"@type\":\"Organization\",\"@id\":\"https:\\\/\\\/cercledeconsciencia.com\\\/#organization\",\"name\":\"Cercle de Consci\u00e8ncia\",\"url\":\"https:\\\/\\\/cercledeconsciencia.com\\\/\",\"logo\":{\"@type\":\"ImageObject\",\"inLanguage\":\"en-GB\",\"@id\":\"https:\\\/\\\/cercledeconsciencia.com\\\/#\\\/schema\\\/logo\\\/image\\\/\",\"url\":\"https:\\\/\\\/cercledeconsciencia.com\\\/wp-content\\\/uploads\\\/2023\\\/07\\\/logo.png\",\"contentUrl\":\"https:\\\/\\\/cercledeconsciencia.com\\\/wp-content\\\/uploads\\\/2023\\\/07\\\/logo.png\",\"width\":239,\"height\":68,\"caption\":\"Cercle de Consci\u00e8ncia\"},\"image\":{\"@id\":\"https:\\\/\\\/cercledeconsciencia.com\\\/#\\\/schema\\\/logo\\\/image\\\/\"},\"sameAs\":[\"https:\\\/\\\/www.facebook.com\\\/Cercledeconscienciabarcelona?_rdr\",\"https:\\\/\\\/www.instagram.com\\\/cercledeconsciencia\\\/\",\"https:\\\/\\\/www.youtube.com\\\/c\\\/cercledeconsciencia\"]}]}<\/script>\n<!-- \/ Yoast SEO plugin. -->","yoast_head_json":{"title":"C\u00edrculo de Danzaterapia Transpersonal y Vincular - Cercle de Consci\u00e8ncia","robots":{"index":"index","follow":"follow","max-snippet":"max-snippet:-1","max-image-preview":"max-image-preview:large","max-video-preview":"max-video-preview:-1"},"canonical":"https:\/\/cercledeconsciencia.com\/en\/activities\/circulo-de-danzaterapia-transpersonal-y-vincular\/","og_locale":"en_GB","og_type":"article","og_title":"C\u00edrculo de Danzaterapia Transpersonal y Vincular - Cercle de Consci\u00e8ncia","og_description":"Un viaje de transformaci\u00f3n a trav\u00e9s del cuerpo, el movimiento expresivo y sentido. Recorrido psicoterap\u00e9utico de \u00edndole grupal basado en la danzaterapia transpersonal, la psicologia profunda (junguiana) en movimiento y [&hellip;]","og_url":"https:\/\/cercledeconsciencia.com\/en\/activities\/circulo-de-danzaterapia-transpersonal-y-vincular\/","og_site_name":"Cercle de Consci\u00e8ncia","article_publisher":"https:\/\/www.facebook.com\/Cercledeconscienciabarcelona?_rdr","article_modified_time":"2025-12-10T10:35:19+00:00","og_image":[{"width":955,"height":643,"url":"https:\/\/cercledeconsciencia.com\/wp-content\/uploads\/2025\/09\/Captura-de-pantalla-2025-09-09-a-las-15.12.47.png","type":"image\/png"}],"twitter_card":"summary_large_image","twitter_misc":{"Estimated reading time":"2 minutes"},"schema":{"@context":"https:\/\/schema.org","@graph":[{"@type":"WebPage","@id":"https:\/\/cercledeconsciencia.com\/actividades\/circulo-de-danzaterapia-transpersonal-y-vincular\/","url":"https:\/\/cercledeconsciencia.com\/actividades\/circulo-de-danzaterapia-transpersonal-y-vincular\/","name":"C\u00edrculo de Danzaterapia Transpersonal y Vincular - Cercle de Consci\u00e8ncia","isPartOf":{"@id":"https:\/\/cercledeconsciencia.com\/#website"},"primaryImageOfPage":{"@id":"https:\/\/cercledeconsciencia.com\/actividades\/circulo-de-danzaterapia-transpersonal-y-vincular\/#primaryimage"},"image":{"@id":"https:\/\/cercledeconsciencia.com\/actividades\/circulo-de-danzaterapia-transpersonal-y-vincular\/#primaryimage"},"thumbnailUrl":"https:\/\/cercledeconsciencia.com\/wp-content\/uploads\/2025\/09\/Captura-de-pantalla-2025-09-09-a-las-15.12.47.png","datePublished":"2025-09-09T13:22:55+00:00","dateModified":"2025-12-10T10:35:19+00:00","breadcrumb":{"@id":"https:\/\/cercledeconsciencia.com\/actividades\/circulo-de-danzaterapia-transpersonal-y-vincular\/#breadcrumb"},"inLanguage":"en-GB","potentialAction":[{"@type":"ReadAction","target":["https:\/\/cercledeconsciencia.com\/actividades\/circulo-de-danzaterapia-transpersonal-y-vincular\/"]}]},{"@type":"ImageObject","inLanguage":"en-GB","@id":"https:\/\/cercledeconsciencia.com\/actividades\/circulo-de-danzaterapia-transpersonal-y-vincular\/#primaryimage","url":"https:\/\/cercledeconsciencia.com\/wp-content\/uploads\/2025\/09\/Captura-de-pantalla-2025-09-09-a-las-15.12.47.png","contentUrl":"https:\/\/cercledeconsciencia.com\/wp-content\/uploads\/2025\/09\/Captura-de-pantalla-2025-09-09-a-las-15.12.47.png","width":955,"height":643},{"@type":"BreadcrumbList","@id":"https:\/\/cercledeconsciencia.com\/actividades\/circulo-de-danzaterapia-transpersonal-y-vincular\/#breadcrumb","itemListElement":[{"@type":"ListItem","position":1,"name":"Portada","item":"https:\/\/cercledeconsciencia.com\/"},{"@type":"ListItem","position":2,"name":"Eventos","item":"https:\/\/cercledeconsciencia.com\/actividades\/"},{"@type":"ListItem","position":3,"name":"C\u00edrculo de Danzaterapia Transpersonal y Vincular"}]},{"@type":"WebSite","@id":"https:\/\/cercledeconsciencia.com\/#website","url":"https:\/\/cercledeconsciencia.com\/","name":"Circle of Conscience","description":"Training and Therapy Centre","publisher":{"@id":"https:\/\/cercledeconsciencia.com\/#organization"},"potentialAction":[{"@type":"SearchAction","target":{"@type":"EntryPoint","urlTemplate":"https:\/\/cercledeconsciencia.com\/?s={search_term_string}"},"query-input":{"@type":"PropertyValueSpecification","valueRequired":true,"valueName":"search_term_string"}}],"inLanguage":"en-GB"},{"@type":"Organization","@id":"https:\/\/cercledeconsciencia.com\/#organization","name":"Circle of Conscience","url":"https:\/\/cercledeconsciencia.com\/","logo":{"@type":"ImageObject","inLanguage":"en-GB","@id":"https:\/\/cercledeconsciencia.com\/#\/schema\/logo\/image\/","url":"https:\/\/cercledeconsciencia.com\/wp-content\/uploads\/2023\/07\/logo.png","contentUrl":"https:\/\/cercledeconsciencia.com\/wp-content\/uploads\/2023\/07\/logo.png","width":239,"height":68,"caption":"Cercle de Consci\u00e8ncia"},"image":{"@id":"https:\/\/cercledeconsciencia.com\/#\/schema\/logo\/image\/"},"sameAs":["https:\/\/www.facebook.com\/Cercledeconscienciabarcelona?_rdr","https:\/\/www.instagram.com\/cercledeconsciencia\/","https:\/\/www.youtube.com\/c\/cercledeconsciencia"]}]}},"_links":{"self":[{"href":"https:\/\/cercledeconsciencia.com\/en\/wp-json\/wp\/v2\/mec-events\/5431","targetHints":{"allow":["GET"]}}],"collection":[{"href":"https:\/\/cercledeconsciencia.com\/en\/wp-json\/wp\/v2\/mec-events"}],"about":[{"href":"https:\/\/cercledeconsciencia.com\/en\/wp-json\/wp\/v2\/types\/mec-events"}],"author":[{"embeddable":true,"href":"https:\/\/cercledeconsciencia.com\/en\/wp-json\/wp\/v2\/users\/2"}],"replies":[{"embeddable":true,"href":"https:\/\/cercledeconsciencia.com\/en\/wp-json\/wp\/v2\/comments?post=5431"}],"wp:featuredmedia":[{"embeddable":true,"href":"https:\/\/cercledeconsciencia.com\/en\/wp-json\/wp\/v2\/media\/5432"}],"wp:attachment":[{"href":"https:\/\/cercledeconsciencia.com\/en\/wp-json\/wp\/v2\/media?parent=5431"}],"wp:term":[{"taxonomy":"post_tag","embeddable":true,"href":"https:\/\/cercledeconsciencia.com\/en\/wp-json\/wp\/v2\/tags?post=5431"},{"taxonomy":"mec_category","embeddable":true,"href":"https:\/\/cercledeconsciencia.com\/en\/wp-json\/wp\/v2\/mec_category?post=5431"},{"taxonomy":"mec_speaker","embeddable":true,"href":"https:\/\/cercledeconsciencia.com\/en\/wp-json\/wp\/v2\/mec_speaker?post=5431"}],"curies":[{"name":"wp","href":"https:\/\/api.w.org\/{rel}","templated":true}]}}