{"id":5452,"date":"2025-09-30T09:45:10","date_gmt":"2025-09-30T09:45:10","guid":{"rendered":"https:\/\/cercledeconsciencia.com\/?post_type=mec-events&#038;p=5452"},"modified":"2025-09-30T09:47:05","modified_gmt":"2025-09-30T09:47:05","slug":"caracteres-un-reflejo-del-alma","status":"publish","type":"mec-events","link":"https:\/\/cercledeconsciencia.com\/en\/actividades\/caracteres-un-reflejo-del-alma\/","title":{"rendered":"Characters, a reflection of the soul."},"content":{"rendered":"<h4>Integrative study of personality.<\/h4>\n<p>We invite you to a <strong>a unique proposal that explores personality types from a psycho-emotional, bodily (Bioenergetic) and transpersonal perspective.<\/strong><\/p>\n<p>Based on Enneatype Psychology and observations from psychedelic explorations, it is ideal for those seeking self-knowledge or to expand therapeutic tools and professionals in health and accompaniment.<\/p>\n<p><strong>You will learn<\/strong>:<\/p>\n<ul>\n<li>Character types from a psycho-emotional, corporal and transpersonal point of view.<\/li>\n<li>Identify how the essence seeks to free itself from the ego and transforms its path.<\/li>\n<li>To know the seasons of being through real experiences in psychedelic processes of deep healing.<\/li>\n<\/ul>\n<p><strong>DIRECTED BY<\/strong>: <strong>Dr. Antoni Aguilar.<\/strong> Graduate in medicine and surgery. Gestalt and integrative body therapist. Transpersonal psychotherapist (Eurotas). Vipassana meditation instructor. Disciple and collaborator of Claudio Naranjo, teacher of the SAT programme. Specialist in Brief Strategic Therapy (TBE). Founder and Director of the Transpersonal Integrative Training (FTI) endorsed by Claudio Naranjo and of the Integrative Sexuality Training (FSI).<\/p>\n<p><strong>Taught on Thursdays: 9 online meetings (one per character) <\/strong>from 19h to 21h<\/p>\n<p><strong>CALENDAR:<\/strong><\/p>\n<p>15 January '26 - 19 February - 12 March - 7 May - 18 June<br \/>\n16 July - 17 September - 8 October - 5 November<\/p>\n<p><strong>CONTRIBUTION<\/strong> by Modalities:<br \/>\nA. Total at the beginning of the training cycle: External assistants: 350\u20ac | Internal assistants: 215\u20ac.<\/p>\n<p>B. Monthly each session: External attendees: 50\u20ac | Internal attendees: 35\u20ac.<\/p>\n<p><strong>REGISTRATION<\/strong> prior obligatory to: coordinacio.fti.bcn@cercledeconsciencia.com<\/p>\n<p>*LIMITED PLACES<\/p>","protected":false},"excerpt":{"rendered":"<p>Estudio integrativo de la personalidad. Te invitamos a una propuesta \u00fanica que explora los tipos de personalidad desde una mirada psico-emocional, corporal (Bioenerg\u00e9tica) y transpersonal. Basada en la Psicolog\u00eda de [&hellip;]<\/p>\n","protected":false},"author":2,"featured_media":5453,"comment_status":"closed","ping_status":"closed","template":"","tags":[],"mec_category":[80,57],"mec_speaker":[136],"class_list":["post-5452","mec-events","type-mec-events","status-publish","has-post-thumbnail","hentry","mec_category-enfoque-transpersonal","mec_category-taller-regular"],"yoast_head":"<!-- This site is optimized with the Yoast SEO plugin v27.4 - https:\/\/yoast.com\/product\/yoast-seo-wordpress\/ -->\n<title>Caracteres, un reflejo del alma. - Cercle de Consci\u00e8ncia<\/title>\n<meta name=\"robots\" content=\"index, follow, max-snippet:-1, max-image-preview:large, max-video-preview:-1\" \/>\n<link rel=\"canonical\" href=\"https:\/\/cercledeconsciencia.com\/en\/activities\/caracteres-un-reflejo-del-alma\/\" \/>\n<meta property=\"og:locale\" content=\"en_GB\" \/>\n<meta property=\"og:type\" content=\"article\" \/>\n<meta property=\"og:title\" content=\"Caracteres, un reflejo del alma. - Cercle de Consci\u00e8ncia\" \/>\n<meta property=\"og:description\" content=\"Estudio integrativo de la personalidad. Te invitamos a una propuesta \u00fanica que explora los tipos de personalidad desde una mirada psico-emocional, corporal (Bioenerg\u00e9tica) y transpersonal. Basada en la Psicolog\u00eda de [&hellip;]\" \/>\n<meta property=\"og:url\" content=\"https:\/\/cercledeconsciencia.com\/en\/activities\/caracteres-un-reflejo-del-alma\/\" \/>\n<meta property=\"og:site_name\" content=\"Cercle de Consci\u00e8ncia\" \/>\n<meta property=\"article:publisher\" content=\"https:\/\/www.facebook.com\/Cercledeconscienciabarcelona?_rdr\" \/>\n<meta property=\"article:modified_time\" content=\"2025-09-30T09:47:05+00:00\" \/>\n<meta property=\"og:image\" content=\"https:\/\/cercledeconsciencia.com\/wp-content\/uploads\/2025\/09\/Captura-de-pantalla-2025-09-30-a-las-11.39.06.png\" \/>\n\t<meta property=\"og:image:width\" content=\"354\" \/>\n\t<meta property=\"og:image:height\" content=\"348\" \/>\n\t<meta property=\"og:image:type\" content=\"image\/png\" \/>\n<meta name=\"twitter:card\" content=\"summary_large_image\" \/>\n<meta name=\"twitter:label1\" content=\"Estimated reading time\" \/>\n\t<meta name=\"twitter:data1\" content=\"2 minutes\" \/>\n<script type=\"application\/ld+json\" class=\"yoast-schema-graph\">{\"@context\":\"https:\\\/\\\/schema.org\",\"@graph\":[{\"@type\":\"WebPage\",\"@id\":\"https:\\\/\\\/cercledeconsciencia.com\\\/actividades\\\/caracteres-un-reflejo-del-alma\\\/\",\"url\":\"https:\\\/\\\/cercledeconsciencia.com\\\/actividades\\\/caracteres-un-reflejo-del-alma\\\/\",\"name\":\"Caracteres, un reflejo del alma. - Cercle de Consci\u00e8ncia\",\"isPartOf\":{\"@id\":\"https:\\\/\\\/cercledeconsciencia.com\\\/#website\"},\"primaryImageOfPage\":{\"@id\":\"https:\\\/\\\/cercledeconsciencia.com\\\/actividades\\\/caracteres-un-reflejo-del-alma\\\/#primaryimage\"},\"image\":{\"@id\":\"https:\\\/\\\/cercledeconsciencia.com\\\/actividades\\\/caracteres-un-reflejo-del-alma\\\/#primaryimage\"},\"thumbnailUrl\":\"https:\\\/\\\/cercledeconsciencia.com\\\/wp-content\\\/uploads\\\/2025\\\/09\\\/Captura-de-pantalla-2025-09-30-a-las-11.39.06.png\",\"datePublished\":\"2025-09-30T09:45:10+00:00\",\"dateModified\":\"2025-09-30T09:47:05+00:00\",\"breadcrumb\":{\"@id\":\"https:\\\/\\\/cercledeconsciencia.com\\\/actividades\\\/caracteres-un-reflejo-del-alma\\\/#breadcrumb\"},\"inLanguage\":\"en-GB\",\"potentialAction\":[{\"@type\":\"ReadAction\",\"target\":[\"https:\\\/\\\/cercledeconsciencia.com\\\/actividades\\\/caracteres-un-reflejo-del-alma\\\/\"]}]},{\"@type\":\"ImageObject\",\"inLanguage\":\"en-GB\",\"@id\":\"https:\\\/\\\/cercledeconsciencia.com\\\/actividades\\\/caracteres-un-reflejo-del-alma\\\/#primaryimage\",\"url\":\"https:\\\/\\\/cercledeconsciencia.com\\\/wp-content\\\/uploads\\\/2025\\\/09\\\/Captura-de-pantalla-2025-09-30-a-las-11.39.06.png\",\"contentUrl\":\"https:\\\/\\\/cercledeconsciencia.com\\\/wp-content\\\/uploads\\\/2025\\\/09\\\/Captura-de-pantalla-2025-09-30-a-las-11.39.06.png\",\"width\":354,\"height\":348},{\"@type\":\"BreadcrumbList\",\"@id\":\"https:\\\/\\\/cercledeconsciencia.com\\\/actividades\\\/caracteres-un-reflejo-del-alma\\\/#breadcrumb\",\"itemListElement\":[{\"@type\":\"ListItem\",\"position\":1,\"name\":\"Portada\",\"item\":\"https:\\\/\\\/cercledeconsciencia.com\\\/\"},{\"@type\":\"ListItem\",\"position\":2,\"name\":\"Eventos\",\"item\":\"https:\\\/\\\/cercledeconsciencia.com\\\/actividades\\\/\"},{\"@type\":\"ListItem\",\"position\":3,\"name\":\"Caracteres, un reflejo del alma.\"}]},{\"@type\":\"WebSite\",\"@id\":\"https:\\\/\\\/cercledeconsciencia.com\\\/#website\",\"url\":\"https:\\\/\\\/cercledeconsciencia.com\\\/\",\"name\":\"Cercle de Consci\u00e8ncia\",\"description\":\"Centro de Formaci\u00f3n y Terapias\",\"publisher\":{\"@id\":\"https:\\\/\\\/cercledeconsciencia.com\\\/#organization\"},\"potentialAction\":[{\"@type\":\"SearchAction\",\"target\":{\"@type\":\"EntryPoint\",\"urlTemplate\":\"https:\\\/\\\/cercledeconsciencia.com\\\/?s={search_term_string}\"},\"query-input\":{\"@type\":\"PropertyValueSpecification\",\"valueRequired\":true,\"valueName\":\"search_term_string\"}}],\"inLanguage\":\"en-GB\"},{\"@type\":\"Organization\",\"@id\":\"https:\\\/\\\/cercledeconsciencia.com\\\/#organization\",\"name\":\"Cercle de Consci\u00e8ncia\",\"url\":\"https:\\\/\\\/cercledeconsciencia.com\\\/\",\"logo\":{\"@type\":\"ImageObject\",\"inLanguage\":\"en-GB\",\"@id\":\"https:\\\/\\\/cercledeconsciencia.com\\\/#\\\/schema\\\/logo\\\/image\\\/\",\"url\":\"https:\\\/\\\/cercledeconsciencia.com\\\/wp-content\\\/uploads\\\/2023\\\/07\\\/logo.png\",\"contentUrl\":\"https:\\\/\\\/cercledeconsciencia.com\\\/wp-content\\\/uploads\\\/2023\\\/07\\\/logo.png\",\"width\":239,\"height\":68,\"caption\":\"Cercle de Consci\u00e8ncia\"},\"image\":{\"@id\":\"https:\\\/\\\/cercledeconsciencia.com\\\/#\\\/schema\\\/logo\\\/image\\\/\"},\"sameAs\":[\"https:\\\/\\\/www.facebook.com\\\/Cercledeconscienciabarcelona?_rdr\",\"https:\\\/\\\/www.instagram.com\\\/cercledeconsciencia\\\/\",\"https:\\\/\\\/www.youtube.com\\\/c\\\/cercledeconsciencia\"]}]}<\/script>\n<!-- \/ Yoast SEO plugin. -->","yoast_head_json":{"title":"Caracteres, un reflejo del alma. - Cercle de Consci\u00e8ncia","robots":{"index":"index","follow":"follow","max-snippet":"max-snippet:-1","max-image-preview":"max-image-preview:large","max-video-preview":"max-video-preview:-1"},"canonical":"https:\/\/cercledeconsciencia.com\/en\/activities\/caracteres-un-reflejo-del-alma\/","og_locale":"en_GB","og_type":"article","og_title":"Caracteres, un reflejo del alma. - Cercle de Consci\u00e8ncia","og_description":"Estudio integrativo de la personalidad. Te invitamos a una propuesta \u00fanica que explora los tipos de personalidad desde una mirada psico-emocional, corporal (Bioenerg\u00e9tica) y transpersonal. Basada en la Psicolog\u00eda de [&hellip;]","og_url":"https:\/\/cercledeconsciencia.com\/en\/activities\/caracteres-un-reflejo-del-alma\/","og_site_name":"Cercle de Consci\u00e8ncia","article_publisher":"https:\/\/www.facebook.com\/Cercledeconscienciabarcelona?_rdr","article_modified_time":"2025-09-30T09:47:05+00:00","og_image":[{"width":354,"height":348,"url":"https:\/\/cercledeconsciencia.com\/wp-content\/uploads\/2025\/09\/Captura-de-pantalla-2025-09-30-a-las-11.39.06.png","type":"image\/png"}],"twitter_card":"summary_large_image","twitter_misc":{"Estimated reading time":"2 minutes"},"schema":{"@context":"https:\/\/schema.org","@graph":[{"@type":"WebPage","@id":"https:\/\/cercledeconsciencia.com\/actividades\/caracteres-un-reflejo-del-alma\/","url":"https:\/\/cercledeconsciencia.com\/actividades\/caracteres-un-reflejo-del-alma\/","name":"Caracteres, un reflejo del alma. - Cercle de Consci\u00e8ncia","isPartOf":{"@id":"https:\/\/cercledeconsciencia.com\/#website"},"primaryImageOfPage":{"@id":"https:\/\/cercledeconsciencia.com\/actividades\/caracteres-un-reflejo-del-alma\/#primaryimage"},"image":{"@id":"https:\/\/cercledeconsciencia.com\/actividades\/caracteres-un-reflejo-del-alma\/#primaryimage"},"thumbnailUrl":"https:\/\/cercledeconsciencia.com\/wp-content\/uploads\/2025\/09\/Captura-de-pantalla-2025-09-30-a-las-11.39.06.png","datePublished":"2025-09-30T09:45:10+00:00","dateModified":"2025-09-30T09:47:05+00:00","breadcrumb":{"@id":"https:\/\/cercledeconsciencia.com\/actividades\/caracteres-un-reflejo-del-alma\/#breadcrumb"},"inLanguage":"en-GB","potentialAction":[{"@type":"ReadAction","target":["https:\/\/cercledeconsciencia.com\/actividades\/caracteres-un-reflejo-del-alma\/"]}]},{"@type":"ImageObject","inLanguage":"en-GB","@id":"https:\/\/cercledeconsciencia.com\/actividades\/caracteres-un-reflejo-del-alma\/#primaryimage","url":"https:\/\/cercledeconsciencia.com\/wp-content\/uploads\/2025\/09\/Captura-de-pantalla-2025-09-30-a-las-11.39.06.png","contentUrl":"https:\/\/cercledeconsciencia.com\/wp-content\/uploads\/2025\/09\/Captura-de-pantalla-2025-09-30-a-las-11.39.06.png","width":354,"height":348},{"@type":"BreadcrumbList","@id":"https:\/\/cercledeconsciencia.com\/actividades\/caracteres-un-reflejo-del-alma\/#breadcrumb","itemListElement":[{"@type":"ListItem","position":1,"name":"Portada","item":"https:\/\/cercledeconsciencia.com\/"},{"@type":"ListItem","position":2,"name":"Eventos","item":"https:\/\/cercledeconsciencia.com\/actividades\/"},{"@type":"ListItem","position":3,"name":"Caracteres, un reflejo del alma."}]},{"@type":"WebSite","@id":"https:\/\/cercledeconsciencia.com\/#website","url":"https:\/\/cercledeconsciencia.com\/","name":"Circle of Conscience","description":"Training and Therapy Centre","publisher":{"@id":"https:\/\/cercledeconsciencia.com\/#organization"},"potentialAction":[{"@type":"SearchAction","target":{"@type":"EntryPoint","urlTemplate":"https:\/\/cercledeconsciencia.com\/?s={search_term_string}"},"query-input":{"@type":"PropertyValueSpecification","valueRequired":true,"valueName":"search_term_string"}}],"inLanguage":"en-GB"},{"@type":"Organization","@id":"https:\/\/cercledeconsciencia.com\/#organization","name":"Circle of Conscience","url":"https:\/\/cercledeconsciencia.com\/","logo":{"@type":"ImageObject","inLanguage":"en-GB","@id":"https:\/\/cercledeconsciencia.com\/#\/schema\/logo\/image\/","url":"https:\/\/cercledeconsciencia.com\/wp-content\/uploads\/2023\/07\/logo.png","contentUrl":"https:\/\/cercledeconsciencia.com\/wp-content\/uploads\/2023\/07\/logo.png","width":239,"height":68,"caption":"Cercle de Consci\u00e8ncia"},"image":{"@id":"https:\/\/cercledeconsciencia.com\/#\/schema\/logo\/image\/"},"sameAs":["https:\/\/www.facebook.com\/Cercledeconscienciabarcelona?_rdr","https:\/\/www.instagram.com\/cercledeconsciencia\/","https:\/\/www.youtube.com\/c\/cercledeconsciencia"]}]}},"_links":{"self":[{"href":"https:\/\/cercledeconsciencia.com\/en\/wp-json\/wp\/v2\/mec-events\/5452","targetHints":{"allow":["GET"]}}],"collection":[{"href":"https:\/\/cercledeconsciencia.com\/en\/wp-json\/wp\/v2\/mec-events"}],"about":[{"href":"https:\/\/cercledeconsciencia.com\/en\/wp-json\/wp\/v2\/types\/mec-events"}],"author":[{"embeddable":true,"href":"https:\/\/cercledeconsciencia.com\/en\/wp-json\/wp\/v2\/users\/2"}],"replies":[{"embeddable":true,"href":"https:\/\/cercledeconsciencia.com\/en\/wp-json\/wp\/v2\/comments?post=5452"}],"wp:featuredmedia":[{"embeddable":true,"href":"https:\/\/cercledeconsciencia.com\/en\/wp-json\/wp\/v2\/media\/5453"}],"wp:attachment":[{"href":"https:\/\/cercledeconsciencia.com\/en\/wp-json\/wp\/v2\/media?parent=5452"}],"wp:term":[{"taxonomy":"post_tag","embeddable":true,"href":"https:\/\/cercledeconsciencia.com\/en\/wp-json\/wp\/v2\/tags?post=5452"},{"taxonomy":"mec_category","embeddable":true,"href":"https:\/\/cercledeconsciencia.com\/en\/wp-json\/wp\/v2\/mec_category?post=5452"},{"taxonomy":"mec_speaker","embeddable":true,"href":"https:\/\/cercledeconsciencia.com\/en\/wp-json\/wp\/v2\/mec_speaker?post=5452"}],"curies":[{"name":"wp","href":"https:\/\/api.w.org\/{rel}","templated":true}]}}