{"id":5471,"date":"2025-10-23T09:46:59","date_gmt":"2025-10-23T09:46:59","guid":{"rendered":"https:\/\/cercledeconsciencia.com\/?post_type=mec-events&#038;p=5471"},"modified":"2026-03-25T08:51:22","modified_gmt":"2026-03-25T08:51:22","slug":"cycle-of-active-meditations","status":"publish","type":"mec-events","link":"https:\/\/cercledeconsciencia.com\/en\/actividades\/ciclo-de-meditaciones-activas\/","title":{"rendered":"Cycle of Active Meditations"},"content":{"rendered":"<h5>\ud83d\udc49\ud83c\udffd <strong>Sesi\u00f3n de prueba el 7 abril 2026 a las 19h30 <\/strong><strong>*inversi\u00f3n reserva de 10\u20ac*<\/strong><\/h5>\n<hr \/>\n<p>In this cycle you will experience dynamics of movement and emotional expression that awaken your energy, along with moments of silence and stillness that calm and revitalise your mind and heart.<\/p>\n<p>Osho and Veeresh Active Meditations release tension and awaken your life force, transforming stress into energy, calm and presence. Through breath, sound, dance and movement, you will create spaces to deeply reconnect with yourself and allow your energy to flow.<\/p>\n<p>They are techniques designed for modern life, which help you to <strong>releasing blockages, strengthening your inner power and opening the heart<\/strong>. They become a path of self-knowledge and transformation that brings vitality, clarity and a new way of relating to yourself and others.<\/p>\n<p><strong>Benefits<\/strong>:<\/p>\n<ul>\n<li>Emotional and mental release<\/li>\n<li>Openness to silence and inner calm<\/li>\n<li>Raise your self-esteem and personal power<\/li>\n<li>Increase your capacity to face challenges<\/li>\n<li>Awaken creativity and authentic expression<\/li>\n<\/ul>\n<p>You will enjoy group experiences that inspire mutual support, trust and openness to human encounter.<\/p>\n<p style=\"text-align: center;\"><strong>A journey towards your integral wellbeing: a transformative space where you can let go, feel and grow.<\/strong><\/p>\n<p><strong>IMPARTE<\/strong>Satyam Jemima. Bioenergetic body psychotherapist. Expert in Active Meditations, AUM meditation and the systemic process Father and Mother. Specialised in accompanying processes of recovery and empowerment after abuses of power.<\/p>\n<hr \/>\n<h5>\ud83d\udc49\ud83c\udffd <strong>Sesi\u00f3n de prueba el 7 abril 2026 a las 19h30 <\/strong><strong>*inversi\u00f3n reserva de 10\u20ac*<\/strong><\/h5>\n<hr \/>\n<p><strong>CALENDAR<\/strong>: Martes semanal de 19h30 a 21h. Del 14 de ABRIL al 21 de JULIO 2026.<\/p>\n<p><strong>\u00a0&#8211; Ciclo abierto para poder asistir a sesiones sueltas &#8211;<\/strong><\/p>\n<p>Precio del ciclo: 217 \u20ac | Precio sesi\u00f3n: 18\u20ac<\/p>\n<p>More information and registration: 631651355 - satyamjemima@gmail.com<br \/>\n@satyam.jemima | www.satyamjemima.com<\/p>\n<p>*Prior registration is required<\/p>","protected":false},"excerpt":{"rendered":"<p>\ud83d\udc49\ud83c\udffd Sesi\u00f3n de prueba el 7 abril 2026 a las 19h30 *inversi\u00f3n reserva de 10\u20ac* En este ciclo vivir\u00e1s din\u00e1micas de movimiento y expresi\u00f3n emocional que despiertan tu energ\u00eda, junto [&hellip;]<\/p>\n","protected":false},"author":2,"featured_media":5472,"comment_status":"closed","ping_status":"closed","template":"","tags":[],"mec_category":[70,57],"mec_speaker":[],"class_list":["post-5471","mec-events","type-mec-events","status-publish","has-post-thumbnail","hentry","mec_category-respiracion","mec_category-taller-regular"],"yoast_head":"<!-- This site is optimized with the Yoast SEO plugin v27.4 - https:\/\/yoast.com\/product\/yoast-seo-wordpress\/ -->\n<title>Ciclo de Meditaciones Activas - Cercle de Consci\u00e8ncia<\/title>\n<meta name=\"robots\" content=\"index, follow, max-snippet:-1, max-image-preview:large, max-video-preview:-1\" \/>\n<link rel=\"canonical\" href=\"https:\/\/cercledeconsciencia.com\/en\/activities\/cycle-of-active-meditations\/\" \/>\n<meta property=\"og:locale\" content=\"en_GB\" \/>\n<meta property=\"og:type\" content=\"article\" \/>\n<meta property=\"og:title\" content=\"Ciclo de Meditaciones Activas - Cercle de Consci\u00e8ncia\" \/>\n<meta property=\"og:description\" content=\"\ud83d\udc49\ud83c\udffd Sesi\u00f3n de prueba el 7 abril 2026 a las 19h30 *inversi\u00f3n reserva de 10\u20ac* En este ciclo vivir\u00e1s din\u00e1micas de movimiento y expresi\u00f3n emocional que despiertan tu energ\u00eda, junto [&hellip;]\" \/>\n<meta property=\"og:url\" content=\"https:\/\/cercledeconsciencia.com\/en\/activities\/cycle-of-active-meditations\/\" \/>\n<meta property=\"og:site_name\" content=\"Cercle de Consci\u00e8ncia\" \/>\n<meta property=\"article:publisher\" content=\"https:\/\/www.facebook.com\/Cercledeconscienciabarcelona?_rdr\" \/>\n<meta property=\"article:modified_time\" content=\"2026-03-25T08:51:22+00:00\" \/>\n<meta property=\"og:image\" content=\"https:\/\/cercledeconsciencia.com\/wp-content\/uploads\/2025\/10\/Captura-de-pantalla-2025-10-23-a-las-11.42.32.png\" \/>\n\t<meta property=\"og:image:width\" content=\"485\" \/>\n\t<meta property=\"og:image:height\" content=\"714\" \/>\n\t<meta property=\"og:image:type\" content=\"image\/png\" \/>\n<meta name=\"twitter:card\" content=\"summary_large_image\" \/>\n<meta name=\"twitter:label1\" content=\"Estimated reading time\" \/>\n\t<meta name=\"twitter:data1\" content=\"2 minutes\" \/>\n<script type=\"application\/ld+json\" class=\"yoast-schema-graph\">{\"@context\":\"https:\\\/\\\/schema.org\",\"@graph\":[{\"@type\":\"WebPage\",\"@id\":\"https:\\\/\\\/cercledeconsciencia.com\\\/actividades\\\/ciclo-de-meditaciones-activas\\\/\",\"url\":\"https:\\\/\\\/cercledeconsciencia.com\\\/actividades\\\/ciclo-de-meditaciones-activas\\\/\",\"name\":\"Ciclo de Meditaciones Activas - Cercle de Consci\u00e8ncia\",\"isPartOf\":{\"@id\":\"https:\\\/\\\/cercledeconsciencia.com\\\/#website\"},\"primaryImageOfPage\":{\"@id\":\"https:\\\/\\\/cercledeconsciencia.com\\\/actividades\\\/ciclo-de-meditaciones-activas\\\/#primaryimage\"},\"image\":{\"@id\":\"https:\\\/\\\/cercledeconsciencia.com\\\/actividades\\\/ciclo-de-meditaciones-activas\\\/#primaryimage\"},\"thumbnailUrl\":\"https:\\\/\\\/cercledeconsciencia.com\\\/wp-content\\\/uploads\\\/2025\\\/10\\\/Captura-de-pantalla-2025-10-23-a-las-11.42.32.png\",\"datePublished\":\"2025-10-23T09:46:59+00:00\",\"dateModified\":\"2026-03-25T08:51:22+00:00\",\"breadcrumb\":{\"@id\":\"https:\\\/\\\/cercledeconsciencia.com\\\/actividades\\\/ciclo-de-meditaciones-activas\\\/#breadcrumb\"},\"inLanguage\":\"en-GB\",\"potentialAction\":[{\"@type\":\"ReadAction\",\"target\":[\"https:\\\/\\\/cercledeconsciencia.com\\\/actividades\\\/ciclo-de-meditaciones-activas\\\/\"]}]},{\"@type\":\"ImageObject\",\"inLanguage\":\"en-GB\",\"@id\":\"https:\\\/\\\/cercledeconsciencia.com\\\/actividades\\\/ciclo-de-meditaciones-activas\\\/#primaryimage\",\"url\":\"https:\\\/\\\/cercledeconsciencia.com\\\/wp-content\\\/uploads\\\/2025\\\/10\\\/Captura-de-pantalla-2025-10-23-a-las-11.42.32.png\",\"contentUrl\":\"https:\\\/\\\/cercledeconsciencia.com\\\/wp-content\\\/uploads\\\/2025\\\/10\\\/Captura-de-pantalla-2025-10-23-a-las-11.42.32.png\",\"width\":485,\"height\":714},{\"@type\":\"BreadcrumbList\",\"@id\":\"https:\\\/\\\/cercledeconsciencia.com\\\/actividades\\\/ciclo-de-meditaciones-activas\\\/#breadcrumb\",\"itemListElement\":[{\"@type\":\"ListItem\",\"position\":1,\"name\":\"Portada\",\"item\":\"https:\\\/\\\/cercledeconsciencia.com\\\/\"},{\"@type\":\"ListItem\",\"position\":2,\"name\":\"Eventos\",\"item\":\"https:\\\/\\\/cercledeconsciencia.com\\\/actividades\\\/\"},{\"@type\":\"ListItem\",\"position\":3,\"name\":\"Ciclo de Meditaciones Activas\"}]},{\"@type\":\"WebSite\",\"@id\":\"https:\\\/\\\/cercledeconsciencia.com\\\/#website\",\"url\":\"https:\\\/\\\/cercledeconsciencia.com\\\/\",\"name\":\"Cercle de Consci\u00e8ncia\",\"description\":\"Centro de Formaci\u00f3n y Terapias\",\"publisher\":{\"@id\":\"https:\\\/\\\/cercledeconsciencia.com\\\/#organization\"},\"potentialAction\":[{\"@type\":\"SearchAction\",\"target\":{\"@type\":\"EntryPoint\",\"urlTemplate\":\"https:\\\/\\\/cercledeconsciencia.com\\\/?s={search_term_string}\"},\"query-input\":{\"@type\":\"PropertyValueSpecification\",\"valueRequired\":true,\"valueName\":\"search_term_string\"}}],\"inLanguage\":\"en-GB\"},{\"@type\":\"Organization\",\"@id\":\"https:\\\/\\\/cercledeconsciencia.com\\\/#organization\",\"name\":\"Cercle de Consci\u00e8ncia\",\"url\":\"https:\\\/\\\/cercledeconsciencia.com\\\/\",\"logo\":{\"@type\":\"ImageObject\",\"inLanguage\":\"en-GB\",\"@id\":\"https:\\\/\\\/cercledeconsciencia.com\\\/#\\\/schema\\\/logo\\\/image\\\/\",\"url\":\"https:\\\/\\\/cercledeconsciencia.com\\\/wp-content\\\/uploads\\\/2023\\\/07\\\/logo.png\",\"contentUrl\":\"https:\\\/\\\/cercledeconsciencia.com\\\/wp-content\\\/uploads\\\/2023\\\/07\\\/logo.png\",\"width\":239,\"height\":68,\"caption\":\"Cercle de Consci\u00e8ncia\"},\"image\":{\"@id\":\"https:\\\/\\\/cercledeconsciencia.com\\\/#\\\/schema\\\/logo\\\/image\\\/\"},\"sameAs\":[\"https:\\\/\\\/www.facebook.com\\\/Cercledeconscienciabarcelona?_rdr\",\"https:\\\/\\\/www.instagram.com\\\/cercledeconsciencia\\\/\",\"https:\\\/\\\/www.youtube.com\\\/c\\\/cercledeconsciencia\"]}]}<\/script>\n<!-- \/ Yoast SEO plugin. -->","yoast_head_json":{"title":"Ciclo de Meditaciones Activas - Cercle de Consci\u00e8ncia","robots":{"index":"index","follow":"follow","max-snippet":"max-snippet:-1","max-image-preview":"max-image-preview:large","max-video-preview":"max-video-preview:-1"},"canonical":"https:\/\/cercledeconsciencia.com\/en\/activities\/cycle-of-active-meditations\/","og_locale":"en_GB","og_type":"article","og_title":"Ciclo de Meditaciones Activas - Cercle de Consci\u00e8ncia","og_description":"\ud83d\udc49\ud83c\udffd Sesi\u00f3n de prueba el 7 abril 2026 a las 19h30 *inversi\u00f3n reserva de 10\u20ac* En este ciclo vivir\u00e1s din\u00e1micas de movimiento y expresi\u00f3n emocional que despiertan tu energ\u00eda, junto [&hellip;]","og_url":"https:\/\/cercledeconsciencia.com\/en\/activities\/cycle-of-active-meditations\/","og_site_name":"Cercle de Consci\u00e8ncia","article_publisher":"https:\/\/www.facebook.com\/Cercledeconscienciabarcelona?_rdr","article_modified_time":"2026-03-25T08:51:22+00:00","og_image":[{"width":485,"height":714,"url":"https:\/\/cercledeconsciencia.com\/wp-content\/uploads\/2025\/10\/Captura-de-pantalla-2025-10-23-a-las-11.42.32.png","type":"image\/png"}],"twitter_card":"summary_large_image","twitter_misc":{"Estimated reading time":"2 minutes"},"schema":{"@context":"https:\/\/schema.org","@graph":[{"@type":"WebPage","@id":"https:\/\/cercledeconsciencia.com\/actividades\/ciclo-de-meditaciones-activas\/","url":"https:\/\/cercledeconsciencia.com\/actividades\/ciclo-de-meditaciones-activas\/","name":"Ciclo de Meditaciones Activas - Cercle de Consci\u00e8ncia","isPartOf":{"@id":"https:\/\/cercledeconsciencia.com\/#website"},"primaryImageOfPage":{"@id":"https:\/\/cercledeconsciencia.com\/actividades\/ciclo-de-meditaciones-activas\/#primaryimage"},"image":{"@id":"https:\/\/cercledeconsciencia.com\/actividades\/ciclo-de-meditaciones-activas\/#primaryimage"},"thumbnailUrl":"https:\/\/cercledeconsciencia.com\/wp-content\/uploads\/2025\/10\/Captura-de-pantalla-2025-10-23-a-las-11.42.32.png","datePublished":"2025-10-23T09:46:59+00:00","dateModified":"2026-03-25T08:51:22+00:00","breadcrumb":{"@id":"https:\/\/cercledeconsciencia.com\/actividades\/ciclo-de-meditaciones-activas\/#breadcrumb"},"inLanguage":"en-GB","potentialAction":[{"@type":"ReadAction","target":["https:\/\/cercledeconsciencia.com\/actividades\/ciclo-de-meditaciones-activas\/"]}]},{"@type":"ImageObject","inLanguage":"en-GB","@id":"https:\/\/cercledeconsciencia.com\/actividades\/ciclo-de-meditaciones-activas\/#primaryimage","url":"https:\/\/cercledeconsciencia.com\/wp-content\/uploads\/2025\/10\/Captura-de-pantalla-2025-10-23-a-las-11.42.32.png","contentUrl":"https:\/\/cercledeconsciencia.com\/wp-content\/uploads\/2025\/10\/Captura-de-pantalla-2025-10-23-a-las-11.42.32.png","width":485,"height":714},{"@type":"BreadcrumbList","@id":"https:\/\/cercledeconsciencia.com\/actividades\/ciclo-de-meditaciones-activas\/#breadcrumb","itemListElement":[{"@type":"ListItem","position":1,"name":"Portada","item":"https:\/\/cercledeconsciencia.com\/"},{"@type":"ListItem","position":2,"name":"Eventos","item":"https:\/\/cercledeconsciencia.com\/actividades\/"},{"@type":"ListItem","position":3,"name":"Ciclo de Meditaciones Activas"}]},{"@type":"WebSite","@id":"https:\/\/cercledeconsciencia.com\/#website","url":"https:\/\/cercledeconsciencia.com\/","name":"Circle of Conscience","description":"Training and Therapy Centre","publisher":{"@id":"https:\/\/cercledeconsciencia.com\/#organization"},"potentialAction":[{"@type":"SearchAction","target":{"@type":"EntryPoint","urlTemplate":"https:\/\/cercledeconsciencia.com\/?s={search_term_string}"},"query-input":{"@type":"PropertyValueSpecification","valueRequired":true,"valueName":"search_term_string"}}],"inLanguage":"en-GB"},{"@type":"Organization","@id":"https:\/\/cercledeconsciencia.com\/#organization","name":"Circle of Conscience","url":"https:\/\/cercledeconsciencia.com\/","logo":{"@type":"ImageObject","inLanguage":"en-GB","@id":"https:\/\/cercledeconsciencia.com\/#\/schema\/logo\/image\/","url":"https:\/\/cercledeconsciencia.com\/wp-content\/uploads\/2023\/07\/logo.png","contentUrl":"https:\/\/cercledeconsciencia.com\/wp-content\/uploads\/2023\/07\/logo.png","width":239,"height":68,"caption":"Cercle de Consci\u00e8ncia"},"image":{"@id":"https:\/\/cercledeconsciencia.com\/#\/schema\/logo\/image\/"},"sameAs":["https:\/\/www.facebook.com\/Cercledeconscienciabarcelona?_rdr","https:\/\/www.instagram.com\/cercledeconsciencia\/","https:\/\/www.youtube.com\/c\/cercledeconsciencia"]}]}},"_links":{"self":[{"href":"https:\/\/cercledeconsciencia.com\/en\/wp-json\/wp\/v2\/mec-events\/5471","targetHints":{"allow":["GET"]}}],"collection":[{"href":"https:\/\/cercledeconsciencia.com\/en\/wp-json\/wp\/v2\/mec-events"}],"about":[{"href":"https:\/\/cercledeconsciencia.com\/en\/wp-json\/wp\/v2\/types\/mec-events"}],"author":[{"embeddable":true,"href":"https:\/\/cercledeconsciencia.com\/en\/wp-json\/wp\/v2\/users\/2"}],"replies":[{"embeddable":true,"href":"https:\/\/cercledeconsciencia.com\/en\/wp-json\/wp\/v2\/comments?post=5471"}],"wp:featuredmedia":[{"embeddable":true,"href":"https:\/\/cercledeconsciencia.com\/en\/wp-json\/wp\/v2\/media\/5472"}],"wp:attachment":[{"href":"https:\/\/cercledeconsciencia.com\/en\/wp-json\/wp\/v2\/media?parent=5471"}],"wp:term":[{"taxonomy":"post_tag","embeddable":true,"href":"https:\/\/cercledeconsciencia.com\/en\/wp-json\/wp\/v2\/tags?post=5471"},{"taxonomy":"mec_category","embeddable":true,"href":"https:\/\/cercledeconsciencia.com\/en\/wp-json\/wp\/v2\/mec_category?post=5471"},{"taxonomy":"mec_speaker","embeddable":true,"href":"https:\/\/cercledeconsciencia.com\/en\/wp-json\/wp\/v2\/mec_speaker?post=5471"}],"curies":[{"name":"wp","href":"https:\/\/api.w.org\/{rel}","templated":true}]}}