{"id":5482,"date":"2025-12-05T11:48:33","date_gmt":"2025-12-05T11:48:33","guid":{"rendered":"https:\/\/cercledeconsciencia.com\/?post_type=mec-events&#038;p=5482"},"modified":"2026-01-12T15:24:07","modified_gmt":"2026-01-12T15:24:07","slug":"enfocando-al-cuerpo-creativo-ibiza","status":"publish","type":"mec-events","link":"https:\/\/cercledeconsciencia.com\/en\/actividades\/enfocando-al-cuerpo-creativo-ibiza\/","title":{"rendered":"Focusing the Creative Body - Ibiza"},"content":{"rendered":"<h5 style=\"text-align: center;\"><strong>CICLO MENSUAL DE EXPLORACI\u00d3N CREATIVA CORPORAL<\/strong><\/h5>\n<hr \/>\n<p>\u00bfSab\u00edas que hay en ti mucho m\u00e1s potencial creativo del que imaginas?<\/p>\n<p>Te proponemos un espacio para potenciar tu expresi\u00f3n y creatividad desde la experiencia viva. Usamos t\u00e9cnicas terap\u00e9uticas y herramientas art\u00edsticas como puente hacia tu inspiraci\u00f3n m\u00e1s genuina.<\/p>\n<p>Descubrir\u00e1s lo que te impide habitar tu mejor versi\u00f3n.<\/p>\n<p style=\"text-align: center;\"><strong>\u00a1Es momento de expandir tu ser m\u00e1s aut\u00e9ntico!<\/strong><\/p>\n<hr \/>\n<p>IMPARTEN: JIMENA BRUSACA (terapeuta Gestalt, registros ak\u00e1shicos, directora art\u00edstica, psic. Transpersonal en formaci\u00f3n) &amp;<br \/>\nLUCRECIA CESAR (arteterapeuta gestalt, facilitadora creativa, dise\u00f1adora de moda)<\/p>\n<table>\n<tbody>\n<tr>\n<td>\n<p style=\"text-align: left;\"><strong>CICLO MENSUAL PRESENCIAL<\/strong><\/p>\n<p style=\"text-align: left;\">S\u00c1BADO DE 10H. A 18.30H + 4 INTEGRACIONES ONLINE DE 19 A 21H. (d\u00edas por definir)<\/p>\n<p style=\"text-align: left;\"><strong>CALENDAR<\/strong>:<\/p>\n<p style=\"text-align: left;\">ENERO 31, FEBRERO 14, MARZO 21, ABRIL 11<\/p>\n<p style=\"text-align: left;\"><strong>INVERSI\u00d3N<\/strong>: 370\u20ac (ciclo entero) | 120\u20ac (sesiones individuales)<\/p>\n<p style=\"text-align: left;\"><strong>M\u00c1S INFO E INSCRIPCI\u00d3N:\u00a0<\/strong>687673108 | 661257168 | <a href=\"mailto:info@thecreativesway.com\">info@thecreativesway.com<\/a><\/p>\n<p style=\"text-align: left;\">Perfiles de Instagram: @the_creatives_way | @cisnerojoproducciones<\/p>\n<p><a href=\"https:\/\/www.instagram.com\/reel\/DTHvfBiCCMr\/?igsh=aXcwNTcweWI2MW8z\">https:\/\/www.instagram.com\/reel\/DTHvfBiCCMr\/?igsh=aXcwNTcweWI2MW8z<\/a><\/td>\n<\/tr>\n<\/tbody>\n<\/table>","protected":false},"excerpt":{"rendered":"<p>CICLO MENSUAL DE EXPLORACI\u00d3N CREATIVA CORPORAL \u00bfSab\u00edas que hay en ti mucho m\u00e1s potencial creativo del que imaginas? Te proponemos un espacio para potenciar tu expresi\u00f3n y creatividad desde la [&hellip;]<\/p>\n","protected":false},"author":2,"featured_media":5483,"comment_status":"closed","ping_status":"closed","template":"","tags":[],"mec_category":[71],"mec_speaker":[],"class_list":["post-5482","mec-events","type-mec-events","status-publish","has-post-thumbnail","hentry","mec_category-cuerpo"],"yoast_head":"<!-- This site is optimized with the Yoast SEO plugin v27.4 - https:\/\/yoast.com\/product\/yoast-seo-wordpress\/ -->\n<title>Enfocando al Cuerpo Creativo - Ibiza - Cercle de Consci\u00e8ncia<\/title>\n<meta name=\"robots\" content=\"index, follow, max-snippet:-1, max-image-preview:large, max-video-preview:-1\" \/>\n<link rel=\"canonical\" href=\"https:\/\/cercledeconsciencia.com\/en\/activities\/enfocando-al-cuerpo-creativo-ibiza\/\" \/>\n<meta property=\"og:locale\" content=\"en_GB\" \/>\n<meta property=\"og:type\" content=\"article\" \/>\n<meta property=\"og:title\" content=\"Enfocando al Cuerpo Creativo - Ibiza - Cercle de Consci\u00e8ncia\" \/>\n<meta property=\"og:description\" content=\"CICLO MENSUAL DE EXPLORACI\u00d3N CREATIVA CORPORAL \u00bfSab\u00edas que hay en ti mucho m\u00e1s potencial creativo del que imaginas? Te proponemos un espacio para potenciar tu expresi\u00f3n y creatividad desde la [&hellip;]\" \/>\n<meta property=\"og:url\" content=\"https:\/\/cercledeconsciencia.com\/en\/activities\/enfocando-al-cuerpo-creativo-ibiza\/\" \/>\n<meta property=\"og:site_name\" content=\"Cercle de Consci\u00e8ncia\" \/>\n<meta property=\"article:publisher\" content=\"https:\/\/www.facebook.com\/Cercledeconscienciabarcelona?_rdr\" \/>\n<meta property=\"article:modified_time\" content=\"2026-01-12T15:24:07+00:00\" \/>\n<meta property=\"og:image\" content=\"https:\/\/cercledeconsciencia.com\/wp-content\/uploads\/2025\/12\/Captura-de-pantalla-2025-12-05-a-las-12.41.08.png\" \/>\n\t<meta property=\"og:image:width\" content=\"584\" \/>\n\t<meta property=\"og:image:height\" content=\"614\" \/>\n\t<meta property=\"og:image:type\" content=\"image\/png\" \/>\n<meta name=\"twitter:card\" content=\"summary_large_image\" \/>\n<meta name=\"twitter:label1\" content=\"Estimated reading time\" \/>\n\t<meta name=\"twitter:data1\" content=\"1 minute\" \/>\n<script type=\"application\/ld+json\" class=\"yoast-schema-graph\">{\"@context\":\"https:\\\/\\\/schema.org\",\"@graph\":[{\"@type\":\"WebPage\",\"@id\":\"https:\\\/\\\/cercledeconsciencia.com\\\/actividades\\\/enfocando-al-cuerpo-creativo-ibiza\\\/\",\"url\":\"https:\\\/\\\/cercledeconsciencia.com\\\/actividades\\\/enfocando-al-cuerpo-creativo-ibiza\\\/\",\"name\":\"Enfocando al Cuerpo Creativo - Ibiza - Cercle de Consci\u00e8ncia\",\"isPartOf\":{\"@id\":\"https:\\\/\\\/cercledeconsciencia.com\\\/#website\"},\"primaryImageOfPage\":{\"@id\":\"https:\\\/\\\/cercledeconsciencia.com\\\/actividades\\\/enfocando-al-cuerpo-creativo-ibiza\\\/#primaryimage\"},\"image\":{\"@id\":\"https:\\\/\\\/cercledeconsciencia.com\\\/actividades\\\/enfocando-al-cuerpo-creativo-ibiza\\\/#primaryimage\"},\"thumbnailUrl\":\"https:\\\/\\\/cercledeconsciencia.com\\\/wp-content\\\/uploads\\\/2025\\\/12\\\/Captura-de-pantalla-2025-12-05-a-las-12.41.08.png\",\"datePublished\":\"2025-12-05T11:48:33+00:00\",\"dateModified\":\"2026-01-12T15:24:07+00:00\",\"breadcrumb\":{\"@id\":\"https:\\\/\\\/cercledeconsciencia.com\\\/actividades\\\/enfocando-al-cuerpo-creativo-ibiza\\\/#breadcrumb\"},\"inLanguage\":\"en-GB\",\"potentialAction\":[{\"@type\":\"ReadAction\",\"target\":[\"https:\\\/\\\/cercledeconsciencia.com\\\/actividades\\\/enfocando-al-cuerpo-creativo-ibiza\\\/\"]}]},{\"@type\":\"ImageObject\",\"inLanguage\":\"en-GB\",\"@id\":\"https:\\\/\\\/cercledeconsciencia.com\\\/actividades\\\/enfocando-al-cuerpo-creativo-ibiza\\\/#primaryimage\",\"url\":\"https:\\\/\\\/cercledeconsciencia.com\\\/wp-content\\\/uploads\\\/2025\\\/12\\\/Captura-de-pantalla-2025-12-05-a-las-12.41.08.png\",\"contentUrl\":\"https:\\\/\\\/cercledeconsciencia.com\\\/wp-content\\\/uploads\\\/2025\\\/12\\\/Captura-de-pantalla-2025-12-05-a-las-12.41.08.png\",\"width\":584,\"height\":614},{\"@type\":\"BreadcrumbList\",\"@id\":\"https:\\\/\\\/cercledeconsciencia.com\\\/actividades\\\/enfocando-al-cuerpo-creativo-ibiza\\\/#breadcrumb\",\"itemListElement\":[{\"@type\":\"ListItem\",\"position\":1,\"name\":\"Portada\",\"item\":\"https:\\\/\\\/cercledeconsciencia.com\\\/\"},{\"@type\":\"ListItem\",\"position\":2,\"name\":\"Eventos\",\"item\":\"https:\\\/\\\/cercledeconsciencia.com\\\/actividades\\\/\"},{\"@type\":\"ListItem\",\"position\":3,\"name\":\"Enfocando al Cuerpo Creativo &#8211; Ibiza\"}]},{\"@type\":\"WebSite\",\"@id\":\"https:\\\/\\\/cercledeconsciencia.com\\\/#website\",\"url\":\"https:\\\/\\\/cercledeconsciencia.com\\\/\",\"name\":\"Cercle de Consci\u00e8ncia\",\"description\":\"Centro de Formaci\u00f3n y Terapias\",\"publisher\":{\"@id\":\"https:\\\/\\\/cercledeconsciencia.com\\\/#organization\"},\"potentialAction\":[{\"@type\":\"SearchAction\",\"target\":{\"@type\":\"EntryPoint\",\"urlTemplate\":\"https:\\\/\\\/cercledeconsciencia.com\\\/?s={search_term_string}\"},\"query-input\":{\"@type\":\"PropertyValueSpecification\",\"valueRequired\":true,\"valueName\":\"search_term_string\"}}],\"inLanguage\":\"en-GB\"},{\"@type\":\"Organization\",\"@id\":\"https:\\\/\\\/cercledeconsciencia.com\\\/#organization\",\"name\":\"Cercle de Consci\u00e8ncia\",\"url\":\"https:\\\/\\\/cercledeconsciencia.com\\\/\",\"logo\":{\"@type\":\"ImageObject\",\"inLanguage\":\"en-GB\",\"@id\":\"https:\\\/\\\/cercledeconsciencia.com\\\/#\\\/schema\\\/logo\\\/image\\\/\",\"url\":\"https:\\\/\\\/cercledeconsciencia.com\\\/wp-content\\\/uploads\\\/2023\\\/07\\\/logo.png\",\"contentUrl\":\"https:\\\/\\\/cercledeconsciencia.com\\\/wp-content\\\/uploads\\\/2023\\\/07\\\/logo.png\",\"width\":239,\"height\":68,\"caption\":\"Cercle de Consci\u00e8ncia\"},\"image\":{\"@id\":\"https:\\\/\\\/cercledeconsciencia.com\\\/#\\\/schema\\\/logo\\\/image\\\/\"},\"sameAs\":[\"https:\\\/\\\/www.facebook.com\\\/Cercledeconscienciabarcelona?_rdr\",\"https:\\\/\\\/www.instagram.com\\\/cercledeconsciencia\\\/\",\"https:\\\/\\\/www.youtube.com\\\/c\\\/cercledeconsciencia\"]}]}<\/script>\n<!-- \/ Yoast SEO plugin. -->","yoast_head_json":{"title":"Enfocando al Cuerpo Creativo - Ibiza - Cercle de Consci\u00e8ncia","robots":{"index":"index","follow":"follow","max-snippet":"max-snippet:-1","max-image-preview":"max-image-preview:large","max-video-preview":"max-video-preview:-1"},"canonical":"https:\/\/cercledeconsciencia.com\/en\/activities\/enfocando-al-cuerpo-creativo-ibiza\/","og_locale":"en_GB","og_type":"article","og_title":"Enfocando al Cuerpo Creativo - Ibiza - Cercle de Consci\u00e8ncia","og_description":"CICLO MENSUAL DE EXPLORACI\u00d3N CREATIVA CORPORAL \u00bfSab\u00edas que hay en ti mucho m\u00e1s potencial creativo del que imaginas? Te proponemos un espacio para potenciar tu expresi\u00f3n y creatividad desde la [&hellip;]","og_url":"https:\/\/cercledeconsciencia.com\/en\/activities\/enfocando-al-cuerpo-creativo-ibiza\/","og_site_name":"Cercle de Consci\u00e8ncia","article_publisher":"https:\/\/www.facebook.com\/Cercledeconscienciabarcelona?_rdr","article_modified_time":"2026-01-12T15:24:07+00:00","og_image":[{"width":584,"height":614,"url":"https:\/\/cercledeconsciencia.com\/wp-content\/uploads\/2025\/12\/Captura-de-pantalla-2025-12-05-a-las-12.41.08.png","type":"image\/png"}],"twitter_card":"summary_large_image","twitter_misc":{"Estimated reading time":"1 minute"},"schema":{"@context":"https:\/\/schema.org","@graph":[{"@type":"WebPage","@id":"https:\/\/cercledeconsciencia.com\/actividades\/enfocando-al-cuerpo-creativo-ibiza\/","url":"https:\/\/cercledeconsciencia.com\/actividades\/enfocando-al-cuerpo-creativo-ibiza\/","name":"Enfocando al Cuerpo Creativo - Ibiza - Cercle de Consci\u00e8ncia","isPartOf":{"@id":"https:\/\/cercledeconsciencia.com\/#website"},"primaryImageOfPage":{"@id":"https:\/\/cercledeconsciencia.com\/actividades\/enfocando-al-cuerpo-creativo-ibiza\/#primaryimage"},"image":{"@id":"https:\/\/cercledeconsciencia.com\/actividades\/enfocando-al-cuerpo-creativo-ibiza\/#primaryimage"},"thumbnailUrl":"https:\/\/cercledeconsciencia.com\/wp-content\/uploads\/2025\/12\/Captura-de-pantalla-2025-12-05-a-las-12.41.08.png","datePublished":"2025-12-05T11:48:33+00:00","dateModified":"2026-01-12T15:24:07+00:00","breadcrumb":{"@id":"https:\/\/cercledeconsciencia.com\/actividades\/enfocando-al-cuerpo-creativo-ibiza\/#breadcrumb"},"inLanguage":"en-GB","potentialAction":[{"@type":"ReadAction","target":["https:\/\/cercledeconsciencia.com\/actividades\/enfocando-al-cuerpo-creativo-ibiza\/"]}]},{"@type":"ImageObject","inLanguage":"en-GB","@id":"https:\/\/cercledeconsciencia.com\/actividades\/enfocando-al-cuerpo-creativo-ibiza\/#primaryimage","url":"https:\/\/cercledeconsciencia.com\/wp-content\/uploads\/2025\/12\/Captura-de-pantalla-2025-12-05-a-las-12.41.08.png","contentUrl":"https:\/\/cercledeconsciencia.com\/wp-content\/uploads\/2025\/12\/Captura-de-pantalla-2025-12-05-a-las-12.41.08.png","width":584,"height":614},{"@type":"BreadcrumbList","@id":"https:\/\/cercledeconsciencia.com\/actividades\/enfocando-al-cuerpo-creativo-ibiza\/#breadcrumb","itemListElement":[{"@type":"ListItem","position":1,"name":"Portada","item":"https:\/\/cercledeconsciencia.com\/"},{"@type":"ListItem","position":2,"name":"Eventos","item":"https:\/\/cercledeconsciencia.com\/actividades\/"},{"@type":"ListItem","position":3,"name":"Enfocando al Cuerpo Creativo &#8211; Ibiza"}]},{"@type":"WebSite","@id":"https:\/\/cercledeconsciencia.com\/#website","url":"https:\/\/cercledeconsciencia.com\/","name":"Circle of Conscience","description":"Training and Therapy Centre","publisher":{"@id":"https:\/\/cercledeconsciencia.com\/#organization"},"potentialAction":[{"@type":"SearchAction","target":{"@type":"EntryPoint","urlTemplate":"https:\/\/cercledeconsciencia.com\/?s={search_term_string}"},"query-input":{"@type":"PropertyValueSpecification","valueRequired":true,"valueName":"search_term_string"}}],"inLanguage":"en-GB"},{"@type":"Organization","@id":"https:\/\/cercledeconsciencia.com\/#organization","name":"Circle of Conscience","url":"https:\/\/cercledeconsciencia.com\/","logo":{"@type":"ImageObject","inLanguage":"en-GB","@id":"https:\/\/cercledeconsciencia.com\/#\/schema\/logo\/image\/","url":"https:\/\/cercledeconsciencia.com\/wp-content\/uploads\/2023\/07\/logo.png","contentUrl":"https:\/\/cercledeconsciencia.com\/wp-content\/uploads\/2023\/07\/logo.png","width":239,"height":68,"caption":"Cercle de Consci\u00e8ncia"},"image":{"@id":"https:\/\/cercledeconsciencia.com\/#\/schema\/logo\/image\/"},"sameAs":["https:\/\/www.facebook.com\/Cercledeconscienciabarcelona?_rdr","https:\/\/www.instagram.com\/cercledeconsciencia\/","https:\/\/www.youtube.com\/c\/cercledeconsciencia"]}]}},"_links":{"self":[{"href":"https:\/\/cercledeconsciencia.com\/en\/wp-json\/wp\/v2\/mec-events\/5482","targetHints":{"allow":["GET"]}}],"collection":[{"href":"https:\/\/cercledeconsciencia.com\/en\/wp-json\/wp\/v2\/mec-events"}],"about":[{"href":"https:\/\/cercledeconsciencia.com\/en\/wp-json\/wp\/v2\/types\/mec-events"}],"author":[{"embeddable":true,"href":"https:\/\/cercledeconsciencia.com\/en\/wp-json\/wp\/v2\/users\/2"}],"replies":[{"embeddable":true,"href":"https:\/\/cercledeconsciencia.com\/en\/wp-json\/wp\/v2\/comments?post=5482"}],"wp:featuredmedia":[{"embeddable":true,"href":"https:\/\/cercledeconsciencia.com\/en\/wp-json\/wp\/v2\/media\/5483"}],"wp:attachment":[{"href":"https:\/\/cercledeconsciencia.com\/en\/wp-json\/wp\/v2\/media?parent=5482"}],"wp:term":[{"taxonomy":"post_tag","embeddable":true,"href":"https:\/\/cercledeconsciencia.com\/en\/wp-json\/wp\/v2\/tags?post=5482"},{"taxonomy":"mec_category","embeddable":true,"href":"https:\/\/cercledeconsciencia.com\/en\/wp-json\/wp\/v2\/mec_category?post=5482"},{"taxonomy":"mec_speaker","embeddable":true,"href":"https:\/\/cercledeconsciencia.com\/en\/wp-json\/wp\/v2\/mec_speaker?post=5482"}],"curies":[{"name":"wp","href":"https:\/\/api.w.org\/{rel}","templated":true}]}}