{"id":5530,"date":"2026-03-16T12:12:47","date_gmt":"2026-03-16T12:12:47","guid":{"rendered":"https:\/\/cercledeconsciencia.com\/?post_type=mec-events&#038;p=5530"},"modified":"2026-04-23T08:49:44","modified_gmt":"2026-04-23T08:49:44","slug":"jornada-de-puertas-abiertas-de-cercle-de-consciencia-bcn-ibi-mll","status":"publish","type":"mec-events","link":"https:\/\/cercledeconsciencia.com\/en\/actividades\/jornada-de-puertas-abiertas-de-cercle-de-consciencia-bcn-ibi-mll\/","title":{"rendered":"Cercle de Consci\u00e8ncia's Open Day | BCN, IBI, MLL |"},"content":{"rendered":"<h4 style=\"text-align: center;\"><strong><span style=\"color: #993300;\">Un viaje en cuatro palabras<\/span><\/strong><\/h4>\n<p>Hay momentos en la vida en los que algo dentro de ti pide profundizar: comprenderte mejor, escuchar tu cuerpo, relacionarte de una manera m\u00e1s aut\u00e9ntica. O incluso aprender a acompa\u00f1ar a otras personas en sus procesos.<\/p>\n<p>Si sientes esa llamada, queremos invitarte a un espacio especial:\u2028 <strong>la Jornada de Puertas Abiertas de Cercle de Consci\u00e8ncia<\/strong>.<\/p>\n<p>Una oportunidad para explorar los cuatro pilares del trabajo terap\u00e9utico que conforman nuestra escuela.<\/p>\n<p>\u2728 CONTACTO \u2014 Formaci\u00f3n en Gestalt Integrativa<\/p>\n<p>\u2728 RESPETO \u2014 Formaci\u00f3n en Sexualidad Integrativa<\/p>\n<p>\u2728 L\u00cdMITES \u2014 Formaci\u00f3n en Terapia Corporal Integrativa<\/p>\n<p>\u2728 PRESENCIA \u2014 Formaci\u00f3n Transpersonal Integrativa<\/p>\n<p>Cuatro caminos que se entrelazan en un mismo viaje de vuelta a ti.<\/p>\n<hr \/>\n<h4 style=\"text-align: center;\">[<a href=\"https:\/\/forms.gle\/NGudRdRUqwuWGYjR7\">Reservar plaza en <strong>B<\/strong><\/a><strong>arcelona<\/strong>]<\/h4>\n<h4 style=\"text-align: center;\">[<a href=\"https:\/\/forms.gle\/jJ8LiD5R3XqbAHN2A\">Reservar plaza en <strong>I<\/strong><\/a><strong>biza<\/strong>]<\/h4>\n<h4 style=\"text-align: center;\">[<a href=\"https:\/\/forms.gle\/ez8E4LXHLgfh9hd36\">Reservar plaza en\u00a0<\/a><strong>Mallorca<\/strong>]<\/h4>\n<hr \/>\n<h4><span style=\"color: #993300;\"><strong>Un recorrido a trav\u00e9s de cuatro puertas<\/strong><\/span><\/h4>\n<p>Te proponemos explorar estas cuatro palabras, que son a su vez cuatro experiencias vivas. Cada una abre una puerta: un espacio de consciencia, cuerpo y relaci\u00f3n.<\/p>\n<p><span style=\"color: #339966;\"><strong>CONTACTO: <\/strong><strong>El instante en que algo se despierta en ti<\/strong><\/span><br \/>\nEl momento en que te reconoces.\u2028 En que aparece el encuentro con la otra persona.\u2028 En que algo vivo empieza a moverse.<br \/>\nEl contacto es la base de la <strong><span style=\"color: #339966;\">Formaci\u00f3n en Gestalt Integrativa<\/span><\/strong>.<br \/>\nUn aprendizaje para desarrollar presencia, consciencia y relaci\u00f3n aut\u00e9ntica.<\/p>\n<p><strong><span style=\"color: #ff0000;\">RESPETO:<\/span><\/strong> <strong><span style=\"color: #ff0000;\">La verdad profunda que habita en tu cuerpo<\/span><\/strong><br \/>\nEscuchar la intimidad.\u2028 Reconocer el deseo.\u2028 Acoger la diversidad.<br \/>\nEl respeto es el coraz\u00f3n de la <strong><span style=\"color: #ff0000;\">Formaci\u00f3n en Sexualidad Integrativa<\/span><\/strong>.<br \/>\nUn camino para habitar la sexualidad con conciencia, sensibilidad y autenticidad.<\/p>\n<p><strong><span style=\"color: #993300;\">L\u00cdMITES: <\/span><span style=\"color: #993300;\">El apoyo que te permite sentir sost\u00e9n y fuerza<\/span><\/strong><br \/>\nHabitar tu espacio interno.\u2028 Sentir el cuerpo como contenci\u00f3n.\u2028 Descansar en la propia estructura.<br \/>\nLos l\u00edmites son el eje de la <strong><span style=\"color: #993300;\">Formaci\u00f3n en Terapia Corporal Integrativa<\/span><\/strong>.<br \/>\nUn proceso para reconectar con el cuerpo como lugar de apoyo y transformaci\u00f3n.<\/p>\n<p><strong><span style=\"color: #000080;\">PRESENCIA:<\/span><\/strong> <strong><span style=\"color: #000080;\">El espacio donde todo ocurre<\/span><\/strong><br \/>\nEl instante se abre.\u2028 La consciencia se expande.\u2028 Regresas al origen.<br \/>\nLa presencia es la esencia de la <strong><span style=\"color: #000080;\">Formaci\u00f3n Transpersonal Integrativa<\/span><\/strong>.<br \/>\nUn viaje hacia la dimensi\u00f3n profunda de la experiencia humana.<\/p>\n<hr \/>\n<p><strong>\u00bfQu\u00e9 podr\u00e1s vivir durante la jornada?<\/strong><br \/>\nLa Jornada de Puertas Abiertas est\u00e1 pensada para sentir estos enfoques desde la experiencia.<\/p>\n<p>Durante el encuentro podr\u00e1s participar en:<\/p>\n<ul>\n<li>Una charla de introducci\u00f3n a nuestra escuela y a las formaciones.<\/li>\n<li>4 talleres experienciales donde explorar cada uno de estos pilares en primera persona.<\/li>\n<li>Un espacio para preguntar, compartir y conocer al equipo.<\/li>\n<\/ul>\n<p>Nuestro equipo lleva m\u00e1s de 25 a\u00f1os dedicados a la formaci\u00f3n y al acompa\u00f1amiento terap\u00e9utico, creando espacios seguros de aprendizaje, consciencia y transformaci\u00f3n.<\/p>\n<hr \/>\n<p><strong>\u00bfPara qui\u00e9n es esta jornada?<\/strong><br \/>\nEsta jornada puede resonar contigo si:<\/p>\n<ul>\n<li>Sientes inter\u00e9s por el autoconocimiento profundo.<\/li>\n<li>Quieres explorar el trabajo terap\u00e9utico desde el cuerpo y la consciencia desde una mirada integrativa.<\/li>\n<li>Est\u00e1s considerando formarte como terapeuta.<\/li>\n<li>O simplemente quieres acercarte y sentir si este camino es para ti.<\/li>\n<\/ul>\n<hr \/>\n<p><strong>\u00bfCu\u00e1ndo es y cu\u00e1l es el programa?<br \/>\n<\/strong><br \/>\n\ud83d\udccd<strong><span style=\"color: #008080;\"> Barcelona<\/span>\u2028, 16 y 17 de mayo, en Espai TCI<\/strong><br \/>\n<strong>\ud83d\udccd <span style=\"color: #008080;\">Ibiza<\/span>\u2028, 30 y 31 de mayo, en Sant Josep<\/strong><br \/>\n<strong>\ud83d\udccd <span style=\"color: #008080;\">Mallorca<\/span>\u2028, 26 de septiembre<\/strong><\/p>\n<h4><span style=\"color: #993300;\"><strong>Programa de la jornada<\/strong><\/span><\/h4>\n<p><span style=\"color: #008080;\"><strong>BARCELONA<\/strong><\/span><br \/>\n<strong>S\u00e1bado, 16 de mayo<\/strong><br \/>\n09:45 \u2014 Bienvenida. Hora de llegada al centro<br \/>\n10:00\u201311:00 \u2014 Presentaci\u00f3n de las formaciones y de la escuela<br \/>\n11:00\u201311:30 \u2014 Descanso<br \/>\n11:30\u201313:00 \u2014 Taller de <strong>Gestalt Integrativa<\/strong> sobre <strong>CONTACTO<\/strong>, con <strong>Montse Coll.<\/strong><br \/>\n13:00\u201314:30 \u2014 Taller de<strong> Sexualidad Integrativa<\/strong> sobre <strong>RESPETO<\/strong>, con <strong>Mario S\u00e1nchez<\/strong>.<br \/>\nComida (fin del bloque de ma\u00f1ana)<br \/>\n16:00\u201317:30 \u2014 Taller de<strong> Terapia Corporal Integrativa<\/strong> sobre <strong>L\u00cdMITES<\/strong>, con <strong>Cris Ribera<\/strong>.<br \/>\n17:30\u201319:00 \u2014 Taller de<strong> Transpersonal Integrativa<\/strong> sobre <strong>PRESENCIA<\/strong>, con <strong>Toni Aguilar<\/strong>.<br \/>\n<strong>Domingo, 17 de mayo<\/strong><\/p>\n<p>10:30\u201312 \u2014 Taller de Pu\u00f1oterapia, con <strong>Lara Terradas y Roberto Laurieri<\/strong><br \/>\n12:30\u201314 \u2014 Taller de Teatro Terap\u00e9utico, con <strong>Antonio Campa\u00f1a<\/strong><br \/>\n16\u201317:30 \u2014 Taller de A Viva Voz: de la complacencia a la autenticidad, con <strong>Clara Dell&#8217;Oro<br \/>\n<\/strong>18\u201319:30 \u2014 Taller de Experiencias Som\u00e1ticas de Reparaci\u00f3n con <strong>Mar\u00eda Saura<\/strong>.<br \/>\n*Se requiere inscripci\u00f3n previa al taller que quieras asistir.<\/p>\n<p><strong>Precio<\/strong>: S\u00e1bado\u2028 20\u20ac jornada completa (incluye la comida) \u2028| 15\u20ac solo ma\u00f1ana o solo tarde.<\/p>\n<p>Los talleres del domingo son gratuitos.<\/p>\n<hr \/>\n<p><span style=\"color: #008080;\"><strong>IBIZA<\/strong><\/span><br \/>\n<strong>S\u00e1bado, 30 de mayo<\/strong><br \/>\n09:45 \u2014 Bienvenida. Hora de llegada al centro<br \/>\n10:00\u201311:00 \u2014 Presentaci\u00f3n de las formaciones y de la escuela<br \/>\n11:00\u201311:30 \u2014 Descanso<br \/>\n11:30\u201313:00 \u2014 Taller de <strong>Gestalt Integrativa<\/strong> sobre <strong>CONTACTO<\/strong>, con <strong>J\u00e9ssica Capaz y Carolina M\u00e9ndez<\/strong>.<br \/>\n13:00\u201314:30 \u2014 Taller de <strong>Sexualidad Integrativa<\/strong> sobre <strong>RESPETO<\/strong>, con <strong>Ra\u00fal Andreu y Corina Bretschneider<\/strong>.<br \/>\nComida (fin del bloque de ma\u00f1ana)<br \/>\n16:00\u201317:30 \u2014 Taller de <strong>Terapia Corporal Integrativa<\/strong> sobre <strong>L\u00cdMITES<\/strong>, con <strong>Cris Ribera Casal y Constanza Canals<\/strong>.<br \/>\n17:30\u201319:00 \u2014 Taller de <strong>Transpersonal Integrativa<\/strong> sobre <strong>PRESENCIA<\/strong>, con <strong>Toni Aguilar y Loelia Campos<\/strong>.<\/p>\n<p><strong>*. Presentaci\u00f3n del programa de microdosis<\/strong> \u2013 Dra. Rosa Picazo.<\/p>\n<p><strong>Domingo, 31 de mayo<br \/>\n<\/strong>10:30\u201312:00 \u2014 Taller de Danza: misterio, alma y creaci\u00f3n, con <strong>Ivana Valeria Alisio<\/strong>.<br \/>\n<em>12-12.30h &#8211; descanso pica pica<br \/>\n<\/em>12:30\u201314:00 \u2014 Taller de <strong>\u201c<\/strong>Habitar tus personajes\u201d \u2013 Espacio de teatro terap\u00e9utico, con <strong>Toni Riera<\/strong>.<br \/>\nLa jornada del s\u00e1bado y del domingo son gratuitas con inscripci\u00f3n previa obligatoria.<\/p>\n<p><strong><span style=\"color: #008080;\">MALLORCA<\/span><br \/>\n<\/strong><strong>S\u00e1bado, 26 de septiembre<\/strong><br \/>\n09:45\u201311:00 \u2014 Bienvenida, presentaci\u00f3n de la escuela y de las formaciones, concretamente la de Terapia Corporal Integrativa.<br \/>\n11:00\u201311:30 \u2014 Descanso<br \/>\n11:30\u201314:00 \u2014 Taller <strong>Sin Prisas<\/strong>. Exploraremos pr\u00e1cticas que invitan a bajar el ritmo, reconectar con el presente y cultivar una atenci\u00f3n m\u00e1s profunda. Un tiempo para escucharte y habitarte con calma.<br \/>\nComida y Compartir (fin del bloque de ma\u00f1ana)<br \/>\n15:30\u201317:30 \u2014 Taller de <strong>M\u00e1s Cuerpo<\/strong>. Entraremos en el cuerpo a trav\u00e9s del movimiento consciente, despertando zonas dormidas y liberando tensiones para recuperar fluidez y vitalidad.<br \/>\n17:30\u201318:00 \u2014 Descanso<br \/>\n18:00\u201319:30 \u2014 <strong>Integraci\u00f3n del trabajo<\/strong>. Cerramos la jornada integrando la experiencia vivida, dando espacio a lo sentido y facilitando que lo aprendido pueda acompa\u00f1arte m\u00e1s all\u00e1 del encuentro.<\/p>\n<p>Toda la jornada estar\u00e1 dirigida por <strong>Jasmin Lago<\/strong> (Directora Cercle Mallorca), <strong>Gisela Perazzolo<\/strong> (Coordinadora de TCI) y el <strong>equipo de TCI<\/strong>.<\/p>\n<hr \/>\n<p><strong>Beneficio especial para los asistentes a la jornada<\/strong><br \/>\nSi decides unirte a una de nuestras formaciones podr\u00e1s beneficiarte de un <strong>50% de descuento en la matr\u00edcula<\/strong> por haber asistido a las puertas abiertas.<\/p>\n<p>Fechas del descuento:<br \/>\nBarcelona: 16\/05 \u2014 23\/05 | \u2028Ibiza: 30\/05 \u2014 06\/06\u2028 | Mallorca: 30\/05 \u2014 06\/06<\/p>\n<p><strong>Las plazas son limitadas y requieren inscripci\u00f3n previa.<\/strong><\/p>\n<hr \/>\n<h4 style=\"text-align: center;\">[<a href=\"https:\/\/forms.gle\/NGudRdRUqwuWGYjR7\">Reservar plaza en <\/a><strong>BARCELONA<\/strong>]<\/h4>\n<h4 style=\"text-align: center;\">[<a href=\"https:\/\/forms.gle\/jJ8LiD5R3XqbAHN2A\">Reservar plaza en\u00a0<\/a><strong>IBIZA<\/strong>]<\/h4>\n<h4 style=\"text-align: center;\">[<a href=\"https:\/\/forms.gle\/ez8E4LXHLgfh9hd36\">Reservar plaza en\u00a0<\/a><strong>MALLORCA<\/strong>]<\/h4>\n<hr \/>\n<p>\u00a1Estamos muy ilusionados por vivir estas jornadas contigo!<\/p>\n","protected":false},"excerpt":{"rendered":"<p>Un viaje en cuatro palabras Hay momentos en la vida en los que algo dentro de ti pide profundizar: comprenderte mejor, escuchar tu cuerpo, relacionarte de una manera m\u00e1s aut\u00e9ntica. [&hellip;]<\/p>\n","protected":false},"author":2,"featured_media":5531,"comment_status":"closed","ping_status":"closed","template":"","tags":[],"mec_category":[77,71,81,80,157,52],"mec_speaker":[],"class_list":["post-5530","mec-events","type-mec-events","status-publish","has-post-thumbnail","hentry","mec_category-crecimiento-personal","mec_category-cuerpo","mec_category-enfoque-gestalt","mec_category-enfoque-transpersonal","mec_category-espiritualidad","mec_category-formacion"],"yoast_head":"<!-- This site is optimized with the Yoast SEO plugin v27.4 - https:\/\/yoast.com\/product\/yoast-seo-wordpress\/ -->\n<title>Jornada de Puertas Abiertas de Cercle de Consci\u00e8ncia | BCN, IBI, MLL | - Cercle de Consci\u00e8ncia<\/title>\n<meta name=\"robots\" content=\"index, follow, max-snippet:-1, max-image-preview:large, max-video-preview:-1\" \/>\n<link rel=\"canonical\" href=\"https:\/\/cercledeconsciencia.com\/en\/activities\/jornada-de-puertas-abiertas-de-cercle-de-consciencia-bcn-ibi-mll\/\" \/>\n<meta property=\"og:locale\" content=\"en_GB\" \/>\n<meta property=\"og:type\" content=\"article\" \/>\n<meta property=\"og:title\" content=\"Jornada de Puertas Abiertas de Cercle de Consci\u00e8ncia | BCN, IBI, MLL | - Cercle de Consci\u00e8ncia\" \/>\n<meta property=\"og:description\" content=\"Un viaje en cuatro palabras Hay momentos en la vida en los que algo dentro de ti pide profundizar: comprenderte mejor, escuchar tu cuerpo, relacionarte de una manera m\u00e1s aut\u00e9ntica. [&hellip;]\" \/>\n<meta property=\"og:url\" content=\"https:\/\/cercledeconsciencia.com\/en\/activities\/jornada-de-puertas-abiertas-de-cercle-de-consciencia-bcn-ibi-mll\/\" \/>\n<meta property=\"og:site_name\" content=\"Cercle de Consci\u00e8ncia\" \/>\n<meta property=\"article:publisher\" content=\"https:\/\/www.facebook.com\/Cercledeconscienciabarcelona?_rdr\" \/>\n<meta property=\"article:modified_time\" content=\"2026-04-23T08:49:44+00:00\" \/>\n<meta property=\"og:image\" content=\"https:\/\/cercledeconsciencia.com\/wp-content\/uploads\/2026\/03\/Captura-de-pantalla-2026-03-12-a-las-14.34.52.png\" \/>\n\t<meta property=\"og:image:width\" content=\"542\" \/>\n\t<meta property=\"og:image:height\" content=\"468\" \/>\n\t<meta property=\"og:image:type\" content=\"image\/png\" \/>\n<meta name=\"twitter:card\" content=\"summary_large_image\" \/>\n<meta name=\"twitter:label1\" content=\"Estimated reading time\" \/>\n\t<meta name=\"twitter:data1\" content=\"5 minutes\" \/>\n<script type=\"application\/ld+json\" class=\"yoast-schema-graph\">{\"@context\":\"https:\\\/\\\/schema.org\",\"@graph\":[{\"@type\":\"WebPage\",\"@id\":\"https:\\\/\\\/cercledeconsciencia.com\\\/actividades\\\/jornada-de-puertas-abiertas-de-cercle-de-consciencia-bcn-ibi-mll\\\/\",\"url\":\"https:\\\/\\\/cercledeconsciencia.com\\\/actividades\\\/jornada-de-puertas-abiertas-de-cercle-de-consciencia-bcn-ibi-mll\\\/\",\"name\":\"Jornada de Puertas Abiertas de Cercle de Consci\u00e8ncia | BCN, IBI, MLL | - Cercle de Consci\u00e8ncia\",\"isPartOf\":{\"@id\":\"https:\\\/\\\/cercledeconsciencia.com\\\/#website\"},\"primaryImageOfPage\":{\"@id\":\"https:\\\/\\\/cercledeconsciencia.com\\\/actividades\\\/jornada-de-puertas-abiertas-de-cercle-de-consciencia-bcn-ibi-mll\\\/#primaryimage\"},\"image\":{\"@id\":\"https:\\\/\\\/cercledeconsciencia.com\\\/actividades\\\/jornada-de-puertas-abiertas-de-cercle-de-consciencia-bcn-ibi-mll\\\/#primaryimage\"},\"thumbnailUrl\":\"https:\\\/\\\/cercledeconsciencia.com\\\/wp-content\\\/uploads\\\/2026\\\/03\\\/Captura-de-pantalla-2026-03-12-a-las-14.34.52.png\",\"datePublished\":\"2026-03-16T12:12:47+00:00\",\"dateModified\":\"2026-04-23T08:49:44+00:00\",\"breadcrumb\":{\"@id\":\"https:\\\/\\\/cercledeconsciencia.com\\\/actividades\\\/jornada-de-puertas-abiertas-de-cercle-de-consciencia-bcn-ibi-mll\\\/#breadcrumb\"},\"inLanguage\":\"en-GB\",\"potentialAction\":[{\"@type\":\"ReadAction\",\"target\":[\"https:\\\/\\\/cercledeconsciencia.com\\\/actividades\\\/jornada-de-puertas-abiertas-de-cercle-de-consciencia-bcn-ibi-mll\\\/\"]}]},{\"@type\":\"ImageObject\",\"inLanguage\":\"en-GB\",\"@id\":\"https:\\\/\\\/cercledeconsciencia.com\\\/actividades\\\/jornada-de-puertas-abiertas-de-cercle-de-consciencia-bcn-ibi-mll\\\/#primaryimage\",\"url\":\"https:\\\/\\\/cercledeconsciencia.com\\\/wp-content\\\/uploads\\\/2026\\\/03\\\/Captura-de-pantalla-2026-03-12-a-las-14.34.52.png\",\"contentUrl\":\"https:\\\/\\\/cercledeconsciencia.com\\\/wp-content\\\/uploads\\\/2026\\\/03\\\/Captura-de-pantalla-2026-03-12-a-las-14.34.52.png\",\"width\":542,\"height\":468},{\"@type\":\"BreadcrumbList\",\"@id\":\"https:\\\/\\\/cercledeconsciencia.com\\\/actividades\\\/jornada-de-puertas-abiertas-de-cercle-de-consciencia-bcn-ibi-mll\\\/#breadcrumb\",\"itemListElement\":[{\"@type\":\"ListItem\",\"position\":1,\"name\":\"Portada\",\"item\":\"https:\\\/\\\/cercledeconsciencia.com\\\/\"},{\"@type\":\"ListItem\",\"position\":2,\"name\":\"Eventos\",\"item\":\"https:\\\/\\\/cercledeconsciencia.com\\\/actividades\\\/\"},{\"@type\":\"ListItem\",\"position\":3,\"name\":\"Jornada de Puertas Abiertas de Cercle de Consci\u00e8ncia | BCN, IBI, MLL |\"}]},{\"@type\":\"WebSite\",\"@id\":\"https:\\\/\\\/cercledeconsciencia.com\\\/#website\",\"url\":\"https:\\\/\\\/cercledeconsciencia.com\\\/\",\"name\":\"Cercle de Consci\u00e8ncia\",\"description\":\"Centro de Formaci\u00f3n y Terapias\",\"publisher\":{\"@id\":\"https:\\\/\\\/cercledeconsciencia.com\\\/#organization\"},\"potentialAction\":[{\"@type\":\"SearchAction\",\"target\":{\"@type\":\"EntryPoint\",\"urlTemplate\":\"https:\\\/\\\/cercledeconsciencia.com\\\/?s={search_term_string}\"},\"query-input\":{\"@type\":\"PropertyValueSpecification\",\"valueRequired\":true,\"valueName\":\"search_term_string\"}}],\"inLanguage\":\"en-GB\"},{\"@type\":\"Organization\",\"@id\":\"https:\\\/\\\/cercledeconsciencia.com\\\/#organization\",\"name\":\"Cercle de Consci\u00e8ncia\",\"url\":\"https:\\\/\\\/cercledeconsciencia.com\\\/\",\"logo\":{\"@type\":\"ImageObject\",\"inLanguage\":\"en-GB\",\"@id\":\"https:\\\/\\\/cercledeconsciencia.com\\\/#\\\/schema\\\/logo\\\/image\\\/\",\"url\":\"https:\\\/\\\/cercledeconsciencia.com\\\/wp-content\\\/uploads\\\/2023\\\/07\\\/logo.png\",\"contentUrl\":\"https:\\\/\\\/cercledeconsciencia.com\\\/wp-content\\\/uploads\\\/2023\\\/07\\\/logo.png\",\"width\":239,\"height\":68,\"caption\":\"Cercle de Consci\u00e8ncia\"},\"image\":{\"@id\":\"https:\\\/\\\/cercledeconsciencia.com\\\/#\\\/schema\\\/logo\\\/image\\\/\"},\"sameAs\":[\"https:\\\/\\\/www.facebook.com\\\/Cercledeconscienciabarcelona?_rdr\",\"https:\\\/\\\/www.instagram.com\\\/cercledeconsciencia\\\/\",\"https:\\\/\\\/www.youtube.com\\\/c\\\/cercledeconsciencia\"]}]}<\/script>\n<!-- \/ Yoast SEO plugin. -->","yoast_head_json":{"title":"Jornada de Puertas Abiertas de Cercle de Consci\u00e8ncia | BCN, IBI, MLL | - Cercle de Consci\u00e8ncia","robots":{"index":"index","follow":"follow","max-snippet":"max-snippet:-1","max-image-preview":"max-image-preview:large","max-video-preview":"max-video-preview:-1"},"canonical":"https:\/\/cercledeconsciencia.com\/en\/activities\/jornada-de-puertas-abiertas-de-cercle-de-consciencia-bcn-ibi-mll\/","og_locale":"en_GB","og_type":"article","og_title":"Jornada de Puertas Abiertas de Cercle de Consci\u00e8ncia | BCN, IBI, MLL | - Cercle de Consci\u00e8ncia","og_description":"Un viaje en cuatro palabras Hay momentos en la vida en los que algo dentro de ti pide profundizar: comprenderte mejor, escuchar tu cuerpo, relacionarte de una manera m\u00e1s aut\u00e9ntica. [&hellip;]","og_url":"https:\/\/cercledeconsciencia.com\/en\/activities\/jornada-de-puertas-abiertas-de-cercle-de-consciencia-bcn-ibi-mll\/","og_site_name":"Cercle de Consci\u00e8ncia","article_publisher":"https:\/\/www.facebook.com\/Cercledeconscienciabarcelona?_rdr","article_modified_time":"2026-04-23T08:49:44+00:00","og_image":[{"width":542,"height":468,"url":"https:\/\/cercledeconsciencia.com\/wp-content\/uploads\/2026\/03\/Captura-de-pantalla-2026-03-12-a-las-14.34.52.png","type":"image\/png"}],"twitter_card":"summary_large_image","twitter_misc":{"Estimated reading time":"5 minutes"},"schema":{"@context":"https:\/\/schema.org","@graph":[{"@type":"WebPage","@id":"https:\/\/cercledeconsciencia.com\/actividades\/jornada-de-puertas-abiertas-de-cercle-de-consciencia-bcn-ibi-mll\/","url":"https:\/\/cercledeconsciencia.com\/actividades\/jornada-de-puertas-abiertas-de-cercle-de-consciencia-bcn-ibi-mll\/","name":"Jornada de Puertas Abiertas de Cercle de Consci\u00e8ncia | BCN, IBI, MLL | - Cercle de Consci\u00e8ncia","isPartOf":{"@id":"https:\/\/cercledeconsciencia.com\/#website"},"primaryImageOfPage":{"@id":"https:\/\/cercledeconsciencia.com\/actividades\/jornada-de-puertas-abiertas-de-cercle-de-consciencia-bcn-ibi-mll\/#primaryimage"},"image":{"@id":"https:\/\/cercledeconsciencia.com\/actividades\/jornada-de-puertas-abiertas-de-cercle-de-consciencia-bcn-ibi-mll\/#primaryimage"},"thumbnailUrl":"https:\/\/cercledeconsciencia.com\/wp-content\/uploads\/2026\/03\/Captura-de-pantalla-2026-03-12-a-las-14.34.52.png","datePublished":"2026-03-16T12:12:47+00:00","dateModified":"2026-04-23T08:49:44+00:00","breadcrumb":{"@id":"https:\/\/cercledeconsciencia.com\/actividades\/jornada-de-puertas-abiertas-de-cercle-de-consciencia-bcn-ibi-mll\/#breadcrumb"},"inLanguage":"en-GB","potentialAction":[{"@type":"ReadAction","target":["https:\/\/cercledeconsciencia.com\/actividades\/jornada-de-puertas-abiertas-de-cercle-de-consciencia-bcn-ibi-mll\/"]}]},{"@type":"ImageObject","inLanguage":"en-GB","@id":"https:\/\/cercledeconsciencia.com\/actividades\/jornada-de-puertas-abiertas-de-cercle-de-consciencia-bcn-ibi-mll\/#primaryimage","url":"https:\/\/cercledeconsciencia.com\/wp-content\/uploads\/2026\/03\/Captura-de-pantalla-2026-03-12-a-las-14.34.52.png","contentUrl":"https:\/\/cercledeconsciencia.com\/wp-content\/uploads\/2026\/03\/Captura-de-pantalla-2026-03-12-a-las-14.34.52.png","width":542,"height":468},{"@type":"BreadcrumbList","@id":"https:\/\/cercledeconsciencia.com\/actividades\/jornada-de-puertas-abiertas-de-cercle-de-consciencia-bcn-ibi-mll\/#breadcrumb","itemListElement":[{"@type":"ListItem","position":1,"name":"Portada","item":"https:\/\/cercledeconsciencia.com\/"},{"@type":"ListItem","position":2,"name":"Eventos","item":"https:\/\/cercledeconsciencia.com\/actividades\/"},{"@type":"ListItem","position":3,"name":"Jornada de Puertas Abiertas de Cercle de Consci\u00e8ncia | BCN, IBI, MLL |"}]},{"@type":"WebSite","@id":"https:\/\/cercledeconsciencia.com\/#website","url":"https:\/\/cercledeconsciencia.com\/","name":"Circle of Conscience","description":"Training and Therapy Centre","publisher":{"@id":"https:\/\/cercledeconsciencia.com\/#organization"},"potentialAction":[{"@type":"SearchAction","target":{"@type":"EntryPoint","urlTemplate":"https:\/\/cercledeconsciencia.com\/?s={search_term_string}"},"query-input":{"@type":"PropertyValueSpecification","valueRequired":true,"valueName":"search_term_string"}}],"inLanguage":"en-GB"},{"@type":"Organization","@id":"https:\/\/cercledeconsciencia.com\/#organization","name":"Circle of Conscience","url":"https:\/\/cercledeconsciencia.com\/","logo":{"@type":"ImageObject","inLanguage":"en-GB","@id":"https:\/\/cercledeconsciencia.com\/#\/schema\/logo\/image\/","url":"https:\/\/cercledeconsciencia.com\/wp-content\/uploads\/2023\/07\/logo.png","contentUrl":"https:\/\/cercledeconsciencia.com\/wp-content\/uploads\/2023\/07\/logo.png","width":239,"height":68,"caption":"Cercle de Consci\u00e8ncia"},"image":{"@id":"https:\/\/cercledeconsciencia.com\/#\/schema\/logo\/image\/"},"sameAs":["https:\/\/www.facebook.com\/Cercledeconscienciabarcelona?_rdr","https:\/\/www.instagram.com\/cercledeconsciencia\/","https:\/\/www.youtube.com\/c\/cercledeconsciencia"]}]}},"_links":{"self":[{"href":"https:\/\/cercledeconsciencia.com\/en\/wp-json\/wp\/v2\/mec-events\/5530","targetHints":{"allow":["GET"]}}],"collection":[{"href":"https:\/\/cercledeconsciencia.com\/en\/wp-json\/wp\/v2\/mec-events"}],"about":[{"href":"https:\/\/cercledeconsciencia.com\/en\/wp-json\/wp\/v2\/types\/mec-events"}],"author":[{"embeddable":true,"href":"https:\/\/cercledeconsciencia.com\/en\/wp-json\/wp\/v2\/users\/2"}],"replies":[{"embeddable":true,"href":"https:\/\/cercledeconsciencia.com\/en\/wp-json\/wp\/v2\/comments?post=5530"}],"wp:featuredmedia":[{"embeddable":true,"href":"https:\/\/cercledeconsciencia.com\/en\/wp-json\/wp\/v2\/media\/5531"}],"wp:attachment":[{"href":"https:\/\/cercledeconsciencia.com\/en\/wp-json\/wp\/v2\/media?parent=5530"}],"wp:term":[{"taxonomy":"post_tag","embeddable":true,"href":"https:\/\/cercledeconsciencia.com\/en\/wp-json\/wp\/v2\/tags?post=5530"},{"taxonomy":"mec_category","embeddable":true,"href":"https:\/\/cercledeconsciencia.com\/en\/wp-json\/wp\/v2\/mec_category?post=5530"},{"taxonomy":"mec_speaker","embeddable":true,"href":"https:\/\/cercledeconsciencia.com\/en\/wp-json\/wp\/v2\/mec_speaker?post=5530"}],"curies":[{"name":"wp","href":"https:\/\/api.w.org\/{rel}","templated":true}]}}