{"id":5699,"date":"2026-09-03T09:08:06","date_gmt":"2026-09-03T09:08:06","guid":{"rendered":"https:\/\/cercledeconsciencia.com\/?post_type=mec-events&#038;p=5699"},"modified":"2026-09-03T09:08:06","modified_gmt":"2026-09-03T09:08:06","slug":"ciclo-introductorio-de-sexualidad-integrativa-iii-mallorca","status":"publish","type":"mec-events","link":"https:\/\/cercledeconsciencia.com\/en\/actividades\/ciclo-introductorio-de-sexualidad-integrativa-iii-mallorca\/","title":{"rendered":"Ciclo Introductorio de Sexualidad Integrativa III | Mallorca |"},"content":{"rendered":"<h4 style=\"text-align: center;\"><strong><em>\"Sexuality is a language: when we listen to it with respect, it reveals who we really are\".<\/em><\/strong><\/h4>\n<p>Sexuality is part of the way we inhabit the world. It is expressed in the body, in emotions, in the way we bond and in the relationship we have with ourselves. When we give it a space to listen and be present, it can become a source of self-knowledge, care and transformation.<\/p>\n<p>From this perspective, we are opening a new edition of the Integrative Sexuality workshop cycle, which this year is being expanded with an additional workshop. It is an invitation to stop, explore and understand how we live our sexuality today, in a safe, respectful and therapeutically accompanied space.<\/p>\n<p><strong>What will you find in these meetings?<\/strong><br \/>\nA space of intimacy and trust to reflect on your sexual history, acknowledge beliefs and emotions, and develop a greater connection with the body through bodily and emotional tools. The process is guided by professionals in human sexuality and supported by a group where respect, listening and confidentiality are essential.<\/p>\n<p><strong>Who is it aimed at?<br \/>\n<\/strong>To people who feel the desire to reconnect with their body, their pleasure and their sensitivity; to those who want to understand how their personal history influences their sexual experience; and to health and education professionals who seek to integrate a more conscious, humane and respectful view of sexuality into their practice.<\/p>\n<p><strong>Compromiso de participaci\u00f3n<br \/>\n<\/strong>El proceso para el grupo es continuo por lo que la asistencia m\u00ednima es de 5 talleres de los 6.<\/p>\n<hr \/>\n<p><span style=\"color: #ff0000;\"><strong>DAY 1:<\/strong>\u00a0<strong>ENTRE PIEL Y MEMORIA<\/strong><\/span><\/p>\n<p>La sexualidad que habitas hoy est\u00e1 profundamente influida por tu historia. Un espacio para explorar la biograf\u00eda \u00edntima y reconocer las experiencias que han marcado tu forma de sentir, vincularte y habitar su sexualidad.<\/p>\n<p>No se trata de entender, sino de dar un lugar a lo que sigue presente.<\/p>\n<p>Al abrir ese espacio, se hace posible reorganizar lo vivido y transformar la forma de contacto hacia una experiencia m\u00e1s consiente, aut\u00e9ntica y libre.<\/p>\n<p><strong>D\u00cdAS<\/strong>:<span style=\"color: #ff0000;\"><strong> S\u00e1bado 31 de OCTUBRE y Domingo 1 de NOVIEMBRE\u00a0<\/strong><\/span><\/p>\n<p>IMPARTE<strong>: Jasmin Lago. <\/strong><\/p>\n<hr \/>\n<p><span style=\"color: #ff0000;\"><strong>JORNADA 2: RECONOCE Y CREA TUS PROPIOS L\u00cdMITES<\/strong><\/span><\/p>\n<p>En el cuerpo habita nuestra verdad. Es en \u00e9l donde podemos detenernos, escuchar, nombrar y atender esa voz interna que nos gu\u00eda hacia el respeto, el cuidado y la intimidad.<\/p>\n<p>El cuerpo sabe. Sabe cu\u00e1ndo abrirse, cu\u00e1ndo acercarse, cu\u00e1ndo disfrutar y tambi\u00e9n cu\u00e1ndo poner un l\u00edmite. A veces aparece un s\u00ed claro y expansivo. Otras veces, un no que necesita ser escuchado, respetado y honrado. Y otras, quiz\u00e1 no sabemos todav\u00eda. Aparece un \u00abme lo pienso\u00bb, un \u00abnecesito tiempo\u00bb, un \u00abquiero sentirlo mejor antes de decidir\u00bb. Todas estas respuestas son v\u00e1lidas.<\/p>\n<p>En este taller exploraremos la relaci\u00f3n con nuestro cuerpo y nuestra sexualidad desde la escucha, la presencia y el consentimiento. Un espacio para reconocer nuestras se\u00f1ales internas, poner palabras a lo que sentimos.<\/p>\n<p><strong>D\u00cdAS<\/strong>:\u00a0<span style=\"color: #ff0000;\"><strong>S\u00e1bado 14 de NOVIEMBRE y Domingo 15 de NOVIEMBRE\u00a0<\/strong><\/span><\/p>\n<p>IMPARTED: <strong>Txus Miranda Alegr\u00eda y <\/strong><strong>Kika Aguil\u00f3.\u00a0<\/strong><\/p>\n<hr \/>\n<p><span style=\"color: #ff0000;\"><strong>JORNADA 3: EL ARTE DEL CONTACTO<\/strong><\/span><\/p>\n<p>Tocar y dejarse tocar es mucho m\u00e1s que un gesto. Es una forma de escuchar, de comunicar y de habitar el cuerpo con presencia.<\/p>\n<p>En este espacio vivencial descubrir\u00e1s c\u00f3mo el contacto consciente puede convertirse en una experiencia de confianza, regulaci\u00f3n, placer y conexi\u00f3n, aprendiendo a reconocer tus l\u00edmites, expresar tus necesidades y recibir desde un lugar m\u00e1s libre y aut\u00e9ntico.<\/p>\n<p>Desde una mirada som\u00e1tica, explorar\u00e1s el cuerpo como un territorio de sensibilidad y consciencia, donde cada encuentro puede abrir nuevas formas de vincularte contigo y con los dem\u00e1s.<\/p>\n<p>Porque el contacto no comienza en las manos. Comienza en la presencia.<\/p>\n<p><strong>D\u00edas<\/strong>:\u00a0<span style=\"color: #ff0000;\"><strong>S\u00e1bado 12 de DICIEMBRE y Domingo 13 de DICIEMBRE\u00a0<\/strong><\/span><\/p>\n<p>IMPARTS: <strong>Mario S\u00e1nchez Olivera<\/strong>.<\/p>\n<hr \/>\n<p><span style=\"color: #ff0000;\"><strong>JORNADA 4: EL CAMINO DE LA REPARACI\u00d3N<\/strong><\/span><\/p>\n<p>Un espacio para entrar en contacto con las huellas que la vida ha dejado en nuestra sexualidad.<\/p>\n<p>A trav\u00e9s del trabajo corporal y el mapa del cuerpo y sus heridas, damos lugar a lo que a\u00fan necesita ser sentido y atendido. Desde ah\u00ed, puede emerger una vivencia m\u00e1s integrada, sensible y conectada con uno mismo<\/p>\n<p><strong>D\u00edas<\/strong>:\u00a0<span style=\"color: #ff0000;\"><strong>S\u00e1bado 16 de ENERO y Domingo 17 de ENERO\u00a0<\/strong><\/span><\/p>\n<p>IMPARTS: <strong>Ra\u00fal Andreu.\u00a0<\/strong><\/p>\n<hr \/>\n<p><span style=\"color: #ff0000;\"><strong>JORNADA 5: M\u00c1S ALL\u00c1 DE LA DUALIDAD<\/strong><\/span><\/p>\n<p>En este taller exploramos la dualidad que habita en cada persona: lo femenino y lo masculino como dos formas de sentir, relacionarnos y expresarnos, m\u00e1s all\u00e1 de g\u00e9neros.<\/p>\n<p>Son polos opuestos que pueden complementarse y generar equilibrio, o distorsionarse y crear tensi\u00f3n en nuestra forma de vincularnos y vivir la sexualidad.Un espacio para econocerlas, darles lugar y encontrar una forma m\u00e1s consciente y equilibrada de habitarlas.<\/p>\n<p><strong>D\u00edas<\/strong>:\u00a0<span style=\"color: #ff0000;\"><strong>S\u00e1bado 20 de FEBRERO y Domingo 21 de FEBRERO\u00a0<\/strong><\/span><\/p>\n<p>IMPARTS: <strong>Ra\u00fal Andreu.\u00a0<\/strong><\/p>\n<hr \/>\n<p><span style=\"color: #ff0000;\"><strong>JORNADA 6: EL DESPERTAR DEL GOZO<\/strong><\/span><\/p>\n<p>\u00bfConoces tu propio mapa del placer? \u00bfHasta d\u00f3nde te permites sentir?<\/p>\n<p>En este taller exploramos el erotismo como puerta de acceso al placer y al gozo, a trav\u00e9s del cuerpo y la sensibilidad.<\/p>\n<p>Activamos distintas zonas y ampliamos la capacidad de sentir.Nos adentramos en la experiencia de sostener el placer, reconociendo tambi\u00e9n aquello que lo bloquea o limita.<\/p>\n<p>Desde ah\u00ed, el gozo aparece como una experiencia m\u00e1s amplia, natural y conectada con el propio cuerpo.<\/p>\n<p><strong>D\u00edas<\/strong>:\u00a0<span style=\"color: #ff0000;\"><strong>S\u00e1bado 13 de MARZO y Domingo 14 de MARZO\u00a0<\/strong><\/span><\/p>\n<p>IMPARTS: <strong>Ra\u00fal Andreu.\u00a0<\/strong><\/p>\n<hr \/>\n<p><strong>DOCENTES DEL CICLO<\/strong><\/p>\n<p><strong>Jasmin lago. <\/strong>Directora del Cercle de Conciencia Mallorca. Terapeuta Gestalt y Corporal integrativa. Sexualidad integrativa e intervenci\u00f3n en abuso. Formaci\u00f3n en Inteligencia Emocional. Coaching Ontol\u00f3gico, Arteterapia, Psicoterapia Integrativa (SAT), y\u00a0 psicodrama. Formaci\u00f3n y profundizaci\u00f3n en Movimiento Aut\u00e9ntico con Betina Waissman<\/p>\n<p><strong>Txus Miranda Alegr\u00eda. <\/strong>Formada en shiatsu zen, Hatha yoga, Formaci\u00f3n Sexualidad Integrativa y Terapia corporal Integrativa, masaje Ayurveda y sacrocraneal, programa SAT. Formadora de masaje PSI, profundizac\u00f3n en danza creativa y Movimiento aut\u00e9ntico.<\/p>\n<p><strong>Kika Aguil\u00f3 Moll<\/strong>. Terapeuta Corporal Integrativa. Diplomada en Artes Esc\u00e9nicas aplicadas a la ense\u00f1anza. Programa SAT. An\u00e1lisis Moderno. Ciclos formativos de Teatro Gestalt y Clown Gestalt. Facilitadora de Teatro Terap\u00e9utico.<\/p>\n<p><strong>Mario S\u00e1nchez Olivera. <\/strong>Director pedag\u00f3gico y docente de la formaci\u00f3n FSI, Terapeuta corporal, shiatsu, gestalt, Sexological Bodywork, Sexualidad Som\u00e1tica, Tao Sexual, Hipnosis Ericksoniana, Abhyanga Yoga y Masaje Sensitivo.<\/p>\n<p><strong>Ra\u00fcl Andreu<\/strong>. Analista Bioenerg\u00e9tico (CBT). Terapeuta Corporal Integrativa. Formado en tantra y sexualidad tao\u00edsta. Estudios en constelaciones familiares. Graduado en medicina tradicional china. Formado en terapia craneosacral y somato-emocional. Estudios del m\u00e9todo pathwork. Formado en el m\u00e9todo 4 ciclos (Sanaci\u00f3n integrativa, corporal y espiritual). Estudios en sinterg\u00e9tica del Dr. Jorge Carvajal.<\/p>\n<hr \/>\n<p><strong>HORARIOS | RESERVA | INSCRIPCI\u00d3N<\/strong><\/p>\n<p><strong>S\u00e1bados<\/strong> de 10:00 a 20:00h con pausa para comer de\u00a0 horas | <strong>Domingos<\/strong> de 10:00 a 14:00h<\/p>\n<p><strong>Location: <\/strong>SALA Dharma en Son Ver\u00ed justo al lado del mar con f\u00e1cil aparcamiento.<\/p>\n<p>Antes de comenzar realizaremos una breve entrevista.<\/p>\n<p><strong>Precio del ciclo (6 m\u00f3dulos)<\/strong><\/p>\n<p>Total: 1.080 \u20ac<\/p>\n<p>Reserva de plaza: 180 \u20ac (corresponde al primer taller, no reembolsable salvo fuerza mayor)<\/p>\n<p><strong>Opciones de pago<\/strong><\/p>\n<p>Payment in instalments:<\/p>\n<p>360 \u20ac antes del 06\/11\/2026 (corresponde al 2\u00ba y 6\u00ba m\u00f3dulo)<br \/>\n180 \u20ac en diciembre (3\u00ba m\u00f3dulo)<br \/>\n180 \u20ac en enero (4\u00ba m\u00f3dulo)<br \/>\n180 \u20ac en febrero (5\u00ba m\u00f3dulo)<\/p>\n<p><strong>Pago \u00fanico:<\/strong><\/p>\n<p>La modalidad de pago \u00fanico incluye la reserva de plaza de <strong>180 \u20ac<\/strong> y supone un descuento de <strong>100 \u20ac<\/strong> sobre el precio total.<\/p>\n<p><strong>980 \u20ac antes del 15\/10\/2026<\/strong><\/p>\n<p>Si no se realiza el ingreso antes de la fecha l\u00edmite, se pierde la reserva.<\/p>\n<p><strong>Te escuchamos. Reserva tu plaza por wasap.\u00a0<\/strong><\/p>\n<p>Txus Miranda 616 03 84 25 | Kika Aguil\u00f3 645 33 94 14<br \/>\nTraining coordinator: Kika Aguil\u00f3 : coordinacio.fsi.pm@cercledeconsciencia.com<\/p>","protected":false},"excerpt":{"rendered":"<p>\u00abLa sexualidad es un lenguaje: cuando la escuchamos con respeto, nos revela qui\u00e9nes somos realmente.\u00bb La sexualidad forma parte de nuestra manera de habitar el mundo. Se expresa en el [&hellip;]<\/p>\n","protected":false},"author":2,"featured_media":5700,"comment_status":"closed","ping_status":"closed","template":"","tags":[],"mec_category":[49,52,75],"mec_speaker":[148,118,111,102,147],"class_list":["post-5699","mec-events","type-mec-events","status-publish","has-post-thumbnail","hentry","mec_category-ciclos","mec_category-formacion","mec_category-sexualidad-placer"],"yoast_head":"<!-- This site is optimized with the Yoast SEO plugin v27.4 - https:\/\/yoast.com\/product\/yoast-seo-wordpress\/ -->\n<title>Ciclo Introductorio de Sexualidad Integrativa III | Mallorca | - Cercle de Consci\u00e8ncia<\/title>\n<meta name=\"robots\" content=\"index, follow, max-snippet:-1, max-image-preview:large, max-video-preview:-1\" \/>\n<link rel=\"canonical\" href=\"https:\/\/cercledeconsciencia.com\/en\/activities\/ciclo-introductorio-de-sexualidad-integrativa-iii-mallorca\/\" \/>\n<meta property=\"og:locale\" content=\"en_GB\" \/>\n<meta property=\"og:type\" content=\"article\" \/>\n<meta property=\"og:title\" content=\"Ciclo Introductorio de Sexualidad Integrativa III | Mallorca | - Cercle de Consci\u00e8ncia\" \/>\n<meta property=\"og:description\" content=\"\u00abLa sexualidad es un lenguaje: cuando la escuchamos con respeto, nos revela qui\u00e9nes somos realmente.\u00bb La sexualidad forma parte de nuestra manera de habitar el mundo. Se expresa en el [&hellip;]\" \/>\n<meta property=\"og:url\" content=\"https:\/\/cercledeconsciencia.com\/en\/activities\/ciclo-introductorio-de-sexualidad-integrativa-iii-mallorca\/\" \/>\n<meta property=\"og:site_name\" content=\"Cercle de Consci\u00e8ncia\" \/>\n<meta property=\"article:publisher\" content=\"https:\/\/www.facebook.com\/Cercledeconscienciabarcelona?_rdr\" \/>\n<meta property=\"og:image\" content=\"https:\/\/cercledeconsciencia.com\/wp-content\/uploads\/2026\/09\/04.jpg\" \/>\n\t<meta property=\"og:image:width\" content=\"550\" \/>\n\t<meta property=\"og:image:height\" content=\"367\" \/>\n\t<meta property=\"og:image:type\" content=\"image\/jpeg\" \/>\n<meta name=\"twitter:card\" content=\"summary_large_image\" \/>\n<meta name=\"twitter:label1\" content=\"Estimated reading time\" \/>\n\t<meta name=\"twitter:data1\" content=\"6 minutes\" \/>\n<script type=\"application\/ld+json\" class=\"yoast-schema-graph\">{\"@context\":\"https:\\\/\\\/schema.org\",\"@graph\":[{\"@type\":\"WebPage\",\"@id\":\"https:\\\/\\\/cercledeconsciencia.com\\\/actividades\\\/ciclo-introductorio-de-sexualidad-integrativa-iii-mallorca\\\/\",\"url\":\"https:\\\/\\\/cercledeconsciencia.com\\\/actividades\\\/ciclo-introductorio-de-sexualidad-integrativa-iii-mallorca\\\/\",\"name\":\"Ciclo Introductorio de Sexualidad Integrativa III | Mallorca | - Cercle de Consci\u00e8ncia\",\"isPartOf\":{\"@id\":\"https:\\\/\\\/cercledeconsciencia.com\\\/#website\"},\"primaryImageOfPage\":{\"@id\":\"https:\\\/\\\/cercledeconsciencia.com\\\/actividades\\\/ciclo-introductorio-de-sexualidad-integrativa-iii-mallorca\\\/#primaryimage\"},\"image\":{\"@id\":\"https:\\\/\\\/cercledeconsciencia.com\\\/actividades\\\/ciclo-introductorio-de-sexualidad-integrativa-iii-mallorca\\\/#primaryimage\"},\"thumbnailUrl\":\"https:\\\/\\\/cercledeconsciencia.com\\\/wp-content\\\/uploads\\\/2026\\\/09\\\/04.jpg\",\"datePublished\":\"2026-09-03T09:08:06+00:00\",\"breadcrumb\":{\"@id\":\"https:\\\/\\\/cercledeconsciencia.com\\\/actividades\\\/ciclo-introductorio-de-sexualidad-integrativa-iii-mallorca\\\/#breadcrumb\"},\"inLanguage\":\"en-GB\",\"potentialAction\":[{\"@type\":\"ReadAction\",\"target\":[\"https:\\\/\\\/cercledeconsciencia.com\\\/actividades\\\/ciclo-introductorio-de-sexualidad-integrativa-iii-mallorca\\\/\"]}]},{\"@type\":\"ImageObject\",\"inLanguage\":\"en-GB\",\"@id\":\"https:\\\/\\\/cercledeconsciencia.com\\\/actividades\\\/ciclo-introductorio-de-sexualidad-integrativa-iii-mallorca\\\/#primaryimage\",\"url\":\"https:\\\/\\\/cercledeconsciencia.com\\\/wp-content\\\/uploads\\\/2026\\\/09\\\/04.jpg\",\"contentUrl\":\"https:\\\/\\\/cercledeconsciencia.com\\\/wp-content\\\/uploads\\\/2026\\\/09\\\/04.jpg\",\"width\":550,\"height\":367},{\"@type\":\"BreadcrumbList\",\"@id\":\"https:\\\/\\\/cercledeconsciencia.com\\\/actividades\\\/ciclo-introductorio-de-sexualidad-integrativa-iii-mallorca\\\/#breadcrumb\",\"itemListElement\":[{\"@type\":\"ListItem\",\"position\":1,\"name\":\"Portada\",\"item\":\"https:\\\/\\\/cercledeconsciencia.com\\\/\"},{\"@type\":\"ListItem\",\"position\":2,\"name\":\"Eventos\",\"item\":\"https:\\\/\\\/cercledeconsciencia.com\\\/actividades\\\/\"},{\"@type\":\"ListItem\",\"position\":3,\"name\":\"Ciclo Introductorio de Sexualidad Integrativa III | Mallorca |\"}]},{\"@type\":\"WebSite\",\"@id\":\"https:\\\/\\\/cercledeconsciencia.com\\\/#website\",\"url\":\"https:\\\/\\\/cercledeconsciencia.com\\\/\",\"name\":\"Cercle de Consci\u00e8ncia\",\"description\":\"Centro de Formaci\u00f3n y Terapias\",\"publisher\":{\"@id\":\"https:\\\/\\\/cercledeconsciencia.com\\\/#organization\"},\"potentialAction\":[{\"@type\":\"SearchAction\",\"target\":{\"@type\":\"EntryPoint\",\"urlTemplate\":\"https:\\\/\\\/cercledeconsciencia.com\\\/?s={search_term_string}\"},\"query-input\":{\"@type\":\"PropertyValueSpecification\",\"valueRequired\":true,\"valueName\":\"search_term_string\"}}],\"inLanguage\":\"en-GB\"},{\"@type\":\"Organization\",\"@id\":\"https:\\\/\\\/cercledeconsciencia.com\\\/#organization\",\"name\":\"Cercle de Consci\u00e8ncia\",\"url\":\"https:\\\/\\\/cercledeconsciencia.com\\\/\",\"logo\":{\"@type\":\"ImageObject\",\"inLanguage\":\"en-GB\",\"@id\":\"https:\\\/\\\/cercledeconsciencia.com\\\/#\\\/schema\\\/logo\\\/image\\\/\",\"url\":\"https:\\\/\\\/cercledeconsciencia.com\\\/wp-content\\\/uploads\\\/2023\\\/07\\\/logo.png\",\"contentUrl\":\"https:\\\/\\\/cercledeconsciencia.com\\\/wp-content\\\/uploads\\\/2023\\\/07\\\/logo.png\",\"width\":239,\"height\":68,\"caption\":\"Cercle de Consci\u00e8ncia\"},\"image\":{\"@id\":\"https:\\\/\\\/cercledeconsciencia.com\\\/#\\\/schema\\\/logo\\\/image\\\/\"},\"sameAs\":[\"https:\\\/\\\/www.facebook.com\\\/Cercledeconscienciabarcelona?_rdr\",\"https:\\\/\\\/www.instagram.com\\\/cercledeconsciencia\\\/\",\"https:\\\/\\\/www.youtube.com\\\/c\\\/cercledeconsciencia\"]}]}<\/script>\n<!-- \/ Yoast SEO plugin. -->","yoast_head_json":{"title":"Ciclo Introductorio de Sexualidad Integrativa III | Mallorca | - Cercle de Consci\u00e8ncia","robots":{"index":"index","follow":"follow","max-snippet":"max-snippet:-1","max-image-preview":"max-image-preview:large","max-video-preview":"max-video-preview:-1"},"canonical":"https:\/\/cercledeconsciencia.com\/en\/activities\/ciclo-introductorio-de-sexualidad-integrativa-iii-mallorca\/","og_locale":"en_GB","og_type":"article","og_title":"Ciclo Introductorio de Sexualidad Integrativa III | Mallorca | - Cercle de Consci\u00e8ncia","og_description":"\u00abLa sexualidad es un lenguaje: cuando la escuchamos con respeto, nos revela qui\u00e9nes somos realmente.\u00bb La sexualidad forma parte de nuestra manera de habitar el mundo. Se expresa en el [&hellip;]","og_url":"https:\/\/cercledeconsciencia.com\/en\/activities\/ciclo-introductorio-de-sexualidad-integrativa-iii-mallorca\/","og_site_name":"Cercle de Consci\u00e8ncia","article_publisher":"https:\/\/www.facebook.com\/Cercledeconscienciabarcelona?_rdr","og_image":[{"width":550,"height":367,"url":"https:\/\/cercledeconsciencia.com\/wp-content\/uploads\/2026\/09\/04.jpg","type":"image\/jpeg"}],"twitter_card":"summary_large_image","twitter_misc":{"Estimated reading time":"6 minutes"},"schema":{"@context":"https:\/\/schema.org","@graph":[{"@type":"WebPage","@id":"https:\/\/cercledeconsciencia.com\/actividades\/ciclo-introductorio-de-sexualidad-integrativa-iii-mallorca\/","url":"https:\/\/cercledeconsciencia.com\/actividades\/ciclo-introductorio-de-sexualidad-integrativa-iii-mallorca\/","name":"Ciclo Introductorio de Sexualidad Integrativa III | Mallorca | - Cercle de Consci\u00e8ncia","isPartOf":{"@id":"https:\/\/cercledeconsciencia.com\/#website"},"primaryImageOfPage":{"@id":"https:\/\/cercledeconsciencia.com\/actividades\/ciclo-introductorio-de-sexualidad-integrativa-iii-mallorca\/#primaryimage"},"image":{"@id":"https:\/\/cercledeconsciencia.com\/actividades\/ciclo-introductorio-de-sexualidad-integrativa-iii-mallorca\/#primaryimage"},"thumbnailUrl":"https:\/\/cercledeconsciencia.com\/wp-content\/uploads\/2026\/09\/04.jpg","datePublished":"2026-09-03T09:08:06+00:00","breadcrumb":{"@id":"https:\/\/cercledeconsciencia.com\/actividades\/ciclo-introductorio-de-sexualidad-integrativa-iii-mallorca\/#breadcrumb"},"inLanguage":"en-GB","potentialAction":[{"@type":"ReadAction","target":["https:\/\/cercledeconsciencia.com\/actividades\/ciclo-introductorio-de-sexualidad-integrativa-iii-mallorca\/"]}]},{"@type":"ImageObject","inLanguage":"en-GB","@id":"https:\/\/cercledeconsciencia.com\/actividades\/ciclo-introductorio-de-sexualidad-integrativa-iii-mallorca\/#primaryimage","url":"https:\/\/cercledeconsciencia.com\/wp-content\/uploads\/2026\/09\/04.jpg","contentUrl":"https:\/\/cercledeconsciencia.com\/wp-content\/uploads\/2026\/09\/04.jpg","width":550,"height":367},{"@type":"BreadcrumbList","@id":"https:\/\/cercledeconsciencia.com\/actividades\/ciclo-introductorio-de-sexualidad-integrativa-iii-mallorca\/#breadcrumb","itemListElement":[{"@type":"ListItem","position":1,"name":"Portada","item":"https:\/\/cercledeconsciencia.com\/"},{"@type":"ListItem","position":2,"name":"Eventos","item":"https:\/\/cercledeconsciencia.com\/actividades\/"},{"@type":"ListItem","position":3,"name":"Ciclo Introductorio de Sexualidad Integrativa III | Mallorca |"}]},{"@type":"WebSite","@id":"https:\/\/cercledeconsciencia.com\/#website","url":"https:\/\/cercledeconsciencia.com\/","name":"Circle of Conscience","description":"Training and Therapy Centre","publisher":{"@id":"https:\/\/cercledeconsciencia.com\/#organization"},"potentialAction":[{"@type":"SearchAction","target":{"@type":"EntryPoint","urlTemplate":"https:\/\/cercledeconsciencia.com\/?s={search_term_string}"},"query-input":{"@type":"PropertyValueSpecification","valueRequired":true,"valueName":"search_term_string"}}],"inLanguage":"en-GB"},{"@type":"Organization","@id":"https:\/\/cercledeconsciencia.com\/#organization","name":"Circle of Conscience","url":"https:\/\/cercledeconsciencia.com\/","logo":{"@type":"ImageObject","inLanguage":"en-GB","@id":"https:\/\/cercledeconsciencia.com\/#\/schema\/logo\/image\/","url":"https:\/\/cercledeconsciencia.com\/wp-content\/uploads\/2023\/07\/logo.png","contentUrl":"https:\/\/cercledeconsciencia.com\/wp-content\/uploads\/2023\/07\/logo.png","width":239,"height":68,"caption":"Cercle de Consci\u00e8ncia"},"image":{"@id":"https:\/\/cercledeconsciencia.com\/#\/schema\/logo\/image\/"},"sameAs":["https:\/\/www.facebook.com\/Cercledeconscienciabarcelona?_rdr","https:\/\/www.instagram.com\/cercledeconsciencia\/","https:\/\/www.youtube.com\/c\/cercledeconsciencia"]}]}},"_links":{"self":[{"href":"https:\/\/cercledeconsciencia.com\/en\/wp-json\/wp\/v2\/mec-events\/5699","targetHints":{"allow":["GET"]}}],"collection":[{"href":"https:\/\/cercledeconsciencia.com\/en\/wp-json\/wp\/v2\/mec-events"}],"about":[{"href":"https:\/\/cercledeconsciencia.com\/en\/wp-json\/wp\/v2\/types\/mec-events"}],"author":[{"embeddable":true,"href":"https:\/\/cercledeconsciencia.com\/en\/wp-json\/wp\/v2\/users\/2"}],"replies":[{"embeddable":true,"href":"https:\/\/cercledeconsciencia.com\/en\/wp-json\/wp\/v2\/comments?post=5699"}],"wp:featuredmedia":[{"embeddable":true,"href":"https:\/\/cercledeconsciencia.com\/en\/wp-json\/wp\/v2\/media\/5700"}],"wp:attachment":[{"href":"https:\/\/cercledeconsciencia.com\/en\/wp-json\/wp\/v2\/media?parent=5699"}],"wp:term":[{"taxonomy":"post_tag","embeddable":true,"href":"https:\/\/cercledeconsciencia.com\/en\/wp-json\/wp\/v2\/tags?post=5699"},{"taxonomy":"mec_category","embeddable":true,"href":"https:\/\/cercledeconsciencia.com\/en\/wp-json\/wp\/v2\/mec_category?post=5699"},{"taxonomy":"mec_speaker","embeddable":true,"href":"https:\/\/cercledeconsciencia.com\/en\/wp-json\/wp\/v2\/mec_speaker?post=5699"}],"curies":[{"name":"wp","href":"https:\/\/api.w.org\/{rel}","templated":true}]}}