{"id":5708,"date":"2026-09-03T12:04:15","date_gmt":"2026-09-03T12:04:15","guid":{"rendered":"https:\/\/cercledeconsciencia.com\/?post_type=mec-events&#038;p=5708"},"modified":"2026-09-03T12:04:15","modified_gmt":"2026-09-03T12:04:15","slug":"grupo-quincenal-terapia-corporal-integrativa-mallorca","status":"publish","type":"mec-events","link":"https:\/\/cercledeconsciencia.com\/en\/actividades\/grupo-quincenal-terapia-corporal-integrativa-mallorca\/","title":{"rendered":"Grupo quincenal Terapia Corporal Integrativa | Mallorca"},"content":{"rendered":"<h5><strong>CUANDO ALGO CAMBIA EN EL CUERPO, CAMBIA LA MIRADA<\/strong><\/h5>\n<p><strong>Un espacio para explorarte y encontrarte.<\/strong><\/p>\n<p>La TCI es una forma de trabajo desde el cuerpo como puerta al autoconocimiento. A trav\u00e9s de diferentes propuestas, iremos explorando c\u00f3mo sentimos y qu\u00e9 necesitamos, c\u00f3mo nos relacionamos y habitamos nuestra vida. Dando espacio a descubrir nuevas maneras de estar con nosotros mismos y lxs otrxs.<\/p>\n<p>Realizaremos un recorrido en torno a diferentes temas, dedicando dos talleres a profundizar en cada uno de ellos.<\/p>\n<p>Diferentes terapeutas del equipo acompa\u00f1ar\u00e1n al grupo a lo largo del ciclo, aportando diversidad de miradas dentro de un marco com\u00fan.<\/p>\n<p>Encuentro a encuentro iremos afinando la escucha interna, dando espacio a la espontaneidad, disfrute y placer. Un proceso que no busca imponer una direcci\u00f3n, sino crear las condiciones para que algo propio pueda emerger.<\/p>\n<p><strong>Un camino de vuelta al cuerpo.\u2028 Un camino de vuelta a casa.<\/strong><\/p>\n<hr \/>\n<p><strong>TALLERES Y CALENDARIO<\/strong><\/p>\n<p>Cuerpo y grupo &#8211; Oct 20<br \/>\nCuerpo, respiraci\u00f3n y arraigo &#8211; Nov 3 y 17<br \/>\nCuerpo y necesidad &#8211; Dic 1 y 15<br \/>\nCuerpo y emoci\u00f3n &#8211; Ene 12 y 26<br \/>\nCuerpo y coraza &#8211; Feb 9 y 23<br \/>\nCuerpo y l\u00edmites &#8211; Mar 9 y 23<br \/>\nCuerpo y sexualidad &#8211; Abr 6 y 20<br \/>\nCuerpo, voz y sonido &#8211; May 4 y 19<br \/>\nCuerpo y cierre &#8211; Jun 1<\/p>\n<hr \/>\n<p><strong>GRUPO QUINCENAL EN MARTES de 17:30 a 20h<\/strong><\/p>\n<p><strong>D\u00d3NDE<\/strong>: Cercle de Consci\u00e8ncia (C\/Ciutat de Quer\u00e9taro, 6 2\u00ba 1\u00aa, Palma)<\/p>\n<p><strong>M\u00c1S INFORMACI\u00d3N E INSCRIPCIONES<\/strong>: secretaria.pm@cercledeconsciencia.com<\/p>\n<p><strong>PRICE<\/strong>: 65\u20ac \/ mes<\/p>\n<p><strong>IMPARTEN<\/strong>: Nadia Gloria, Jaume Artigas, Xavier Castell\u00f3, Llu\u00eds Amengual, Kika Aguil\u00f3, Carme Ramis, Aina Coll, Jasmin Lago, Gisela<br \/>\nPerazzolo, Llum Llad\u00f3, Txus Miranda, Carmen Gir\u00e1ldez, Bernat Ramis.<\/p>","protected":false},"excerpt":{"rendered":"<p>CUANDO ALGO CAMBIA EN EL CUERPO, CAMBIA LA MIRADA Un espacio para explorarte y encontrarte. La TCI es una forma de trabajo desde el cuerpo como puerta al autoconocimiento. A [&hellip;]<\/p>\n","protected":false},"author":2,"featured_media":5709,"comment_status":"closed","ping_status":"closed","template":"","tags":[],"mec_category":[71,145,57],"mec_speaker":[174,177,116,146,173,148,175,118,176,117,147],"class_list":["post-5708","mec-events","type-mec-events","status-publish","has-post-thumbnail","hentry","mec_category-cuerpo","mec_category-grupos-regulares","mec_category-taller-regular"],"yoast_head":"<!-- This site is optimized with the Yoast SEO plugin v27.4 - https:\/\/yoast.com\/product\/yoast-seo-wordpress\/ -->\n<title>Grupo quincenal Terapia Corporal Integrativa | Mallorca - Cercle de Consci\u00e8ncia<\/title>\n<meta name=\"robots\" content=\"index, follow, max-snippet:-1, max-image-preview:large, max-video-preview:-1\" \/>\n<link rel=\"canonical\" href=\"https:\/\/cercledeconsciencia.com\/en\/activities\/grupo-quincenal-terapia-corporal-integrativa-mallorca\/\" \/>\n<meta property=\"og:locale\" content=\"en_GB\" \/>\n<meta property=\"og:type\" content=\"article\" \/>\n<meta property=\"og:title\" content=\"Grupo quincenal Terapia Corporal Integrativa | Mallorca - Cercle de Consci\u00e8ncia\" \/>\n<meta property=\"og:description\" content=\"CUANDO ALGO CAMBIA EN EL CUERPO, CAMBIA LA MIRADA Un espacio para explorarte y encontrarte. La TCI es una forma de trabajo desde el cuerpo como puerta al autoconocimiento. A [&hellip;]\" \/>\n<meta property=\"og:url\" content=\"https:\/\/cercledeconsciencia.com\/en\/activities\/grupo-quincenal-terapia-corporal-integrativa-mallorca\/\" \/>\n<meta property=\"og:site_name\" content=\"Cercle de Consci\u00e8ncia\" \/>\n<meta property=\"article:publisher\" content=\"https:\/\/www.facebook.com\/Cercledeconscienciabarcelona?_rdr\" \/>\n<meta property=\"og:image\" content=\"https:\/\/cercledeconsciencia.com\/wp-content\/uploads\/2026\/09\/arthur-osipyan-LAAD4SksAdo-unsplash.jpg\" \/>\n\t<meta property=\"og:image:width\" content=\"2000\" \/>\n\t<meta property=\"og:image:height\" content=\"2500\" \/>\n\t<meta property=\"og:image:type\" content=\"image\/jpeg\" \/>\n<meta name=\"twitter:card\" content=\"summary_large_image\" \/>\n<meta name=\"twitter:label1\" content=\"Estimated reading time\" \/>\n\t<meta name=\"twitter:data1\" content=\"2 minutes\" \/>\n<script type=\"application\/ld+json\" class=\"yoast-schema-graph\">{\"@context\":\"https:\\\/\\\/schema.org\",\"@graph\":[{\"@type\":\"WebPage\",\"@id\":\"https:\\\/\\\/cercledeconsciencia.com\\\/actividades\\\/grupo-quincenal-terapia-corporal-integrativa-mallorca\\\/\",\"url\":\"https:\\\/\\\/cercledeconsciencia.com\\\/actividades\\\/grupo-quincenal-terapia-corporal-integrativa-mallorca\\\/\",\"name\":\"Grupo quincenal Terapia Corporal Integrativa | Mallorca - Cercle de Consci\u00e8ncia\",\"isPartOf\":{\"@id\":\"https:\\\/\\\/cercledeconsciencia.com\\\/#website\"},\"primaryImageOfPage\":{\"@id\":\"https:\\\/\\\/cercledeconsciencia.com\\\/actividades\\\/grupo-quincenal-terapia-corporal-integrativa-mallorca\\\/#primaryimage\"},\"image\":{\"@id\":\"https:\\\/\\\/cercledeconsciencia.com\\\/actividades\\\/grupo-quincenal-terapia-corporal-integrativa-mallorca\\\/#primaryimage\"},\"thumbnailUrl\":\"https:\\\/\\\/cercledeconsciencia.com\\\/wp-content\\\/uploads\\\/2026\\\/09\\\/arthur-osipyan-LAAD4SksAdo-unsplash.jpg\",\"datePublished\":\"2026-09-03T12:04:15+00:00\",\"breadcrumb\":{\"@id\":\"https:\\\/\\\/cercledeconsciencia.com\\\/actividades\\\/grupo-quincenal-terapia-corporal-integrativa-mallorca\\\/#breadcrumb\"},\"inLanguage\":\"en-GB\",\"potentialAction\":[{\"@type\":\"ReadAction\",\"target\":[\"https:\\\/\\\/cercledeconsciencia.com\\\/actividades\\\/grupo-quincenal-terapia-corporal-integrativa-mallorca\\\/\"]}]},{\"@type\":\"ImageObject\",\"inLanguage\":\"en-GB\",\"@id\":\"https:\\\/\\\/cercledeconsciencia.com\\\/actividades\\\/grupo-quincenal-terapia-corporal-integrativa-mallorca\\\/#primaryimage\",\"url\":\"https:\\\/\\\/cercledeconsciencia.com\\\/wp-content\\\/uploads\\\/2026\\\/09\\\/arthur-osipyan-LAAD4SksAdo-unsplash.jpg\",\"contentUrl\":\"https:\\\/\\\/cercledeconsciencia.com\\\/wp-content\\\/uploads\\\/2026\\\/09\\\/arthur-osipyan-LAAD4SksAdo-unsplash.jpg\",\"width\":2000,\"height\":2500},{\"@type\":\"BreadcrumbList\",\"@id\":\"https:\\\/\\\/cercledeconsciencia.com\\\/actividades\\\/grupo-quincenal-terapia-corporal-integrativa-mallorca\\\/#breadcrumb\",\"itemListElement\":[{\"@type\":\"ListItem\",\"position\":1,\"name\":\"Portada\",\"item\":\"https:\\\/\\\/cercledeconsciencia.com\\\/\"},{\"@type\":\"ListItem\",\"position\":2,\"name\":\"Eventos\",\"item\":\"https:\\\/\\\/cercledeconsciencia.com\\\/actividades\\\/\"},{\"@type\":\"ListItem\",\"position\":3,\"name\":\"Grupo quincenal Terapia Corporal Integrativa | Mallorca\"}]},{\"@type\":\"WebSite\",\"@id\":\"https:\\\/\\\/cercledeconsciencia.com\\\/#website\",\"url\":\"https:\\\/\\\/cercledeconsciencia.com\\\/\",\"name\":\"Cercle de Consci\u00e8ncia\",\"description\":\"Centro de Formaci\u00f3n y Terapias\",\"publisher\":{\"@id\":\"https:\\\/\\\/cercledeconsciencia.com\\\/#organization\"},\"potentialAction\":[{\"@type\":\"SearchAction\",\"target\":{\"@type\":\"EntryPoint\",\"urlTemplate\":\"https:\\\/\\\/cercledeconsciencia.com\\\/?s={search_term_string}\"},\"query-input\":{\"@type\":\"PropertyValueSpecification\",\"valueRequired\":true,\"valueName\":\"search_term_string\"}}],\"inLanguage\":\"en-GB\"},{\"@type\":\"Organization\",\"@id\":\"https:\\\/\\\/cercledeconsciencia.com\\\/#organization\",\"name\":\"Cercle de Consci\u00e8ncia\",\"url\":\"https:\\\/\\\/cercledeconsciencia.com\\\/\",\"logo\":{\"@type\":\"ImageObject\",\"inLanguage\":\"en-GB\",\"@id\":\"https:\\\/\\\/cercledeconsciencia.com\\\/#\\\/schema\\\/logo\\\/image\\\/\",\"url\":\"https:\\\/\\\/cercledeconsciencia.com\\\/wp-content\\\/uploads\\\/2023\\\/07\\\/logo.png\",\"contentUrl\":\"https:\\\/\\\/cercledeconsciencia.com\\\/wp-content\\\/uploads\\\/2023\\\/07\\\/logo.png\",\"width\":239,\"height\":68,\"caption\":\"Cercle de Consci\u00e8ncia\"},\"image\":{\"@id\":\"https:\\\/\\\/cercledeconsciencia.com\\\/#\\\/schema\\\/logo\\\/image\\\/\"},\"sameAs\":[\"https:\\\/\\\/www.facebook.com\\\/Cercledeconscienciabarcelona?_rdr\",\"https:\\\/\\\/www.instagram.com\\\/cercledeconsciencia\\\/\",\"https:\\\/\\\/www.youtube.com\\\/c\\\/cercledeconsciencia\"]}]}<\/script>\n<!-- \/ Yoast SEO plugin. -->","yoast_head_json":{"title":"Grupo quincenal Terapia Corporal Integrativa | Mallorca - Cercle de Consci\u00e8ncia","robots":{"index":"index","follow":"follow","max-snippet":"max-snippet:-1","max-image-preview":"max-image-preview:large","max-video-preview":"max-video-preview:-1"},"canonical":"https:\/\/cercledeconsciencia.com\/en\/activities\/grupo-quincenal-terapia-corporal-integrativa-mallorca\/","og_locale":"en_GB","og_type":"article","og_title":"Grupo quincenal Terapia Corporal Integrativa | Mallorca - Cercle de Consci\u00e8ncia","og_description":"CUANDO ALGO CAMBIA EN EL CUERPO, CAMBIA LA MIRADA Un espacio para explorarte y encontrarte. La TCI es una forma de trabajo desde el cuerpo como puerta al autoconocimiento. A [&hellip;]","og_url":"https:\/\/cercledeconsciencia.com\/en\/activities\/grupo-quincenal-terapia-corporal-integrativa-mallorca\/","og_site_name":"Cercle de Consci\u00e8ncia","article_publisher":"https:\/\/www.facebook.com\/Cercledeconscienciabarcelona?_rdr","og_image":[{"width":2000,"height":2500,"url":"https:\/\/cercledeconsciencia.com\/wp-content\/uploads\/2026\/09\/arthur-osipyan-LAAD4SksAdo-unsplash.jpg","type":"image\/jpeg"}],"twitter_card":"summary_large_image","twitter_misc":{"Estimated reading time":"2 minutes"},"schema":{"@context":"https:\/\/schema.org","@graph":[{"@type":"WebPage","@id":"https:\/\/cercledeconsciencia.com\/actividades\/grupo-quincenal-terapia-corporal-integrativa-mallorca\/","url":"https:\/\/cercledeconsciencia.com\/actividades\/grupo-quincenal-terapia-corporal-integrativa-mallorca\/","name":"Grupo quincenal Terapia Corporal Integrativa | Mallorca - Cercle de Consci\u00e8ncia","isPartOf":{"@id":"https:\/\/cercledeconsciencia.com\/#website"},"primaryImageOfPage":{"@id":"https:\/\/cercledeconsciencia.com\/actividades\/grupo-quincenal-terapia-corporal-integrativa-mallorca\/#primaryimage"},"image":{"@id":"https:\/\/cercledeconsciencia.com\/actividades\/grupo-quincenal-terapia-corporal-integrativa-mallorca\/#primaryimage"},"thumbnailUrl":"https:\/\/cercledeconsciencia.com\/wp-content\/uploads\/2026\/09\/arthur-osipyan-LAAD4SksAdo-unsplash.jpg","datePublished":"2026-09-03T12:04:15+00:00","breadcrumb":{"@id":"https:\/\/cercledeconsciencia.com\/actividades\/grupo-quincenal-terapia-corporal-integrativa-mallorca\/#breadcrumb"},"inLanguage":"en-GB","potentialAction":[{"@type":"ReadAction","target":["https:\/\/cercledeconsciencia.com\/actividades\/grupo-quincenal-terapia-corporal-integrativa-mallorca\/"]}]},{"@type":"ImageObject","inLanguage":"en-GB","@id":"https:\/\/cercledeconsciencia.com\/actividades\/grupo-quincenal-terapia-corporal-integrativa-mallorca\/#primaryimage","url":"https:\/\/cercledeconsciencia.com\/wp-content\/uploads\/2026\/09\/arthur-osipyan-LAAD4SksAdo-unsplash.jpg","contentUrl":"https:\/\/cercledeconsciencia.com\/wp-content\/uploads\/2026\/09\/arthur-osipyan-LAAD4SksAdo-unsplash.jpg","width":2000,"height":2500},{"@type":"BreadcrumbList","@id":"https:\/\/cercledeconsciencia.com\/actividades\/grupo-quincenal-terapia-corporal-integrativa-mallorca\/#breadcrumb","itemListElement":[{"@type":"ListItem","position":1,"name":"Portada","item":"https:\/\/cercledeconsciencia.com\/"},{"@type":"ListItem","position":2,"name":"Eventos","item":"https:\/\/cercledeconsciencia.com\/actividades\/"},{"@type":"ListItem","position":3,"name":"Grupo quincenal Terapia Corporal Integrativa | Mallorca"}]},{"@type":"WebSite","@id":"https:\/\/cercledeconsciencia.com\/#website","url":"https:\/\/cercledeconsciencia.com\/","name":"Circle of Conscience","description":"Training and Therapy Centre","publisher":{"@id":"https:\/\/cercledeconsciencia.com\/#organization"},"potentialAction":[{"@type":"SearchAction","target":{"@type":"EntryPoint","urlTemplate":"https:\/\/cercledeconsciencia.com\/?s={search_term_string}"},"query-input":{"@type":"PropertyValueSpecification","valueRequired":true,"valueName":"search_term_string"}}],"inLanguage":"en-GB"},{"@type":"Organization","@id":"https:\/\/cercledeconsciencia.com\/#organization","name":"Circle of Conscience","url":"https:\/\/cercledeconsciencia.com\/","logo":{"@type":"ImageObject","inLanguage":"en-GB","@id":"https:\/\/cercledeconsciencia.com\/#\/schema\/logo\/image\/","url":"https:\/\/cercledeconsciencia.com\/wp-content\/uploads\/2023\/07\/logo.png","contentUrl":"https:\/\/cercledeconsciencia.com\/wp-content\/uploads\/2023\/07\/logo.png","width":239,"height":68,"caption":"Cercle de Consci\u00e8ncia"},"image":{"@id":"https:\/\/cercledeconsciencia.com\/#\/schema\/logo\/image\/"},"sameAs":["https:\/\/www.facebook.com\/Cercledeconscienciabarcelona?_rdr","https:\/\/www.instagram.com\/cercledeconsciencia\/","https:\/\/www.youtube.com\/c\/cercledeconsciencia"]}]}},"_links":{"self":[{"href":"https:\/\/cercledeconsciencia.com\/en\/wp-json\/wp\/v2\/mec-events\/5708","targetHints":{"allow":["GET"]}}],"collection":[{"href":"https:\/\/cercledeconsciencia.com\/en\/wp-json\/wp\/v2\/mec-events"}],"about":[{"href":"https:\/\/cercledeconsciencia.com\/en\/wp-json\/wp\/v2\/types\/mec-events"}],"author":[{"embeddable":true,"href":"https:\/\/cercledeconsciencia.com\/en\/wp-json\/wp\/v2\/users\/2"}],"replies":[{"embeddable":true,"href":"https:\/\/cercledeconsciencia.com\/en\/wp-json\/wp\/v2\/comments?post=5708"}],"wp:featuredmedia":[{"embeddable":true,"href":"https:\/\/cercledeconsciencia.com\/en\/wp-json\/wp\/v2\/media\/5709"}],"wp:attachment":[{"href":"https:\/\/cercledeconsciencia.com\/en\/wp-json\/wp\/v2\/media?parent=5708"}],"wp:term":[{"taxonomy":"post_tag","embeddable":true,"href":"https:\/\/cercledeconsciencia.com\/en\/wp-json\/wp\/v2\/tags?post=5708"},{"taxonomy":"mec_category","embeddable":true,"href":"https:\/\/cercledeconsciencia.com\/en\/wp-json\/wp\/v2\/mec_category?post=5708"},{"taxonomy":"mec_speaker","embeddable":true,"href":"https:\/\/cercledeconsciencia.com\/en\/wp-json\/wp\/v2\/mec_speaker?post=5708"}],"curies":[{"name":"wp","href":"https:\/\/api.w.org\/{rel}","templated":true}]}}