{"id":2807,"date":"2024-02-05T20:52:48","date_gmt":"2024-02-05T20:52:48","guid":{"rendered":"https:\/\/cercledeconsciencia.com\/?page_id=2807"},"modified":"2024-02-06T01:08:32","modified_gmt":"2024-02-06T01:08:32","slug":"privacy-policy","status":"publish","type":"page","link":"https:\/\/cercledeconsciencia.com\/en\/politica-de-privacidad\/","title":{"rendered":"Privacy policy"},"content":{"rendered":"<div class=\"vc_row wpb_row vc_row-fluid\" ><div class=\"wpb_column vc_column_container vc_col-sm-12\"><div class=\"vc_column-inner\"><div class=\"wpb_wrapper\">\n\t<div class=\"wpb_text_column wpb_content_element\" >\n\t\t<div class=\"wpb_wrapper\">\n\t\t\t<h1><span style=\"font-weight: 400;\">Privacy policy<\/span><\/h1>\n<p>&nbsp;<\/p>\n<p><span style=\"font-weight: 400;\">We are a company in which transparency of information is essential to establish a relationship of trust with the people who make up our project and with our suppliers and customers, being the protection of personal data of the people who trust us of vital importance, so we want to inform you through this Privacy Policy on how we collect and how we treat or use such data.<\/span><\/p>\n<p><span style=\"font-weight: 400;\">This privacy policy establishes the basis on which the company treats the personal data voluntarily provided by our users through the website.<\/span><\/p>\n<p><span style=\"font-weight: 400;\">This Policy will always be applicable when data is provided to the company, which will be responsible for its data (Data Controller), and through any of the contact or subscription forms where personal data (name, email, etc.) is collected.<\/span><\/p>\n<p>&nbsp;<\/p>\n<p><b>WHAT WE ARE COMMITTED TO<\/b><\/p>\n<ul>\n<li style=\"font-weight: 400;\" aria-level=\"1\"><span style=\"font-weight: 400;\">To respect the privacy of our users and to process personal data with their consent.<\/span><\/li>\n<li style=\"font-weight: 400;\" aria-level=\"1\"><span style=\"font-weight: 400;\">To process the personal data that we strictly need to provide the requested service, and to treat them securely and confidentially, taking the necessary measures to prevent unauthorised access and improper use.<\/span><\/li>\n<li style=\"font-weight: 400;\" aria-level=\"1\"><span style=\"font-weight: 400;\">Not to use personal data for purposes for which we have not previously obtained consent.<\/span><\/li>\n<li style=\"font-weight: 400;\" aria-level=\"1\"><span style=\"font-weight: 400;\">Not to give personal data to third parties or share them.<\/span><\/li>\n<li style=\"font-weight: 400;\" aria-level=\"1\"><span style=\"font-weight: 400;\">To keep personal data for the time strictly necessary for the specific purpose for which they have been provided.<\/span><\/li>\n<\/ul>\n<p><span style=\"font-weight: 400;\">\u00a0<\/span><\/p>\n<p><b>WHO IS RESPONSIBLE FOR YOUR PERSONAL DATA<\/b><\/p>\n<table>\n<tbody>\n<tr>\n<td style=\"text-align: left;\"><strong>Name of the company<\/strong><\/td>\n<td style=\"text-align: left;\"><span style=\"font-weight: 400;\">ESPAI TCI, S.L.U.<\/span><\/td>\n<\/tr>\n<tr>\n<td style=\"text-align: left;\"><strong>B66100033<\/strong><\/td>\n<td style=\"text-align: left;\"><span style=\"font-weight: 400;\">B66100033<\/span><\/td>\n<\/tr>\n<tr>\n<td style=\"text-align: left;\"><strong>Street<\/strong><\/td>\n<td style=\"text-align: left;\"><span style=\"font-weight: 400;\">C\/ PAU ALSINA N 16<\/span><\/td>\n<\/tr>\n<tr>\n<td style=\"text-align: left;\"><strong>Postcode<\/strong><\/td>\n<td style=\"text-align: left;\"><span style=\"font-weight: 400;\">08025<\/span><\/td>\n<\/tr>\n<tr>\n<td style=\"text-align: left;\"><strong>Locality<\/strong><\/td>\n<td style=\"text-align: left;\"><span style=\"font-weight: 400;\">BARCELONA<\/span><\/td>\n<\/tr>\n<tr>\n<td style=\"text-align: left;\"><strong>Province<\/strong><\/td>\n<td style=\"text-align: left;\"><span style=\"font-weight: 400;\">BARCELONA<\/span><\/td>\n<\/tr>\n<\/tbody>\n<\/table>\n<p><b>\u00a0<\/b><\/p>\n<p><b>WHAT IS PERSONAL DATA AND THE PROCESSING OF PERSONAL DATA?<\/b><\/p>\n<p><span style=\"font-weight: 400;\">Personal data is any information relating to an identified or identifiable natural person. An identifiable natural person is any person whose identity can be established directly or indirectly, in particular by means of an identifier such as a name, an identification number, location data, an online identifier or one or more elements of that person's physical, physiological, genetic, mental, economic, cultural or social identity.<\/span><\/p>\n<p><span style=\"font-weight: 400;\">Furthermore, the processing of personal data involves any operation or set of operations which is performed upon personal data or sets of personal data, whether or not by automatic means, such as collection, recording, organisation, structuring, storage, adaptation or alteration, retrieval, consultation, use, disclosure by transmission, dissemination or otherwise making available, alignment or combination, restriction, erasure or destruction.<\/span><\/p>\n<p>&nbsp;<\/p>\n<p><b>WHAT PROCESSING WE CARRY OUT ON YOUR PERSONAL DATA AND FOR WHICH PURPOSES<\/b><\/p>\n<ul>\n<li style=\"font-weight: 400;\" aria-level=\"1\"><b>Request for information from the user. <\/b>Manage the request for information sent by the user through the contact form and\/or the e-mail address, postal address and\/or telephone number provided through the website.<\/li>\n<li style=\"font-weight: 400;\" aria-level=\"1\"><b>Newsletter subscription. <\/b>Manage newsletter subscription<\/li>\n<li style=\"font-weight: 400;\" aria-level=\"1\"><b>Work with us by sending us your CV. <\/b>Management of CVs received through the form available on the website.<\/li>\n<li style=\"font-weight: 400;\" aria-level=\"1\"><b>Registration and access to the user profile. <\/b>Management of the registration and access to the user portal by means of the corresponding user account and password.<\/li>\n<li style=\"font-weight: 400;\" aria-level=\"1\"><b>Management of blog comments. <\/b>Manage the sending and receiving of comments left by the user on the blog.<\/li>\n<\/ul>\n<p><span style=\"font-weight: 400;\">\u00a0<\/span><\/p>\n<p><b>WHAT PERSONAL DATA WE COLLECT<\/b><\/p>\n<p><span style=\"font-weight: 400;\">Through our website we may collect personal data for different purposes:<\/span><\/p>\n<ul>\n<li style=\"font-weight: 400;\" aria-level=\"1\"><b>Request for information from the user. <\/b>We will collect personal data that you have provided to us in connection with the enquiry you have made.<\/li>\n<li style=\"font-weight: 400;\" aria-level=\"1\"><b>Newsletter subscription. <\/b>We will capture your email address.<\/li>\n<li style=\"font-weight: 400;\" aria-level=\"1\"><b>Work with us by sending us your CV. <\/b>We will capture the information contained in the CV you have provided.<\/li>\n<li style=\"font-weight: 400;\" aria-level=\"1\"><b>Registration and access to the user profile. <\/b>Username and password, as well as any other data provided for the purpose of creating the account or profile.<\/li>\n<li style=\"font-weight: 400;\" aria-level=\"1\"><b>Management of blog comments. <\/b>Any information provided when posting the corresponding comment.<\/li>\n<\/ul>\n<p><span style=\"font-weight: 400;\">\u00a0<\/span><\/p>\n<p><span style=\"font-weight: 400;\">Depending on the purpose for which the data is provided, only the strictly necessary data will be required. It is important that users are aware of the data they provide and the purpose for which they provide it, because when they provide it, they are accepting that we collect, store and use said data for the required purpose, and may at any time withdraw the consent provided through the appropriate channels, the consent of the interested party being the legal basis and legitimisation for the processing of their personal data.<\/span><\/p>\n<p>&nbsp;<\/p>\n<p><b>WHAT IS THE LEGITIMACY FOR THE PROCESSING OF PERSONAL DATA?<\/b><\/p>\n<p><span style=\"font-weight: 400;\">In accordance with the applicable data protection regulations, we require a legitimate basis for processing your personal data. The basis for this is your consent.<\/span><\/p>\n<p><b>\u00a0<\/b><\/p>\n<p><b>WHAT RIGHTS YOU HAVE OVER THE PERSONAL DATA PROVIDED<\/b><\/p>\n<p><span style=\"font-weight: 400;\">As a user, you may exercise the following rights:<\/span><\/p>\n<p><span style=\"font-weight: 400;\">Right of access<\/span><span style=\"font-weight: 400;\">You have the right to obtain from the company confirmation as to whether or not your personal data is being processed and, if so, what data is being processed.<\/span><\/p>\n<p>&nbsp;<\/p>\n<p><span style=\"font-weight: 400;\">Right of rectification<\/span><span style=\"font-weight: 400;\">You have the right to obtain from ESPAI TCI, S.L.U. the rectification of inaccurate personal data concerning you. In the request for rectification, you must indicate the data you wish to be modified.<\/span><\/p>\n<p>&nbsp;<\/p>\n<p><span style=\"font-weight: 400;\">Right to object<\/span><span style=\"font-weight: 400;\">You have the right to object at any time, on grounds relating to your particular situation, to the processing of personal data concerning you on the basis of the legitimate interests of the company. In this case, the company will stop processing the personal data, unless we can demonstrate compelling legitimate grounds for the processing which override your interests, rights and freedoms, or for the formulation, exercise or defence of claims.<\/span><\/p>\n<p>&nbsp;<\/p>\n<p><span style=\"font-weight: 400;\">\u00a0<\/span><span style=\"font-weight: 400;\">Right of suppression<\/span><span style=\"font-weight: 400;\">You have the right to obtain from ESPAI TCI, S.L.U. the deletion of personal data concerning you.<\/span><\/p>\n<p>&nbsp;<\/p>\n<p><span style=\"font-weight: 400;\">Right to data portability<\/span><span style=\"font-weight: 400;\">You have the right to have your personal data transferred by the company to another controller. This right can only be exercised if the processing is based on the performance of a contract or on your consent and the processing is carried out by automated means.<\/span><\/p>\n<p><span style=\"font-weight: 400;\">Right to restriction of processing<\/span><span style=\"font-weight: 400;\">You have the right to ask us to stop processing your data when: you contest the accuracy of the data, while ESPAI TCI, S.L.U. verifies its accuracy; you have exercised your right to object to the processing of your data, while we verify whether the legitimate reasons of ESPAI TCI, S.L.U. prevail over those of you as a data subject.<\/span><\/p>\n<p><span style=\"font-weight: 400;\">\u00a0<\/span><\/p>\n<p><span style=\"font-weight: 400;\">You may exercise these rights at any time by writing to the data controller at the above address or by sending a letter to the following e-mail address: COMPTABILITAT@ESPAITCI.COM.<\/span><\/p>\n<p><span style=\"font-weight: 400;\">In addition, you may lodge a complaint with the supervisory authority, in this case the Spanish Data Protection Agency, if you consider that the processing of personal data is in breach of the applicable law.<\/span><\/p>\n<p>&nbsp;<\/p>\n<p><b>DATA SECURITY AND STORAGE<\/b><\/p>\n<p><span style=\"font-weight: 400;\">We will keep the data for the time strictly necessary for the provision of the requested service and for as long as the data subject does not request its deletion, taking appropriate technical and organisational measures against unauthorised or unlawful processing and against accidental loss, destruction or damage, making every effort to protect and keep it secure.<\/span><\/p>\n<p>&nbsp;<\/p>\n<p><b>WHAT PERSONAL DATA WE SHARE WITH THIRD PARTIES<\/b><\/p>\n<p><span style=\"font-weight: 400;\">No data transfers are foreseen except in those cases in which there is a legal obligation or communication necessary to provide you with the requested service adequately. There are no plans for international data transfers.<\/span><\/p>\n\n\t\t<\/div>\n\t<\/div>\n<\/div><\/div><\/div><\/div><div class=\"vc_row wpb_row vc_row-fluid\" ><div class=\"wpb_column vc_column_container vc_col-sm-12\"><div class=\"vc_column-inner\"><div class=\"wpb_wrapper\"><div class=\"vc_empty_space\"   style=\"height: 50px\"><span class=\"vc_empty_space_inner\"><\/span><\/div><\/div><\/div><\/div><\/div>","protected":false},"excerpt":{"rendered":"Pol\u00edtica de privacidad &nbsp; Somos una empresa en la que la transparencia en la informaci\u00f3n es fundamental para establecer una relaci\u00f3n de confianza con las personas que forman nuestro proyecto [...]","protected":false},"author":1,"featured_media":0,"parent":0,"menu_order":0,"comment_status":"closed","ping_status":"closed","template":"","meta":{"footnotes":""},"class_list":["post-2807","page","type-page","status-publish","hentry"],"yoast_head":"<!-- This site is optimized with the Yoast SEO plugin v27.4 - https:\/\/yoast.com\/product\/yoast-seo-wordpress\/ -->\n<title>Pol\u00edtica de privacidad - Cercle de Consci\u00e8ncia<\/title>\n<meta name=\"robots\" content=\"index, follow, max-snippet:-1, max-image-preview:large, max-video-preview:-1\" \/>\n<link rel=\"canonical\" href=\"https:\/\/cercledeconsciencia.com\/en\/privacy-policy\/\" \/>\n<meta property=\"og:locale\" content=\"en_GB\" \/>\n<meta property=\"og:type\" content=\"article\" \/>\n<meta property=\"og:title\" content=\"Pol\u00edtica de privacidad - Cercle de Consci\u00e8ncia\" \/>\n<meta property=\"og:url\" content=\"https:\/\/cercledeconsciencia.com\/en\/privacy-policy\/\" \/>\n<meta property=\"og:site_name\" content=\"Cercle de Consci\u00e8ncia\" \/>\n<meta property=\"article:publisher\" content=\"https:\/\/www.facebook.com\/Cercledeconscienciabarcelona?_rdr\" \/>\n<meta property=\"article:modified_time\" content=\"2024-02-06T01:08:32+00:00\" \/>\n<meta name=\"twitter:card\" content=\"summary_large_image\" \/>\n<meta name=\"twitter:label1\" content=\"Estimated reading time\" \/>\n\t<meta name=\"twitter:data1\" content=\"7 minutes\" \/>\n<script type=\"application\/ld+json\" class=\"yoast-schema-graph\">{\"@context\":\"https:\\\/\\\/schema.org\",\"@graph\":[{\"@type\":\"WebPage\",\"@id\":\"https:\\\/\\\/cercledeconsciencia.com\\\/es\\\/politica-de-privacidad\\\/\",\"url\":\"https:\\\/\\\/cercledeconsciencia.com\\\/es\\\/politica-de-privacidad\\\/\",\"name\":\"Pol\u00edtica de privacidad - Cercle de Consci\u00e8ncia\",\"isPartOf\":{\"@id\":\"https:\\\/\\\/cercledeconsciencia.com\\\/#website\"},\"datePublished\":\"2024-02-05T20:52:48+00:00\",\"dateModified\":\"2024-02-06T01:08:32+00:00\",\"breadcrumb\":{\"@id\":\"https:\\\/\\\/cercledeconsciencia.com\\\/es\\\/politica-de-privacidad\\\/#breadcrumb\"},\"inLanguage\":\"en-GB\",\"potentialAction\":[{\"@type\":\"ReadAction\",\"target\":[\"https:\\\/\\\/cercledeconsciencia.com\\\/es\\\/politica-de-privacidad\\\/\"]}]},{\"@type\":\"BreadcrumbList\",\"@id\":\"https:\\\/\\\/cercledeconsciencia.com\\\/es\\\/politica-de-privacidad\\\/#breadcrumb\",\"itemListElement\":[{\"@type\":\"ListItem\",\"position\":1,\"name\":\"Portada\",\"item\":\"https:\\\/\\\/cercledeconsciencia.com\\\/\"},{\"@type\":\"ListItem\",\"position\":2,\"name\":\"Pol\u00edtica de privacidad\"}]},{\"@type\":\"WebSite\",\"@id\":\"https:\\\/\\\/cercledeconsciencia.com\\\/#website\",\"url\":\"https:\\\/\\\/cercledeconsciencia.com\\\/\",\"name\":\"Cercle de Consci\u00e8ncia\",\"description\":\"Centro de Formaci\u00f3n y Terapias\",\"publisher\":{\"@id\":\"https:\\\/\\\/cercledeconsciencia.com\\\/#organization\"},\"potentialAction\":[{\"@type\":\"SearchAction\",\"target\":{\"@type\":\"EntryPoint\",\"urlTemplate\":\"https:\\\/\\\/cercledeconsciencia.com\\\/?s={search_term_string}\"},\"query-input\":{\"@type\":\"PropertyValueSpecification\",\"valueRequired\":true,\"valueName\":\"search_term_string\"}}],\"inLanguage\":\"en-GB\"},{\"@type\":\"Organization\",\"@id\":\"https:\\\/\\\/cercledeconsciencia.com\\\/#organization\",\"name\":\"Cercle de Consci\u00e8ncia\",\"url\":\"https:\\\/\\\/cercledeconsciencia.com\\\/\",\"logo\":{\"@type\":\"ImageObject\",\"inLanguage\":\"en-GB\",\"@id\":\"https:\\\/\\\/cercledeconsciencia.com\\\/#\\\/schema\\\/logo\\\/image\\\/\",\"url\":\"https:\\\/\\\/cercledeconsciencia.com\\\/wp-content\\\/uploads\\\/2023\\\/07\\\/logo.png\",\"contentUrl\":\"https:\\\/\\\/cercledeconsciencia.com\\\/wp-content\\\/uploads\\\/2023\\\/07\\\/logo.png\",\"width\":239,\"height\":68,\"caption\":\"Cercle de Consci\u00e8ncia\"},\"image\":{\"@id\":\"https:\\\/\\\/cercledeconsciencia.com\\\/#\\\/schema\\\/logo\\\/image\\\/\"},\"sameAs\":[\"https:\\\/\\\/www.facebook.com\\\/Cercledeconscienciabarcelona?_rdr\",\"https:\\\/\\\/www.instagram.com\\\/cercledeconsciencia\\\/\",\"https:\\\/\\\/www.youtube.com\\\/c\\\/cercledeconsciencia\"]}]}<\/script>\n<!-- \/ Yoast SEO plugin. -->","yoast_head_json":{"title":"Privacy policy - Cercle de Consci\u00e8ncia","robots":{"index":"index","follow":"follow","max-snippet":"max-snippet:-1","max-image-preview":"max-image-preview:large","max-video-preview":"max-video-preview:-1"},"canonical":"https:\/\/cercledeconsciencia.com\/en\/privacy-policy\/","og_locale":"en_GB","og_type":"article","og_title":"Pol\u00edtica de privacidad - Cercle de Consci\u00e8ncia","og_url":"https:\/\/cercledeconsciencia.com\/en\/privacy-policy\/","og_site_name":"Cercle de Consci\u00e8ncia","article_publisher":"https:\/\/www.facebook.com\/Cercledeconscienciabarcelona?_rdr","article_modified_time":"2024-02-06T01:08:32+00:00","twitter_card":"summary_large_image","twitter_misc":{"Estimated reading time":"7 minutes"},"schema":{"@context":"https:\/\/schema.org","@graph":[{"@type":"WebPage","@id":"https:\/\/cercledeconsciencia.com\/es\/politica-de-privacidad\/","url":"https:\/\/cercledeconsciencia.com\/es\/politica-de-privacidad\/","name":"Privacy policy - Cercle de Consci\u00e8ncia","isPartOf":{"@id":"https:\/\/cercledeconsciencia.com\/#website"},"datePublished":"2024-02-05T20:52:48+00:00","dateModified":"2024-02-06T01:08:32+00:00","breadcrumb":{"@id":"https:\/\/cercledeconsciencia.com\/es\/politica-de-privacidad\/#breadcrumb"},"inLanguage":"en-GB","potentialAction":[{"@type":"ReadAction","target":["https:\/\/cercledeconsciencia.com\/es\/politica-de-privacidad\/"]}]},{"@type":"BreadcrumbList","@id":"https:\/\/cercledeconsciencia.com\/es\/politica-de-privacidad\/#breadcrumb","itemListElement":[{"@type":"ListItem","position":1,"name":"Portada","item":"https:\/\/cercledeconsciencia.com\/"},{"@type":"ListItem","position":2,"name":"Pol\u00edtica de privacidad"}]},{"@type":"WebSite","@id":"https:\/\/cercledeconsciencia.com\/#website","url":"https:\/\/cercledeconsciencia.com\/","name":"Circle of Conscience","description":"Training and Therapy Centre","publisher":{"@id":"https:\/\/cercledeconsciencia.com\/#organization"},"potentialAction":[{"@type":"SearchAction","target":{"@type":"EntryPoint","urlTemplate":"https:\/\/cercledeconsciencia.com\/?s={search_term_string}"},"query-input":{"@type":"PropertyValueSpecification","valueRequired":true,"valueName":"search_term_string"}}],"inLanguage":"en-GB"},{"@type":"Organization","@id":"https:\/\/cercledeconsciencia.com\/#organization","name":"Circle of Conscience","url":"https:\/\/cercledeconsciencia.com\/","logo":{"@type":"ImageObject","inLanguage":"en-GB","@id":"https:\/\/cercledeconsciencia.com\/#\/schema\/logo\/image\/","url":"https:\/\/cercledeconsciencia.com\/wp-content\/uploads\/2023\/07\/logo.png","contentUrl":"https:\/\/cercledeconsciencia.com\/wp-content\/uploads\/2023\/07\/logo.png","width":239,"height":68,"caption":"Cercle de Consci\u00e8ncia"},"image":{"@id":"https:\/\/cercledeconsciencia.com\/#\/schema\/logo\/image\/"},"sameAs":["https:\/\/www.facebook.com\/Cercledeconscienciabarcelona?_rdr","https:\/\/www.instagram.com\/cercledeconsciencia\/","https:\/\/www.youtube.com\/c\/cercledeconsciencia"]}]}},"_links":{"self":[{"href":"https:\/\/cercledeconsciencia.com\/en\/wp-json\/wp\/v2\/pages\/2807","targetHints":{"allow":["GET"]}}],"collection":[{"href":"https:\/\/cercledeconsciencia.com\/en\/wp-json\/wp\/v2\/pages"}],"about":[{"href":"https:\/\/cercledeconsciencia.com\/en\/wp-json\/wp\/v2\/types\/page"}],"author":[{"embeddable":true,"href":"https:\/\/cercledeconsciencia.com\/en\/wp-json\/wp\/v2\/users\/1"}],"replies":[{"embeddable":true,"href":"https:\/\/cercledeconsciencia.com\/en\/wp-json\/wp\/v2\/comments?post=2807"}],"version-history":[{"count":9,"href":"https:\/\/cercledeconsciencia.com\/en\/wp-json\/wp\/v2\/pages\/2807\/revisions"}],"predecessor-version":[{"id":2922,"href":"https:\/\/cercledeconsciencia.com\/en\/wp-json\/wp\/v2\/pages\/2807\/revisions\/2922"}],"wp:attachment":[{"href":"https:\/\/cercledeconsciencia.com\/en\/wp-json\/wp\/v2\/media?parent=2807"}],"curies":[{"name":"wp","href":"https:\/\/api.w.org\/{rel}","templated":true}]}}