{"id":3960,"date":"2024-06-06T13:08:38","date_gmt":"2024-06-06T13:08:38","guid":{"rendered":"https:\/\/cercledeconsciencia.com\/?page_id=3960"},"modified":"2026-03-27T16:02:54","modified_gmt":"2026-03-27T16:02:54","slug":"integrative-gestalt-training","status":"publish","type":"page","link":"https:\/\/cercledeconsciencia.com\/en\/formacion-gestalt-integrativa\/","title":{"rendered":"Integrative Gestalt Training"},"content":{"rendered":"<div data-vc-full-width=\"true\" data-vc-full-width-init=\"false\" data-vc-stretch-content=\"true\" class=\"vc_row wpb_row vc_row-fluid hide-mobile vc_custom_1718844913869 vc_row-has-fill vc_row-no-padding\" ><div class=\"wpb_column vc_column_container vc_col-sm-12\"><div class=\"vc_column-inner\"><div class=\"wpb_wrapper\"><div class=\"vc_empty_space\"   style=\"height: 200px\"><span class=\"vc_empty_space_inner\"><\/span><\/div><div class=\"vc_row wpb_row vc_inner vc_row-fluid vc_custom_1699443329405\" ><div class=\"bg-title-terapias wpb_column vc_column_container vc_col-sm-6\"><div class=\"vc_column-inner\"><div class=\"wpb_wrapper\"><div class=\"vc_empty_space\"   style=\"height: 30px\"><span class=\"vc_empty_space_inner\"><\/span><\/div>\n\t<div class=\"wpb_text_column wpb_content_element\" >\n\t\t<div class=\"wpb_wrapper\">\n\t\t\t<h1 class=\"font-open\"><span style=\"color: #ffffff;\">Integrative<br \/>\n<b>Integrative Gestalt<\/b><\/span><\/h1>\n\n\t\t<\/div>\n\t<\/div>\n<div class=\"vc_empty_space\"   style=\"height: 30px\"><span class=\"vc_empty_space_inner\"><\/span><\/div><\/div><\/div><\/div><div class=\"wpb_column vc_column_container vc_col-sm-6\"><div class=\"vc_column-inner\"><div class=\"wpb_wrapper\"><\/div><\/div><\/div><\/div><div class=\"vc_empty_space\"   style=\"height: 200px\"><span class=\"vc_empty_space_inner\"><\/span><\/div><\/div><\/div><\/div><\/div><div class=\"vc_row-full-width vc_clearfix\"><\/div><div data-vc-full-width=\"true\" data-vc-full-width-init=\"false\" data-vc-stretch-content=\"true\" class=\"vc_row wpb_row vc_row-fluid show-mobile vc_custom_1718844924088 vc_row-has-fill vc_row-no-padding\" ><div class=\"wpb_column vc_column_container vc_col-sm-12\"><div class=\"vc_column-inner\"><div class=\"wpb_wrapper\"><div class=\"vc_empty_space\"   style=\"height: 30px\"><span class=\"vc_empty_space_inner\"><\/span><\/div><div class=\"vc_row wpb_row vc_inner vc_row-fluid vc_custom_1699443329405\" ><div class=\"bg-title-terapias wpb_column vc_column_container vc_col-sm-6\"><div class=\"vc_column-inner\"><div class=\"wpb_wrapper\"><div class=\"vc_empty_space\"   style=\"height: 20px\"><span class=\"vc_empty_space_inner\"><\/span><\/div>\n\t<div class=\"wpb_text_column wpb_content_element\" >\n\t\t<div class=\"wpb_wrapper\">\n\t\t\t<h2 class=\"font-open\" style=\"font-size: 46px;\"><span style=\"color: #ffffff;\">Integrative<br \/>\n<b>Integrative Gestalt<\/b><\/span><\/h2>\n\n\t\t<\/div>\n\t<\/div>\n<div class=\"vc_empty_space\"   style=\"height: 20px\"><span class=\"vc_empty_space_inner\"><\/span><\/div><\/div><\/div><\/div><div class=\"wpb_column vc_column_container vc_col-sm-6\"><div class=\"vc_column-inner\"><div class=\"wpb_wrapper\"><\/div><\/div><\/div><\/div><div class=\"vc_empty_space\"   style=\"height: 30px\"><span class=\"vc_empty_space_inner\"><\/span><\/div><\/div><\/div><\/div><\/div><div class=\"vc_row-full-width vc_clearfix\"><\/div><div data-vc-full-width=\"true\" data-vc-full-width-init=\"false\" data-vc-stretch-content=\"true\" class=\"vc_row wpb_row vc_row-fluid bg-gestalt vc_row-no-padding\" ><div class=\"wpb_column vc_column_container vc_col-sm-12\"><div class=\"vc_column-inner\"><div class=\"wpb_wrapper\"><div class=\"vc_row wpb_row vc_inner vc_row-fluid vc_custom_1702980389754\" ><div class=\"wpb_column vc_column_container vc_col-sm-10\"><div class=\"vc_column-inner\"><div class=\"wpb_wrapper\">\n\t<div class=\"wpb_text_column wpb_content_element  vc_custom_1770114615585\" >\n\t\t<div class=\"wpb_wrapper\">\n\t\t\t<p class=\"title-h5\"><span style=\"color: #ffffff;\">Barcelona - Ibiza - BEGINNING: OCTOBER 2026 -<\/span><\/p>\n\n\t\t<\/div>\n\t<\/div>\n<div class=\"vc_empty_space\"   style=\"height: 50px\"><span class=\"vc_empty_space_inner\"><\/span><\/div><\/div><\/div><\/div><div class=\"wpb_column vc_column_container vc_col-sm-2\"><div class=\"vc_column-inner\"><div class=\"wpb_wrapper\"><div class=\"vc_empty_space\"   style=\"height: 50px\"><span class=\"vc_empty_space_inner\"><\/span><\/div><\/div><\/div><\/div><\/div><div class=\"vc_row wpb_row vc_inner vc_row-fluid vc_custom_1699304517452\" ><div class=\"borderr-white wpb_column vc_column_container vc_col-sm-12\"><div class=\"vc_column-inner vc_custom_1699304523827\"><div class=\"wpb_wrapper\"><div class=\"vc_empty_space\"   style=\"height: 100px\"><span class=\"vc_empty_space_inner\"><\/span><\/div><\/div><\/div><\/div><\/div><\/div><\/div><\/div><\/div><div class=\"vc_row-full-width vc_clearfix\"><\/div><div class=\"vc_row wpb_row vc_row-fluid\" ><div class=\"wpb_column vc_column_container vc_col-sm-12\"><div class=\"vc_column-inner\"><div class=\"wpb_wrapper\"><div class=\"vc_empty_space\"   style=\"height: 50px\"><span class=\"vc_empty_space_inner\"><\/span><\/div><div class=\"edgtf-row-grid-section-wrapper\" ><div class=\"edgtf-row-grid-section\"><div class=\"vc_row wpb_row vc_inner vc_row-fluid vc_row-o-content-middle vc_row-flex\" ><div class=\"wpb_column vc_column_container vc_col-sm-12\"><div class=\"vc_column-inner\"><div class=\"wpb_wrapper\">\n\t<div class=\"wpb_text_column wpb_content_element\" >\n\t\t<div class=\"wpb_wrapper\">\n\t\t\t<p style=\"text-align: justify;\">From Cercle Gestalt, we propose a training in Accompaniment and Gestalt Techniques (Gestalt Therapy) endorsed by the AETG (Spanish Association of Gestalt Therapy) presenting a new programme aimed at enhancing the values of Claudio Naranjo's legacy with the approach of a living Gestalt, cultivating both consciousness and relationships and their social involvement. It also promotes community values, which are so necessary in the current social crisis.<\/p>\n<p style=\"text-align: justify;\">We offer a programme focused in two directions. One, more oriented to the <strong>self-knowledge and exploration of the inner world<\/strong>This allows us to deepen our capacity to know ourselves in terms of our potential and values as well as our challenges and shadows. And the other, oriented towards <strong>learning accompanying strategies and techniques<\/strong> gestalt, which enable the person to provide care in both the professional and personal spheres.<\/p>\n<p style=\"text-align: justify;\">We transmit the gestalt attitude from the cultivation of humanity, advocating a methodology that combines a clinical and human perspective.<\/p>\n<p style=\"text-align: justify;\">We promote and work on <strong>existential competences<\/strong> The main themes proposed by Claudio Naranjo, which have to do with forms of love, self-knowledge and the capacity for detachment as relevant aspects that promote the transformation of the human being.<\/p>\n<p style=\"text-align: justify;\">In our school we deepen in the basic pillars of living Gestalt, present throughout the training and we put special focus and interest in developing the corporal, transpersonal and theatrical approach as in its beginnings, as well as the application of Gestalt principles in social environments.<\/p>\n<p style=\"text-align: justify;\">Many of them have been part of the origin of Gestalt in Spain and all of them are collaborators and transmitters of the knowledge and the original Claudian way.<\/p>\n\n\t\t<\/div>\n\t<\/div>\n\n\t<div class=\"wpb_text_column wpb_content_element\" >\n\t\t<div class=\"wpb_wrapper\">\n\t\t\t<h3 class=\"font-open\">The three pillars of Gestalt training:<\/h3>\n<ol>\n<li><strong>Here and now:<\/strong> the importance of being attentive to the present.<\/li>\n<li><strong>Realise:<\/strong> the attitude of being aware in our reality.<\/li>\n<li><strong>Responsibility:<\/strong> the ability to act in relation to our needs.<\/li>\n<\/ol>\n\n\t\t<\/div>\n\t<\/div>\n<\/div><\/div><\/div><\/div><\/div><\/div><div class=\"vc_empty_space\"   style=\"height: 50px\"><span class=\"vc_empty_space_inner\"><\/span><\/div><div class=\"edgtf-elements-holder   edgtf-one-column  edgtf-responsive-mode-768 edgtf-one-column-alignment-center\" ><div class=\"edgtf-eh-item   edgtf-horizontal-alignment-center\"  data-item-class=\"edgtf-eh-custom-7376\">\n    <div class=\"edgtf-eh-item-inner\">\n        <div class=\"edgtf-eh-item-content edgtf-eh-custom-7376\" >\n            <a itemprop=\"url\" href=\"#solicita-informacion\" target=\"_self\" style=\"color: #ffffff;background-color: #007f6a;border-color: #007f6a;font-size: 18px\" class=\"edgtf-btn edgtf-btn-medium edgtf-btn-solid edgtf-btn-custom-hover-bg edgtf-btn-custom-border-hover edgtf-btn-custom-hover-color btn-tci\" data-hover-color=\"#007f6a\" data-hover-bg-color=\"#ffffff\" data-hover-border-color=\"#007f6a\" >\n    <span class=\"edgtf-btn-text\">Request for information<\/span>\n        <\/a>        <\/div>\n    <\/div>\n<\/div><\/div><div class=\"vc_empty_space\"   style=\"height: 50px\"><span class=\"vc_empty_space_inner\"><\/span><\/div><\/div><\/div><\/div><\/div><div class=\"vc_row wpb_row vc_row-fluid vc_row-o-equal-height vc_row-flex\" ><div class=\"wpb_column vc_column_container vc_col-sm-8 vc_col-has-fill\"><div class=\"vc_column-inner vc_custom_1717681815789\"><div class=\"wpb_wrapper\"><div class=\"vc_row wpb_row vc_inner vc_row-fluid vc_custom_1718845051456\" ><div class=\"wpb_column vc_column_container vc_col-sm-12\"><div class=\"vc_column-inner\"><div class=\"wpb_wrapper\"><div class=\"vc_empty_space\"   style=\"height: 100px\"><span class=\"vc_empty_space_inner\"><\/span><\/div>\n\t<div class=\"wpb_text_column wpb_content_element\" >\n\t\t<div class=\"wpb_wrapper\">\n\t\t\t<h2 class=\"font-open\"><span style=\"font-weight: 400; color: #ffffff; font-size: 26px; line-height: 28px;\"><strong>Who is the Integrative Gestalt Training for?<\/strong><\/span><\/h2>\n<p style=\"text-align: left;\"><span style=\"font-weight: 400; color: #ffffff;\">Our training is aimed at education and health professionals, students working in any field of clinical, social, educational and\/or communication care, as well as people who are interested in deepening their personal development process and social change. <\/span><\/p>\n\n\t\t<\/div>\n\t<\/div>\n<div class=\"vc_empty_space\"   style=\"height: 100px\"><span class=\"vc_empty_space_inner\"><\/span><\/div><\/div><\/div><\/div><\/div><\/div><\/div><\/div><div class=\"wpb_column vc_column_container vc_col-sm-4 vc_col-has-fill\"><div class=\"vc_column-inner vc_custom_1717679985018\"><div class=\"wpb_wrapper\"><div class=\"vc_empty_space\"   style=\"height: 500px\"><span class=\"vc_empty_space_inner\"><\/span><\/div><\/div><\/div><\/div><\/div><div class=\"edgtf-row-grid-section-wrapper\"  ><div class=\"edgtf-row-grid-section\"><div class=\"vc_row wpb_row vc_row-fluid\" ><div class=\"wpb_column vc_column_container vc_col-sm-12\"><div class=\"vc_column-inner\"><div class=\"wpb_wrapper\"><div class=\"vc_empty_space\"   style=\"height: 80px\"><span class=\"vc_empty_space_inner\"><\/span><\/div><div class=\"edgtf-row-grid-section-wrapper\" ><div class=\"edgtf-row-grid-section\"><div class=\"vc_row wpb_row vc_inner vc_row-fluid\" ><div class=\"wpb_column vc_column_container vc_col-sm-12\"><div class=\"vc_column-inner\"><div class=\"wpb_wrapper\">\n\t<div class=\"wpb_text_column wpb_content_element\" >\n\t\t<div class=\"wpb_wrapper\">\n\t\t\t<h2 class=\"font-open\">Methodology <span class=\"font-gestalt\">Gestalt<\/span><\/h2>\n<p style=\"text-align: justify;\">The Gestalt Training lasts three years (Basic course, Advanced course and Supervision course). Each course is made up of 8 workshops that are given in weekend format (from Friday to Sunday) and two residential workshops per course (4 days long, from Thursday noon to Sunday). In addition, there is an online follow-up after each workshop monitored by the tutoring team with the intention of attending to group and individual emergencies that may have arisen and to continue cultivating group cohesion.<\/p>\n\n\t\t<\/div>\n\t<\/div>\n<\/div><\/div><\/div><\/div><\/div><\/div><div class=\"edgtf-row-grid-section-wrapper\" ><div class=\"edgtf-row-grid-section\"><div class=\"vc_row wpb_row vc_inner vc_row-fluid\" ><div class=\"wpb_column vc_column_container vc_col-sm-12\"><div class=\"vc_column-inner\"><div class=\"wpb_wrapper\">\n\t<div class=\"wpb_text_column wpb_content_element\" >\n\t\t<div class=\"wpb_wrapper\">\n\t\t\t<h2 class=\"font-open\">Complete Gestalt Syllabus<\/h2>\n\n\t\t<\/div>\n\t<\/div>\n<\/div><\/div><\/div><\/div><\/div><\/div><div class=\"edgtf-row-grid-section-wrapper\" ><div class=\"edgtf-row-grid-section\"><div class=\"vc_row wpb_row vc_inner vc_row-fluid vc_custom_1702979889553\" ><div class=\"wpb_column vc_column_container vc_col-sm-6\"><div class=\"vc_column-inner vc_custom_1702333549031\"><div class=\"wpb_wrapper\">\n\t<div class=\"wpb_text_column wpb_content_element\" >\n\t\t<div class=\"wpb_wrapper\">\n\t\t\t<ul>\n<li>The 3 Pillars of Gestalt.<\/li>\n<li>Learning to perceive.<\/li>\n<li>The parts and the whole. The gestalt puzzle.<\/li>\n<li>Tracking the vital impulse. The world of needs.<\/li>\n<li>Unveiling self-deception.<\/li>\n<li>The body I inhabit.<\/li>\n<li>Gestalt, body and art.<\/li>\n<li>Dreaded Scenes.<\/li>\n<\/ul>\n\n\t\t<\/div>\n\t<\/div>\n<\/div><\/div><\/div><div class=\"wpb_column vc_column_container vc_col-sm-6\"><div class=\"vc_column-inner vc_custom_1702333556029\"><div class=\"wpb_wrapper\">\n\t<div class=\"wpb_text_column wpb_content_element\" >\n\t\t<div class=\"wpb_wrapper\">\n\t\t\t<ul>\n<li>Unveiling the dream message.<\/li>\n<li>Apollo and Dionysos.<\/li>\n<li>Existential Competences<\/li>\n<li>Instinct, Power and Relationship.<\/li>\n<li>Transference and Countertransference.<\/li>\n<li>Supervision.<\/li>\n<li>Final Dynamics.<\/li>\n<li>Group dynamics.<\/li>\n<\/ul>\n\n\t\t<\/div>\n\t<\/div>\n<\/div><\/div><\/div><\/div><\/div><\/div><div class=\"vc_row wpb_row vc_inner vc_row-fluid\" ><div class=\"wpb_column vc_column_container vc_col-sm-12\"><div class=\"vc_column-inner\"><div class=\"wpb_wrapper\">\n\t<div class=\"wpb_text_column wpb_content_element\" >\n\t\t<div class=\"wpb_wrapper\">\n\t\t\t<h2 class=\"font-open\">Residentials <span class=\"font-gestalt\">Integrative Gestalt Training<br \/>\n<\/span><\/h2>\n<p style=\"text-align: justify;\">Residential workshops are essential to training, providing an immersive environment that enhances learning in a deeper and more comprehensive way. These experiences offer unique opportunities for deeper understanding and cultivate meaningful connections, enriching training in a holistic way, strengthening group cohesion and fostering personal development.<\/p>\n\n\t\t<\/div>\n\t<\/div>\n\n\t<div class=\"wpb_text_column wpb_content_element\" >\n\t\t<div class=\"wpb_wrapper\">\n\t\t\t<h3 class=\"font-open\"><strong>Residential Parental Figures. \"the matrices of human relationship\".<\/strong><\/h3>\n<p style=\"text-align: justify;\">Identify and understand how we learned to bond in childhood. Recognise the wounds experienced at this stage and work on repairing them in order to be able to live the relationships of the present moment in a fuller and more conscious way.<\/p>\n<h3 class=\"font-open\"><strong>Psychopathology Residential Centre<\/strong><\/h3>\n<p style=\"text-align: justify;\">Knowing the different body structures and the personality associated with each one, as well as the evolutionary stages in which they are generated. Taking the reference of authors such as Wilhelm Reich and Ev\u00e2nia Reichert.<\/p>\n<h3 class=\"font-open\"><strong>Sexuality Residential<\/strong><\/h3>\n<p style=\"text-align: justify;\">Deconditioning the experience of sexuality from the patriarchal gaze, questioning learned introjects and discovering how we link ourselves to pleasure.<br \/>\nTo recover the innate and natural erotic capacity of human beings by integrating it into everyday life.<\/p>\n\n\t\t<\/div>\n\t<\/div>\n<\/div><\/div><\/div><\/div><\/div><\/div><\/div><\/div><\/div><\/div><div class=\"edgtf-row-grid-section-wrapper\"  ><div class=\"edgtf-row-grid-section\"><div class=\"vc_row wpb_row vc_row-fluid\" ><div class=\"wpb_column vc_column_container vc_col-sm-12\"><div class=\"vc_column-inner\"><div class=\"wpb_wrapper\"><div class=\"vc_empty_space\"   style=\"height: 80px\"><span class=\"vc_empty_space_inner\"><\/span><\/div><div class=\"edgtf-row-grid-section-wrapper\" ><div class=\"edgtf-row-grid-section\"><div class=\"vc_row wpb_row vc_inner vc_row-fluid\" ><div class=\"wpb_column vc_column_container vc_col-sm-12\"><div class=\"vc_column-inner\"><div class=\"wpb_wrapper\">\n\t<div class=\"wpb_text_column wpb_content_element\" >\n\t\t<div class=\"wpb_wrapper\">\n\t\t\t<h2 class=\"font-open\">Training Accompaniment <span class=\"font-gestalt\">Integrative Gestalt<\/span><\/h2>\n<p style=\"text-align: justify;\">A tutoring team made up of a tutor and two mentors will accompany the entire learning process and evolution of the students, providing support and attending to any needs that may arise during the training and throughout the three years.<\/p>\n<h2 class=\"font-open\">The importance of group work in <span class=\"font-gestalt\">Gestalt<\/span><\/h2>\n<p style=\"text-align: justify;\">For Claudio Naranjo, the gestalt approach emphasises therapy in relationship and of relationships. The group and the group as a whole therefore become a favourable and necessary framework for the therapeutic process and for training, being also a useful laboratory to reach a better awareness and an improvement of our links. It can also improve our ability to build community and to participate in it with personal and collective responsibility. Following the African wisdom of Ubuntu, \"I am because we are\", we are made in community, in it we learn, and cooperation and mutual help sustain us, make us grow reciprocally. Solidarity heals.<br \/>\nOn the other hand, the social determinants of mental health show that improving the material conditions of people's lives, ecological balance and a healthy community will have a favourable influence on personal and collective mental health.<\/p>\n<p style=\"text-align: justify;\">Our experience allows us to assure that group work is a basic pillar of Gestalt training. The experiential, the lived experience of the work, is the best and most direct way to integrate the information we transmit. During the 3 years of training, deep bonds are established.<\/p>\n<p style=\"text-align: justify;\">At Cercle Gestalt we attach great importance to the treatment, care and how we feel in the group, that is to say: the TRUST, the WARMTH of the atmosphere in which we work. In order to deepen our understanding of ourselves, of others and of the bonds we establish, it is essential to create a space of respect and confidentiality.<\/p>\n\n\t\t<\/div>\n\t<\/div>\n<\/div><\/div><\/div><\/div><\/div><\/div><div class=\"vc_empty_space\"   style=\"height: 100px\"><span class=\"vc_empty_space_inner\"><\/span><\/div><\/div><\/div><\/div><\/div><\/div><\/div><div class=\"vc_row wpb_row vc_row-fluid\" ><div class=\"wpb_column vc_column_container vc_col-sm-12\"><div class=\"vc_column-inner\"><div class=\"wpb_wrapper\">\n\t<div  class=\"wpb_single_image wpb_content_element vc_align_center\">\n\t\t\n\t\t<figure class=\"wpb_wrapper vc_figure\">\n\t\t\t<div class=\"vc_single_image-wrapper   vc_box_border_grey\"><img loading=\"lazy\" decoding=\"async\" width=\"2560\" height=\"1709\" src=\"https:\/\/cercledeconsciencia.com\/wp-content\/uploads\/2024\/06\/Escuela-Instituto-Gestalt-curso-scaled.jpg\" class=\"vc_single_image-img attachment-full\" alt=\"\" title=\"School-Institute-Gestalt-course\" srcset=\"https:\/\/cercledeconsciencia.com\/wp-content\/uploads\/2024\/06\/Escuela-Instituto-Gestalt-curso-scaled.jpg 2560w, https:\/\/cercledeconsciencia.com\/wp-content\/uploads\/2024\/06\/Escuela-Instituto-Gestalt-curso-300x200.jpg 300w, https:\/\/cercledeconsciencia.com\/wp-content\/uploads\/2024\/06\/Escuela-Instituto-Gestalt-curso-1024x684.jpg 1024w, https:\/\/cercledeconsciencia.com\/wp-content\/uploads\/2024\/06\/Escuela-Instituto-Gestalt-curso-768x513.jpg 768w, https:\/\/cercledeconsciencia.com\/wp-content\/uploads\/2024\/06\/Escuela-Instituto-Gestalt-curso-391x260.jpg 391w, https:\/\/cercledeconsciencia.com\/wp-content\/uploads\/2024\/06\/Escuela-Instituto-Gestalt-curso-1536x1025.jpg 1536w\" sizes=\"auto, (max-width: 2560px) 100vw, 2560px\" \/><\/div>\n\t\t<\/figure>\n\t<\/div>\n<div class=\"vc_row wpb_row vc_inner vc_row-fluid vc_custom_1702979223365 vc_row-has-fill vc_row-o-equal-height vc_row-flex\" ><div class=\"wpb_column vc_column_container vc_col-sm-2 vc_col-has-fill\"><div class=\"vc_column-inner vc_custom_1702346048903\"><div class=\"wpb_wrapper\"><div class=\"vc_empty_space\"   style=\"height: 40px\"><span class=\"vc_empty_space_inner\"><\/span><\/div><\/div><\/div><\/div><div class=\"wpb_column vc_column_container vc_col-sm-8 vc_col-has-fill\"><div class=\"vc_column-inner vc_custom_1718845221764\"><div class=\"wpb_wrapper\">\n\t<div class=\"wpb_text_column wpb_content_element  vc_custom_1720226094315\" >\n\t\t<div class=\"wpb_wrapper\">\n\t\t\t<p class=\"title-h5\"><span style=\"color: #00735f;\"><strong>Integrative Gestalt Training Team<\/strong><\/span><\/p>\n\n\t\t<\/div>\n\t<\/div>\n<\/div><\/div><\/div><div class=\"wpb_column vc_column_container vc_col-sm-2 vc_col-has-fill\"><div class=\"vc_column-inner vc_custom_1702979397220\"><div class=\"wpb_wrapper\"><div class=\"vc_empty_space\"   style=\"height: 40px\"><span class=\"vc_empty_space_inner\"><\/span><\/div><\/div><\/div><\/div><\/div><\/div><\/div><\/div><\/div><div class=\"edgtf-row-grid-section-wrapper\"  ><div class=\"edgtf-row-grid-section\"><div class=\"vc_row wpb_row vc_row-fluid\" ><div class=\"wpb_column vc_column_container vc_col-sm-12\"><div class=\"vc_column-inner\"><div class=\"wpb_wrapper\"><div class=\"vc_empty_space\"   style=\"height: 100px\"><span class=\"vc_empty_space_inner\"><\/span><\/div>\n\t<div class=\"wpb_text_column wpb_content_element\" >\n\t\t<div class=\"wpb_wrapper\">\n\t\t\t<p class=\"p1\" style=\"text-align: justify;\">We are a team of people committed to individual and collective transformation. Highly qualified professionals with years of experience, with a revolutionary view of Gestalt and a desire to give this training a renewed approach that addresses the transpersonal, expressive-theatrical, corporal, clinical and social elements.<\/p>\n\n\t\t<\/div>\n\t<\/div>\n<div class=\"vc_empty_space\"   style=\"height: 50px\"><span class=\"vc_empty_space_inner\"><\/span><\/div><div class=\"edgtf-row-grid-section-wrapper\" ><div class=\"edgtf-row-grid-section\"><div class=\"vc_row wpb_row vc_inner vc_row-fluid\" ><div class=\"wpb_column vc_column_container vc_col-sm-4\"><div class=\"vc_column-inner\"><div class=\"wpb_wrapper\">\n\t<div  class=\"wpb_single_image wpb_content_element vc_align_center\">\n\t\t\n\t\t<figure class=\"wpb_wrapper vc_figure\">\n\t\t\t<div class=\"vc_single_image-wrapper   vc_box_border_grey\"><img loading=\"lazy\" decoding=\"async\" width=\"400\" height=\"455\" src=\"https:\/\/cercledeconsciencia.com\/wp-content\/uploads\/2023\/12\/Antoni-Aguilar-Chastellain-Director-cercle.jpg\" class=\"vc_single_image-img attachment-full\" alt=\"\" title=\"FTI Newsletter\" srcset=\"https:\/\/cercledeconsciencia.com\/wp-content\/uploads\/2023\/12\/Antoni-Aguilar-Chastellain-Director-cercle.jpg 400w, https:\/\/cercledeconsciencia.com\/wp-content\/uploads\/2023\/12\/Antoni-Aguilar-Chastellain-Director-cercle-264x300.jpg 264w\" sizes=\"auto, (max-width: 400px) 100vw, 400px\" \/><\/div>\n\t\t<\/figure>\n\t<\/div>\n<\/div><\/div><\/div><div class=\"wpb_column vc_column_container vc_col-sm-8\"><div class=\"vc_column-inner\"><div class=\"wpb_wrapper\">\n\t<div class=\"wpb_text_column wpb_content_element\" >\n\t\t<div class=\"wpb_wrapper\">\n\t\t\t<p><strong>Dr. Antoni Aguilar Chastellain<\/strong><br \/>\nDirector of Cercle de Consci\u00e8ncia and Cercle Gestalt.<\/p>\n<p>Graduate in medicine and surgery. Gestalt Psychotherapist. Integrative Body Therapist (TCI). Director of Transpersonal Integrative Training (EUROTAS Certified). Specialist in Brief Strategic Therapy (BST), Practitioner in Neurolinguistic Programming (NLP) and Vipassana Instructor. Disciple and collaborator in Dr. Claudio Naranjo's team.<\/p>\n\n\t\t<\/div>\n\t<\/div>\n<\/div><\/div><\/div><\/div><\/div><\/div><div class=\"vc_empty_space\"   style=\"height: 50px\"><span class=\"vc_empty_space_inner\"><\/span><\/div><div class=\"edgtf-row-grid-section-wrapper\" ><div class=\"edgtf-row-grid-section\"><div class=\"vc_row wpb_row vc_inner vc_row-fluid\" ><div class=\"wpb_column vc_column_container vc_col-sm-4\"><div class=\"vc_column-inner\"><div class=\"wpb_wrapper\">\n\t<div  class=\"wpb_single_image wpb_content_element vc_align_center\">\n\t\t\n\t\t<figure class=\"wpb_wrapper vc_figure\">\n\t\t\t<div class=\"vc_single_image-wrapper   vc_box_border_grey\"><img loading=\"lazy\" decoding=\"async\" width=\"409\" height=\"484\" src=\"https:\/\/cercledeconsciencia.com\/wp-content\/uploads\/2024\/07\/Montse-Coll-Directora.jpg\" class=\"vc_single_image-img attachment-full\" alt=\"\" title=\"Montse-Coll-Director\" srcset=\"https:\/\/cercledeconsciencia.com\/wp-content\/uploads\/2024\/07\/Montse-Coll-Directora.jpg 409w, https:\/\/cercledeconsciencia.com\/wp-content\/uploads\/2024\/07\/Montse-Coll-Directora-254x300.jpg 254w\" sizes=\"auto, (max-width: 409px) 100vw, 409px\" \/><\/div>\n\t\t<\/figure>\n\t<\/div>\n<\/div><\/div><\/div><div class=\"wpb_column vc_column_container vc_col-sm-8\"><div class=\"vc_column-inner\"><div class=\"wpb_wrapper\">\n\t<div class=\"wpb_text_column wpb_content_element\" >\n\t\t<div class=\"wpb_wrapper\">\n\t\t\t<p><strong>Montse Coll<\/strong><br \/>\nPedagogical director and head of the Integrative Gestalt training.<\/p>\n<p>Degree in Medicine and Surgery (UAB). Gestalt Psychotherapist. Didactic and Supervising Member (AETG). Integrative Body Therapist (TCI). Dr. Claudio Naranjo's Programme (SAT). NLP Practitioner<\/p>\n\n\t\t<\/div>\n\t<\/div>\n<\/div><\/div><\/div><\/div><\/div><\/div><div class=\"vc_empty_space\"   style=\"height: 100px\"><span class=\"vc_empty_space_inner\"><\/span><\/div><\/div><\/div><\/div><\/div><\/div><\/div><div data-vc-full-width=\"true\" data-vc-full-width-init=\"false\" data-vc-stretch-content=\"true\" class=\"vc_row wpb_row vc_row-fluid bg-gestalt vc_row-no-padding\" ><div class=\"wpb_column vc_column_container vc_col-sm-12\"><div class=\"vc_column-inner\"><div class=\"wpb_wrapper\"><div class=\"edgtf-row-grid-section-wrapper\" ><div class=\"edgtf-row-grid-section\"><div class=\"vc_row wpb_row vc_inner vc_row-fluid vc_custom_1702978919397\" ><div class=\"wpb_column vc_column_container vc_col-sm-10\"><div class=\"vc_column-inner\"><div class=\"wpb_wrapper\">\n\t<div class=\"wpb_text_column wpb_content_element  vc_custom_1759491134823\" >\n\t\t<div class=\"wpb_wrapper\">\n\t\t\t<p class=\"title-h5\"><span style=\"color: #ffffff;\"><strong>Integrative Gestalt Training Team <\/strong><\/span><\/p>\n\n\t\t<\/div>\n\t<\/div>\n<\/div><\/div><\/div><div class=\"wpb_column vc_column_container vc_col-sm-2\"><div class=\"vc_column-inner\"><div class=\"wpb_wrapper\"><div class=\"vc_empty_space\"   style=\"height: 50px\"><span class=\"vc_empty_space_inner\"><\/span><\/div><\/div><\/div><\/div><\/div><\/div><\/div><div class=\"vc_row wpb_row vc_inner vc_row-fluid vc_custom_1699304517452\" ><div class=\"borderr-white wpb_column vc_column_container vc_col-sm-12\"><div class=\"vc_column-inner vc_custom_1699304523827\"><div class=\"wpb_wrapper\"><div class=\"vc_empty_space\"   style=\"height: 100px\"><span class=\"vc_empty_space_inner\"><\/span><\/div><\/div><\/div><\/div><\/div><\/div><\/div><\/div><\/div><div class=\"vc_row-full-width vc_clearfix\"><\/div><div class=\"edgtf-row-grid-section-wrapper\"  ><div class=\"edgtf-row-grid-section\"><div class=\"vc_row wpb_row vc_row-fluid\" ><div class=\"wpb_column vc_column_container vc_col-sm-12\"><div class=\"vc_column-inner\"><div class=\"wpb_wrapper\"><div class=\"vc_empty_space\"   style=\"height: 50px\"><span class=\"vc_empty_space_inner\"><\/span><\/div><div class=\"vc_row wpb_row vc_inner vc_row-fluid\" ><div class=\"wpb_column vc_column_container vc_col-sm-4\"><div class=\"vc_column-inner\"><div class=\"wpb_wrapper\">\n\t<div class=\"wpb_text_column wpb_content_element\" >\n\t\t<div class=\"wpb_wrapper\">\n\t\t\t<p><span class=\"popmake-3057\" style=\"font-weight: 500;\">Cristina Ribera Casal<\/span><\/p>\n<p><span class=\"popmake-4008\" style=\"font-weight: 500;\">Carles Riera<\/span><\/p>\n<p><span class=\"popmake-3083\" style=\"font-weight: 500;\">Palma L\u00f3pez<\/span><\/p>\n<p><span class=\"popmake-5494\" style=\"font-weight: 500;\">Eva Mart\u00ednez<\/span><\/p>\n\n\t\t<\/div>\n\t<\/div>\n\n\t<div class=\"wpb_text_column wpb_content_element\" >\n\t\t<div class=\"wpb_wrapper\">\n\t\t\t\n\t\t<\/div>\n\t<\/div>\n<\/div><\/div><\/div><div class=\"wpb_column vc_column_container vc_col-sm-4\"><div class=\"vc_column-inner\"><div class=\"wpb_wrapper\">\n\t<div class=\"wpb_text_column wpb_content_element\" >\n\t\t<div class=\"wpb_wrapper\">\n\t\t\t<p><span class=\"popmake-4010\" style=\"font-weight: 500;\">Alba Yag\u00fce<\/span><\/p>\n<p><span class=\"popmake-3873\" style=\"font-weight: 500;\">Catalina Llad\u00f3<\/span><\/p>\n<p><span class=\"popmake-5455\" style=\"font-weight: 500;\">Lita Mu\u00f1oz<\/span><\/p>\n\n\t\t<\/div>\n\t<\/div>\n<\/div><\/div><\/div><\/div><div class=\"vc_row wpb_row vc_inner vc_row-fluid\" ><div class=\"wpb_column vc_column_container vc_col-sm-12\"><div class=\"vc_column-inner\"><div class=\"wpb_wrapper\"><div class=\"vc_empty_space\"   style=\"height: 30px\"><span class=\"vc_empty_space_inner\"><\/span><\/div><div class=\"vc_empty_space\"   style=\"height: 10px\"><span class=\"vc_empty_space_inner\"><\/span><\/div><\/div><\/div><\/div><\/div><div class=\"vc_empty_space\"   style=\"height: 80px\"><span class=\"vc_empty_space_inner\"><\/span><\/div><div class=\"vc_row wpb_row vc_inner vc_row-fluid vc_row-o-content-middle vc_row-flex\" ><div class=\"wpb_column vc_column_container vc_col-sm-4\"><div class=\"vc_column-inner\"><div class=\"wpb_wrapper\">\n\t<div class=\"wpb_text_column wpb_content_element\" >\n\t\t<div class=\"wpb_wrapper\">\n\t\t\t<h3 class=\"p1\"><span style=\"color: #007f6a;\">\"Empower the values of Claudio Naranjo's legacy with a living and transformative Gestalt.\"<\/span><\/h3>\n<h3><\/h3>\n<h3 class=\"p2\"><span style=\"color: #007f6a;\">~Cercle de Consci\u00e8ncia.<\/span><\/h3>\n\n\t\t<\/div>\n\t<\/div>\n<\/div><\/div><\/div><div class=\"wpb_column vc_column_container vc_col-sm-8\"><div class=\"vc_column-inner\"><div class=\"wpb_wrapper\">\n\t<div  class=\"wpb_single_image wpb_content_element vc_align_center\">\n\t\t\n\t\t<figure class=\"wpb_wrapper vc_figure\">\n\t\t\t<div class=\"vc_single_image-wrapper   vc_box_border_grey\"><img loading=\"lazy\" decoding=\"async\" width=\"600\" height=\"467\" src=\"https:\/\/cercledeconsciencia.com\/wp-content\/uploads\/2024\/06\/CitaGestalt.png\" class=\"vc_single_image-img attachment-full\" alt=\"\" title=\"CitaGestalt\" srcset=\"https:\/\/cercledeconsciencia.com\/wp-content\/uploads\/2024\/06\/CitaGestalt.png 600w, https:\/\/cercledeconsciencia.com\/wp-content\/uploads\/2024\/06\/CitaGestalt-300x234.png 300w\" sizes=\"auto, (max-width: 600px) 100vw, 600px\" \/><\/div>\n\t\t<\/figure>\n\t<\/div>\n<\/div><\/div><\/div><\/div><div class=\"vc_empty_space\"   style=\"height: 80px\"><span class=\"vc_empty_space_inner\"><\/span><\/div>\n\t<div class=\"wpb_text_column wpb_content_element\" >\n\t\t<div class=\"wpb_wrapper\">\n\t\t\t<h2 class=\"font-open\">Diploma of accreditation <span class=\"font-gestalt\">IGF<\/span><\/h2>\n\n\t\t<\/div>\n\t<\/div>\n<div class=\"vc_row wpb_row vc_inner vc_row-fluid vc_row-o-content-middle vc_row-flex\" ><div class=\"wpb_column vc_column_container vc_col-sm-10\"><div class=\"vc_column-inner\"><div class=\"wpb_wrapper\">\n\t<div class=\"wpb_text_column wpb_content_element\" >\n\t\t<div class=\"wpb_wrapper\">\n\t\t\t<p style=\"text-align: justify;\">At the end of the training and having fulfilled the commitments required throughout the 3 years of training, Cercle Gestalt issues a certificate certifying that the complete Gestalt training has been completed.<\/p>\n<p style=\"text-align: justify;\">Additionally, and upon request, a diploma will be issued, endorsed by the Spanish Association of Gestalt Therapy (A.E.T.G.), having fulfilled the requirements stipulated by the same.<\/p>\n<p style=\"text-align: justify;\">The Gestalt Training also gives you the opportunity to do an internship in the social area of the Cercle de Consci\u00e8ncia.<\/p>\n\n\t\t<\/div>\n\t<\/div>\n<\/div><\/div><\/div><div class=\"wpb_column vc_column_container vc_col-sm-2\"><div class=\"vc_column-inner\"><div class=\"wpb_wrapper\">\n\t<div  class=\"wpb_single_image wpb_content_element vc_align_left\">\n\t\t\n\t\t<figure class=\"wpb_wrapper vc_figure\">\n\t\t\t<div class=\"vc_single_image-wrapper   vc_box_border_grey\"><img loading=\"lazy\" decoding=\"async\" width=\"81\" height=\"81\" src=\"https:\/\/cercledeconsciencia.com\/wp-content\/uploads\/2024\/01\/logo-aetg.png\" class=\"vc_single_image-img attachment-full\" alt=\"\" title=\"logo-aetg\" \/><\/div>\n\t\t<\/figure>\n\t<\/div>\n<\/div><\/div><\/div><\/div><div class=\"vc_empty_space\"   style=\"height: 100px\"><span class=\"vc_empty_space_inner\"><\/span><\/div><\/div><\/div><\/div><\/div><\/div><\/div><div class=\"edgtf-row-grid-section-wrapper\"  style=\"background-color:#ededed\"><div class=\"edgtf-row-grid-section\"><div class=\"vc_row wpb_row vc_row-fluid\" ><div class=\"wpb_column vc_column_container vc_col-sm-12\"><div class=\"vc_column-inner\"><div class=\"wpb_wrapper\"><div class=\"vc_empty_space\"   style=\"height: 100px\"><span class=\"vc_empty_space_inner\"><\/span><\/div><div class=\"vc_row wpb_row vc_inner vc_row-fluid\" style=\"background-color:#ededed\"><div class=\"wpb_column vc_column_container vc_col-sm-12\"><div class=\"vc_column-inner\"><div class=\"wpb_wrapper\">\n\t<div class=\"wpb_text_column wpb_content_element\" >\n\t\t<div class=\"wpb_wrapper\">\n\t\t\t<h5>GROUP START: OCTOBER 2025<\/h5>\n<p style=\"color: #4a4a49; font-size: 28px;\"><strong>Precio de la Formaci\u00f3n Gestalt: condiciones y facilidades<\/strong><\/p>\n<p style=\"color: #4a4a49; font-size: 24px;\">First course fee: 2.004 \u20ac 2.004 \u20ac | Tuition: 200 \u20ac 200<\/p>\n<p style=\"color: #4a4a49; font-size: 24px;\"><strong>Discounts:<\/strong><\/p>\n<p class=\"p3\"><span style=\"color: #4a4a49;\"><strong><img loading=\"lazy\" decoding=\"async\" class=\"alignnone size-full wp-image-2376\" src=\"https:\/\/cercledeconsciencia.com\/wp-content\/uploads\/2024\/06\/icon-check-gestalt.png\" alt=\"\" width=\"30\" height=\"30\" \/>\u00a0 20 % on the number plate:<\/strong> if it is made two months before the start of the course for an amount of 160 \u20ac.<\/span><\/p>\n<p class=\"p3\"><span style=\"color: #4a4a49;\"><strong><img loading=\"lazy\" decoding=\"async\" class=\"alignnone size-full wp-image-2376\" src=\"https:\/\/cercledeconsciencia.com\/wp-content\/uploads\/2024\/06\/icon-check-gestalt.png\" alt=\"\" width=\"30\" height=\"30\" \/>\u00a0 5 % discount:<\/strong> on the price of the training course if paid as a one-off payment before the start of the course.<\/span><\/p>\n<p style=\"color: #4a4a49; font-size: 24px;\"><strong>Other advantages:<\/strong><\/p>\n<p class=\"p3\"><span style=\"color: #4a4a49;\"><strong><img loading=\"lazy\" decoding=\"async\" class=\"alignnone size-full wp-image-2376\" src=\"https:\/\/cercledeconsciencia.com\/wp-content\/uploads\/2024\/06\/icon-check-gestalt.png\" alt=\"\" width=\"30\" height=\"30\" \/>\u00a0 Payment in instalments:<\/strong> you can pay in instalments, with our <strong>own funding.<\/strong><\/span><\/p>\n<p style=\"color: #4a4a49; font-size: 24px;\"><strong>Agreements and Collaborations:<\/strong><\/p>\n<p class=\"p3\"><span style=\"color: #4a4a49;\"><strong><img loading=\"lazy\" decoding=\"async\" class=\"alignnone size-full wp-image-2376\" src=\"https:\/\/cercledeconsciencia.com\/wp-content\/uploads\/2024\/06\/icon-check-gestalt.png\" alt=\"\" width=\"30\" height=\"30\" \/>\u00a0 CEESC: 15% on the annual price<\/strong> for members and friends of CEESC for Catalonia.<\/span><\/p>\n<p class=\"p3\"><span style=\"color: #4a4a49;\"><strong><img loading=\"lazy\" decoding=\"async\" class=\"alignnone size-full wp-image-2376\" src=\"https:\/\/cercledeconsciencia.com\/wp-content\/uploads\/2024\/06\/icon-check-gestalt.png\" alt=\"\" width=\"30\" height=\"30\" \/>\u00a0 CEESIB: 15% on the annual price<\/strong> for members and friends of CEESIB, for the Balearic Islands.<\/span><\/p>\n<p class=\"p3\"><span style=\"color: #4a4a49;\"><strong><img loading=\"lazy\" decoding=\"async\" class=\"alignnone size-full wp-image-2376\" src=\"https:\/\/cercledeconsciencia.com\/wp-content\/uploads\/2024\/06\/icon-check-gestalt.png\" alt=\"\" width=\"30\" height=\"30\" \/>\u00a0 Social Area: own aid programme<\/strong> to people with limited financial resources.<\/span><\/p>\n<p style=\"color: #4a4a49;\"><strong><img loading=\"lazy\" decoding=\"async\" class=\"alignnone size-full wp-image-2376\" src=\"https:\/\/cercledeconsciencia.com\/wp-content\/uploads\/2024\/06\/icon-check-gestalt.png\" alt=\"\" width=\"30\" height=\"30\" \/>\u00a0 Alumni Programme: \u20ac0 registration fee,<\/strong> for people who have completed other training courses in the last three years.<\/p>\n\n\t\t<\/div>\n\t<\/div>\n<\/div><\/div><\/div><\/div><div class=\"vc_empty_space\"   style=\"height: 100px\"><span class=\"vc_empty_space_inner\"><\/span><\/div><\/div><\/div><\/div><\/div><\/div><\/div><div class=\"edgtf-row-grid-section-wrapper\"  ><div class=\"edgtf-row-grid-section\"><div id=\"solicita-informacion\" class=\"vc_row wpb_row vc_row-fluid\" ><div class=\"wpb_column vc_column_container vc_col-sm-12\"><div class=\"vc_column-inner\"><div class=\"wpb_wrapper\"><div class=\"vc_empty_space\"   style=\"height: 100px\"><span class=\"vc_empty_space_inner\"><\/span><\/div>\n\t<div class=\"wpb_text_column wpb_content_element\" >\n\t\t<div class=\"wpb_wrapper\">\n\t\t\t<h2 class=\"font-open\" style=\"color: #007f6a;\">Request more information about the Integrative Transpersonal Training<\/h2>\n\n\t\t<\/div>\n\t<\/div>\n\n\t<div class=\"wpb_text_column wpb_content_element\" >\n\t\t<div class=\"wpb_wrapper\">\n\t\t\t<p>Complete the form and receive the dossier with detailed information in PDF format.<\/p>\n\n\t\t<\/div>\n\t<\/div>\n<div class=\"vc_empty_space\"   style=\"height: 50px\"><span class=\"vc_empty_space_inner\"><\/span><\/div>\n<div class=\"wpcf7 no-js\" id=\"wpcf7-f3991-o1\" lang=\"es-ES\" dir=\"ltr\" data-wpcf7-id=\"3991\">\n<div class=\"screen-reader-response\"><p role=\"status\" aria-live=\"polite\" aria-atomic=\"true\"><\/p> <ul><\/ul><\/div>\n<form action=\"\/en\/wp-json\/wp\/v2\/pages\/3960#wpcf7-f3991-o1\" method=\"post\" class=\"wpcf7-form init\" aria-label=\"Contact form\" novalidate=\"novalidate\" data-status=\"init\" data-trp-original-action=\"\/en\/wp-json\/wp\/v2\/pages\/3960#wpcf7-f3991-o1\">\n<fieldset class=\"hidden-fields-container\"><input type=\"hidden\" name=\"_wpcf7\" value=\"3991\" \/><input type=\"hidden\" name=\"_wpcf7_version\" value=\"6.1.5\" \/><input type=\"hidden\" name=\"_wpcf7_locale\" value=\"es_ES\" \/><input type=\"hidden\" name=\"_wpcf7_unit_tag\" value=\"wpcf7-f3991-o1\" \/><input type=\"hidden\" name=\"_wpcf7_container_post\" value=\"0\" \/><input type=\"hidden\" name=\"_wpcf7_posted_data_hash\" value=\"\" \/>\n<\/fieldset>\n<div class=\"form-gestalt\">\n\t<div class=\"edgtf-grid-row\">\n\t\t<div class=\"edgtf-grid-col-12\">\n\t\t\t<p><span id=\"wpcf7-69ee8b271d162-wrapper\" class=\"wpcf7-form-control-wrap honeypot-field-wrap\" style=\"display:none !important; visibility:hidden !important;\"><label for=\"wpcf7-69ee8b271d162-field\" class=\"hp-message\">Please leave this field empty.<\/label><input id=\"wpcf7-69ee8b271d162-field\"  class=\"wpcf7-form-control wpcf7-text\" type=\"text\" name=\"honeypot-field\" value=\"\" size=\"40\" tabindex=\"-1\" autocomplete=\"new-password\" \/><\/span>\n\t\t\t<\/p>\n\t\t<\/div>\n\t<\/div>\n\t<div class=\"edgtf-grid-row\">\n\t\t<div class=\"edgtf-grid-col-4\">\n\t\t\t<p><label> Name<br \/>\n<span class=\"wpcf7-form-control-wrap\" data-name=\"your-name\"><input size=\"40\" maxlength=\"400\" class=\"wpcf7-form-control wpcf7-text wpcf7-validates-as-required\" autocomplete=\"name\" aria-required=\"true\" aria-invalid=\"false\" value=\"\" type=\"text\" name=\"your-name\" \/><\/span> <\/label>\n\t\t\t<\/p>\n\t\t<\/div>\n\t\t<div class=\"edgtf-grid-col-4\">\n\t\t\t<p><label> Telephone<br \/>\n<span class=\"wpcf7-form-control-wrap\" data-name=\"your-phone\"><input size=\"40\" maxlength=\"400\" class=\"wpcf7-form-control wpcf7-text wpcf7-validates-as-required\" autocomplete=\"name\" aria-required=\"true\" aria-invalid=\"false\" value=\"\" type=\"text\" name=\"your-phone\" \/><\/span> <\/label>\n\t\t\t<\/p>\n\t\t<\/div>\n\t\t<div class=\"edgtf-grid-col-4\">\n\t\t\t<p><label> Mail<br \/>\n<span class=\"wpcf7-form-control-wrap\" data-name=\"your-email\"><input size=\"40\" maxlength=\"400\" class=\"wpcf7-form-control wpcf7-email wpcf7-validates-as-required wpcf7-text wpcf7-validates-as-email\" autocomplete=\"email\" aria-required=\"true\" aria-invalid=\"false\" value=\"\" type=\"email\" name=\"your-email\" \/><\/span> <\/label>\n\t\t\t<\/p>\n\t\t<\/div>\n\t<\/div>\n\t<div class=\"edgtf-grid-row\">\n\t\t<div class=\"edgtf-grid-col-12\">\n\t\t\t<p>I would like information for the headquarters of:\n\t\t\t<\/p>\n\t\t<\/div>\n\t<\/div>\n\t<div class=\"edgtf-grid-row pt-4\">\n\t\t<div class=\"edgtf-grid-col-2\">\n\t\t\t<p><span class=\"wpcf7-form-control-wrap\" data-name=\"sede1\"><span class=\"wpcf7-form-control wpcf7-checkbox mycheck2\"><span class=\"wpcf7-list-item first last\"><input type=\"checkbox\" name=\"sede1[]\" value=\"Barcelona\" \/><span class=\"wpcf7-list-item-label\">Barcelona<\/span><\/span><\/span><\/span>\n\t\t\t<\/p>\n\t\t<\/div>\n\t\t<div class=\"edgtf-grid-col-2\">\n\t\t\t<p><span class=\"wpcf7-form-control-wrap\" data-name=\"sede2\"><span class=\"wpcf7-form-control wpcf7-checkbox mycheck2\"><span class=\"wpcf7-list-item first last\"><input type=\"checkbox\" name=\"sede2[]\" value=\"Ibiza\" \/><span class=\"wpcf7-list-item-label\">Ibiza<\/span><\/span><\/span><\/span>\n\t\t\t<\/p>\n\t\t<\/div>\n\t\t<div class=\"edgtf-grid-col-2\">\n\t\t\t<p><span class=\"wpcf7-form-control-wrap\" data-name=\"sede3\"><span class=\"wpcf7-form-control wpcf7-checkbox mycheck2\"><span class=\"wpcf7-list-item first last\"><input type=\"checkbox\" name=\"sede3[]\" value=\"Mallorca\" \/><span class=\"wpcf7-list-item-label\">Mallorca<\/span><\/span><\/span><\/span>\n\t\t\t<\/p>\n\t\t<\/div>\n\t\t<div class=\"edgtf-grid-col-2\">\n\t\t\t<p><span class=\"wpcf7-form-control-wrap\" data-name=\"sede4\"><span class=\"wpcf7-form-control wpcf7-checkbox mycheck2\"><span class=\"wpcf7-list-item first last\"><input type=\"checkbox\" name=\"sede4[]\" value=\"Tarragona\" \/><span class=\"wpcf7-list-item-label\">Tarragona<\/span><\/span><\/span><\/span>\n\t\t\t<\/p>\n\t\t<\/div>\n\t\t<div class=\"edgtf-grid-col-2\">\n\t\t\t<p><span class=\"wpcf7-form-control-wrap\" data-name=\"sede5\"><span class=\"wpcf7-form-control wpcf7-checkbox mycheck2\"><span class=\"wpcf7-list-item first last\"><input type=\"checkbox\" name=\"sede5[]\" value=\"Madrid\" \/><span class=\"wpcf7-list-item-label\">Madrid<\/span><\/span><\/span><\/span>\n\t\t\t<\/p>\n\t\t<\/div>\n\t<\/div>\n\t<div class=\"edgtf-grid-row\">\n\t\t<div class=\"edgtf-grid-col-12 text-right\">\n\t\t\t<p><input class=\"wpcf7-form-control wpcf7-submit has-spinner\" type=\"submit\" value=\"Send\" \/>\n\t\t\t<\/p>\n\t\t<\/div>\n\t<\/div>\n<\/div><p style=\"display: none !important;\" class=\"akismet-fields-container\" data-prefix=\"_wpcf7_ak_\"><label>&#916;<textarea name=\"_wpcf7_ak_hp_textarea\" cols=\"45\" rows=\"8\" maxlength=\"100\"><\/textarea><\/label><input type=\"hidden\" id=\"ak_js_1\" name=\"_wpcf7_ak_js\" value=\"74\"\/><script>document.getElementById( \"ak_js_1\" ).setAttribute( \"value\", ( new Date() ).getTime() );<\/script><\/p><input type='hidden' class='wpcf7-pum' value='{\"closepopup\":false,\"closedelay\":0,\"openpopup\":false,\"openpopup_id\":0}' \/><div class=\"wpcf7-response-output\" aria-hidden=\"true\"><\/div>\n<input type=\"hidden\" name=\"trp-form-language\" value=\"en\"\/><\/form>\n<\/div>\n<\/div><\/div><\/div><\/div><\/div><\/div><div data-vc-full-width=\"true\" data-vc-full-width-init=\"false\" data-vc-stretch-content=\"true\" class=\"vc_row wpb_row vc_row-fluid bg-gestalt vc_custom_1717682729150 vc_row-no-padding\" ><div class=\"wpb_column vc_column_container vc_col-sm-12\"><div class=\"vc_column-inner vc_custom_1699443883622\"><div class=\"wpb_wrapper\"><div class=\"vc_row wpb_row vc_inner vc_row-fluid vc_custom_1699304517452\" ><div class=\"borderlb-white wpb_column vc_column_container vc_col-sm-12\"><div class=\"vc_column-inner vc_custom_1699443840756\"><div class=\"wpb_wrapper\"><div class=\"vc_empty_space\"   style=\"height: 100px\"><span class=\"vc_empty_space_inner\"><\/span><\/div><\/div><\/div><\/div><\/div><div class=\"vc_empty_space\"   style=\"height: 20px\"><span class=\"vc_empty_space_inner\"><\/span><\/div><\/div><\/div><\/div><\/div><div class=\"vc_row-full-width vc_clearfix\"><\/div><div data-vc-full-width=\"true\" data-vc-full-width-init=\"false\" class=\"vc_row wpb_row vc_row-fluid bg-gestalt\" ><div class=\"wpb_column vc_column_container vc_col-sm-12\"><div class=\"vc_column-inner\"><div class=\"wpb_wrapper\"><div class=\"vc_empty_space\"   style=\"height: 60px\"><span class=\"vc_empty_space_inner\"><\/span><\/div><div class=\"edgtf-row-grid-section-wrapper\" ><div class=\"edgtf-row-grid-section\"><div class=\"vc_row wpb_row vc_inner vc_row-fluid\" ><div class=\"wpb_column vc_column_container vc_col-sm-3\"><div class=\"vc_column-inner\"><div class=\"wpb_wrapper\">\n\t<div  class=\"wpb_single_image wpb_content_element vc_align_center\">\n\t\t\n\t\t<figure class=\"wpb_wrapper vc_figure\">\n\t\t\t<div class=\"vc_single_image-wrapper   vc_box_border_grey\"><img loading=\"lazy\" decoding=\"async\" width=\"96\" height=\"93\" src=\"https:\/\/cercledeconsciencia.com\/wp-content\/uploads\/2023\/12\/icon-avalado-1.png\" class=\"vc_single_image-img attachment-full\" alt=\"\" title=\"icon-validated\" \/><\/div>\n\t\t<\/figure>\n\t<\/div>\n\n\t<div class=\"wpb_text_column wpb_content_element\" >\n\t\t<div class=\"wpb_wrapper\">\n\t\t\t<p style=\"text-align: center; font-size: 16px; line-height: 18px;\"><span style=\"color: #ffffff;\">ENDORSED TRAINING <\/span><br \/>\n<span style=\"color: #ffffff;\">BY <strong>CLAUDIO NARANJO<\/strong><\/span><\/p>\n\n\t\t<\/div>\n\t<\/div>\n<div class=\"vc_empty_space\"   style=\"height: 30px\"><span class=\"vc_empty_space_inner\"><\/span><\/div><\/div><\/div><\/div><div class=\"wpb_column vc_column_container vc_col-sm-3\"><div class=\"vc_column-inner\"><div class=\"wpb_wrapper\">\n\t<div  class=\"wpb_single_image wpb_content_element vc_align_center\">\n\t\t\n\t\t<figure class=\"wpb_wrapper vc_figure\">\n\t\t\t<div class=\"vc_single_image-wrapper   vc_box_border_grey\"><img loading=\"lazy\" decoding=\"async\" width=\"96\" height=\"93\" src=\"https:\/\/cercledeconsciencia.com\/wp-content\/uploads\/2024\/01\/icon-certificado.png\" class=\"vc_single_image-img attachment-full\" alt=\"\" title=\"icon-certificate\" \/><\/div>\n\t\t<\/figure>\n\t<\/div>\n\n\t<div class=\"wpb_text_column wpb_content_element\" >\n\t\t<div class=\"wpb_wrapper\">\n\t\t\t<p style=\"text-align: center; font-size: 16px; line-height: 18px;\"><span style=\"color: #ffffff;\">CONTENTS<br \/>\n<strong>UPDATED<\/strong><\/span><\/p>\n\n\t\t<\/div>\n\t<\/div>\n<div class=\"vc_empty_space\"   style=\"height: 30px\"><span class=\"vc_empty_space_inner\"><\/span><\/div><\/div><\/div><\/div><div class=\"wpb_column vc_column_container vc_col-sm-3\"><div class=\"vc_column-inner\"><div class=\"wpb_wrapper\">\n\t<div  class=\"wpb_single_image wpb_content_element vc_align_center\">\n\t\t\n\t\t<figure class=\"wpb_wrapper vc_figure\">\n\t\t\t<div class=\"vc_single_image-wrapper   vc_box_border_grey\"><img loading=\"lazy\" decoding=\"async\" width=\"96\" height=\"93\" src=\"https:\/\/cercledeconsciencia.com\/wp-content\/uploads\/2024\/01\/icon-estrella.png\" class=\"vc_single_image-img attachment-full\" alt=\"\" title=\"icon-star\" \/><\/div>\n\t\t<\/figure>\n\t<\/div>\n\n\t<div class=\"wpb_text_column wpb_content_element\" >\n\t\t<div class=\"wpb_wrapper\">\n\t\t\t<p style=\"text-align: center; font-size: 16px; line-height: 18px;\"><span style=\"color: #ffffff;\"><strong>EXCELLENCE<\/strong><br \/>\nTRAINING<\/span><\/p>\n\n\t\t<\/div>\n\t<\/div>\n<div class=\"vc_empty_space\"   style=\"height: 30px\"><span class=\"vc_empty_space_inner\"><\/span><\/div><\/div><\/div><\/div><div class=\"wpb_column vc_column_container vc_col-sm-3\"><div class=\"vc_column-inner\"><div class=\"wpb_wrapper\">\n\t<div  class=\"wpb_single_image wpb_content_element vc_align_center\">\n\t\t\n\t\t<figure class=\"wpb_wrapper vc_figure\">\n\t\t\t<div class=\"vc_single_image-wrapper   vc_box_border_grey\"><img loading=\"lazy\" decoding=\"async\" width=\"96\" height=\"93\" src=\"https:\/\/cercledeconsciencia.com\/wp-content\/uploads\/2024\/01\/icon-educacion.png\" class=\"vc_single_image-img attachment-full\" alt=\"\" title=\"icon-education\" \/><\/div>\n\t\t<\/figure>\n\t<\/div>\n\n\t<div class=\"wpb_text_column wpb_content_element\" >\n\t\t<div class=\"wpb_wrapper\">\n\t\t\t<p style=\"text-align: center; font-size: 16px; line-height: 18px;\"><span style=\"color: #ffffff;\">OVER <strong>20.000<\/strong><br \/>\nPUPILS <strong>GRADUATES<\/strong><\/span><\/p>\n\n\t\t<\/div>\n\t<\/div>\n<div class=\"vc_empty_space\"   style=\"height: 30px\"><span class=\"vc_empty_space_inner\"><\/span><\/div><\/div><\/div><\/div><\/div><\/div><\/div><div class=\"vc_empty_space\"   style=\"height: 50px\"><span class=\"vc_empty_space_inner\"><\/span><\/div><\/div><\/div><\/div><\/div><div class=\"vc_row-full-width vc_clearfix\"><\/div><div class=\"edgtf-row-grid-section-wrapper\"  ><div class=\"edgtf-row-grid-section\"><div class=\"vc_row wpb_row vc_row-fluid\" ><div class=\"wpb_column vc_column_container vc_col-sm-12\"><div class=\"vc_column-inner\"><div class=\"wpb_wrapper\"><div class=\"vc_empty_space\"   style=\"height: 50px\"><span class=\"vc_empty_space_inner\"><\/span><\/div>\n\t<div class=\"wpb_text_column wpb_content_element\" >\n\t\t<div class=\"wpb_wrapper\">\n\t\t\t<p class=\"title-h5\">Find out real opinions about the <span style=\"color: #007f6a;\"><strong><span class=\"s1\">TGI training<\/span><\/strong><\/span><\/p>\n<p class=\"p2\">Read testimonials from people who have gone through our Integrative Gestalt Therapy Training. All opinions have been collected from our social networks or internal archives and can be verified.<\/p>\n\n\t\t<\/div>\n\t<\/div>\n<div class=\"vc_empty_space\"   style=\"height: 50px\"><span class=\"vc_empty_space_inner\"><\/span><\/div><div class=\"vc_separator wpb_content_element vc_separator_align_center vc_sep_width_100 vc_sep_border_width_2 vc_sep_pos_align_center vc_separator_no_text\" ><span class=\"vc_sep_holder vc_sep_holder_l\"><span  style=\"border-color:#007f6a;\" class=\"vc_sep_line\"><\/span><\/span><span class=\"vc_sep_holder vc_sep_holder_r\"><span  style=\"border-color:#007f6a;\" class=\"vc_sep_line\"><\/span><\/span>\n<\/div><div class=\"vc_empty_space\"   style=\"height: 50px\"><span class=\"vc_empty_space_inner\"><\/span><\/div><div class=\"vc_row wpb_row vc_inner vc_row-fluid vc_column-gap-20\" ><div class=\"wpb_column vc_column_container vc_col-sm-4\"><div class=\"vc_column-inner\"><div class=\"wpb_wrapper\">\n\t<div class=\"wpb_text_column wpb_content_element\" >\n\t\t<div class=\"wpb_wrapper\">\n\t\t\t<div style=\"float: right;\"><img loading=\"lazy\" decoding=\"async\" class=\"alignnone wp-image-2394\" src=\"https:\/\/cercledeconsciencia.com\/wp-content\/uploads\/2023\/12\/icon-estrella.png\" alt=\"\" width=\"16\" height=\"16\" \/><img loading=\"lazy\" decoding=\"async\" class=\"alignnone wp-image-2394\" src=\"https:\/\/cercledeconsciencia.com\/wp-content\/uploads\/2023\/12\/icon-estrella.png\" alt=\"\" width=\"16\" height=\"16\" \/><img loading=\"lazy\" decoding=\"async\" class=\"alignnone wp-image-2394\" src=\"https:\/\/cercledeconsciencia.com\/wp-content\/uploads\/2023\/12\/icon-estrella.png\" alt=\"\" width=\"16\" height=\"16\" \/><img loading=\"lazy\" decoding=\"async\" class=\"alignnone wp-image-2394\" src=\"https:\/\/cercledeconsciencia.com\/wp-content\/uploads\/2023\/12\/icon-estrella.png\" alt=\"\" width=\"16\" height=\"16\" \/><img loading=\"lazy\" decoding=\"async\" class=\"alignnone wp-image-2394\" src=\"https:\/\/cercledeconsciencia.com\/wp-content\/uploads\/2023\/12\/icon-estrella.png\" alt=\"\" width=\"16\" height=\"16\" \/><\/div>\n<p style=\"font-size: 13px;\"><strong>Gabriela G\u00a0<\/strong><\/p>\n\n\t\t<\/div>\n\t<\/div>\n<div class=\"vc_separator wpb_content_element vc_separator_align_center vc_sep_width_100 vc_sep_pos_align_center vc_separator_no_text\" ><span class=\"vc_sep_holder vc_sep_holder_l\"><span  style=\"border-color:#4a4a49;\" class=\"vc_sep_line\"><\/span><\/span><span class=\"vc_sep_holder vc_sep_holder_r\"><span  style=\"border-color:#4a4a49;\" class=\"vc_sep_line\"><\/span><\/span>\n<\/div>\n\t<div class=\"wpb_text_column wpb_content_element\" >\n\t\t<div class=\"wpb_wrapper\">\n\t\t\t<p style=\"text-align: left; font-size: 12px;\">The treasures I have found in the training: the people who have given me the chance to look at myself, to look at what is genuine, to listen to myself and to take responsibility for myself. Presence, sharing, not expecting anything in return, being able to take off my character without being judged without the incisive gaze.<\/p>\n\n\t\t<\/div>\n\t<\/div>\n<div class=\"vc_separator wpb_content_element vc_separator_align_center vc_sep_width_100 vc_sep_pos_align_center vc_separator_no_text\" ><span class=\"vc_sep_holder vc_sep_holder_l\"><span  style=\"border-color:#4a4a49;\" class=\"vc_sep_line\"><\/span><\/span><span class=\"vc_sep_holder vc_sep_holder_r\"><span  style=\"border-color:#4a4a49;\" class=\"vc_sep_line\"><\/span><\/span>\n<\/div>\n\t<div class=\"wpb_text_column wpb_content_element\" >\n\t\t<div class=\"wpb_wrapper\">\n\t\t\t<p style=\"text-align: left; font-size: 12px;\"><span style=\"color: #007f6a;\"><strong>FGI student<\/strong><\/span><br \/>\n(opinion on Instagram)<\/p>\n\n\t\t<\/div>\n\t<\/div>\n<\/div><\/div><\/div><div class=\"wpb_column vc_column_container vc_col-sm-4\"><div class=\"vc_column-inner\"><div class=\"wpb_wrapper\">\n\t<div class=\"wpb_text_column wpb_content_element\" >\n\t\t<div class=\"wpb_wrapper\">\n\t\t\t<div style=\"float: right;\"><img loading=\"lazy\" decoding=\"async\" class=\"alignnone wp-image-2394\" src=\"https:\/\/cercledeconsciencia.com\/wp-content\/uploads\/2023\/12\/icon-estrella.png\" alt=\"\" width=\"16\" height=\"16\" \/><img loading=\"lazy\" decoding=\"async\" class=\"alignnone wp-image-2394\" src=\"https:\/\/cercledeconsciencia.com\/wp-content\/uploads\/2023\/12\/icon-estrella.png\" alt=\"\" width=\"16\" height=\"16\" \/><img loading=\"lazy\" decoding=\"async\" class=\"alignnone wp-image-2394\" src=\"https:\/\/cercledeconsciencia.com\/wp-content\/uploads\/2023\/12\/icon-estrella.png\" alt=\"\" width=\"16\" height=\"16\" \/><img loading=\"lazy\" decoding=\"async\" class=\"alignnone wp-image-2394\" src=\"https:\/\/cercledeconsciencia.com\/wp-content\/uploads\/2023\/12\/icon-estrella.png\" alt=\"\" width=\"16\" height=\"16\" \/><img loading=\"lazy\" decoding=\"async\" class=\"alignnone wp-image-2394\" src=\"https:\/\/cercledeconsciencia.com\/wp-content\/uploads\/2023\/12\/icon-estrella.png\" alt=\"\" width=\"16\" height=\"16\" \/><\/div>\n<p style=\"font-size: 13px;\"><strong>Aina C\u00a0<\/strong><\/p>\n\n\t\t<\/div>\n\t<\/div>\n<div class=\"vc_separator wpb_content_element vc_separator_align_center vc_sep_width_100 vc_sep_pos_align_center vc_separator_no_text\" ><span class=\"vc_sep_holder vc_sep_holder_l\"><span  style=\"border-color:#4a4a49;\" class=\"vc_sep_line\"><\/span><\/span><span class=\"vc_sep_holder vc_sep_holder_r\"><span  style=\"border-color:#4a4a49;\" class=\"vc_sep_line\"><\/span><\/span>\n<\/div>\n\t<div class=\"wpb_text_column wpb_content_element\" >\n\t\t<div class=\"wpb_wrapper\">\n\t\t\t<p style=\"text-align: left; font-size: 12px;\">What a break to let me see myself as I am! To let me see myself with my strength, with my pride, with my rage, with all that I was hiding in the back room.<br \/>\nIt gave me permission to be, to be me in all my facets and to feel seen, to feel loved with what I am, not with what I try to pretend to be.<\/p>\n\n\t\t<\/div>\n\t<\/div>\n<div class=\"vc_empty_space\"   style=\"height: 10px\"><span class=\"vc_empty_space_inner\"><\/span><\/div><div class=\"vc_separator wpb_content_element vc_separator_align_center vc_sep_width_100 vc_sep_pos_align_center vc_separator_no_text\" ><span class=\"vc_sep_holder vc_sep_holder_l\"><span  style=\"border-color:#4a4a49;\" class=\"vc_sep_line\"><\/span><\/span><span class=\"vc_sep_holder vc_sep_holder_r\"><span  style=\"border-color:#4a4a49;\" class=\"vc_sep_line\"><\/span><\/span>\n<\/div>\n\t<div class=\"wpb_text_column wpb_content_element\" >\n\t\t<div class=\"wpb_wrapper\">\n\t\t\t<p style=\"text-align: left; font-size: 12px;\"><span style=\"color: #007f6a;\"><strong>FGI student <\/strong><\/span><br \/>\n(opinion on Instagram)<\/p>\n\n\t\t<\/div>\n\t<\/div>\n<\/div><\/div><\/div><div class=\"wpb_column vc_column_container vc_col-sm-4\"><div class=\"vc_column-inner\"><div class=\"wpb_wrapper\">\n\t<div class=\"wpb_text_column wpb_content_element\" >\n\t\t<div class=\"wpb_wrapper\">\n\t\t\t<div style=\"float: right;\"><img loading=\"lazy\" decoding=\"async\" class=\"alignnone wp-image-2394\" src=\"https:\/\/cercledeconsciencia.com\/wp-content\/uploads\/2023\/12\/icon-estrella.png\" alt=\"\" width=\"16\" height=\"16\" \/><img loading=\"lazy\" decoding=\"async\" class=\"alignnone wp-image-2394\" src=\"https:\/\/cercledeconsciencia.com\/wp-content\/uploads\/2023\/12\/icon-estrella.png\" alt=\"\" width=\"16\" height=\"16\" \/><img loading=\"lazy\" decoding=\"async\" class=\"alignnone wp-image-2394\" src=\"https:\/\/cercledeconsciencia.com\/wp-content\/uploads\/2023\/12\/icon-estrella.png\" alt=\"\" width=\"16\" height=\"16\" \/><img loading=\"lazy\" decoding=\"async\" class=\"alignnone wp-image-2394\" src=\"https:\/\/cercledeconsciencia.com\/wp-content\/uploads\/2023\/12\/icon-estrella.png\" alt=\"\" width=\"16\" height=\"16\" \/><img loading=\"lazy\" decoding=\"async\" class=\"alignnone wp-image-2394\" src=\"https:\/\/cercledeconsciencia.com\/wp-content\/uploads\/2023\/12\/icon-estrella.png\" alt=\"\" width=\"16\" height=\"16\" \/><\/div>\n<p style=\"font-size: 13px;\"><strong>Daniela S<\/strong><\/p>\n\n\t\t<\/div>\n\t<\/div>\n<div class=\"vc_separator wpb_content_element vc_separator_align_center vc_sep_width_100 vc_sep_pos_align_center vc_separator_no_text\" ><span class=\"vc_sep_holder vc_sep_holder_l\"><span  style=\"border-color:#4a4a49;\" class=\"vc_sep_line\"><\/span><\/span><span class=\"vc_sep_holder vc_sep_holder_r\"><span  style=\"border-color:#4a4a49;\" class=\"vc_sep_line\"><\/span><\/span>\n<\/div>\n\t<div class=\"wpb_text_column wpb_content_element\" >\n\t\t<div class=\"wpb_wrapper\">\n\t\t\t<p style=\"text-align: left; font-size: 12px;\">Personally, I was very disconnected from myself. I lived with little awareness of my problems. When I approached Gestalt it meant a before and an after. The impact of what this training has meant has changed my life. It has revolutionised me internally.<\/p>\n\n\t\t<\/div>\n\t<\/div>\n<div class=\"vc_empty_space\"   style=\"height: 10px\"><span class=\"vc_empty_space_inner\"><\/span><\/div><div class=\"vc_separator wpb_content_element vc_separator_align_center vc_sep_width_100 vc_sep_pos_align_center vc_separator_no_text\" ><span class=\"vc_sep_holder vc_sep_holder_l\"><span  style=\"border-color:#4a4a49;\" class=\"vc_sep_line\"><\/span><\/span><span class=\"vc_sep_holder vc_sep_holder_r\"><span  style=\"border-color:#4a4a49;\" class=\"vc_sep_line\"><\/span><\/span>\n<\/div>\n\t<div class=\"wpb_text_column wpb_content_element\" >\n\t\t<div class=\"wpb_wrapper\">\n\t\t\t<p style=\"text-align: left; font-size: 12px;\"><span style=\"color: #007f6a;\"><strong>FGI student<\/strong><\/span><br \/>\n(opinion on Instagram)<\/p>\n\n\t\t<\/div>\n\t<\/div>\n<\/div><\/div><\/div><\/div><\/div><\/div><\/div><\/div><\/div><\/div><div class=\"vc_row wpb_row vc_row-fluid\" ><div class=\"wpb_column vc_column_container vc_col-sm-12\"><div class=\"vc_column-inner\"><div class=\"wpb_wrapper\"><div class=\"vc_empty_space\"   style=\"height: 50px\"><span class=\"vc_empty_space_inner\"><\/span><\/div><\/div><\/div><\/div><\/div>","protected":false},"excerpt":{"rendered":"Formaci\u00f3n Gestalt Integrativa Formaci\u00f3n Gestalt Integrativa Barcelona \u00b7 Ibiza \u00b7 INICIO: OCTUBRE 2026 \u00b7 Desde Cercle Gestalt, proponemos una formaci\u00f3n en Acompa\u00f1amiento y T\u00e9cnicas gest\u00e1lticas (Terapia Gestalt) avalada por la [...]","protected":false},"author":1,"featured_media":0,"parent":0,"menu_order":0,"comment_status":"closed","ping_status":"closed","template":"full-width.php","meta":{"footnotes":""},"class_list":["post-3960","page","type-page","status-publish","hentry"],"yoast_head":"<!-- This site is optimized with the Yoast SEO plugin v27.4 - https:\/\/yoast.com\/product\/yoast-seo-wordpress\/ -->\n<title>Formaci\u00f3n en Gestalt Integrativa FGI - Barcelona e Ibiza<\/title>\n<meta name=\"description\" content=\"Formaci\u00f3n Gestalt Integrativa (FGI). Sum\u00e9rgete en la experiencia Gestalt. Consulta nuestro programa formativo, enfoque y metodolog\u00eda. Varias ciudades de Espa\u00f1a: Barcelona, Ibiza.\" \/>\n<meta name=\"robots\" content=\"index, follow, max-snippet:-1, max-image-preview:large, max-video-preview:-1\" \/>\n<link rel=\"canonical\" href=\"https:\/\/cercledeconsciencia.com\/en\/integrative-gestalt-training\/\" \/>\n<meta property=\"og:locale\" content=\"en_GB\" \/>\n<meta property=\"og:type\" content=\"article\" \/>\n<meta property=\"og:title\" content=\"Formaci\u00f3n en Gestalt Integrativa FGI - Barcelona e Ibiza\" \/>\n<meta property=\"og:description\" content=\"Formaci\u00f3n Gestalt Integrativa (FGI). Sum\u00e9rgete en la experiencia Gestalt. Consulta nuestro programa formativo, enfoque y metodolog\u00eda. Varias ciudades de Espa\u00f1a: Barcelona, Ibiza.\" \/>\n<meta property=\"og:url\" content=\"https:\/\/cercledeconsciencia.com\/en\/integrative-gestalt-training\/\" \/>\n<meta property=\"og:site_name\" content=\"Cercle de Consci\u00e8ncia\" \/>\n<meta property=\"article:publisher\" content=\"https:\/\/www.facebook.com\/Cercledeconscienciabarcelona?_rdr\" \/>\n<meta property=\"article:modified_time\" content=\"2026-03-27T16:02:54+00:00\" \/>\n<meta property=\"og:image\" content=\"https:\/\/cercledeconsciencia.com\/wp-content\/uploads\/2024\/06\/icon-check-gestalt.png\" \/>\n<meta name=\"twitter:card\" content=\"summary_large_image\" \/>\n<meta name=\"twitter:label1\" content=\"Estimated reading time\" \/>\n\t<meta name=\"twitter:data1\" content=\"16 minutes\" \/>\n<script type=\"application\/ld+json\" class=\"yoast-schema-graph\">{\"@context\":\"https:\\\/\\\/schema.org\",\"@graph\":[{\"@type\":\"WebPage\",\"@id\":\"https:\\\/\\\/cercledeconsciencia.com\\\/formacion-gestalt-integrativa\\\/\",\"url\":\"https:\\\/\\\/cercledeconsciencia.com\\\/formacion-gestalt-integrativa\\\/\",\"name\":\"Formaci\u00f3n en Gestalt Integrativa FGI - Barcelona e Ibiza\",\"isPartOf\":{\"@id\":\"https:\\\/\\\/cercledeconsciencia.com\\\/#website\"},\"primaryImageOfPage\":{\"@id\":\"https:\\\/\\\/cercledeconsciencia.com\\\/formacion-gestalt-integrativa\\\/#primaryimage\"},\"image\":{\"@id\":\"https:\\\/\\\/cercledeconsciencia.com\\\/formacion-gestalt-integrativa\\\/#primaryimage\"},\"thumbnailUrl\":\"https:\\\/\\\/cercledeconsciencia.com\\\/wp-content\\\/uploads\\\/2024\\\/06\\\/icon-check-gestalt.png\",\"datePublished\":\"2024-06-06T13:08:38+00:00\",\"dateModified\":\"2026-03-27T16:02:54+00:00\",\"description\":\"Formaci\u00f3n Gestalt Integrativa (FGI). Sum\u00e9rgete en la experiencia Gestalt. Consulta nuestro programa formativo, enfoque y metodolog\u00eda. Varias ciudades de Espa\u00f1a: Barcelona, Ibiza.\",\"breadcrumb\":{\"@id\":\"https:\\\/\\\/cercledeconsciencia.com\\\/formacion-gestalt-integrativa\\\/#breadcrumb\"},\"inLanguage\":\"en-GB\",\"potentialAction\":[{\"@type\":\"ReadAction\",\"target\":[\"https:\\\/\\\/cercledeconsciencia.com\\\/formacion-gestalt-integrativa\\\/\"]}]},{\"@type\":\"ImageObject\",\"inLanguage\":\"en-GB\",\"@id\":\"https:\\\/\\\/cercledeconsciencia.com\\\/formacion-gestalt-integrativa\\\/#primaryimage\",\"url\":\"https:\\\/\\\/cercledeconsciencia.com\\\/wp-content\\\/uploads\\\/2024\\\/06\\\/icon-check-gestalt.png\",\"contentUrl\":\"https:\\\/\\\/cercledeconsciencia.com\\\/wp-content\\\/uploads\\\/2024\\\/06\\\/icon-check-gestalt.png\"},{\"@type\":\"BreadcrumbList\",\"@id\":\"https:\\\/\\\/cercledeconsciencia.com\\\/formacion-gestalt-integrativa\\\/#breadcrumb\",\"itemListElement\":[{\"@type\":\"ListItem\",\"position\":1,\"name\":\"Portada\",\"item\":\"https:\\\/\\\/cercledeconsciencia.com\\\/\"},{\"@type\":\"ListItem\",\"position\":2,\"name\":\"Formaci\u00f3n Gestalt Integrativa\"}]},{\"@type\":\"WebSite\",\"@id\":\"https:\\\/\\\/cercledeconsciencia.com\\\/#website\",\"url\":\"https:\\\/\\\/cercledeconsciencia.com\\\/\",\"name\":\"Cercle de Consci\u00e8ncia\",\"description\":\"Centro de Formaci\u00f3n y Terapias\",\"publisher\":{\"@id\":\"https:\\\/\\\/cercledeconsciencia.com\\\/#organization\"},\"potentialAction\":[{\"@type\":\"SearchAction\",\"target\":{\"@type\":\"EntryPoint\",\"urlTemplate\":\"https:\\\/\\\/cercledeconsciencia.com\\\/?s={search_term_string}\"},\"query-input\":{\"@type\":\"PropertyValueSpecification\",\"valueRequired\":true,\"valueName\":\"search_term_string\"}}],\"inLanguage\":\"en-GB\"},{\"@type\":\"Organization\",\"@id\":\"https:\\\/\\\/cercledeconsciencia.com\\\/#organization\",\"name\":\"Cercle de Consci\u00e8ncia\",\"url\":\"https:\\\/\\\/cercledeconsciencia.com\\\/\",\"logo\":{\"@type\":\"ImageObject\",\"inLanguage\":\"en-GB\",\"@id\":\"https:\\\/\\\/cercledeconsciencia.com\\\/#\\\/schema\\\/logo\\\/image\\\/\",\"url\":\"https:\\\/\\\/cercledeconsciencia.com\\\/wp-content\\\/uploads\\\/2023\\\/07\\\/logo.png\",\"contentUrl\":\"https:\\\/\\\/cercledeconsciencia.com\\\/wp-content\\\/uploads\\\/2023\\\/07\\\/logo.png\",\"width\":239,\"height\":68,\"caption\":\"Cercle de Consci\u00e8ncia\"},\"image\":{\"@id\":\"https:\\\/\\\/cercledeconsciencia.com\\\/#\\\/schema\\\/logo\\\/image\\\/\"},\"sameAs\":[\"https:\\\/\\\/www.facebook.com\\\/Cercledeconscienciabarcelona?_rdr\",\"https:\\\/\\\/www.instagram.com\\\/cercledeconsciencia\\\/\",\"https:\\\/\\\/www.youtube.com\\\/c\\\/cercledeconsciencia\"]}]}<\/script>\n<!-- \/ Yoast SEO plugin. -->","yoast_head_json":{"title":"Formaci\u00f3n en Gestalt Integrativa FGI - Barcelona e Ibiza","description":"Integrative Gestalt Training (IGT). Immerse yourself in the Gestalt experience. Consult our training programme, approach and methodology. Various cities in Spain: Barcelona, Ibiza.","robots":{"index":"index","follow":"follow","max-snippet":"max-snippet:-1","max-image-preview":"max-image-preview:large","max-video-preview":"max-video-preview:-1"},"canonical":"https:\/\/cercledeconsciencia.com\/en\/integrative-gestalt-training\/","og_locale":"en_GB","og_type":"article","og_title":"Formaci\u00f3n en Gestalt Integrativa FGI - Barcelona e Ibiza","og_description":"Formaci\u00f3n Gestalt Integrativa (FGI). Sum\u00e9rgete en la experiencia Gestalt. Consulta nuestro programa formativo, enfoque y metodolog\u00eda. Varias ciudades de Espa\u00f1a: Barcelona, Ibiza.","og_url":"https:\/\/cercledeconsciencia.com\/en\/integrative-gestalt-training\/","og_site_name":"Cercle de Consci\u00e8ncia","article_publisher":"https:\/\/www.facebook.com\/Cercledeconscienciabarcelona?_rdr","article_modified_time":"2026-03-27T16:02:54+00:00","og_image":[{"url":"https:\/\/cercledeconsciencia.com\/wp-content\/uploads\/2024\/06\/icon-check-gestalt.png","type":"","width":"","height":""}],"twitter_card":"summary_large_image","twitter_misc":{"Estimated reading time":"16 minutes"},"schema":{"@context":"https:\/\/schema.org","@graph":[{"@type":"WebPage","@id":"https:\/\/cercledeconsciencia.com\/formacion-gestalt-integrativa\/","url":"https:\/\/cercledeconsciencia.com\/formacion-gestalt-integrativa\/","name":"Formaci\u00f3n en Gestalt Integrativa FGI - Barcelona e Ibiza","isPartOf":{"@id":"https:\/\/cercledeconsciencia.com\/#website"},"primaryImageOfPage":{"@id":"https:\/\/cercledeconsciencia.com\/formacion-gestalt-integrativa\/#primaryimage"},"image":{"@id":"https:\/\/cercledeconsciencia.com\/formacion-gestalt-integrativa\/#primaryimage"},"thumbnailUrl":"https:\/\/cercledeconsciencia.com\/wp-content\/uploads\/2024\/06\/icon-check-gestalt.png","datePublished":"2024-06-06T13:08:38+00:00","dateModified":"2026-03-27T16:02:54+00:00","description":"Integrative Gestalt Training (IGT). Immerse yourself in the Gestalt experience. Consult our training programme, approach and methodology. Various cities in Spain: Barcelona, Ibiza.","breadcrumb":{"@id":"https:\/\/cercledeconsciencia.com\/formacion-gestalt-integrativa\/#breadcrumb"},"inLanguage":"en-GB","potentialAction":[{"@type":"ReadAction","target":["https:\/\/cercledeconsciencia.com\/formacion-gestalt-integrativa\/"]}]},{"@type":"ImageObject","inLanguage":"en-GB","@id":"https:\/\/cercledeconsciencia.com\/formacion-gestalt-integrativa\/#primaryimage","url":"https:\/\/cercledeconsciencia.com\/wp-content\/uploads\/2024\/06\/icon-check-gestalt.png","contentUrl":"https:\/\/cercledeconsciencia.com\/wp-content\/uploads\/2024\/06\/icon-check-gestalt.png"},{"@type":"BreadcrumbList","@id":"https:\/\/cercledeconsciencia.com\/formacion-gestalt-integrativa\/#breadcrumb","itemListElement":[{"@type":"ListItem","position":1,"name":"Portada","item":"https:\/\/cercledeconsciencia.com\/"},{"@type":"ListItem","position":2,"name":"Formaci\u00f3n Gestalt Integrativa"}]},{"@type":"WebSite","@id":"https:\/\/cercledeconsciencia.com\/#website","url":"https:\/\/cercledeconsciencia.com\/","name":"Circle of Conscience","description":"Training and Therapy Centre","publisher":{"@id":"https:\/\/cercledeconsciencia.com\/#organization"},"potentialAction":[{"@type":"SearchAction","target":{"@type":"EntryPoint","urlTemplate":"https:\/\/cercledeconsciencia.com\/?s={search_term_string}"},"query-input":{"@type":"PropertyValueSpecification","valueRequired":true,"valueName":"search_term_string"}}],"inLanguage":"en-GB"},{"@type":"Organization","@id":"https:\/\/cercledeconsciencia.com\/#organization","name":"Circle of Conscience","url":"https:\/\/cercledeconsciencia.com\/","logo":{"@type":"ImageObject","inLanguage":"en-GB","@id":"https:\/\/cercledeconsciencia.com\/#\/schema\/logo\/image\/","url":"https:\/\/cercledeconsciencia.com\/wp-content\/uploads\/2023\/07\/logo.png","contentUrl":"https:\/\/cercledeconsciencia.com\/wp-content\/uploads\/2023\/07\/logo.png","width":239,"height":68,"caption":"Cercle de Consci\u00e8ncia"},"image":{"@id":"https:\/\/cercledeconsciencia.com\/#\/schema\/logo\/image\/"},"sameAs":["https:\/\/www.facebook.com\/Cercledeconscienciabarcelona?_rdr","https:\/\/www.instagram.com\/cercledeconsciencia\/","https:\/\/www.youtube.com\/c\/cercledeconsciencia"]}]}},"_links":{"self":[{"href":"https:\/\/cercledeconsciencia.com\/en\/wp-json\/wp\/v2\/pages\/3960","targetHints":{"allow":["GET"]}}],"collection":[{"href":"https:\/\/cercledeconsciencia.com\/en\/wp-json\/wp\/v2\/pages"}],"about":[{"href":"https:\/\/cercledeconsciencia.com\/en\/wp-json\/wp\/v2\/types\/page"}],"author":[{"embeddable":true,"href":"https:\/\/cercledeconsciencia.com\/en\/wp-json\/wp\/v2\/users\/1"}],"replies":[{"embeddable":true,"href":"https:\/\/cercledeconsciencia.com\/en\/wp-json\/wp\/v2\/comments?post=3960"}],"version-history":[{"count":91,"href":"https:\/\/cercledeconsciencia.com\/en\/wp-json\/wp\/v2\/pages\/3960\/revisions"}],"predecessor-version":[{"id":5545,"href":"https:\/\/cercledeconsciencia.com\/en\/wp-json\/wp\/v2\/pages\/3960\/revisions\/5545"}],"wp:attachment":[{"href":"https:\/\/cercledeconsciencia.com\/en\/wp-json\/wp\/v2\/media?parent=3960"}],"curies":[{"name":"wp","href":"https:\/\/api.w.org\/{rel}","templated":true}]}}