{"id":2286,"date":"2023-11-28T11:57:36","date_gmt":"2023-11-28T11:57:36","guid":{"rendered":"https:\/\/cercledeconsciencia.com\/?post_type=mec-events&#038;p=2286"},"modified":"2024-08-16T20:50:22","modified_gmt":"2024-08-16T20:50:22","slug":"en-el-corazon-del-trauma","status":"publish","type":"mec-events","link":"https:\/\/cercledeconsciencia.com\/es\/actividades\/en-el-corazon-del-trauma\/","title":{"rendered":"En el coraz\u00f3n del trauma"},"content":{"rendered":"<p><b>De las estrategias de supervivencia a las experiencias de conexi\u00f3n.<\/b><br \/>\nLos aportes de la neurociencia y el conocimiento de la fisiolog\u00eda en las experiencias traum\u00e1ticas, clarifican y dan una comprensi\u00f3n m\u00e1s cercana de lo que sucede en el cuerpo de las personas, de las necesidades que de estas experiencias surgen y permite un marco de trabajo mucho m\u00e1s preciso para los procesos de desregulaci\u00f3n afectiva y frente a las defensas de supervivencia.<br \/>\nEstos encuentros aportan un espacio te\u00f3rico y vivencial, donde adentrarse en la realidad som\u00e1tica del trauma y proporcionan recursos para la reparaci\u00f3n, resignificaci\u00f3n e integraci\u00f3n de las heridas de apego vividas en la infancia. Una mirada necesaria para los profesionales de ayuda y un espacio de autocuidado para atender lo que en su momento no tuvo el tiempo y el sost\u00e9n necesarios.<\/p>\n<p>10 M\u00d3DULOS \u2013 Incluyen un trabajo de fin de semana residencial<\/p>\n<p>\u25aa Capsula te\u00f3rica a visualizar antes del encuentro<br \/>\n\u25aa Grabaciones de orientaci\u00f3n antes y despu\u00e9s del encuentro<br \/>\n\u25aa Propuesta de seguimiento y tutorizaci\u00f3n por parte del equipo entre encuentros.<\/p>\n<p><b>Fechas:<\/b> Del 26 de septiembre de 2023 al 4 de junio de 2024 \/ Grupo de ma\u00f1anas de 10h a 13h y grupo de tardes de 18h a 21h.<\/p>\n<p>26 de septiembre \u2013 El Sistema Nervioso y el Trauma.<br \/>\n3 de octubre \u2013 Modelo de Exploraci\u00f3n Som\u00e1tica.<br \/>\n7 de noviembre \u2013 Principios de regulaci\u00f3n.<br \/>\n12 de diciembre \u2013 Regulaci\u00f3n de los patrones de supervivencia.<br \/>\n9 de enero \u2013 La seguridad y la presencia.<br \/>\n6 de febrero \u2013 Los ritmos naturales y el temblor.<br \/>\n5 de marzo \u2013 T\u00e9cnicas y estrategias para terapeutas.<br \/>\n2 de abril \u2013 La inteligencia y la sabidur\u00eda del Trauma.<br \/>\n10-12 de mayo \u2013 Renacimiento y Trauma (residencial Can Gensana).<br \/>\n4 de junio \u2013 Integraci\u00f3n y cierre.<\/p>\n<p><b>Imparte:<\/b> Jes\u00fas Oliva.<\/p>\n<p><b>Lugar:<\/b> Espai TCI Barcelona<br \/>\n<b>Precio: <\/b>75 euros al mes \/ 160 euros residencial (No incluye estancia en Can Gensana)<br \/>\n<b>Contacto: <\/b>660 260 402 \u2013 <a style=\"color: #00806a;\" href=\"jesusoliva@hotmail.com\">jesusoliva@hotmail.com<\/a><\/span><br \/>\n<b>Actividad presencial Barcelona que adem\u00e1s tiene masterclass<\/b><br \/>\n<b>Masterclass:<\/b><br \/>\n<b>8 a 10 noviembre 2024<\/b><br \/>\n<b>7 a 9 marzo 2025<\/b><br \/>\n<b>Horario<\/b><br \/>\n<b>Viernes 18h a 21h<\/b><br \/>\n<b>S\u00e1bado 10h a 20h (pausa para comer)<\/b><br \/>\n<b>Domingo 10h a 14h<\/b><\/p>\n","protected":false},"excerpt":{"rendered":"<p>De las estrategias de supervivencia a las experiencias de conexi\u00f3n. Los aportes de la neurociencia y el conocimiento de la fisiolog\u00eda en las experiencias traum\u00e1ticas, clarifican y dan una comprensi\u00f3n [&hellip;]<\/p>\n","protected":false},"author":1,"featured_media":2657,"comment_status":"closed","ping_status":"closed","template":"","tags":[96],"mec_category":[48,57],"mec_speaker":[110],"class_list":["post-2286","mec-events","type-mec-events","status-publish","has-post-thumbnail","hentry","tag-modalidad-presencial","mec_category-masterclass","mec_category-taller-regular"],"yoast_head":"<!-- This site is optimized with the Yoast SEO plugin v27.4 - https:\/\/yoast.com\/product\/yoast-seo-wordpress\/ -->\n<title>En el coraz\u00f3n del trauma - Cercle de Consci\u00e8ncia<\/title>\n<meta name=\"robots\" content=\"index, follow, max-snippet:-1, max-image-preview:large, max-video-preview:-1\" \/>\n<link rel=\"canonical\" href=\"https:\/\/cercledeconsciencia.com\/es\/actividades\/en-el-corazon-del-trauma\/\" \/>\n<meta property=\"og:locale\" content=\"es_ES\" \/>\n<meta property=\"og:type\" content=\"article\" \/>\n<meta property=\"og:title\" content=\"En el coraz\u00f3n del trauma - Cercle de Consci\u00e8ncia\" \/>\n<meta property=\"og:description\" content=\"De las estrategias de supervivencia a las experiencias de conexi\u00f3n. Los aportes de la neurociencia y el conocimiento de la fisiolog\u00eda en las experiencias traum\u00e1ticas, clarifican y dan una comprensi\u00f3n [&hellip;]\" \/>\n<meta property=\"og:url\" content=\"https:\/\/cercledeconsciencia.com\/es\/actividades\/en-el-corazon-del-trauma\/\" \/>\n<meta property=\"og:site_name\" content=\"Cercle de Consci\u00e8ncia\" \/>\n<meta property=\"article:publisher\" content=\"https:\/\/www.facebook.com\/Cercledeconscienciabarcelona?_rdr\" \/>\n<meta property=\"article:modified_time\" content=\"2024-08-16T20:50:22+00:00\" \/>\n<meta property=\"og:image\" content=\"https:\/\/cercledeconsciencia.com\/wp-content\/uploads\/2023\/11\/en-el-corazon-del-trauma.png\" \/>\n\t<meta property=\"og:image:width\" content=\"1000\" \/>\n\t<meta property=\"og:image:height\" content=\"623\" \/>\n\t<meta property=\"og:image:type\" content=\"image\/png\" \/>\n<meta name=\"twitter:card\" content=\"summary_large_image\" \/>\n<meta name=\"twitter:label1\" content=\"Tiempo de lectura\" \/>\n\t<meta name=\"twitter:data1\" content=\"2 minutos\" \/>\n<script type=\"application\/ld+json\" class=\"yoast-schema-graph\">{\"@context\":\"https:\\\/\\\/schema.org\",\"@graph\":[{\"@type\":\"WebPage\",\"@id\":\"https:\\\/\\\/cercledeconsciencia.com\\\/actividades\\\/en-el-corazon-del-trauma\\\/\",\"url\":\"https:\\\/\\\/cercledeconsciencia.com\\\/actividades\\\/en-el-corazon-del-trauma\\\/\",\"name\":\"En el coraz\u00f3n del trauma - Cercle de Consci\u00e8ncia\",\"isPartOf\":{\"@id\":\"https:\\\/\\\/cercledeconsciencia.com\\\/#website\"},\"primaryImageOfPage\":{\"@id\":\"https:\\\/\\\/cercledeconsciencia.com\\\/actividades\\\/en-el-corazon-del-trauma\\\/#primaryimage\"},\"image\":{\"@id\":\"https:\\\/\\\/cercledeconsciencia.com\\\/actividades\\\/en-el-corazon-del-trauma\\\/#primaryimage\"},\"thumbnailUrl\":\"https:\\\/\\\/cercledeconsciencia.com\\\/wp-content\\\/uploads\\\/2023\\\/11\\\/en-el-corazon-del-trauma.png\",\"datePublished\":\"2023-11-28T11:57:36+00:00\",\"dateModified\":\"2024-08-16T20:50:22+00:00\",\"breadcrumb\":{\"@id\":\"https:\\\/\\\/cercledeconsciencia.com\\\/actividades\\\/en-el-corazon-del-trauma\\\/#breadcrumb\"},\"inLanguage\":\"es\",\"potentialAction\":[{\"@type\":\"ReadAction\",\"target\":[\"https:\\\/\\\/cercledeconsciencia.com\\\/actividades\\\/en-el-corazon-del-trauma\\\/\"]}]},{\"@type\":\"ImageObject\",\"inLanguage\":\"es\",\"@id\":\"https:\\\/\\\/cercledeconsciencia.com\\\/actividades\\\/en-el-corazon-del-trauma\\\/#primaryimage\",\"url\":\"https:\\\/\\\/cercledeconsciencia.com\\\/wp-content\\\/uploads\\\/2023\\\/11\\\/en-el-corazon-del-trauma.png\",\"contentUrl\":\"https:\\\/\\\/cercledeconsciencia.com\\\/wp-content\\\/uploads\\\/2023\\\/11\\\/en-el-corazon-del-trauma.png\",\"width\":1000,\"height\":623},{\"@type\":\"BreadcrumbList\",\"@id\":\"https:\\\/\\\/cercledeconsciencia.com\\\/actividades\\\/en-el-corazon-del-trauma\\\/#breadcrumb\",\"itemListElement\":[{\"@type\":\"ListItem\",\"position\":1,\"name\":\"Portada\",\"item\":\"https:\\\/\\\/cercledeconsciencia.com\\\/\"},{\"@type\":\"ListItem\",\"position\":2,\"name\":\"Eventos\",\"item\":\"https:\\\/\\\/cercledeconsciencia.com\\\/actividades\\\/\"},{\"@type\":\"ListItem\",\"position\":3,\"name\":\"En el coraz\u00f3n del trauma\"}]},{\"@type\":\"WebSite\",\"@id\":\"https:\\\/\\\/cercledeconsciencia.com\\\/#website\",\"url\":\"https:\\\/\\\/cercledeconsciencia.com\\\/\",\"name\":\"Cercle de Consci\u00e8ncia\",\"description\":\"Centro de Formaci\u00f3n y Terapias\",\"publisher\":{\"@id\":\"https:\\\/\\\/cercledeconsciencia.com\\\/#organization\"},\"potentialAction\":[{\"@type\":\"SearchAction\",\"target\":{\"@type\":\"EntryPoint\",\"urlTemplate\":\"https:\\\/\\\/cercledeconsciencia.com\\\/?s={search_term_string}\"},\"query-input\":{\"@type\":\"PropertyValueSpecification\",\"valueRequired\":true,\"valueName\":\"search_term_string\"}}],\"inLanguage\":\"es\"},{\"@type\":\"Organization\",\"@id\":\"https:\\\/\\\/cercledeconsciencia.com\\\/#organization\",\"name\":\"Cercle de Consci\u00e8ncia\",\"url\":\"https:\\\/\\\/cercledeconsciencia.com\\\/\",\"logo\":{\"@type\":\"ImageObject\",\"inLanguage\":\"es\",\"@id\":\"https:\\\/\\\/cercledeconsciencia.com\\\/#\\\/schema\\\/logo\\\/image\\\/\",\"url\":\"https:\\\/\\\/cercledeconsciencia.com\\\/wp-content\\\/uploads\\\/2023\\\/07\\\/logo.png\",\"contentUrl\":\"https:\\\/\\\/cercledeconsciencia.com\\\/wp-content\\\/uploads\\\/2023\\\/07\\\/logo.png\",\"width\":239,\"height\":68,\"caption\":\"Cercle de Consci\u00e8ncia\"},\"image\":{\"@id\":\"https:\\\/\\\/cercledeconsciencia.com\\\/#\\\/schema\\\/logo\\\/image\\\/\"},\"sameAs\":[\"https:\\\/\\\/www.facebook.com\\\/Cercledeconscienciabarcelona?_rdr\",\"https:\\\/\\\/www.instagram.com\\\/cercledeconsciencia\\\/\",\"https:\\\/\\\/www.youtube.com\\\/c\\\/cercledeconsciencia\"]}]}<\/script>\n<!-- \/ Yoast SEO plugin. -->","yoast_head_json":{"title":"En el coraz\u00f3n del trauma - Cercle de Consci\u00e8ncia","robots":{"index":"index","follow":"follow","max-snippet":"max-snippet:-1","max-image-preview":"max-image-preview:large","max-video-preview":"max-video-preview:-1"},"canonical":"https:\/\/cercledeconsciencia.com\/es\/actividades\/en-el-corazon-del-trauma\/","og_locale":"es_ES","og_type":"article","og_title":"En el coraz\u00f3n del trauma - Cercle de Consci\u00e8ncia","og_description":"De las estrategias de supervivencia a las experiencias de conexi\u00f3n. Los aportes de la neurociencia y el conocimiento de la fisiolog\u00eda en las experiencias traum\u00e1ticas, clarifican y dan una comprensi\u00f3n [&hellip;]","og_url":"https:\/\/cercledeconsciencia.com\/es\/actividades\/en-el-corazon-del-trauma\/","og_site_name":"Cercle de Consci\u00e8ncia","article_publisher":"https:\/\/www.facebook.com\/Cercledeconscienciabarcelona?_rdr","article_modified_time":"2024-08-16T20:50:22+00:00","og_image":[{"width":1000,"height":623,"url":"https:\/\/cercledeconsciencia.com\/wp-content\/uploads\/2023\/11\/en-el-corazon-del-trauma.png","type":"image\/png"}],"twitter_card":"summary_large_image","twitter_misc":{"Tiempo de lectura":"2 minutos"},"schema":{"@context":"https:\/\/schema.org","@graph":[{"@type":"WebPage","@id":"https:\/\/cercledeconsciencia.com\/actividades\/en-el-corazon-del-trauma\/","url":"https:\/\/cercledeconsciencia.com\/actividades\/en-el-corazon-del-trauma\/","name":"En el coraz\u00f3n del trauma - Cercle de Consci\u00e8ncia","isPartOf":{"@id":"https:\/\/cercledeconsciencia.com\/#website"},"primaryImageOfPage":{"@id":"https:\/\/cercledeconsciencia.com\/actividades\/en-el-corazon-del-trauma\/#primaryimage"},"image":{"@id":"https:\/\/cercledeconsciencia.com\/actividades\/en-el-corazon-del-trauma\/#primaryimage"},"thumbnailUrl":"https:\/\/cercledeconsciencia.com\/wp-content\/uploads\/2023\/11\/en-el-corazon-del-trauma.png","datePublished":"2023-11-28T11:57:36+00:00","dateModified":"2024-08-16T20:50:22+00:00","breadcrumb":{"@id":"https:\/\/cercledeconsciencia.com\/actividades\/en-el-corazon-del-trauma\/#breadcrumb"},"inLanguage":"es","potentialAction":[{"@type":"ReadAction","target":["https:\/\/cercledeconsciencia.com\/actividades\/en-el-corazon-del-trauma\/"]}]},{"@type":"ImageObject","inLanguage":"es","@id":"https:\/\/cercledeconsciencia.com\/actividades\/en-el-corazon-del-trauma\/#primaryimage","url":"https:\/\/cercledeconsciencia.com\/wp-content\/uploads\/2023\/11\/en-el-corazon-del-trauma.png","contentUrl":"https:\/\/cercledeconsciencia.com\/wp-content\/uploads\/2023\/11\/en-el-corazon-del-trauma.png","width":1000,"height":623},{"@type":"BreadcrumbList","@id":"https:\/\/cercledeconsciencia.com\/actividades\/en-el-corazon-del-trauma\/#breadcrumb","itemListElement":[{"@type":"ListItem","position":1,"name":"Portada","item":"https:\/\/cercledeconsciencia.com\/"},{"@type":"ListItem","position":2,"name":"Eventos","item":"https:\/\/cercledeconsciencia.com\/actividades\/"},{"@type":"ListItem","position":3,"name":"En el coraz\u00f3n del trauma"}]},{"@type":"WebSite","@id":"https:\/\/cercledeconsciencia.com\/#website","url":"https:\/\/cercledeconsciencia.com\/","name":"Cercle de Consci\u00e8ncia","description":"Centro de Formaci\u00f3n y Terapias","publisher":{"@id":"https:\/\/cercledeconsciencia.com\/#organization"},"potentialAction":[{"@type":"SearchAction","target":{"@type":"EntryPoint","urlTemplate":"https:\/\/cercledeconsciencia.com\/?s={search_term_string}"},"query-input":{"@type":"PropertyValueSpecification","valueRequired":true,"valueName":"search_term_string"}}],"inLanguage":"es"},{"@type":"Organization","@id":"https:\/\/cercledeconsciencia.com\/#organization","name":"Cercle de Consci\u00e8ncia","url":"https:\/\/cercledeconsciencia.com\/","logo":{"@type":"ImageObject","inLanguage":"es","@id":"https:\/\/cercledeconsciencia.com\/#\/schema\/logo\/image\/","url":"https:\/\/cercledeconsciencia.com\/wp-content\/uploads\/2023\/07\/logo.png","contentUrl":"https:\/\/cercledeconsciencia.com\/wp-content\/uploads\/2023\/07\/logo.png","width":239,"height":68,"caption":"Cercle de Consci\u00e8ncia"},"image":{"@id":"https:\/\/cercledeconsciencia.com\/#\/schema\/logo\/image\/"},"sameAs":["https:\/\/www.facebook.com\/Cercledeconscienciabarcelona?_rdr","https:\/\/www.instagram.com\/cercledeconsciencia\/","https:\/\/www.youtube.com\/c\/cercledeconsciencia"]}]}},"_links":{"self":[{"href":"https:\/\/cercledeconsciencia.com\/es\/wp-json\/wp\/v2\/mec-events\/2286","targetHints":{"allow":["GET"]}}],"collection":[{"href":"https:\/\/cercledeconsciencia.com\/es\/wp-json\/wp\/v2\/mec-events"}],"about":[{"href":"https:\/\/cercledeconsciencia.com\/es\/wp-json\/wp\/v2\/types\/mec-events"}],"author":[{"embeddable":true,"href":"https:\/\/cercledeconsciencia.com\/es\/wp-json\/wp\/v2\/users\/1"}],"replies":[{"embeddable":true,"href":"https:\/\/cercledeconsciencia.com\/es\/wp-json\/wp\/v2\/comments?post=2286"}],"wp:featuredmedia":[{"embeddable":true,"href":"https:\/\/cercledeconsciencia.com\/es\/wp-json\/wp\/v2\/media\/2657"}],"wp:attachment":[{"href":"https:\/\/cercledeconsciencia.com\/es\/wp-json\/wp\/v2\/media?parent=2286"}],"wp:term":[{"taxonomy":"post_tag","embeddable":true,"href":"https:\/\/cercledeconsciencia.com\/es\/wp-json\/wp\/v2\/tags?post=2286"},{"taxonomy":"mec_category","embeddable":true,"href":"https:\/\/cercledeconsciencia.com\/es\/wp-json\/wp\/v2\/mec_category?post=2286"},{"taxonomy":"mec_speaker","embeddable":true,"href":"https:\/\/cercledeconsciencia.com\/es\/wp-json\/wp\/v2\/mec_speaker?post=2286"}],"curies":[{"name":"wp","href":"https:\/\/api.w.org\/{rel}","templated":true}]}}