{"id":2290,"date":"2023-11-28T12:10:36","date_gmt":"2023-11-28T12:10:36","guid":{"rendered":"https:\/\/cercledeconsciencia.com\/?post_type=mec-events&#038;p=2290"},"modified":"2024-02-20T00:13:52","modified_gmt":"2024-02-20T00:13:52","slug":"grupo-de-supervision-tci-barcelona","status":"publish","type":"mec-events","link":"https:\/\/cercledeconsciencia.com\/es\/actividades\/grupo-de-supervision-tci-barcelona\/","title":{"rendered":"Grupo de supervisi\u00f3n TCI barcelona"},"content":{"rendered":"<p><span style=\"font-weight: 400;\">El grupo de Supervisi\u00f3n TCI, est\u00e1 dirigido a los alumnos y ex-alumnos de la formaci\u00f3n de Terapia Corporal Integrativa. Tiene como objetivo la adquisici\u00f3n de pr\u00e1ctica cl\u00ednica tanto en terapia TCI individual como grupal. Se realizar\u00e1n sesiones supervisadas, se discutir\u00e1n los contenidos que el terapeuta novel necesite para la maduraci\u00f3n de su estilo terap\u00e9utico y se trabajar\u00e1n los casos que el terapeuta TCI presente.<\/span><span style=\"font-weight: 400;\"><\/p>\n<p><\/span><\/p>\n<p><span style=\"font-weight: 400;\">Este espacio tambi\u00e9n facilitar\u00e1 al alumno de tercer curso de TCI el dise\u00f1o y la ejecuci\u00f3n de la pr\u00e1ctica obligatoria.<\/span><\/p>\n<p><span style=\"font-weight: 400;\">Tanto si estas ya ejerciendo como terapeuta, como si no, es un espacio rico para seguir trabaj\u00e1ndote y vi\u00e9ndote en el acompa\u00f1amiento desde la Terapia Corporal Integrativa.<\/span><\/p>\n<p><span style=\"font-weight: 400;\">Terapeutas:\u00a0<\/span><\/p>\n<p><span style=\"font-weight: 400;\">A cargo de: Mar\u00eda Saura, Jes\u00fas Oliva y Montse Coll.\u00a0<\/span><\/p>\n<p><b>Horarios del grupo regular:<\/b><\/p>\n<p><span style=\"font-weight: 400;\">Jes\u00fas Oliva &#8211; grupo de ma\u00f1anas. Un mi\u00e9rcoles al mes de 10:30h a 13.00h<\/span><\/p>\n<p><span style=\"font-weight: 400;\">Mar\u00eda Saura &#8211; \u00a0grupo de tardes. Un jueves al mes de 19:00h a 21:30h.<\/span><\/p>\n<p><b>Horario de los talleres puntuales de fines de semana:<\/b><\/p>\n<p><span style=\"font-weight: 400;\">26-28 de enero &#8211; Maria Saura<\/span><span style=\"font-weight: 400;\"><br \/>\n<\/span><span style=\"font-weight: 400;\">1-3 de marzo &#8211; Montse Coll<\/span><span style=\"font-weight: 400;\"><br \/>\n<\/span><span style=\"font-weight: 400;\">14-16 de junio &#8211; Jes\u00fas Oliva<\/span><\/p>\n<p><span style=\"font-weight: 400;\">\u00a0<\/span><span style=\"font-weight: 400;\"><b>M\u00e1s informaci\u00f3n:<\/b><\/span><br \/>\n<span style=\"font-weight: 400;\">coordinacio.tcibcn@espaitci.com &#8211; 938 52 48 92<\/span><\/p>\n","protected":false},"excerpt":{"rendered":"<p>El grupo de Supervisi\u00f3n TCI, est\u00e1 dirigido a los alumnos y ex-alumnos de la formaci\u00f3n de Terapia Corporal Integrativa. Tiene como objetivo la adquisici\u00f3n de pr\u00e1ctica cl\u00ednica tanto en terapia [&hellip;]<\/p>\n","protected":false},"author":1,"featured_media":2662,"comment_status":"open","ping_status":"closed","template":"","tags":[],"mec_category":[],"mec_speaker":[110,99],"class_list":["post-2290","mec-events","type-mec-events","status-publish","has-post-thumbnail","hentry"],"yoast_head":"<!-- This site is optimized with the Yoast SEO plugin v27.4 - https:\/\/yoast.com\/product\/yoast-seo-wordpress\/ -->\n<title>Grupo de supervisi\u00f3n TCI barcelona - Cercle de Consci\u00e8ncia<\/title>\n<meta name=\"robots\" content=\"index, follow, max-snippet:-1, max-image-preview:large, max-video-preview:-1\" \/>\n<link rel=\"canonical\" href=\"https:\/\/cercledeconsciencia.com\/es\/actividades\/grupo-de-supervision-tci-barcelona\/\" \/>\n<meta property=\"og:locale\" content=\"es_ES\" \/>\n<meta property=\"og:type\" content=\"article\" \/>\n<meta property=\"og:title\" content=\"Grupo de supervisi\u00f3n TCI barcelona - Cercle de Consci\u00e8ncia\" \/>\n<meta property=\"og:description\" content=\"El grupo de Supervisi\u00f3n TCI, est\u00e1 dirigido a los alumnos y ex-alumnos de la formaci\u00f3n de Terapia Corporal Integrativa. Tiene como objetivo la adquisici\u00f3n de pr\u00e1ctica cl\u00ednica tanto en terapia [&hellip;]\" \/>\n<meta property=\"og:url\" content=\"https:\/\/cercledeconsciencia.com\/es\/actividades\/grupo-de-supervision-tci-barcelona\/\" \/>\n<meta property=\"og:site_name\" content=\"Cercle de Consci\u00e8ncia\" \/>\n<meta property=\"article:publisher\" content=\"https:\/\/www.facebook.com\/Cercledeconscienciabarcelona?_rdr\" \/>\n<meta property=\"article:modified_time\" content=\"2024-02-20T00:13:52+00:00\" \/>\n<meta property=\"og:image\" content=\"https:\/\/cercledeconsciencia.com\/wp-content\/uploads\/2023\/11\/grupo-de-supervision-barcelona.png\" \/>\n\t<meta property=\"og:image:width\" content=\"1000\" \/>\n\t<meta property=\"og:image:height\" content=\"623\" \/>\n\t<meta property=\"og:image:type\" content=\"image\/png\" \/>\n<meta name=\"twitter:card\" content=\"summary_large_image\" \/>\n<meta name=\"twitter:label1\" content=\"Tiempo de lectura\" \/>\n\t<meta name=\"twitter:data1\" content=\"2 minutos\" \/>\n<script type=\"application\/ld+json\" class=\"yoast-schema-graph\">{\"@context\":\"https:\\\/\\\/schema.org\",\"@graph\":[{\"@type\":\"WebPage\",\"@id\":\"https:\\\/\\\/cercledeconsciencia.com\\\/actividades\\\/grupo-de-supervision-tci-barcelona\\\/\",\"url\":\"https:\\\/\\\/cercledeconsciencia.com\\\/actividades\\\/grupo-de-supervision-tci-barcelona\\\/\",\"name\":\"Grupo de supervisi\u00f3n TCI barcelona - Cercle de Consci\u00e8ncia\",\"isPartOf\":{\"@id\":\"https:\\\/\\\/cercledeconsciencia.com\\\/#website\"},\"primaryImageOfPage\":{\"@id\":\"https:\\\/\\\/cercledeconsciencia.com\\\/actividades\\\/grupo-de-supervision-tci-barcelona\\\/#primaryimage\"},\"image\":{\"@id\":\"https:\\\/\\\/cercledeconsciencia.com\\\/actividades\\\/grupo-de-supervision-tci-barcelona\\\/#primaryimage\"},\"thumbnailUrl\":\"https:\\\/\\\/cercledeconsciencia.com\\\/wp-content\\\/uploads\\\/2023\\\/11\\\/grupo-de-supervision-barcelona.png\",\"datePublished\":\"2023-11-28T12:10:36+00:00\",\"dateModified\":\"2024-02-20T00:13:52+00:00\",\"breadcrumb\":{\"@id\":\"https:\\\/\\\/cercledeconsciencia.com\\\/actividades\\\/grupo-de-supervision-tci-barcelona\\\/#breadcrumb\"},\"inLanguage\":\"es\",\"potentialAction\":[{\"@type\":\"ReadAction\",\"target\":[\"https:\\\/\\\/cercledeconsciencia.com\\\/actividades\\\/grupo-de-supervision-tci-barcelona\\\/\"]}]},{\"@type\":\"ImageObject\",\"inLanguage\":\"es\",\"@id\":\"https:\\\/\\\/cercledeconsciencia.com\\\/actividades\\\/grupo-de-supervision-tci-barcelona\\\/#primaryimage\",\"url\":\"https:\\\/\\\/cercledeconsciencia.com\\\/wp-content\\\/uploads\\\/2023\\\/11\\\/grupo-de-supervision-barcelona.png\",\"contentUrl\":\"https:\\\/\\\/cercledeconsciencia.com\\\/wp-content\\\/uploads\\\/2023\\\/11\\\/grupo-de-supervision-barcelona.png\",\"width\":1000,\"height\":623},{\"@type\":\"BreadcrumbList\",\"@id\":\"https:\\\/\\\/cercledeconsciencia.com\\\/actividades\\\/grupo-de-supervision-tci-barcelona\\\/#breadcrumb\",\"itemListElement\":[{\"@type\":\"ListItem\",\"position\":1,\"name\":\"Portada\",\"item\":\"https:\\\/\\\/cercledeconsciencia.com\\\/\"},{\"@type\":\"ListItem\",\"position\":2,\"name\":\"Eventos\",\"item\":\"https:\\\/\\\/cercledeconsciencia.com\\\/actividades\\\/\"},{\"@type\":\"ListItem\",\"position\":3,\"name\":\"Grupo de supervisi\u00f3n TCI barcelona\"}]},{\"@type\":\"WebSite\",\"@id\":\"https:\\\/\\\/cercledeconsciencia.com\\\/#website\",\"url\":\"https:\\\/\\\/cercledeconsciencia.com\\\/\",\"name\":\"Cercle de Consci\u00e8ncia\",\"description\":\"Centro de Formaci\u00f3n y Terapias\",\"publisher\":{\"@id\":\"https:\\\/\\\/cercledeconsciencia.com\\\/#organization\"},\"potentialAction\":[{\"@type\":\"SearchAction\",\"target\":{\"@type\":\"EntryPoint\",\"urlTemplate\":\"https:\\\/\\\/cercledeconsciencia.com\\\/?s={search_term_string}\"},\"query-input\":{\"@type\":\"PropertyValueSpecification\",\"valueRequired\":true,\"valueName\":\"search_term_string\"}}],\"inLanguage\":\"es\"},{\"@type\":\"Organization\",\"@id\":\"https:\\\/\\\/cercledeconsciencia.com\\\/#organization\",\"name\":\"Cercle de Consci\u00e8ncia\",\"url\":\"https:\\\/\\\/cercledeconsciencia.com\\\/\",\"logo\":{\"@type\":\"ImageObject\",\"inLanguage\":\"es\",\"@id\":\"https:\\\/\\\/cercledeconsciencia.com\\\/#\\\/schema\\\/logo\\\/image\\\/\",\"url\":\"https:\\\/\\\/cercledeconsciencia.com\\\/wp-content\\\/uploads\\\/2023\\\/07\\\/logo.png\",\"contentUrl\":\"https:\\\/\\\/cercledeconsciencia.com\\\/wp-content\\\/uploads\\\/2023\\\/07\\\/logo.png\",\"width\":239,\"height\":68,\"caption\":\"Cercle de Consci\u00e8ncia\"},\"image\":{\"@id\":\"https:\\\/\\\/cercledeconsciencia.com\\\/#\\\/schema\\\/logo\\\/image\\\/\"},\"sameAs\":[\"https:\\\/\\\/www.facebook.com\\\/Cercledeconscienciabarcelona?_rdr\",\"https:\\\/\\\/www.instagram.com\\\/cercledeconsciencia\\\/\",\"https:\\\/\\\/www.youtube.com\\\/c\\\/cercledeconsciencia\"]}]}<\/script>\n<!-- \/ Yoast SEO plugin. -->","yoast_head_json":{"title":"Grupo de supervisi\u00f3n TCI barcelona - Cercle de Consci\u00e8ncia","robots":{"index":"index","follow":"follow","max-snippet":"max-snippet:-1","max-image-preview":"max-image-preview:large","max-video-preview":"max-video-preview:-1"},"canonical":"https:\/\/cercledeconsciencia.com\/es\/actividades\/grupo-de-supervision-tci-barcelona\/","og_locale":"es_ES","og_type":"article","og_title":"Grupo de supervisi\u00f3n TCI barcelona - Cercle de Consci\u00e8ncia","og_description":"El grupo de Supervisi\u00f3n TCI, est\u00e1 dirigido a los alumnos y ex-alumnos de la formaci\u00f3n de Terapia Corporal Integrativa. Tiene como objetivo la adquisici\u00f3n de pr\u00e1ctica cl\u00ednica tanto en terapia [&hellip;]","og_url":"https:\/\/cercledeconsciencia.com\/es\/actividades\/grupo-de-supervision-tci-barcelona\/","og_site_name":"Cercle de Consci\u00e8ncia","article_publisher":"https:\/\/www.facebook.com\/Cercledeconscienciabarcelona?_rdr","article_modified_time":"2024-02-20T00:13:52+00:00","og_image":[{"width":1000,"height":623,"url":"https:\/\/cercledeconsciencia.com\/wp-content\/uploads\/2023\/11\/grupo-de-supervision-barcelona.png","type":"image\/png"}],"twitter_card":"summary_large_image","twitter_misc":{"Tiempo de lectura":"2 minutos"},"schema":{"@context":"https:\/\/schema.org","@graph":[{"@type":"WebPage","@id":"https:\/\/cercledeconsciencia.com\/actividades\/grupo-de-supervision-tci-barcelona\/","url":"https:\/\/cercledeconsciencia.com\/actividades\/grupo-de-supervision-tci-barcelona\/","name":"Grupo de supervisi\u00f3n TCI barcelona - Cercle de Consci\u00e8ncia","isPartOf":{"@id":"https:\/\/cercledeconsciencia.com\/#website"},"primaryImageOfPage":{"@id":"https:\/\/cercledeconsciencia.com\/actividades\/grupo-de-supervision-tci-barcelona\/#primaryimage"},"image":{"@id":"https:\/\/cercledeconsciencia.com\/actividades\/grupo-de-supervision-tci-barcelona\/#primaryimage"},"thumbnailUrl":"https:\/\/cercledeconsciencia.com\/wp-content\/uploads\/2023\/11\/grupo-de-supervision-barcelona.png","datePublished":"2023-11-28T12:10:36+00:00","dateModified":"2024-02-20T00:13:52+00:00","breadcrumb":{"@id":"https:\/\/cercledeconsciencia.com\/actividades\/grupo-de-supervision-tci-barcelona\/#breadcrumb"},"inLanguage":"es","potentialAction":[{"@type":"ReadAction","target":["https:\/\/cercledeconsciencia.com\/actividades\/grupo-de-supervision-tci-barcelona\/"]}]},{"@type":"ImageObject","inLanguage":"es","@id":"https:\/\/cercledeconsciencia.com\/actividades\/grupo-de-supervision-tci-barcelona\/#primaryimage","url":"https:\/\/cercledeconsciencia.com\/wp-content\/uploads\/2023\/11\/grupo-de-supervision-barcelona.png","contentUrl":"https:\/\/cercledeconsciencia.com\/wp-content\/uploads\/2023\/11\/grupo-de-supervision-barcelona.png","width":1000,"height":623},{"@type":"BreadcrumbList","@id":"https:\/\/cercledeconsciencia.com\/actividades\/grupo-de-supervision-tci-barcelona\/#breadcrumb","itemListElement":[{"@type":"ListItem","position":1,"name":"Portada","item":"https:\/\/cercledeconsciencia.com\/"},{"@type":"ListItem","position":2,"name":"Eventos","item":"https:\/\/cercledeconsciencia.com\/actividades\/"},{"@type":"ListItem","position":3,"name":"Grupo de supervisi\u00f3n TCI barcelona"}]},{"@type":"WebSite","@id":"https:\/\/cercledeconsciencia.com\/#website","url":"https:\/\/cercledeconsciencia.com\/","name":"Cercle de Consci\u00e8ncia","description":"Centro de Formaci\u00f3n y Terapias","publisher":{"@id":"https:\/\/cercledeconsciencia.com\/#organization"},"potentialAction":[{"@type":"SearchAction","target":{"@type":"EntryPoint","urlTemplate":"https:\/\/cercledeconsciencia.com\/?s={search_term_string}"},"query-input":{"@type":"PropertyValueSpecification","valueRequired":true,"valueName":"search_term_string"}}],"inLanguage":"es"},{"@type":"Organization","@id":"https:\/\/cercledeconsciencia.com\/#organization","name":"Cercle de Consci\u00e8ncia","url":"https:\/\/cercledeconsciencia.com\/","logo":{"@type":"ImageObject","inLanguage":"es","@id":"https:\/\/cercledeconsciencia.com\/#\/schema\/logo\/image\/","url":"https:\/\/cercledeconsciencia.com\/wp-content\/uploads\/2023\/07\/logo.png","contentUrl":"https:\/\/cercledeconsciencia.com\/wp-content\/uploads\/2023\/07\/logo.png","width":239,"height":68,"caption":"Cercle de Consci\u00e8ncia"},"image":{"@id":"https:\/\/cercledeconsciencia.com\/#\/schema\/logo\/image\/"},"sameAs":["https:\/\/www.facebook.com\/Cercledeconscienciabarcelona?_rdr","https:\/\/www.instagram.com\/cercledeconsciencia\/","https:\/\/www.youtube.com\/c\/cercledeconsciencia"]}]}},"_links":{"self":[{"href":"https:\/\/cercledeconsciencia.com\/es\/wp-json\/wp\/v2\/mec-events\/2290","targetHints":{"allow":["GET"]}}],"collection":[{"href":"https:\/\/cercledeconsciencia.com\/es\/wp-json\/wp\/v2\/mec-events"}],"about":[{"href":"https:\/\/cercledeconsciencia.com\/es\/wp-json\/wp\/v2\/types\/mec-events"}],"author":[{"embeddable":true,"href":"https:\/\/cercledeconsciencia.com\/es\/wp-json\/wp\/v2\/users\/1"}],"replies":[{"embeddable":true,"href":"https:\/\/cercledeconsciencia.com\/es\/wp-json\/wp\/v2\/comments?post=2290"}],"wp:featuredmedia":[{"embeddable":true,"href":"https:\/\/cercledeconsciencia.com\/es\/wp-json\/wp\/v2\/media\/2662"}],"wp:attachment":[{"href":"https:\/\/cercledeconsciencia.com\/es\/wp-json\/wp\/v2\/media?parent=2290"}],"wp:term":[{"taxonomy":"post_tag","embeddable":true,"href":"https:\/\/cercledeconsciencia.com\/es\/wp-json\/wp\/v2\/tags?post=2290"},{"taxonomy":"mec_category","embeddable":true,"href":"https:\/\/cercledeconsciencia.com\/es\/wp-json\/wp\/v2\/mec_category?post=2290"},{"taxonomy":"mec_speaker","embeddable":true,"href":"https:\/\/cercledeconsciencia.com\/es\/wp-json\/wp\/v2\/mec_speaker?post=2290"}],"curies":[{"name":"wp","href":"https:\/\/api.w.org\/{rel}","templated":true}]}}