{"id":2790,"date":"2024-02-01T22:43:29","date_gmt":"2024-02-01T22:43:29","guid":{"rendered":"https:\/\/cercledeconsciencia.com\/?post_type=mec-events&#038;p=2790"},"modified":"2025-10-29T09:34:27","modified_gmt":"2025-10-29T09:34:27","slug":"ciclo-de-sexualidad-y-tci","status":"publish","type":"mec-events","link":"https:\/\/cercledeconsciencia.com\/es\/actividades\/ciclo-de-sexualidad-y-tci\/","title":{"rendered":"Ciclo de Sexualidad Ibiza"},"content":{"rendered":"<h6><strong>Un espacio para volver a ti, a tu cuerpo y a la sensibilidad de tu ser.<\/strong><\/h6>\n<p><strong>\u00bfTe has cuestionado alguna vez la manera en la que experimentas tu sexualidad?<\/strong><\/p>\n<p><strong>\u00bfTe gustar\u00eda explorar nuevas formas de contacto y recuperar la confianza en tus propios impulsos e instinto?<\/strong><\/p>\n<p>A trav\u00e9s de talleres experienciales y un acompa\u00f1amiento profesional, podr\u00e1s indagar en tu propio proceso, despertar tu erotismo, profundizar en la relaci\u00f3n con tu cuerpo y abrirte a la expresi\u00f3n aut\u00e9ntica de tu ser.<\/p>\n<p>A trav\u00e9s de la Terapia Corporal Integrativa (TCI) y el encuentro con disciplinas como la Bioenerg\u00e9tica , el Tantra, la respiraci\u00f3n consciente, la meditaci\u00f3n y el tacto consciente, te propongo un recorrido donde, poco a poco, podr\u00e1s:<\/p>\n<ul>\n<li>Escuchar y habitar tu cuerpo con mayor presencia.<\/li>\n<li>Acercarte a tu erotismo de manera natural y sin exigencias.<\/li>\n<li>Reconocer tus l\u00edmites y abrirte a nuevas formas de intimidad.<\/li>\n<li>Compartir en grupo, desde la diversidad, un espacio seguro y de confianza.<\/li>\n<\/ul>\n<p>Este ciclo no busca teor\u00edas, sino experiencias. Cada taller es una oportunidad para explorarte, sentirte y reconectar con lo que eres.<\/p>\n<p><strong>\u00bfA qui\u00e9n va dirigido?<\/strong><\/p>\n<p>A personas que sientan explorar y profundizar en su propia sexualidad y relaci\u00f3n con el cuerpo sin importar orientaci\u00f3n sexual o identidad de g\u00e9nero. En un espacio de contenci\u00f3n y seguridad.<\/p>\n<h4>CICLO DE 4 TALLERES<\/h4>\n<hr \/>\n<h4><strong>TALLER 1: Yo, mi cuerpo y mis l\u00edmites.<\/strong><\/h4>\n<h6><span style=\"color: #ff0000;\">\u00a0<strong>1 y 2 NOVIEMBRE<\/strong><\/span><\/h6>\n<p>Disfrutar de una sexualidad sana y enraizada depende de la seguridad y la conexi\u00f3n que sientas en relaci\u00f3n con tu propio cuerpo. La integraci\u00f3n de los l\u00edmites, la liberaci\u00f3n de las corazas y una actitud curiosa ante la exploraci\u00f3n del propio cuerpo y su cualidad er\u00f3tica pueden ayudarnos a descubrir nuevos caminos para conectar con nuestra sexualidad y en una conciencia de nuestros l\u00edmites y necesidades internas.<\/p>\n<hr \/>\n<h4><strong>LA DUALIDAD DEL SER.<\/strong><\/h4>\n<h6><span style=\"color: #ff0000;\">\u00a0<strong>6 y 7 DICIEMBRE<\/strong><\/span><\/h6>\n<p>Nos adentraremos en la exploraci\u00f3n de la dualidad femenina y masculina, yin\/Yang, Shiva\/Shakti que reside en nuestro interior.<br \/>\n\u00bfC\u00f3mo nos manejamos con esas dos energ\u00edas? \u00bfC\u00f3mo nuestras creencias y los roles que tomamos nos condicionan en nuestra sexualidad y v\u00ednculos personales? Un espacio a la expresi\u00f3n de estas dos cualidades, pudiendo encontrar un equilibrio interno y un manejo sano y consciente de ellas.<\/p>\n<hr \/>\n<h4><strong>TACTO SAGRADO.<br \/>\n<\/strong><\/h4>\n<h6><strong><span style=\"color: #ff0000;\">\u00a07 y 8 FEBRERO 2026<\/span><br \/>\n<\/strong><\/h6>\n<p>En este taller exploraremos las habilidades humanas de dar y recibir a trav\u00e9s del masaje, contacto y la comunicaci\u00f3n conectada, integrando nuestras necesidades y anhelos profundos para aprender a comunicarlos de una forma apropiada y conectada.<br \/>\nTrabajando as\u00ed el merecimiento y la rendici\u00f3n en el recibir y lo que nos sucede cuando nos ponemos al servicio de manera consciente a trav\u00e9s de un tacto conectado al coraz\u00f3n<\/p>\n<hr \/>\n<h4><strong>DEL INSTINTO AL CORAZ\u00d3N.<br \/>\n<\/strong><\/h4>\n<h6><span style=\"color: #ff0000;\">\u00a0<strong>7 y 8 MARZO 2026<\/strong><\/span><\/h6>\n<p>Un espacio para explorar la conexi\u00f3n entre nuestra parte m\u00e1s instintiva y animal y nuestra dimensi\u00f3n m\u00e1s amorosa, compasiva y emocional. El camino hacia una sexualidad consciente comienza cuando estos dos centros dialogan e integran, permitiendo abrirnos a un plano m\u00e1s amplio y profundo. En este taller, trabajaremos con el cuerpo y la experiencia directa para tomar consciencia de las luces y sombras que habitan en nuestra sexualidad, en un entorno seguro y de acompa\u00f1amiento.<\/p>\n<hr \/>\n<p>Se puede asistir a talleres individuales o participar en todos.<\/p>\n<p><strong>IMPARTE: RAUL ANDREU CHAUSSINAND<\/strong>. Analista Bioenerg\u00e9tico (CBT). Terapeuta Corporal Integrativo. Formado en tantra y sexualidad tao\u00edsta. Estudios en constelaciones familiares. Graduado en medicina tradicional china. Formado en craneosacral y somato-emocional. Estudios del m\u00e9todo pathwork. Formado en el m\u00e9todo 4 ciclos (Sanaci\u00f3n integrativa, corporal y espiritual). Estudios en sinterg\u00e9tica del Dr. Jorge Carvajal.<\/p>\n<p>\ud83d\udccd Lugar: San Jos\u00e9, en Cercle de Consci\u00e8ncia Eivissa.<\/p>\n<p>\ud83d\udcf2 Inscripciones y m\u00e1s informaci\u00f3n (Ra\u00fal Andreu): WhatsApp 616 703 943 | raul@senda-corporal.com<\/p>\n<p>\u26a0\ufe0f Plazas limitadas. Inscripci\u00f3n previa necesaria.<\/p>\n<p>\u26a0\ufe0f Antes de participar en los talleres, se llevar\u00e1 a cabo una entrevista previa. Para participar en un taller se requiere un pago previo de reserva de 50\u20ac y el precio por taller es de 130\u20ac.<\/p>\n<p>\ud83d\udd58 Horarios de los talleres:<\/p>\n<ul>\n<li>S\u00e1bado: 10h a 14h y 16h a 20h<\/li>\n<li>Domingo: 10h a 14h<\/li>\n<\/ul>\n","protected":false},"excerpt":{"rendered":"<p>Un espacio para volver a ti, a tu cuerpo y a la sensibilidad de tu ser. \u00bfTe has cuestionado alguna vez la manera en la que experimentas tu sexualidad? \u00bfTe [&hellip;]<\/p>\n","protected":false},"author":1,"featured_media":5437,"comment_status":"closed","ping_status":"closed","template":"","tags":[],"mec_category":[49,71,75,57],"mec_speaker":[102],"class_list":["post-2790","mec-events","type-mec-events","status-publish","has-post-thumbnail","hentry","mec_category-ciclos","mec_category-cuerpo","mec_category-sexualidad-placer","mec_category-taller-regular"],"yoast_head":"<!-- This site is optimized with the Yoast SEO plugin v27.4 - https:\/\/yoast.com\/product\/yoast-seo-wordpress\/ -->\n<title>Ciclo de Sexualidad Ibiza - Cercle de Consci\u00e8ncia<\/title>\n<meta name=\"robots\" content=\"index, follow, max-snippet:-1, max-image-preview:large, max-video-preview:-1\" \/>\n<link rel=\"canonical\" href=\"https:\/\/cercledeconsciencia.com\/es\/actividades\/ciclo-de-sexualidad-y-tci\/\" \/>\n<meta property=\"og:locale\" content=\"es_ES\" \/>\n<meta property=\"og:type\" content=\"article\" \/>\n<meta property=\"og:title\" content=\"Ciclo de Sexualidad Ibiza - Cercle de Consci\u00e8ncia\" \/>\n<meta property=\"og:description\" content=\"Un espacio para volver a ti, a tu cuerpo y a la sensibilidad de tu ser. \u00bfTe has cuestionado alguna vez la manera en la que experimentas tu sexualidad? \u00bfTe [&hellip;]\" \/>\n<meta property=\"og:url\" content=\"https:\/\/cercledeconsciencia.com\/es\/actividades\/ciclo-de-sexualidad-y-tci\/\" \/>\n<meta property=\"og:site_name\" content=\"Cercle de Consci\u00e8ncia\" \/>\n<meta property=\"article:publisher\" content=\"https:\/\/www.facebook.com\/Cercledeconscienciabarcelona?_rdr\" \/>\n<meta property=\"article:modified_time\" content=\"2025-10-29T09:34:27+00:00\" \/>\n<meta property=\"og:image\" content=\"https:\/\/cercledeconsciencia.com\/wp-content\/uploads\/2024\/02\/pexels-rodolfo-clix-922437.jpg\" \/>\n\t<meta property=\"og:image:width\" content=\"2000\" \/>\n\t<meta property=\"og:image:height\" content=\"1333\" \/>\n\t<meta property=\"og:image:type\" content=\"image\/jpeg\" \/>\n<meta name=\"twitter:card\" content=\"summary_large_image\" \/>\n<meta name=\"twitter:label1\" content=\"Tiempo de lectura\" \/>\n\t<meta name=\"twitter:data1\" content=\"4 minutos\" \/>\n<script type=\"application\/ld+json\" class=\"yoast-schema-graph\">{\"@context\":\"https:\\\/\\\/schema.org\",\"@graph\":[{\"@type\":\"WebPage\",\"@id\":\"https:\\\/\\\/cercledeconsciencia.com\\\/actividades\\\/ciclo-de-sexualidad-y-tci\\\/\",\"url\":\"https:\\\/\\\/cercledeconsciencia.com\\\/actividades\\\/ciclo-de-sexualidad-y-tci\\\/\",\"name\":\"Ciclo de Sexualidad Ibiza - Cercle de Consci\u00e8ncia\",\"isPartOf\":{\"@id\":\"https:\\\/\\\/cercledeconsciencia.com\\\/#website\"},\"primaryImageOfPage\":{\"@id\":\"https:\\\/\\\/cercledeconsciencia.com\\\/actividades\\\/ciclo-de-sexualidad-y-tci\\\/#primaryimage\"},\"image\":{\"@id\":\"https:\\\/\\\/cercledeconsciencia.com\\\/actividades\\\/ciclo-de-sexualidad-y-tci\\\/#primaryimage\"},\"thumbnailUrl\":\"https:\\\/\\\/cercledeconsciencia.com\\\/wp-content\\\/uploads\\\/2024\\\/02\\\/pexels-rodolfo-clix-922437.jpg\",\"datePublished\":\"2024-02-01T22:43:29+00:00\",\"dateModified\":\"2025-10-29T09:34:27+00:00\",\"breadcrumb\":{\"@id\":\"https:\\\/\\\/cercledeconsciencia.com\\\/actividades\\\/ciclo-de-sexualidad-y-tci\\\/#breadcrumb\"},\"inLanguage\":\"es\",\"potentialAction\":[{\"@type\":\"ReadAction\",\"target\":[\"https:\\\/\\\/cercledeconsciencia.com\\\/actividades\\\/ciclo-de-sexualidad-y-tci\\\/\"]}]},{\"@type\":\"ImageObject\",\"inLanguage\":\"es\",\"@id\":\"https:\\\/\\\/cercledeconsciencia.com\\\/actividades\\\/ciclo-de-sexualidad-y-tci\\\/#primaryimage\",\"url\":\"https:\\\/\\\/cercledeconsciencia.com\\\/wp-content\\\/uploads\\\/2024\\\/02\\\/pexels-rodolfo-clix-922437.jpg\",\"contentUrl\":\"https:\\\/\\\/cercledeconsciencia.com\\\/wp-content\\\/uploads\\\/2024\\\/02\\\/pexels-rodolfo-clix-922437.jpg\",\"width\":2000,\"height\":1333},{\"@type\":\"BreadcrumbList\",\"@id\":\"https:\\\/\\\/cercledeconsciencia.com\\\/actividades\\\/ciclo-de-sexualidad-y-tci\\\/#breadcrumb\",\"itemListElement\":[{\"@type\":\"ListItem\",\"position\":1,\"name\":\"Portada\",\"item\":\"https:\\\/\\\/cercledeconsciencia.com\\\/\"},{\"@type\":\"ListItem\",\"position\":2,\"name\":\"Eventos\",\"item\":\"https:\\\/\\\/cercledeconsciencia.com\\\/actividades\\\/\"},{\"@type\":\"ListItem\",\"position\":3,\"name\":\"Ciclo de Sexualidad Ibiza\"}]},{\"@type\":\"WebSite\",\"@id\":\"https:\\\/\\\/cercledeconsciencia.com\\\/#website\",\"url\":\"https:\\\/\\\/cercledeconsciencia.com\\\/\",\"name\":\"Cercle de Consci\u00e8ncia\",\"description\":\"Centro de Formaci\u00f3n y Terapias\",\"publisher\":{\"@id\":\"https:\\\/\\\/cercledeconsciencia.com\\\/#organization\"},\"potentialAction\":[{\"@type\":\"SearchAction\",\"target\":{\"@type\":\"EntryPoint\",\"urlTemplate\":\"https:\\\/\\\/cercledeconsciencia.com\\\/?s={search_term_string}\"},\"query-input\":{\"@type\":\"PropertyValueSpecification\",\"valueRequired\":true,\"valueName\":\"search_term_string\"}}],\"inLanguage\":\"es\"},{\"@type\":\"Organization\",\"@id\":\"https:\\\/\\\/cercledeconsciencia.com\\\/#organization\",\"name\":\"Cercle de Consci\u00e8ncia\",\"url\":\"https:\\\/\\\/cercledeconsciencia.com\\\/\",\"logo\":{\"@type\":\"ImageObject\",\"inLanguage\":\"es\",\"@id\":\"https:\\\/\\\/cercledeconsciencia.com\\\/#\\\/schema\\\/logo\\\/image\\\/\",\"url\":\"https:\\\/\\\/cercledeconsciencia.com\\\/wp-content\\\/uploads\\\/2023\\\/07\\\/logo.png\",\"contentUrl\":\"https:\\\/\\\/cercledeconsciencia.com\\\/wp-content\\\/uploads\\\/2023\\\/07\\\/logo.png\",\"width\":239,\"height\":68,\"caption\":\"Cercle de Consci\u00e8ncia\"},\"image\":{\"@id\":\"https:\\\/\\\/cercledeconsciencia.com\\\/#\\\/schema\\\/logo\\\/image\\\/\"},\"sameAs\":[\"https:\\\/\\\/www.facebook.com\\\/Cercledeconscienciabarcelona?_rdr\",\"https:\\\/\\\/www.instagram.com\\\/cercledeconsciencia\\\/\",\"https:\\\/\\\/www.youtube.com\\\/c\\\/cercledeconsciencia\"]}]}<\/script>\n<!-- \/ Yoast SEO plugin. -->","yoast_head_json":{"title":"Ciclo de Sexualidad Ibiza - Cercle de Consci\u00e8ncia","robots":{"index":"index","follow":"follow","max-snippet":"max-snippet:-1","max-image-preview":"max-image-preview:large","max-video-preview":"max-video-preview:-1"},"canonical":"https:\/\/cercledeconsciencia.com\/es\/actividades\/ciclo-de-sexualidad-y-tci\/","og_locale":"es_ES","og_type":"article","og_title":"Ciclo de Sexualidad Ibiza - Cercle de Consci\u00e8ncia","og_description":"Un espacio para volver a ti, a tu cuerpo y a la sensibilidad de tu ser. \u00bfTe has cuestionado alguna vez la manera en la que experimentas tu sexualidad? \u00bfTe [&hellip;]","og_url":"https:\/\/cercledeconsciencia.com\/es\/actividades\/ciclo-de-sexualidad-y-tci\/","og_site_name":"Cercle de Consci\u00e8ncia","article_publisher":"https:\/\/www.facebook.com\/Cercledeconscienciabarcelona?_rdr","article_modified_time":"2025-10-29T09:34:27+00:00","og_image":[{"width":2000,"height":1333,"url":"https:\/\/cercledeconsciencia.com\/wp-content\/uploads\/2024\/02\/pexels-rodolfo-clix-922437.jpg","type":"image\/jpeg"}],"twitter_card":"summary_large_image","twitter_misc":{"Tiempo de lectura":"4 minutos"},"schema":{"@context":"https:\/\/schema.org","@graph":[{"@type":"WebPage","@id":"https:\/\/cercledeconsciencia.com\/actividades\/ciclo-de-sexualidad-y-tci\/","url":"https:\/\/cercledeconsciencia.com\/actividades\/ciclo-de-sexualidad-y-tci\/","name":"Ciclo de Sexualidad Ibiza - Cercle de Consci\u00e8ncia","isPartOf":{"@id":"https:\/\/cercledeconsciencia.com\/#website"},"primaryImageOfPage":{"@id":"https:\/\/cercledeconsciencia.com\/actividades\/ciclo-de-sexualidad-y-tci\/#primaryimage"},"image":{"@id":"https:\/\/cercledeconsciencia.com\/actividades\/ciclo-de-sexualidad-y-tci\/#primaryimage"},"thumbnailUrl":"https:\/\/cercledeconsciencia.com\/wp-content\/uploads\/2024\/02\/pexels-rodolfo-clix-922437.jpg","datePublished":"2024-02-01T22:43:29+00:00","dateModified":"2025-10-29T09:34:27+00:00","breadcrumb":{"@id":"https:\/\/cercledeconsciencia.com\/actividades\/ciclo-de-sexualidad-y-tci\/#breadcrumb"},"inLanguage":"es","potentialAction":[{"@type":"ReadAction","target":["https:\/\/cercledeconsciencia.com\/actividades\/ciclo-de-sexualidad-y-tci\/"]}]},{"@type":"ImageObject","inLanguage":"es","@id":"https:\/\/cercledeconsciencia.com\/actividades\/ciclo-de-sexualidad-y-tci\/#primaryimage","url":"https:\/\/cercledeconsciencia.com\/wp-content\/uploads\/2024\/02\/pexels-rodolfo-clix-922437.jpg","contentUrl":"https:\/\/cercledeconsciencia.com\/wp-content\/uploads\/2024\/02\/pexels-rodolfo-clix-922437.jpg","width":2000,"height":1333},{"@type":"BreadcrumbList","@id":"https:\/\/cercledeconsciencia.com\/actividades\/ciclo-de-sexualidad-y-tci\/#breadcrumb","itemListElement":[{"@type":"ListItem","position":1,"name":"Portada","item":"https:\/\/cercledeconsciencia.com\/"},{"@type":"ListItem","position":2,"name":"Eventos","item":"https:\/\/cercledeconsciencia.com\/actividades\/"},{"@type":"ListItem","position":3,"name":"Ciclo de Sexualidad Ibiza"}]},{"@type":"WebSite","@id":"https:\/\/cercledeconsciencia.com\/#website","url":"https:\/\/cercledeconsciencia.com\/","name":"Cercle de Consci\u00e8ncia","description":"Centro de Formaci\u00f3n y Terapias","publisher":{"@id":"https:\/\/cercledeconsciencia.com\/#organization"},"potentialAction":[{"@type":"SearchAction","target":{"@type":"EntryPoint","urlTemplate":"https:\/\/cercledeconsciencia.com\/?s={search_term_string}"},"query-input":{"@type":"PropertyValueSpecification","valueRequired":true,"valueName":"search_term_string"}}],"inLanguage":"es"},{"@type":"Organization","@id":"https:\/\/cercledeconsciencia.com\/#organization","name":"Cercle de Consci\u00e8ncia","url":"https:\/\/cercledeconsciencia.com\/","logo":{"@type":"ImageObject","inLanguage":"es","@id":"https:\/\/cercledeconsciencia.com\/#\/schema\/logo\/image\/","url":"https:\/\/cercledeconsciencia.com\/wp-content\/uploads\/2023\/07\/logo.png","contentUrl":"https:\/\/cercledeconsciencia.com\/wp-content\/uploads\/2023\/07\/logo.png","width":239,"height":68,"caption":"Cercle de Consci\u00e8ncia"},"image":{"@id":"https:\/\/cercledeconsciencia.com\/#\/schema\/logo\/image\/"},"sameAs":["https:\/\/www.facebook.com\/Cercledeconscienciabarcelona?_rdr","https:\/\/www.instagram.com\/cercledeconsciencia\/","https:\/\/www.youtube.com\/c\/cercledeconsciencia"]}]}},"_links":{"self":[{"href":"https:\/\/cercledeconsciencia.com\/es\/wp-json\/wp\/v2\/mec-events\/2790","targetHints":{"allow":["GET"]}}],"collection":[{"href":"https:\/\/cercledeconsciencia.com\/es\/wp-json\/wp\/v2\/mec-events"}],"about":[{"href":"https:\/\/cercledeconsciencia.com\/es\/wp-json\/wp\/v2\/types\/mec-events"}],"author":[{"embeddable":true,"href":"https:\/\/cercledeconsciencia.com\/es\/wp-json\/wp\/v2\/users\/1"}],"replies":[{"embeddable":true,"href":"https:\/\/cercledeconsciencia.com\/es\/wp-json\/wp\/v2\/comments?post=2790"}],"wp:featuredmedia":[{"embeddable":true,"href":"https:\/\/cercledeconsciencia.com\/es\/wp-json\/wp\/v2\/media\/5437"}],"wp:attachment":[{"href":"https:\/\/cercledeconsciencia.com\/es\/wp-json\/wp\/v2\/media?parent=2790"}],"wp:term":[{"taxonomy":"post_tag","embeddable":true,"href":"https:\/\/cercledeconsciencia.com\/es\/wp-json\/wp\/v2\/tags?post=2790"},{"taxonomy":"mec_category","embeddable":true,"href":"https:\/\/cercledeconsciencia.com\/es\/wp-json\/wp\/v2\/mec_category?post=2790"},{"taxonomy":"mec_speaker","embeddable":true,"href":"https:\/\/cercledeconsciencia.com\/es\/wp-json\/wp\/v2\/mec_speaker?post=2790"}],"curies":[{"name":"wp","href":"https:\/\/api.w.org\/{rel}","templated":true}]}}